
{"id":254079,"date":"2025-10-24T15:56:11","date_gmt":"2025-10-24T13:56:11","guid":{"rendered":"https:\/\/www.altermes.fr\/other-news\/"},"modified":"2025-11-17T11:58:37","modified_gmt":"2025-11-17T10:58:37","slug":"other-news","status":"publish","type":"page","link":"https:\/\/www.altermes.fr\/en\/other-news\/","title":{"rendered":"Other news"},"content":{"rendered":"<p>[et_pb_section fb_built=&#8221;1&#8243; admin_label=&#8221;Hero&#8221; _builder_version=&#8221;4.22.1&#8243; background_image=&#8221;https:\/\/www.altermes.fr\/wp-content\/uploads\/2023\/03\/circle-background-pattern.png&#8221; custom_padding=&#8221;||0px|||&#8221; global_colors_info=&#8221;{}&#8221; locked=&#8221;off&#8221; theme_builder_area=&#8221;post_content&#8221;][et_pb_row _builder_version=&#8221;4.22.1&#8243; background_size=&#8221;initial&#8221; background_position=&#8221;top_left&#8221; background_repeat=&#8221;repeat&#8221; custom_padding=&#8221;|||&#8221; animation_direction=&#8221;top&#8221; global_colors_info=&#8221;{}&#8221; theme_builder_area=&#8221;post_content&#8221;][et_pb_column type=&#8221;4_4&#8243; _builder_version=&#8221;4.16&#8243; custom_padding=&#8221;|||&#8221; global_colors_info=&#8221;{}&#8221; custom_padding__hover=&#8221;|||&#8221; theme_builder_area=&#8221;post_content&#8221;][et_pb_text _builder_version=&#8221;4.22.1&#8243; text_font=&#8221;||||||||&#8221; header_font=&#8221;|700||on|||||dotted&#8221; header_text_color=&#8221;#00008D&#8221; header_font_size=&#8221;60px&#8221; header_line_height=&#8221;1.3em&#8221; background_size=&#8221;initial&#8221; background_position=&#8221;top_left&#8221; background_repeat=&#8221;repeat&#8221; text_orientation=&#8221;center&#8221; custom_margin=&#8221;43px|||||&#8221; header_font_size_tablet=&#8221;60px&#8221; header_font_size_phone=&#8221;40px&#8221; header_font_size_last_edited=&#8221;on|phone&#8221; locked=&#8221;off&#8221; global_colors_info=&#8221;{}&#8221; theme_builder_area=&#8221;post_content&#8221;]<\/p>\n<h1><span>Our other news<\/span><\/h1>\n<p>[\/et_pb_text][et_pb_divider show_divider=&#8221;off&#8221; disabled_on=&#8221;on|on|off&#8221; _builder_version=&#8221;4.16&#8243; max_width=&#8221;120px&#8221; animation_style=&#8221;slide&#8221; animation_direction=&#8221;top&#8221; animation_intensity_slide=&#8221;30%&#8221; global_colors_info=&#8221;{}&#8221; theme_builder_area=&#8221;post_content&#8221;][\/et_pb_divider][\/et_pb_column][\/et_pb_row][\/et_pb_section][et_pb_section fb_built=&#8221;1&#8243; admin_label=&#8221;Blog Section&#8221; module_class=&#8221;df-area df-post&#8221; _builder_version=&#8221;4.20.4&#8243; module_alignment=&#8221;center&#8221; custom_margin=&#8221;|||&#8221; custom_padding=&#8221;0px||70px|||&#8221; global_colors_info=&#8221;{}&#8221; locked=&#8221;off&#8221; theme_builder_area=&#8221;post_content&#8221;][et_pb_row use_custom_gutter=&#8221;on&#8221; gutter_width=&#8221;2&#8243; admin_label=&#8221;Blog Area&#8221; _builder_version=&#8221;4.20.4&#8243; use_custom_width=&#8221;on&#8221; width_unit=&#8221;off&#8221; global_colors_info=&#8221;{}&#8221; theme_builder_area=&#8221;post_content&#8221;][et_pb_column type=&#8221;4_4&#8243; _builder_version=&#8221;4.16&#8243; custom_padding=&#8221;|||&#8221; global_colors_info=&#8221;{}&#8221; custom_padding__hover=&#8221;|||&#8221; theme_builder_area=&#8221;post_content&#8221;][et_pb_code _builder_version=&#8221;4.27.0&#8243; _module_preset=&#8221;default&#8221; hover_enabled=&#8221;0&#8243; global_colors_info=&#8221;{}&#8221; sticky_enabled=&#8221;0&#8243; theme_builder_area=&#8221;post_content&#8221;]        <div class=\"tabs\">\n                            <input type=\"radio\" name=\"tabs\" id=\"taball0\" >\n                <label for=\"taball0\">Tout<\/label>\n                <div class=\"tab\">\n                    <div class=\"case-study-grid\">\n                                                        <div class=\"case-study-item weblex-article\">\n                                                                            <a href=\"https:\/\/www.altermes.fr\/en\/les-infos-du-jour\/installation-dun-defibrillateur-de-plus-en-plus-derp-concernes\/\">\n                                            <img decoding=\"async\" width=\"600\" height=\"400\" src=\"https:\/\/www.altermes.fr\/wp-content\/uploads\/2025\/12\/Shutterstock_defibrillateurERP.jpg\" class=\"attachment-custom-thumbnail size-custom-thumbnail wp-post-image\" alt=\"\" srcset=\"https:\/\/www.altermes.fr\/wp-content\/uploads\/2025\/12\/Shutterstock_defibrillateurERP.jpg 600w, https:\/\/www.altermes.fr\/wp-content\/uploads\/2025\/12\/Shutterstock_defibrillateurERP-480x320.jpg 480w\" sizes=\"(min-width: 0px) and (max-width: 480px) 480px, (min-width: 481px) 600px, 100vw\">                                        <\/a>\n                                                                        <a href=\"https:\/\/www.altermes.fr\/en\/les-infos-du-jour\/installation-dun-defibrillateur-de-plus-en-plus-derp-concernes\/\"><h3>Installation d\u2019un d\u00e9fibrillateur : de plus en plus d\u2019ERP concern\u00e9s<\/h3><\/a>\n                                    <p class=\"use-case-category\"><a href=\"https:\/\/www.altermes.fr\/en\/weblex-importer-categories\/actualites\/\" rel=\"tag\">Actualit\u00e9s<\/a>, <a href=\"https:\/\/www.altermes.fr\/en\/weblex-importer-categories\/infos-juridiques\/\" rel=\"tag\">Infos juridiques<\/a><\/p>\n                                    <p class=\"edc-content\">Afin de garantir une r\u00e9ponse rapide en cas de situation de risques m\u00e9dicaux graves, de plus en plus d\u2019\u00e9tablissements recevant du public (ERP) se voient dans l\u2019obligation de s\u2019\u00e9quiper de d\u00e9f...<\/p>                                <\/div>\n                                                                <div class=\"case-study-item weblex-article\">\n                                                                            <a href=\"https:\/\/www.altermes.fr\/en\/les-infos-du-jour\/professionnels-de-sante-une-experience-requise-pour-le-travail-en-interim\/\">\n                                            <img decoding=\"async\" width=\"600\" height=\"400\" src=\"https:\/\/www.altermes.fr\/wp-content\/uploads\/2025\/12\/Shutterstock_professionnelssante.jpg\" class=\"attachment-custom-thumbnail size-custom-thumbnail wp-post-image\" alt=\"\" srcset=\"https:\/\/www.altermes.fr\/wp-content\/uploads\/2025\/12\/Shutterstock_professionnelssante.jpg 600w, https:\/\/www.altermes.fr\/wp-content\/uploads\/2025\/12\/Shutterstock_professionnelssante-480x320.jpg 480w\" sizes=\"(min-width: 0px) and (max-width: 480px) 480px, (min-width: 481px) 600px, 100vw\">                                        <\/a>\n                                                                        <a href=\"https:\/\/www.altermes.fr\/en\/les-infos-du-jour\/professionnels-de-sante-une-experience-requise-pour-le-travail-en-interim\/\"><h3>Professionnels de sant\u00e9 : une exp\u00e9rience requise pour le travail en int\u00e9rim<\/h3><\/a>\n                                    <p class=\"use-case-category\"><a href=\"https:\/\/www.altermes.fr\/en\/weblex-importer-categories\/actualites\/\" rel=\"tag\">Actualit\u00e9s<\/a>, <a href=\"https:\/\/www.altermes.fr\/en\/weblex-importer-categories\/infos-juridiques\/\" rel=\"tag\">Infos juridiques<\/a><\/p>\n                                    <p class=\"edc-content\">En 2023, la loi visant \u00e0 am\u00e9liorer l\u2019acc\u00e8s aux soins par l\u2019engagement territorial des professionnels pr\u00e9voyait une limitation au recours \u00e0 des professionnels de sant\u00e9 peu exp\u00e9riment\u00e9s dans...<\/p>                                <\/div>\n                                                                <div class=\"case-study-item weblex-article\">\n                                                                            <a href=\"https:\/\/www.altermes.fr\/en\/les-infos-du-jour\/avocats-fin-de-dispense-pour-le-conseil-national-des-barreaux\/\">\n                                            <img decoding=\"async\" width=\"600\" height=\"400\" src=\"https:\/\/www.altermes.fr\/wp-content\/uploads\/2025\/12\/Shutterstock_donneesavocats.jpg\" class=\"attachment-custom-thumbnail size-custom-thumbnail wp-post-image\" alt=\"\" srcset=\"https:\/\/www.altermes.fr\/wp-content\/uploads\/2025\/12\/Shutterstock_donneesavocats.jpg 600w, https:\/\/www.altermes.fr\/wp-content\/uploads\/2025\/12\/Shutterstock_donneesavocats-480x320.jpg 480w\" sizes=\"(min-width: 0px) and (max-width: 480px) 480px, (min-width: 481px) 600px, 100vw\">                                        <\/a>\n                                                                        <a href=\"https:\/\/www.altermes.fr\/en\/les-infos-du-jour\/avocats-fin-de-dispense-pour-le-conseil-national-des-barreaux\/\"><h3>Avocats : fin de dispense pour le Conseil national des barreaux<\/h3><\/a>\n                                    <p class=\"use-case-category\"><a href=\"https:\/\/www.altermes.fr\/en\/weblex-importer-categories\/actualites\/\" rel=\"tag\">Actualit\u00e9s<\/a>, <a href=\"https:\/\/www.altermes.fr\/en\/weblex-importer-categories\/infos-juridiques\/\" rel=\"tag\">Infos juridiques<\/a><\/p>\n                                    <p class=\"edc-content\">Les instances repr\u00e9sentatives de plusieurs professions du secteur de la justice ont pour obligation de mettre \u00e0 la disposition du minist\u00e8re charg\u00e9 de la justice et de l\u2019Autorit\u00e9 de la concurren...<\/p>                                <\/div>\n                                                                <div class=\"case-study-item weblex-article\">\n                                                                            <a href=\"https:\/\/www.altermes.fr\/en\/les-infos-du-jour\/violences-sexuelles-et-sexistes-au-travail-un-nouveau-kit-de-prevention\/\">\n                                            <img decoding=\"async\" width=\"600\" height=\"400\" src=\"https:\/\/www.altermes.fr\/wp-content\/uploads\/2025\/12\/Shutterstock_kitanact.jpg\" class=\"attachment-custom-thumbnail size-custom-thumbnail wp-post-image\" alt=\"\" srcset=\"https:\/\/www.altermes.fr\/wp-content\/uploads\/2025\/12\/Shutterstock_kitanact.jpg 600w, https:\/\/www.altermes.fr\/wp-content\/uploads\/2025\/12\/Shutterstock_kitanact-480x320.jpg 480w\" sizes=\"(min-width: 0px) and (max-width: 480px) 480px, (min-width: 481px) 600px, 100vw\">                                        <\/a>\n                                                                        <a href=\"https:\/\/www.altermes.fr\/en\/les-infos-du-jour\/violences-sexuelles-et-sexistes-au-travail-un-nouveau-kit-de-prevention\/\"><h3>Violences sexuelles et sexistes au travail : un nouveau kit de pr\u00e9vention<\/h3><\/a>\n                                    <p class=\"use-case-category\"><a href=\"https:\/\/www.altermes.fr\/en\/weblex-importer-categories\/actualites\/\" rel=\"tag\">Actualit\u00e9s<\/a>, <a href=\"https:\/\/www.altermes.fr\/en\/weblex-importer-categories\/infos-sociales\/\" rel=\"tag\">Infos Sociales<\/a><\/p>\n                                    <p class=\"edc-content\">L\u2019Agence nationale pour l\u2019am\u00e9lioration des conditions de travail (Anact) a r\u00e9cemment publi\u00e9 un guide de pr\u00e9vention consacr\u00e9 \u00e0 la lutte contre les violences sexistes et sexuelles au travail. ...<\/p>                                <\/div>\n                                                                <div class=\"case-study-item weblex-article\">\n                                                                            <a href=\"https:\/\/www.altermes.fr\/en\/les-infos-du-jour\/mayotte-correction-du-montant-du-plafond-de-la-securite-sociale-pour-2026\/\">\n                                            <img decoding=\"async\" width=\"600\" height=\"400\" src=\"https:\/\/www.altermes.fr\/wp-content\/uploads\/2025\/12\/Shutterstock_montantdupmss.jpg\" class=\"attachment-custom-thumbnail size-custom-thumbnail wp-post-image\" alt=\"\" srcset=\"https:\/\/www.altermes.fr\/wp-content\/uploads\/2025\/12\/Shutterstock_montantdupmss.jpg 600w, https:\/\/www.altermes.fr\/wp-content\/uploads\/2025\/12\/Shutterstock_montantdupmss-480x320.jpg 480w\" sizes=\"(min-width: 0px) and (max-width: 480px) 480px, (min-width: 481px) 600px, 100vw\">                                        <\/a>\n                                                                        <a href=\"https:\/\/www.altermes.fr\/en\/les-infos-du-jour\/mayotte-correction-du-montant-du-plafond-de-la-securite-sociale-pour-2026\/\"><h3>Mayotte : correction du montant du plafond de la s\u00e9curit\u00e9 sociale pour 2026<\/h3><\/a>\n                                    <p class=\"use-case-category\"><a href=\"https:\/\/www.altermes.fr\/en\/weblex-importer-categories\/actualites\/\" rel=\"tag\">Actualit\u00e9s<\/a>, <a href=\"https:\/\/www.altermes.fr\/en\/weblex-importer-categories\/infos-sociales\/\" rel=\"tag\">Infos Sociales<\/a><\/p>\n                                    <p class=\"edc-content\">Alors que l\u2019administration sociale avait communiqu\u00e9 d\u00e8s octobre 2025 sur les montants des plafonds de la s\u00e9curit\u00e9 sociale applicable en 2026, un correctif, qui vient d\u2019\u00eatre publi\u00e9, conduit ?...<\/p>                                <\/div>\n                                                                <div class=\"case-study-item weblex-article\">\n                                                                            <a href=\"https:\/\/www.altermes.fr\/en\/les-infos-du-jour\/spectacle-vivant-on-connait-lorganisation-syndicale-representative\/\">\n                                            <img decoding=\"async\" width=\"600\" height=\"400\" src=\"https:\/\/www.altermes.fr\/wp-content\/uploads\/2025\/12\/Shutterstock_listedesosrartistes.jpg\" class=\"attachment-custom-thumbnail size-custom-thumbnail wp-post-image\" alt=\"\" srcset=\"https:\/\/www.altermes.fr\/wp-content\/uploads\/2025\/12\/Shutterstock_listedesosrartistes.jpg 600w, https:\/\/www.altermes.fr\/wp-content\/uploads\/2025\/12\/Shutterstock_listedesosrartistes-480x320.jpg 480w\" sizes=\"(min-width: 0px) and (max-width: 480px) 480px, (min-width: 481px) 600px, 100vw\">                                        <\/a>\n                                                                        <a href=\"https:\/\/www.altermes.fr\/en\/les-infos-du-jour\/spectacle-vivant-on-connait-lorganisation-syndicale-representative\/\"><h3>Spectacle vivant : on conna\u00eet l\u2019organisation syndicale repr\u00e9sentative<\/h3><\/a>\n                                    <p class=\"use-case-category\"><a href=\"https:\/\/www.altermes.fr\/en\/weblex-importer-categories\/actualites\/\" rel=\"tag\">Actualit\u00e9s<\/a>, <a href=\"https:\/\/www.altermes.fr\/en\/weblex-importer-categories\/infos-sociales\/\" rel=\"tag\">Infos Sociales<\/a><\/p>\n                                    <p class=\"edc-content\">C\u2019est d\u00e9sormais officiel, la FESAC confirme sa place d\u2019interlocuteur national pour les entreprises du spectacle vivant, de la musique, de l\u2019audiovisuel et du cin\u00e9ma, en r\u00e9pondant aux crit\u00e8re...<\/p>                                <\/div>\n                                                                <div class=\"case-study-item weblex-article\">\n                                                                            <a href=\"https:\/\/www.altermes.fr\/en\/les-infos-du-jour\/loi-de-simplification-de-lurbanisme-du-nouveau-pour-la-solarisation-des-parkings\/\">\n                                            <img decoding=\"async\" width=\"600\" height=\"400\" src=\"https:\/\/www.altermes.fr\/wp-content\/uploads\/2025\/12\/Shutterstock_loisimplificationurba.jpg\" class=\"attachment-custom-thumbnail size-custom-thumbnail wp-post-image\" alt=\"\" srcset=\"https:\/\/www.altermes.fr\/wp-content\/uploads\/2025\/12\/Shutterstock_loisimplificationurba.jpg 600w, https:\/\/www.altermes.fr\/wp-content\/uploads\/2025\/12\/Shutterstock_loisimplificationurba-480x320.jpg 480w\" sizes=\"(min-width: 0px) and (max-width: 480px) 480px, (min-width: 481px) 600px, 100vw\">                                        <\/a>\n                                                                        <a href=\"https:\/\/www.altermes.fr\/en\/les-infos-du-jour\/loi-de-simplification-de-lurbanisme-du-nouveau-pour-la-solarisation-des-parkings\/\"><h3>Loi de simplification de l\u2019urbanisme : du nouveau pour la solarisation des parkings !<\/h3><\/a>\n                                    <p class=\"use-case-category\"><a href=\"https:\/\/www.altermes.fr\/en\/weblex-importer-categories\/actualites\/\" rel=\"tag\">Actualit\u00e9s<\/a>, <a href=\"https:\/\/www.altermes.fr\/en\/weblex-importer-categories\/infos-juridiques\/\" rel=\"tag\">Infos juridiques<\/a><\/p>\n                                    <p class=\"edc-content\">Afin de soutenir les op\u00e9rations d\u2019am\u00e9nagements et d\u2019urbanisme, l\u2019\u00c9tat entend lever les obstacles juridiques qui peuvent alourdir les projets. Parmi les sujets abord\u00e9s se trouve celui de la s...<\/p>                                <\/div>\n                                                                <div class=\"case-study-item weblex-article\">\n                                                                            <a href=\"https:\/\/www.altermes.fr\/en\/les-infos-du-jour\/remunerations-des-gerants-de-selarl-laffaire-est-fiscalement-close\/\">\n                                            <img decoding=\"async\" width=\"600\" height=\"400\" src=\"https:\/\/www.altermes.fr\/wp-content\/uploads\/2025\/12\/Shutterstock_fiscalitC3A9remuneration.jpg\" class=\"attachment-custom-thumbnail size-custom-thumbnail wp-post-image\" alt=\"\" srcset=\"https:\/\/www.altermes.fr\/wp-content\/uploads\/2025\/12\/Shutterstock_fiscalitC3A9remuneration.jpg 600w, https:\/\/www.altermes.fr\/wp-content\/uploads\/2025\/12\/Shutterstock_fiscalitC3A9remuneration-480x320.jpg 480w\" sizes=\"(min-width: 0px) and (max-width: 480px) 480px, (min-width: 481px) 600px, 100vw\">                                        <\/a>\n                                                                        <a href=\"https:\/\/www.altermes.fr\/en\/les-infos-du-jour\/remunerations-des-gerants-de-selarl-laffaire-est-fiscalement-close\/\"><h3>R\u00e9mun\u00e9rations des g\u00e9rants de SELARL : l\u2019affaire est fiscalement close !<\/h3><\/a>\n                                    <p class=\"use-case-category\"><a href=\"https:\/\/www.altermes.fr\/en\/weblex-importer-categories\/actualites\/\" rel=\"tag\">Actualit\u00e9s<\/a>, <a href=\"https:\/\/www.altermes.fr\/en\/weblex-importer-categories\/le-coin-du-dirigeant\/\" rel=\"tag\">Le coin du dirigeant<\/a><\/p>\n                                    <p class=\"edc-content\">Depuis l\u2019imposition des revenus 2024, la r\u00e9mun\u00e9ration per\u00e7ue par les g\u00e9rants majoritaires de soci\u00e9t\u00e9 d\u2019exercice lib\u00e9ral \u00e0 responsabilit\u00e9 limit\u00e9e (SELARL) est impos\u00e9e comme des b\u00e9n\u00e9fic...<\/p>                                <\/div>\n                                                                <div class=\"case-study-item weblex-article\">\n                                                                            <a href=\"https:\/\/www.altermes.fr\/en\/les-infos-du-jour\/acces-aux-pistes-de-karting-tva-a-taux-reduit\/\">\n                                            <img decoding=\"async\" width=\"600\" height=\"400\" src=\"https:\/\/www.altermes.fr\/wp-content\/uploads\/2025\/12\/Shutterstock_tvakarting.jpg\" class=\"attachment-custom-thumbnail size-custom-thumbnail wp-post-image\" alt=\"\" srcset=\"https:\/\/www.altermes.fr\/wp-content\/uploads\/2025\/12\/Shutterstock_tvakarting.jpg 600w, https:\/\/www.altermes.fr\/wp-content\/uploads\/2025\/12\/Shutterstock_tvakarting-480x320.jpg 480w\" sizes=\"(min-width: 0px) and (max-width: 480px) 480px, (min-width: 481px) 600px, 100vw\">                                        <\/a>\n                                                                        <a href=\"https:\/\/www.altermes.fr\/en\/les-infos-du-jour\/acces-aux-pistes-de-karting-tva-a-taux-reduit\/\"><h3>Acc\u00e8s aux pistes de karting : TVA \u00e0 taux r\u00e9duit ?<\/h3><\/a>\n                                    <p class=\"use-case-category\"><a href=\"https:\/\/www.altermes.fr\/en\/weblex-importer-categories\/actualites\/\" rel=\"tag\">Actualit\u00e9s<\/a>, <a href=\"https:\/\/www.altermes.fr\/en\/weblex-importer-categories\/infos-fiscales\/\" rel=\"tag\">Infos Fiscales<\/a><\/p>\n                                    <p class=\"edc-content\">Alors que les sites culturels, ludiques ou \u00e9ducatifs b\u00e9n\u00e9ficient du taux r\u00e9duit de TVA de 10 %, l\u2019acc\u00e8s aux \u00e9quipements sportifs reste soumis au taux normal, sauf exceptions. Des pr\u00e9cisions v...<\/p>                                <\/div>\n                                                                <div class=\"case-study-item weblex-article\">\n                                                                            <a href=\"https:\/\/www.altermes.fr\/en\/les-infos-du-jour\/icpe-declarer-les-accidents-directement-en-ligne\/\">\n                                            <img decoding=\"async\" width=\"600\" height=\"400\" src=\"https:\/\/www.altermes.fr\/wp-content\/uploads\/2025\/12\/Shutterstock_ICPEdeclarationligne.jpg\" class=\"attachment-custom-thumbnail size-custom-thumbnail wp-post-image\" alt=\"\" srcset=\"https:\/\/www.altermes.fr\/wp-content\/uploads\/2025\/12\/Shutterstock_ICPEdeclarationligne.jpg 600w, https:\/\/www.altermes.fr\/wp-content\/uploads\/2025\/12\/Shutterstock_ICPEdeclarationligne-480x320.jpg 480w\" sizes=\"(min-width: 0px) and (max-width: 480px) 480px, (min-width: 481px) 600px, 100vw\">                                        <\/a>\n                                                                        <a href=\"https:\/\/www.altermes.fr\/en\/les-infos-du-jour\/icpe-declarer-les-accidents-directement-en-ligne\/\"><h3>ICPE : d\u00e9clarer les accidents directement en ligne<\/h3><\/a>\n                                    <p class=\"use-case-category\"><a href=\"https:\/\/www.altermes.fr\/en\/weblex-importer-categories\/actualites\/\" rel=\"tag\">Actualit\u00e9s<\/a>, <a href=\"https:\/\/www.altermes.fr\/en\/weblex-importer-categories\/infos-juridiques\/\" rel=\"tag\">Infos juridiques<\/a><\/p>\n                                    <p class=\"edc-content\">Parce qu\u2019elles peuvent entra\u00eener des cons\u00e9quences dramatiques en cas d\u2019accidents ou d\u2019incidents, les installations class\u00e9es pour la protection de l'environnement (ICPE) ont l\u2019obligation de ...<\/p>                                <\/div>\n                                                                <div class=\"case-study-item weblex-article\">\n                                                                            <a href=\"https:\/\/www.altermes.fr\/en\/les-infos-du-jour\/assurance-maladie-generalisation-du-telecontrole\/\">\n                                            <img decoding=\"async\" width=\"600\" height=\"400\" src=\"https:\/\/www.altermes.fr\/wp-content\/uploads\/2025\/12\/Shutterstock_telecontroleameli.jpg\" class=\"attachment-custom-thumbnail size-custom-thumbnail wp-post-image\" alt=\"\" srcset=\"https:\/\/www.altermes.fr\/wp-content\/uploads\/2025\/12\/Shutterstock_telecontroleameli.jpg 600w, https:\/\/www.altermes.fr\/wp-content\/uploads\/2025\/12\/Shutterstock_telecontroleameli-480x320.jpg 480w\" sizes=\"(min-width: 0px) and (max-width: 480px) 480px, (min-width: 481px) 600px, 100vw\">                                        <\/a>\n                                                                        <a href=\"https:\/\/www.altermes.fr\/en\/les-infos-du-jour\/assurance-maladie-generalisation-du-telecontrole\/\"><h3>Assurance maladie : g\u00e9n\u00e9ralisation du t\u00e9l\u00e9contr\u00f4le !<\/h3><\/a>\n                                    <p class=\"use-case-category\"><a href=\"https:\/\/www.altermes.fr\/en\/weblex-importer-categories\/actualites\/\" rel=\"tag\">Actualit\u00e9s<\/a>, <a href=\"https:\/\/www.altermes.fr\/en\/weblex-importer-categories\/infos-sociales\/\" rel=\"tag\">Infos Sociales<\/a><\/p>\n                                    <p class=\"edc-content\">La CPAM peut proc\u00e9der \u00e0 tout moment \u00e0 des contr\u00f4les aupr\u00e8s des assur\u00e9s percevant des prestations de l\u2019Assurance maladie, en particulier des IJSS, afin de s\u2019assurer que la situation d\u00e9clar\u00e9...<\/p>                                <\/div>\n                                                                <div class=\"case-study-item weblex-article\">\n                                                                            <a href=\"https:\/\/www.altermes.fr\/en\/les-infos-du-jour\/peche-de-loisir-un-cadre-pour-les-pecheurs-amateurs\/\">\n                                            <img decoding=\"async\" width=\"600\" height=\"400\" src=\"https:\/\/www.altermes.fr\/wp-content\/uploads\/2025\/12\/Shutterstock_pechedeloisir.jpg\" class=\"attachment-custom-thumbnail size-custom-thumbnail wp-post-image\" alt=\"\" srcset=\"https:\/\/www.altermes.fr\/wp-content\/uploads\/2025\/12\/Shutterstock_pechedeloisir.jpg 600w, https:\/\/www.altermes.fr\/wp-content\/uploads\/2025\/12\/Shutterstock_pechedeloisir-480x320.jpg 480w\" sizes=\"(min-width: 0px) and (max-width: 480px) 480px, (min-width: 481px) 600px, 100vw\">                                        <\/a>\n                                                                        <a href=\"https:\/\/www.altermes.fr\/en\/les-infos-du-jour\/peche-de-loisir-un-cadre-pour-les-pecheurs-amateurs\/\"><h3>P\u00eache de loisir : un cadre pour les p\u00eacheurs amateurs<\/h3><\/a>\n                                    <p class=\"use-case-category\"><a href=\"https:\/\/www.altermes.fr\/en\/weblex-importer-categories\/actualites\/\" rel=\"tag\">Actualit\u00e9s<\/a>, <a href=\"https:\/\/www.altermes.fr\/en\/weblex-importer-categories\/infos-juridiques\/\" rel=\"tag\">Infos juridiques<\/a><\/p>\n                                    <p class=\"edc-content\">La pratique de la p\u00eache en tant que loisir n\u2019exon\u00e8re pas les p\u00eacheurs du respect de certaines obligations relatives \u00e0 la protection des environnements marins, qui viennent d\u2019\u00eatre mises \u00e0 jou...<\/p>                                <\/div>\n                                                                <div class=\"case-study-item weblex-article\">\n                                                                            <a href=\"https:\/\/www.altermes.fr\/en\/les-infos-du-jour\/tva-et-prestations-dhebergement-hotelieres-et-parahotelieres-retour-partiel-en-arriere\/\">\n                                            <img decoding=\"async\" width=\"600\" height=\"400\" src=\"https:\/\/www.altermes.fr\/wp-content\/uploads\/2025\/12\/Shutterstock_TVAprestationshotelieres_0.jpg\" class=\"attachment-custom-thumbnail size-custom-thumbnail wp-post-image\" alt=\"\" srcset=\"https:\/\/www.altermes.fr\/wp-content\/uploads\/2025\/12\/Shutterstock_TVAprestationshotelieres_0.jpg 600w, https:\/\/www.altermes.fr\/wp-content\/uploads\/2025\/12\/Shutterstock_TVAprestationshotelieres_0-480x320.jpg 480w\" sizes=\"(min-width: 0px) and (max-width: 480px) 480px, (min-width: 481px) 600px, 100vw\">                                        <\/a>\n                                                                        <a href=\"https:\/\/www.altermes.fr\/en\/les-infos-du-jour\/tva-et-prestations-dhebergement-hotelieres-et-parahotelieres-retour-partiel-en-arriere\/\"><h3>TVA et prestations d\u2019h\u00e9bergement h\u00f4teli\u00e8res et parah\u00f4teli\u00e8res : retour partiel en arri\u00e8re !<\/h3><\/a>\n                                    <p class=\"use-case-category\"><a href=\"https:\/\/www.altermes.fr\/en\/weblex-importer-categories\/actualites\/\" rel=\"tag\">Actualit\u00e9s<\/a>, <a href=\"https:\/\/www.altermes.fr\/en\/weblex-importer-categories\/le-coin-du-dirigeant\/\" rel=\"tag\">Le coin du dirigeant<\/a><\/p>\n                                    <p class=\"edc-content\">Les prestations d\u2019h\u00e9bergement fournies dans le cadre du secteur h\u00f4telier et les locations de logements meubl\u00e9s \u00e0 usage r\u00e9sidentiel sont soumises au taux r\u00e9duit de TVA de 10 %, toutes condition...<\/p>                                <\/div>\n                                                                <div class=\"case-study-item weblex-article\">\n                                                                            <a href=\"https:\/\/www.altermes.fr\/en\/les-infos-du-jour\/cloud-et-frais-de-transfert-de-donnees-on-en-sait-plus\/\">\n                                            <img decoding=\"async\" width=\"600\" height=\"400\" src=\"https:\/\/www.altermes.fr\/wp-content\/uploads\/2025\/12\/Shutterstock_encadrementtransfertcloud.jpg\" class=\"attachment-custom-thumbnail size-custom-thumbnail wp-post-image\" alt=\"\" srcset=\"https:\/\/www.altermes.fr\/wp-content\/uploads\/2025\/12\/Shutterstock_encadrementtransfertcloud.jpg 600w, https:\/\/www.altermes.fr\/wp-content\/uploads\/2025\/12\/Shutterstock_encadrementtransfertcloud-480x320.jpg 480w\" sizes=\"(min-width: 0px) and (max-width: 480px) 480px, (min-width: 481px) 600px, 100vw\">                                        <\/a>\n                                                                        <a href=\"https:\/\/www.altermes.fr\/en\/les-infos-du-jour\/cloud-et-frais-de-transfert-de-donnees-on-en-sait-plus\/\"><h3>Cloud et frais de transfert de donn\u00e9es : on en sait plus !<\/h3><\/a>\n                                    <p class=\"use-case-category\"><a href=\"https:\/\/www.altermes.fr\/en\/weblex-importer-categories\/actualites\/\" rel=\"tag\">Actualit\u00e9s<\/a>, <a href=\"https:\/\/www.altermes.fr\/en\/weblex-importer-categories\/infos-juridiques\/\" rel=\"tag\">Infos juridiques<\/a><\/p>\n                                    <p class=\"edc-content\">Au printemps 2024, la loi visant \u00e0 s\u00e9curiser et \u00e0 r\u00e9guler l\u2019espace num\u00e9rique, dite \u00ab SREN \u00bb, a pos\u00e9 un certain nombre de r\u00e8gles g\u00e9n\u00e9rales dont les modalit\u00e9s d\u2019application restaient \u00e0 ...<\/p>                                <\/div>\n                                                                <div class=\"case-study-item weblex-article\">\n                                                                            <a href=\"https:\/\/www.altermes.fr\/en\/les-infos-du-jour\/solliciter-le-salarie-pendant-son-arret-dommage-automatique\/\">\n                                            <img decoding=\"async\" width=\"600\" height=\"400\" src=\"https:\/\/www.altermes.fr\/wp-content\/uploads\/2025\/12\/Shutterstock_prejudicenecessaire.jpg\" class=\"attachment-custom-thumbnail size-custom-thumbnail wp-post-image\" alt=\"\" srcset=\"https:\/\/www.altermes.fr\/wp-content\/uploads\/2025\/12\/Shutterstock_prejudicenecessaire.jpg 600w, https:\/\/www.altermes.fr\/wp-content\/uploads\/2025\/12\/Shutterstock_prejudicenecessaire-480x320.jpg 480w\" sizes=\"(min-width: 0px) and (max-width: 480px) 480px, (min-width: 481px) 600px, 100vw\">                                        <\/a>\n                                                                        <a href=\"https:\/\/www.altermes.fr\/en\/les-infos-du-jour\/solliciter-le-salarie-pendant-son-arret-dommage-automatique\/\"><h3>Solliciter le salari\u00e9 pendant son arr\u00eat : dommage automatique ?<\/h3><\/a>\n                                    <p class=\"use-case-category\"><a href=\"https:\/\/www.altermes.fr\/en\/weblex-importer-categories\/actualites\/\" rel=\"tag\">Actualit\u00e9s<\/a>, <a href=\"https:\/\/www.altermes.fr\/en\/weblex-importer-categories\/infos-sociales\/\" rel=\"tag\">Infos Sociales<\/a><\/p>\n                                    <p class=\"edc-content\">Le fait de recevoir des mails et des sms pendant un arr\u00eat maladie par sa hi\u00e9rarchie est-il de nature \u00e0 cr\u00e9er automatiquement un pr\u00e9judice indemnisable du salari\u00e9 ? C\u2019est \u00e0 cette question que ...<\/p>                                <\/div>\n                                                                <div class=\"case-study-item weblex-article\">\n                                                                            <a href=\"https:\/\/www.altermes.fr\/en\/les-infos-du-jour\/volontariat-international-du-nouveau\/\">\n                                            <img decoding=\"async\" width=\"600\" height=\"400\" src=\"https:\/\/www.altermes.fr\/wp-content\/uploads\/2025\/12\/Shutterstock_volontairesinternationaux.jpg\" class=\"attachment-custom-thumbnail size-custom-thumbnail wp-post-image\" alt=\"\" srcset=\"https:\/\/www.altermes.fr\/wp-content\/uploads\/2025\/12\/Shutterstock_volontairesinternationaux.jpg 600w, https:\/\/www.altermes.fr\/wp-content\/uploads\/2025\/12\/Shutterstock_volontairesinternationaux-480x320.jpg 480w\" sizes=\"(min-width: 0px) and (max-width: 480px) 480px, (min-width: 481px) 600px, 100vw\">                                        <\/a>\n                                                                        <a href=\"https:\/\/www.altermes.fr\/en\/les-infos-du-jour\/volontariat-international-du-nouveau\/\"><h3>Volontariat international : du nouveau !<\/h3><\/a>\n                                    <p class=\"use-case-category\"><a href=\"https:\/\/www.altermes.fr\/en\/weblex-importer-categories\/actualites\/\" rel=\"tag\">Actualit\u00e9s<\/a>, <a href=\"https:\/\/www.altermes.fr\/en\/weblex-importer-categories\/infos-sociales\/\" rel=\"tag\">Infos Sociales<\/a><\/p>\n                                    <p class=\"edc-content\">Bonne nouvelle pour les volontaires internationaux : les r\u00e8gles d\u2019indemnisation \u00e9voluent, avec une indemnit\u00e9 suppl\u00e9mentaire d\u00e9sormais d\u00e9gressive en cas de retour anticip\u00e9 pour situation de cr...<\/p>                                <\/div>\n                                                                <div class=\"case-study-item weblex-article\">\n                                                                            <a href=\"https:\/\/www.altermes.fr\/en\/les-infos-du-jour\/regime-micro-bic-et-societe-de-fait-entre-epoux-une-cohabitation-complexe\/\">\n                                            <img decoding=\"async\" width=\"600\" height=\"400\" src=\"https:\/\/www.altermes.fr\/wp-content\/uploads\/2025\/12\/Shutterstock_mircobic.jpg\" class=\"attachment-custom-thumbnail size-custom-thumbnail wp-post-image\" alt=\"\" srcset=\"https:\/\/www.altermes.fr\/wp-content\/uploads\/2025\/12\/Shutterstock_mircobic.jpg 600w, https:\/\/www.altermes.fr\/wp-content\/uploads\/2025\/12\/Shutterstock_mircobic-480x320.jpg 480w\" sizes=\"(min-width: 0px) and (max-width: 480px) 480px, (min-width: 481px) 600px, 100vw\">                                        <\/a>\n                                                                        <a href=\"https:\/\/www.altermes.fr\/en\/les-infos-du-jour\/regime-micro-bic-et-societe-de-fait-entre-epoux-une-cohabitation-complexe\/\"><h3>R\u00e9gime micro-BIC et soci\u00e9t\u00e9 de fait entre \u00e9poux : une cohabitation complexe<\/h3><\/a>\n                                    <p class=\"use-case-category\"><a href=\"https:\/\/www.altermes.fr\/en\/weblex-importer-categories\/actualites\/\" rel=\"tag\">Actualit\u00e9s<\/a>, <a href=\"https:\/\/www.altermes.fr\/en\/weblex-importer-categories\/le-coin-du-dirigeant\/\" rel=\"tag\">Le coin du dirigeant<\/a><\/p>\n                                    <p class=\"edc-content\">Les soci\u00e9t\u00e9s ne peuvent pas b\u00e9n\u00e9ficier du r\u00e9gime fiscal micro-BIC, qu\u2019elles soient soumises \u00e0 l\u2019imp\u00f4t sur les soci\u00e9t\u00e9s ou \u00e0 l\u2019imp\u00f4t sur le revenu, soci\u00e9t\u00e9s cr\u00e9\u00e9es de fait y compri...<\/p>                                <\/div>\n                                                                <div class=\"case-study-item weblex-article\">\n                                                                            <a href=\"https:\/\/www.altermes.fr\/en\/les-infos-du-jour\/reforme-des-allegements-generaux-des-cotisations-et-en-2026\/\">\n                                            <img decoding=\"async\" width=\"600\" height=\"400\" src=\"https:\/\/www.altermes.fr\/wp-content\/uploads\/2025\/12\/Shutterstock_reformeallegement.jpg\" class=\"attachment-custom-thumbnail size-custom-thumbnail wp-post-image\" alt=\"\" srcset=\"https:\/\/www.altermes.fr\/wp-content\/uploads\/2025\/12\/Shutterstock_reformeallegement.jpg 600w, https:\/\/www.altermes.fr\/wp-content\/uploads\/2025\/12\/Shutterstock_reformeallegement-480x320.jpg 480w\" sizes=\"(min-width: 0px) and (max-width: 480px) 480px, (min-width: 481px) 600px, 100vw\">                                        <\/a>\n                                                                        <a href=\"https:\/\/www.altermes.fr\/en\/les-infos-du-jour\/reforme-des-allegements-generaux-des-cotisations-et-en-2026\/\"><h3>R\u00e9forme des all\u00e9gements g\u00e9n\u00e9raux des cotisations : et en 2026 ?<\/h3><\/a>\n                                    <p class=\"use-case-category\"><a href=\"https:\/\/www.altermes.fr\/en\/weblex-importer-categories\/actualites\/\" rel=\"tag\">Actualit\u00e9s<\/a>, <a href=\"https:\/\/www.altermes.fr\/en\/weblex-importer-categories\/infos-sociales\/\" rel=\"tag\">Infos Sociales<\/a><\/p>\n                                    <p class=\"edc-content\">Au 1er janvier 2026, les all\u00e8gements g\u00e9n\u00e9raux de cotisations patronales changent de logique : on sort d\u2019un empilement de dispositifs pour basculer vers une r\u00e9duction g\u00e9n\u00e9rale d\u00e9gressive d\u00e9so...<\/p>                                <\/div>\n                                                                <div class=\"case-study-item weblex-article\">\n                                                                            <a href=\"https:\/\/www.altermes.fr\/en\/les-infos-du-jour\/reforme-de-la-facturation-electronique-meme-pour-les-loueurs-en-meuble\/\">\n                                            <img decoding=\"async\" width=\"600\" height=\"400\" src=\"https:\/\/www.altermes.fr\/wp-content\/uploads\/2025\/12\/Shutterstock_reformefacturationelectronique2028129.jpg\" class=\"attachment-custom-thumbnail size-custom-thumbnail wp-post-image\" alt=\"\" srcset=\"https:\/\/www.altermes.fr\/wp-content\/uploads\/2025\/12\/Shutterstock_reformefacturationelectronique2028129.jpg 600w, https:\/\/www.altermes.fr\/wp-content\/uploads\/2025\/12\/Shutterstock_reformefacturationelectronique2028129-480x320.jpg 480w\" sizes=\"(min-width: 0px) and (max-width: 480px) 480px, (min-width: 481px) 600px, 100vw\">                                        <\/a>\n                                                                        <a href=\"https:\/\/www.altermes.fr\/en\/les-infos-du-jour\/reforme-de-la-facturation-electronique-meme-pour-les-loueurs-en-meuble\/\"><h3>R\u00e9forme de la facturation \u00e9lectronique : m\u00eame pour les loueurs en meubl\u00e9 ?<\/h3><\/a>\n                                    <p class=\"use-case-category\"><a href=\"https:\/\/www.altermes.fr\/en\/weblex-importer-categories\/actualites\/\" rel=\"tag\">Actualit\u00e9s<\/a>, <a href=\"https:\/\/www.altermes.fr\/en\/weblex-importer-categories\/le-coin-du-dirigeant\/\" rel=\"tag\">Le coin du dirigeant<\/a><\/p>\n                                    <p class=\"edc-content\">La r\u00e9forme de la facturation \u00e9lectronique est en cours depuis plusieurs ann\u00e9es et sa g\u00e9n\u00e9ralisation approche \u00e0 grand pas. Mais les loueurs en meubl\u00e9 sont-ils concern\u00e9s par cette r\u00e9forme ? R\u00e9...<\/p>                                <\/div>\n                                                                <div class=\"case-study-item weblex-article\">\n                                                                            <a href=\"https:\/\/www.altermes.fr\/en\/les-infos-du-jour\/immatriculation-provisoire-des-vehicules-des-plaques-identifiables\/\">\n                                            <img decoding=\"async\" width=\"600\" height=\"400\" src=\"https:\/\/www.altermes.fr\/wp-content\/uploads\/2025\/12\/Shutterstock_plaquesimmatriculations.jpg\" class=\"attachment-custom-thumbnail size-custom-thumbnail wp-post-image\" alt=\"\" srcset=\"https:\/\/www.altermes.fr\/wp-content\/uploads\/2025\/12\/Shutterstock_plaquesimmatriculations.jpg 600w, https:\/\/www.altermes.fr\/wp-content\/uploads\/2025\/12\/Shutterstock_plaquesimmatriculations-480x320.jpg 480w\" sizes=\"(min-width: 0px) and (max-width: 480px) 480px, (min-width: 481px) 600px, 100vw\">                                        <\/a>\n                                                                        <a href=\"https:\/\/www.altermes.fr\/en\/les-infos-du-jour\/immatriculation-provisoire-des-vehicules-des-plaques-identifiables\/\"><h3>Immatriculation provisoire des v\u00e9hicules : des plaques identifiables !<\/h3><\/a>\n                                    <p class=\"use-case-category\"><a href=\"https:\/\/www.altermes.fr\/en\/weblex-importer-categories\/actualites\/\" rel=\"tag\">Actualit\u00e9s<\/a>, <a href=\"https:\/\/www.altermes.fr\/en\/weblex-importer-categories\/infos-juridiques\/\" rel=\"tag\">Infos juridiques<\/a><\/p>\n                                    <p class=\"edc-content\">Sauf exception, les plaques d\u2019immatriculation des v\u00e9hicules en circulation ont un fond blanc. \u00c0 partir du 1er janvier 2026, des plaques roses feront leur apparition sur les routes. Dans quels cas ...<\/p>                                <\/div>\n                                                                <div class=\"case-study-item weblex-article\">\n                                                                            <a href=\"https:\/\/www.altermes.fr\/en\/les-infos-du-jour\/activite-de-formation-en-micro-entreprise-une-micro-formalite\/\">\n                                            <img decoding=\"async\" width=\"600\" height=\"400\" src=\"https:\/\/www.altermes.fr\/wp-content\/uploads\/2025\/12\/Shutterstock_presentationactivite.jpg\" class=\"attachment-custom-thumbnail size-custom-thumbnail wp-post-image\" alt=\"\" srcset=\"https:\/\/www.altermes.fr\/wp-content\/uploads\/2025\/12\/Shutterstock_presentationactivite.jpg 600w, https:\/\/www.altermes.fr\/wp-content\/uploads\/2025\/12\/Shutterstock_presentationactivite-480x320.jpg 480w\" sizes=\"(min-width: 0px) and (max-width: 480px) 480px, (min-width: 481px) 600px, 100vw\">                                        <\/a>\n                                                                        <a href=\"https:\/\/www.altermes.fr\/en\/les-infos-du-jour\/activite-de-formation-en-micro-entreprise-une-micro-formalite\/\"><h3>Activit\u00e9 de formation en micro-entreprise : une micro-formalit\u00e9 ?<\/h3><\/a>\n                                    <p class=\"use-case-category\"><a href=\"https:\/\/www.altermes.fr\/en\/weblex-importer-categories\/actualites\/\" rel=\"tag\">Actualit\u00e9s<\/a>, <a href=\"https:\/\/www.altermes.fr\/en\/weblex-importer-categories\/infos-juridiques\/\" rel=\"tag\">Infos juridiques<\/a><\/p>\n                                    <p class=\"edc-content\">Pour rappel, les organismes de formation doivent d\u00e9poser aupr\u00e8s des pouvoirs publics une d\u00e9claration d\u2019activit\u00e9 d\u00e8s la conclusion de la 1re convention ou du 1er contrat de formation professionn...<\/p>                                <\/div>\n                                                                <div class=\"case-study-item weblex-article\">\n                                                                            <a href=\"https:\/\/www.altermes.fr\/en\/les-infos-du-jour\/fauteuils-roulants-et-protheses-capillaires-une-prise-en-charge-renforcee\/\">\n                                            <img decoding=\"async\" width=\"600\" height=\"400\" src=\"https:\/\/www.altermes.fr\/wp-content\/uploads\/2025\/12\/Shutterstock_priseenchargefauteil.jpg\" class=\"attachment-custom-thumbnail size-custom-thumbnail wp-post-image\" alt=\"\" srcset=\"https:\/\/www.altermes.fr\/wp-content\/uploads\/2025\/12\/Shutterstock_priseenchargefauteil.jpg 600w, https:\/\/www.altermes.fr\/wp-content\/uploads\/2025\/12\/Shutterstock_priseenchargefauteil-480x320.jpg 480w\" sizes=\"(min-width: 0px) and (max-width: 480px) 480px, (min-width: 481px) 600px, 100vw\">                                        <\/a>\n                                                                        <a href=\"https:\/\/www.altermes.fr\/en\/les-infos-du-jour\/fauteuils-roulants-et-protheses-capillaires-une-prise-en-charge-renforcee\/\"><h3>Fauteuils roulants et proth\u00e8ses capillaires : une prise en charge renforc\u00e9e !<\/h3><\/a>\n                                    <p class=\"use-case-category\"><a href=\"https:\/\/www.altermes.fr\/en\/weblex-importer-categories\/actualites\/\" rel=\"tag\">Actualit\u00e9s<\/a>, <a href=\"https:\/\/www.altermes.fr\/en\/weblex-importer-categories\/infos-sociales\/\" rel=\"tag\">Infos Sociales<\/a><\/p>\n                                    <p class=\"edc-content\">D\u00e8s d\u00e9cembre 2025, la prise en charge franchit un cap : les fauteuils roulants passent au 100 % rembours\u00e9 (sur prescription) avec un guichet unique c\u00f4t\u00e9 Assurance maladie, et les proth\u00e8ses capil...<\/p>                                <\/div>\n                                                                <div class=\"case-study-item weblex-article\">\n                                                                            <a href=\"https:\/\/www.altermes.fr\/en\/les-infos-du-jour\/reforme-de-la-facturation-electronique-meme-pour-les-sci\/\">\n                                            <img decoding=\"async\" width=\"600\" height=\"400\" src=\"https:\/\/www.altermes.fr\/wp-content\/uploads\/2025\/12\/Shutterstock_factureelecSCI.jpg\" class=\"attachment-custom-thumbnail size-custom-thumbnail wp-post-image\" alt=\"\" srcset=\"https:\/\/www.altermes.fr\/wp-content\/uploads\/2025\/12\/Shutterstock_factureelecSCI.jpg 600w, https:\/\/www.altermes.fr\/wp-content\/uploads\/2025\/12\/Shutterstock_factureelecSCI-480x320.jpg 480w\" sizes=\"(min-width: 0px) and (max-width: 480px) 480px, (min-width: 481px) 600px, 100vw\">                                        <\/a>\n                                                                        <a href=\"https:\/\/www.altermes.fr\/en\/les-infos-du-jour\/reforme-de-la-facturation-electronique-meme-pour-les-sci\/\"><h3>R\u00e9forme de la facturation \u00e9lectronique : m\u00eame pour les SCI ?<\/h3><\/a>\n                                    <p class=\"use-case-category\"><a href=\"https:\/\/www.altermes.fr\/en\/weblex-importer-categories\/actualites\/\" rel=\"tag\">Actualit\u00e9s<\/a>, <a href=\"https:\/\/www.altermes.fr\/en\/weblex-importer-categories\/infos-fiscales\/\" rel=\"tag\">Infos Fiscales<\/a><\/p>\n                                    <p class=\"edc-content\">Dans un souci de simplification et d\u2019acc\u00e9l\u00e9ration de la transition num\u00e9rique des entreprises, une r\u00e9forme d\u2019ampleur est en cours depuis plusieurs ann\u00e9es visant \u00e0 g\u00e9n\u00e9raliser le recours \u00e0 ...<\/p>                                <\/div>\n                                                                <div class=\"case-study-item weblex-article\">\n                                                                            <a href=\"https:\/\/www.altermes.fr\/en\/les-infos-du-jour\/financement-des-cfa-la-liste-des-formations-a-distance-exemptees-de-la-minoration-est-publiee\/\">\n                                            <img decoding=\"async\" width=\"600\" height=\"400\" src=\"https:\/\/www.altermes.fr\/wp-content\/uploads\/2025\/12\/Shutterstock_certificationsexemptees.jpg\" class=\"attachment-custom-thumbnail size-custom-thumbnail wp-post-image\" alt=\"\" srcset=\"https:\/\/www.altermes.fr\/wp-content\/uploads\/2025\/12\/Shutterstock_certificationsexemptees.jpg 600w, https:\/\/www.altermes.fr\/wp-content\/uploads\/2025\/12\/Shutterstock_certificationsexemptees-480x320.jpg 480w\" sizes=\"(min-width: 0px) and (max-width: 480px) 480px, (min-width: 481px) 600px, 100vw\">                                        <\/a>\n                                                                        <a href=\"https:\/\/www.altermes.fr\/en\/les-infos-du-jour\/financement-des-cfa-la-liste-des-formations-a-distance-exemptees-de-la-minoration-est-publiee\/\"><h3>Financement des CFA : la liste des formations \u00e0 distance exempt\u00e9es de la minoration est publi\u00e9e<\/h3><\/a>\n                                    <p class=\"use-case-category\"><a href=\"https:\/\/www.altermes.fr\/en\/weblex-importer-categories\/actualites\/\" rel=\"tag\">Actualit\u00e9s<\/a>, <a href=\"https:\/\/www.altermes.fr\/en\/weblex-importer-categories\/infos-sociales\/\" rel=\"tag\">Infos Sociales<\/a><\/p>\n                                    <p class=\"edc-content\">Bonne nouvelle pour les centres de formations d\u2019apprentis : la liste des formations principalement suivies \u00e0 distance qui \u00e9chappent \u00e0 la minoration du financement par les OPCO vient d\u2019\u00eatre pub...<\/p>                                <\/div>\n                                                                <div class=\"case-study-item weblex-article\">\n                                                                            <a href=\"https:\/\/www.altermes.fr\/en\/les-infos-du-jour\/canne-a-sucre-quelle-enveloppe-daides-pour-les-recoltes-2025\/\">\n                                            <img decoding=\"async\" width=\"600\" height=\"400\" src=\"https:\/\/www.altermes.fr\/wp-content\/uploads\/2025\/12\/Shutterstock_agriculturecanneasucre.jpg\" class=\"attachment-custom-thumbnail size-custom-thumbnail wp-post-image\" alt=\"\" srcset=\"https:\/\/www.altermes.fr\/wp-content\/uploads\/2025\/12\/Shutterstock_agriculturecanneasucre.jpg 600w, https:\/\/www.altermes.fr\/wp-content\/uploads\/2025\/12\/Shutterstock_agriculturecanneasucre-480x320.jpg 480w\" sizes=\"(min-width: 0px) and (max-width: 480px) 480px, (min-width: 481px) 600px, 100vw\">                                        <\/a>\n                                                                        <a href=\"https:\/\/www.altermes.fr\/en\/les-infos-du-jour\/canne-a-sucre-quelle-enveloppe-daides-pour-les-recoltes-2025\/\"><h3>Canne \u00e0 sucre : quelle enveloppe d\u2019aides pour les r\u00e9coltes 2025 ?<\/h3><\/a>\n                                    <p class=\"use-case-category\"><a href=\"https:\/\/www.altermes.fr\/en\/weblex-importer-categories\/actualites\/\" rel=\"tag\">Actualit\u00e9s<\/a>, <a href=\"https:\/\/www.altermes.fr\/en\/weblex-importer-categories\/infos-juridiques\/\" rel=\"tag\">Infos juridiques<\/a><\/p>\n                                    <p class=\"edc-content\">Pour rappel, une aide financi\u00e8re a \u00e9t\u00e9 mise en place au profit des planteurs de canne \u00e0 sucre de Guadeloupe, de Martinique et de La R\u00e9union afin de compenser les surco\u00fbts li\u00e9s \u00e0 leur situation...<\/p>                                <\/div>\n                                                                <div class=\"case-study-item weblex-article\">\n                                                                            <a href=\"https:\/\/www.altermes.fr\/en\/les-infos-du-jour\/influence-commerciale-le-contrat-est-il-toujours-obligatoire\/\">\n                                            <img decoding=\"async\" width=\"600\" height=\"400\" src=\"https:\/\/www.altermes.fr\/wp-content\/uploads\/2025\/12\/Shutterstock_contratinfluenceur.jpg\" class=\"attachment-custom-thumbnail size-custom-thumbnail wp-post-image\" alt=\"\" srcset=\"https:\/\/www.altermes.fr\/wp-content\/uploads\/2025\/12\/Shutterstock_contratinfluenceur.jpg 600w, https:\/\/www.altermes.fr\/wp-content\/uploads\/2025\/12\/Shutterstock_contratinfluenceur-480x320.jpg 480w\" sizes=\"(min-width: 0px) and (max-width: 480px) 480px, (min-width: 481px) 600px, 100vw\">                                        <\/a>\n                                                                        <a href=\"https:\/\/www.altermes.fr\/en\/les-infos-du-jour\/influence-commerciale-le-contrat-est-il-toujours-obligatoire\/\"><h3>Influence commerciale : le contrat est-il toujours obligatoire ?<\/h3><\/a>\n                                    <p class=\"use-case-category\"><a href=\"https:\/\/www.altermes.fr\/en\/weblex-importer-categories\/actualites\/\" rel=\"tag\">Actualit\u00e9s<\/a>, <a href=\"https:\/\/www.altermes.fr\/en\/weblex-importer-categories\/infos-juridiques\/\" rel=\"tag\">Infos juridiques<\/a><\/p>\n                                    <p class=\"edc-content\">L\u2019activit\u00e9 d\u2019influence commerciale s\u2019est vu imposer un cadre afin de lutter contre ses d\u00e9rives. En 2023, le principe d\u2019un contrat \u00e9crit entre l\u2019influenceur et l\u2019annonceur a \u00e9t\u00e9 d\u00e9cid...<\/p>                                <\/div>\n                                                                <div class=\"case-study-item weblex-article\">\n                                                                            <a href=\"https:\/\/www.altermes.fr\/en\/les-infos-du-jour\/btp-fermeture-definitive-du-service-net-intemperies\/\">\n                                            <img decoding=\"async\" width=\"600\" height=\"400\" src=\"https:\/\/www.altermes.fr\/wp-content\/uploads\/2025\/12\/Shutterstock_fermeturenetimptemperies.jpg\" class=\"attachment-custom-thumbnail size-custom-thumbnail wp-post-image\" alt=\"\" srcset=\"https:\/\/www.altermes.fr\/wp-content\/uploads\/2025\/12\/Shutterstock_fermeturenetimptemperies.jpg 600w, https:\/\/www.altermes.fr\/wp-content\/uploads\/2025\/12\/Shutterstock_fermeturenetimptemperies-480x320.jpg 480w\" sizes=\"(min-width: 0px) and (max-width: 480px) 480px, (min-width: 481px) 600px, 100vw\">                                        <\/a>\n                                                                        <a href=\"https:\/\/www.altermes.fr\/en\/les-infos-du-jour\/btp-fermeture-definitive-du-service-net-intemperies\/\"><h3>BTP : fermeture d\u00e9finitive du service net intemp\u00e9ries<\/h3><\/a>\n                                    <p class=\"use-case-category\"><a href=\"https:\/\/www.altermes.fr\/en\/weblex-importer-categories\/actualites\/\" rel=\"tag\">Actualit\u00e9s<\/a>, <a href=\"https:\/\/www.altermes.fr\/en\/weblex-importer-categories\/infos-sociales\/\" rel=\"tag\">Infos Sociales<\/a><\/p>\n                                    <p class=\"edc-content\">Pour anticiper la fin du service Net-Intemp\u00e9ries \u00e0 partir du 31 d\u00e9cembre 2025, Net-Entreprises guide les employeurs du BTP sur le nouveau canal de d\u00e9claration des arr\u00eats de travail et des demande...<\/p>                                <\/div>\n                                                                <div class=\"case-study-item weblex-article\">\n                                                                            <a href=\"https:\/\/www.altermes.fr\/en\/les-infos-du-jour\/aides-a-lembauche-dapprenti-une-suspension-de-laide-a-prevoir\/\">\n                                            <img decoding=\"async\" width=\"600\" height=\"400\" src=\"https:\/\/www.altermes.fr\/wp-content\/uploads\/2025\/12\/Shutterstock_aideembaucheapprenti.jpg\" class=\"attachment-custom-thumbnail size-custom-thumbnail wp-post-image\" alt=\"\" srcset=\"https:\/\/www.altermes.fr\/wp-content\/uploads\/2025\/12\/Shutterstock_aideembaucheapprenti.jpg 600w, https:\/\/www.altermes.fr\/wp-content\/uploads\/2025\/12\/Shutterstock_aideembaucheapprenti-480x320.jpg 480w\" sizes=\"(min-width: 0px) and (max-width: 480px) 480px, (min-width: 481px) 600px, 100vw\">                                        <\/a>\n                                                                        <a href=\"https:\/\/www.altermes.fr\/en\/les-infos-du-jour\/aides-a-lembauche-dapprenti-une-suspension-de-laide-a-prevoir\/\"><h3>Aides \u00e0 l\u2019embauche d\u2019apprenti : une suspension de l\u2019aide \u00e0 pr\u00e9voir !<\/h3><\/a>\n                                    <p class=\"use-case-category\"><a href=\"https:\/\/www.altermes.fr\/en\/weblex-importer-categories\/actualites\/\" rel=\"tag\">Actualit\u00e9s<\/a>, <a href=\"https:\/\/www.altermes.fr\/en\/weblex-importer-categories\/infos-sociales\/\" rel=\"tag\">Infos Sociales<\/a><\/p>\n                                    <p class=\"edc-content\">Le versement des aides accord\u00e9es aux employeurs lors de l\u2019embauche d\u2019un apprenti est d\u00e9sormais proratis\u00e9, dans certains cas. Voil\u00e0 qui impose \u00e0 l\u2019administration d\u2019ajuster ses contr\u00f4les d...<\/p>                                <\/div>\n                                                                <div class=\"case-study-item weblex-article\">\n                                                                            <a href=\"https:\/\/www.altermes.fr\/en\/les-infos-du-jour\/reforme-de-la-facturation-electronique-meme-pour-les-associations\/\">\n                                            <img decoding=\"async\" width=\"600\" height=\"400\" src=\"https:\/\/www.altermes.fr\/wp-content\/uploads\/2025\/12\/Shutterstock_reformefacturationelectronique.jpg\" class=\"attachment-custom-thumbnail size-custom-thumbnail wp-post-image\" alt=\"\" srcset=\"https:\/\/www.altermes.fr\/wp-content\/uploads\/2025\/12\/Shutterstock_reformefacturationelectronique.jpg 600w, https:\/\/www.altermes.fr\/wp-content\/uploads\/2025\/12\/Shutterstock_reformefacturationelectronique-480x320.jpg 480w\" sizes=\"(min-width: 0px) and (max-width: 480px) 480px, (min-width: 481px) 600px, 100vw\">                                        <\/a>\n                                                                        <a href=\"https:\/\/www.altermes.fr\/en\/les-infos-du-jour\/reforme-de-la-facturation-electronique-meme-pour-les-associations\/\"><h3>R\u00e9forme de la facturation \u00e9lectronique : m\u00eame pour les associations ?<\/h3><\/a>\n                                    <p class=\"use-case-category\"><a href=\"https:\/\/www.altermes.fr\/en\/weblex-importer-categories\/actualites\/\" rel=\"tag\">Actualit\u00e9s<\/a>, <a href=\"https:\/\/www.altermes.fr\/en\/weblex-importer-categories\/infos-fiscales\/\" rel=\"tag\">Infos Fiscales<\/a><\/p>\n                                    <p class=\"edc-content\">Afin de simplifier la vie des entreprises et d\u2019acc\u00e9l\u00e9rer leur transition num\u00e9rique, une r\u00e9forme d\u2019ampleur est en cours depuis plusieurs ann\u00e9es visant \u00e0 g\u00e9n\u00e9raliser le recours \u00e0 la factura...<\/p>                                <\/div>\n                                                                <div class=\"case-study-item weblex-article\">\n                                                                            <a href=\"https:\/\/www.altermes.fr\/en\/les-infos-du-jour\/securite-incendie-des-batiments-professionnels-du-nouveau\/\">\n                                            <img decoding=\"async\" width=\"600\" height=\"400\" src=\"https:\/\/www.altermes.fr\/wp-content\/uploads\/2025\/12\/Shutterstock_securiteincendie.jpg\" class=\"attachment-custom-thumbnail size-custom-thumbnail wp-post-image\" alt=\"\" srcset=\"https:\/\/www.altermes.fr\/wp-content\/uploads\/2025\/12\/Shutterstock_securiteincendie.jpg 600w, https:\/\/www.altermes.fr\/wp-content\/uploads\/2025\/12\/Shutterstock_securiteincendie-480x320.jpg 480w\" sizes=\"(min-width: 0px) and (max-width: 480px) 480px, (min-width: 481px) 600px, 100vw\">                                        <\/a>\n                                                                        <a href=\"https:\/\/www.altermes.fr\/en\/les-infos-du-jour\/securite-incendie-des-batiments-professionnels-du-nouveau\/\"><h3>S\u00e9curit\u00e9 incendie des b\u00e2timents professionnels : du nouveau<\/h3><\/a>\n                                    <p class=\"use-case-category\"><a href=\"https:\/\/www.altermes.fr\/en\/weblex-importer-categories\/actualites\/\" rel=\"tag\">Actualit\u00e9s<\/a>, <a href=\"https:\/\/www.altermes.fr\/en\/weblex-importer-categories\/infos-juridiques\/\" rel=\"tag\">Infos juridiques<\/a><\/p>\n                                    <p class=\"edc-content\">La s\u00e9curit\u00e9 incendie est un crit\u00e8re fondamental dans le secteur immobilier et celui du BTP. \u00c0 ce titre, les b\u00e2timents doivent respecter un certain nombre de normes et, pour les \u00e9tablissements re...<\/p>                                <\/div>\n                                                                <div class=\"case-study-item weblex-article\">\n                                                                            <a href=\"https:\/\/www.altermes.fr\/en\/les-infos-du-jour\/commerces-comment-etendre-son-offre-de-produits-sans-emballage\/\">\n                                            <img decoding=\"async\" width=\"600\" height=\"400\" src=\"https:\/\/www.altermes.fr\/wp-content\/uploads\/2025\/12\/Shutterstock_surfacedevente.jpg\" class=\"attachment-custom-thumbnail size-custom-thumbnail wp-post-image\" alt=\"\" srcset=\"https:\/\/www.altermes.fr\/wp-content\/uploads\/2025\/12\/Shutterstock_surfacedevente.jpg 600w, https:\/\/www.altermes.fr\/wp-content\/uploads\/2025\/12\/Shutterstock_surfacedevente-480x320.jpg 480w\" sizes=\"(min-width: 0px) and (max-width: 480px) 480px, (min-width: 481px) 600px, 100vw\">                                        <\/a>\n                                                                        <a href=\"https:\/\/www.altermes.fr\/en\/les-infos-du-jour\/commerces-comment-etendre-son-offre-de-produits-sans-emballage\/\"><h3>Commerces : comment \u00e9tendre son offre de produits sans emballage ?<\/h3><\/a>\n                                    <p class=\"use-case-category\"><a href=\"https:\/\/www.altermes.fr\/en\/weblex-importer-categories\/actualites\/\" rel=\"tag\">Actualit\u00e9s<\/a>, <a href=\"https:\/\/www.altermes.fr\/en\/weblex-importer-categories\/infos-juridiques\/\" rel=\"tag\">Infos juridiques<\/a><\/p>\n                                    <p class=\"edc-content\">Dans une optique de promotion de modes de consommations plus durables, certains commerces vont devoir, \u00e0 l\u2019horizon 2030, consacrer une partie de leur surface de vente \u00e0 la commercialisation de pro...<\/p>                                <\/div>\n                                                                <div class=\"case-study-item weblex-article\">\n                                                                            <a href=\"https:\/\/www.altermes.fr\/en\/les-infos-du-jour\/insulter-son-employeur-faute-grave-automatique\/\">\n                                            <img decoding=\"async\" width=\"600\" height=\"400\" src=\"https:\/\/www.altermes.fr\/wp-content\/uploads\/2025\/12\/Shutterstock_insulteemployeur.jpg\" class=\"attachment-custom-thumbnail size-custom-thumbnail wp-post-image\" alt=\"\" srcset=\"https:\/\/www.altermes.fr\/wp-content\/uploads\/2025\/12\/Shutterstock_insulteemployeur.jpg 600w, https:\/\/www.altermes.fr\/wp-content\/uploads\/2025\/12\/Shutterstock_insulteemployeur-480x320.jpg 480w\" sizes=\"(min-width: 0px) and (max-width: 480px) 480px, (min-width: 481px) 600px, 100vw\">                                        <\/a>\n                                                                        <a href=\"https:\/\/www.altermes.fr\/en\/les-infos-du-jour\/insulter-son-employeur-faute-grave-automatique\/\"><h3>Insulter son employeur : faute grave automatique ?<\/h3><\/a>\n                                    <p class=\"use-case-category\"><a href=\"https:\/\/www.altermes.fr\/en\/weblex-importer-categories\/actualites\/\" rel=\"tag\">Actualit\u00e9s<\/a>, <a href=\"https:\/\/www.altermes.fr\/en\/weblex-importer-categories\/infos-sociales\/\" rel=\"tag\">Infos Sociales<\/a><\/p>\n                                    <p class=\"edc-content\">Dans une r\u00e9cente affaire, le juge a eu l\u2019occasion de rappeler que les insultes de l\u2019employeur par un salari\u00e9 ne doivent pas m\u00e9caniquement conduire \u00e0 son licenciement pour faute grave. Voil\u00e0 q...<\/p>                                <\/div>\n                                                                <div class=\"case-study-item weblex-article\">\n                                                                            <a href=\"https:\/\/www.altermes.fr\/en\/les-infos-du-jour\/recyclage-des-navires-la-convention-de-hong-kong-entre-en-vigueur\/\">\n                                            <img decoding=\"async\" width=\"600\" height=\"400\" src=\"https:\/\/www.altermes.fr\/wp-content\/uploads\/2025\/12\/Shutterstock_coventionrecyclagenavire.jpg\" class=\"attachment-custom-thumbnail size-custom-thumbnail wp-post-image\" alt=\"\" srcset=\"https:\/\/www.altermes.fr\/wp-content\/uploads\/2025\/12\/Shutterstock_coventionrecyclagenavire.jpg 600w, https:\/\/www.altermes.fr\/wp-content\/uploads\/2025\/12\/Shutterstock_coventionrecyclagenavire-480x320.jpg 480w\" sizes=\"(min-width: 0px) and (max-width: 480px) 480px, (min-width: 481px) 600px, 100vw\">                                        <\/a>\n                                                                        <a href=\"https:\/\/www.altermes.fr\/en\/les-infos-du-jour\/recyclage-des-navires-la-convention-de-hong-kong-entre-en-vigueur\/\"><h3>Recyclage des navires : la convention de Hong Kong entre en vigueur\u2026<\/h3><\/a>\n                                    <p class=\"use-case-category\"><a href=\"https:\/\/www.altermes.fr\/en\/weblex-importer-categories\/actualites\/\" rel=\"tag\">Actualit\u00e9s<\/a>, <a href=\"https:\/\/www.altermes.fr\/en\/weblex-importer-categories\/infos-juridiques\/\" rel=\"tag\">Infos juridiques<\/a><\/p>\n                                    <p class=\"edc-content\">Au regard du nombre de navires en circulation dans le monde et des mat\u00e9riaux potentiellement dangereux utilis\u00e9s, leur recyclage est une question tr\u00e8s importante tant sur l\u2019aspect environnemental ...<\/p>                                <\/div>\n                                                                <div class=\"case-study-item weblex-article\">\n                                                                            <a href=\"https:\/\/www.altermes.fr\/en\/les-infos-du-jour\/fraudes-aux-aides-publiques-lanah-sorganise\/\">\n                                            <img decoding=\"async\" width=\"600\" height=\"400\" src=\"https:\/\/www.altermes.fr\/wp-content\/uploads\/2025\/12\/Shutterstock_anahfraude.jpg\" class=\"attachment-custom-thumbnail size-custom-thumbnail wp-post-image\" alt=\"\" srcset=\"https:\/\/www.altermes.fr\/wp-content\/uploads\/2025\/12\/Shutterstock_anahfraude.jpg 600w, https:\/\/www.altermes.fr\/wp-content\/uploads\/2025\/12\/Shutterstock_anahfraude-480x320.jpg 480w\" sizes=\"(min-width: 0px) and (max-width: 480px) 480px, (min-width: 481px) 600px, 100vw\">                                        <\/a>\n                                                                        <a href=\"https:\/\/www.altermes.fr\/en\/les-infos-du-jour\/fraudes-aux-aides-publiques-lanah-sorganise\/\"><h3>Fraudes aux aides publiques : l\u2019Anah s\u2019organise<\/h3><\/a>\n                                    <p class=\"use-case-category\"><a href=\"https:\/\/www.altermes.fr\/en\/weblex-importer-categories\/actualites\/\" rel=\"tag\">Actualit\u00e9s<\/a>, <a href=\"https:\/\/www.altermes.fr\/en\/weblex-importer-categories\/infos-juridiques\/\" rel=\"tag\">Infos juridiques<\/a><\/p>\n                                    <p class=\"edc-content\">L\u2019Agence nationale de l\u2019habitat (Anah) a pour mission de contribuer \u00e0 l\u2019am\u00e9lioration de l\u2019habitat priv\u00e9 en France. Pour ce faire, elle a la possibilit\u00e9 d\u2019attribuer plusieurs aides aux po...<\/p>                                <\/div>\n                                                                <div class=\"case-study-item weblex-article\">\n                                                                            <a href=\"https:\/\/www.altermes.fr\/en\/les-infos-du-jour\/cvae-et-nouvelles-normes-comptables-quelles-consequences\/\">\n                                            <img decoding=\"async\" width=\"600\" height=\"400\" src=\"https:\/\/www.altermes.fr\/wp-content\/uploads\/2025\/12\/Shutterstock_nouvellesnormesCVAE.jpg\" class=\"attachment-custom-thumbnail size-custom-thumbnail wp-post-image\" alt=\"\" srcset=\"https:\/\/www.altermes.fr\/wp-content\/uploads\/2025\/12\/Shutterstock_nouvellesnormesCVAE.jpg 600w, https:\/\/www.altermes.fr\/wp-content\/uploads\/2025\/12\/Shutterstock_nouvellesnormesCVAE-480x320.jpg 480w\" sizes=\"(min-width: 0px) and (max-width: 480px) 480px, (min-width: 481px) 600px, 100vw\">                                        <\/a>\n                                                                        <a href=\"https:\/\/www.altermes.fr\/en\/les-infos-du-jour\/cvae-et-nouvelles-normes-comptables-quelles-consequences\/\"><h3>CVAE et nouvelles normes comptables : quelles cons\u00e9quences ?<\/h3><\/a>\n                                    <p class=\"use-case-category\"><a href=\"https:\/\/www.altermes.fr\/en\/weblex-importer-categories\/actualites\/\" rel=\"tag\">Actualit\u00e9s<\/a>, <a href=\"https:\/\/www.altermes.fr\/en\/weblex-importer-categories\/infos-fiscales\/\" rel=\"tag\">Infos Fiscales<\/a><\/p>\n                                    <p class=\"edc-content\">L\u2019entr\u00e9e en vigueur des nouvelles normes comptables depuis le 1er janvier 2025 est susceptible d\u2019avoir un impact sur le montant d\u00fb par les entreprises au titre de la cotisation sur la valeur ajo...<\/p>                                <\/div>\n                                                                <div class=\"case-study-item weblex-article\">\n                                                                            <a href=\"https:\/\/www.altermes.fr\/en\/les-infos-du-jour\/casier-judiciaire-et-empreintes-digitales-quelques-nouveautes\/\">\n                                            <img decoding=\"async\" width=\"600\" height=\"400\" src=\"https:\/\/www.altermes.fr\/wp-content\/uploads\/2025\/12\/Shutterstock_empreintesdigitales_0.jpg\" class=\"attachment-custom-thumbnail size-custom-thumbnail wp-post-image\" alt=\"\" srcset=\"https:\/\/www.altermes.fr\/wp-content\/uploads\/2025\/12\/Shutterstock_empreintesdigitales_0.jpg 600w, https:\/\/www.altermes.fr\/wp-content\/uploads\/2025\/12\/Shutterstock_empreintesdigitales_0-480x320.jpg 480w\" sizes=\"(min-width: 0px) and (max-width: 480px) 480px, (min-width: 481px) 600px, 100vw\">                                        <\/a>\n                                                                        <a href=\"https:\/\/www.altermes.fr\/en\/les-infos-du-jour\/casier-judiciaire-et-empreintes-digitales-quelques-nouveautes\/\"><h3>Casier judiciaire et empreintes digitales : quelques nouveaut\u00e9s\u2026<\/h3><\/a>\n                                    <p class=\"use-case-category\"><a href=\"https:\/\/www.altermes.fr\/en\/weblex-importer-categories\/actualites\/\" rel=\"tag\">Actualit\u00e9s<\/a>, <a href=\"https:\/\/www.altermes.fr\/en\/weblex-importer-categories\/infos-juridiques\/\" rel=\"tag\">Infos juridiques<\/a><\/p>\n                                    <p class=\"edc-content\">Dans le cadre de la r\u00e9forme de l\u2019institution judiciaire, les pouvoirs publics ont mis en place un certain nombre de r\u00e8gles en mati\u00e8re p\u00e9nale, issues notamment de la r\u00e9glementation europ\u00e9enne. ...<\/p>                                <\/div>\n                                                                <div class=\"case-study-item weblex-article\">\n                                                                            <a href=\"https:\/\/www.altermes.fr\/en\/les-infos-du-jour\/tuberculose-dans-les-elevages-evolution-des-mesures-de-controle\/\">\n                                            <img decoding=\"async\" width=\"600\" height=\"400\" src=\"https:\/\/www.altermes.fr\/wp-content\/uploads\/2025\/12\/Shutterstock_mycobacteriumtuberculosis.jpg\" class=\"attachment-custom-thumbnail size-custom-thumbnail wp-post-image\" alt=\"\" srcset=\"https:\/\/www.altermes.fr\/wp-content\/uploads\/2025\/12\/Shutterstock_mycobacteriumtuberculosis.jpg 600w, https:\/\/www.altermes.fr\/wp-content\/uploads\/2025\/12\/Shutterstock_mycobacteriumtuberculosis-480x320.jpg 480w\" sizes=\"(min-width: 0px) and (max-width: 480px) 480px, (min-width: 481px) 600px, 100vw\">                                        <\/a>\n                                                                        <a href=\"https:\/\/www.altermes.fr\/en\/les-infos-du-jour\/tuberculose-dans-les-elevages-evolution-des-mesures-de-controle\/\"><h3>Tuberculose dans les \u00e9levages : \u00e9volution des mesures de contr\u00f4le<\/h3><\/a>\n                                    <p class=\"use-case-category\"><a href=\"https:\/\/www.altermes.fr\/en\/weblex-importer-categories\/actualites\/\" rel=\"tag\">Actualit\u00e9s<\/a>, <a href=\"https:\/\/www.altermes.fr\/en\/weblex-importer-categories\/infos-juridiques\/\" rel=\"tag\">Infos juridiques<\/a><\/p>\n                                    <p class=\"edc-content\">La bact\u00e9rie Mycobacterium tuberculosis est la cause de l\u2019apparition de la tuberculose bovine. Une maladie qui peut \u00eatre transmise \u00e0 l\u2019homme et \u00e0 d\u2019autres mammif\u00e8res. \u00c0 ce titre, les mesure...<\/p>                                <\/div>\n                                                                <div class=\"case-study-item weblex-article\">\n                                                                            <a href=\"https:\/\/www.altermes.fr\/en\/les-infos-du-jour\/enregistrement-clandestin-de-lemployeur-recevable\/\">\n                                            <img decoding=\"async\" width=\"600\" height=\"400\" src=\"https:\/\/www.altermes.fr\/wp-content\/uploads\/2025\/12\/Shutterstock_preuvedeloyaleeyeur.jpg\" class=\"attachment-custom-thumbnail size-custom-thumbnail wp-post-image\" alt=\"\" srcset=\"https:\/\/www.altermes.fr\/wp-content\/uploads\/2025\/12\/Shutterstock_preuvedeloyaleeyeur.jpg 600w, https:\/\/www.altermes.fr\/wp-content\/uploads\/2025\/12\/Shutterstock_preuvedeloyaleeyeur-480x320.jpg 480w\" sizes=\"(min-width: 0px) and (max-width: 480px) 480px, (min-width: 481px) 600px, 100vw\">                                        <\/a>\n                                                                        <a href=\"https:\/\/www.altermes.fr\/en\/les-infos-du-jour\/enregistrement-clandestin-de-lemployeur-recevable\/\"><h3>Enregistrement clandestin de l\u2019employeur : recevable ?<\/h3><\/a>\n                                    <p class=\"use-case-category\"><a href=\"https:\/\/www.altermes.fr\/en\/weblex-importer-categories\/actualites\/\" rel=\"tag\">Actualit\u00e9s<\/a>, <a href=\"https:\/\/www.altermes.fr\/en\/weblex-importer-categories\/infos-sociales\/\" rel=\"tag\">Infos Sociales<\/a><\/p>\n                                    <p class=\"edc-content\">En droit social, une preuve obtenue de mani\u00e8re d\u00e9loyale n\u2019est recevable que lorsqu\u2019elle est absolument indispensable pour \u00e9tablir les faits invoqu\u00e9s et que l\u2019atteinte (le plus souvent \u00e0 la ...<\/p>                                <\/div>\n                                                                <div class=\"case-study-item weblex-article\">\n                                                                            <a href=\"https:\/\/www.altermes.fr\/en\/les-infos-du-jour\/licence-de-peche-europeenne-rester-actif-pour-conserver-ses-droits\/\">\n                                            <img decoding=\"async\" width=\"600\" height=\"400\" src=\"https:\/\/www.altermes.fr\/wp-content\/uploads\/2025\/12\/Shutterstock_licencereuropeennepeche.jpg\" class=\"attachment-custom-thumbnail size-custom-thumbnail wp-post-image\" alt=\"\" srcset=\"https:\/\/www.altermes.fr\/wp-content\/uploads\/2025\/12\/Shutterstock_licencereuropeennepeche.jpg 600w, https:\/\/www.altermes.fr\/wp-content\/uploads\/2025\/12\/Shutterstock_licencereuropeennepeche-480x320.jpg 480w\" sizes=\"(min-width: 0px) and (max-width: 480px) 480px, (min-width: 481px) 600px, 100vw\">                                        <\/a>\n                                                                        <a href=\"https:\/\/www.altermes.fr\/en\/les-infos-du-jour\/licence-de-peche-europeenne-rester-actif-pour-conserver-ses-droits\/\"><h3>Licence de p\u00eache europ\u00e9enne : rester actif pour conserver ses droits<\/h3><\/a>\n                                    <p class=\"use-case-category\"><a href=\"https:\/\/www.altermes.fr\/en\/weblex-importer-categories\/actualites\/\" rel=\"tag\">Actualit\u00e9s<\/a>, <a href=\"https:\/\/www.altermes.fr\/en\/weblex-importer-categories\/infos-juridiques\/\" rel=\"tag\">Infos juridiques<\/a><\/p>\n                                    <p class=\"edc-content\">Pour exercer une activit\u00e9 commerciale de p\u00eache, tout professionnel doit justifier d\u2019une licence de p\u00eache europ\u00e9enne. Une licence qui ne peut \u00eatre maintenue qu\u2019en justifiant d\u2019une activit\u00e9 ...<\/p>                                <\/div>\n                                                                <div class=\"case-study-item weblex-article\">\n                                                                            <a href=\"https:\/\/www.altermes.fr\/en\/les-infos-du-jour\/imputation-des-deficits-fiscaux-selon-un-ordre-precis\/\">\n                                            <img decoding=\"async\" width=\"600\" height=\"400\" src=\"https:\/\/www.altermes.fr\/wp-content\/uploads\/2025\/12\/Shutterstock_ordreimputationdeficits.jpg\" class=\"attachment-custom-thumbnail size-custom-thumbnail wp-post-image\" alt=\"\" srcset=\"https:\/\/www.altermes.fr\/wp-content\/uploads\/2025\/12\/Shutterstock_ordreimputationdeficits.jpg 600w, https:\/\/www.altermes.fr\/wp-content\/uploads\/2025\/12\/Shutterstock_ordreimputationdeficits-480x320.jpg 480w\" sizes=\"(min-width: 0px) and (max-width: 480px) 480px, (min-width: 481px) 600px, 100vw\">                                        <\/a>\n                                                                        <a href=\"https:\/\/www.altermes.fr\/en\/les-infos-du-jour\/imputation-des-deficits-fiscaux-selon-un-ordre-precis\/\"><h3>Imputation des d\u00e9ficits fiscaux : selon un ordre pr\u00e9cis ?<\/h3><\/a>\n                                    <p class=\"use-case-category\"><a href=\"https:\/\/www.altermes.fr\/en\/weblex-importer-categories\/actualites\/\" rel=\"tag\">Actualit\u00e9s<\/a>, <a href=\"https:\/\/www.altermes.fr\/en\/weblex-importer-categories\/infos-fiscales\/\" rel=\"tag\">Infos Fiscales<\/a><\/p>\n                                    <p class=\"edc-content\">Pour une entreprise soumise \u00e0 l\u2019imp\u00f4t sur les soci\u00e9t\u00e9s, les d\u00e9ficits fiscaux viennent s\u2019imputer sur les b\u00e9n\u00e9fices imposables au titre des exercices suivants de mani\u00e8re chronologique. L'ent...<\/p>                                <\/div>\n                                                                <div class=\"case-study-item weblex-article\">\n                                                                            <a href=\"https:\/\/www.altermes.fr\/en\/les-infos-du-jour\/activites-liees-aux-animaux-de-compagnie-une-reglementation-partiellement-decalee\/\">\n                                            <img decoding=\"async\" width=\"600\" height=\"400\" src=\"https:\/\/www.altermes.fr\/wp-content\/uploads\/2025\/12\/Shutterstock_reglesanimauxdomestiques.jpg\" class=\"attachment-custom-thumbnail size-custom-thumbnail wp-post-image\" alt=\"\" srcset=\"https:\/\/www.altermes.fr\/wp-content\/uploads\/2025\/12\/Shutterstock_reglesanimauxdomestiques.jpg 600w, https:\/\/www.altermes.fr\/wp-content\/uploads\/2025\/12\/Shutterstock_reglesanimauxdomestiques-480x320.jpg 480w\" sizes=\"(min-width: 0px) and (max-width: 480px) 480px, (min-width: 481px) 600px, 100vw\">                                        <\/a>\n                                                                        <a href=\"https:\/\/www.altermes.fr\/en\/les-infos-du-jour\/activites-liees-aux-animaux-de-compagnie-une-reglementation-partiellement-decalee\/\"><h3>Activit\u00e9s li\u00e9es aux animaux de compagnie : une r\u00e9glementation partiellement d\u00e9cal\u00e9e\u2026<\/h3><\/a>\n                                    <p class=\"use-case-category\"><a href=\"https:\/\/www.altermes.fr\/en\/weblex-importer-categories\/actualites\/\" rel=\"tag\">Actualit\u00e9s<\/a>, <a href=\"https:\/\/www.altermes.fr\/en\/weblex-importer-categories\/infos-juridiques\/\" rel=\"tag\">Infos juridiques<\/a><\/p>\n                                    <p class=\"edc-content\">Pour rappel, \u00e0 l\u2019\u00e9t\u00e9 2025, le Gouvernement a fix\u00e9 un cadre applicable aux activit\u00e9s en lien avec les animaux de compagnie d\u2019esp\u00e8ces domestiques qui traite des questions sanitaires et de bien...<\/p>                                <\/div>\n                                                                <div class=\"case-study-item weblex-article\">\n                                                                            <a href=\"https:\/\/www.altermes.fr\/en\/les-infos-du-jour\/paie-comment-gerer-la-reforme-des-cotisations-patronales-en-2026\/\">\n                                            <img decoding=\"async\" width=\"600\" height=\"400\" src=\"https:\/\/www.altermes.fr\/wp-content\/uploads\/2025\/12\/Shutterstock_declaDSNcotisations.jpg\" class=\"attachment-custom-thumbnail size-custom-thumbnail wp-post-image\" alt=\"\" srcset=\"https:\/\/www.altermes.fr\/wp-content\/uploads\/2025\/12\/Shutterstock_declaDSNcotisations.jpg 600w, https:\/\/www.altermes.fr\/wp-content\/uploads\/2025\/12\/Shutterstock_declaDSNcotisations-480x320.jpg 480w\" sizes=\"(min-width: 0px) and (max-width: 480px) 480px, (min-width: 481px) 600px, 100vw\">                                        <\/a>\n                                                                        <a href=\"https:\/\/www.altermes.fr\/en\/les-infos-du-jour\/paie-comment-gerer-la-reforme-des-cotisations-patronales-en-2026\/\"><h3>Paie : comment g\u00e9rer la r\u00e9forme des cotisations patronales en 2026 ?<\/h3><\/a>\n                                    <p class=\"use-case-category\"><a href=\"https:\/\/www.altermes.fr\/en\/weblex-importer-categories\/actualites\/\" rel=\"tag\">Actualit\u00e9s<\/a>, <a href=\"https:\/\/www.altermes.fr\/en\/weblex-importer-categories\/infos-sociales\/\" rel=\"tag\">Infos Sociales<\/a><\/p>\n                                    <p class=\"edc-content\">Initi\u00e9e par la loi de financement de la S\u00e9curit\u00e9 sociale pour 2025, la r\u00e9forme des all\u00e8gements g\u00e9n\u00e9raux de cotisations sociales patronales bouscule les r\u00e8gles de d\u00e9claration. Pour accompagner...<\/p>                                <\/div>\n                                                                <div class=\"case-study-item weblex-article\">\n                                                                            <a href=\"https:\/\/www.altermes.fr\/en\/les-infos-du-jour\/taxe-fonciere-nouvelle-hausse-en-vue\/\">\n                                            <img decoding=\"async\" width=\"600\" height=\"400\" src=\"https:\/\/www.altermes.fr\/wp-content\/uploads\/2025\/11\/Shutterstock_haussedetaxe.jpg\" class=\"attachment-custom-thumbnail size-custom-thumbnail wp-post-image\" alt=\"\" srcset=\"https:\/\/www.altermes.fr\/wp-content\/uploads\/2025\/11\/Shutterstock_haussedetaxe.jpg 600w, https:\/\/www.altermes.fr\/wp-content\/uploads\/2025\/11\/Shutterstock_haussedetaxe-480x320.jpg 480w\" sizes=\"(min-width: 0px) and (max-width: 480px) 480px, (min-width: 481px) 600px, 100vw\">                                        <\/a>\n                                                                        <a href=\"https:\/\/www.altermes.fr\/en\/les-infos-du-jour\/taxe-fonciere-nouvelle-hausse-en-vue\/\"><h3>Taxe fonci\u00e8re : nouvelle hausse en vue ?<\/h3><\/a>\n                                    <p class=\"use-case-category\"><a href=\"https:\/\/www.altermes.fr\/en\/weblex-importer-categories\/actualites\/\" rel=\"tag\">Actualit\u00e9s<\/a>, <a href=\"https:\/\/www.altermes.fr\/en\/weblex-importer-categories\/le-coin-du-dirigeant\/\" rel=\"tag\">Le coin du dirigeant<\/a><\/p>\n                                    <p class=\"edc-content\">Une vaste op\u00e9ration de r\u00e9\u00e9valuation des bases locatives pour le calcul de la taxe fonci\u00e8re est engag\u00e9e, ce qui pourrait entra\u00eener une augmentation de cette taxe pour plusieurs millions de propri...<\/p>                                <\/div>\n                                                                <div class=\"case-study-item weblex-article\">\n                                                                            <a href=\"https:\/\/www.altermes.fr\/en\/les-infos-du-jour\/reception-de-vehicule-importe-nouveau-modus-operandi\/\">\n                                            <img decoding=\"async\" width=\"600\" height=\"400\" src=\"https:\/\/www.altermes.fr\/wp-content\/uploads\/2025\/11\/Shutterstock_receptionvehicules.jpg\" class=\"attachment-custom-thumbnail size-custom-thumbnail wp-post-image\" alt=\"\" srcset=\"https:\/\/www.altermes.fr\/wp-content\/uploads\/2025\/11\/Shutterstock_receptionvehicules.jpg 600w, https:\/\/www.altermes.fr\/wp-content\/uploads\/2025\/11\/Shutterstock_receptionvehicules-480x320.jpg 480w\" sizes=\"(min-width: 0px) and (max-width: 480px) 480px, (min-width: 481px) 600px, 100vw\">                                        <\/a>\n                                                                        <a href=\"https:\/\/www.altermes.fr\/en\/les-infos-du-jour\/reception-de-vehicule-importe-nouveau-modus-operandi\/\"><h3>R\u00e9ception de v\u00e9hicule import\u00e9 : nouveau modus operandi<\/h3><\/a>\n                                    <p class=\"use-case-category\"><a href=\"https:\/\/www.altermes.fr\/en\/weblex-importer-categories\/actualites\/\" rel=\"tag\">Actualit\u00e9s<\/a>, <a href=\"https:\/\/www.altermes.fr\/en\/weblex-importer-categories\/infos-juridiques\/\" rel=\"tag\">Infos juridiques<\/a><\/p>\n                                    <p class=\"edc-content\">Avant qu\u2019un v\u00e9hicule puisse \u00eatre immatricul\u00e9, il doit faire l\u2019objet d\u2019une r\u00e9ception, \u00e9galement appel\u00e9e homologation. Il vient d\u2019\u00eatre pr\u00e9cis\u00e9 \u00e0 ce sujet que certains v\u00e9hicules import...<\/p>                                <\/div>\n                                                                <div class=\"case-study-item weblex-article\">\n                                                                            <a href=\"https:\/\/www.altermes.fr\/en\/les-infos-du-jour\/navires-quelques-precisions-en-matiere-dinstallation-de-sanitaires\/\">\n                                            <img decoding=\"async\" width=\"600\" height=\"400\" src=\"https:\/\/www.altermes.fr\/wp-content\/uploads\/2025\/11\/Shutterstock_equipementshygienenavires.jpg\" class=\"attachment-custom-thumbnail size-custom-thumbnail wp-post-image\" alt=\"\" srcset=\"https:\/\/www.altermes.fr\/wp-content\/uploads\/2025\/11\/Shutterstock_equipementshygienenavires.jpg 600w, https:\/\/www.altermes.fr\/wp-content\/uploads\/2025\/11\/Shutterstock_equipementshygienenavires-480x320.jpg 480w\" sizes=\"(min-width: 0px) and (max-width: 480px) 480px, (min-width: 481px) 600px, 100vw\">                                        <\/a>\n                                                                        <a href=\"https:\/\/www.altermes.fr\/en\/les-infos-du-jour\/navires-quelques-precisions-en-matiere-dinstallation-de-sanitaires\/\"><h3>Navires : quelques pr\u00e9cisions en mati\u00e8re d\u2019installation de sanitaires\u2026<\/h3><\/a>\n                                    <p class=\"use-case-category\"><a href=\"https:\/\/www.altermes.fr\/en\/weblex-importer-categories\/actualites\/\" rel=\"tag\">Actualit\u00e9s<\/a>, <a href=\"https:\/\/www.altermes.fr\/en\/weblex-importer-categories\/infos-juridiques\/\" rel=\"tag\">Infos juridiques<\/a><\/p>\n                                    <p class=\"edc-content\">Les navires sont soumis \u00e0 diverses r\u00e8gles visant les questions de s\u00e9curit\u00e9 et de pr\u00e9vention de la pollution. Ces normes traitent \u00e9galement de l\u2019habitabilit\u00e9 des bateaux, en fonction de leur t...<\/p>                                <\/div>\n                                                                <div class=\"case-study-item weblex-article\">\n                                                                            <a href=\"https:\/\/www.altermes.fr\/en\/les-infos-du-jour\/asc-du-cse-bientot-la-fin-de-la-tolerance-pour-le-critere-danciennete\/\">\n                                            <img decoding=\"async\" width=\"600\" height=\"400\" src=\"https:\/\/www.altermes.fr\/wp-content\/uploads\/2025\/11\/Shutterstock_ascducse.jpg\" class=\"attachment-custom-thumbnail size-custom-thumbnail wp-post-image\" alt=\"\" srcset=\"https:\/\/www.altermes.fr\/wp-content\/uploads\/2025\/11\/Shutterstock_ascducse.jpg 600w, https:\/\/www.altermes.fr\/wp-content\/uploads\/2025\/11\/Shutterstock_ascducse-480x320.jpg 480w\" sizes=\"(min-width: 0px) and (max-width: 480px) 480px, (min-width: 481px) 600px, 100vw\">                                        <\/a>\n                                                                        <a href=\"https:\/\/www.altermes.fr\/en\/les-infos-du-jour\/asc-du-cse-bientot-la-fin-de-la-tolerance-pour-le-critere-danciennete\/\"><h3>ASC du CSE : bient\u00f4t la fin de la tol\u00e9rance pour le crit\u00e8re d\u2019anciennet\u00e9 !<\/h3><\/a>\n                                    <p class=\"use-case-category\"><a href=\"https:\/\/www.altermes.fr\/en\/weblex-importer-categories\/actualites\/\" rel=\"tag\">Actualit\u00e9s<\/a>, <a href=\"https:\/\/www.altermes.fr\/en\/weblex-importer-categories\/infos-sociales\/\" rel=\"tag\">Infos Sociales<\/a><\/p>\n                                    <p class=\"edc-content\">Les CSE doivent, tr\u00e8s bient\u00f4t, revoir leurs crit\u00e8res d\u2019attribution des aides aux activit\u00e9s sociales et culturelles (ASC) pour \u00e9liminer toute r\u00e9f\u00e9rence \u00e0 l\u2019anciennet\u00e9 du salari\u00e9, faute de...<\/p>                                <\/div>\n                                                                <div class=\"case-study-item weblex-article\">\n                                                                            <a href=\"https:\/\/www.altermes.fr\/en\/les-infos-du-jour\/tva-quel-taux-pour-les-ventes-successives-de-produits-alimentaires-prepares\/\">\n                                            <img decoding=\"async\" width=\"600\" height=\"400\" src=\"https:\/\/www.altermes.fr\/wp-content\/uploads\/2025\/11\/Shutterstock_TVAventecascade.jpg\" class=\"attachment-custom-thumbnail size-custom-thumbnail wp-post-image\" alt=\"\" srcset=\"https:\/\/www.altermes.fr\/wp-content\/uploads\/2025\/11\/Shutterstock_TVAventecascade.jpg 600w, https:\/\/www.altermes.fr\/wp-content\/uploads\/2025\/11\/Shutterstock_TVAventecascade-480x320.jpg 480w\" sizes=\"(min-width: 0px) and (max-width: 480px) 480px, (min-width: 481px) 600px, 100vw\">                                        <\/a>\n                                                                        <a href=\"https:\/\/www.altermes.fr\/en\/les-infos-du-jour\/tva-quel-taux-pour-les-ventes-successives-de-produits-alimentaires-prepares\/\"><h3>TVA : quel taux pour les ventes successives de produits alimentaires pr\u00e9par\u00e9s ?<\/h3><\/a>\n                                    <p class=\"use-case-category\"><a href=\"https:\/\/www.altermes.fr\/en\/weblex-importer-categories\/actualites\/\" rel=\"tag\">Actualit\u00e9s<\/a>, <a href=\"https:\/\/www.altermes.fr\/en\/weblex-importer-categories\/infos-fiscales\/\" rel=\"tag\">Infos Fiscales<\/a><\/p>\n                                    <p class=\"edc-content\">Des pr\u00e9cisions importantes viennent d\u2019\u00eatre apport\u00e9es pour les professionnels commercialisant des produits alimentaires pr\u00e9par\u00e9s via des cha\u00eenes de distribution complexes. Une clarification bie...<\/p>                                <\/div>\n                                                                <div class=\"case-study-item weblex-article\">\n                                                                            <a href=\"https:\/\/www.altermes.fr\/en\/les-infos-du-jour\/code-de-procedure-penale-une-revue-de-forme\/\">\n                                            <img decoding=\"async\" width=\"600\" height=\"400\" src=\"https:\/\/www.altermes.fr\/wp-content\/uploads\/2025\/11\/Shutterstock_reecriturecpp.jpg\" class=\"attachment-custom-thumbnail size-custom-thumbnail wp-post-image\" alt=\"\" srcset=\"https:\/\/www.altermes.fr\/wp-content\/uploads\/2025\/11\/Shutterstock_reecriturecpp.jpg 600w, https:\/\/www.altermes.fr\/wp-content\/uploads\/2025\/11\/Shutterstock_reecriturecpp-480x320.jpg 480w\" sizes=\"(min-width: 0px) and (max-width: 480px) 480px, (min-width: 481px) 600px, 100vw\">                                        <\/a>\n                                                                        <a href=\"https:\/\/www.altermes.fr\/en\/les-infos-du-jour\/code-de-procedure-penale-une-revue-de-forme\/\"><h3>Code de proc\u00e9dure p\u00e9nale : une revue de forme<\/h3><\/a>\n                                    <p class=\"use-case-category\"><a href=\"https:\/\/www.altermes.fr\/en\/weblex-importer-categories\/actualites\/\" rel=\"tag\">Actualit\u00e9s<\/a>, <a href=\"https:\/\/www.altermes.fr\/en\/weblex-importer-categories\/infos-juridiques\/\" rel=\"tag\">Infos juridiques<\/a><\/p>\n                                    <p class=\"edc-content\">Cr\u00e9\u00e9 en 1958, le Code de proc\u00e9dure p\u00e9nale a depuis connu de nombreux ajouts et modifications qui ont, au fil des ans, nui \u00e0 sa lisibilit\u00e9. Une refonte en est propos\u00e9e afin de le rendre plus acc...<\/p>                                <\/div>\n                                                                <div class=\"case-study-item weblex-article\">\n                                                                            <a href=\"https:\/\/www.altermes.fr\/en\/les-infos-du-jour\/icpe-nouvelles-installations-pour-les-chais\/\">\n                                            <img decoding=\"async\" width=\"600\" height=\"400\" src=\"https:\/\/www.altermes.fr\/wp-content\/uploads\/2025\/11\/Shutterstock_chaisICPE.jpg\" class=\"attachment-custom-thumbnail size-custom-thumbnail wp-post-image\" alt=\"\" srcset=\"https:\/\/www.altermes.fr\/wp-content\/uploads\/2025\/11\/Shutterstock_chaisICPE.jpg 600w, https:\/\/www.altermes.fr\/wp-content\/uploads\/2025\/11\/Shutterstock_chaisICPE-480x320.jpg 480w\" sizes=\"(min-width: 0px) and (max-width: 480px) 480px, (min-width: 481px) 600px, 100vw\">                                        <\/a>\n                                                                        <a href=\"https:\/\/www.altermes.fr\/en\/les-infos-du-jour\/icpe-nouvelles-installations-pour-les-chais\/\"><h3>ICPE : nouvelles installations pour les chais<\/h3><\/a>\n                                    <p class=\"use-case-category\"><a href=\"https:\/\/www.altermes.fr\/en\/weblex-importer-categories\/actualites\/\" rel=\"tag\">Actualit\u00e9s<\/a>, <a href=\"https:\/\/www.altermes.fr\/en\/weblex-importer-categories\/infos-juridiques\/\" rel=\"tag\">Infos juridiques<\/a><\/p>\n                                    <p class=\"edc-content\">Les installations class\u00e9es pour la protection de l\u2019environnement (ICPE) sont des installations soumises \u00e0 certaines obligations de s\u00e9curit\u00e9 du fait des risques d\u2019incidents inh\u00e9rents \u00e0 leur a...<\/p>                                <\/div>\n                                                                <div class=\"case-study-item weblex-article\">\n                                                                            <a href=\"https:\/\/www.altermes.fr\/en\/les-infos-du-jour\/retraite-des-professions-liberales-des-evolutions\/\">\n                                            <img decoding=\"async\" width=\"600\" height=\"400\" src=\"https:\/\/www.altermes.fr\/wp-content\/uploads\/2025\/11\/Shutterstock_retraiteprofessionsliberales.jpg\" class=\"attachment-custom-thumbnail size-custom-thumbnail wp-post-image\" alt=\"\" srcset=\"https:\/\/www.altermes.fr\/wp-content\/uploads\/2025\/11\/Shutterstock_retraiteprofessionsliberales.jpg 600w, https:\/\/www.altermes.fr\/wp-content\/uploads\/2025\/11\/Shutterstock_retraiteprofessionsliberales-480x320.jpg 480w\" sizes=\"(min-width: 0px) and (max-width: 480px) 480px, (min-width: 481px) 600px, 100vw\">                                        <\/a>\n                                                                        <a href=\"https:\/\/www.altermes.fr\/en\/les-infos-du-jour\/retraite-des-professions-liberales-des-evolutions\/\"><h3>Retraite des professions lib\u00e9rales : des \u00e9volutions !<\/h3><\/a>\n                                    <p class=\"use-case-category\"><a href=\"https:\/\/www.altermes.fr\/en\/weblex-importer-categories\/actualites\/\" rel=\"tag\">Actualit\u00e9s<\/a>, <a href=\"https:\/\/www.altermes.fr\/en\/weblex-importer-categories\/infos-sociales\/\" rel=\"tag\">Infos Sociales<\/a><\/p>\n                                    <p class=\"edc-content\">Pour parachever la r\u00e9forme de l\u2019assiette sociale des travailleurs ind\u00e9pendants \u2013 \u00e0 l\u2019exception des auto-entrepreneurs \u2013, une mise \u00e0 jour r\u00e9cente de plusieurs param\u00e8tres des r\u00e9gimes de r...<\/p>                                <\/div>\n                                                                <div class=\"case-study-item weblex-article\">\n                                                                            <a href=\"https:\/\/www.altermes.fr\/en\/les-infos-du-jour\/rapports-sur-la-durabilite-et-devoir-de-vigilance-csrd-et-cs3d-un-allegement-a-venir\/\">\n                                            <img decoding=\"async\" width=\"600\" height=\"400\" src=\"https:\/\/www.altermes.fr\/wp-content\/uploads\/2025\/11\/Shutterstock_allegrementCSRD.jpg\" class=\"attachment-custom-thumbnail size-custom-thumbnail wp-post-image\" alt=\"\" srcset=\"https:\/\/www.altermes.fr\/wp-content\/uploads\/2025\/11\/Shutterstock_allegrementCSRD.jpg 600w, https:\/\/www.altermes.fr\/wp-content\/uploads\/2025\/11\/Shutterstock_allegrementCSRD-480x320.jpg 480w\" sizes=\"(min-width: 0px) and (max-width: 480px) 480px, (min-width: 481px) 600px, 100vw\">                                        <\/a>\n                                                                        <a href=\"https:\/\/www.altermes.fr\/en\/les-infos-du-jour\/rapports-sur-la-durabilite-et-devoir-de-vigilance-csrd-et-cs3d-un-allegement-a-venir\/\"><h3>Rapports sur la durabilit\u00e9 et devoir de vigilance (CSRD et CS3D) : un all\u00e8gement \u00e0 venir ?<\/h3><\/a>\n                                    <p class=\"use-case-category\"><a href=\"https:\/\/www.altermes.fr\/en\/weblex-importer-categories\/actualites\/\" rel=\"tag\">Actualit\u00e9s<\/a>, <a href=\"https:\/\/www.altermes.fr\/en\/weblex-importer-categories\/infos-juridiques\/\" rel=\"tag\">Infos juridiques<\/a><\/p>\n                                    <p class=\"edc-content\">Un projet de simplification des obligations relatives aux rapports sur la durabilit\u00e9 et le devoir de vigilance mises \u00e0 la charge des entreprises est actuellement en discussion au sein des institutio...<\/p>                                <\/div>\n                                                                <div class=\"case-study-item weblex-article\">\n                                                                            <a href=\"https:\/\/www.altermes.fr\/en\/les-infos-du-jour\/direction-des-grandes-entreprises-des-competences-etendues\/\">\n                                            <img decoding=\"async\" width=\"600\" height=\"400\" src=\"https:\/\/www.altermes.fr\/wp-content\/uploads\/2025\/11\/Shutterstock_dge.jpg\" class=\"attachment-custom-thumbnail size-custom-thumbnail wp-post-image\" alt=\"\" srcset=\"https:\/\/www.altermes.fr\/wp-content\/uploads\/2025\/11\/Shutterstock_dge.jpg 600w, https:\/\/www.altermes.fr\/wp-content\/uploads\/2025\/11\/Shutterstock_dge-480x320.jpg 480w\" sizes=\"(min-width: 0px) and (max-width: 480px) 480px, (min-width: 481px) 600px, 100vw\">                                        <\/a>\n                                                                        <a href=\"https:\/\/www.altermes.fr\/en\/les-infos-du-jour\/direction-des-grandes-entreprises-des-competences-etendues\/\"><h3>Direction des grandes entreprises : des comp\u00e9tences \u00e9tendues<\/h3><\/a>\n                                    <p class=\"use-case-category\"><a href=\"https:\/\/www.altermes.fr\/en\/weblex-importer-categories\/actualites\/\" rel=\"tag\">Actualit\u00e9s<\/a>, <a href=\"https:\/\/www.altermes.fr\/en\/weblex-importer-categories\/infos-fiscales\/\" rel=\"tag\">Infos Fiscales<\/a><\/p>\n                                    <p class=\"edc-content\">Le service charg\u00e9 des grandes entreprises (DGE) de la Direction g\u00e9n\u00e9rale des Finances publiques (DGFIP) se voit encore confier de nouvelles comp\u00e9tences : lesquelles ?DGE : le point sur ses comp\u00e9t...<\/p>                                <\/div>\n                                                                <div class=\"case-study-item weblex-article\">\n                                                                            <a href=\"https:\/\/www.altermes.fr\/en\/les-infos-du-jour\/nouveaute-pour-les-dpe-une-bonne-nouvelle-pour-le-chauffage-electrique\/\">\n                                            <img decoding=\"async\" width=\"600\" height=\"400\" src=\"https:\/\/www.altermes.fr\/wp-content\/uploads\/2025\/11\/Shutterstock_pacdpefacteurconversion.jpg\" class=\"attachment-custom-thumbnail size-custom-thumbnail wp-post-image\" alt=\"\" srcset=\"https:\/\/www.altermes.fr\/wp-content\/uploads\/2025\/11\/Shutterstock_pacdpefacteurconversion.jpg 600w, https:\/\/www.altermes.fr\/wp-content\/uploads\/2025\/11\/Shutterstock_pacdpefacteurconversion-480x320.jpg 480w\" sizes=\"(min-width: 0px) and (max-width: 480px) 480px, (min-width: 481px) 600px, 100vw\">                                        <\/a>\n                                                                        <a href=\"https:\/\/www.altermes.fr\/en\/les-infos-du-jour\/nouveaute-pour-les-dpe-une-bonne-nouvelle-pour-le-chauffage-electrique\/\"><h3>Nouveaut\u00e9 pour les DPE : une bonne nouvelle pour le chauffage \u00e9lectrique !<\/h3><\/a>\n                                    <p class=\"use-case-category\"><a href=\"https:\/\/www.altermes.fr\/en\/weblex-importer-categories\/actualites\/\" rel=\"tag\">Actualit\u00e9s<\/a>, <a href=\"https:\/\/www.altermes.fr\/en\/weblex-importer-categories\/infos-juridiques\/\" rel=\"tag\">Infos juridiques<\/a><\/p>\n                                    <p class=\"edc-content\">\u00c0 partir du 1er janvier 2026, le chauffage \u00e9lectrique sera mieux not\u00e9 dans les diagnostics de performance \u00e9nerg\u00e9tique (DPE) et les audits \u00e9nerg\u00e9tiques. Un ajustement du calcul qui sortira un ce...<\/p>                                <\/div>\n                                                                <div class=\"case-study-item weblex-article\">\n                                                                            <a href=\"https:\/\/www.altermes.fr\/en\/les-infos-du-jour\/maison-de-sante-pluriprofessionnelle-qui-peut-y-exercer\/\">\n                                            <img decoding=\"async\" width=\"600\" height=\"400\" src=\"https:\/\/www.altermes.fr\/wp-content\/uploads\/2025\/11\/Shutterstock_maisondesante.jpg\" class=\"attachment-custom-thumbnail size-custom-thumbnail wp-post-image\" alt=\"\" srcset=\"https:\/\/www.altermes.fr\/wp-content\/uploads\/2025\/11\/Shutterstock_maisondesante.jpg 600w, https:\/\/www.altermes.fr\/wp-content\/uploads\/2025\/11\/Shutterstock_maisondesante-480x320.jpg 480w\" sizes=\"(min-width: 0px) and (max-width: 480px) 480px, (min-width: 481px) 600px, 100vw\">                                        <\/a>\n                                                                        <a href=\"https:\/\/www.altermes.fr\/en\/les-infos-du-jour\/maison-de-sante-pluriprofessionnelle-qui-peut-y-exercer\/\"><h3>Maison de sant\u00e9 pluriprofessionnelle : qui peut y exercer ?<\/h3><\/a>\n                                    <p class=\"use-case-category\"><a href=\"https:\/\/www.altermes.fr\/en\/weblex-importer-categories\/actualites\/\" rel=\"tag\">Actualit\u00e9s<\/a>, <a href=\"https:\/\/www.altermes.fr\/en\/weblex-importer-categories\/infos-juridiques\/\" rel=\"tag\">Infos juridiques<\/a><\/p>\n                                    <p class=\"edc-content\">Les professionnels de sant\u00e9 peuvent se r\u00e9unir au sein de maisons de sant\u00e9 pluriprofessionnelles afin de mettre en commun certains moyens utiles \u00e0 leurs activit\u00e9s. Mais quels sont les \u00ab professio...<\/p>                                <\/div>\n                                                                <div class=\"case-study-item weblex-article\">\n                                                                            <a href=\"https:\/\/www.altermes.fr\/en\/les-infos-du-jour\/artistes-auteurs-les-demarches-2026-sont-ouvertes\/\">\n                                            <img decoding=\"async\" width=\"600\" height=\"400\" src=\"https:\/\/www.altermes.fr\/wp-content\/uploads\/2025\/11\/Shutterstock_precomptecotisationsursaff.jpg\" class=\"attachment-custom-thumbnail size-custom-thumbnail wp-post-image\" alt=\"\" srcset=\"https:\/\/www.altermes.fr\/wp-content\/uploads\/2025\/11\/Shutterstock_precomptecotisationsursaff.jpg 600w, https:\/\/www.altermes.fr\/wp-content\/uploads\/2025\/11\/Shutterstock_precomptecotisationsursaff-480x320.jpg 480w\" sizes=\"(min-width: 0px) and (max-width: 480px) 480px, (min-width: 481px) 600px, 100vw\">                                        <\/a>\n                                                                        <a href=\"https:\/\/www.altermes.fr\/en\/les-infos-du-jour\/artistes-auteurs-les-demarches-2026-sont-ouvertes\/\"><h3>Artistes-auteurs : les d\u00e9marches 2026 sont ouvertes<\/h3><\/a>\n                                    <p class=\"use-case-category\"><a href=\"https:\/\/www.altermes.fr\/en\/weblex-importer-categories\/actualites\/\" rel=\"tag\">Actualit\u00e9s<\/a>, <a href=\"https:\/\/www.altermes.fr\/en\/weblex-importer-categories\/infos-sociales\/\" rel=\"tag\">Infos Sociales<\/a><\/p>\n                                    <p class=\"edc-content\">D\u00e8s le 1er d\u00e9cembre 2025, les artistes-auteurs doivent r\u00e9cup\u00e9rer leur dispense de pr\u00e9compte et consulter leur calendrier pr\u00e9visionnel de cotisations 2026. La modulation pour ajuster les cotisati...<\/p>                                <\/div>\n                                                                <div class=\"case-study-item weblex-article\">\n                                                                            <a href=\"https:\/\/www.altermes.fr\/en\/les-infos-du-jour\/assures-volontaires-une-nouveaute-a-connaitre\/\">\n                                            <img decoding=\"async\" width=\"600\" height=\"400\" src=\"https:\/\/www.altermes.fr\/wp-content\/uploads\/2025\/11\/Shutterstock_evolutionassurevolontaire.jpg\" class=\"attachment-custom-thumbnail size-custom-thumbnail wp-post-image\" alt=\"\" srcset=\"https:\/\/www.altermes.fr\/wp-content\/uploads\/2025\/11\/Shutterstock_evolutionassurevolontaire.jpg 600w, https:\/\/www.altermes.fr\/wp-content\/uploads\/2025\/11\/Shutterstock_evolutionassurevolontaire-480x320.jpg 480w\" sizes=\"(min-width: 0px) and (max-width: 480px) 480px, (min-width: 481px) 600px, 100vw\">                                        <\/a>\n                                                                        <a href=\"https:\/\/www.altermes.fr\/en\/les-infos-du-jour\/assures-volontaires-une-nouveaute-a-connaitre\/\"><h3>Assur\u00e9s volontaires : une nouveaut\u00e9 \u00e0 conna\u00eetre<\/h3><\/a>\n                                    <p class=\"use-case-category\"><a href=\"https:\/\/www.altermes.fr\/en\/weblex-importer-categories\/actualites\/\" rel=\"tag\">Actualit\u00e9s<\/a>, <a href=\"https:\/\/www.altermes.fr\/en\/weblex-importer-categories\/le-coin-du-dirigeant\/\" rel=\"tag\">Le coin du dirigeant<\/a><\/p>\n                                    <p class=\"edc-content\">\u00c0 compter du 1er d\u00e9cembre 2025, les assur\u00e9s volontaires n\u2019auront plus qu\u2019un seul interlocuteur pour leurs cotisations : l\u2019Urssaf Picardie. Ce transfert de gestion, pens\u00e9 pour simplifier les ...<\/p>                                <\/div>\n                                                                <div class=\"case-study-item weblex-article\">\n                                                                            <a href=\"https:\/\/www.altermes.fr\/en\/les-infos-du-jour\/infections-nosocomiales-qui-doit-indemniser\/\">\n                                            <img decoding=\"async\" width=\"600\" height=\"400\" src=\"https:\/\/www.altermes.fr\/wp-content\/uploads\/2025\/11\/Shutterstock_hopitalindemnisationoniam.jpg\" class=\"attachment-custom-thumbnail size-custom-thumbnail wp-post-image\" alt=\"\" srcset=\"https:\/\/www.altermes.fr\/wp-content\/uploads\/2025\/11\/Shutterstock_hopitalindemnisationoniam.jpg 600w, https:\/\/www.altermes.fr\/wp-content\/uploads\/2025\/11\/Shutterstock_hopitalindemnisationoniam-480x320.jpg 480w\" sizes=\"(min-width: 0px) and (max-width: 480px) 480px, (min-width: 481px) 600px, 100vw\">                                        <\/a>\n                                                                        <a href=\"https:\/\/www.altermes.fr\/en\/les-infos-du-jour\/infections-nosocomiales-qui-doit-indemniser\/\"><h3>Infections nosocomiales : qui doit indemniser ?<\/h3><\/a>\n                                    <p class=\"use-case-category\"><a href=\"https:\/\/www.altermes.fr\/en\/weblex-importer-categories\/actualites\/\" rel=\"tag\">Actualit\u00e9s<\/a>, <a href=\"https:\/\/www.altermes.fr\/en\/weblex-importer-categories\/infos-juridiques\/\" rel=\"tag\">Infos juridiques<\/a><\/p>\n                                    <p class=\"edc-content\">Il existe diff\u00e9rents dispositifs pour indemniser les patients et les familles des dommages qui r\u00e9sultent des infections nosocomiales. En fonction de la gravit\u00e9 des cons\u00e9quences subies, l\u2019indemni...<\/p>                                <\/div>\n                                                                <div class=\"case-study-item weblex-article\">\n                                                                            <a href=\"https:\/\/www.altermes.fr\/en\/les-infos-du-jour\/dematerialisation-de-la-procedure-denregistrement-de-nouveaux-rebondissements\/\">\n                                            <img decoding=\"async\" width=\"600\" height=\"400\" src=\"https:\/\/www.altermes.fr\/wp-content\/uploads\/2025\/11\/Shutterstock_dematerialisationdroits.jpg\" class=\"attachment-custom-thumbnail size-custom-thumbnail wp-post-image\" alt=\"\" srcset=\"https:\/\/www.altermes.fr\/wp-content\/uploads\/2025\/11\/Shutterstock_dematerialisationdroits.jpg 600w, https:\/\/www.altermes.fr\/wp-content\/uploads\/2025\/11\/Shutterstock_dematerialisationdroits-480x320.jpg 480w\" sizes=\"(min-width: 0px) and (max-width: 480px) 480px, (min-width: 481px) 600px, 100vw\">                                        <\/a>\n                                                                        <a href=\"https:\/\/www.altermes.fr\/en\/les-infos-du-jour\/dematerialisation-de-la-procedure-denregistrement-de-nouveaux-rebondissements\/\"><h3>D\u00e9mat\u00e9rialisation de la proc\u00e9dure d\u2019enregistrement : de nouveaux rebondissements !<\/h3><\/a>\n                                    <p class=\"use-case-category\"><a href=\"https:\/\/www.altermes.fr\/en\/weblex-importer-categories\/actualites\/\" rel=\"tag\">Actualit\u00e9s<\/a>, <a href=\"https:\/\/www.altermes.fr\/en\/weblex-importer-categories\/le-coin-du-dirigeant\/\" rel=\"tag\">Le coin du dirigeant<\/a><\/p>\n                                    <p class=\"edc-content\">Initialement pr\u00e9vue au plus tard le 1er juillet 2025, l\u2019obligation de d\u00e9clarer (et de payer) par voie d\u00e9mat\u00e9rialis\u00e9e les dons manuels, les successions ou encore les cessions de droits sociaux a...<\/p>                                <\/div>\n                                                                <div class=\"case-study-item weblex-article\">\n                                                                            <a href=\"https:\/\/www.altermes.fr\/en\/les-infos-du-jour\/contribution-sur-les-hauts-revenus-un-simulateur-a-votre-disposition\/\">\n                                            <img decoding=\"async\" width=\"600\" height=\"400\" src=\"https:\/\/www.altermes.fr\/wp-content\/uploads\/2025\/11\/Shutterstock_simulateurCDHR.jpg\" class=\"attachment-custom-thumbnail size-custom-thumbnail wp-post-image\" alt=\"\" srcset=\"https:\/\/www.altermes.fr\/wp-content\/uploads\/2025\/11\/Shutterstock_simulateurCDHR.jpg 600w, https:\/\/www.altermes.fr\/wp-content\/uploads\/2025\/11\/Shutterstock_simulateurCDHR-480x320.jpg 480w\" sizes=\"(min-width: 0px) and (max-width: 480px) 480px, (min-width: 481px) 600px, 100vw\">                                        <\/a>\n                                                                        <a href=\"https:\/\/www.altermes.fr\/en\/les-infos-du-jour\/contribution-sur-les-hauts-revenus-un-simulateur-a-votre-disposition\/\"><h3>Contribution sur les hauts revenus : un simulateur \u00e0 votre disposition<\/h3><\/a>\n                                    <p class=\"use-case-category\"><a href=\"https:\/\/www.altermes.fr\/en\/weblex-importer-categories\/actualites\/\" rel=\"tag\">Actualit\u00e9s<\/a>, <a href=\"https:\/\/www.altermes.fr\/en\/weblex-importer-categories\/le-coin-du-dirigeant\/\" rel=\"tag\">Le coin du dirigeant<\/a><\/p>\n                                    <p class=\"edc-content\">La nouvelle contribution visant \u00e0 garantir un taux d\u2019imposition minimal de 20 % pour les plus hauts revenus entre en sc\u00e8ne. D\u00e8s d\u00e9cembre 2025, les foyers dont le revenu fiscal de r\u00e9f\u00e9rence d\u00e9...<\/p>                                <\/div>\n                                                                <div class=\"case-study-item weblex-article\">\n                                                                            <a href=\"https:\/\/www.altermes.fr\/en\/les-infos-du-jour\/commerce-de-proximite-quelles-mesures-pour-soutenir-les-centres-villes\/\">\n                                            <img decoding=\"async\" width=\"600\" height=\"400\" src=\"https:\/\/www.altermes.fr\/wp-content\/uploads\/2025\/11\/Shutterstock_redynamiserlescentresvilles.jpg\" class=\"attachment-custom-thumbnail size-custom-thumbnail wp-post-image\" alt=\"\" srcset=\"https:\/\/www.altermes.fr\/wp-content\/uploads\/2025\/11\/Shutterstock_redynamiserlescentresvilles.jpg 600w, https:\/\/www.altermes.fr\/wp-content\/uploads\/2025\/11\/Shutterstock_redynamiserlescentresvilles-480x320.jpg 480w\" sizes=\"(min-width: 0px) and (max-width: 480px) 480px, (min-width: 481px) 600px, 100vw\">                                        <\/a>\n                                                                        <a href=\"https:\/\/www.altermes.fr\/en\/les-infos-du-jour\/commerce-de-proximite-quelles-mesures-pour-soutenir-les-centres-villes\/\"><h3>Commerce de proximit\u00e9 : quelles mesures pour soutenir les centres-villes ?<\/h3><\/a>\n                                    <p class=\"use-case-category\"><a href=\"https:\/\/www.altermes.fr\/en\/weblex-importer-categories\/actualites\/\" rel=\"tag\">Actualit\u00e9s<\/a>, <a href=\"https:\/\/www.altermes.fr\/en\/weblex-importer-categories\/infos-juridiques\/\" rel=\"tag\">Infos juridiques<\/a><\/p>\n                                    <p class=\"edc-content\">Boulangeries, bureaux de tabacs, sup\u00e9rettes, fleuristes, pharmacies, etc. Depuis plusieurs ann\u00e9es, les commerces d\u00e9sertent les centres-villes. Afin d\u2019inverser la tendance, le Gouvernement a d\u00e9vo...<\/p>                                <\/div>\n                                                                <div class=\"case-study-item weblex-article\">\n                                                                            <a href=\"https:\/\/www.altermes.fr\/en\/les-infos-du-jour\/gestion-locative-revalorisation-de-certains-honoraires\/\">\n                                            <img decoding=\"async\" width=\"600\" height=\"400\" src=\"https:\/\/www.altermes.fr\/wp-content\/uploads\/2025\/11\/Shutterstock_revalorisationhonorairesagence.jpg\" class=\"attachment-custom-thumbnail size-custom-thumbnail wp-post-image\" alt=\"\" srcset=\"https:\/\/www.altermes.fr\/wp-content\/uploads\/2025\/11\/Shutterstock_revalorisationhonorairesagence.jpg 600w, https:\/\/www.altermes.fr\/wp-content\/uploads\/2025\/11\/Shutterstock_revalorisationhonorairesagence-480x320.jpg 480w\" sizes=\"(min-width: 0px) and (max-width: 480px) 480px, (min-width: 481px) 600px, 100vw\">                                        <\/a>\n                                                                        <a href=\"https:\/\/www.altermes.fr\/en\/les-infos-du-jour\/gestion-locative-revalorisation-de-certains-honoraires\/\"><h3>Gestion locative : revalorisation de certains honoraires<\/h3><\/a>\n                                    <p class=\"use-case-category\"><a href=\"https:\/\/www.altermes.fr\/en\/weblex-importer-categories\/actualites\/\" rel=\"tag\">Actualit\u00e9s<\/a>, <a href=\"https:\/\/www.altermes.fr\/en\/weblex-importer-categories\/infos-juridiques\/\" rel=\"tag\">Infos juridiques<\/a><\/p>\n                                    <p class=\"edc-content\">Lors de la signature d\u2019un nouveau bail, l\u2019organisme charg\u00e9 de la gestion locative peut mettre \u00e0 la charge du nouveau locataire des honoraires de mise en location. Des honoraires soumis \u00e0 un pla...<\/p>                                <\/div>\n                                                                <div class=\"case-study-item weblex-article\">\n                                                                            <a href=\"https:\/\/www.altermes.fr\/en\/les-infos-du-jour\/clause-de-preciput-et-droit-de-partage-fin-de-la-saga-judiciaire\/\">\n                                            <img decoding=\"async\" width=\"600\" height=\"400\" src=\"https:\/\/www.altermes.fr\/wp-content\/uploads\/2025\/11\/Shutterstock_clausepreciput2028129.jpg\" class=\"attachment-custom-thumbnail size-custom-thumbnail wp-post-image\" alt=\"\" srcset=\"https:\/\/www.altermes.fr\/wp-content\/uploads\/2025\/11\/Shutterstock_clausepreciput2028129.jpg 600w, https:\/\/www.altermes.fr\/wp-content\/uploads\/2025\/11\/Shutterstock_clausepreciput2028129-480x320.jpg 480w\" sizes=\"(min-width: 0px) and (max-width: 480px) 480px, (min-width: 481px) 600px, 100vw\">                                        <\/a>\n                                                                        <a href=\"https:\/\/www.altermes.fr\/en\/les-infos-du-jour\/clause-de-preciput-et-droit-de-partage-fin-de-la-saga-judiciaire\/\"><h3>Clause de pr\u00e9ciput et droit de partage : fin de la saga judiciaire !<\/h3><\/a>\n                                    <p class=\"use-case-category\"><a href=\"https:\/\/www.altermes.fr\/en\/weblex-importer-categories\/actualites\/\" rel=\"tag\">Actualit\u00e9s<\/a>, <a href=\"https:\/\/www.altermes.fr\/en\/weblex-importer-categories\/infos-fiscales\/\" rel=\"tag\">Infos Fiscales<\/a><\/p>\n                                    <p class=\"edc-content\">Suite au d\u00e9c\u00e8s de son conjoint, un \u00e9poux peut pr\u00e9lever certains biens lui appartenant en commun avec son \u00e9pouse d\u00e9c\u00e9d\u00e9e si une clause incluse dans leur r\u00e9gime matrimonial le pr\u00e9voit. Mais ce...<\/p>                                <\/div>\n                                                                <div class=\"case-study-item weblex-article\">\n                                                                            <a href=\"https:\/\/www.altermes.fr\/en\/les-infos-du-jour\/versement-mobilite-les-taux-2026-sont-disponibles\/\">\n                                            <img decoding=\"async\" width=\"600\" height=\"400\" src=\"https:\/\/www.altermes.fr\/wp-content\/uploads\/2025\/11\/Shutterstock_versementmobiliteurssaf.jpg\" class=\"attachment-custom-thumbnail size-custom-thumbnail wp-post-image\" alt=\"\" srcset=\"https:\/\/www.altermes.fr\/wp-content\/uploads\/2025\/11\/Shutterstock_versementmobiliteurssaf.jpg 600w, https:\/\/www.altermes.fr\/wp-content\/uploads\/2025\/11\/Shutterstock_versementmobiliteurssaf-480x320.jpg 480w\" sizes=\"(min-width: 0px) and (max-width: 480px) 480px, (min-width: 481px) 600px, 100vw\">                                        <\/a>\n                                                                        <a href=\"https:\/\/www.altermes.fr\/en\/les-infos-du-jour\/versement-mobilite-les-taux-2026-sont-disponibles\/\"><h3>Versement mobilit\u00e9 : les taux 2026 sont disponibles !<\/h3><\/a>\n                                    <p class=\"use-case-category\"><a href=\"https:\/\/www.altermes.fr\/en\/weblex-importer-categories\/actualites\/\" rel=\"tag\">Actualit\u00e9s<\/a>, <a href=\"https:\/\/www.altermes.fr\/en\/weblex-importer-categories\/infos-sociales\/\" rel=\"tag\">Infos Sociales<\/a><\/p>\n                                    <p class=\"edc-content\">Le versement mobilit\u00e9 est une contribution que peuvent \u00eatre amen\u00e9es \u00e0 payer toutes les entreprises employant au moins 11 salari\u00e9s, d\u00e8s lors qu\u2019elles sont situ\u00e9es dans une zone o\u00f9 ce disposit...<\/p>                                <\/div>\n                                                                <div class=\"case-study-item weblex-article\">\n                                                                            <a href=\"https:\/\/www.altermes.fr\/en\/les-infos-du-jour\/pharmaciens-precisions-concernant-les-produits-destines-aux-nourrissons\/\">\n                                            <img decoding=\"async\" width=\"600\" height=\"400\" src=\"https:\/\/www.altermes.fr\/wp-content\/uploads\/2025\/11\/Shutterstock_preparationsnourrisons.jpg\" class=\"attachment-custom-thumbnail size-custom-thumbnail wp-post-image\" alt=\"\" srcset=\"https:\/\/www.altermes.fr\/wp-content\/uploads\/2025\/11\/Shutterstock_preparationsnourrisons.jpg 600w, https:\/\/www.altermes.fr\/wp-content\/uploads\/2025\/11\/Shutterstock_preparationsnourrisons-480x320.jpg 480w\" sizes=\"(min-width: 0px) and (max-width: 480px) 480px, (min-width: 481px) 600px, 100vw\">                                        <\/a>\n                                                                        <a href=\"https:\/\/www.altermes.fr\/en\/les-infos-du-jour\/pharmaciens-precisions-concernant-les-produits-destines-aux-nourrissons\/\"><h3>Pharmaciens : pr\u00e9cisions concernant les produits destin\u00e9s aux nourrissons<\/h3><\/a>\n                                    <p class=\"use-case-category\"><a href=\"https:\/\/www.altermes.fr\/en\/weblex-importer-categories\/actualites\/\" rel=\"tag\">Actualit\u00e9s<\/a>, <a href=\"https:\/\/www.altermes.fr\/en\/weblex-importer-categories\/infos-juridiques\/\" rel=\"tag\">Infos juridiques<\/a><\/p>\n                                    <p class=\"edc-content\">Les pharmaciens disposent d\u2019un monopole concernant certaines de leurs activit\u00e9s, notamment celles concernant les diff\u00e9rentes pr\u00e9parations qu\u2019ils r\u00e9alisent dans leurs officines. Des pr\u00e9cisions...<\/p>                                <\/div>\n                                                                <div class=\"case-study-item weblex-article\">\n                                                                            <a href=\"https:\/\/www.altermes.fr\/en\/les-infos-du-jour\/transport-aerien-des-avances-contre-les-passagers-perturbateurs\/\">\n                                            <img decoding=\"async\" width=\"600\" height=\"400\" src=\"https:\/\/www.altermes.fr\/wp-content\/uploads\/2025\/11\/Shutterstock_sanctionpassagers.jpg\" class=\"attachment-custom-thumbnail size-custom-thumbnail wp-post-image\" alt=\"\" srcset=\"https:\/\/www.altermes.fr\/wp-content\/uploads\/2025\/11\/Shutterstock_sanctionpassagers.jpg 600w, https:\/\/www.altermes.fr\/wp-content\/uploads\/2025\/11\/Shutterstock_sanctionpassagers-480x320.jpg 480w\" sizes=\"(min-width: 0px) and (max-width: 480px) 480px, (min-width: 481px) 600px, 100vw\">                                        <\/a>\n                                                                        <a href=\"https:\/\/www.altermes.fr\/en\/les-infos-du-jour\/transport-aerien-des-avances-contre-les-passagers-perturbateurs\/\"><h3>Transport a\u00e9rien : des avanc\u00e9s contre les passagers perturbateurs<\/h3><\/a>\n                                    <p class=\"use-case-category\"><a href=\"https:\/\/www.altermes.fr\/en\/weblex-importer-categories\/actualites\/\" rel=\"tag\">Actualit\u00e9s<\/a>, <a href=\"https:\/\/www.altermes.fr\/en\/weblex-importer-categories\/infos-juridiques\/\" rel=\"tag\">Infos juridiques<\/a><\/p>\n                                    <p class=\"edc-content\">Le minist\u00e8re charg\u00e9 de l\u2019aviation civile se voit confier de nouveaux pouvoirs et se voit attribuer une nouvelle mission pour le maintien de l\u2019ordre \u00e0 bord des vols commerciaux. Ce qui entra\u00eene...<\/p>                                <\/div>\n                                                                <div class=\"case-study-item weblex-article\">\n                                                                            <a href=\"https:\/\/www.altermes.fr\/en\/les-infos-du-jour\/licenciement-pour-motif-economique-quels-criteres-prendre-en-compte\/\">\n                                            <img decoding=\"async\" width=\"600\" height=\"400\" src=\"https:\/\/www.altermes.fr\/wp-content\/uploads\/2025\/11\/Shutterstock_licenciementmotifeconomique.jpg\" class=\"attachment-custom-thumbnail size-custom-thumbnail wp-post-image\" alt=\"\" srcset=\"https:\/\/www.altermes.fr\/wp-content\/uploads\/2025\/11\/Shutterstock_licenciementmotifeconomique.jpg 600w, https:\/\/www.altermes.fr\/wp-content\/uploads\/2025\/11\/Shutterstock_licenciementmotifeconomique-480x320.jpg 480w\" sizes=\"(min-width: 0px) and (max-width: 480px) 480px, (min-width: 481px) 600px, 100vw\">                                        <\/a>\n                                                                        <a href=\"https:\/\/www.altermes.fr\/en\/les-infos-du-jour\/licenciement-pour-motif-economique-quels-criteres-prendre-en-compte\/\"><h3>Licenciement pour motif \u00e9conomique : quels crit\u00e8res prendre en compte ?<\/h3><\/a>\n                                    <p class=\"use-case-category\"><a href=\"https:\/\/www.altermes.fr\/en\/weblex-importer-categories\/actualites\/\" rel=\"tag\">Actualit\u00e9s<\/a>, <a href=\"https:\/\/www.altermes.fr\/en\/weblex-importer-categories\/infos-sociales\/\" rel=\"tag\">Infos Sociales<\/a><\/p>\n                                    <p class=\"edc-content\">Une entreprise peut-elle justifier un licenciement pour motif \u00e9conomique m\u00eame si elle ne prouve pas une baisse de chiffre d\u2019affaires selon les crit\u00e8res l\u00e9gaux, d\u00e8s lors que d\u2019autres indicateu...<\/p>                                <\/div>\n                                                                <div class=\"case-study-item weblex-article\">\n                                                                            <a href=\"https:\/\/www.altermes.fr\/en\/les-infos-du-jour\/tarification-at-mp-et-gel-des-effectifs-quelle-articulation\/\">\n                                            <img decoding=\"async\" width=\"600\" height=\"400\" src=\"https:\/\/www.altermes.fr\/wp-content\/uploads\/2025\/11\/Shutterstock_tarificationATMP.jpg\" class=\"attachment-custom-thumbnail size-custom-thumbnail wp-post-image\" alt=\"\" srcset=\"https:\/\/www.altermes.fr\/wp-content\/uploads\/2025\/11\/Shutterstock_tarificationATMP.jpg 600w, https:\/\/www.altermes.fr\/wp-content\/uploads\/2025\/11\/Shutterstock_tarificationATMP-480x320.jpg 480w\" sizes=\"(min-width: 0px) and (max-width: 480px) 480px, (min-width: 481px) 600px, 100vw\">                                        <\/a>\n                                                                        <a href=\"https:\/\/www.altermes.fr\/en\/les-infos-du-jour\/tarification-at-mp-et-gel-des-effectifs-quelle-articulation\/\"><h3>Tarification AT-MP et gel des effectifs : quelle articulation ?<\/h3><\/a>\n                                    <p class=\"use-case-category\"><a href=\"https:\/\/www.altermes.fr\/en\/weblex-importer-categories\/actualites\/\" rel=\"tag\">Actualit\u00e9s<\/a>, <a href=\"https:\/\/www.altermes.fr\/en\/weblex-importer-categories\/infos-sociales\/\" rel=\"tag\">Infos Sociales<\/a><\/p>\n                                    <p class=\"edc-content\">Entre r\u00e8gles de tarification fond\u00e9es sur l\u2019effectif et m\u00e9canisme de gel instaur\u00e9 par la loi PACTE, les entreprises pouvaient l\u00e9gitimement s\u2019interroger sur la mani\u00e8re d\u2019articuler ces dispos...<\/p>                                <\/div>\n                                                                <div class=\"case-study-item weblex-article\">\n                                                                            <a href=\"https:\/\/www.altermes.fr\/en\/les-infos-du-jour\/monuments-historiques-demembrement-de-propriete-et-exoneration-fiscale-fin-des-difficultes-pratiques\/\">\n                                            <img decoding=\"async\" width=\"600\" height=\"400\" src=\"https:\/\/www.altermes.fr\/wp-content\/uploads\/2025\/11\/Shutterstock_DMTGmonumentshistoriques.jpg\" class=\"attachment-custom-thumbnail size-custom-thumbnail wp-post-image\" alt=\"\" srcset=\"https:\/\/www.altermes.fr\/wp-content\/uploads\/2025\/11\/Shutterstock_DMTGmonumentshistoriques.jpg 600w, https:\/\/www.altermes.fr\/wp-content\/uploads\/2025\/11\/Shutterstock_DMTGmonumentshistoriques-480x320.jpg 480w\" sizes=\"(min-width: 0px) and (max-width: 480px) 480px, (min-width: 481px) 600px, 100vw\">                                        <\/a>\n                                                                        <a href=\"https:\/\/www.altermes.fr\/en\/les-infos-du-jour\/monuments-historiques-demembrement-de-propriete-et-exoneration-fiscale-fin-des-difficultes-pratiques\/\"><h3>Monuments historiques, d\u00e9membrement de propri\u00e9t\u00e9 et exon\u00e9ration fiscale : fin des difficult\u00e9s pratiques<\/h3><\/a>\n                                    <p class=\"use-case-category\"><a href=\"https:\/\/www.altermes.fr\/en\/weblex-importer-categories\/actualites\/\" rel=\"tag\">Actualit\u00e9s<\/a>, <a href=\"https:\/\/www.altermes.fr\/en\/weblex-importer-categories\/le-coin-du-dirigeant\/\" rel=\"tag\">Le coin du dirigeant<\/a><\/p>\n                                    <p class=\"edc-content\">La transmission d\u2019un monument historique ouvre droit \u00e0 une exon\u00e9ration de droits de mutation \u00e0 titre gratuit (DMTG) sous r\u00e9serve de respecter des conditions strictes qui posent des difficult\u00e9s ...<\/p>                                <\/div>\n                                                                <div class=\"case-study-item weblex-article\">\n                                                                            <a href=\"https:\/\/www.altermes.fr\/en\/les-infos-du-jour\/dieselagte-quelles-consequences-pour-les-proprietaires-de-vehicules\/\">\n                                            <img decoding=\"async\" width=\"600\" height=\"400\" src=\"https:\/\/www.altermes.fr\/wp-content\/uploads\/2025\/11\/Shutterstock_dieselgate.jpg\" class=\"attachment-custom-thumbnail size-custom-thumbnail wp-post-image\" alt=\"\" srcset=\"https:\/\/www.altermes.fr\/wp-content\/uploads\/2025\/11\/Shutterstock_dieselgate.jpg 600w, https:\/\/www.altermes.fr\/wp-content\/uploads\/2025\/11\/Shutterstock_dieselgate-480x320.jpg 480w\" sizes=\"(min-width: 0px) and (max-width: 480px) 480px, (min-width: 481px) 600px, 100vw\">                                        <\/a>\n                                                                        <a href=\"https:\/\/www.altermes.fr\/en\/les-infos-du-jour\/dieselagte-quelles-consequences-pour-les-proprietaires-de-vehicules\/\"><h3>\u00ab Dieselagte \u00bb : quelles cons\u00e9quences pour les propri\u00e9taires de v\u00e9hicules ?<\/h3><\/a>\n                                    <p class=\"use-case-category\"><a href=\"https:\/\/www.altermes.fr\/en\/weblex-importer-categories\/actualites\/\" rel=\"tag\">Actualit\u00e9s<\/a>, <a href=\"https:\/\/www.altermes.fr\/en\/weblex-importer-categories\/infos-juridiques\/\" rel=\"tag\">Infos juridiques<\/a><\/p>\n                                    <p class=\"edc-content\">Le \u00ab Dieselgate \u00bb d\u00e9signe le scandale de la vente de v\u00e9hicules diesel \u00e9mettant des polluants \u00e0 des niveaux sup\u00e9rieurs \u00e0 ceux autoris\u00e9s par l\u2019Union europ\u00e9enne (UE) qui ont pu \u00eatre vendus g...<\/p>                                <\/div>\n                                                                <div class=\"case-study-item weblex-article\">\n                                                                            <a href=\"https:\/\/www.altermes.fr\/en\/les-infos-du-jour\/loyaute-du-salarie-permanente\/\">\n                                            <img decoding=\"async\" width=\"600\" height=\"400\" src=\"https:\/\/www.altermes.fr\/wp-content\/uploads\/2025\/11\/Shutterstock_activitC3A9oncurrentearret.jpg\" class=\"attachment-custom-thumbnail size-custom-thumbnail wp-post-image\" alt=\"\" srcset=\"https:\/\/www.altermes.fr\/wp-content\/uploads\/2025\/11\/Shutterstock_activitC3A9oncurrentearret.jpg 600w, https:\/\/www.altermes.fr\/wp-content\/uploads\/2025\/11\/Shutterstock_activitC3A9oncurrentearret-480x320.jpg 480w\" sizes=\"(min-width: 0px) and (max-width: 480px) 480px, (min-width: 481px) 600px, 100vw\">                                        <\/a>\n                                                                        <a href=\"https:\/\/www.altermes.fr\/en\/les-infos-du-jour\/loyaute-du-salarie-permanente\/\"><h3>Loyaut\u00e9 du salari\u00e9 : permanente ?<\/h3><\/a>\n                                    <p class=\"use-case-category\"><a href=\"https:\/\/www.altermes.fr\/en\/weblex-importer-categories\/actualites\/\" rel=\"tag\">Actualit\u00e9s<\/a>, <a href=\"https:\/\/www.altermes.fr\/en\/weblex-importer-categories\/infos-sociales\/\" rel=\"tag\">Infos Sociales<\/a><\/p>\n                                    <p class=\"edc-content\">Un salari\u00e9 peut-il \u00eatre licenci\u00e9 pour avoir tent\u00e9 d\u2019exercer une activit\u00e9 concurrente pendant un arr\u00eat maladie ? La question se pose lorsqu\u2019un salari\u00e9 arr\u00eat\u00e9, pourtant tenu \u00e0 une obligati...<\/p>                                <\/div>\n                                                                <div class=\"case-study-item weblex-article\">\n                                                                            <a href=\"https:\/\/www.altermes.fr\/en\/les-infos-du-jour\/refus-dexpulsion-indemnisation-possible\/\">\n                                            <img decoding=\"async\" width=\"600\" height=\"400\" src=\"https:\/\/www.altermes.fr\/wp-content\/uploads\/2025\/11\/Shutterstock_reparationrefusforce.jpg\" class=\"attachment-custom-thumbnail size-custom-thumbnail wp-post-image\" alt=\"\" srcset=\"https:\/\/www.altermes.fr\/wp-content\/uploads\/2025\/11\/Shutterstock_reparationrefusforce.jpg 600w, https:\/\/www.altermes.fr\/wp-content\/uploads\/2025\/11\/Shutterstock_reparationrefusforce-480x320.jpg 480w\" sizes=\"(min-width: 0px) and (max-width: 480px) 480px, (min-width: 481px) 600px, 100vw\">                                        <\/a>\n                                                                        <a href=\"https:\/\/www.altermes.fr\/en\/les-infos-du-jour\/refus-dexpulsion-indemnisation-possible\/\"><h3>Refus d\u2019expulsion : indemnisation possible ?<\/h3><\/a>\n                                    <p class=\"use-case-category\"><a href=\"https:\/\/www.altermes.fr\/en\/weblex-importer-categories\/actualites\/\" rel=\"tag\">Actualit\u00e9s<\/a>, <a href=\"https:\/\/www.altermes.fr\/en\/weblex-importer-categories\/infos-juridiques\/\" rel=\"tag\">Infos juridiques<\/a><\/p>\n                                    <p class=\"edc-content\">Pour rappel, l\u2019\u00c9tat est tenu de pr\u00eater son concours afin de permettre au propri\u00e9taire ayant un titre ex\u00e9cutoire d\u2019expulser de son bien un occupant refusant de partir. Cependant, il peut arrive...<\/p>                                <\/div>\n                                                                <div class=\"case-study-item weblex-article\">\n                                                                            <a href=\"https:\/\/www.altermes.fr\/en\/les-infos-du-jour\/cmg-une-ouverture-des-droits-en-cas-de-residence-alternee\/\">\n                                            <img decoding=\"async\" width=\"600\" height=\"400\" src=\"https:\/\/www.altermes.fr\/wp-content\/uploads\/2025\/11\/Shutterstock_reparationrefusconcours.jpg\" class=\"attachment-custom-thumbnail size-custom-thumbnail wp-post-image\" alt=\"\" srcset=\"https:\/\/www.altermes.fr\/wp-content\/uploads\/2025\/11\/Shutterstock_reparationrefusconcours.jpg 600w, https:\/\/www.altermes.fr\/wp-content\/uploads\/2025\/11\/Shutterstock_reparationrefusconcours-480x320.jpg 480w\" sizes=\"(min-width: 0px) and (max-width: 480px) 480px, (min-width: 481px) 600px, 100vw\">                                        <\/a>\n                                                                        <a href=\"https:\/\/www.altermes.fr\/en\/les-infos-du-jour\/cmg-une-ouverture-des-droits-en-cas-de-residence-alternee\/\"><h3>CMG : une ouverture des droits en cas de r\u00e9sidence altern\u00e9e<\/h3><\/a>\n                                    <p class=\"use-case-category\"><a href=\"https:\/\/www.altermes.fr\/en\/weblex-importer-categories\/actualites\/\" rel=\"tag\">Actualit\u00e9s<\/a>, <a href=\"https:\/\/www.altermes.fr\/en\/weblex-importer-categories\/le-coin-du-dirigeant\/\" rel=\"tag\">Le coin du dirigeant<\/a><\/p>\n                                    <p class=\"edc-content\">Dans le cadre de sa reconfiguration visant \u00e0 prendre en compte la pluralit\u00e9 des r\u00e9alit\u00e9s familiales et financi\u00e8res, le compl\u00e9ment de mode de garde (ou \u00ab CMG \u00bb) sera bient\u00f4t ouvert aux parents...<\/p>                                <\/div>\n                                                                <div class=\"case-study-item weblex-article\">\n                                                                            <a href=\"https:\/\/www.altermes.fr\/en\/les-infos-du-jour\/cotisation-fonciere-des-entreprises-cfe-2025-a-payer\/\">\n                                            <img decoding=\"async\" width=\"600\" height=\"400\" src=\"https:\/\/www.altermes.fr\/wp-content\/uploads\/2025\/11\/Shutterstock_CFEdatelimite.jpg\" class=\"attachment-custom-thumbnail size-custom-thumbnail wp-post-image\" alt=\"\" srcset=\"https:\/\/www.altermes.fr\/wp-content\/uploads\/2025\/11\/Shutterstock_CFEdatelimite.jpg 600w, https:\/\/www.altermes.fr\/wp-content\/uploads\/2025\/11\/Shutterstock_CFEdatelimite-480x320.jpg 480w\" sizes=\"(min-width: 0px) and (max-width: 480px) 480px, (min-width: 481px) 600px, 100vw\">                                        <\/a>\n                                                                        <a href=\"https:\/\/www.altermes.fr\/en\/les-infos-du-jour\/cotisation-fonciere-des-entreprises-cfe-2025-a-payer\/\"><h3>Cotisation fonci\u00e8re des entreprises (CFE) 2025 : \u00e0 payer !<\/h3><\/a>\n                                    <p class=\"use-case-category\"><a href=\"https:\/\/www.altermes.fr\/en\/weblex-importer-categories\/actualites\/\" rel=\"tag\">Actualit\u00e9s<\/a>, <a href=\"https:\/\/www.altermes.fr\/en\/weblex-importer-categories\/infos-fiscales\/\" rel=\"tag\">Infos Fiscales<\/a><\/p>\n                                    <p class=\"edc-content\">La date limite de paiement de votre cotisation fonci\u00e8re des entreprises (CFE) et\/ou de votre imposition forfaitaire sur les entreprises de r\u00e9seaux (IFER) est fix\u00e9e au 15 d\u00e9cembre 2025 \u00e0 minuit. C...<\/p>                                <\/div>\n                                                                <div class=\"case-study-item weblex-article\">\n                                                                            <a href=\"https:\/\/www.altermes.fr\/en\/les-infos-du-jour\/debitants-de-tabac-precisions-sur-les-facilites-de-paiement\/\">\n                                            <img decoding=\"async\" width=\"600\" height=\"400\" src=\"https:\/\/www.altermes.fr\/wp-content\/uploads\/2025\/11\/Shutterstock_facilitespaiementtabacs.jpg\" class=\"attachment-custom-thumbnail size-custom-thumbnail wp-post-image\" alt=\"\" srcset=\"https:\/\/www.altermes.fr\/wp-content\/uploads\/2025\/11\/Shutterstock_facilitespaiementtabacs.jpg 600w, https:\/\/www.altermes.fr\/wp-content\/uploads\/2025\/11\/Shutterstock_facilitespaiementtabacs-480x320.jpg 480w\" sizes=\"(min-width: 0px) and (max-width: 480px) 480px, (min-width: 481px) 600px, 100vw\">                                        <\/a>\n                                                                        <a href=\"https:\/\/www.altermes.fr\/en\/les-infos-du-jour\/debitants-de-tabac-precisions-sur-les-facilites-de-paiement\/\"><h3>D\u00e9bitants de tabac : pr\u00e9cisions sur les facilit\u00e9s de paiement<\/h3><\/a>\n                                    <p class=\"use-case-category\"><a href=\"https:\/\/www.altermes.fr\/en\/weblex-importer-categories\/actualites\/\" rel=\"tag\">Actualit\u00e9s<\/a>, <a href=\"https:\/\/www.altermes.fr\/en\/weblex-importer-categories\/infos-juridiques\/\" rel=\"tag\">Infos juridiques<\/a><\/p>\n                                    <p class=\"edc-content\">Les fournisseurs agr\u00e9\u00e9s de tabac doivent accorder aux d\u00e9bitants des d\u00e9lais et des facilit\u00e9s de paiements \u00e0 la demande de ces derniers lorsqu\u2019ils satisfont \u00e0 certaines conditions. Un dispositi...<\/p>                                <\/div>\n                                                                <div class=\"case-study-item weblex-article\">\n                                                                            <a href=\"https:\/\/www.altermes.fr\/en\/les-infos-du-jour\/poste-de-reclassement-des-conditions-a-respecter\/\">\n                                            <img decoding=\"async\" width=\"600\" height=\"400\" src=\"https:\/\/www.altermes.fr\/wp-content\/uploads\/2025\/11\/Shutterstock_reclassement.jpg\" class=\"attachment-custom-thumbnail size-custom-thumbnail wp-post-image\" alt=\"\" srcset=\"https:\/\/www.altermes.fr\/wp-content\/uploads\/2025\/11\/Shutterstock_reclassement.jpg 600w, https:\/\/www.altermes.fr\/wp-content\/uploads\/2025\/11\/Shutterstock_reclassement-480x320.jpg 480w\" sizes=\"(min-width: 0px) and (max-width: 480px) 480px, (min-width: 481px) 600px, 100vw\">                                        <\/a>\n                                                                        <a href=\"https:\/\/www.altermes.fr\/en\/les-infos-du-jour\/poste-de-reclassement-des-conditions-a-respecter\/\"><h3>Poste de reclassement : des conditions \u00e0 respecter<\/h3><\/a>\n                                    <p class=\"use-case-category\"><a href=\"https:\/\/www.altermes.fr\/en\/weblex-importer-categories\/actualites\/\" rel=\"tag\">Actualit\u00e9s<\/a>, <a href=\"https:\/\/www.altermes.fr\/en\/weblex-importer-categories\/infos-sociales\/\" rel=\"tag\">Infos Sociales<\/a><\/p>\n                                    <p class=\"edc-content\">L\u2019obligation de reclassement ne s\u2019arr\u00eate pas \u00e0 la proposition d\u2019un poste. Si le salari\u00e9 conteste sa compatibilit\u00e9 avec les restrictions m\u00e9dicales, l\u2019employeur doit solliciter \u00e0 nouveau l...<\/p>                                <\/div>\n                                                                <div class=\"case-study-item weblex-article\">\n                                                                            <a href=\"https:\/\/www.altermes.fr\/en\/les-infos-du-jour\/concubinage-et-action-en-justice\/\">\n                                            <img decoding=\"async\" width=\"600\" height=\"400\" src=\"https:\/\/www.altermes.fr\/wp-content\/uploads\/2025\/11\/Shutterstock_concubinageimpossibilite.jpg\" class=\"attachment-custom-thumbnail size-custom-thumbnail wp-post-image\" alt=\"\" srcset=\"https:\/\/www.altermes.fr\/wp-content\/uploads\/2025\/11\/Shutterstock_concubinageimpossibilite.jpg 600w, https:\/\/www.altermes.fr\/wp-content\/uploads\/2025\/11\/Shutterstock_concubinageimpossibilite-480x320.jpg 480w\" sizes=\"(min-width: 0px) and (max-width: 480px) 480px, (min-width: 481px) 600px, 100vw\">                                        <\/a>\n                                                                        <a href=\"https:\/\/www.altermes.fr\/en\/les-infos-du-jour\/concubinage-et-action-en-justice\/\"><h3>Concubinage et action en justice<\/h3><\/a>\n                                    <p class=\"use-case-category\"><a href=\"https:\/\/www.altermes.fr\/en\/weblex-importer-categories\/actualites\/\" rel=\"tag\">Actualit\u00e9s<\/a>, <a href=\"https:\/\/www.altermes.fr\/en\/weblex-importer-categories\/infos-juridiques\/\" rel=\"tag\">Infos juridiques<\/a><\/p>\n                                    <p class=\"edc-content\">Une action engag\u00e9e pour d\u00e9fendre un droit ou pour pr\u00e9tendre \u00e0 une indemnisation est encadr\u00e9e dans le temps, de sorte que, pass\u00e9 un certain d\u00e9lai, l\u2019action est dite \u00ab prescrite \u00bb. Mais dans ...<\/p>                                <\/div>\n                                                                <div class=\"case-study-item weblex-article\">\n                                                                            <a href=\"https:\/\/www.altermes.fr\/en\/les-infos-du-jour\/donnees-personnelles-un-heritage-numerique\/\">\n                                            <img decoding=\"async\" width=\"600\" height=\"400\" src=\"https:\/\/www.altermes.fr\/wp-content\/uploads\/2025\/11\/Shutterstock_donneespersonellesheritage.jpg\" class=\"attachment-custom-thumbnail size-custom-thumbnail wp-post-image\" alt=\"\" srcset=\"https:\/\/www.altermes.fr\/wp-content\/uploads\/2025\/11\/Shutterstock_donneespersonellesheritage.jpg 600w, https:\/\/www.altermes.fr\/wp-content\/uploads\/2025\/11\/Shutterstock_donneespersonellesheritage-480x320.jpg 480w\" sizes=\"(min-width: 0px) and (max-width: 480px) 480px, (min-width: 481px) 600px, 100vw\">                                        <\/a>\n                                                                        <a href=\"https:\/\/www.altermes.fr\/en\/les-infos-du-jour\/donnees-personnelles-un-heritage-numerique\/\"><h3>Donn\u00e9es personnelles : un h\u00e9ritage num\u00e9rique ?<\/h3><\/a>\n                                    <p class=\"use-case-category\"><a href=\"https:\/\/www.altermes.fr\/en\/weblex-importer-categories\/actualites\/\" rel=\"tag\">Actualit\u00e9s<\/a>, <a href=\"https:\/\/www.altermes.fr\/en\/weblex-importer-categories\/le-coin-du-dirigeant\/\" rel=\"tag\">Le coin du dirigeant<\/a><\/p>\n                                    <p class=\"edc-content\">Alors que les traitements de donn\u00e9es personnelles sont de plus en plus nombreux et diversifi\u00e9s, il est fondamental que chacun puisse exercer ses droits sur les donn\u00e9es le concernant. Mais lors du d...<\/p>                                <\/div>\n                                                                <div class=\"case-study-item weblex-article\">\n                                                                            <a href=\"https:\/\/www.altermes.fr\/en\/les-infos-du-jour\/divorce-et-regime-de-participation-aux-acquets-comment-calculer-lenrichissement\/\">\n                                            <img decoding=\"async\" width=\"600\" height=\"400\" src=\"https:\/\/www.altermes.fr\/wp-content\/uploads\/2025\/11\/Shutterstock_dettesdeductiblesregime.jpg\" class=\"attachment-custom-thumbnail size-custom-thumbnail wp-post-image\" alt=\"\" srcset=\"https:\/\/www.altermes.fr\/wp-content\/uploads\/2025\/11\/Shutterstock_dettesdeductiblesregime.jpg 600w, https:\/\/www.altermes.fr\/wp-content\/uploads\/2025\/11\/Shutterstock_dettesdeductiblesregime-480x320.jpg 480w\" sizes=\"(min-width: 0px) and (max-width: 480px) 480px, (min-width: 481px) 600px, 100vw\">                                        <\/a>\n                                                                        <a href=\"https:\/\/www.altermes.fr\/en\/les-infos-du-jour\/divorce-et-regime-de-participation-aux-acquets-comment-calculer-lenrichissement\/\"><h3>Divorce et r\u00e9gime de participation aux acqu\u00eats : comment calculer l\u2019enrichissement ?<\/h3><\/a>\n                                    <p class=\"use-case-category\"><a href=\"https:\/\/www.altermes.fr\/en\/weblex-importer-categories\/actualites\/\" rel=\"tag\">Actualit\u00e9s<\/a>, <a href=\"https:\/\/www.altermes.fr\/en\/weblex-importer-categories\/infos-juridiques\/\" rel=\"tag\">Infos juridiques<\/a><\/p>\n                                    <p class=\"edc-content\">Le r\u00e9gime de participation aux acqu\u00eats est un r\u00e9gime hybride qui permet aux \u00e9poux, \u00e0 l\u2019occasion de la dissolution du mariage, de profiter de l\u2019enrichissement de chacun. Pour ce faire, il faut...<\/p>                                <\/div>\n                                                                <div class=\"case-study-item weblex-article\">\n                                                                            <a href=\"https:\/\/www.altermes.fr\/en\/les-infos-du-jour\/liberte-de-la-presse-quand-le-flou-ne-lest-pas-assez\/\">\n                                            <img decoding=\"async\" width=\"600\" height=\"400\" src=\"https:\/\/www.altermes.fr\/wp-content\/uploads\/2025\/11\/Shutterstock_diffamationpresse.jpg\" class=\"attachment-custom-thumbnail size-custom-thumbnail wp-post-image\" alt=\"\" srcset=\"https:\/\/www.altermes.fr\/wp-content\/uploads\/2025\/11\/Shutterstock_diffamationpresse.jpg 600w, https:\/\/www.altermes.fr\/wp-content\/uploads\/2025\/11\/Shutterstock_diffamationpresse-480x320.jpg 480w\" sizes=\"(min-width: 0px) and (max-width: 480px) 480px, (min-width: 481px) 600px, 100vw\">                                        <\/a>\n                                                                        <a href=\"https:\/\/www.altermes.fr\/en\/les-infos-du-jour\/liberte-de-la-presse-quand-le-flou-ne-lest-pas-assez\/\"><h3>Libert\u00e9 de la presse : quand le flou ne l\u2019est pas assez<\/h3><\/a>\n                                    <p class=\"use-case-category\"><a href=\"https:\/\/www.altermes.fr\/en\/weblex-importer-categories\/actualites\/\" rel=\"tag\">Actualit\u00e9s<\/a>, <a href=\"https:\/\/www.altermes.fr\/en\/weblex-importer-categories\/infos-juridiques\/\" rel=\"tag\">Infos juridiques<\/a><\/p>\n                                    <p class=\"edc-content\">Les principes de la libert\u00e9 de la presse garantissent \u00e0 tous de pouvoir reporter leur vision de l\u2019actualit\u00e9 avec un minimum de contraintes. Mais des pr\u00e9cautions doivent tout de m\u00eame \u00eatre prise...<\/p>                                <\/div>\n                                                                <div class=\"case-study-item weblex-article\">\n                                                                            <a href=\"https:\/\/www.altermes.fr\/en\/les-infos-du-jour\/spsti-quelle-remuneration-pour-le-medecin-praticien-correspondant\/\">\n                                            <img decoding=\"async\" width=\"600\" height=\"400\" src=\"https:\/\/www.altermes.fr\/wp-content\/uploads\/2025\/11\/Shutterstock_determinationsalaireminmedecin.jpg\" class=\"attachment-custom-thumbnail size-custom-thumbnail wp-post-image\" alt=\"\" srcset=\"https:\/\/www.altermes.fr\/wp-content\/uploads\/2025\/11\/Shutterstock_determinationsalaireminmedecin.jpg 600w, https:\/\/www.altermes.fr\/wp-content\/uploads\/2025\/11\/Shutterstock_determinationsalaireminmedecin-480x320.jpg 480w\" sizes=\"(min-width: 0px) and (max-width: 480px) 480px, (min-width: 481px) 600px, 100vw\">                                        <\/a>\n                                                                        <a href=\"https:\/\/www.altermes.fr\/en\/les-infos-du-jour\/spsti-quelle-remuneration-pour-le-medecin-praticien-correspondant\/\"><h3>SPSTI : quelle r\u00e9mun\u00e9ration pour le m\u00e9decin praticien correspondant ?<\/h3><\/a>\n                                    <p class=\"use-case-category\"><a href=\"https:\/\/www.altermes.fr\/en\/weblex-importer-categories\/actualites\/\" rel=\"tag\">Actualit\u00e9s<\/a>, <a href=\"https:\/\/www.altermes.fr\/en\/weblex-importer-categories\/infos-sociales\/\" rel=\"tag\">Infos Sociales<\/a><\/p>\n                                    <p class=\"edc-content\">La r\u00e9mun\u00e9ration du m\u00e9decin praticien correspondant se pr\u00e9cise, marquant une nouvelle \u00e9tape du dispositif pr\u00e9vu par la loi \u00ab Sant\u00e9 au travail \u00bb et visant \u00e0 pallier l\u2019insuffisance de m\u00e9deci...<\/p>                                <\/div>\n                                                                <div class=\"case-study-item weblex-article\">\n                                                                            <a href=\"https:\/\/www.altermes.fr\/en\/les-infos-du-jour\/cotisation-a-la-caisse-de-garantie-du-logement-locatif-social-du-nouveau\/\">\n                                            <img decoding=\"async\" width=\"600\" height=\"400\" src=\"https:\/\/www.altermes.fr\/wp-content\/uploads\/2025\/11\/Shutterstock_cotisationadditionnelle.jpg\" class=\"attachment-custom-thumbnail size-custom-thumbnail wp-post-image\" alt=\"\" srcset=\"https:\/\/www.altermes.fr\/wp-content\/uploads\/2025\/11\/Shutterstock_cotisationadditionnelle.jpg 600w, https:\/\/www.altermes.fr\/wp-content\/uploads\/2025\/11\/Shutterstock_cotisationadditionnelle-480x320.jpg 480w\" sizes=\"(min-width: 0px) and (max-width: 480px) 480px, (min-width: 481px) 600px, 100vw\">                                        <\/a>\n                                                                        <a href=\"https:\/\/www.altermes.fr\/en\/les-infos-du-jour\/cotisation-a-la-caisse-de-garantie-du-logement-locatif-social-du-nouveau\/\"><h3>Cotisation \u00e0 la Caisse de garantie du logement locatif social : du nouveau<\/h3><\/a>\n                                    <p class=\"use-case-category\"><a href=\"https:\/\/www.altermes.fr\/en\/weblex-importer-categories\/actualites\/\" rel=\"tag\">Actualit\u00e9s<\/a>, <a href=\"https:\/\/www.altermes.fr\/en\/weblex-importer-categories\/infos-juridiques\/\" rel=\"tag\">Infos juridiques<\/a><\/p>\n                                    <p class=\"edc-content\">La Caisse de garantie du logement locatif social (CGLLS) est un \u00e9tablissement public intervenant dans le financement et la r\u00e9gulation du secteur du logement social. Pour financer ses activit\u00e9s, les...<\/p>                                <\/div>\n                                                                <div class=\"case-study-item weblex-article\">\n                                                                            <a href=\"https:\/\/www.altermes.fr\/en\/les-infos-du-jour\/franchise-en-base-de-tva-retour-a-la-case-depart\/\">\n                                            <img decoding=\"async\" width=\"600\" height=\"400\" src=\"https:\/\/www.altermes.fr\/wp-content\/uploads\/2025\/11\/Shutterstock_findelareformetva.jpg\" class=\"attachment-custom-thumbnail size-custom-thumbnail wp-post-image\" alt=\"\" srcset=\"https:\/\/www.altermes.fr\/wp-content\/uploads\/2025\/11\/Shutterstock_findelareformetva.jpg 600w, https:\/\/www.altermes.fr\/wp-content\/uploads\/2025\/11\/Shutterstock_findelareformetva-480x320.jpg 480w\" sizes=\"(min-width: 0px) and (max-width: 480px) 480px, (min-width: 481px) 600px, 100vw\">                                        <\/a>\n                                                                        <a href=\"https:\/\/www.altermes.fr\/en\/les-infos-du-jour\/franchise-en-base-de-tva-retour-a-la-case-depart\/\"><h3>Franchise en base de TVA : retour \u00e0 la case d\u00e9part ?<\/h3><\/a>\n                                    <p class=\"use-case-category\"><a href=\"https:\/\/www.altermes.fr\/en\/weblex-importer-categories\/actualites\/\" rel=\"tag\">Actualit\u00e9s<\/a>, <a href=\"https:\/\/www.altermes.fr\/en\/weblex-importer-categories\/infos-fiscales\/\" rel=\"tag\">Infos Fiscales<\/a><\/p>\n                                    <p class=\"edc-content\">Annonc\u00e9e comme une mesure de simplification, la r\u00e9forme de la franchise en base de TVA telle qu\u2019adopt\u00e9e par la loi de finances pour 2025 aura connu un parcours pour le moins chaotique. Entre anno...<\/p>                                <\/div>\n                                                                <div class=\"case-study-item weblex-article\">\n                                                                            <a href=\"https:\/\/www.altermes.fr\/en\/les-infos-du-jour\/permis-de-conduire-une-duree-de-validite-limitee\/\">\n                                            <img decoding=\"async\" width=\"600\" height=\"400\" src=\"https:\/\/www.altermes.fr\/wp-content\/uploads\/2025\/11\/Shutterstock_permisdeconduirereformeunioneur.jpg\" class=\"attachment-custom-thumbnail size-custom-thumbnail wp-post-image\" alt=\"\" srcset=\"https:\/\/www.altermes.fr\/wp-content\/uploads\/2025\/11\/Shutterstock_permisdeconduirereformeunioneur.jpg 600w, https:\/\/www.altermes.fr\/wp-content\/uploads\/2025\/11\/Shutterstock_permisdeconduirereformeunioneur-480x320.jpg 480w\" sizes=\"(min-width: 0px) and (max-width: 480px) 480px, (min-width: 481px) 600px, 100vw\">                                        <\/a>\n                                                                        <a href=\"https:\/\/www.altermes.fr\/en\/les-infos-du-jour\/permis-de-conduire-une-duree-de-validite-limitee\/\"><h3>Permis de conduire : une dur\u00e9e de validit\u00e9 limit\u00e9e ?<\/h3><\/a>\n                                    <p class=\"use-case-category\"><a href=\"https:\/\/www.altermes.fr\/en\/weblex-importer-categories\/actualites\/\" rel=\"tag\">Actualit\u00e9s<\/a>, <a href=\"https:\/\/www.altermes.fr\/en\/weblex-importer-categories\/infos-juridiques\/\" rel=\"tag\">Infos juridiques<\/a><\/p>\n                                    <p class=\"edc-content\">R\u00e9former le permis de conduire pour am\u00e9liorer la s\u00e9curit\u00e9 routi\u00e8re : tel est l\u2019objectif de l\u2019Union europ\u00e9enne (UE) qui a vot\u00e9 le 21 octobre 2025 un nouveau cadre qui devra \u00eatre int\u00e9gr\u00e9 e...<\/p>                                <\/div>\n                                                                <div class=\"case-study-item weblex-article\">\n                                                                            <a href=\"https:\/\/www.altermes.fr\/en\/les-infos-du-jour\/aides-a-lapprentissage-ajustement-en-vue\/\">\n                                            <img decoding=\"async\" width=\"600\" height=\"400\" src=\"https:\/\/www.altermes.fr\/wp-content\/uploads\/2025\/11\/Shutterstock_aideapprentissage.jpg\" class=\"attachment-custom-thumbnail size-custom-thumbnail wp-post-image\" alt=\"\" srcset=\"https:\/\/www.altermes.fr\/wp-content\/uploads\/2025\/11\/Shutterstock_aideapprentissage.jpg 600w, https:\/\/www.altermes.fr\/wp-content\/uploads\/2025\/11\/Shutterstock_aideapprentissage-480x320.jpg 480w\" sizes=\"(min-width: 0px) and (max-width: 480px) 480px, (min-width: 481px) 600px, 100vw\">                                        <\/a>\n                                                                        <a href=\"https:\/\/www.altermes.fr\/en\/les-infos-du-jour\/aides-a-lapprentissage-ajustement-en-vue\/\"><h3>Aides \u00e0 l\u2019apprentissage : ajustement en vue !<\/h3><\/a>\n                                    <p class=\"use-case-category\"><a href=\"https:\/\/www.altermes.fr\/en\/weblex-importer-categories\/actualites\/\" rel=\"tag\">Actualit\u00e9s<\/a>, <a href=\"https:\/\/www.altermes.fr\/en\/weblex-importer-categories\/infos-sociales\/\" rel=\"tag\">Infos Sociales<\/a><\/p>\n                                    <p class=\"edc-content\">Depuis le 1er novembre 2025, le montant des aides \u00e0 l\u2019apprentissage (aide unique et aide exceptionnelle) est d\u00e9sormais proratis\u00e9 pour tous les contrats d\u2019une dur\u00e9e inf\u00e9rieure \u00e0 1 an ou rompu...<\/p>                                <\/div>\n                                                                <div class=\"case-study-item weblex-article\">\n                                                                            <a href=\"https:\/\/www.altermes.fr\/en\/les-infos-du-jour\/charges-deductibles-la-preuve-avant-tout\/\">\n                                            <img decoding=\"async\" width=\"600\" height=\"400\" src=\"https:\/\/www.altermes.fr\/wp-content\/uploads\/2025\/11\/Shutterstock_conditionsdeductiblesdepenses.jpg\" class=\"attachment-custom-thumbnail size-custom-thumbnail wp-post-image\" alt=\"\" srcset=\"https:\/\/www.altermes.fr\/wp-content\/uploads\/2025\/11\/Shutterstock_conditionsdeductiblesdepenses.jpg 600w, https:\/\/www.altermes.fr\/wp-content\/uploads\/2025\/11\/Shutterstock_conditionsdeductiblesdepenses-480x320.jpg 480w\" sizes=\"(min-width: 0px) and (max-width: 480px) 480px, (min-width: 481px) 600px, 100vw\">                                        <\/a>\n                                                                        <a href=\"https:\/\/www.altermes.fr\/en\/les-infos-du-jour\/charges-deductibles-la-preuve-avant-tout\/\"><h3>Charges d\u00e9ductibles : la preuve avant tout !<\/h3><\/a>\n                                    <p class=\"use-case-category\"><a href=\"https:\/\/www.altermes.fr\/en\/weblex-importer-categories\/actualites\/\" rel=\"tag\">Actualit\u00e9s<\/a>, <a href=\"https:\/\/www.altermes.fr\/en\/weblex-importer-categories\/infos-fiscales\/\" rel=\"tag\">Infos Fiscales<\/a><\/p>\n                                    <p class=\"edc-content\">Certains dirigeants confondent d\u00e9penses professionnelles et frais personnels\u2026 jusqu\u2019\u00e0 ce qu\u2019un contr\u00f4le fiscal leur rappelle la fronti\u00e8re. Club de sport, t\u00e9l\u00e9phone du conjoint ou frais kil...<\/p>                                <\/div>\n                                                                <div class=\"case-study-item weblex-article\">\n                                                                            <a href=\"https:\/\/www.altermes.fr\/en\/les-infos-du-jour\/facturation-electronique-un-nouvel-outil-pour-y-voir-plus-clair\/\">\n                                            <img decoding=\"async\" width=\"600\" height=\"400\" src=\"https:\/\/www.altermes.fr\/wp-content\/uploads\/2025\/11\/Shutterstock_facturationselectroniques.jpg\" class=\"attachment-custom-thumbnail size-custom-thumbnail wp-post-image\" alt=\"\" srcset=\"https:\/\/www.altermes.fr\/wp-content\/uploads\/2025\/11\/Shutterstock_facturationselectroniques.jpg 600w, https:\/\/www.altermes.fr\/wp-content\/uploads\/2025\/11\/Shutterstock_facturationselectroniques-480x320.jpg 480w\" sizes=\"(min-width: 0px) and (max-width: 480px) 480px, (min-width: 481px) 600px, 100vw\">                                        <\/a>\n                                                                        <a href=\"https:\/\/www.altermes.fr\/en\/les-infos-du-jour\/facturation-electronique-un-nouvel-outil-pour-y-voir-plus-clair\/\"><h3>Facturation \u00e9lectronique : un nouvel outil pour y voir plus clair<\/h3><\/a>\n                                    <p class=\"use-case-category\"><a href=\"https:\/\/www.altermes.fr\/en\/weblex-importer-categories\/actualites\/\" rel=\"tag\">Actualit\u00e9s<\/a>, <a href=\"https:\/\/www.altermes.fr\/en\/weblex-importer-categories\/infos-fiscales\/\" rel=\"tag\">Infos Fiscales<\/a><\/p>\n                                    <p class=\"edc-content\">Vous n\u2019\u00eates pas sans savoir que la facturation \u00e9lectronique va bient\u00f4t devenir obligatoire. Dans le cadre de la mise en place de cette nouvelle obligation, un nouvel outil est mis \u00e0 disposition ...<\/p>                                <\/div>\n                                                                <div class=\"case-study-item weblex-article\">\n                                                                            <a href=\"https:\/\/www.altermes.fr\/en\/les-infos-du-jour\/securite-routiere-en-hiver-du-nouveau\/\">\n                                            <img decoding=\"async\" width=\"600\" height=\"400\" src=\"https:\/\/www.altermes.fr\/wp-content\/uploads\/2025\/11\/Shutterstock_pneuscloutes.jpg\" class=\"attachment-custom-thumbnail size-custom-thumbnail wp-post-image\" alt=\"\" srcset=\"https:\/\/www.altermes.fr\/wp-content\/uploads\/2025\/11\/Shutterstock_pneuscloutes.jpg 600w, https:\/\/www.altermes.fr\/wp-content\/uploads\/2025\/11\/Shutterstock_pneuscloutes-480x320.jpg 480w\" sizes=\"(min-width: 0px) and (max-width: 480px) 480px, (min-width: 481px) 600px, 100vw\">                                        <\/a>\n                                                                        <a href=\"https:\/\/www.altermes.fr\/en\/les-infos-du-jour\/securite-routiere-en-hiver-du-nouveau\/\"><h3>S\u00e9curit\u00e9 routi\u00e8re en hiver : du nouveau<\/h3><\/a>\n                                    <p class=\"use-case-category\"><a href=\"https:\/\/www.altermes.fr\/en\/weblex-importer-categories\/actualites\/\" rel=\"tag\">Actualit\u00e9s<\/a>, <a href=\"https:\/\/www.altermes.fr\/en\/weblex-importer-categories\/infos-juridiques\/\" rel=\"tag\">Infos juridiques<\/a><\/p>\n                                    <p class=\"edc-content\">Afin d\u2019am\u00e9liorer la s\u00e9curit\u00e9 routi\u00e8re durant la p\u00e9riode hivernale, l\u2019utilisation de pneumatiques sp\u00e9ciaux peut \u00eatre autoris\u00e9s pour les voitures particuli\u00e8res, les v\u00e9hicules de transport ...<\/p>                                <\/div>\n                                                                <div class=\"case-study-item weblex-article\">\n                                                                            <a href=\"https:\/\/www.altermes.fr\/en\/les-infos-du-jour\/droit-des-animaux-le-droit-francais-sadapte\/\">\n                                            <img decoding=\"async\" width=\"600\" height=\"400\" src=\"https:\/\/www.altermes.fr\/wp-content\/uploads\/2025\/11\/Shutterstock_santeanimauxPC.jpg\" class=\"attachment-custom-thumbnail size-custom-thumbnail wp-post-image\" alt=\"\" srcset=\"https:\/\/www.altermes.fr\/wp-content\/uploads\/2025\/11\/Shutterstock_santeanimauxPC.jpg 600w, https:\/\/www.altermes.fr\/wp-content\/uploads\/2025\/11\/Shutterstock_santeanimauxPC-480x320.jpg 480w\" sizes=\"(min-width: 0px) and (max-width: 480px) 480px, (min-width: 481px) 600px, 100vw\">                                        <\/a>\n                                                                        <a href=\"https:\/\/www.altermes.fr\/en\/les-infos-du-jour\/droit-des-animaux-le-droit-francais-sadapte\/\"><h3>Droit des animaux : le droit fran\u00e7ais s\u2019adapte<\/h3><\/a>\n                                    <p class=\"use-case-category\"><a href=\"https:\/\/www.altermes.fr\/en\/weblex-importer-categories\/actualites\/\" rel=\"tag\">Actualit\u00e9s<\/a>, <a href=\"https:\/\/www.altermes.fr\/en\/weblex-importer-categories\/infos-juridiques\/\" rel=\"tag\">Infos juridiques<\/a><\/p>\n                                    <p class=\"edc-content\">Les r\u00e8gles fran\u00e7aises concernant la sant\u00e9 des animaux connaissent de nombreux changements pour s\u2019adapter au cadre europ\u00e9en. Tour d\u2019horizon de ces adaptations techniques\u2026Identification et tra...<\/p>                                <\/div>\n                                                                <div class=\"case-study-item weblex-article\">\n                                                                            <a href=\"https:\/\/www.altermes.fr\/en\/les-infos-du-jour\/assurance-chomage-des-nouveautes-issues-de-la-loi-seniors\/\">\n                                            <img decoding=\"async\" width=\"2880\" height=\"1916\" src=\"https:\/\/www.altermes.fr\/wp-content\/uploads\/2025\/11\/Shutterstock_bonusmalus-scaled.jpg\" class=\"attachment-custom-thumbnail size-custom-thumbnail wp-post-image\" alt=\"\" srcset=\"https:\/\/www.altermes.fr\/wp-content\/uploads\/2025\/11\/Shutterstock_bonusmalus-scaled.jpg 2880w, https:\/\/www.altermes.fr\/wp-content\/uploads\/2025\/11\/Shutterstock_bonusmalus-1280x852.jpg 1280w, https:\/\/www.altermes.fr\/wp-content\/uploads\/2025\/11\/Shutterstock_bonusmalus-980x652.jpg 980w, https:\/\/www.altermes.fr\/wp-content\/uploads\/2025\/11\/Shutterstock_bonusmalus-480x319.jpg 480w\" sizes=\"(min-width: 0px) and (max-width: 480px) 480px, (min-width: 481px) and (max-width: 980px) 980px, (min-width: 981px) and (max-width: 1280px) 1280px, (min-width: 1281px) 2880px, 100vw\">                                        <\/a>\n                                                                        <a href=\"https:\/\/www.altermes.fr\/en\/les-infos-du-jour\/assurance-chomage-des-nouveautes-issues-de-la-loi-seniors\/\"><h3>Assurance ch\u00f4mage : des nouveaut\u00e9s issues de la loi \u00ab Seniors \u00bb<\/h3><\/a>\n                                    <p class=\"use-case-category\"><a href=\"https:\/\/www.altermes.fr\/en\/weblex-importer-categories\/actualites\/\" rel=\"tag\">Actualit\u00e9s<\/a>, <a href=\"https:\/\/www.altermes.fr\/en\/weblex-importer-categories\/infos-sociales\/\" rel=\"tag\">Infos Sociales<\/a><\/p>\n                                    <p class=\"edc-content\">Dans la lign\u00e9e de l\u2019avenant au protocole d\u2019Assurance ch\u00f4mage sign\u00e9 le 27 mai dernier par les partenaires sociaux, la loi dite \u00ab Seniors \u00bb vient d\u00e9sormais consacrer plusieurs mesures issues d...<\/p>                                <\/div>\n                                                                <div class=\"case-study-item weblex-article\">\n                                                                            <a href=\"https:\/\/www.altermes.fr\/en\/les-infos-du-jour\/taux-at-mp-nouvelles-fonctionnalites-disponibles\/\">\n                                            <img decoding=\"async\" width=\"600\" height=\"400\" src=\"https:\/\/www.altermes.fr\/wp-content\/uploads\/2025\/11\/Shutterstock_compteATMP.jpg\" class=\"attachment-custom-thumbnail size-custom-thumbnail wp-post-image\" alt=\"\" srcset=\"https:\/\/www.altermes.fr\/wp-content\/uploads\/2025\/11\/Shutterstock_compteATMP.jpg 600w, https:\/\/www.altermes.fr\/wp-content\/uploads\/2025\/11\/Shutterstock_compteATMP-480x320.jpg 480w\" sizes=\"(min-width: 0px) and (max-width: 480px) 480px, (min-width: 481px) 600px, 100vw\">                                        <\/a>\n                                                                        <a href=\"https:\/\/www.altermes.fr\/en\/les-infos-du-jour\/taux-at-mp-nouvelles-fonctionnalites-disponibles\/\"><h3>Taux AT MP : nouvelles fonctionnalit\u00e9s disponibles<\/h3><\/a>\n                                    <p class=\"use-case-category\"><a href=\"https:\/\/www.altermes.fr\/en\/weblex-importer-categories\/actualites\/\" rel=\"tag\">Actualit\u00e9s<\/a>, <a href=\"https:\/\/www.altermes.fr\/en\/weblex-importer-categories\/infos-sociales\/\" rel=\"tag\">Infos Sociales<\/a><\/p>\n                                    <p class=\"edc-content\">Depuis le 23 octobre 2025, le compte entreprise s\u2019est enrichi de 3 nouvelles fonctionnalit\u00e9s utiles aux entreprises et \u00e0 leurs tiers-d\u00e9clarants pour la gestion et la consultation des taux acciden...<\/p>                                <\/div>\n                                                                <div class=\"case-study-item weblex-article\">\n                                                                            <a href=\"https:\/\/www.altermes.fr\/en\/les-infos-du-jour\/taux-at-mp-nouvelles-fonctionnalites-disponibles-2\/\">\n                                            <img decoding=\"async\" width=\"600\" height=\"400\" src=\"https:\/\/www.altermes.fr\/wp-content\/uploads\/2025\/11\/Shutterstock_compteATMP-1.jpg\" class=\"attachment-custom-thumbnail size-custom-thumbnail wp-post-image\" alt=\"\" srcset=\"https:\/\/www.altermes.fr\/wp-content\/uploads\/2025\/11\/Shutterstock_compteATMP-1.jpg 600w, https:\/\/www.altermes.fr\/wp-content\/uploads\/2025\/11\/Shutterstock_compteATMP-1-480x320.jpg 480w\" sizes=\"(min-width: 0px) and (max-width: 480px) 480px, (min-width: 481px) 600px, 100vw\">                                        <\/a>\n                                                                        <a href=\"https:\/\/www.altermes.fr\/en\/les-infos-du-jour\/taux-at-mp-nouvelles-fonctionnalites-disponibles-2\/\"><h3>Taux AT MP : nouvelles fonctionnalit\u00e9s disponibles<\/h3><\/a>\n                                    <p class=\"use-case-category\"><a href=\"https:\/\/www.altermes.fr\/en\/weblex-importer-categories\/actualites\/\" rel=\"tag\">Actualit\u00e9s<\/a>, <a href=\"https:\/\/www.altermes.fr\/en\/weblex-importer-categories\/infos-sociales\/\" rel=\"tag\">Infos Sociales<\/a><\/p>\n                                    <p class=\"edc-content\">Depuis le 23 octobre 2025, le compte entreprise s\u2019est enrichi de 3 nouvelles fonctionnalit\u00e9s utiles aux entreprises et \u00e0 leurs tiers-d\u00e9clarants pour la gestion et la consultation des taux acciden...<\/p>                                <\/div>\n                                                                <div class=\"case-study-item weblex-article\">\n                                                                            <a href=\"https:\/\/www.altermes.fr\/en\/les-infos-du-jour\/cautionnement-proportionnel-aux-revenus-prise-en-compte-des-indemnites-kilometriques\/\">\n                                            <img decoding=\"async\" width=\"600\" height=\"400\" src=\"https:\/\/www.altermes.fr\/wp-content\/uploads\/2025\/11\/Shutterstock_cautoinnementdisproportionne.jpg\" class=\"attachment-custom-thumbnail size-custom-thumbnail wp-post-image\" alt=\"\" srcset=\"https:\/\/www.altermes.fr\/wp-content\/uploads\/2025\/11\/Shutterstock_cautoinnementdisproportionne.jpg 600w, https:\/\/www.altermes.fr\/wp-content\/uploads\/2025\/11\/Shutterstock_cautoinnementdisproportionne-480x320.jpg 480w\" sizes=\"(min-width: 0px) and (max-width: 480px) 480px, (min-width: 481px) 600px, 100vw\">                                        <\/a>\n                                                                        <a href=\"https:\/\/www.altermes.fr\/en\/les-infos-du-jour\/cautionnement-proportionnel-aux-revenus-prise-en-compte-des-indemnites-kilometriques\/\"><h3>Cautionnement proportionnel aux revenus : prise en compte des indemnit\u00e9s kilom\u00e9triques ?<\/h3><\/a>\n                                    <p class=\"use-case-category\"><a href=\"https:\/\/www.altermes.fr\/en\/weblex-importer-categories\/actualites\/\" rel=\"tag\">Actualit\u00e9s<\/a>, <a href=\"https:\/\/www.altermes.fr\/en\/weblex-importer-categories\/infos-juridiques\/\" rel=\"tag\">Infos juridiques<\/a><\/p>\n                                    <p class=\"edc-content\">Pour rappel, le contrat de cautionnement sign\u00e9 par un particulier au profit d\u2019un cr\u00e9ancier professionnel doit \u00eatre proportionn\u00e9 \u00e0 ses revenus et \u00e0 son patrimoine. Encore faut-il se mettre d\u2019...<\/p>                                <\/div>\n                                                                <div class=\"case-study-item weblex-article\">\n                                                                            <a href=\"https:\/\/www.altermes.fr\/en\/les-infos-du-jour\/periode-de-reconversion-un-nouveau-dispositif\/\">\n                                            <img decoding=\"async\" width=\"600\" height=\"400\" src=\"https:\/\/www.altermes.fr\/wp-content\/uploads\/2025\/11\/Shutterstock_periodereconversion.jpg\" class=\"attachment-custom-thumbnail size-custom-thumbnail wp-post-image\" alt=\"\" srcset=\"https:\/\/www.altermes.fr\/wp-content\/uploads\/2025\/11\/Shutterstock_periodereconversion.jpg 600w, https:\/\/www.altermes.fr\/wp-content\/uploads\/2025\/11\/Shutterstock_periodereconversion-480x320.jpg 480w\" sizes=\"(min-width: 0px) and (max-width: 480px) 480px, (min-width: 481px) 600px, 100vw\">                                        <\/a>\n                                                                        <a href=\"https:\/\/www.altermes.fr\/en\/les-infos-du-jour\/periode-de-reconversion-un-nouveau-dispositif\/\"><h3>P\u00e9riode de reconversion : un nouveau dispositif<\/h3><\/a>\n                                    <p class=\"use-case-category\"><a href=\"https:\/\/www.altermes.fr\/en\/weblex-importer-categories\/actualites\/\" rel=\"tag\">Actualit\u00e9s<\/a>, <a href=\"https:\/\/www.altermes.fr\/en\/weblex-importer-categories\/infos-sociales\/\" rel=\"tag\">Infos Sociales<\/a><\/p>\n                                    <p class=\"edc-content\">La p\u00e9riode de reconversion est un nouveau dispositif qui vise \u00e0 faciliter l\u2019organisation d\u2019une transition, d\u2019une promotion ou d\u2019une reconversion professionnelle. Ce nouveau dispositif, qui p...<\/p>                                <\/div>\n                                                                <div class=\"case-study-item weblex-article\">\n                                                                            <a href=\"https:\/\/www.altermes.fr\/en\/les-infos-du-jour\/fin-de-carriere-les-nouveautes-de-la-loi-seniors\/\">\n                                            <img decoding=\"async\" width=\"600\" height=\"400\" src=\"https:\/\/www.altermes.fr\/wp-content\/uploads\/2025\/11\/Shutterstock_retraiteprogressive2028129.jpg\" class=\"attachment-custom-thumbnail size-custom-thumbnail wp-post-image\" alt=\"\" srcset=\"https:\/\/www.altermes.fr\/wp-content\/uploads\/2025\/11\/Shutterstock_retraiteprogressive2028129.jpg 600w, https:\/\/www.altermes.fr\/wp-content\/uploads\/2025\/11\/Shutterstock_retraiteprogressive2028129-480x320.jpg 480w\" sizes=\"(min-width: 0px) and (max-width: 480px) 480px, (min-width: 481px) 600px, 100vw\">                                        <\/a>\n                                                                        <a href=\"https:\/\/www.altermes.fr\/en\/les-infos-du-jour\/fin-de-carriere-les-nouveautes-de-la-loi-seniors\/\"><h3>Fin de carri\u00e8re : les nouveaut\u00e9s de la loi Seniors<\/h3><\/a>\n                                    <p class=\"use-case-category\"><a href=\"https:\/\/www.altermes.fr\/en\/weblex-importer-categories\/actualites\/\" rel=\"tag\">Actualit\u00e9s<\/a>, <a href=\"https:\/\/www.altermes.fr\/en\/weblex-importer-categories\/infos-sociales\/\" rel=\"tag\">Infos Sociales<\/a><\/p>\n                                    <p class=\"edc-content\">Afin de mieux accompagner la transition vers la fin de carri\u00e8re et le passage \u00e0 la retraite, la loi \u00ab Seniors \u00bb introduit plusieurs changements majeurs. Elle renforce notamment les obligations de ...<\/p>                                <\/div>\n                                                                <div class=\"case-study-item weblex-article\">\n                                                                            <a href=\"https:\/\/www.altermes.fr\/en\/les-infos-du-jour\/batteries-et-dechets-de-batteries-gare-aux-contraventions\/\">\n                                            <img decoding=\"async\" width=\"600\" height=\"400\" src=\"https:\/\/www.altermes.fr\/wp-content\/uploads\/2025\/11\/Shutterstock_batteriesanction.jpg\" class=\"attachment-custom-thumbnail size-custom-thumbnail wp-post-image\" alt=\"\" srcset=\"https:\/\/www.altermes.fr\/wp-content\/uploads\/2025\/11\/Shutterstock_batteriesanction.jpg 600w, https:\/\/www.altermes.fr\/wp-content\/uploads\/2025\/11\/Shutterstock_batteriesanction-480x320.jpg 480w\" sizes=\"(min-width: 0px) and (max-width: 480px) 480px, (min-width: 481px) 600px, 100vw\">                                        <\/a>\n                                                                        <a href=\"https:\/\/www.altermes.fr\/en\/les-infos-du-jour\/batteries-et-dechets-de-batteries-gare-aux-contraventions\/\"><h3>Batteries et d\u00e9chets de batteries : gare aux contraventions !<\/h3><\/a>\n                                    <p class=\"use-case-category\"><a href=\"https:\/\/www.altermes.fr\/en\/weblex-importer-categories\/actualites\/\" rel=\"tag\">Actualit\u00e9s<\/a>, <a href=\"https:\/\/www.altermes.fr\/en\/weblex-importer-categories\/infos-juridiques\/\" rel=\"tag\">Infos juridiques<\/a><\/p>\n                                    <p class=\"edc-content\">Parce que les batteries constituent un v\u00e9ritable enjeu environnemental, l\u2019Union europ\u00e9enne a mis en place un r\u00e8glement encadrant leur cycle de vie. Ce cadre fixe un certain nombre d\u2019obligations...<\/p>                                <\/div>\n                                                                <div class=\"case-study-item weblex-article\">\n                                                                            <a href=\"https:\/\/www.altermes.fr\/en\/les-infos-du-jour\/conge-pour-reprise-precisions-sur-le-cas-du-locataire-age\/\">\n                                            <img decoding=\"async\" width=\"600\" height=\"400\" src=\"https:\/\/www.altermes.fr\/wp-content\/uploads\/2025\/11\/Shutterstock_repriselogementlocataire.jpg\" class=\"attachment-custom-thumbnail size-custom-thumbnail wp-post-image\" alt=\"\" srcset=\"https:\/\/www.altermes.fr\/wp-content\/uploads\/2025\/11\/Shutterstock_repriselogementlocataire.jpg 600w, https:\/\/www.altermes.fr\/wp-content\/uploads\/2025\/11\/Shutterstock_repriselogementlocataire-480x320.jpg 480w\" sizes=\"(min-width: 0px) and (max-width: 480px) 480px, (min-width: 481px) 600px, 100vw\">                                        <\/a>\n                                                                        <a href=\"https:\/\/www.altermes.fr\/en\/les-infos-du-jour\/conge-pour-reprise-precisions-sur-le-cas-du-locataire-age\/\"><h3>Cong\u00e9 pour reprise : pr\u00e9cisions sur le cas du locataire \u00e2g\u00e9<\/h3><\/a>\n                                    <p class=\"use-case-category\"><a href=\"https:\/\/www.altermes.fr\/en\/weblex-importer-categories\/actualites\/\" rel=\"tag\">Actualit\u00e9s<\/a>, <a href=\"https:\/\/www.altermes.fr\/en\/weblex-importer-categories\/le-coin-du-dirigeant\/\" rel=\"tag\">Le coin du dirigeant<\/a><\/p>\n                                    <p class=\"edc-content\">Les propri\u00e9taires bailleurs peuvent donner cong\u00e9 \u00e0 leurs locataires \u00e0 l\u2019issue du bail en justifiant de certains motifs, comme la reprise du bien pour habiter. Cependant, certains locataires b\u00e9n...<\/p>                                <\/div>\n                                                                <div class=\"case-study-item weblex-article\">\n                                                                            <a href=\"https:\/\/www.altermes.fr\/en\/les-infos-du-jour\/tese-et-cea-bientot-possible-pour-une-partie-des-salaries-seulement\/\">\n                                            <img decoding=\"async\" width=\"600\" height=\"400\" src=\"https:\/\/www.altermes.fr\/wp-content\/uploads\/2025\/11\/Shutterstock_evolutoinservicesTESE.jpg\" class=\"attachment-custom-thumbnail size-custom-thumbnail wp-post-image\" alt=\"\" srcset=\"https:\/\/www.altermes.fr\/wp-content\/uploads\/2025\/11\/Shutterstock_evolutoinservicesTESE.jpg 600w, https:\/\/www.altermes.fr\/wp-content\/uploads\/2025\/11\/Shutterstock_evolutoinservicesTESE-480x320.jpg 480w\" sizes=\"(min-width: 0px) and (max-width: 480px) 480px, (min-width: 481px) 600px, 100vw\">                                        <\/a>\n                                                                        <a href=\"https:\/\/www.altermes.fr\/en\/les-infos-du-jour\/tese-et-cea-bientot-possible-pour-une-partie-des-salaries-seulement\/\"><h3>TESE et CEA : bient\u00f4t possible pour une partie des salari\u00e9s seulement<\/h3><\/a>\n                                    <p class=\"use-case-category\"><a href=\"https:\/\/www.altermes.fr\/en\/weblex-importer-categories\/actualites\/\" rel=\"tag\">Actualit\u00e9s<\/a>, <a href=\"https:\/\/www.altermes.fr\/en\/weblex-importer-categories\/infos-sociales\/\" rel=\"tag\">Infos Sociales<\/a><\/p>\n                                    <p class=\"edc-content\">\u00c0 compter du 1er janvier 2026, les employeurs utilisant le Titre emploi service entreprise (TESE) ou le Ch\u00e8que emploi association (CEA) pourront choisir de g\u00e9rer tout ou partie de leurs salari\u00e9s v...<\/p>                                <\/div>\n                                                                <div class=\"case-study-item weblex-article\">\n                                                                            <a href=\"https:\/\/www.altermes.fr\/en\/les-infos-du-jour\/economie-bleue-une-feuille-de-route-speciale-nautisme-et-plaisance\/\">\n                                            <img decoding=\"async\" width=\"600\" height=\"400\" src=\"https:\/\/www.altermes.fr\/wp-content\/uploads\/2025\/10\/Shutterstock_nautismeetplaisance.jpg\" class=\"attachment-custom-thumbnail size-custom-thumbnail wp-post-image\" alt=\"\" srcset=\"https:\/\/www.altermes.fr\/wp-content\/uploads\/2025\/10\/Shutterstock_nautismeetplaisance.jpg 600w, https:\/\/www.altermes.fr\/wp-content\/uploads\/2025\/10\/Shutterstock_nautismeetplaisance-480x320.jpg 480w\" sizes=\"(min-width: 0px) and (max-width: 480px) 480px, (min-width: 481px) 600px, 100vw\">                                        <\/a>\n                                                                        <a href=\"https:\/\/www.altermes.fr\/en\/les-infos-du-jour\/economie-bleue-une-feuille-de-route-speciale-nautisme-et-plaisance\/\"><h3>\u00c9conomie bleue : une feuille de route sp\u00e9ciale nautisme et plaisance !<\/h3><\/a>\n                                    <p class=\"use-case-category\"><a href=\"https:\/\/www.altermes.fr\/en\/weblex-importer-categories\/actualites\/\" rel=\"tag\">Actualit\u00e9s<\/a>, <a href=\"https:\/\/www.altermes.fr\/en\/weblex-importer-categories\/infos-juridiques\/\" rel=\"tag\">Infos juridiques<\/a><\/p>\n                                    <p class=\"edc-content\">Plus de 6 000 : c\u2019est le nombre d\u2019entreprises qui interviennent dans le secteur de l\u2019industrie et des services nautiques. Parce que ces secteurs repr\u00e9sentent un enjeu \u00e9conomique et environneme...<\/p>                                <\/div>\n                                                                <div class=\"case-study-item weblex-article\">\n                                                                            <a href=\"https:\/\/www.altermes.fr\/en\/les-infos-du-jour\/travail-des-seniors-un-nouveau-theme-de-negociation-obligatoire\/\">\n                                            <img decoding=\"async\" width=\"600\" height=\"400\" src=\"https:\/\/www.altermes.fr\/wp-content\/uploads\/2025\/10\/Shutterstock_negotravailsenior.jpg\" class=\"attachment-custom-thumbnail size-custom-thumbnail wp-post-image\" alt=\"\" srcset=\"https:\/\/www.altermes.fr\/wp-content\/uploads\/2025\/10\/Shutterstock_negotravailsenior.jpg 600w, https:\/\/www.altermes.fr\/wp-content\/uploads\/2025\/10\/Shutterstock_negotravailsenior-480x320.jpg 480w\" sizes=\"(min-width: 0px) and (max-width: 480px) 480px, (min-width: 481px) 600px, 100vw\">                                        <\/a>\n                                                                        <a href=\"https:\/\/www.altermes.fr\/en\/les-infos-du-jour\/travail-des-seniors-un-nouveau-theme-de-negociation-obligatoire\/\"><h3>Travail des seniors : un nouveau th\u00e8me de n\u00e9gociation obligatoire<\/h3><\/a>\n                                    <p class=\"use-case-category\"><a href=\"https:\/\/www.altermes.fr\/en\/weblex-importer-categories\/actualites\/\" rel=\"tag\">Actualit\u00e9s<\/a>, <a href=\"https:\/\/www.altermes.fr\/en\/weblex-importer-categories\/infos-sociales\/\" rel=\"tag\">Infos Sociales<\/a><\/p>\n                                    <p class=\"edc-content\">Depuis le 26 octobre 2025, les grandes entreprises comptant plus de 300 salari\u00e9s doivent d\u00e9sormais obligatoirement n\u00e9gocier tous les 3 ans (ou 4 ans maximum) sur l\u2019emploi des seniors. Objectif : ...<\/p>                                <\/div>\n                                                                <div class=\"case-study-item weblex-article\">\n                                                                            <a href=\"https:\/\/www.altermes.fr\/en\/les-infos-du-jour\/evolution-du-dialogue-social-une-nouveaute-pour-les-elus-du-cse\/\">\n                                            <img decoding=\"async\" width=\"600\" height=\"400\" src=\"https:\/\/www.altermes.fr\/wp-content\/uploads\/2025\/10\/Shutterstock_mandatsCSE.jpg\" class=\"attachment-custom-thumbnail size-custom-thumbnail wp-post-image\" alt=\"\" srcset=\"https:\/\/www.altermes.fr\/wp-content\/uploads\/2025\/10\/Shutterstock_mandatsCSE.jpg 600w, https:\/\/www.altermes.fr\/wp-content\/uploads\/2025\/10\/Shutterstock_mandatsCSE-480x320.jpg 480w\" sizes=\"(min-width: 0px) and (max-width: 480px) 480px, (min-width: 481px) 600px, 100vw\">                                        <\/a>\n                                                                        <a href=\"https:\/\/www.altermes.fr\/en\/les-infos-du-jour\/evolution-du-dialogue-social-une-nouveaute-pour-les-elus-du-cse\/\"><h3>\u00c9volution du dialogue social : une nouveaut\u00e9 pour les \u00e9lus du CSE<\/h3><\/a>\n                                    <p class=\"use-case-category\"><a href=\"https:\/\/www.altermes.fr\/en\/weblex-importer-categories\/actualites\/\" rel=\"tag\">Actualit\u00e9s<\/a>, <a href=\"https:\/\/www.altermes.fr\/en\/weblex-importer-categories\/infos-sociales\/\" rel=\"tag\">Infos Sociales<\/a><\/p>\n                                    <p class=\"edc-content\">Si, jusqu\u2019alors, le nombre de mandats successifs d\u2019\u00e9lus au CSE est limit\u00e9 \u00e0 3 dans les entreprises de plus de 50 salari\u00e9s, cette limitation pourrait bien prendre fin. Pour quelles cons\u00e9quence...<\/p>                                <\/div>\n                                                                <div class=\"case-study-item weblex-article\">\n                                                                            <a href=\"https:\/\/www.altermes.fr\/en\/les-infos-du-jour\/associations-vers-plus-de-protection-des-victimes-de-derives-sectaires\/\">\n                                            <img decoding=\"async\" width=\"600\" height=\"400\" src=\"https:\/\/www.altermes.fr\/wp-content\/uploads\/2025\/10\/Shutterstock_agrementeassociation.jpg\" class=\"attachment-custom-thumbnail size-custom-thumbnail wp-post-image\" alt=\"\" srcset=\"https:\/\/www.altermes.fr\/wp-content\/uploads\/2025\/10\/Shutterstock_agrementeassociation.jpg 600w, https:\/\/www.altermes.fr\/wp-content\/uploads\/2025\/10\/Shutterstock_agrementeassociation-480x320.jpg 480w\" sizes=\"(min-width: 0px) and (max-width: 480px) 480px, (min-width: 481px) 600px, 100vw\">                                        <\/a>\n                                                                        <a href=\"https:\/\/www.altermes.fr\/en\/les-infos-du-jour\/associations-vers-plus-de-protection-des-victimes-de-derives-sectaires\/\"><h3>Associations : vers plus de protection des victimes de d\u00e9rives sectaires ?<\/h3><\/a>\n                                    <p class=\"use-case-category\"><a href=\"https:\/\/www.altermes.fr\/en\/weblex-importer-categories\/actualites\/\" rel=\"tag\">Actualit\u00e9s<\/a>, <a href=\"https:\/\/www.altermes.fr\/en\/weblex-importer-categories\/infos-juridiques\/\" rel=\"tag\">Infos juridiques<\/a><\/p>\n                                    <p class=\"edc-content\">Dans les proc\u00e9dures p\u00e9nales li\u00e9es \u00e0 de potentielles d\u00e9rives sectaires et \u00e0 un \u00e9tat de suj\u00e9tion psychologique ou physique de victimes suppos\u00e9es, ces derni\u00e8res peuvent \u00eatre accompagn\u00e9es dans...<\/p>                                <\/div>\n                                                                <div class=\"case-study-item weblex-article\">\n                                                                            <a href=\"https:\/\/www.altermes.fr\/en\/les-infos-du-jour\/loi-travail-des-seniors-un-nouveau-cdi-de-valorisation-de-lexperience\/\">\n                                            <img decoding=\"async\" width=\"600\" height=\"400\" src=\"https:\/\/www.altermes.fr\/wp-content\/uploads\/2025\/10\/Shutterstock_CDICVE.jpg\" class=\"attachment-custom-thumbnail size-custom-thumbnail wp-post-image\" alt=\"\" srcset=\"https:\/\/www.altermes.fr\/wp-content\/uploads\/2025\/10\/Shutterstock_CDICVE.jpg 600w, https:\/\/www.altermes.fr\/wp-content\/uploads\/2025\/10\/Shutterstock_CDICVE-480x320.jpg 480w\" sizes=\"(min-width: 0px) and (max-width: 480px) 480px, (min-width: 481px) 600px, 100vw\">                                        <\/a>\n                                                                        <a href=\"https:\/\/www.altermes.fr\/en\/les-infos-du-jour\/loi-travail-des-seniors-un-nouveau-cdi-de-valorisation-de-lexperience\/\"><h3>Loi travail des seniors : un nouveau CDI de valorisation de l\u2019exp\u00e9rience<\/h3><\/a>\n                                    <p class=\"use-case-category\"><a href=\"https:\/\/www.altermes.fr\/en\/weblex-importer-categories\/actualites\/\" rel=\"tag\">Actualit\u00e9s<\/a>, <a href=\"https:\/\/www.altermes.fr\/en\/weblex-importer-categories\/infos-sociales\/\" rel=\"tag\">Infos Sociales<\/a><\/p>\n                                    <p class=\"edc-content\">Afin de favoriser l\u2019insertion des travailleurs seniors sur le march\u00e9 du travail, la loi dite \u00ab travail des seniors \u00bb a mis en place un nouveau CDI exp\u00e9rimental, intitul\u00e9 \u00ab contrat de valorisat...<\/p>                                <\/div>\n                                                                <div class=\"case-study-item weblex-article\">\n                                                                            <a href=\"https:\/\/www.altermes.fr\/en\/les-infos-du-jour\/entretien-professionnel-remplace-par-lentretien-de-parcours-professionnel\/\">\n                                            <img decoding=\"async\" width=\"600\" height=\"400\" src=\"https:\/\/www.altermes.fr\/wp-content\/uploads\/2025\/10\/Shutterstock_entretienparcourspro.jpg\" class=\"attachment-custom-thumbnail size-custom-thumbnail wp-post-image\" alt=\"\" srcset=\"https:\/\/www.altermes.fr\/wp-content\/uploads\/2025\/10\/Shutterstock_entretienparcourspro.jpg 600w, https:\/\/www.altermes.fr\/wp-content\/uploads\/2025\/10\/Shutterstock_entretienparcourspro-480x320.jpg 480w\" sizes=\"(min-width: 0px) and (max-width: 480px) 480px, (min-width: 481px) 600px, 100vw\">                                        <\/a>\n                                                                        <a href=\"https:\/\/www.altermes.fr\/en\/les-infos-du-jour\/entretien-professionnel-remplace-par-lentretien-de-parcours-professionnel\/\"><h3>Entretien professionnel : remplac\u00e9 par l\u2019entretien de parcours professionnel<\/h3><\/a>\n                                    <p class=\"use-case-category\"><a href=\"https:\/\/www.altermes.fr\/en\/weblex-importer-categories\/actualites\/\" rel=\"tag\">Actualit\u00e9s<\/a>, <a href=\"https:\/\/www.altermes.fr\/en\/weblex-importer-categories\/infos-sociales\/\" rel=\"tag\">Infos Sociales<\/a><\/p>\n                                    <p class=\"edc-content\">L\u2019entretien professionnel, en vigueur jusqu\u2019alors, vient tout juste de faire l\u2019objet d\u2019une profonde r\u00e9novation visant \u00e0 le transformer en un \u00ab entretien de parcours professionnel \u00bb. Quelle...<\/p>                                <\/div>\n                                                                <div class=\"case-study-item weblex-article\">\n                                                                            <a href=\"https:\/\/www.altermes.fr\/en\/les-infos-du-jour\/evaluation-du-salarie-sur-quels-criteres\/\">\n                                            <img decoding=\"async\" width=\"600\" height=\"400\" src=\"https:\/\/www.altermes.fr\/wp-content\/uploads\/2025\/10\/Shutterstock_critereevolutionsalaries.jpg\" class=\"attachment-custom-thumbnail size-custom-thumbnail wp-post-image\" alt=\"\" srcset=\"https:\/\/www.altermes.fr\/wp-content\/uploads\/2025\/10\/Shutterstock_critereevolutionsalaries.jpg 600w, https:\/\/www.altermes.fr\/wp-content\/uploads\/2025\/10\/Shutterstock_critereevolutionsalaries-480x320.jpg 480w\" sizes=\"(min-width: 0px) and (max-width: 480px) 480px, (min-width: 481px) 600px, 100vw\">                                        <\/a>\n                                                                        <a href=\"https:\/\/www.altermes.fr\/en\/les-infos-du-jour\/evaluation-du-salarie-sur-quels-criteres\/\"><h3>\u00c9valuation du salari\u00e9 : sur quels crit\u00e8res ?<\/h3><\/a>\n                                    <p class=\"use-case-category\"><a href=\"https:\/\/www.altermes.fr\/en\/weblex-importer-categories\/actualites\/\" rel=\"tag\">Actualit\u00e9s<\/a>, <a href=\"https:\/\/www.altermes.fr\/en\/weblex-importer-categories\/infos-sociales\/\" rel=\"tag\">Infos Sociales<\/a><\/p>\n                                    <p class=\"edc-content\">Si l\u2019employeur peut \u00e9valuer le travail et les comp\u00e9tences professionnelles des salari\u00e9s, c\u2019est \u00e0 la seule condition que la m\u00e9thode d\u2019\u00e9valuation r\u00e9ponde \u00e0 des crit\u00e8res pr\u00e9cis, objectifs...<\/p>                                <\/div>\n                                                                <div class=\"case-study-item weblex-article\">\n                                                                            <a href=\"https:\/\/www.altermes.fr\/en\/les-infos-du-jour\/abus-de-biens-sociaux-illustration-des-circonstances-aggravantes\/\">\n                                            <img decoding=\"async\" width=\"600\" height=\"400\" src=\"https:\/\/www.altermes.fr\/wp-content\/uploads\/2025\/10\/Shutterstock_abusdebienssociaux.jpg\" class=\"attachment-custom-thumbnail size-custom-thumbnail wp-post-image\" alt=\"\" srcset=\"https:\/\/www.altermes.fr\/wp-content\/uploads\/2025\/10\/Shutterstock_abusdebienssociaux.jpg 600w, https:\/\/www.altermes.fr\/wp-content\/uploads\/2025\/10\/Shutterstock_abusdebienssociaux-480x320.jpg 480w\" sizes=\"(min-width: 0px) and (max-width: 480px) 480px, (min-width: 481px) 600px, 100vw\">                                        <\/a>\n                                                                        <a href=\"https:\/\/www.altermes.fr\/en\/les-infos-du-jour\/abus-de-biens-sociaux-illustration-des-circonstances-aggravantes\/\"><h3>Abus de biens sociaux : illustration des circonstances aggravantes<\/h3><\/a>\n                                    <p class=\"use-case-category\"><a href=\"https:\/\/www.altermes.fr\/en\/weblex-importer-categories\/actualites\/\" rel=\"tag\">Actualit\u00e9s<\/a>, <a href=\"https:\/\/www.altermes.fr\/en\/weblex-importer-categories\/infos-juridiques\/\" rel=\"tag\">Infos juridiques<\/a><\/p>\n                                    <p class=\"edc-content\">Lorsque le dirigeant d\u2019une soci\u00e9t\u00e9 profite de ses pr\u00e9rogatives pour d\u00e9tourner des biens de la soci\u00e9t\u00e9 pour son profit, il encourt une condamnation pour abus de biens sociaux. Une condamnation ...<\/p>                                <\/div>\n                                                                <div class=\"case-study-item weblex-article\">\n                                                                            <a href=\"https:\/\/www.altermes.fr\/en\/les-infos-du-jour\/ccmi-un-dirigeant-responsable-pour-un-contrat-quil-na-pas-signe\/\">\n                                            <img decoding=\"async\" width=\"600\" height=\"400\" src=\"https:\/\/www.altermes.fr\/wp-content\/uploads\/2025\/10\/Shutterstock_garantiedepaiement.jpg\" class=\"attachment-custom-thumbnail size-custom-thumbnail wp-post-image\" alt=\"\" srcset=\"https:\/\/www.altermes.fr\/wp-content\/uploads\/2025\/10\/Shutterstock_garantiedepaiement.jpg 600w, https:\/\/www.altermes.fr\/wp-content\/uploads\/2025\/10\/Shutterstock_garantiedepaiement-480x320.jpg 480w\" sizes=\"(min-width: 0px) and (max-width: 480px) 480px, (min-width: 481px) 600px, 100vw\">                                        <\/a>\n                                                                        <a href=\"https:\/\/www.altermes.fr\/en\/les-infos-du-jour\/ccmi-un-dirigeant-responsable-pour-un-contrat-quil-na-pas-signe\/\"><h3>CCMI : un dirigeant responsable pour un contrat qu\u2019il n\u2019a pas sign\u00e9 ?<\/h3><\/a>\n                                    <p class=\"use-case-category\"><a href=\"https:\/\/www.altermes.fr\/en\/weblex-importer-categories\/actualites\/\" rel=\"tag\">Actualit\u00e9s<\/a>, <a href=\"https:\/\/www.altermes.fr\/en\/weblex-importer-categories\/infos-juridiques\/\" rel=\"tag\">Infos juridiques<\/a><\/p>\n                                    <p class=\"edc-content\">Dans le cadre d\u2019un contrat de construction de maison individuelle (CCMI), le constructeur qui souhaite faire appel \u00e0 un sous-traitant doit lui garantir le paiement des sommes qui lui sont dues. Que...<\/p>                                <\/div>\n                                                                <div class=\"case-study-item weblex-article\">\n                                                                            <a href=\"https:\/\/www.altermes.fr\/en\/les-infos-du-jour\/sante-mentale-au-travail-publication-de-la-charte-dengagement\/\">\n                                            <img decoding=\"async\" width=\"600\" height=\"400\" src=\"https:\/\/www.altermes.fr\/wp-content\/uploads\/2025\/10\/Shutterstock_engagementsantementale.jpg\" class=\"attachment-custom-thumbnail size-custom-thumbnail wp-post-image\" alt=\"\" srcset=\"https:\/\/www.altermes.fr\/wp-content\/uploads\/2025\/10\/Shutterstock_engagementsantementale.jpg 600w, https:\/\/www.altermes.fr\/wp-content\/uploads\/2025\/10\/Shutterstock_engagementsantementale-480x320.jpg 480w\" sizes=\"(min-width: 0px) and (max-width: 480px) 480px, (min-width: 481px) 600px, 100vw\">                                        <\/a>\n                                                                        <a href=\"https:\/\/www.altermes.fr\/en\/les-infos-du-jour\/sante-mentale-au-travail-publication-de-la-charte-dengagement\/\"><h3>Sant\u00e9 mentale au travail : publication de la charte d\u2019engagement<\/h3><\/a>\n                                    <p class=\"use-case-category\"><a href=\"https:\/\/www.altermes.fr\/en\/weblex-importer-categories\/actualites\/\" rel=\"tag\">Actualit\u00e9s<\/a>, <a href=\"https:\/\/www.altermes.fr\/en\/weblex-importer-categories\/infos-sociales\/\" rel=\"tag\">Infos Sociales<\/a><\/p>\n                                    <p class=\"edc-content\">Cet \u00e9t\u00e9, le gouvernement a lanc\u00e9 la 1re Charte promouvant la sant\u00e9 mentale au travail. Cette initiative, \u00e9galement port\u00e9e par l\u2019Alliance pour la sant\u00e9 mentale, vise \u00e0 mobiliser les entrepris...<\/p>                                <\/div>\n                                                                <div class=\"case-study-item weblex-article\">\n                                                                            <a href=\"https:\/\/www.altermes.fr\/en\/les-infos-du-jour\/sante-et-securite-des-travailleurs-nouvel-engagement-international-de-la-france\/\">\n                                            <img decoding=\"async\" width=\"600\" height=\"400\" src=\"https:\/\/www.altermes.fr\/wp-content\/uploads\/2025\/10\/Shutterstock_ratificationconvention.jpg\" class=\"attachment-custom-thumbnail size-custom-thumbnail wp-post-image\" alt=\"\" srcset=\"https:\/\/www.altermes.fr\/wp-content\/uploads\/2025\/10\/Shutterstock_ratificationconvention.jpg 600w, https:\/\/www.altermes.fr\/wp-content\/uploads\/2025\/10\/Shutterstock_ratificationconvention-480x320.jpg 480w\" sizes=\"(min-width: 0px) and (max-width: 480px) 480px, (min-width: 481px) 600px, 100vw\">                                        <\/a>\n                                                                        <a href=\"https:\/\/www.altermes.fr\/en\/les-infos-du-jour\/sante-et-securite-des-travailleurs-nouvel-engagement-international-de-la-france\/\"><h3>Sant\u00e9 et s\u00e9curit\u00e9 des travailleurs : nouvel engagement international de la France<\/h3><\/a>\n                                    <p class=\"use-case-category\"><a href=\"https:\/\/www.altermes.fr\/en\/weblex-importer-categories\/actualites\/\" rel=\"tag\">Actualit\u00e9s<\/a>, <a href=\"https:\/\/www.altermes.fr\/en\/weblex-importer-categories\/infos-sociales\/\" rel=\"tag\">Infos Sociales<\/a><\/p>\n                                    <p class=\"edc-content\">Adopt\u00e9 \u00e0 l\u2019unanimit\u00e9 par le Parlement, le projet de loi ouvre la voie \u00e0 une ratification formelle par le pr\u00e9sident de la R\u00e9publique de la Convention 155 de l\u2019Organisation Internationale du T...<\/p>                                <\/div>\n                                                                <div class=\"case-study-item weblex-article\">\n                                                                            <a href=\"https:\/\/www.altermes.fr\/en\/les-infos-du-jour\/convention-reglementee-non-autorisee-quelle-responsabilite-du-gerant\/\">\n                                            <img decoding=\"async\" width=\"600\" height=\"400\" src=\"https:\/\/www.altermes.fr\/wp-content\/uploads\/2025\/10\/Shutterstock_conventionreglementee.jpg\" class=\"attachment-custom-thumbnail size-custom-thumbnail wp-post-image\" alt=\"\" srcset=\"https:\/\/www.altermes.fr\/wp-content\/uploads\/2025\/10\/Shutterstock_conventionreglementee.jpg 600w, https:\/\/www.altermes.fr\/wp-content\/uploads\/2025\/10\/Shutterstock_conventionreglementee-480x320.jpg 480w\" sizes=\"(min-width: 0px) and (max-width: 480px) 480px, (min-width: 481px) 600px, 100vw\">                                        <\/a>\n                                                                        <a href=\"https:\/\/www.altermes.fr\/en\/les-infos-du-jour\/convention-reglementee-non-autorisee-quelle-responsabilite-du-gerant\/\"><h3>Convention r\u00e9glement\u00e9e non autoris\u00e9e : quelle responsabilit\u00e9 du g\u00e9rant ?<\/h3><\/a>\n                                    <p class=\"use-case-category\"><a href=\"https:\/\/www.altermes.fr\/en\/weblex-importer-categories\/actualites\/\" rel=\"tag\">Actualit\u00e9s<\/a>, <a href=\"https:\/\/www.altermes.fr\/en\/weblex-importer-categories\/infos-juridiques\/\" rel=\"tag\">Infos juridiques<\/a><\/p>\n                                    <p class=\"edc-content\">Les conventions conclues entre une soci\u00e9t\u00e9 et un dirigeant ou un associ\u00e9, connues sous le nom de \u00ab conventions r\u00e9glement\u00e9es \u00bb font l\u2019objet, en principe, d\u2019une approbation par l\u2019organe com...<\/p>                                <\/div>\n                                                                <div class=\"case-study-item weblex-article\">\n                                                                            <a href=\"https:\/\/www.altermes.fr\/en\/les-infos-du-jour\/permis-moto-du-nouveau\/\">\n                                            <img decoding=\"async\" width=\"600\" height=\"400\" src=\"https:\/\/www.altermes.fr\/wp-content\/uploads\/2025\/10\/Shutterstock_modalitesexamen.jpg\" class=\"attachment-custom-thumbnail size-custom-thumbnail wp-post-image\" alt=\"\" srcset=\"https:\/\/www.altermes.fr\/wp-content\/uploads\/2025\/10\/Shutterstock_modalitesexamen.jpg 600w, https:\/\/www.altermes.fr\/wp-content\/uploads\/2025\/10\/Shutterstock_modalitesexamen-480x320.jpg 480w\" sizes=\"(min-width: 0px) and (max-width: 480px) 480px, (min-width: 481px) 600px, 100vw\">                                        <\/a>\n                                                                        <a href=\"https:\/\/www.altermes.fr\/en\/les-infos-du-jour\/permis-moto-du-nouveau\/\"><h3>Permis moto : du nouveau  !<\/h3><\/a>\n                                    <p class=\"use-case-category\"><a href=\"https:\/\/www.altermes.fr\/en\/weblex-importer-categories\/actualites\/\" rel=\"tag\">Actualit\u00e9s<\/a>, <a href=\"https:\/\/www.altermes.fr\/en\/weblex-importer-categories\/infos-juridiques\/\" rel=\"tag\">Infos juridiques<\/a><\/p>\n                                    <p class=\"edc-content\">Pour obtenir un permis de conduire, il faut passer avec succ\u00e8s des examens dont les modalit\u00e9s pratiques sont encadr\u00e9es par les pouvoirs publics. Or, \u00e0 partir du 1er novembre 2025, les temps d\u2019ex...<\/p>                                <\/div>\n                                                                <div class=\"case-study-item weblex-article\">\n                                                                            <a href=\"https:\/\/www.altermes.fr\/en\/les-infos-du-jour\/passeport-prevention-disponible-pour-les-employeurs\/\">\n                                            <img decoding=\"async\" width=\"600\" height=\"400\" src=\"https:\/\/www.altermes.fr\/wp-content\/uploads\/2025\/10\/Shutterstock_passeportprevention_0.jpg\" class=\"attachment-custom-thumbnail size-custom-thumbnail wp-post-image\" alt=\"\" srcset=\"https:\/\/www.altermes.fr\/wp-content\/uploads\/2025\/10\/Shutterstock_passeportprevention_0.jpg 600w, https:\/\/www.altermes.fr\/wp-content\/uploads\/2025\/10\/Shutterstock_passeportprevention_0-480x320.jpg 480w\" sizes=\"(min-width: 0px) and (max-width: 480px) 480px, (min-width: 481px) 600px, 100vw\">                                        <\/a>\n                                                                        <a href=\"https:\/\/www.altermes.fr\/en\/les-infos-du-jour\/passeport-prevention-disponible-pour-les-employeurs\/\"><h3>Passeport pr\u00e9vention : disponible pour les employeurs  ?<\/h3><\/a>\n                                    <p class=\"use-case-category\"><a href=\"https:\/\/www.altermes.fr\/en\/weblex-importer-categories\/actualites\/\" rel=\"tag\">Actualit\u00e9s<\/a>, <a href=\"https:\/\/www.altermes.fr\/en\/weblex-importer-categories\/infos-sociales\/\" rel=\"tag\">Infos Sociales<\/a><\/p>\n                                    <p class=\"edc-content\">C\u2019est annonc\u00e9 : d\u00e8s le 16 mars 2026, les employeurs auront, eux aussi, acc\u00e8s \u00e0 leur espace personnel de pr\u00e9vention pour d\u00e9clarer et v\u00e9rifier les formations en sant\u00e9 et s\u00e9curit\u00e9 au travail ...<\/p>                                <\/div>\n                                                                <div class=\"case-study-item weblex-article\">\n                                                                            <a href=\"https:\/\/www.altermes.fr\/en\/les-infos-du-jour\/cheque-energie-ouverture-du-guichet\/\">\n                                            <img decoding=\"async\" width=\"600\" height=\"400\" src=\"https:\/\/www.altermes.fr\/wp-content\/uploads\/2025\/10\/Shutterstock_chequeenergieguichet.jpg\" class=\"attachment-custom-thumbnail size-custom-thumbnail wp-post-image\" alt=\"\" srcset=\"https:\/\/www.altermes.fr\/wp-content\/uploads\/2025\/10\/Shutterstock_chequeenergieguichet.jpg 600w, https:\/\/www.altermes.fr\/wp-content\/uploads\/2025\/10\/Shutterstock_chequeenergieguichet-480x320.jpg 480w\" sizes=\"(min-width: 0px) and (max-width: 480px) 480px, (min-width: 481px) 600px, 100vw\">                                        <\/a>\n                                                                        <a href=\"https:\/\/www.altermes.fr\/en\/les-infos-du-jour\/cheque-energie-ouverture-du-guichet\/\"><h3>Ch\u00e8que \u00e9nergie : ouverture du guichet<\/h3><\/a>\n                                    <p class=\"use-case-category\"><a href=\"https:\/\/www.altermes.fr\/en\/weblex-importer-categories\/actualites\/\" rel=\"tag\">Actualit\u00e9s<\/a>, <a href=\"https:\/\/www.altermes.fr\/en\/weblex-importer-categories\/le-coin-du-dirigeant\/\" rel=\"tag\">Le coin du dirigeant<\/a><\/p>\n                                    <p class=\"edc-content\">En principe, les m\u00e9nages \u00e9ligibles recevront leur ch\u00e8que \u00e9nergie automatiquement au mois de novembre. Cependant, certains b\u00e9n\u00e9ficiaires peuvent ne pas avoir \u00e9t\u00e9 identifi\u00e9s directement par les...<\/p>                                <\/div>\n                                                                <div class=\"case-study-item weblex-article\">\n                                                                            <a href=\"https:\/\/www.altermes.fr\/en\/les-infos-du-jour\/on-connait-le-montant-du-plafond-de-la-securite-sociale-au-1er-janvier-2026\/\">\n                                            <img decoding=\"async\" width=\"600\" height=\"400\" src=\"https:\/\/www.altermes.fr\/wp-content\/uploads\/2025\/10\/Shutterstock_augmentationPMSS.jpg\" class=\"attachment-custom-thumbnail size-custom-thumbnail wp-post-image\" alt=\"\" srcset=\"https:\/\/www.altermes.fr\/wp-content\/uploads\/2025\/10\/Shutterstock_augmentationPMSS.jpg 600w, https:\/\/www.altermes.fr\/wp-content\/uploads\/2025\/10\/Shutterstock_augmentationPMSS-480x320.jpg 480w\" sizes=\"(min-width: 0px) and (max-width: 480px) 480px, (min-width: 481px) 600px, 100vw\">                                        <\/a>\n                                                                        <a href=\"https:\/\/www.altermes.fr\/en\/les-infos-du-jour\/on-connait-le-montant-du-plafond-de-la-securite-sociale-au-1er-janvier-2026\/\"><h3>On conna\u00eet le montant du plafond de la S\u00e9curit\u00e9 sociale au 1er janvier 2026 !<\/h3><\/a>\n                                    <p class=\"use-case-category\"><a href=\"https:\/\/www.altermes.fr\/en\/weblex-importer-categories\/actualites\/\" rel=\"tag\">Actualit\u00e9s<\/a>, <a href=\"https:\/\/www.altermes.fr\/en\/weblex-importer-categories\/infos-sociales\/\" rel=\"tag\">Infos Sociales<\/a><\/p>\n                                    <p class=\"edc-content\">Le plafond de la S\u00e9curit\u00e9 sociale est le montant maximum en euros des r\u00e9mun\u00e9rations ou gains \u00e0 prendre en compte pour le calcul de certaines cotisations. Il est fonction de la p\u00e9riodicit\u00e9 de la...<\/p>                                <\/div>\n                                                                <div class=\"case-study-item weblex-article\">\n                                                                            <a href=\"https:\/\/www.altermes.fr\/en\/les-infos-du-jour\/plus-value-immobiliere-pas-dexoneration-pour-une-residence-principale-temporaire\/\">\n                                            <img decoding=\"async\" width=\"600\" height=\"400\" src=\"https:\/\/www.altermes.fr\/wp-content\/uploads\/2025\/10\/Shutterstock_exonerationpvresidence.jpg\" class=\"attachment-custom-thumbnail size-custom-thumbnail wp-post-image\" alt=\"\" srcset=\"https:\/\/www.altermes.fr\/wp-content\/uploads\/2025\/10\/Shutterstock_exonerationpvresidence.jpg 600w, https:\/\/www.altermes.fr\/wp-content\/uploads\/2025\/10\/Shutterstock_exonerationpvresidence-480x320.jpg 480w\" sizes=\"(min-width: 0px) and (max-width: 480px) 480px, (min-width: 481px) 600px, 100vw\">                                        <\/a>\n                                                                        <a href=\"https:\/\/www.altermes.fr\/en\/les-infos-du-jour\/plus-value-immobiliere-pas-dexoneration-pour-une-residence-principale-temporaire\/\"><h3>Plus-value immobili\u00e8re : pas d\u2019exon\u00e9ration pour une r\u00e9sidence principale \u00ab temporaire \u00bb ?<\/h3><\/a>\n                                    <p class=\"use-case-category\"><a href=\"https:\/\/www.altermes.fr\/en\/weblex-importer-categories\/actualites\/\" rel=\"tag\">Actualit\u00e9s<\/a>, <a href=\"https:\/\/www.altermes.fr\/en\/weblex-importer-categories\/le-coin-du-dirigeant\/\" rel=\"tag\">Le coin du dirigeant<\/a><\/p>\n                                    <p class=\"edc-content\">C\u2019est une des exon\u00e9rations fiscales les plus connues : la plus-value d\u00e9gag\u00e9e \u00e0 l\u2019occasion de la vente de votre r\u00e9sidence principale est, par principe, exon\u00e9r\u00e9e d\u2019imp\u00f4t sur le revenu. Si ...<\/p>                                <\/div>\n                                                                <div class=\"case-study-item weblex-article\">\n                                                                            <a href=\"https:\/\/www.altermes.fr\/en\/les-infos-du-jour\/agriculture-le-points-sur-les-aides-en-octobre-2025\/\">\n                                            <img decoding=\"async\" width=\"600\" height=\"400\" src=\"https:\/\/www.altermes.fr\/wp-content\/uploads\/2025\/10\/Shutterstock_agrisgeneral.jpg\" class=\"attachment-custom-thumbnail size-custom-thumbnail wp-post-image\" alt=\"\" srcset=\"https:\/\/www.altermes.fr\/wp-content\/uploads\/2025\/10\/Shutterstock_agrisgeneral.jpg 600w, https:\/\/www.altermes.fr\/wp-content\/uploads\/2025\/10\/Shutterstock_agrisgeneral-480x320.jpg 480w\" sizes=\"(min-width: 0px) and (max-width: 480px) 480px, (min-width: 481px) 600px, 100vw\">                                        <\/a>\n                                                                        <a href=\"https:\/\/www.altermes.fr\/en\/les-infos-du-jour\/agriculture-le-points-sur-les-aides-en-octobre-2025\/\"><h3>Agriculture : le points sur les aides en octobre 2025<\/h3><\/a>\n                                    <p class=\"use-case-category\"><a href=\"https:\/\/www.altermes.fr\/en\/weblex-importer-categories\/actualites\/\" rel=\"tag\">Actualit\u00e9s<\/a>, <a href=\"https:\/\/www.altermes.fr\/en\/weblex-importer-categories\/infos-juridiques\/\" rel=\"tag\">Infos juridiques<\/a><\/p>\n                                    <p class=\"edc-content\">Le secteur agricole peut b\u00e9n\u00e9ficier d\u2019un nombre important de diff\u00e9rentes aides subventions, qui font l\u2019objet r\u00e9guli\u00e8rement d\u2019am\u00e9nagements. Les montants et la conditionnalit\u00e9 de plusieurs ...<\/p>                                <\/div>\n                                                                <div class=\"case-study-item weblex-article\">\n                                                                            <a href=\"https:\/\/www.altermes.fr\/en\/les-infos-du-jour\/agriculture-le-point-sur-les-aides-en-octobre-2025\/\">\n                                            <img decoding=\"async\" width=\"600\" height=\"400\" src=\"https:\/\/www.altermes.fr\/wp-content\/uploads\/2025\/10\/Shutterstock_agrisgeneral-1.jpg\" class=\"attachment-custom-thumbnail size-custom-thumbnail wp-post-image\" alt=\"\" srcset=\"https:\/\/www.altermes.fr\/wp-content\/uploads\/2025\/10\/Shutterstock_agrisgeneral-1.jpg 600w, https:\/\/www.altermes.fr\/wp-content\/uploads\/2025\/10\/Shutterstock_agrisgeneral-1-480x320.jpg 480w\" sizes=\"(min-width: 0px) and (max-width: 480px) 480px, (min-width: 481px) 600px, 100vw\">                                        <\/a>\n                                                                        <a href=\"https:\/\/www.altermes.fr\/en\/les-infos-du-jour\/agriculture-le-point-sur-les-aides-en-octobre-2025\/\"><h3>Agriculture : le point sur les aides en octobre 2025<\/h3><\/a>\n                                    <p class=\"use-case-category\"><a href=\"https:\/\/www.altermes.fr\/en\/weblex-importer-categories\/actualites\/\" rel=\"tag\">Actualit\u00e9s<\/a>, <a href=\"https:\/\/www.altermes.fr\/en\/weblex-importer-categories\/infos-juridiques\/\" rel=\"tag\">Infos juridiques<\/a><\/p>\n                                    <p class=\"edc-content\">Le secteur agricole peut b\u00e9n\u00e9ficier d\u2019un nombre important de diff\u00e9rentes aides subventions, qui font l\u2019objet r\u00e9guli\u00e8rement d\u2019am\u00e9nagements. Les montants et la conditionnalit\u00e9 de plusieurs ...<\/p>                                <\/div>\n                                                                <div class=\"case-study-item weblex-article\">\n                                                                            <a href=\"https:\/\/www.altermes.fr\/en\/les-infos-du-jour\/on-connait-le-montant-du-plafond-de-la-securite-sociale-au-1er-janvier-2026-2\/\">\n                                            <img decoding=\"async\" width=\"600\" height=\"400\" src=\"https:\/\/www.altermes.fr\/wp-content\/uploads\/2025\/10\/Shutterstock_augmentationPMSS-1.jpg\" class=\"attachment-custom-thumbnail size-custom-thumbnail wp-post-image\" alt=\"\" srcset=\"https:\/\/www.altermes.fr\/wp-content\/uploads\/2025\/10\/Shutterstock_augmentationPMSS-1.jpg 600w, https:\/\/www.altermes.fr\/wp-content\/uploads\/2025\/10\/Shutterstock_augmentationPMSS-1-480x320.jpg 480w\" sizes=\"(min-width: 0px) and (max-width: 480px) 480px, (min-width: 481px) 600px, 100vw\">                                        <\/a>\n                                                                        <a href=\"https:\/\/www.altermes.fr\/en\/les-infos-du-jour\/on-connait-le-montant-du-plafond-de-la-securite-sociale-au-1er-janvier-2026-2\/\"><h3>On conna\u00eet le montant du plafond de la S\u00e9curit\u00e9 sociale au 1er janvier 2026 !<\/h3><\/a>\n                                    <p class=\"use-case-category\"><a href=\"https:\/\/www.altermes.fr\/en\/weblex-importer-categories\/actualites\/\" rel=\"tag\">Actualit\u00e9s<\/a>, <a href=\"https:\/\/www.altermes.fr\/en\/weblex-importer-categories\/infos-sociales\/\" rel=\"tag\">Infos Sociales<\/a><\/p>\n                                    <p class=\"edc-content\">Le plafond de la S\u00e9curit\u00e9 sociale est le montant maximum en euros des r\u00e9mun\u00e9rations ou gains \u00e0 prendre en compte pour le calcul de certaines cotisations. Il est fonction de la p\u00e9riodicit\u00e9 de la...<\/p>                                <\/div>\n                                                                <div class=\"case-study-item weblex-article\">\n                                                                            <a href=\"https:\/\/www.altermes.fr\/en\/les-infos-du-jour\/pensions-alimentaires-en-route-vers-la-defiscalisation\/\">\n                                            <img decoding=\"async\" width=\"600\" height=\"400\" src=\"https:\/\/www.altermes.fr\/wp-content\/uploads\/2025\/10\/Shutterstock_fiscalitepensionsalimentaires.jpg\" class=\"attachment-custom-thumbnail size-custom-thumbnail wp-post-image\" alt=\"\" srcset=\"https:\/\/www.altermes.fr\/wp-content\/uploads\/2025\/10\/Shutterstock_fiscalitepensionsalimentaires.jpg 600w, https:\/\/www.altermes.fr\/wp-content\/uploads\/2025\/10\/Shutterstock_fiscalitepensionsalimentaires-480x320.jpg 480w\" sizes=\"(min-width: 0px) and (max-width: 480px) 480px, (min-width: 481px) 600px, 100vw\">                                        <\/a>\n                                                                        <a href=\"https:\/\/www.altermes.fr\/en\/les-infos-du-jour\/pensions-alimentaires-en-route-vers-la-defiscalisation\/\"><h3>Pensions alimentaires : en route vers la d\u00e9fiscalisation ?<\/h3><\/a>\n                                    <p class=\"use-case-category\"><a href=\"https:\/\/www.altermes.fr\/en\/weblex-importer-categories\/actualites\/\" rel=\"tag\">Actualit\u00e9s<\/a>, <a href=\"https:\/\/www.altermes.fr\/en\/weblex-importer-categories\/le-coin-du-dirigeant\/\" rel=\"tag\">Le coin du dirigeant<\/a><\/p>\n                                    <p class=\"edc-content\">Destin\u00e9e \u00e0 couvrir les besoins des enfants, la pension alimentaire n\u2019en demeure pas moins imposable pour le b\u00e9n\u00e9ficiaire. Pourtant, son imposition alourdit la fiscalit\u00e9 du b\u00e9n\u00e9ficiaire et r\u00e9...<\/p>                                <\/div>\n                                                                <div class=\"case-study-item weblex-article\">\n                                                                            <a href=\"https:\/\/www.altermes.fr\/en\/les-infos-du-jour\/medecins-liberaux-revalorisation-des-indemnites-de-pdses\/\">\n                                            <img decoding=\"async\" width=\"600\" height=\"400\" src=\"https:\/\/www.altermes.fr\/wp-content\/uploads\/2025\/10\/Shutterstock_indemnitespermanancessoins.jpg\" class=\"attachment-custom-thumbnail size-custom-thumbnail wp-post-image\" alt=\"\" srcset=\"https:\/\/www.altermes.fr\/wp-content\/uploads\/2025\/10\/Shutterstock_indemnitespermanancessoins.jpg 600w, https:\/\/www.altermes.fr\/wp-content\/uploads\/2025\/10\/Shutterstock_indemnitespermanancessoins-480x320.jpg 480w\" sizes=\"(min-width: 0px) and (max-width: 480px) 480px, (min-width: 481px) 600px, 100vw\">                                        <\/a>\n                                                                        <a href=\"https:\/\/www.altermes.fr\/en\/les-infos-du-jour\/medecins-liberaux-revalorisation-des-indemnites-de-pdses\/\"><h3>M\u00e9decins lib\u00e9raux : revalorisation des indemnit\u00e9s de PDSES<\/h3><\/a>\n                                    <p class=\"use-case-category\"><a href=\"https:\/\/www.altermes.fr\/en\/weblex-importer-categories\/actualites\/\" rel=\"tag\">Actualit\u00e9s<\/a>, <a href=\"https:\/\/www.altermes.fr\/en\/weblex-importer-categories\/infos-juridiques\/\" rel=\"tag\">Infos juridiques<\/a><\/p>\n                                    <p class=\"edc-content\">Pour assurer au mieux la continuit\u00e9 des soins sur l\u2019ensemble du territoire, le principe de permanence des soins permet \u00e0 certains professionnels de sant\u00e9 de se porter volontaires pour assurer cet...<\/p>                                <\/div>\n                                                                <div class=\"case-study-item weblex-article\">\n                                                                            <a href=\"https:\/\/www.altermes.fr\/en\/les-infos-du-jour\/declaration-prealable-a-lembauche-en-dsn-reporte\/\">\n                                            <img decoding=\"async\" width=\"600\" height=\"400\" src=\"https:\/\/www.altermes.fr\/wp-content\/uploads\/2025\/10\/Shutterstock_declarationprealabledsn.jpg\" class=\"attachment-custom-thumbnail size-custom-thumbnail wp-post-image\" alt=\"\" srcset=\"https:\/\/www.altermes.fr\/wp-content\/uploads\/2025\/10\/Shutterstock_declarationprealabledsn.jpg 600w, https:\/\/www.altermes.fr\/wp-content\/uploads\/2025\/10\/Shutterstock_declarationprealabledsn-480x320.jpg 480w\" sizes=\"(min-width: 0px) and (max-width: 480px) 480px, (min-width: 481px) 600px, 100vw\">                                        <\/a>\n                                                                        <a href=\"https:\/\/www.altermes.fr\/en\/les-infos-du-jour\/declaration-prealable-a-lembauche-en-dsn-reporte\/\"><h3>D\u00e9claration pr\u00e9alable \u00e0 l\u2019embauche en DSN : report\u00e9 !<\/h3><\/a>\n                                    <p class=\"use-case-category\"><a href=\"https:\/\/www.altermes.fr\/en\/weblex-importer-categories\/actualites\/\" rel=\"tag\">Actualit\u00e9s<\/a>, <a href=\"https:\/\/www.altermes.fr\/en\/weblex-importer-categories\/infos-sociales\/\" rel=\"tag\">Infos Sociales<\/a><\/p>\n                                    <p class=\"edc-content\">La d\u00e9claration pr\u00e9alable \u00e0 l\u2019embauche (DPAE) constitue une formalit\u00e9 indispensable que tout employeur doit accomplir lors du recrutement d\u2019un salari\u00e9. La possibilit\u00e9 d\u2019effectuer cette d\u00e9c...<\/p>                                <\/div>\n                                                                <div class=\"case-study-item weblex-article\">\n                                                                            <a href=\"https:\/\/www.altermes.fr\/en\/les-infos-du-jour\/location-hoteliere-et-prestations-accessoires-le-casse-tete-de-la-tva-de-retour\/\">\n                                            <img decoding=\"async\" width=\"600\" height=\"400\" src=\"https:\/\/www.altermes.fr\/wp-content\/uploads\/2025\/10\/Shutterstock_locationshotelierestva.jpg\" class=\"attachment-custom-thumbnail size-custom-thumbnail wp-post-image\" alt=\"\" srcset=\"https:\/\/www.altermes.fr\/wp-content\/uploads\/2025\/10\/Shutterstock_locationshotelierestva.jpg 600w, https:\/\/www.altermes.fr\/wp-content\/uploads\/2025\/10\/Shutterstock_locationshotelierestva-480x320.jpg 480w\" sizes=\"(min-width: 0px) and (max-width: 480px) 480px, (min-width: 481px) 600px, 100vw\">                                        <\/a>\n                                                                        <a href=\"https:\/\/www.altermes.fr\/en\/les-infos-du-jour\/location-hoteliere-et-prestations-accessoires-le-casse-tete-de-la-tva-de-retour\/\"><h3>Location h\u00f4teli\u00e8re et prestations accessoires : le casse-t\u00eate de la TVA de retour !<\/h3><\/a>\n                                    <p class=\"use-case-category\"><a href=\"https:\/\/www.altermes.fr\/en\/weblex-importer-categories\/actualites\/\" rel=\"tag\">Actualit\u00e9s<\/a>, <a href=\"https:\/\/www.altermes.fr\/en\/weblex-importer-categories\/infos-fiscales\/\" rel=\"tag\">Infos Fiscales<\/a><\/p>\n                                    <p class=\"edc-content\">Si chaque op\u00e9ration soumise \u00e0 la TVA est en principe distincte, certaines, \u00e9troitement li\u00e9es, constituent une seule et unique prestation, ce qui peut influer sur le taux \u00e0 appliquer comme l\u2019ill...<\/p>                                <\/div>\n                                                                <div class=\"case-study-item weblex-article\">\n                                                                            <a href=\"https:\/\/www.altermes.fr\/en\/les-infos-du-jour\/commande-publique-et-reseaux-denergie-lefficacite-energetique-au-1er-plan\/\">\n                                            <img decoding=\"async\" width=\"600\" height=\"400\" src=\"https:\/\/www.altermes.fr\/wp-content\/uploads\/2025\/10\/Shutterstock_efficaciteenergetiqueue.jpg\" class=\"attachment-custom-thumbnail size-custom-thumbnail wp-post-image\" alt=\"\" srcset=\"https:\/\/www.altermes.fr\/wp-content\/uploads\/2025\/10\/Shutterstock_efficaciteenergetiqueue.jpg 600w, https:\/\/www.altermes.fr\/wp-content\/uploads\/2025\/10\/Shutterstock_efficaciteenergetiqueue-480x320.jpg 480w\" sizes=\"(min-width: 0px) and (max-width: 480px) 480px, (min-width: 481px) 600px, 100vw\">                                        <\/a>\n                                                                        <a href=\"https:\/\/www.altermes.fr\/en\/les-infos-du-jour\/commande-publique-et-reseaux-denergie-lefficacite-energetique-au-1er-plan\/\"><h3>Commande publique et r\u00e9seaux d\u2019\u00e9nergie : l\u2019efficacit\u00e9 \u00e9nerg\u00e9tique au 1er plan !<\/h3><\/a>\n                                    <p class=\"use-case-category\"><a href=\"https:\/\/www.altermes.fr\/en\/weblex-importer-categories\/actualites\/\" rel=\"tag\">Actualit\u00e9s<\/a>, <a href=\"https:\/\/www.altermes.fr\/en\/weblex-importer-categories\/infos-juridiques\/\" rel=\"tag\">Infos juridiques<\/a><\/p>\n                                    <p class=\"edc-content\">Poursuivant le travail d\u2019int\u00e9gration du droit de l\u2019Union europ\u00e9enne (UE) dans le droit national via la loi DDADUE 5 du 30 avril 2025, l\u2019\u00c9tat a transpos\u00e9 le cadre visant \u00e0 am\u00e9liorer l\u2019eff...<\/p>                                <\/div>\n                                                                <div class=\"case-study-item weblex-article\">\n                                                                            <a href=\"https:\/\/www.altermes.fr\/en\/les-infos-du-jour\/teletravail-et-titre-restaurant-quand-legalite-de-traitement-sinvite-a-table\/\">\n                                            <img decoding=\"async\" width=\"600\" height=\"400\" src=\"https:\/\/www.altermes.fr\/wp-content\/uploads\/2025\/10\/Shutterstock_fermeturerestauranttitresresto.jpg\" class=\"attachment-custom-thumbnail size-custom-thumbnail wp-post-image\" alt=\"\" srcset=\"https:\/\/www.altermes.fr\/wp-content\/uploads\/2025\/10\/Shutterstock_fermeturerestauranttitresresto.jpg 600w, https:\/\/www.altermes.fr\/wp-content\/uploads\/2025\/10\/Shutterstock_fermeturerestauranttitresresto-480x320.jpg 480w\" sizes=\"(min-width: 0px) and (max-width: 480px) 480px, (min-width: 481px) 600px, 100vw\">                                        <\/a>\n                                                                        <a href=\"https:\/\/www.altermes.fr\/en\/les-infos-du-jour\/teletravail-et-titre-restaurant-quand-legalite-de-traitement-sinvite-a-table\/\"><h3>T\u00e9l\u00e9travail et titre-restaurant : quand l\u2019\u00e9galit\u00e9 de traitement s\u2019invite \u00e0 table !<\/h3><\/a>\n                                    <p class=\"use-case-category\"><a href=\"https:\/\/www.altermes.fr\/en\/weblex-importer-categories\/actualites\/\" rel=\"tag\">Actualit\u00e9s<\/a>, <a href=\"https:\/\/www.altermes.fr\/en\/weblex-importer-categories\/infos-sociales\/\" rel=\"tag\">Infos Sociales<\/a><\/p>\n                                    <p class=\"edc-content\">Pendant la pand\u00e9mie, une entreprise se voit dans l\u2019obligation de fermer son restaurant d\u2019entreprise. Dans le m\u00eame temps, elle suspend les titres-restaurant de ses salari\u00e9s en t\u00e9l\u00e9travail. Cet...<\/p>                                <\/div>\n                                                                <div class=\"case-study-item weblex-article\">\n                                                                            <a href=\"https:\/\/www.altermes.fr\/en\/les-infos-du-jour\/programme-de-fidelite-un-contenu-tres-personnel\/\">\n                                            <img decoding=\"async\" width=\"600\" height=\"400\" src=\"https:\/\/www.altermes.fr\/wp-content\/uploads\/2025\/10\/Shutterstock_cnilfidelite.jpg\" class=\"attachment-custom-thumbnail size-custom-thumbnail wp-post-image\" alt=\"\" srcset=\"https:\/\/www.altermes.fr\/wp-content\/uploads\/2025\/10\/Shutterstock_cnilfidelite.jpg 600w, https:\/\/www.altermes.fr\/wp-content\/uploads\/2025\/10\/Shutterstock_cnilfidelite-480x320.jpg 480w\" sizes=\"(min-width: 0px) and (max-width: 480px) 480px, (min-width: 481px) 600px, 100vw\">                                        <\/a>\n                                                                        <a href=\"https:\/\/www.altermes.fr\/en\/les-infos-du-jour\/programme-de-fidelite-un-contenu-tres-personnel\/\"><h3>Programme de fid\u00e9lit\u00e9 : un contenu tr\u00e8s personnel<\/h3><\/a>\n                                    <p class=\"use-case-category\"><a href=\"https:\/\/www.altermes.fr\/en\/weblex-importer-categories\/actualites\/\" rel=\"tag\">Actualit\u00e9s<\/a>, <a href=\"https:\/\/www.altermes.fr\/en\/weblex-importer-categories\/infos-juridiques\/\" rel=\"tag\">Infos juridiques<\/a><\/p>\n                                    <p class=\"edc-content\">Le R\u00e8glement g\u00e9n\u00e9ral sur la protection des donn\u00e9es (RGPD) a mis en place un syst\u00e8me de protection des donn\u00e9es \u00e0 caract\u00e8re personnel des personnes tr\u00e8s exigeant. \u00c0 ce titre, il admet une conc...<\/p>                                <\/div>\n                                                                <div class=\"case-study-item weblex-article\">\n                                                                            <a href=\"https:\/\/www.altermes.fr\/en\/les-infos-du-jour\/contester-sa-taxe-dhabitation-ou-sa-taxe-fonciere-mode-demploi\/\">\n                                            <img decoding=\"async\" width=\"600\" height=\"400\" src=\"https:\/\/www.altermes.fr\/wp-content\/uploads\/2025\/10\/Shutterstock_contestationTFTH.jpg\" class=\"attachment-custom-thumbnail size-custom-thumbnail wp-post-image\" alt=\"\" srcset=\"https:\/\/www.altermes.fr\/wp-content\/uploads\/2025\/10\/Shutterstock_contestationTFTH.jpg 600w, https:\/\/www.altermes.fr\/wp-content\/uploads\/2025\/10\/Shutterstock_contestationTFTH-480x320.jpg 480w\" sizes=\"(min-width: 0px) and (max-width: 480px) 480px, (min-width: 481px) 600px, 100vw\">                                        <\/a>\n                                                                        <a href=\"https:\/\/www.altermes.fr\/en\/les-infos-du-jour\/contester-sa-taxe-dhabitation-ou-sa-taxe-fonciere-mode-demploi\/\"><h3>Contester sa taxe d&#039;habitation ou sa taxe fonci\u00e8re : mode d\u2019emploi<\/h3><\/a>\n                                    <p class=\"use-case-category\"><a href=\"https:\/\/www.altermes.fr\/en\/weblex-importer-categories\/actualites\/\" rel=\"tag\">Actualit\u00e9s<\/a>, <a href=\"https:\/\/www.altermes.fr\/en\/weblex-importer-categories\/le-coin-du-dirigeant\/\" rel=\"tag\">Le coin du dirigeant<\/a><\/p>\n                                    <p class=\"edc-content\">Vous venez de recevoir votre avis de taxe fonci\u00e8re ou votre avis de taxe d\u2019habitation sur les r\u00e9sidences secondaires et vous n\u2019\u00eates pas d\u2019accord avec le montant qui vous est r\u00e9clam\u00e9. Vous a...<\/p>                                <\/div>\n                                                                <div class=\"case-study-item weblex-article\">\n                                                                            <a href=\"https:\/\/www.altermes.fr\/en\/les-infos-du-jour\/degrevement-et-interets-moratoires-cherchez-lerreur\/\">\n                                            <img decoding=\"async\" width=\"600\" height=\"400\" src=\"https:\/\/www.altermes.fr\/wp-content\/uploads\/2025\/10\/Shutterstock_interetsmoratoires.jpg\" class=\"attachment-custom-thumbnail size-custom-thumbnail wp-post-image\" alt=\"\" srcset=\"https:\/\/www.altermes.fr\/wp-content\/uploads\/2025\/10\/Shutterstock_interetsmoratoires.jpg 600w, https:\/\/www.altermes.fr\/wp-content\/uploads\/2025\/10\/Shutterstock_interetsmoratoires-480x320.jpg 480w\" sizes=\"(min-width: 0px) and (max-width: 480px) 480px, (min-width: 481px) 600px, 100vw\">                                        <\/a>\n                                                                        <a href=\"https:\/\/www.altermes.fr\/en\/les-infos-du-jour\/degrevement-et-interets-moratoires-cherchez-lerreur\/\"><h3>D\u00e9gr\u00e8vement et int\u00e9r\u00eats moratoires : cherchez l\u2019erreur !<\/h3><\/a>\n                                    <p class=\"use-case-category\"><a href=\"https:\/\/www.altermes.fr\/en\/weblex-importer-categories\/actualites\/\" rel=\"tag\">Actualit\u00e9s<\/a>, <a href=\"https:\/\/www.altermes.fr\/en\/weblex-importer-categories\/infos-fiscales\/\" rel=\"tag\">Infos Fiscales<\/a><\/p>\n                                    <p class=\"edc-content\">En cas de d\u00e9gr\u00e8vement d\u2019imp\u00f4t, sous certaines conditions, l\u2019administration fiscale peut \u00eatre redevable d\u2019int\u00e9r\u00eats moratoires. Cette r\u00e8gle s\u2019applique, notamment, en cas d\u2019erreur de sa ...<\/p>                                <\/div>\n                                                                <div class=\"case-study-item weblex-article\">\n                                                                            <a href=\"https:\/\/www.altermes.fr\/en\/les-infos-du-jour\/protocole-transactionnel-sous-quel-delai-demander-son-annulation\/\">\n                                            <img decoding=\"async\" width=\"600\" height=\"400\" src=\"https:\/\/www.altermes.fr\/wp-content\/uploads\/2025\/10\/Shutterstock_delaiannulationtransaction.jpg\" class=\"attachment-custom-thumbnail size-custom-thumbnail wp-post-image\" alt=\"\" srcset=\"https:\/\/www.altermes.fr\/wp-content\/uploads\/2025\/10\/Shutterstock_delaiannulationtransaction.jpg 600w, https:\/\/www.altermes.fr\/wp-content\/uploads\/2025\/10\/Shutterstock_delaiannulationtransaction-480x320.jpg 480w\" sizes=\"(min-width: 0px) and (max-width: 480px) 480px, (min-width: 481px) 600px, 100vw\">                                        <\/a>\n                                                                        <a href=\"https:\/\/www.altermes.fr\/en\/les-infos-du-jour\/protocole-transactionnel-sous-quel-delai-demander-son-annulation\/\"><h3>Protocole transactionnel : sous quel d\u00e9lai demander son annulation ?<\/h3><\/a>\n                                    <p class=\"use-case-category\"><a href=\"https:\/\/www.altermes.fr\/en\/weblex-importer-categories\/actualites\/\" rel=\"tag\">Actualit\u00e9s<\/a>, <a href=\"https:\/\/www.altermes.fr\/en\/weblex-importer-categories\/infos-sociales\/\" rel=\"tag\">Infos Sociales<\/a><\/p>\n                                    <p class=\"edc-content\">Lorsqu\u2019un salari\u00e9 et un employeur signent une transaction pour mettre fin \u00e0 un diff\u00e9rend sur l\u2019ex\u00e9cution du contrat de travail, l\u2019accord est cens\u00e9 clore d\u00e9finitivement le litige. Mais qu?...<\/p>                                <\/div>\n                                                                <div class=\"case-study-item weblex-article\">\n                                                                            <a href=\"https:\/\/www.altermes.fr\/en\/les-infos-du-jour\/indicateurs-des-risques-professionnels-lattestation-est-mise-a-jour\/\">\n                                            <img decoding=\"async\" width=\"600\" height=\"400\" src=\"https:\/\/www.altermes.fr\/wp-content\/uploads\/2025\/10\/Shutterstock_attestationindicateursriquespro.jpg\" class=\"attachment-custom-thumbnail size-custom-thumbnail wp-post-image\" alt=\"\" srcset=\"https:\/\/www.altermes.fr\/wp-content\/uploads\/2025\/10\/Shutterstock_attestationindicateursriquespro.jpg 600w, https:\/\/www.altermes.fr\/wp-content\/uploads\/2025\/10\/Shutterstock_attestationindicateursriquespro-480x320.jpg 480w\" sizes=\"(min-width: 0px) and (max-width: 480px) 480px, (min-width: 481px) 600px, 100vw\">                                        <\/a>\n                                                                        <a href=\"https:\/\/www.altermes.fr\/en\/les-infos-du-jour\/indicateurs-des-risques-professionnels-lattestation-est-mise-a-jour\/\"><h3>Indicateurs des risques professionnels : l\u2019attestation est mise \u00e0 jour !<\/h3><\/a>\n                                    <p class=\"use-case-category\"><a href=\"https:\/\/www.altermes.fr\/en\/weblex-importer-categories\/actualites\/\" rel=\"tag\">Actualit\u00e9s<\/a>, <a href=\"https:\/\/www.altermes.fr\/en\/weblex-importer-categories\/infos-sociales\/\" rel=\"tag\">Infos Sociales<\/a><\/p>\n                                    <p class=\"edc-content\">Dans le cadre de la pr\u00e9vention des risques professionnels, les employeurs peuvent d\u00e9sormais obtenir une attestation des indicateurs de risques professionnels. Ce document, utile pour \u00e9valuer l\u2019ef...<\/p>                                <\/div>\n                                                                <div class=\"case-study-item weblex-article\">\n                                                                            <a href=\"https:\/\/www.altermes.fr\/en\/les-infos-du-jour\/fourriere-recuperer-sa-voiture-devient-un-peu-plus-simple\/\">\n                                            <img decoding=\"async\" width=\"600\" height=\"400\" src=\"https:\/\/www.altermes.fr\/wp-content\/uploads\/2025\/10\/Shutterstock_fourriere.jpg\" class=\"attachment-custom-thumbnail size-custom-thumbnail wp-post-image\" alt=\"\" srcset=\"https:\/\/www.altermes.fr\/wp-content\/uploads\/2025\/10\/Shutterstock_fourriere.jpg 600w, https:\/\/www.altermes.fr\/wp-content\/uploads\/2025\/10\/Shutterstock_fourriere-480x320.jpg 480w\" sizes=\"(min-width: 0px) and (max-width: 480px) 480px, (min-width: 481px) 600px, 100vw\">                                        <\/a>\n                                                                        <a href=\"https:\/\/www.altermes.fr\/en\/les-infos-du-jour\/fourriere-recuperer-sa-voiture-devient-un-peu-plus-simple\/\"><h3>Fourri\u00e8re : r\u00e9cup\u00e9rer sa voiture devient (un peu) plus simple !<\/h3><\/a>\n                                    <p class=\"use-case-category\"><a href=\"https:\/\/www.altermes.fr\/en\/weblex-importer-categories\/actualites\/\" rel=\"tag\">Actualit\u00e9s<\/a>, <a href=\"https:\/\/www.altermes.fr\/en\/weblex-importer-categories\/le-coin-du-dirigeant\/\" rel=\"tag\">Le coin du dirigeant<\/a><\/p>\n                                    <p class=\"edc-content\">Depuis 2023, un service en ligne permet de savoir si un v\u00e9hicule a \u00e9t\u00e9 plac\u00e9 en fourri\u00e8re et d\u2019acc\u00e9der \u00e0 son dossier. Ce t\u00e9l\u00e9service s\u2019est enrichi d\u2019une nouvelle fonctionnalit\u00e9 : le t?...<\/p>                                <\/div>\n                                                                <div class=\"case-study-item weblex-article\">\n                                                                            <a href=\"https:\/\/www.altermes.fr\/en\/les-infos-du-jour\/economie-maritime-une-feuille-de-route-pour-loutre-mer-jusquen-2030\/\">\n                                            <img decoding=\"async\" width=\"600\" height=\"400\" src=\"https:\/\/www.altermes.fr\/wp-content\/uploads\/2025\/10\/Shutterstock_feuillederouteeconomie.jpg\" class=\"attachment-custom-thumbnail size-custom-thumbnail wp-post-image\" alt=\"\" srcset=\"https:\/\/www.altermes.fr\/wp-content\/uploads\/2025\/10\/Shutterstock_feuillederouteeconomie.jpg 600w, https:\/\/www.altermes.fr\/wp-content\/uploads\/2025\/10\/Shutterstock_feuillederouteeconomie-480x320.jpg 480w\" sizes=\"(min-width: 0px) and (max-width: 480px) 480px, (min-width: 481px) 600px, 100vw\">                                        <\/a>\n                                                                        <a href=\"https:\/\/www.altermes.fr\/en\/les-infos-du-jour\/economie-maritime-une-feuille-de-route-pour-loutre-mer-jusquen-2030\/\"><h3>\u00c9conomie maritime : une feuille de route pour l\u2019outre-mer jusqu\u2019en 2030 !<\/h3><\/a>\n                                    <p class=\"use-case-category\"><a href=\"https:\/\/www.altermes.fr\/en\/weblex-importer-categories\/actualites\/\" rel=\"tag\">Actualit\u00e9s<\/a>, <a href=\"https:\/\/www.altermes.fr\/en\/weblex-importer-categories\/infos-juridiques\/\" rel=\"tag\">Infos juridiques<\/a><\/p>\n                                    <p class=\"edc-content\">\u00c0 la fois grande caract\u00e9ristique et opportunit\u00e9 de l\u2019outre-mer, les activit\u00e9s maritimes et littorales sont un levier de croissance important pour ces territoires mais \u00e9galement un enjeu environ...<\/p>                                <\/div>\n                                                                <div class=\"case-study-item weblex-article\">\n                                                                            <a href=\"https:\/\/www.altermes.fr\/en\/les-infos-du-jour\/maladie-professionnelle-un-nouveau-documentaire-immersif-et-pedagogique\/\">\n                                            <img decoding=\"async\" width=\"600\" height=\"400\" src=\"https:\/\/www.altermes.fr\/wp-content\/uploads\/2025\/10\/Shutterstock_documentairemaladie.jpg\" class=\"attachment-custom-thumbnail size-custom-thumbnail wp-post-image\" alt=\"\" srcset=\"https:\/\/www.altermes.fr\/wp-content\/uploads\/2025\/10\/Shutterstock_documentairemaladie.jpg 600w, https:\/\/www.altermes.fr\/wp-content\/uploads\/2025\/10\/Shutterstock_documentairemaladie-480x320.jpg 480w\" sizes=\"(min-width: 0px) and (max-width: 480px) 480px, (min-width: 481px) 600px, 100vw\">                                        <\/a>\n                                                                        <a href=\"https:\/\/www.altermes.fr\/en\/les-infos-du-jour\/maladie-professionnelle-un-nouveau-documentaire-immersif-et-pedagogique\/\"><h3>Maladie professionnelle : un nouveau documentaire immersif et p\u00e9dagogique<\/h3><\/a>\n                                    <p class=\"use-case-category\"><a href=\"https:\/\/www.altermes.fr\/en\/weblex-importer-categories\/actualites\/\" rel=\"tag\">Actualit\u00e9s<\/a>, <a href=\"https:\/\/www.altermes.fr\/en\/weblex-importer-categories\/infos-sociales\/\" rel=\"tag\">Infos Sociales<\/a><\/p>\n                                    <p class=\"edc-content\">Les maladies professionnelles restent un sujet souvent m\u00e9connu, pourtant au c\u0153ur des enjeux de sant\u00e9 au travail. Pour sensibiliser employeurs comme salari\u00e9s, l\u2019Assurance Maladie vient de promouv...<\/p>                                <\/div>\n                                                                <div class=\"case-study-item weblex-article\">\n                                                                            <a href=\"https:\/\/www.altermes.fr\/en\/les-infos-du-jour\/travailleurs-de-plateforme-bientot-la-phase-pilote-du-precompte-des-cotisations-sociales\/\">\n                                            <img decoding=\"async\" width=\"600\" height=\"400\" src=\"https:\/\/www.altermes.fr\/wp-content\/uploads\/2025\/10\/Shutterstock_precomptecotisations.jpg\" class=\"attachment-custom-thumbnail size-custom-thumbnail wp-post-image\" alt=\"\" srcset=\"https:\/\/www.altermes.fr\/wp-content\/uploads\/2025\/10\/Shutterstock_precomptecotisations.jpg 600w, https:\/\/www.altermes.fr\/wp-content\/uploads\/2025\/10\/Shutterstock_precomptecotisations-480x320.jpg 480w\" sizes=\"(min-width: 0px) and (max-width: 480px) 480px, (min-width: 481px) 600px, 100vw\">                                        <\/a>\n                                                                        <a href=\"https:\/\/www.altermes.fr\/en\/les-infos-du-jour\/travailleurs-de-plateforme-bientot-la-phase-pilote-du-precompte-des-cotisations-sociales\/\"><h3>Travailleurs de plateforme : bient\u00f4t la phase pilote du pr\u00e9compte des cotisations sociales !<\/h3><\/a>\n                                    <p class=\"use-case-category\"><a href=\"https:\/\/www.altermes.fr\/en\/weblex-importer-categories\/actualites\/\" rel=\"tag\">Actualit\u00e9s<\/a>, <a href=\"https:\/\/www.altermes.fr\/en\/weblex-importer-categories\/infos-sociales\/\" rel=\"tag\">Infos Sociales<\/a><\/p>\n                                    <p class=\"edc-content\">D\u00e8s avril 2026, 8 plateformes mettront en place le pr\u00e9compte des cotisations sociales des travailleurs ind\u00e9pendants de mani\u00e8re anticip\u00e9e. Objectif : simplifier les d\u00e9marches des travailleurs ind...<\/p>                                <\/div>\n                                                                <div class=\"case-study-item weblex-article\">\n                                                                            <a href=\"https:\/\/www.altermes.fr\/en\/les-infos-du-jour\/taxe-dhabitation-sur-les-residences-secondaires-a-payer\/\">\n                                            <img decoding=\"async\" width=\"600\" height=\"400\" src=\"https:\/\/www.altermes.fr\/wp-content\/uploads\/2025\/10\/Shutterstock_taxehabitationsecondaire.jpg\" class=\"attachment-custom-thumbnail size-custom-thumbnail wp-post-image\" alt=\"\" srcset=\"https:\/\/www.altermes.fr\/wp-content\/uploads\/2025\/10\/Shutterstock_taxehabitationsecondaire.jpg 600w, https:\/\/www.altermes.fr\/wp-content\/uploads\/2025\/10\/Shutterstock_taxehabitationsecondaire-480x320.jpg 480w\" sizes=\"(min-width: 0px) and (max-width: 480px) 480px, (min-width: 481px) 600px, 100vw\">                                        <\/a>\n                                                                        <a href=\"https:\/\/www.altermes.fr\/en\/les-infos-du-jour\/taxe-dhabitation-sur-les-residences-secondaires-a-payer\/\"><h3>Taxe d\u2019habitation sur les r\u00e9sidences secondaires : \u00e0 payer ?<\/h3><\/a>\n                                    <p class=\"use-case-category\"><a href=\"https:\/\/www.altermes.fr\/en\/weblex-importer-categories\/actualites\/\" rel=\"tag\">Actualit\u00e9s<\/a>, <a href=\"https:\/\/www.altermes.fr\/en\/weblex-importer-categories\/le-coin-du-dirigeant\/\" rel=\"tag\">Le coin du dirigeant<\/a><\/p>\n                                    <p class=\"edc-content\">Si la taxe d'habitation sur la r\u00e9sidence principale a \u00e9t\u00e9 supprim\u00e9e depuis le 1er janvier 2023, subsiste celle sur les r\u00e9sidences secondaires pour laquelle les avis seront bient\u00f4t disponibles. M...<\/p>                                <\/div>\n                                                                <div class=\"case-study-item weblex-article\">\n                                                                            <a href=\"https:\/\/www.altermes.fr\/en\/les-infos-du-jour\/facturation-electronique-nouvelle-etape-cle\/\">\n                                            <img decoding=\"async\" width=\"600\" height=\"400\" src=\"https:\/\/www.altermes.fr\/wp-content\/uploads\/2025\/10\/Shutterstock_ouverturePPF.jpg\" class=\"attachment-custom-thumbnail size-custom-thumbnail wp-post-image\" alt=\"\" srcset=\"https:\/\/www.altermes.fr\/wp-content\/uploads\/2025\/10\/Shutterstock_ouverturePPF.jpg 600w, https:\/\/www.altermes.fr\/wp-content\/uploads\/2025\/10\/Shutterstock_ouverturePPF-480x320.jpg 480w\" sizes=\"(min-width: 0px) and (max-width: 480px) 480px, (min-width: 481px) 600px, 100vw\">                                        <\/a>\n                                                                        <a href=\"https:\/\/www.altermes.fr\/en\/les-infos-du-jour\/facturation-electronique-nouvelle-etape-cle\/\"><h3>Facturation \u00e9lectronique : nouvelle \u00e9tape cl\u00e9 !<\/h3><\/a>\n                                    <p class=\"use-case-category\"><a href=\"https:\/\/www.altermes.fr\/en\/weblex-importer-categories\/actualites\/\" rel=\"tag\">Actualit\u00e9s<\/a>, <a href=\"https:\/\/www.altermes.fr\/en\/weblex-importer-categories\/infos-fiscales\/\" rel=\"tag\">Infos Fiscales<\/a><\/p>\n                                    <p class=\"edc-content\">Apr\u00e8s le service de consultation de l\u2019annuaire de la facturation \u00e9lectronique, c\u2019est au tour du Portail Public de Facturation (PPF) de c\u00e9l\u00e9brer son ouverture ce mardi 14 octobre 2025, marquant...<\/p>                                <\/div>\n                                                                <div class=\"case-study-item weblex-article\">\n                                                                            <a href=\"https:\/\/www.altermes.fr\/en\/les-infos-du-jour\/hiver-2025-2026-un-nouveau-plan-pour-la-gestion-des-medicaments\/\">\n                                            <img decoding=\"async\" width=\"600\" height=\"400\" src=\"https:\/\/www.altermes.fr\/wp-content\/uploads\/2025\/10\/Shutterstock_planhivernal.jpg\" class=\"attachment-custom-thumbnail size-custom-thumbnail wp-post-image\" alt=\"\" srcset=\"https:\/\/www.altermes.fr\/wp-content\/uploads\/2025\/10\/Shutterstock_planhivernal.jpg 600w, https:\/\/www.altermes.fr\/wp-content\/uploads\/2025\/10\/Shutterstock_planhivernal-480x320.jpg 480w\" sizes=\"(min-width: 0px) and (max-width: 480px) 480px, (min-width: 481px) 600px, 100vw\">                                        <\/a>\n                                                                        <a href=\"https:\/\/www.altermes.fr\/en\/les-infos-du-jour\/hiver-2025-2026-un-nouveau-plan-pour-la-gestion-des-medicaments\/\"><h3>Hiver 2025-2026 : un nouveau plan pour la gestion des m\u00e9dicaments<\/h3><\/a>\n                                    <p class=\"use-case-category\"><a href=\"https:\/\/www.altermes.fr\/en\/weblex-importer-categories\/actualites\/\" rel=\"tag\">Actualit\u00e9s<\/a>, <a href=\"https:\/\/www.altermes.fr\/en\/weblex-importer-categories\/infos-juridiques\/\" rel=\"tag\">Infos juridiques<\/a><\/p>\n                                    <p class=\"edc-content\">Pour la 3e ann\u00e9e cons\u00e9cutive, l\u2019Agence nationale de s\u00e9curit\u00e9 du m\u00e9dicament et des produits de sant\u00e9 (ANSM) met en place un plan hivernal pour anticiper et g\u00e9rer au mieux les situations de ten...<\/p>                                <\/div>\n                                                                <div class=\"case-study-item weblex-article\">\n                                                                            <a href=\"https:\/\/www.altermes.fr\/en\/les-infos-du-jour\/titres-restaurant-et-teletravail-le-juge-tranche-enfin\/\">\n                                            <img decoding=\"async\" width=\"600\" height=\"400\" src=\"https:\/\/www.altermes.fr\/wp-content\/uploads\/2025\/10\/Shutterstock_titrerestaurantteletravail1.jpg\" class=\"attachment-custom-thumbnail size-custom-thumbnail wp-post-image\" alt=\"\" srcset=\"https:\/\/www.altermes.fr\/wp-content\/uploads\/2025\/10\/Shutterstock_titrerestaurantteletravail1.jpg 600w, https:\/\/www.altermes.fr\/wp-content\/uploads\/2025\/10\/Shutterstock_titrerestaurantteletravail1-480x320.jpg 480w\" sizes=\"(min-width: 0px) and (max-width: 480px) 480px, (min-width: 481px) 600px, 100vw\">                                        <\/a>\n                                                                        <a href=\"https:\/\/www.altermes.fr\/en\/les-infos-du-jour\/titres-restaurant-et-teletravail-le-juge-tranche-enfin\/\"><h3>Titres-restaurant et t\u00e9l\u00e9travail : le juge tranche enfin !<\/h3><\/a>\n                                    <p class=\"use-case-category\"><a href=\"https:\/\/www.altermes.fr\/en\/weblex-importer-categories\/actualites\/\" rel=\"tag\">Actualit\u00e9s<\/a>, <a href=\"https:\/\/www.altermes.fr\/en\/weblex-importer-categories\/infos-sociales\/\" rel=\"tag\">Infos Sociales<\/a><\/p>\n                                    <p class=\"edc-content\">Alors que les titres-restaurant constituent un avantage social ancr\u00e9 dans la vie des salari\u00e9s, leur attribution aux salari\u00e9s en t\u00e9l\u00e9travail a pu susciter certaines interrogations. Faut-il r\u00e9serv...<\/p>                                <\/div>\n                                                                <div class=\"case-study-item weblex-article\">\n                                                                            <a href=\"https:\/\/www.altermes.fr\/en\/les-infos-du-jour\/carte-des-pratiques-et-montages-fiscaux-abusifs-un-nouveau-cas-signale\/\">\n                                            <img decoding=\"async\" width=\"600\" height=\"400\" src=\"https:\/\/www.altermes.fr\/wp-content\/uploads\/2025\/10\/Shutterstock_cartepratiquesfrauduleux.jpg\" class=\"attachment-custom-thumbnail size-custom-thumbnail wp-post-image\" alt=\"\" srcset=\"https:\/\/www.altermes.fr\/wp-content\/uploads\/2025\/10\/Shutterstock_cartepratiquesfrauduleux.jpg 600w, https:\/\/www.altermes.fr\/wp-content\/uploads\/2025\/10\/Shutterstock_cartepratiquesfrauduleux-480x320.jpg 480w\" sizes=\"(min-width: 0px) and (max-width: 480px) 480px, (min-width: 481px) 600px, 100vw\">                                        <\/a>\n                                                                        <a href=\"https:\/\/www.altermes.fr\/en\/les-infos-du-jour\/carte-des-pratiques-et-montages-fiscaux-abusifs-un-nouveau-cas-signale\/\"><h3>Carte des pratiques et montages fiscaux abusifs : un nouveau cas signal\u00e9<\/h3><\/a>\n                                    <p class=\"use-case-category\"><a href=\"https:\/\/www.altermes.fr\/en\/weblex-importer-categories\/actualites\/\" rel=\"tag\">Actualit\u00e9s<\/a>, <a href=\"https:\/\/www.altermes.fr\/en\/weblex-importer-categories\/infos-fiscales\/\" rel=\"tag\">Infos Fiscales<\/a><\/p>\n                                    <p class=\"edc-content\">La carte des pratiques et montages abusifs recense des sch\u00e9mas r\u00e9v\u00e9l\u00e9s lors de contr\u00f4les fiscaux et remis en cause par l\u2019administration fiscale en raison de leur caract\u00e8re frauduleux. Cette ca...<\/p>                                <\/div>\n                                                                <div class=\"case-study-item weblex-article\">\n                                                                            <a href=\"https:\/\/www.altermes.fr\/en\/les-infos-du-jour\/frais-bancaires-sur-succession-un-encadrement-pour-stopper-les-debordements\/\">\n                                            <img decoding=\"async\" width=\"600\" height=\"400\" src=\"https:\/\/www.altermes.fr\/wp-content\/uploads\/2025\/10\/Shutterstock_fraisbancairesuccession.jpg\" class=\"attachment-custom-thumbnail size-custom-thumbnail wp-post-image\" alt=\"\" srcset=\"https:\/\/www.altermes.fr\/wp-content\/uploads\/2025\/10\/Shutterstock_fraisbancairesuccession.jpg 600w, https:\/\/www.altermes.fr\/wp-content\/uploads\/2025\/10\/Shutterstock_fraisbancairesuccession-480x320.jpg 480w\" sizes=\"(min-width: 0px) and (max-width: 480px) 480px, (min-width: 481px) 600px, 100vw\">                                        <\/a>\n                                                                        <a href=\"https:\/\/www.altermes.fr\/en\/les-infos-du-jour\/frais-bancaires-sur-succession-un-encadrement-pour-stopper-les-debordements\/\"><h3>Frais bancaires sur succession : un encadrement pour stopper les d\u00e9bordements !<\/h3><\/a>\n                                    <p class=\"use-case-category\"><a href=\"https:\/\/www.altermes.fr\/en\/weblex-importer-categories\/actualites\/\" rel=\"tag\">Actualit\u00e9s<\/a>, <a href=\"https:\/\/www.altermes.fr\/en\/weblex-importer-categories\/infos-juridiques\/\" rel=\"tag\">Infos juridiques<\/a><\/p>\n                                    <p class=\"edc-content\">Actuellement, les \u00ab frais bancaires de succession \u00bb, c\u2019est-\u00e0-dire les frais factur\u00e9s par les banques pour r\u00e9aliser des op\u00e9rations sur les comptes d\u2019un client d\u00e9c\u00e9d\u00e9, ne sont pas r\u00e9glemen...<\/p>                                <\/div>\n                                                                <div class=\"case-study-item weblex-article\">\n                                                                            <a href=\"https:\/\/www.altermes.fr\/en\/les-infos-du-jour\/perte-dun-avantage-fiscal-et-responsabilite-du-professionnel-du-droit-tout-est-lie\/\">\n                                            <img decoding=\"async\" width=\"600\" height=\"400\" src=\"https:\/\/www.altermes.fr\/wp-content\/uploads\/2025\/10\/Shutterstock_responsabilitenotaireavocat.jpg\" class=\"attachment-custom-thumbnail size-custom-thumbnail wp-post-image\" alt=\"\" srcset=\"https:\/\/www.altermes.fr\/wp-content\/uploads\/2025\/10\/Shutterstock_responsabilitenotaireavocat.jpg 600w, https:\/\/www.altermes.fr\/wp-content\/uploads\/2025\/10\/Shutterstock_responsabilitenotaireavocat-480x320.jpg 480w\" sizes=\"(min-width: 0px) and (max-width: 480px) 480px, (min-width: 481px) 600px, 100vw\">                                        <\/a>\n                                                                        <a href=\"https:\/\/www.altermes.fr\/en\/les-infos-du-jour\/perte-dun-avantage-fiscal-et-responsabilite-du-professionnel-du-droit-tout-est-lie\/\"><h3>Perte d\u2019un avantage fiscal et responsabilit\u00e9 du professionnel du droit : tout est li\u00e9 ?<\/h3><\/a>\n                                    <p class=\"use-case-category\"><a href=\"https:\/\/www.altermes.fr\/en\/weblex-importer-categories\/actualites\/\" rel=\"tag\">Actualit\u00e9s<\/a>, <a href=\"https:\/\/www.altermes.fr\/en\/weblex-importer-categories\/infos-fiscales\/\" rel=\"tag\">Infos Fiscales<\/a><\/p>\n                                    <p class=\"edc-content\">Pour engager la responsabilit\u00e9 de quelqu\u2019un, et obtenir une r\u00e9paration, il faut prouver une faute, un pr\u00e9judice et un lien de causalit\u00e9 entre les 2. Or, le lien de causalit\u00e9 peut parfois \u00eatre ...<\/p>                                <\/div>\n                                                                <div class=\"case-study-item weblex-article\">\n                                                                            <a href=\"https:\/\/www.altermes.fr\/en\/les-infos-du-jour\/remises-ristournes-et-avantages-des-pharmacies-retropedalage-en-vue\/\">\n                                            <img decoding=\"async\" width=\"600\" height=\"400\" src=\"https:\/\/www.altermes.fr\/wp-content\/uploads\/2025\/10\/Shutterstock_ristournespharmacies1.jpg\" class=\"attachment-custom-thumbnail size-custom-thumbnail wp-post-image\" alt=\"\" srcset=\"https:\/\/www.altermes.fr\/wp-content\/uploads\/2025\/10\/Shutterstock_ristournespharmacies1.jpg 600w, https:\/\/www.altermes.fr\/wp-content\/uploads\/2025\/10\/Shutterstock_ristournespharmacies1-480x320.jpg 480w\" sizes=\"(min-width: 0px) and (max-width: 480px) 480px, (min-width: 481px) 600px, 100vw\">                                        <\/a>\n                                                                        <a href=\"https:\/\/www.altermes.fr\/en\/les-infos-du-jour\/remises-ristournes-et-avantages-des-pharmacies-retropedalage-en-vue\/\"><h3>Remises, ristournes et avantages des pharmacies : r\u00e9trop\u00e9dalage en vue !<\/h3><\/a>\n                                    <p class=\"use-case-category\"><a href=\"https:\/\/www.altermes.fr\/en\/weblex-importer-categories\/actualites\/\" rel=\"tag\">Actualit\u00e9s<\/a>, <a href=\"https:\/\/www.altermes.fr\/en\/weblex-importer-categories\/infos-juridiques\/\" rel=\"tag\">Infos juridiques<\/a><\/p>\n                                    <p class=\"edc-content\">Pour rappel, le Gouvernement avait fix\u00e9 cet \u00e9t\u00e9 le calendrier et les plafonds des remises commerciales pouvant \u00eatre accord\u00e9es par les laboratoires pharmaceutiques aux officines, avec une baisse p...<\/p>                                <\/div>\n                                                                <div class=\"case-study-item weblex-article\">\n                                                                            <a href=\"https:\/\/www.altermes.fr\/en\/les-infos-du-jour\/duerp-levaluation-differenciee-des-risques-professionnels-est-possible\/\">\n                                            <img decoding=\"async\" width=\"600\" height=\"400\" src=\"https:\/\/www.altermes.fr\/wp-content\/uploads\/2025\/10\/Shutterstock_DUERPhommefemme.jpg\" class=\"attachment-custom-thumbnail size-custom-thumbnail wp-post-image\" alt=\"\" srcset=\"https:\/\/www.altermes.fr\/wp-content\/uploads\/2025\/10\/Shutterstock_DUERPhommefemme.jpg 600w, https:\/\/www.altermes.fr\/wp-content\/uploads\/2025\/10\/Shutterstock_DUERPhommefemme-480x320.jpg 480w\" sizes=\"(min-width: 0px) and (max-width: 480px) 480px, (min-width: 481px) 600px, 100vw\">                                        <\/a>\n                                                                        <a href=\"https:\/\/www.altermes.fr\/en\/les-infos-du-jour\/duerp-levaluation-differenciee-des-risques-professionnels-est-possible\/\"><h3>DUERP : l\u2019\u00e9valuation diff\u00e9renci\u00e9e des risques professionnels est possible !<\/h3><\/a>\n                                    <p class=\"use-case-category\"><a href=\"https:\/\/www.altermes.fr\/en\/weblex-importer-categories\/actualites\/\" rel=\"tag\">Actualit\u00e9s<\/a>, <a href=\"https:\/\/www.altermes.fr\/en\/weblex-importer-categories\/infos-sociales\/\" rel=\"tag\">Infos Sociales<\/a><\/p>\n                                    <p class=\"edc-content\">L\u2019Agence nationale pour l\u2019am\u00e9lioration des conditions de travail (ANACT) a r\u00e9cemment publi\u00e9 un guide invitant les entreprises \u00e0 \u00e9valuer les risques professionnels en tenant compte des diff\u00e9r...<\/p>                                <\/div>\n                                                                <div class=\"case-study-item weblex-article\">\n                                                                            <a href=\"https:\/\/www.altermes.fr\/en\/les-infos-du-jour\/entretien-des-logements-des-personnes-dependantes-quel-taux-de-tva\/\">\n                                            <img decoding=\"async\" width=\"600\" height=\"400\" src=\"https:\/\/www.altermes.fr\/wp-content\/uploads\/2025\/10\/Shutterstock_entretienmaisonpersonnes.jpg\" class=\"attachment-custom-thumbnail size-custom-thumbnail wp-post-image\" alt=\"\" srcset=\"https:\/\/www.altermes.fr\/wp-content\/uploads\/2025\/10\/Shutterstock_entretienmaisonpersonnes.jpg 600w, https:\/\/www.altermes.fr\/wp-content\/uploads\/2025\/10\/Shutterstock_entretienmaisonpersonnes-480x320.jpg 480w\" sizes=\"(min-width: 0px) and (max-width: 480px) 480px, (min-width: 481px) 600px, 100vw\">                                        <\/a>\n                                                                        <a href=\"https:\/\/www.altermes.fr\/en\/les-infos-du-jour\/entretien-des-logements-des-personnes-dependantes-quel-taux-de-tva\/\"><h3>Entretien des logements des personnes d\u00e9pendantes : quel taux de TVA ?<\/h3><\/a>\n                                    <p class=\"use-case-category\"><a href=\"https:\/\/www.altermes.fr\/en\/weblex-importer-categories\/actualites\/\" rel=\"tag\">Actualit\u00e9s<\/a>, <a href=\"https:\/\/www.altermes.fr\/en\/weblex-importer-categories\/infos-fiscales\/\" rel=\"tag\">Infos Fiscales<\/a><\/p>\n                                    <p class=\"edc-content\">Vous proposez des prestations d\u2019entretien de la maison et des travaux m\u00e9nagers au b\u00e9n\u00e9fice exclusif de personnes handicap\u00e9es ou \u00e2g\u00e9es d\u00e9pendantes, dans le cadre de contrats sp\u00e9cifiquement d?...<\/p>                                <\/div>\n                                                                <div class=\"case-study-item weblex-article\">\n                                                                            <a href=\"https:\/\/www.altermes.fr\/en\/les-infos-du-jour\/mise-a-pied-conservatoire-ou-disciplinaire-quelle-difference\/\">\n                                            <img decoding=\"async\" width=\"600\" height=\"400\" src=\"https:\/\/www.altermes.fr\/wp-content\/uploads\/2025\/10\/Shutterstock_miseapiedconservatoire.jpg\" class=\"attachment-custom-thumbnail size-custom-thumbnail wp-post-image\" alt=\"\" srcset=\"https:\/\/www.altermes.fr\/wp-content\/uploads\/2025\/10\/Shutterstock_miseapiedconservatoire.jpg 600w, https:\/\/www.altermes.fr\/wp-content\/uploads\/2025\/10\/Shutterstock_miseapiedconservatoire-480x320.jpg 480w\" sizes=\"(min-width: 0px) and (max-width: 480px) 480px, (min-width: 481px) 600px, 100vw\">                                        <\/a>\n                                                                        <a href=\"https:\/\/www.altermes.fr\/en\/les-infos-du-jour\/mise-a-pied-conservatoire-ou-disciplinaire-quelle-difference\/\"><h3>Mise \u00e0 pied conservatoire ou disciplinaire : quelle diff\u00e9rence ?<\/h3><\/a>\n                                    <p class=\"use-case-category\"><a href=\"https:\/\/www.altermes.fr\/en\/weblex-importer-categories\/actualites\/\" rel=\"tag\">Actualit\u00e9s<\/a>, <a href=\"https:\/\/www.altermes.fr\/en\/weblex-importer-categories\/infos-sociales\/\" rel=\"tag\">Infos Sociales<\/a><\/p>\n                                    <p class=\"edc-content\">La mise \u00e0 pied d\u2019un salari\u00e9 fautif peut-elle \u00eatre consid\u00e9r\u00e9e comme une sanction avant m\u00eame la fin de l\u2019enqu\u00eate interne diligent\u00e9e par l\u2019employeur ? C\u2019est la question pos\u00e9e au juge dan...<\/p>                                <\/div>\n                                                                <div class=\"case-study-item weblex-article\">\n                                                                            <a href=\"https:\/\/www.altermes.fr\/en\/les-infos-du-jour\/subvention-prevention-des-risques-ergonomiques-bientot-la-date-limite\/\">\n                                            <img decoding=\"async\" width=\"600\" height=\"400\" src=\"https:\/\/www.altermes.fr\/wp-content\/uploads\/2025\/10\/Shutterstock_subventionprotectionergo.jpg\" class=\"attachment-custom-thumbnail size-custom-thumbnail wp-post-image\" alt=\"\" srcset=\"https:\/\/www.altermes.fr\/wp-content\/uploads\/2025\/10\/Shutterstock_subventionprotectionergo.jpg 600w, https:\/\/www.altermes.fr\/wp-content\/uploads\/2025\/10\/Shutterstock_subventionprotectionergo-480x320.jpg 480w\" sizes=\"(min-width: 0px) and (max-width: 480px) 480px, (min-width: 481px) 600px, 100vw\">                                        <\/a>\n                                                                        <a href=\"https:\/\/www.altermes.fr\/en\/les-infos-du-jour\/subvention-prevention-des-risques-ergonomiques-bientot-la-date-limite\/\"><h3>Subvention pr\u00e9vention des risques ergonomiques : bient\u00f4t la date limite !<\/h3><\/a>\n                                    <p class=\"use-case-category\"><a href=\"https:\/\/www.altermes.fr\/en\/weblex-importer-categories\/actualites\/\" rel=\"tag\">Actualit\u00e9s<\/a>, <a href=\"https:\/\/www.altermes.fr\/en\/weblex-importer-categories\/infos-sociales\/\" rel=\"tag\">Infos Sociales<\/a><\/p>\n                                    <p class=\"edc-content\">Afin de pr\u00e9venir les risques professionnels et de prot\u00e9ger la sant\u00e9 et la s\u00e9curit\u00e9 des salari\u00e9s, l\u2019Assurance maladie propose une subvention \u00ab Pr\u00e9vention des risques ergonomiques \u00bb, pour les...<\/p>                                <\/div>\n                                                                <div class=\"case-study-item weblex-article\">\n                                                                            <a href=\"https:\/\/www.altermes.fr\/en\/les-infos-du-jour\/reduction-dimpot-madelin-un-taux-majore-confirme\/\">\n                                            <img decoding=\"async\" width=\"600\" height=\"400\" src=\"https:\/\/www.altermes.fr\/wp-content\/uploads\/2025\/10\/Shutterstock_reductionmadelin.jpg\" class=\"attachment-custom-thumbnail size-custom-thumbnail wp-post-image\" alt=\"\" srcset=\"https:\/\/www.altermes.fr\/wp-content\/uploads\/2025\/10\/Shutterstock_reductionmadelin.jpg 600w, https:\/\/www.altermes.fr\/wp-content\/uploads\/2025\/10\/Shutterstock_reductionmadelin-480x320.jpg 480w\" sizes=\"(min-width: 0px) and (max-width: 480px) 480px, (min-width: 481px) 600px, 100vw\">                                        <\/a>\n                                                                        <a href=\"https:\/\/www.altermes.fr\/en\/les-infos-du-jour\/reduction-dimpot-madelin-un-taux-majore-confirme\/\"><h3>R\u00e9duction d\u2019imp\u00f4t \u00ab Madelin \u00bb : un taux major\u00e9\u2026 confirm\u00e9 !<\/h3><\/a>\n                                    <p class=\"use-case-category\"><a href=\"https:\/\/www.altermes.fr\/en\/weblex-importer-categories\/actualites\/\" rel=\"tag\">Actualit\u00e9s<\/a>, <a href=\"https:\/\/www.altermes.fr\/en\/weblex-importer-categories\/le-coin-du-dirigeant\/\" rel=\"tag\">Le coin du dirigeant<\/a><\/p>\n                                    <p class=\"edc-content\">Afin de soutenir l\u2019investissement des particuliers dans les PME, la loi de finances pour 2025 a apport\u00e9 son lot d\u2019am\u00e9nagements concernant la r\u00e9duction d\u2019imp\u00f4t \u00ab Madelin \u00bb et notamment pour...<\/p>                                <\/div>\n                                                                <div class=\"case-study-item weblex-article\">\n                                                                            <a href=\"https:\/\/www.altermes.fr\/en\/les-infos-du-jour\/agents-immobiliers-le-formalisme-du-mandat-en-question\/\">\n                                            <img decoding=\"async\" width=\"600\" height=\"400\" src=\"https:\/\/www.altermes.fr\/wp-content\/uploads\/2025\/10\/Shutterstock_carteagentimmo.jpg\" class=\"attachment-custom-thumbnail size-custom-thumbnail wp-post-image\" alt=\"\" srcset=\"https:\/\/www.altermes.fr\/wp-content\/uploads\/2025\/10\/Shutterstock_carteagentimmo.jpg 600w, https:\/\/www.altermes.fr\/wp-content\/uploads\/2025\/10\/Shutterstock_carteagentimmo-480x320.jpg 480w\" sizes=\"(min-width: 0px) and (max-width: 480px) 480px, (min-width: 481px) 600px, 100vw\">                                        <\/a>\n                                                                        <a href=\"https:\/\/www.altermes.fr\/en\/les-infos-du-jour\/agents-immobiliers-le-formalisme-du-mandat-en-question\/\"><h3>Agents immobiliers : le formalisme du mandat en question<\/h3><\/a>\n                                    <p class=\"use-case-category\"><a href=\"https:\/\/www.altermes.fr\/en\/weblex-importer-categories\/actualites\/\" rel=\"tag\">Actualit\u00e9s<\/a>, <a href=\"https:\/\/www.altermes.fr\/en\/weblex-importer-categories\/infos-juridiques\/\" rel=\"tag\">Infos juridiques<\/a><\/p>\n                                    <p class=\"edc-content\">Les mandats confi\u00e9s aux agents immobiliers doivent suivre un formalisme pr\u00e9cis, dont le non-respect peut entrainer jusqu\u2019\u00e0 la nullit\u00e9 du mandat. Une nullit\u00e9 qui doit n\u00e9anmoins s\u2019appliquer av...<\/p>                                <\/div>\n                                                                <div class=\"case-study-item weblex-article\">\n                                                                            <a href=\"https:\/\/www.altermes.fr\/en\/les-infos-du-jour\/reglementation-des-mousses-anti-incendie-un-nouveau-pas-dans-la-lutte-contre-les-pfas\/\">\n                                            <img decoding=\"async\" width=\"600\" height=\"400\" src=\"https:\/\/www.altermes.fr\/wp-content\/uploads\/2025\/10\/Shutterstock_PFASmousseantiincendie.jpg\" class=\"attachment-custom-thumbnail size-custom-thumbnail wp-post-image\" alt=\"\" srcset=\"https:\/\/www.altermes.fr\/wp-content\/uploads\/2025\/10\/Shutterstock_PFASmousseantiincendie.jpg 600w, https:\/\/www.altermes.fr\/wp-content\/uploads\/2025\/10\/Shutterstock_PFASmousseantiincendie-480x320.jpg 480w\" sizes=\"(min-width: 0px) and (max-width: 480px) 480px, (min-width: 481px) 600px, 100vw\">                                        <\/a>\n                                                                        <a href=\"https:\/\/www.altermes.fr\/en\/les-infos-du-jour\/reglementation-des-mousses-anti-incendie-un-nouveau-pas-dans-la-lutte-contre-les-pfas\/\"><h3>R\u00e9glementation des mousses anti-incendie : un nouveau pas dans la lutte contre les PFAS<\/h3><\/a>\n                                    <p class=\"use-case-category\"><a href=\"https:\/\/www.altermes.fr\/en\/weblex-importer-categories\/actualites\/\" rel=\"tag\">Actualit\u00e9s<\/a>, <a href=\"https:\/\/www.altermes.fr\/en\/weblex-importer-categories\/infos-juridiques\/\" rel=\"tag\">Infos juridiques<\/a><\/p>\n                                    <p class=\"edc-content\">30 000 tonnes : c\u2019est la quantit\u00e9 de mousses anti-incendie produite chaque ann\u00e9e dans l\u2019Union europ\u00e9enne (UE). Or, 60 % contiennent des substances perfluoroalkyl\u00e9es et polyfluoroalkyl\u00e9es (PFA...<\/p>                                <\/div>\n                                                                <div class=\"case-study-item weblex-article\">\n                                                                            <a href=\"https:\/\/www.altermes.fr\/en\/les-infos-du-jour\/services-de-medias-numeriques-que-faire-des-donnees-des-clients-inactifs\/\">\n                                            <img decoding=\"async\" width=\"600\" height=\"400\" src=\"https:\/\/www.altermes.fr\/wp-content\/uploads\/2025\/10\/Shutterstock_conservationdonneesmedias.jpg\" class=\"attachment-custom-thumbnail size-custom-thumbnail wp-post-image\" alt=\"\" srcset=\"https:\/\/www.altermes.fr\/wp-content\/uploads\/2025\/10\/Shutterstock_conservationdonneesmedias.jpg 600w, https:\/\/www.altermes.fr\/wp-content\/uploads\/2025\/10\/Shutterstock_conservationdonneesmedias-480x320.jpg 480w\" sizes=\"(min-width: 0px) and (max-width: 480px) 480px, (min-width: 481px) 600px, 100vw\">                                        <\/a>\n                                                                        <a href=\"https:\/\/www.altermes.fr\/en\/les-infos-du-jour\/services-de-medias-numeriques-que-faire-des-donnees-des-clients-inactifs\/\"><h3>Services de m\u00e9dias num\u00e9riques : que faire des donn\u00e9es des clients inactifs ?<\/h3><\/a>\n                                    <p class=\"use-case-category\"><a href=\"https:\/\/www.altermes.fr\/en\/weblex-importer-categories\/actualites\/\" rel=\"tag\">Actualit\u00e9s<\/a>, <a href=\"https:\/\/www.altermes.fr\/en\/weblex-importer-categories\/infos-juridiques\/\" rel=\"tag\">Infos juridiques<\/a><\/p>\n                                    <p class=\"edc-content\">Le r\u00e8glement g\u00e9n\u00e9ral sur la protection des donn\u00e9es (RGPD) pr\u00e9voit de nombreuses limitations concernant le traitement des donn\u00e9es personnelles de leurs clients par des professionnels, et notammen...<\/p>                                <\/div>\n                                                                <div class=\"case-study-item weblex-article\">\n                                                                            <a href=\"https:\/\/www.altermes.fr\/en\/les-infos-du-jour\/chlordecone-un-portail-pour-centraliser-les-informations-et-les-solutions\/\">\n                                            <img decoding=\"async\" width=\"600\" height=\"400\" src=\"https:\/\/www.altermes.fr\/wp-content\/uploads\/2025\/10\/Shutterstock_chlordeconesolutions.jpg\" class=\"attachment-custom-thumbnail size-custom-thumbnail wp-post-image\" alt=\"\" srcset=\"https:\/\/www.altermes.fr\/wp-content\/uploads\/2025\/10\/Shutterstock_chlordeconesolutions.jpg 600w, https:\/\/www.altermes.fr\/wp-content\/uploads\/2025\/10\/Shutterstock_chlordeconesolutions-480x320.jpg 480w\" sizes=\"(min-width: 0px) and (max-width: 480px) 480px, (min-width: 481px) 600px, 100vw\">                                        <\/a>\n                                                                        <a href=\"https:\/\/www.altermes.fr\/en\/les-infos-du-jour\/chlordecone-un-portail-pour-centraliser-les-informations-et-les-solutions\/\"><h3>Chlord\u00e9cone : un portail pour centraliser les informations et les solutions<\/h3><\/a>\n                                    <p class=\"use-case-category\"><a href=\"https:\/\/www.altermes.fr\/en\/weblex-importer-categories\/actualites\/\" rel=\"tag\">Actualit\u00e9s<\/a>, <a href=\"https:\/\/www.altermes.fr\/en\/weblex-importer-categories\/le-coin-du-dirigeant\/\" rel=\"tag\">Le coin du dirigeant<\/a><\/p>\n                                    <p class=\"edc-content\">Bien qu\u2019il ne soit plus utilis\u00e9 depuis plus de 30 ans, le chlord\u00e9cone est encore bien pr\u00e9sent dans les sols, les eaux et la nourriture en Guadeloupe et en Martinique. Parmi les dispositifs mis en...<\/p>                                <\/div>\n                                                                <div class=\"case-study-item weblex-article\">\n                                                                            <a href=\"https:\/\/www.altermes.fr\/en\/les-infos-du-jour\/tva-et-certification-des-logiciels-de-caisse-nouveau-report\/\">\n                                            <img decoding=\"async\" width=\"600\" height=\"400\" src=\"https:\/\/www.altermes.fr\/wp-content\/uploads\/2025\/10\/Shutterstock_reporttolerancelogiciel.jpg\" class=\"attachment-custom-thumbnail size-custom-thumbnail wp-post-image\" alt=\"\" srcset=\"https:\/\/www.altermes.fr\/wp-content\/uploads\/2025\/10\/Shutterstock_reporttolerancelogiciel.jpg 600w, https:\/\/www.altermes.fr\/wp-content\/uploads\/2025\/10\/Shutterstock_reporttolerancelogiciel-480x320.jpg 480w\" sizes=\"(min-width: 0px) and (max-width: 480px) 480px, (min-width: 481px) 600px, 100vw\">                                        <\/a>\n                                                                        <a href=\"https:\/\/www.altermes.fr\/en\/les-infos-du-jour\/tva-et-certification-des-logiciels-de-caisse-nouveau-report\/\"><h3>TVA et certification des logiciels de caisse : nouveau report<\/h3><\/a>\n                                    <p class=\"use-case-category\"><a href=\"https:\/\/www.altermes.fr\/en\/weblex-importer-categories\/actualites\/\" rel=\"tag\">Actualit\u00e9s<\/a>, <a href=\"https:\/\/www.altermes.fr\/en\/weblex-importer-categories\/infos-fiscales\/\" rel=\"tag\">Infos Fiscales<\/a><\/p>\n                                    <p class=\"edc-content\">La loi de finances pour 2025 a supprim\u00e9 la possibilit\u00e9 de justifier du caract\u00e8re s\u00e9curis\u00e9 d\u2019un logiciel ou d\u2019un syst\u00e8me de caisse par la production d\u2019une attestation individuelle d\u00e9livr\u00e9...<\/p>                                <\/div>\n                                                                <div class=\"case-study-item weblex-article\">\n                                                                            <a href=\"https:\/\/www.altermes.fr\/en\/les-infos-du-jour\/debitants-de-tabacs-de-nombreuses-nouveautes-a-connaitre\/\">\n                                            <img decoding=\"async\" width=\"600\" height=\"400\" src=\"https:\/\/www.altermes.fr\/wp-content\/uploads\/2025\/10\/Shutterstock_arretetabac.jpg\" class=\"attachment-custom-thumbnail size-custom-thumbnail wp-post-image\" alt=\"\" srcset=\"https:\/\/www.altermes.fr\/wp-content\/uploads\/2025\/10\/Shutterstock_arretetabac.jpg 600w, https:\/\/www.altermes.fr\/wp-content\/uploads\/2025\/10\/Shutterstock_arretetabac-480x320.jpg 480w\" sizes=\"(min-width: 0px) and (max-width: 480px) 480px, (min-width: 481px) 600px, 100vw\">                                        <\/a>\n                                                                        <a href=\"https:\/\/www.altermes.fr\/en\/les-infos-du-jour\/debitants-de-tabacs-de-nombreuses-nouveautes-a-connaitre\/\"><h3>D\u00e9bitants de tabacs : de nombreuses nouveaut\u00e9s \u00e0 connaitre<\/h3><\/a>\n                                    <p class=\"use-case-category\"><a href=\"https:\/\/www.altermes.fr\/en\/weblex-importer-categories\/actualites\/\" rel=\"tag\">Actualit\u00e9s<\/a>, <a href=\"https:\/\/www.altermes.fr\/en\/weblex-importer-categories\/infos-juridiques\/\" rel=\"tag\">Infos juridiques<\/a><\/p>\n                                    <p class=\"edc-content\">De nombreux changements sont apport\u00e9s concernant l\u2019exercice de la profession de d\u00e9bitants de tabac. Ces \u00e9volutions doivent permettre de moderniser certains aspects de la profession tout en permet...<\/p>                                <\/div>\n                                                                <div class=\"case-study-item weblex-article\">\n                                                                            <a href=\"https:\/\/www.altermes.fr\/en\/les-infos-du-jour\/taxe-fonciere-2025-derniere-ligne-droite-pour-payer\/\">\n                                            <img decoding=\"async\" width=\"600\" height=\"400\" src=\"https:\/\/www.altermes.fr\/wp-content\/uploads\/2025\/10\/Shutterstock_taxefonciere2025.jpg\" class=\"attachment-custom-thumbnail size-custom-thumbnail wp-post-image\" alt=\"\" srcset=\"https:\/\/www.altermes.fr\/wp-content\/uploads\/2025\/10\/Shutterstock_taxefonciere2025.jpg 600w, https:\/\/www.altermes.fr\/wp-content\/uploads\/2025\/10\/Shutterstock_taxefonciere2025-480x320.jpg 480w\" sizes=\"(min-width: 0px) and (max-width: 480px) 480px, (min-width: 481px) 600px, 100vw\">                                        <\/a>\n                                                                        <a href=\"https:\/\/www.altermes.fr\/en\/les-infos-du-jour\/taxe-fonciere-2025-derniere-ligne-droite-pour-payer\/\"><h3>Taxe fonci\u00e8re 2025 : derni\u00e8re ligne droite pour payer !<\/h3><\/a>\n                                    <p class=\"use-case-category\"><a href=\"https:\/\/www.altermes.fr\/en\/weblex-importer-categories\/actualites\/\" rel=\"tag\">Actualit\u00e9s<\/a>, <a href=\"https:\/\/www.altermes.fr\/en\/weblex-importer-categories\/le-coin-du-dirigeant\/\" rel=\"tag\">Le coin du dirigeant<\/a><\/p>\n                                    <p class=\"edc-content\">L\u2019automne est l\u00e0 et, si vous \u00eates propri\u00e9taire, votre avis de taxe fonci\u00e8re est d\u00e9j\u00e0 disponible en ligne, dans votre espace particulier sur impots.gouv.fr. L\u2019heure a sonn\u00e9 pour vous de paye...<\/p>                                <\/div>\n                                                                <div class=\"case-study-item weblex-article\">\n                                                                            <a href=\"https:\/\/www.altermes.fr\/en\/les-infos-du-jour\/influence-etrangere-un-nouveau-repertoire-pour-une-meilleure-transparence\/\">\n                                            <img decoding=\"async\" width=\"600\" height=\"400\" src=\"https:\/\/www.altermes.fr\/wp-content\/uploads\/2025\/10\/Shutterstock_repertoireinfluenceetranger.jpg\" class=\"attachment-custom-thumbnail size-custom-thumbnail wp-post-image\" alt=\"\" srcset=\"https:\/\/www.altermes.fr\/wp-content\/uploads\/2025\/10\/Shutterstock_repertoireinfluenceetranger.jpg 600w, https:\/\/www.altermes.fr\/wp-content\/uploads\/2025\/10\/Shutterstock_repertoireinfluenceetranger-480x320.jpg 480w\" sizes=\"(min-width: 0px) and (max-width: 480px) 480px, (min-width: 481px) 600px, 100vw\">                                        <\/a>\n                                                                        <a href=\"https:\/\/www.altermes.fr\/en\/les-infos-du-jour\/influence-etrangere-un-nouveau-repertoire-pour-une-meilleure-transparence\/\"><h3>Influence \u00e9trang\u00e8re : un nouveau r\u00e9pertoire pour une meilleure transparence<\/h3><\/a>\n                                    <p class=\"use-case-category\"><a href=\"https:\/\/www.altermes.fr\/en\/weblex-importer-categories\/actualites\/\" rel=\"tag\">Actualit\u00e9s<\/a>, <a href=\"https:\/\/www.altermes.fr\/en\/weblex-importer-categories\/infos-juridiques\/\" rel=\"tag\">Infos juridiques<\/a><\/p>\n                                    <p class=\"edc-content\">Parce que les activit\u00e9s d\u2019influence \u00e9trang\u00e8re ont pris un nouvel essor avec les outils num\u00e9riques, l\u2019\u00c9tat a adapt\u00e9 ses dispositifs de transparence et de lutte contre les tentatives d\u2019ing\u00e9...<\/p>                                <\/div>\n                                                                <div class=\"case-study-item weblex-article\">\n                                                                            <a href=\"https:\/\/www.altermes.fr\/en\/les-infos-du-jour\/actes-electroniques-des-precisions-pour-le-notariat\/\">\n                                            <img decoding=\"async\" width=\"600\" height=\"400\" src=\"https:\/\/www.altermes.fr\/wp-content\/uploads\/2025\/10\/Shutterstock_actesnotariesdematerialises.jpg\" class=\"attachment-custom-thumbnail size-custom-thumbnail wp-post-image\" alt=\"\" srcset=\"https:\/\/www.altermes.fr\/wp-content\/uploads\/2025\/10\/Shutterstock_actesnotariesdematerialises.jpg 600w, https:\/\/www.altermes.fr\/wp-content\/uploads\/2025\/10\/Shutterstock_actesnotariesdematerialises-480x320.jpg 480w\" sizes=\"(min-width: 0px) and (max-width: 480px) 480px, (min-width: 481px) 600px, 100vw\">                                        <\/a>\n                                                                        <a href=\"https:\/\/www.altermes.fr\/en\/les-infos-du-jour\/actes-electroniques-des-precisions-pour-le-notariat\/\"><h3>Actes \u00e9lectroniques : des pr\u00e9cisions pour le notariat<\/h3><\/a>\n                                    <p class=\"use-case-category\"><a href=\"https:\/\/www.altermes.fr\/en\/weblex-importer-categories\/actualites\/\" rel=\"tag\">Actualit\u00e9s<\/a>, <a href=\"https:\/\/www.altermes.fr\/en\/weblex-importer-categories\/infos-juridiques\/\" rel=\"tag\">Infos juridiques<\/a><\/p>\n                                    <p class=\"edc-content\">Comme tous les secteurs, le notariat a int\u00e9gr\u00e9 l\u2019utilisation du support \u00e9lectronique pour l\u2019\u00e9tablissement, la signature et le stockage des actes. Cependant, les notaires doivent respecter un c...<\/p>                                <\/div>\n                                                                <div class=\"case-study-item weblex-article\">\n                                                                            <a href=\"https:\/\/www.altermes.fr\/en\/les-infos-du-jour\/temps-partiel-repos-compensateur-assimile-aux-conges-payes\/\">\n                                            <img decoding=\"async\" width=\"600\" height=\"400\" src=\"https:\/\/www.altermes.fr\/wp-content\/uploads\/2025\/10\/Shutterstock_reposcomensateur.jpg\" class=\"attachment-custom-thumbnail size-custom-thumbnail wp-post-image\" alt=\"\" srcset=\"https:\/\/www.altermes.fr\/wp-content\/uploads\/2025\/10\/Shutterstock_reposcomensateur.jpg 600w, https:\/\/www.altermes.fr\/wp-content\/uploads\/2025\/10\/Shutterstock_reposcomensateur-480x320.jpg 480w\" sizes=\"(min-width: 0px) and (max-width: 480px) 480px, (min-width: 481px) 600px, 100vw\">                                        <\/a>\n                                                                        <a href=\"https:\/\/www.altermes.fr\/en\/les-infos-du-jour\/temps-partiel-repos-compensateur-assimile-aux-conges-payes\/\"><h3>Temps partiel : repos compensateur assimil\u00e9 aux cong\u00e9s pay\u00e9s ?<\/h3><\/a>\n                                    <p class=\"use-case-category\"><a href=\"https:\/\/www.altermes.fr\/en\/weblex-importer-categories\/actualites\/\" rel=\"tag\">Actualit\u00e9s<\/a>, <a href=\"https:\/\/www.altermes.fr\/en\/weblex-importer-categories\/infos-sociales\/\" rel=\"tag\">Infos Sociales<\/a><\/p>\n                                    <p class=\"edc-content\">Au titre de l\u2019\u00e9galit\u00e9 de traitement, les jours de cong\u00e9s pay\u00e9s doivent r\u00e9pondre aux m\u00eames r\u00e8gles s\u2019agissant de la prise ou de l\u2019acquisition pour les salari\u00e9s embauch\u00e9s \u00e0 temps partiel ...<\/p>                                <\/div>\n                                                                <div class=\"case-study-item weblex-article\">\n                                                                            <a href=\"https:\/\/www.altermes.fr\/en\/les-infos-du-jour\/gerants-de-sarl-quand-les-remboursements-de-frais-font-debat\/\">\n                                            <img decoding=\"async\" width=\"600\" height=\"400\" src=\"https:\/\/www.altermes.fr\/wp-content\/uploads\/2025\/10\/Shutterstock_rbstfraisgerants.jpg\" class=\"attachment-custom-thumbnail size-custom-thumbnail wp-post-image\" alt=\"\" srcset=\"https:\/\/www.altermes.fr\/wp-content\/uploads\/2025\/10\/Shutterstock_rbstfraisgerants.jpg 600w, https:\/\/www.altermes.fr\/wp-content\/uploads\/2025\/10\/Shutterstock_rbstfraisgerants-480x320.jpg 480w\" sizes=\"(min-width: 0px) and (max-width: 480px) 480px, (min-width: 481px) 600px, 100vw\">                                        <\/a>\n                                                                        <a href=\"https:\/\/www.altermes.fr\/en\/les-infos-du-jour\/gerants-de-sarl-quand-les-remboursements-de-frais-font-debat\/\"><h3>G\u00e9rants de SARL : quand les remboursements de frais font d\u00e9bat !<\/h3><\/a>\n                                    <p class=\"use-case-category\"><a href=\"https:\/\/www.altermes.fr\/en\/weblex-importer-categories\/actualites\/\" rel=\"tag\">Actualit\u00e9s<\/a>, <a href=\"https:\/\/www.altermes.fr\/en\/weblex-importer-categories\/le-coin-du-dirigeant\/\" rel=\"tag\">Le coin du dirigeant<\/a><\/p>\n                                    <p class=\"edc-content\">Par principe, les remboursements forfaitaires de frais vers\u00e9s aux g\u00e9rants minoritaires ou \u00e9galitaires de SARL sont tax\u00e9s \u00e0 l\u2019imp\u00f4t sur le revenu dans la cat\u00e9gorie des traitements et salaires....<\/p>                                <\/div>\n                                                                <div class=\"case-study-item weblex-article\">\n                                                                            <a href=\"https:\/\/www.altermes.fr\/en\/les-infos-du-jour\/repartition-de-la-taxe-dapprentissage-2025-vous-avez-jusquau-24-octobre\/\">\n                                            <img decoding=\"async\" width=\"600\" height=\"400\" src=\"https:\/\/www.altermes.fr\/wp-content\/uploads\/2025\/10\/Shutterstock_soltea2028129.jpg\" class=\"attachment-custom-thumbnail size-custom-thumbnail wp-post-image\" alt=\"\" srcset=\"https:\/\/www.altermes.fr\/wp-content\/uploads\/2025\/10\/Shutterstock_soltea2028129.jpg 600w, https:\/\/www.altermes.fr\/wp-content\/uploads\/2025\/10\/Shutterstock_soltea2028129-480x320.jpg 480w\" sizes=\"(min-width: 0px) and (max-width: 480px) 480px, (min-width: 481px) 600px, 100vw\">                                        <\/a>\n                                                                        <a href=\"https:\/\/www.altermes.fr\/en\/les-infos-du-jour\/repartition-de-la-taxe-dapprentissage-2025-vous-avez-jusquau-24-octobre\/\"><h3>R\u00e9partition de la taxe d\u2019apprentissage 2025 : vous avez jusqu\u2019au 24 octobre !<\/h3><\/a>\n                                    <p class=\"use-case-category\"><a href=\"https:\/\/www.altermes.fr\/en\/weblex-importer-categories\/actualites\/\" rel=\"tag\">Actualit\u00e9s<\/a>, <a href=\"https:\/\/www.altermes.fr\/en\/weblex-importer-categories\/infos-sociales\/\" rel=\"tag\">Infos Sociales<\/a><\/p>\n                                    <p class=\"edc-content\">Apr\u00e8s la d\u00e9claration et le versement \u00e0 l\u2019Urssaf du solde de la taxe d\u2019apprentissage le 5 ou le 15 mai 2025, il est d\u00e9sormais l\u2019heure de proc\u00e9der \u00e0 sa r\u00e9partition aupr\u00e8s des \u00e9tablissemen...<\/p>                                <\/div>\n                                                                <div class=\"case-study-item weblex-article\">\n                                                                            <a href=\"https:\/\/www.altermes.fr\/en\/les-infos-du-jour\/mariage-pour-le-meilleur-et-pour-les-dettes\/\">\n                                            <img decoding=\"async\" width=\"600\" height=\"400\" src=\"https:\/\/www.altermes.fr\/wp-content\/uploads\/2025\/10\/Shutterstock_dettepersonnelle.jpg\" class=\"attachment-custom-thumbnail size-custom-thumbnail wp-post-image\" alt=\"\" srcset=\"https:\/\/www.altermes.fr\/wp-content\/uploads\/2025\/10\/Shutterstock_dettepersonnelle.jpg 600w, https:\/\/www.altermes.fr\/wp-content\/uploads\/2025\/10\/Shutterstock_dettepersonnelle-480x320.jpg 480w\" sizes=\"(min-width: 0px) and (max-width: 480px) 480px, (min-width: 481px) 600px, 100vw\">                                        <\/a>\n                                                                        <a href=\"https:\/\/www.altermes.fr\/en\/les-infos-du-jour\/mariage-pour-le-meilleur-et-pour-les-dettes\/\"><h3>Mariage : pour le meilleur et pour les dettes ?<\/h3><\/a>\n                                    <p class=\"use-case-category\"><a href=\"https:\/\/www.altermes.fr\/en\/weblex-importer-categories\/actualites\/\" rel=\"tag\">Actualit\u00e9s<\/a>, <a href=\"https:\/\/www.altermes.fr\/en\/weblex-importer-categories\/le-coin-du-dirigeant\/\" rel=\"tag\">Le coin du dirigeant<\/a><\/p>\n                                    <p class=\"edc-content\">Sauf exception et contrat de mariage, lorsqu\u2019une dette est contract\u00e9e par un des \u00e9poux pendant le mariage, le cr\u00e9ancier peut saisir la totalit\u00e9 des biens communs. Mais peut-il obtenir la condamn...<\/p>                                <\/div>\n                                                                <div class=\"case-study-item weblex-article\">\n                                                                            <a href=\"https:\/\/www.altermes.fr\/en\/les-infos-du-jour\/regime-fiscal-des-impatries-cest-quoi-un-impatrie\/\">\n                                            <img decoding=\"async\" width=\"600\" height=\"400\" src=\"https:\/\/www.altermes.fr\/wp-content\/uploads\/2025\/10\/Shutterstock_regimefiscalimpatries.jpg\" class=\"attachment-custom-thumbnail size-custom-thumbnail wp-post-image\" alt=\"\" srcset=\"https:\/\/www.altermes.fr\/wp-content\/uploads\/2025\/10\/Shutterstock_regimefiscalimpatries.jpg 600w, https:\/\/www.altermes.fr\/wp-content\/uploads\/2025\/10\/Shutterstock_regimefiscalimpatries-480x320.jpg 480w\" sizes=\"(min-width: 0px) and (max-width: 480px) 480px, (min-width: 481px) 600px, 100vw\">                                        <\/a>\n                                                                        <a href=\"https:\/\/www.altermes.fr\/en\/les-infos-du-jour\/regime-fiscal-des-impatries-cest-quoi-un-impatrie\/\"><h3>R\u00e9gime fiscal des impatri\u00e9s : c\u2019est quoi un impatri\u00e9 ?<\/h3><\/a>\n                                    <p class=\"use-case-category\"><a href=\"https:\/\/www.altermes.fr\/en\/weblex-importer-categories\/actualites\/\" rel=\"tag\">Actualit\u00e9s<\/a>, <a href=\"https:\/\/www.altermes.fr\/en\/weblex-importer-categories\/le-coin-du-dirigeant\/\" rel=\"tag\">Le coin du dirigeant<\/a><\/p>\n                                    <p class=\"edc-content\">Les salari\u00e9s et dirigeants appel\u00e9s de l\u2019\u00e9tranger pour occuper un emploi en France b\u00e9n\u00e9ficient, toutes conditions remplies, d\u2019un r\u00e9gime fiscal particulier appel\u00e9 \u00ab r\u00e9gime des impatri\u00e9s \u00bb...<\/p>                                <\/div>\n                                                                <div class=\"case-study-item weblex-article\">\n                                                                            <a href=\"https:\/\/www.altermes.fr\/en\/les-infos-du-jour\/cameras-dissimulees-nouvelle-sanction-de-la-cnil\/\">\n                                            <img decoding=\"async\" width=\"600\" height=\"400\" src=\"https:\/\/www.altermes.fr\/wp-content\/uploads\/2025\/10\/Shutterstock_cameracachee1.jpg\" class=\"attachment-custom-thumbnail size-custom-thumbnail wp-post-image\" alt=\"\" srcset=\"https:\/\/www.altermes.fr\/wp-content\/uploads\/2025\/10\/Shutterstock_cameracachee1.jpg 600w, https:\/\/www.altermes.fr\/wp-content\/uploads\/2025\/10\/Shutterstock_cameracachee1-480x320.jpg 480w\" sizes=\"(min-width: 0px) and (max-width: 480px) 480px, (min-width: 481px) 600px, 100vw\">                                        <\/a>\n                                                                        <a href=\"https:\/\/www.altermes.fr\/en\/les-infos-du-jour\/cameras-dissimulees-nouvelle-sanction-de-la-cnil\/\"><h3>Cam\u00e9ras dissimul\u00e9es : nouvelle sanction de la CNIL !<\/h3><\/a>\n                                    <p class=\"use-case-category\"><a href=\"https:\/\/www.altermes.fr\/en\/weblex-importer-categories\/actualites\/\" rel=\"tag\">Actualit\u00e9s<\/a>, <a href=\"https:\/\/www.altermes.fr\/en\/weblex-importer-categories\/infos-sociales\/\" rel=\"tag\">Infos Sociales<\/a><\/p>\n                                    <p class=\"edc-content\">R\u00e9cemment, la Commission nationale de l\u2019informatique et des libert\u00e9s (CNIL) a \u00e9pingl\u00e9 un grand magasin parisien pour avoir dissimul\u00e9 des cam\u00e9ras ainsi que des micros dans 2 r\u00e9serves, pour fai...<\/p>                                <\/div>\n                                                                <div class=\"case-study-item weblex-article\">\n                                                                            <a href=\"https:\/\/www.altermes.fr\/en\/les-infos-du-jour\/spsti-des-precisions-sur-le-recours-aux-medecins-correspondants\/\">\n                                            <img decoding=\"async\" width=\"600\" height=\"400\" src=\"https:\/\/www.altermes.fr\/wp-content\/uploads\/2025\/10\/Shutterstock_spstimodelemedecin.jpg\" class=\"attachment-custom-thumbnail size-custom-thumbnail wp-post-image\" alt=\"\" srcset=\"https:\/\/www.altermes.fr\/wp-content\/uploads\/2025\/10\/Shutterstock_spstimodelemedecin.jpg 600w, https:\/\/www.altermes.fr\/wp-content\/uploads\/2025\/10\/Shutterstock_spstimodelemedecin-480x320.jpg 480w\" sizes=\"(min-width: 0px) and (max-width: 480px) 480px, (min-width: 481px) 600px, 100vw\">                                        <\/a>\n                                                                        <a href=\"https:\/\/www.altermes.fr\/en\/les-infos-du-jour\/spsti-des-precisions-sur-le-recours-aux-medecins-correspondants\/\"><h3>SPSTI : des pr\u00e9cisions sur le recours aux m\u00e9decins correspondants<\/h3><\/a>\n                                    <p class=\"use-case-category\"><a href=\"https:\/\/www.altermes.fr\/en\/weblex-importer-categories\/actualites\/\" rel=\"tag\">Actualit\u00e9s<\/a>, <a href=\"https:\/\/www.altermes.fr\/en\/weblex-importer-categories\/infos-juridiques\/\" rel=\"tag\">Infos juridiques<\/a><\/p>\n                                    <p class=\"edc-content\">Les services de pr\u00e9vention et de sant\u00e9 au travail interentreprises (SPSTI) sont des associations mises en place par des employeurs afin de mettre en place des mesures de pr\u00e9vention des risques prof...<\/p>                                <\/div>\n                                                                <div class=\"case-study-item weblex-article\">\n                                                                            <a href=\"https:\/\/www.altermes.fr\/en\/les-infos-du-jour\/primo-accession-en-couple-un-seul-suffit\/\">\n                                            <img decoding=\"async\" width=\"600\" height=\"400\" src=\"https:\/\/www.altermes.fr\/wp-content\/uploads\/2025\/10\/Shutterstock_dmtoprimoaccession.jpg\" class=\"attachment-custom-thumbnail size-custom-thumbnail wp-post-image\" alt=\"\" srcset=\"https:\/\/www.altermes.fr\/wp-content\/uploads\/2025\/10\/Shutterstock_dmtoprimoaccession.jpg 600w, https:\/\/www.altermes.fr\/wp-content\/uploads\/2025\/10\/Shutterstock_dmtoprimoaccession-480x320.jpg 480w\" sizes=\"(min-width: 0px) and (max-width: 480px) 480px, (min-width: 481px) 600px, 100vw\">                                        <\/a>\n                                                                        <a href=\"https:\/\/www.altermes.fr\/en\/les-infos-du-jour\/primo-accession-en-couple-un-seul-suffit\/\"><h3>Primo-accession : en couple, un seul suffit ?<\/h3><\/a>\n                                    <p class=\"use-case-category\"><a href=\"https:\/\/www.altermes.fr\/en\/weblex-importer-categories\/actualites\/\" rel=\"tag\">Actualit\u00e9s<\/a>, <a href=\"https:\/\/www.altermes.fr\/en\/weblex-importer-categories\/le-coin-du-dirigeant\/\" rel=\"tag\">Le coin du dirigeant<\/a><\/p>\n                                    <p class=\"edc-content\">Les d\u00e9partements ont la possibilit\u00e9 de relever temporairement le taux des droits de mutation \u00e0 titre on\u00e9reux au-del\u00e0 de 4,50 %, sans que ce taux exc\u00e8de 5 %. Toutefois, cette nouvelle possibilit?...<\/p>                                <\/div>\n                                                                <div class=\"case-study-item weblex-article\">\n                                                                            <a href=\"https:\/\/www.altermes.fr\/en\/les-infos-du-jour\/cotisations-employeur-spsti-quel-montant-en-2026\/\">\n                                            <img decoding=\"async\" width=\"600\" height=\"400\" src=\"https:\/\/www.altermes.fr\/wp-content\/uploads\/2025\/10\/Shutterstock_cotisationsentreprises.jpg\" class=\"attachment-custom-thumbnail size-custom-thumbnail wp-post-image\" alt=\"\" srcset=\"https:\/\/www.altermes.fr\/wp-content\/uploads\/2025\/10\/Shutterstock_cotisationsentreprises.jpg 600w, https:\/\/www.altermes.fr\/wp-content\/uploads\/2025\/10\/Shutterstock_cotisationsentreprises-480x320.jpg 480w\" sizes=\"(min-width: 0px) and (max-width: 480px) 480px, (min-width: 481px) 600px, 100vw\">                                        <\/a>\n                                                                        <a href=\"https:\/\/www.altermes.fr\/en\/les-infos-du-jour\/cotisations-employeur-spsti-quel-montant-en-2026\/\"><h3>Cotisations employeur SPSTI : quel montant en 2026 ?<\/h3><\/a>\n                                    <p class=\"use-case-category\"><a href=\"https:\/\/www.altermes.fr\/en\/weblex-importer-categories\/actualites\/\" rel=\"tag\">Actualit\u00e9s<\/a>, <a href=\"https:\/\/www.altermes.fr\/en\/weblex-importer-categories\/infos-sociales\/\" rel=\"tag\">Infos Sociales<\/a><\/p>\n                                    <p class=\"edc-content\">L\u2019ensemble \u00ab\u202fsocle de services obligatoires\u202f\u00bb fourni par les services de pr\u00e9vention et de sant\u00e9 au travail interentreprises (SPSTI) est financ\u00e9 par une cotisation employeur. Le montant de c...<\/p>                                <\/div>\n                                                                <div class=\"case-study-item weblex-article\">\n                                                                            <a href=\"https:\/\/www.altermes.fr\/en\/les-infos-du-jour\/la-messagerie-professionnelle-securisee-des-impots-fait-sa-rentree\/\">\n                                            <img decoding=\"async\" width=\"600\" height=\"400\" src=\"https:\/\/www.altermes.fr\/wp-content\/uploads\/2025\/10\/Shutterstock_messageriesecurisepro.jpg\" class=\"attachment-custom-thumbnail size-custom-thumbnail wp-post-image\" alt=\"\" srcset=\"https:\/\/www.altermes.fr\/wp-content\/uploads\/2025\/10\/Shutterstock_messageriesecurisepro.jpg 600w, https:\/\/www.altermes.fr\/wp-content\/uploads\/2025\/10\/Shutterstock_messageriesecurisepro-480x320.jpg 480w\" sizes=\"(min-width: 0px) and (max-width: 480px) 480px, (min-width: 481px) 600px, 100vw\">                                        <\/a>\n                                                                        <a href=\"https:\/\/www.altermes.fr\/en\/les-infos-du-jour\/la-messagerie-professionnelle-securisee-des-impots-fait-sa-rentree\/\"><h3>La messagerie professionnelle s\u00e9curis\u00e9e des imp\u00f4ts fait sa rentr\u00e9e !<\/h3><\/a>\n                                    <p class=\"use-case-category\"><a href=\"https:\/\/www.altermes.fr\/en\/weblex-importer-categories\/actualites\/\" rel=\"tag\">Actualit\u00e9s<\/a>, <a href=\"https:\/\/www.altermes.fr\/en\/weblex-importer-categories\/le-coin-du-dirigeant\/\" rel=\"tag\">Le coin du dirigeant<\/a><\/p>\n                                    <p class=\"edc-content\">Recensant plus de 4 millions de demandes de professionnels en 2024, la messagerie s\u00e9curis\u00e9e de l\u2019espace professionnel impots.gouv.fr a \u00e9volu\u00e9 depuis le 26 septembre 2025. L\u2019objectif ? Facilite...<\/p>                                <\/div>\n                                                                <div class=\"case-study-item weblex-article\">\n                                                                            <a href=\"https:\/\/www.altermes.fr\/en\/les-infos-du-jour\/diagnostic-de-performance-energetique-point-trop-nen-faut\/\">\n                                            <img decoding=\"async\" width=\"600\" height=\"400\" src=\"https:\/\/www.altermes.fr\/wp-content\/uploads\/2025\/10\/Shutterstock_DPElimitestat.jpg\" class=\"attachment-custom-thumbnail size-custom-thumbnail wp-post-image\" alt=\"\" srcset=\"https:\/\/www.altermes.fr\/wp-content\/uploads\/2025\/10\/Shutterstock_DPElimitestat.jpg 600w, https:\/\/www.altermes.fr\/wp-content\/uploads\/2025\/10\/Shutterstock_DPElimitestat-480x320.jpg 480w\" sizes=\"(min-width: 0px) and (max-width: 480px) 480px, (min-width: 481px) 600px, 100vw\">                                        <\/a>\n                                                                        <a href=\"https:\/\/www.altermes.fr\/en\/les-infos-du-jour\/diagnostic-de-performance-energetique-point-trop-nen-faut\/\"><h3>Diagnostic de performance \u00e9nerg\u00e9tique : point trop n\u2019en faut<\/h3><\/a>\n                                    <p class=\"use-case-category\"><a href=\"https:\/\/www.altermes.fr\/en\/weblex-importer-categories\/actualites\/\" rel=\"tag\">Actualit\u00e9s<\/a>, <a href=\"https:\/\/www.altermes.fr\/en\/weblex-importer-categories\/infos-juridiques\/\" rel=\"tag\">Infos juridiques<\/a><\/p>\n                                    <p class=\"edc-content\">Le Gouvernement cherche activement \u00e0 s\u00e9curiser les diverses prestations autour du secteur de l\u2019\u00e9conomie d\u2019\u00e9nergie. \u00c0 ce titre, une mesure est prise pour encourager certains diagnostiqueurs \u00e0...<\/p>                                <\/div>\n                                                                <div class=\"case-study-item weblex-article\">\n                                                                            <a href=\"https:\/\/www.altermes.fr\/en\/les-infos-du-jour\/professionnels-de-sante-precisions-sur-la-cessation-dactivite\/\">\n                                            <img decoding=\"async\" width=\"600\" height=\"400\" src=\"https:\/\/www.altermes.fr\/wp-content\/uploads\/2025\/10\/Shutterstock_informationdinactivite.jpg\" class=\"attachment-custom-thumbnail size-custom-thumbnail wp-post-image\" alt=\"\" srcset=\"https:\/\/www.altermes.fr\/wp-content\/uploads\/2025\/10\/Shutterstock_informationdinactivite.jpg 600w, https:\/\/www.altermes.fr\/wp-content\/uploads\/2025\/10\/Shutterstock_informationdinactivite-480x320.jpg 480w\" sizes=\"(min-width: 0px) and (max-width: 480px) 480px, (min-width: 481px) 600px, 100vw\">                                        <\/a>\n                                                                        <a href=\"https:\/\/www.altermes.fr\/en\/les-infos-du-jour\/professionnels-de-sante-precisions-sur-la-cessation-dactivite\/\"><h3>Professionnels de sant\u00e9 : pr\u00e9cisions sur la cessation d\u2019activit\u00e9<\/h3><\/a>\n                                    <p class=\"use-case-category\"><a href=\"https:\/\/www.altermes.fr\/en\/weblex-importer-categories\/actualites\/\" rel=\"tag\">Actualit\u00e9s<\/a>, <a href=\"https:\/\/www.altermes.fr\/en\/weblex-importer-categories\/infos-juridiques\/\" rel=\"tag\">Infos juridiques<\/a><\/p>\n                                    <p class=\"edc-content\">Afin de permettre d\u2019anticiper des difficult\u00e9s concernant l\u2019acc\u00e8s aux soins sur certains territoires, les centres de sant\u00e9 et certains professionnels de sant\u00e9 lib\u00e9raux ont l\u2019obligation d\u2019i...<\/p>                                <\/div>\n                                                                <div class=\"case-study-item weblex-article\">\n                                                                            <a href=\"https:\/\/www.altermes.fr\/en\/les-infos-du-jour\/nullites-en-droit-des-societes-la-reforme-entre-en-jeu\/\">\n                                            <img decoding=\"async\" width=\"600\" height=\"400\" src=\"https:\/\/www.altermes.fr\/wp-content\/uploads\/2025\/10\/Shutterstock_nulliteeendroit.jpg\" class=\"attachment-custom-thumbnail size-custom-thumbnail wp-post-image\" alt=\"\" srcset=\"https:\/\/www.altermes.fr\/wp-content\/uploads\/2025\/10\/Shutterstock_nulliteeendroit.jpg 600w, https:\/\/www.altermes.fr\/wp-content\/uploads\/2025\/10\/Shutterstock_nulliteeendroit-480x320.jpg 480w\" sizes=\"(min-width: 0px) and (max-width: 480px) 480px, (min-width: 481px) 600px, 100vw\">                                        <\/a>\n                                                                        <a href=\"https:\/\/www.altermes.fr\/en\/les-infos-du-jour\/nullites-en-droit-des-societes-la-reforme-entre-en-jeu\/\"><h3>Nullit\u00e9s en droit des soci\u00e9t\u00e9s : la r\u00e9forme entre en jeu !<\/h3><\/a>\n                                    <p class=\"use-case-category\"><a href=\"https:\/\/www.altermes.fr\/en\/weblex-importer-categories\/actualites\/\" rel=\"tag\">Actualit\u00e9s<\/a>, <a href=\"https:\/\/www.altermes.fr\/en\/weblex-importer-categories\/infos-juridiques\/\" rel=\"tag\">Infos juridiques<\/a><\/p>\n                                    <p class=\"edc-content\">S\u2019appuyant sur les observations des professionnels du droit qui en regrettaient la complexit\u00e9 et l\u2019ins\u00e9curit\u00e9 juridique, le Gouvernement a r\u00e9form\u00e9 le r\u00e9gime des nullit\u00e9s des soci\u00e9t\u00e9s en m...<\/p>                                <\/div>\n                                                                <div class=\"case-study-item weblex-article\">\n                                                                            <a href=\"https:\/\/www.altermes.fr\/en\/les-infos-du-jour\/se-taire-pendant-lentretien-prealable-un-droit\/\">\n                                            <img decoding=\"async\" width=\"600\" height=\"400\" src=\"https:\/\/www.altermes.fr\/wp-content\/uploads\/2025\/10\/Shutterstock_droitsilencedecision.jpg\" class=\"attachment-custom-thumbnail size-custom-thumbnail wp-post-image\" alt=\"\" srcset=\"https:\/\/www.altermes.fr\/wp-content\/uploads\/2025\/10\/Shutterstock_droitsilencedecision.jpg 600w, https:\/\/www.altermes.fr\/wp-content\/uploads\/2025\/10\/Shutterstock_droitsilencedecision-480x320.jpg 480w\" sizes=\"(min-width: 0px) and (max-width: 480px) 480px, (min-width: 481px) 600px, 100vw\">                                        <\/a>\n                                                                        <a href=\"https:\/\/www.altermes.fr\/en\/les-infos-du-jour\/se-taire-pendant-lentretien-prealable-un-droit\/\"><h3>Se taire pendant l\u2019entretien pr\u00e9alable : un droit ?<\/h3><\/a>\n                                    <p class=\"use-case-category\"><a href=\"https:\/\/www.altermes.fr\/en\/weblex-importer-categories\/actualites\/\" rel=\"tag\">Actualit\u00e9s<\/a>, <a href=\"https:\/\/www.altermes.fr\/en\/weblex-importer-categories\/infos-sociales\/\" rel=\"tag\">Infos Sociales<\/a><\/p>\n                                    <p class=\"edc-content\">Dans le cadre d\u2019une proc\u00e9dure disciplinaire, un salari\u00e9 convoqu\u00e9 \u00e0 un entretien pr\u00e9alable risque des sanctions pouvant aller jusqu\u2019au licenciement. L\u2019employeur doit alors pr\u00e9ciser la natur...<\/p>                                <\/div>\n                                                                <div class=\"case-study-item weblex-article\">\n                                                                            <a href=\"https:\/\/www.altermes.fr\/en\/les-infos-du-jour\/facturation-electronique-une-nouvelle-etape-franchie-2\/\">\n                                            <img decoding=\"async\" width=\"600\" height=\"400\" src=\"https:\/\/www.altermes.fr\/wp-content\/uploads\/2025\/10\/Shutterstock_facturationelecannuaire-1.jpg\" class=\"attachment-custom-thumbnail size-custom-thumbnail wp-post-image\" alt=\"\" srcset=\"https:\/\/www.altermes.fr\/wp-content\/uploads\/2025\/10\/Shutterstock_facturationelecannuaire-1.jpg 600w, https:\/\/www.altermes.fr\/wp-content\/uploads\/2025\/10\/Shutterstock_facturationelecannuaire-1-480x320.jpg 480w\" sizes=\"(min-width: 0px) and (max-width: 480px) 480px, (min-width: 481px) 600px, 100vw\">                                        <\/a>\n                                                                        <a href=\"https:\/\/www.altermes.fr\/en\/les-infos-du-jour\/facturation-electronique-une-nouvelle-etape-franchie-2\/\"><h3>Facturation \u00e9lectronique : une nouvelle \u00e9tape franchie !<\/h3><\/a>\n                                    <p class=\"use-case-category\"><a href=\"https:\/\/www.altermes.fr\/en\/weblex-importer-categories\/actualites\/\" rel=\"tag\">Actualit\u00e9s<\/a>, <a href=\"https:\/\/www.altermes.fr\/en\/weblex-importer-categories\/infos-fiscales\/\" rel=\"tag\">Infos Fiscales<\/a><\/p>\n                                    <p class=\"edc-content\">Pour accompagner les entreprises dans le cadre de la r\u00e9forme de la facturation \u00e9lectronique, un annuaire recensant les entreprises et entit\u00e9s publiques soumises aux obligations d\u2019\u00e9mettre et de r...<\/p>                                <\/div>\n                                                                <div class=\"case-study-item weblex-article\">\n                                                                            <a href=\"https:\/\/www.altermes.fr\/en\/les-infos-du-jour\/arret-du-paiement-du-loyer-commercial-mise-en-demeure-necessaire\/\">\n                                            <img decoding=\"async\" width=\"600\" height=\"400\" src=\"https:\/\/www.altermes.fr\/wp-content\/uploads\/2025\/09\/Shutterstock_bailcommercialmisedemeure.jpg\" class=\"attachment-custom-thumbnail size-custom-thumbnail wp-post-image\" alt=\"\" srcset=\"https:\/\/www.altermes.fr\/wp-content\/uploads\/2025\/09\/Shutterstock_bailcommercialmisedemeure.jpg 600w, https:\/\/www.altermes.fr\/wp-content\/uploads\/2025\/09\/Shutterstock_bailcommercialmisedemeure-480x320.jpg 480w\" sizes=\"(min-width: 0px) and (max-width: 480px) 480px, (min-width: 481px) 600px, 100vw\">                                        <\/a>\n                                                                        <a href=\"https:\/\/www.altermes.fr\/en\/les-infos-du-jour\/arret-du-paiement-du-loyer-commercial-mise-en-demeure-necessaire\/\"><h3>Arr\u00eat du paiement du loyer commercial : mise en demeure n\u00e9cessaire ?<\/h3><\/a>\n                                    <p class=\"use-case-category\"><a href=\"https:\/\/www.altermes.fr\/en\/weblex-importer-categories\/actualites\/\" rel=\"tag\">Actualit\u00e9s<\/a>, <a href=\"https:\/\/www.altermes.fr\/en\/weblex-importer-categories\/infos-juridiques\/\" rel=\"tag\">Infos juridiques<\/a><\/p>\n                                    <p class=\"edc-content\">Le bailleur qui ne respecte pas ses obligations en mati\u00e8re d\u2019entretien du bien lou\u00e9 peut, sous conditions, voir le versement de ses loyers valablement suspendu par le locataire. Cette exception d?...<\/p>                                <\/div>\n                                                                <div class=\"case-study-item weblex-article\">\n                                                                            <a href=\"https:\/\/www.altermes.fr\/en\/les-infos-du-jour\/controle-urssaf-et-liberte-de-la-preuve-plus-de-souplesse\/\">\n                                            <img decoding=\"async\" width=\"600\" height=\"400\" src=\"https:\/\/www.altermes.fr\/wp-content\/uploads\/2025\/09\/Shutterstock_controleurssaff.jpg\" class=\"attachment-custom-thumbnail size-custom-thumbnail wp-post-image\" alt=\"\" srcset=\"https:\/\/www.altermes.fr\/wp-content\/uploads\/2025\/09\/Shutterstock_controleurssaff.jpg 600w, https:\/\/www.altermes.fr\/wp-content\/uploads\/2025\/09\/Shutterstock_controleurssaff-480x320.jpg 480w\" sizes=\"(min-width: 0px) and (max-width: 480px) 480px, (min-width: 481px) 600px, 100vw\">                                        <\/a>\n                                                                        <a href=\"https:\/\/www.altermes.fr\/en\/les-infos-du-jour\/controle-urssaf-et-liberte-de-la-preuve-plus-de-souplesse\/\"><h3>Contr\u00f4le Urssaf et libert\u00e9 de la preuve : plus de souplesse ?<\/h3><\/a>\n                                    <p class=\"use-case-category\"><a href=\"https:\/\/www.altermes.fr\/en\/weblex-importer-categories\/actualites\/\" rel=\"tag\">Actualit\u00e9s<\/a>, <a href=\"https:\/\/www.altermes.fr\/en\/weblex-importer-categories\/infos-sociales\/\" rel=\"tag\">Infos Sociales<\/a><\/p>\n                                    <p class=\"edc-content\">Dans le cadre de la contestation judiciaire de son redressement, un cotisant qui a fait l\u2019objet d\u2019un contr\u00f4le Urssaf peut-il transmettre au juge une pi\u00e8ce justificative qu\u2019il n\u2019a pas transmi...<\/p>                                <\/div>\n                                                                <div class=\"case-study-item weblex-article\">\n                                                                            <a href=\"https:\/\/www.altermes.fr\/en\/les-infos-du-jour\/agriculture-le-point-sur-les-mesures-daide-en-septembre-2025\/\">\n                                            <img decoding=\"async\" width=\"600\" height=\"400\" src=\"https:\/\/www.altermes.fr\/wp-content\/uploads\/2025\/09\/Shutterstock_globalagri.jpg\" class=\"attachment-custom-thumbnail size-custom-thumbnail wp-post-image\" alt=\"\" srcset=\"https:\/\/www.altermes.fr\/wp-content\/uploads\/2025\/09\/Shutterstock_globalagri.jpg 600w, https:\/\/www.altermes.fr\/wp-content\/uploads\/2025\/09\/Shutterstock_globalagri-480x320.jpg 480w\" sizes=\"(min-width: 0px) and (max-width: 480px) 480px, (min-width: 481px) 600px, 100vw\">                                        <\/a>\n                                                                        <a href=\"https:\/\/www.altermes.fr\/en\/les-infos-du-jour\/agriculture-le-point-sur-les-mesures-daide-en-septembre-2025\/\"><h3>Agriculture : le point sur les mesures d\u2019aide en septembre 2025<\/h3><\/a>\n                                    <p class=\"use-case-category\"><a href=\"https:\/\/www.altermes.fr\/en\/weblex-importer-categories\/actualites\/\" rel=\"tag\">Actualit\u00e9s<\/a>, <a href=\"https:\/\/www.altermes.fr\/en\/weblex-importer-categories\/infos-juridiques\/\" rel=\"tag\">Infos juridiques<\/a><\/p>\n                                    <p class=\"edc-content\">Le secteur agricole peut b\u00e9n\u00e9ficier d\u2019un nombre important de diff\u00e9rentes aides. Des pr\u00e9cisions sont apport\u00e9es concernant plusieurs d\u2019entre elles\u2026Lutte contre la dermatose nodulaireAfin de l...<\/p>                                <\/div>\n                                                                <div class=\"case-study-item weblex-article\">\n                                                                            <a href=\"https:\/\/www.altermes.fr\/en\/les-infos-du-jour\/tva-derriere-chaque-dechet-se-cache-une-taxe\/\">\n                                            <img decoding=\"async\" width=\"600\" height=\"400\" src=\"https:\/\/www.altermes.fr\/wp-content\/uploads\/2025\/09\/Shutterstock_collectedechetstauxtva.jpg\" class=\"attachment-custom-thumbnail size-custom-thumbnail wp-post-image\" alt=\"\" srcset=\"https:\/\/www.altermes.fr\/wp-content\/uploads\/2025\/09\/Shutterstock_collectedechetstauxtva.jpg 600w, https:\/\/www.altermes.fr\/wp-content\/uploads\/2025\/09\/Shutterstock_collectedechetstauxtva-480x320.jpg 480w\" sizes=\"(min-width: 0px) and (max-width: 480px) 480px, (min-width: 481px) 600px, 100vw\">                                        <\/a>\n                                                                        <a href=\"https:\/\/www.altermes.fr\/en\/les-infos-du-jour\/tva-derriere-chaque-dechet-se-cache-une-taxe\/\"><h3>TVA : derri\u00e8re chaque d\u00e9chet se cache une taxe !<\/h3><\/a>\n                                    <p class=\"use-case-category\"><a href=\"https:\/\/www.altermes.fr\/en\/weblex-importer-categories\/actualites\/\" rel=\"tag\">Actualit\u00e9s<\/a>, <a href=\"https:\/\/www.altermes.fr\/en\/weblex-importer-categories\/infos-fiscales\/\" rel=\"tag\">Infos Fiscales<\/a><\/p>\n                                    <p class=\"edc-content\">Les prestations de collecte et de traitement des d\u00e9chets m\u00e9nagers et assimil\u00e9s sont soumises \u00e0 la TVA selon un taux qui varie en fonction de la nature de l\u2019op\u00e9ration. Entre TVA \u00e0 20 %, \u00e0 10 %...<\/p>                                <\/div>\n                                                                <div class=\"case-study-item weblex-article\">\n                                                                            <a href=\"https:\/\/www.altermes.fr\/en\/les-infos-du-jour\/information-annuelle-de-la-caution-gare-aux-envois-groupes\/\">\n                                            <img decoding=\"async\" width=\"600\" height=\"400\" src=\"https:\/\/www.altermes.fr\/wp-content\/uploads\/2025\/09\/Shutterstock_informationindividuellecaution.jpg\" class=\"attachment-custom-thumbnail size-custom-thumbnail wp-post-image\" alt=\"\" srcset=\"https:\/\/www.altermes.fr\/wp-content\/uploads\/2025\/09\/Shutterstock_informationindividuellecaution.jpg 600w, https:\/\/www.altermes.fr\/wp-content\/uploads\/2025\/09\/Shutterstock_informationindividuellecaution-480x320.jpg 480w\" sizes=\"(min-width: 0px) and (max-width: 480px) 480px, (min-width: 481px) 600px, 100vw\">                                        <\/a>\n                                                                        <a href=\"https:\/\/www.altermes.fr\/en\/les-infos-du-jour\/information-annuelle-de-la-caution-gare-aux-envois-groupes\/\"><h3>Information annuelle de la caution : gare aux envois group\u00e9s !<\/h3><\/a>\n                                    <p class=\"use-case-category\"><a href=\"https:\/\/www.altermes.fr\/en\/weblex-importer-categories\/actualites\/\" rel=\"tag\">Actualit\u00e9s<\/a>, <a href=\"https:\/\/www.altermes.fr\/en\/weblex-importer-categories\/infos-juridiques\/\" rel=\"tag\">Infos juridiques<\/a><\/p>\n                                    <p class=\"edc-content\">Un particulier qui se porte caution d\u2019un pr\u00eat contract\u00e9 aupr\u00e8s d\u2019un cr\u00e9ancier professionnel doit recevoir chaque ann\u00e9e l\u2019\u00e9tat des sommes dues par le d\u00e9biteur. Selon des modalit\u00e9s qui vie...<\/p>                                <\/div>\n                                                                <div class=\"case-study-item weblex-article\">\n                                                                            <a href=\"https:\/\/www.altermes.fr\/en\/les-infos-du-jour\/cooperation-entre-professionnels-de-sante-des-modalites-modifiees\/\">\n                                            <img decoding=\"async\" width=\"600\" height=\"400\" src=\"https:\/\/www.altermes.fr\/wp-content\/uploads\/2025\/09\/Shutterstock_protocolescooperationsante.jpg\" class=\"attachment-custom-thumbnail size-custom-thumbnail wp-post-image\" alt=\"\" srcset=\"https:\/\/www.altermes.fr\/wp-content\/uploads\/2025\/09\/Shutterstock_protocolescooperationsante.jpg 600w, https:\/\/www.altermes.fr\/wp-content\/uploads\/2025\/09\/Shutterstock_protocolescooperationsante-480x320.jpg 480w\" sizes=\"(min-width: 0px) and (max-width: 480px) 480px, (min-width: 481px) 600px, 100vw\">                                        <\/a>\n                                                                        <a href=\"https:\/\/www.altermes.fr\/en\/les-infos-du-jour\/cooperation-entre-professionnels-de-sante-des-modalites-modifiees\/\"><h3>Coop\u00e9ration entre professionnels de sant\u00e9 : des modalit\u00e9s modifi\u00e9es<\/h3><\/a>\n                                    <p class=\"use-case-category\"><a href=\"https:\/\/www.altermes.fr\/en\/weblex-importer-categories\/actualites\/\" rel=\"tag\">Actualit\u00e9s<\/a>, <a href=\"https:\/\/www.altermes.fr\/en\/weblex-importer-categories\/infos-juridiques\/\" rel=\"tag\">Infos juridiques<\/a><\/p>\n                                    <p class=\"edc-content\">Outil permettant d\u2019am\u00e9liorer l\u2019organisation et la prise en charge des patients, les protocoles de coop\u00e9rations nationaux et locaux mettent en lien des professionnels de sant\u00e9 afin de transf\u00e9re...<\/p>                                <\/div>\n                                                                <div class=\"case-study-item weblex-article\">\n                                                                            <a href=\"https:\/\/www.altermes.fr\/en\/les-infos-du-jour\/discrimination-syndicale-prejudice-automatique\/\">\n                                            <img decoding=\"async\" width=\"600\" height=\"400\" src=\"https:\/\/www.altermes.fr\/wp-content\/uploads\/2025\/09\/Shutterstock_discriminationsyndicale.jpg\" class=\"attachment-custom-thumbnail size-custom-thumbnail wp-post-image\" alt=\"\" srcset=\"https:\/\/www.altermes.fr\/wp-content\/uploads\/2025\/09\/Shutterstock_discriminationsyndicale.jpg 600w, https:\/\/www.altermes.fr\/wp-content\/uploads\/2025\/09\/Shutterstock_discriminationsyndicale-480x320.jpg 480w\" sizes=\"(min-width: 0px) and (max-width: 480px) 480px, (min-width: 481px) 600px, 100vw\">                                        <\/a>\n                                                                        <a href=\"https:\/\/www.altermes.fr\/en\/les-infos-du-jour\/discrimination-syndicale-prejudice-automatique\/\"><h3>Discrimination syndicale : pr\u00e9judice automatique ?<\/h3><\/a>\n                                    <p class=\"use-case-category\"><a href=\"https:\/\/www.altermes.fr\/en\/weblex-importer-categories\/actualites\/\" rel=\"tag\">Actualit\u00e9s<\/a>, <a href=\"https:\/\/www.altermes.fr\/en\/weblex-importer-categories\/infos-sociales\/\" rel=\"tag\">Infos Sociales<\/a><\/p>\n                                    <p class=\"edc-content\">Une discrimination syndicale doit-elle ouvrir automatiquement droit \u00e0 r\u00e9paration, sans que le salari\u00e9 qui en est victime ait \u00e0 d\u00e9montrer un quelconque dommage en r\u00e9sultant ? C\u2019est \u00e0 cette que...<\/p>                                <\/div>\n                                                                <div class=\"case-study-item weblex-article\">\n                                                                            <a href=\"https:\/\/www.altermes.fr\/en\/les-infos-du-jour\/signalisation-routiere-quelques-nouveautes-a-signaler\/\">\n                                            <img decoding=\"async\" width=\"600\" height=\"400\" src=\"https:\/\/www.altermes.fr\/wp-content\/uploads\/2025\/09\/Shutterstock_signalisationroutiere.jpg\" class=\"attachment-custom-thumbnail size-custom-thumbnail wp-post-image\" alt=\"\" srcset=\"https:\/\/www.altermes.fr\/wp-content\/uploads\/2025\/09\/Shutterstock_signalisationroutiere.jpg 600w, https:\/\/www.altermes.fr\/wp-content\/uploads\/2025\/09\/Shutterstock_signalisationroutiere-480x320.jpg 480w\" sizes=\"(min-width: 0px) and (max-width: 480px) 480px, (min-width: 481px) 600px, 100vw\">                                        <\/a>\n                                                                        <a href=\"https:\/\/www.altermes.fr\/en\/les-infos-du-jour\/signalisation-routiere-quelques-nouveautes-a-signaler\/\"><h3>Signalisation routi\u00e8re : quelques nouveaut\u00e9s \u00e0 signaler !<\/h3><\/a>\n                                    <p class=\"use-case-category\"><a href=\"https:\/\/www.altermes.fr\/en\/weblex-importer-categories\/actualites\/\" rel=\"tag\">Actualit\u00e9s<\/a>, <a href=\"https:\/\/www.altermes.fr\/en\/weblex-importer-categories\/infos-juridiques\/\" rel=\"tag\">Infos juridiques<\/a><\/p>\n                                    <p class=\"edc-content\">Parce que l\u2019information des obstacles ou des directions est essentielle pour la s\u00e9curit\u00e9 routi\u00e8re, une signalisation claire et \u00e0 jour doit \u00eatre assur\u00e9e. Ce qui se traduit ici par quelques nouv...<\/p>                                <\/div>\n                                                                <div class=\"case-study-item weblex-article\">\n                                                                            <a href=\"https:\/\/www.altermes.fr\/en\/les-infos-du-jour\/refus-dun-accord-de-performance-collective-un-licenciement-sous-controle\/\">\n                                            <img decoding=\"async\" width=\"600\" height=\"400\" src=\"https:\/\/www.altermes.fr\/wp-content\/uploads\/2025\/09\/Shutterstock_accordperformancecollective.jpg\" class=\"attachment-custom-thumbnail size-custom-thumbnail wp-post-image\" alt=\"\" srcset=\"https:\/\/www.altermes.fr\/wp-content\/uploads\/2025\/09\/Shutterstock_accordperformancecollective.jpg 600w, https:\/\/www.altermes.fr\/wp-content\/uploads\/2025\/09\/Shutterstock_accordperformancecollective-480x320.jpg 480w\" sizes=\"(min-width: 0px) and (max-width: 480px) 480px, (min-width: 481px) 600px, 100vw\">                                        <\/a>\n                                                                        <a href=\"https:\/\/www.altermes.fr\/en\/les-infos-du-jour\/refus-dun-accord-de-performance-collective-un-licenciement-sous-controle\/\"><h3>Refus d\u2019un accord de performance collective : un licenciement sous contr\u00f4le !<\/h3><\/a>\n                                    <p class=\"use-case-category\"><a href=\"https:\/\/www.altermes.fr\/en\/weblex-importer-categories\/actualites\/\" rel=\"tag\">Actualit\u00e9s<\/a>, <a href=\"https:\/\/www.altermes.fr\/en\/weblex-importer-categories\/infos-sociales\/\" rel=\"tag\">Infos Sociales<\/a><\/p>\n                                    <p class=\"edc-content\">Si un employeur peut, via un accord de performance collective (APC), imposer certaines modifications du contrat de travail, encore faut-il que cet accord r\u00e9ponde effectivement \u00e0 des n\u00e9cessit\u00e9s li?...<\/p>                                <\/div>\n                                                                <div class=\"case-study-item weblex-article\">\n                                                                            <a href=\"https:\/\/www.altermes.fr\/en\/les-infos-du-jour\/fiscalite-des-chambres-dhotes-le-couperet-est-tombe\/\">\n                                            <img decoding=\"async\" width=\"600\" height=\"400\" src=\"https:\/\/www.altermes.fr\/wp-content\/uploads\/2025\/09\/Shutterstock_fiscalitechambreshotes.jpg\" class=\"attachment-custom-thumbnail size-custom-thumbnail wp-post-image\" alt=\"\" srcset=\"https:\/\/www.altermes.fr\/wp-content\/uploads\/2025\/09\/Shutterstock_fiscalitechambreshotes.jpg 600w, https:\/\/www.altermes.fr\/wp-content\/uploads\/2025\/09\/Shutterstock_fiscalitechambreshotes-480x320.jpg 480w\" sizes=\"(min-width: 0px) and (max-width: 480px) 480px, (min-width: 481px) 600px, 100vw\">                                        <\/a>\n                                                                        <a href=\"https:\/\/www.altermes.fr\/en\/les-infos-du-jour\/fiscalite-des-chambres-dhotes-le-couperet-est-tombe\/\"><h3>Fiscalit\u00e9 des chambres d\u2019h\u00f4tes : le couperet est tomb\u00e9 !<\/h3><\/a>\n                                    <p class=\"use-case-category\"><a href=\"https:\/\/www.altermes.fr\/en\/weblex-importer-categories\/actualites\/\" rel=\"tag\">Actualit\u00e9s<\/a>, <a href=\"https:\/\/www.altermes.fr\/en\/weblex-importer-categories\/le-coin-du-dirigeant\/\" rel=\"tag\">Le coin du dirigeant<\/a><\/p>\n                                    <p class=\"edc-content\">Si le Gouvernement a confirm\u00e9 que les chambres d\u2019h\u00f4tes b\u00e9n\u00e9ficient du m\u00eame r\u00e9gime micro-BIC que les locations de meubl\u00e9s de tourisme class\u00e9s, cela n\u2019est pas sans en m\u00e9contenter plus d\u2019u...<\/p>                                <\/div>\n                                                                <div class=\"case-study-item weblex-article\">\n                                                                            <a href=\"https:\/\/www.altermes.fr\/en\/les-infos-du-jour\/fibre-optique-les-modalites-de-laide-financiere-se-precisent\/\">\n                                            <img decoding=\"async\" width=\"600\" height=\"400\" src=\"https:\/\/www.altermes.fr\/wp-content\/uploads\/2025\/09\/Shutterstock_arretmodalitesaidefibre.jpg\" class=\"attachment-custom-thumbnail size-custom-thumbnail wp-post-image\" alt=\"\" srcset=\"https:\/\/www.altermes.fr\/wp-content\/uploads\/2025\/09\/Shutterstock_arretmodalitesaidefibre.jpg 600w, https:\/\/www.altermes.fr\/wp-content\/uploads\/2025\/09\/Shutterstock_arretmodalitesaidefibre-480x320.jpg 480w\" sizes=\"(min-width: 0px) and (max-width: 480px) 480px, (min-width: 481px) 600px, 100vw\">                                        <\/a>\n                                                                        <a href=\"https:\/\/www.altermes.fr\/en\/les-infos-du-jour\/fibre-optique-les-modalites-de-laide-financiere-se-precisent\/\"><h3>Fibre optique : les modalit\u00e9s de l\u2019aide financi\u00e8re se pr\u00e9cisent\u2026<\/h3><\/a>\n                                    <p class=\"use-case-category\"><a href=\"https:\/\/www.altermes.fr\/en\/weblex-importer-categories\/actualites\/\" rel=\"tag\">Actualit\u00e9s<\/a>, <a href=\"https:\/\/www.altermes.fr\/en\/weblex-importer-categories\/infos-juridiques\/\" rel=\"tag\">Infos juridiques<\/a><\/p>\n                                    <p class=\"edc-content\">Afin de poursuivre le d\u00e9ploiement de la fibre optique sur tout le territoire, l\u2019\u00c9tat a mis en place une aide financi\u00e8re pour prendre en charge tout ou partie des co\u00fbts de travaux de raccordement...<\/p>                                <\/div>\n                                                                <div class=\"case-study-item weblex-article\">\n                                                                            <a href=\"https:\/\/www.altermes.fr\/en\/les-infos-du-jour\/certibiocide-pour-qui\/\">\n                                            <img decoding=\"async\" width=\"600\" height=\"400\" src=\"https:\/\/www.altermes.fr\/wp-content\/uploads\/2025\/09\/Shutterstock_utilisateursbiocides.jpg\" class=\"attachment-custom-thumbnail size-custom-thumbnail wp-post-image\" alt=\"\" srcset=\"https:\/\/www.altermes.fr\/wp-content\/uploads\/2025\/09\/Shutterstock_utilisateursbiocides.jpg 600w, https:\/\/www.altermes.fr\/wp-content\/uploads\/2025\/09\/Shutterstock_utilisateursbiocides-480x320.jpg 480w\" sizes=\"(min-width: 0px) and (max-width: 480px) 480px, (min-width: 481px) 600px, 100vw\">                                        <\/a>\n                                                                        <a href=\"https:\/\/www.altermes.fr\/en\/les-infos-du-jour\/certibiocide-pour-qui\/\"><h3>Certibiocide : pour qui ?<\/h3><\/a>\n                                    <p class=\"use-case-category\"><a href=\"https:\/\/www.altermes.fr\/en\/weblex-importer-categories\/actualites\/\" rel=\"tag\">Actualit\u00e9s<\/a>, <a href=\"https:\/\/www.altermes.fr\/en\/weblex-importer-categories\/infos-juridiques\/\" rel=\"tag\">Infos juridiques<\/a><\/p>\n                                    <p class=\"edc-content\">Les professionnels utilisant des produits biocides sont soumis \u00e0 certaines obligations et doivent notamment obtenir des certificats, appel\u00e9s \u00ab certibiocides \u00bb, attestant de leur capacit\u00e9 \u00e0 manip...<\/p>                                <\/div>\n                                                                <div class=\"case-study-item weblex-article\">\n                                                                            <a href=\"https:\/\/www.altermes.fr\/en\/les-infos-du-jour\/ipce-des-exigences-minimales-pour-une-amelioration-maximale\/\">\n                                            <img decoding=\"async\" width=\"600\" height=\"400\" src=\"https:\/\/www.altermes.fr\/wp-content\/uploads\/2025\/09\/Shutterstock_IPCE.jpg\" class=\"attachment-custom-thumbnail size-custom-thumbnail wp-post-image\" alt=\"\" srcset=\"https:\/\/www.altermes.fr\/wp-content\/uploads\/2025\/09\/Shutterstock_IPCE.jpg 600w, https:\/\/www.altermes.fr\/wp-content\/uploads\/2025\/09\/Shutterstock_IPCE-480x320.jpg 480w\" sizes=\"(min-width: 0px) and (max-width: 480px) 480px, (min-width: 481px) 600px, 100vw\">                                        <\/a>\n                                                                        <a href=\"https:\/\/www.altermes.fr\/en\/les-infos-du-jour\/ipce-des-exigences-minimales-pour-une-amelioration-maximale\/\"><h3>IPCE : des exigences minimales pour une am\u00e9lioration maximale !<\/h3><\/a>\n                                    <p class=\"use-case-category\"><a href=\"https:\/\/www.altermes.fr\/en\/weblex-importer-categories\/actualites\/\" rel=\"tag\">Actualit\u00e9s<\/a>, <a href=\"https:\/\/www.altermes.fr\/en\/weblex-importer-categories\/infos-juridiques\/\" rel=\"tag\">Infos juridiques<\/a><\/p>\n                                    <p class=\"edc-content\">La loi du 10 mars 2023 relative \u00e0 l\u2019acc\u00e9l\u00e9ration de la production d\u2019\u00e9nergies renouvelables, dite \u00ab APER \u00bb, a pr\u00e9vu une exp\u00e9rimentation visant \u00e0 am\u00e9liorer la qualit\u00e9 des \u00e9tudes d\u2019impa...<\/p>                                <\/div>\n                                                                <div class=\"case-study-item weblex-article\">\n                                                                            <a href=\"https:\/\/www.altermes.fr\/en\/les-infos-du-jour\/dispositifs-medicaux-a-usage-unique-plus-si-unique\/\">\n                                            <img decoding=\"async\" width=\"600\" height=\"400\" src=\"https:\/\/www.altermes.fr\/wp-content\/uploads\/2025\/09\/Shutterstock_reutilisationDMUU.jpg\" class=\"attachment-custom-thumbnail size-custom-thumbnail wp-post-image\" alt=\"\" srcset=\"https:\/\/www.altermes.fr\/wp-content\/uploads\/2025\/09\/Shutterstock_reutilisationDMUU.jpg 600w, https:\/\/www.altermes.fr\/wp-content\/uploads\/2025\/09\/Shutterstock_reutilisationDMUU-480x320.jpg 480w\" sizes=\"(min-width: 0px) and (max-width: 480px) 480px, (min-width: 481px) 600px, 100vw\">                                        <\/a>\n                                                                        <a href=\"https:\/\/www.altermes.fr\/en\/les-infos-du-jour\/dispositifs-medicaux-a-usage-unique-plus-si-unique\/\"><h3>Dispositifs m\u00e9dicaux \u00e0 usage unique : plus si unique ?<\/h3><\/a>\n                                    <p class=\"use-case-category\"><a href=\"https:\/\/www.altermes.fr\/en\/weblex-importer-categories\/actualites\/\" rel=\"tag\">Actualit\u00e9s<\/a>, <a href=\"https:\/\/www.altermes.fr\/en\/weblex-importer-categories\/infos-juridiques\/\" rel=\"tag\">Infos juridiques<\/a><\/p>\n                                    <p class=\"edc-content\">Dans une logique de r\u00e9duction des d\u00e9chets, la loi de financement de la S\u00e9curit\u00e9 sociale pour 2024 pr\u00e9voyait la mise en place d\u2019une exp\u00e9rimentation permettant le retraitement et la r\u00e9utilisati...<\/p>                                <\/div>\n                                                                <div class=\"case-study-item weblex-article\">\n                                                                            <a href=\"https:\/\/www.altermes.fr\/en\/les-infos-du-jour\/service-de-prevention-et-de-sante-au-travail-quelles-pieces-fournir-pour-la-demande-dagrement\/\">\n                                            <img decoding=\"async\" width=\"600\" height=\"400\" src=\"https:\/\/www.altermes.fr\/wp-content\/uploads\/2025\/09\/Shutterstock_agrementSPSTIE.jpg\" class=\"attachment-custom-thumbnail size-custom-thumbnail wp-post-image\" alt=\"\" srcset=\"https:\/\/www.altermes.fr\/wp-content\/uploads\/2025\/09\/Shutterstock_agrementSPSTIE.jpg 600w, https:\/\/www.altermes.fr\/wp-content\/uploads\/2025\/09\/Shutterstock_agrementSPSTIE-480x320.jpg 480w\" sizes=\"(min-width: 0px) and (max-width: 480px) 480px, (min-width: 481px) 600px, 100vw\">                                        <\/a>\n                                                                        <a href=\"https:\/\/www.altermes.fr\/en\/les-infos-du-jour\/service-de-prevention-et-de-sante-au-travail-quelles-pieces-fournir-pour-la-demande-dagrement\/\"><h3>Service de pr\u00e9vention et de sant\u00e9 au travail : quelles pi\u00e8ces fournir pour la demande d\u2019agr\u00e9ment ?<\/h3><\/a>\n                                    <p class=\"use-case-category\"><a href=\"https:\/\/www.altermes.fr\/en\/weblex-importer-categories\/actualites\/\" rel=\"tag\">Actualit\u00e9s<\/a>, <a href=\"https:\/\/www.altermes.fr\/en\/weblex-importer-categories\/infos-sociales\/\" rel=\"tag\">Infos Sociales<\/a><\/p>\n                                    <p class=\"edc-content\">R\u00e9cemment, la liste des pi\u00e8ces \u00e0 fournir par les services de pr\u00e9vention et de sant\u00e9 au travail (SPST) pour obtenir l\u2019agr\u00e9ment de l\u2019autorit\u00e9 administrative vient tout juste d\u2019\u00eatre actuali...<\/p>                                <\/div>\n                                                                <div class=\"case-study-item weblex-article\">\n                                                                            <a href=\"https:\/\/www.altermes.fr\/en\/les-infos-du-jour\/renovation-energetique-bientot-la-fin-du-coup-de-pouce-fiscal\/\">\n                                            <img decoding=\"async\" width=\"600\" height=\"400\" src=\"https:\/\/www.altermes.fr\/wp-content\/uploads\/2025\/09\/Shutterstock_deficitfoncierrenovation.jpg\" class=\"attachment-custom-thumbnail size-custom-thumbnail wp-post-image\" alt=\"\" srcset=\"https:\/\/www.altermes.fr\/wp-content\/uploads\/2025\/09\/Shutterstock_deficitfoncierrenovation.jpg 600w, https:\/\/www.altermes.fr\/wp-content\/uploads\/2025\/09\/Shutterstock_deficitfoncierrenovation-480x320.jpg 480w\" sizes=\"(min-width: 0px) and (max-width: 480px) 480px, (min-width: 481px) 600px, 100vw\">                                        <\/a>\n                                                                        <a href=\"https:\/\/www.altermes.fr\/en\/les-infos-du-jour\/renovation-energetique-bientot-la-fin-du-coup-de-pouce-fiscal\/\"><h3>R\u00e9novation \u00e9nerg\u00e9tique : bient\u00f4t la fin du coup de pouce fiscal ?<\/h3><\/a>\n                                    <p class=\"use-case-category\"><a href=\"https:\/\/www.altermes.fr\/en\/weblex-importer-categories\/actualites\/\" rel=\"tag\">Actualit\u00e9s<\/a>, <a href=\"https:\/\/www.altermes.fr\/en\/weblex-importer-categories\/le-coin-du-dirigeant\/\" rel=\"tag\">Le coin du dirigeant<\/a><\/p>\n                                    <p class=\"edc-content\">Sous r\u00e9serve du respect de certaines conditions, le d\u00e9ficit foncier relatif \u00e0 un bien immobilier peut \u00eatre imput\u00e9 sur le revenu global, dans la limite de 10 700 \u20ac par an. Cette limite annuelle ...<\/p>                                <\/div>\n                                                                <div class=\"case-study-item weblex-article\">\n                                                                            <a href=\"https:\/\/www.altermes.fr\/en\/les-infos-du-jour\/maprimerenov-une-rentree-sous-le-signe-du-changement\/\">\n                                            <img decoding=\"async\" width=\"600\" height=\"400\" src=\"https:\/\/www.altermes.fr\/wp-content\/uploads\/2025\/09\/Shutterstock_maprimrenov.jpg\" class=\"attachment-custom-thumbnail size-custom-thumbnail wp-post-image\" alt=\"\" srcset=\"https:\/\/www.altermes.fr\/wp-content\/uploads\/2025\/09\/Shutterstock_maprimrenov.jpg 600w, https:\/\/www.altermes.fr\/wp-content\/uploads\/2025\/09\/Shutterstock_maprimrenov-480x320.jpg 480w\" sizes=\"(min-width: 0px) and (max-width: 480px) 480px, (min-width: 481px) 600px, 100vw\">                                        <\/a>\n                                                                        <a href=\"https:\/\/www.altermes.fr\/en\/les-infos-du-jour\/maprimerenov-une-rentree-sous-le-signe-du-changement\/\"><h3>MaPrimeR\u00e9nov\u2019 : une rentr\u00e9e sous le signe du changement<\/h3><\/a>\n                                    <p class=\"use-case-category\"><a href=\"https:\/\/www.altermes.fr\/en\/weblex-importer-categories\/actualites\/\" rel=\"tag\">Actualit\u00e9s<\/a>, <a href=\"https:\/\/www.altermes.fr\/en\/weblex-importer-categories\/infos-juridiques\/\" rel=\"tag\">Infos juridiques<\/a><\/p>\n                                    <p class=\"edc-content\">Apr\u00e8s une suspension temporaire \u00e0 l\u2019\u00e9t\u00e9 2025, le dispositif MaPrimeR\u00e9nov\u2019 a fait sa rentr\u00e9e. Certaines modifications concernant les conditions d\u2019\u00e9ligibilit\u00e9 et de prise en charge sont pr...<\/p>                                <\/div>\n                                                                <div class=\"case-study-item weblex-article\">\n                                                                            <a href=\"https:\/\/www.altermes.fr\/en\/les-infos-du-jour\/couples-maries-pacses-ou-concubins-tous-egaux-face-aux-impots\/\">\n                                            <img decoding=\"async\" width=\"600\" height=\"400\" src=\"https:\/\/www.altermes.fr\/wp-content\/uploads\/2025\/09\/Shutterstock_droitpartagecouple.jpg\" class=\"attachment-custom-thumbnail size-custom-thumbnail wp-post-image\" alt=\"\" srcset=\"https:\/\/www.altermes.fr\/wp-content\/uploads\/2025\/09\/Shutterstock_droitpartagecouple.jpg 600w, https:\/\/www.altermes.fr\/wp-content\/uploads\/2025\/09\/Shutterstock_droitpartagecouple-480x320.jpg 480w\" sizes=\"(min-width: 0px) and (max-width: 480px) 480px, (min-width: 481px) 600px, 100vw\">                                        <\/a>\n                                                                        <a href=\"https:\/\/www.altermes.fr\/en\/les-infos-du-jour\/couples-maries-pacses-ou-concubins-tous-egaux-face-aux-impots\/\"><h3>Couples mari\u00e9s, pacs\u00e9s ou concubins : tous \u00e9gaux face aux imp\u00f4ts ?<\/h3><\/a>\n                                    <p class=\"use-case-category\"><a href=\"https:\/\/www.altermes.fr\/en\/weblex-importer-categories\/actualites\/\" rel=\"tag\">Actualit\u00e9s<\/a>, <a href=\"https:\/\/www.altermes.fr\/en\/weblex-importer-categories\/le-coin-du-dirigeant\/\" rel=\"tag\">Le coin du dirigeant<\/a><\/p>\n                                    <p class=\"edc-content\">En cas de s\u00e9paration, le partage des biens entre ex-conjoints, ex-partenaires li\u00e9s par un Pacs et ex-concubins donne lieu au paiement d\u2019un droit dit de \u00ab partage \u00bb dont le taux varie en fonction...<\/p>                                <\/div>\n                                                                <div class=\"case-study-item weblex-article\">\n                                                                            <a href=\"https:\/\/www.altermes.fr\/en\/les-infos-du-jour\/performance-energique-du-nouveau-pour-les-entreprises\/\">\n                                            <img decoding=\"async\" width=\"600\" height=\"400\" src=\"https:\/\/www.altermes.fr\/wp-content\/uploads\/2025\/09\/Shutterstock_DDADUEperformancesenergetiques.jpg\" class=\"attachment-custom-thumbnail size-custom-thumbnail wp-post-image\" alt=\"\" srcset=\"https:\/\/www.altermes.fr\/wp-content\/uploads\/2025\/09\/Shutterstock_DDADUEperformancesenergetiques.jpg 600w, https:\/\/www.altermes.fr\/wp-content\/uploads\/2025\/09\/Shutterstock_DDADUEperformancesenergetiques-480x320.jpg 480w\" sizes=\"(min-width: 0px) and (max-width: 480px) 480px, (min-width: 481px) 600px, 100vw\">                                        <\/a>\n                                                                        <a href=\"https:\/\/www.altermes.fr\/en\/les-infos-du-jour\/performance-energique-du-nouveau-pour-les-entreprises\/\"><h3>Performance \u00e9nergique : du nouveau pour les entreprises<\/h3><\/a>\n                                    <p class=\"use-case-category\"><a href=\"https:\/\/www.altermes.fr\/en\/weblex-importer-categories\/actualites\/\" rel=\"tag\">Actualit\u00e9s<\/a>, <a href=\"https:\/\/www.altermes.fr\/en\/weblex-importer-categories\/infos-juridiques\/\" rel=\"tag\">Infos juridiques<\/a><\/p>\n                                    <p class=\"edc-content\">La loi dite \u00ab DDADUE 5 \u00bb venant adapter le droit fran\u00e7ais au droit de l\u2019Union europ\u00e9enne (UE) a introduit de nouvelles obligations pour les entreprises grandes consommatrices d\u2019\u00e9nergie afin d...<\/p>                                <\/div>\n                                                                <div class=\"case-study-item weblex-article\">\n                                                                            <a href=\"https:\/\/www.altermes.fr\/en\/les-infos-du-jour\/loi-dadaptation-au-droit-europeen-du-nouveau-pour-les-data-centers\/\">\n                                            <img decoding=\"async\" width=\"600\" height=\"400\" src=\"https:\/\/www.altermes.fr\/wp-content\/uploads\/2025\/09\/Shutterstock_DDADUEdatacenters.jpg\" class=\"attachment-custom-thumbnail size-custom-thumbnail wp-post-image\" alt=\"\" srcset=\"https:\/\/www.altermes.fr\/wp-content\/uploads\/2025\/09\/Shutterstock_DDADUEdatacenters.jpg 600w, https:\/\/www.altermes.fr\/wp-content\/uploads\/2025\/09\/Shutterstock_DDADUEdatacenters-480x320.jpg 480w\" sizes=\"(min-width: 0px) and (max-width: 480px) 480px, (min-width: 481px) 600px, 100vw\">                                        <\/a>\n                                                                        <a href=\"https:\/\/www.altermes.fr\/en\/les-infos-du-jour\/loi-dadaptation-au-droit-europeen-du-nouveau-pour-les-data-centers\/\"><h3>Loi d\u2019adaptation au droit europ\u00e9en : du nouveau pour les data centers<\/h3><\/a>\n                                    <p class=\"use-case-category\"><a href=\"https:\/\/www.altermes.fr\/en\/weblex-importer-categories\/actualites\/\" rel=\"tag\">Actualit\u00e9s<\/a>, <a href=\"https:\/\/www.altermes.fr\/en\/weblex-importer-categories\/infos-juridiques\/\" rel=\"tag\">Infos juridiques<\/a><\/p>\n                                    <p class=\"edc-content\">Les centres de donn\u00e9es, aussi appel\u00e9s data centers, constituent un enjeu dans de nombreux secteurs, mais \u00e9galement en mati\u00e8re \u00e9nerg\u00e9tique. Pour allier le d\u00e9veloppement de ces centres avec les e...<\/p>                                <\/div>\n                                                                <div class=\"case-study-item weblex-article\">\n                                                                            <a href=\"https:\/\/www.altermes.fr\/en\/les-infos-du-jour\/frais-professionnels-du-nouveau-pour-la-mobilite-professionnelle\/\">\n                                            <img decoding=\"async\" width=\"600\" height=\"400\" src=\"https:\/\/www.altermes.fr\/wp-content\/uploads\/2025\/09\/Shutterstock_fraisprodeplacement.jpg\" class=\"attachment-custom-thumbnail size-custom-thumbnail wp-post-image\" alt=\"\" srcset=\"https:\/\/www.altermes.fr\/wp-content\/uploads\/2025\/09\/Shutterstock_fraisprodeplacement.jpg 600w, https:\/\/www.altermes.fr\/wp-content\/uploads\/2025\/09\/Shutterstock_fraisprodeplacement-480x320.jpg 480w\" sizes=\"(min-width: 0px) and (max-width: 480px) 480px, (min-width: 481px) 600px, 100vw\">                                        <\/a>\n                                                                        <a href=\"https:\/\/www.altermes.fr\/en\/les-infos-du-jour\/frais-professionnels-du-nouveau-pour-la-mobilite-professionnelle\/\"><h3>Frais professionnels : du nouveau pour la mobilit\u00e9 professionnelle<\/h3><\/a>\n                                    <p class=\"use-case-category\"><a href=\"https:\/\/www.altermes.fr\/en\/weblex-importer-categories\/actualites\/\" rel=\"tag\">Actualit\u00e9s<\/a>, <a href=\"https:\/\/www.altermes.fr\/en\/weblex-importer-categories\/infos-sociales\/\" rel=\"tag\">Infos Sociales<\/a><\/p>\n                                    <p class=\"edc-content\">Le traitement des frais professionnels d\u00e9ductibles des cotisations sociales dues par les employeurs vient de faire l\u2019objet d\u2019am\u00e9nagements importants, notamment s\u2019agissant de la mobilit\u00e9 profe...<\/p>                                <\/div>\n                                                                <div class=\"case-study-item weblex-article\">\n                                                                            <a href=\"https:\/\/www.altermes.fr\/en\/les-infos-du-jour\/preparations-hospitalieres-nouvelles-modalites-de-declaration\/\">\n                                            <img decoding=\"async\" width=\"600\" height=\"400\" src=\"https:\/\/www.altermes.fr\/wp-content\/uploads\/2025\/09\/Shutterstock_preparationshospitalieres.jpg\" class=\"attachment-custom-thumbnail size-custom-thumbnail wp-post-image\" alt=\"\" srcset=\"https:\/\/www.altermes.fr\/wp-content\/uploads\/2025\/09\/Shutterstock_preparationshospitalieres.jpg 600w, https:\/\/www.altermes.fr\/wp-content\/uploads\/2025\/09\/Shutterstock_preparationshospitalieres-480x320.jpg 480w\" sizes=\"(min-width: 0px) and (max-width: 480px) 480px, (min-width: 481px) 600px, 100vw\">                                        <\/a>\n                                                                        <a href=\"https:\/\/www.altermes.fr\/en\/les-infos-du-jour\/preparations-hospitalieres-nouvelles-modalites-de-declaration\/\"><h3>Pr\u00e9parations hospitali\u00e8res : nouvelles modalit\u00e9s de d\u00e9claration<\/h3><\/a>\n                                    <p class=\"use-case-category\"><a href=\"https:\/\/www.altermes.fr\/en\/weblex-importer-categories\/actualites\/\" rel=\"tag\">Actualit\u00e9s<\/a>, <a href=\"https:\/\/www.altermes.fr\/en\/weblex-importer-categories\/infos-juridiques\/\" rel=\"tag\">Infos juridiques<\/a><\/p>\n                                    <p class=\"edc-content\">Les pharmaciens peuvent \u00eatre amen\u00e9s \u00e0 r\u00e9aliser eux-m\u00eames des pr\u00e9parations m\u00e9dicamenteuses. Dans ce cas-l\u00e0, ils doivent respecter certaines obligations d\u00e9claratives, qui viennent d\u2019\u00eatre mis...<\/p>                                <\/div>\n                                                                <div class=\"case-study-item weblex-article\">\n                                                                            <a href=\"https:\/\/www.altermes.fr\/en\/les-infos-du-jour\/apprentissage-transfrontalier-quel-niveau-de-prise-en-charge\/\">\n                                            <img decoding=\"async\" width=\"600\" height=\"400\" src=\"https:\/\/www.altermes.fr\/wp-content\/uploads\/2025\/09\/Shutterstock_contrattransfrontalier.jpg\" class=\"attachment-custom-thumbnail size-custom-thumbnail wp-post-image\" alt=\"\" srcset=\"https:\/\/www.altermes.fr\/wp-content\/uploads\/2025\/09\/Shutterstock_contrattransfrontalier.jpg 600w, https:\/\/www.altermes.fr\/wp-content\/uploads\/2025\/09\/Shutterstock_contrattransfrontalier-480x320.jpg 480w\" sizes=\"(min-width: 0px) and (max-width: 480px) 480px, (min-width: 481px) 600px, 100vw\">                                        <\/a>\n                                                                        <a href=\"https:\/\/www.altermes.fr\/en\/les-infos-du-jour\/apprentissage-transfrontalier-quel-niveau-de-prise-en-charge\/\"><h3>Apprentissage transfrontalier : quel niveau de prise en charge ?<\/h3><\/a>\n                                    <p class=\"use-case-category\"><a href=\"https:\/\/www.altermes.fr\/en\/weblex-importer-categories\/actualites\/\" rel=\"tag\">Actualit\u00e9s<\/a>, <a href=\"https:\/\/www.altermes.fr\/en\/weblex-importer-categories\/infos-sociales\/\" rel=\"tag\">Infos Sociales<\/a><\/p>\n                                    <p class=\"edc-content\">Depuis la loi dite \u00ab\u202f3DS\u202f\u00bb, il est possible d\u2019effectuer une partie de sa formation th\u00e9orique et \/ ou pratique dans un pays transfrontalier dans le cadre d\u2019un contrat d\u2019apprentissage trans...<\/p>                                <\/div>\n                                                                <div class=\"case-study-item weblex-article\">\n                                                                            <a href=\"https:\/\/www.altermes.fr\/en\/les-infos-du-jour\/poincon-de-responsabilite-des-objets-en-metaux-precieux-pas-nimporte-ou-pas-nimporte-comment\/\">\n                                            <img decoding=\"async\" width=\"600\" height=\"400\" src=\"https:\/\/www.altermes.fr\/wp-content\/uploads\/2025\/09\/Shutterstock_poinC3A7onresponsabilites.jpg\" class=\"attachment-custom-thumbnail size-custom-thumbnail wp-post-image\" alt=\"\" srcset=\"https:\/\/www.altermes.fr\/wp-content\/uploads\/2025\/09\/Shutterstock_poinC3A7onresponsabilites.jpg 600w, https:\/\/www.altermes.fr\/wp-content\/uploads\/2025\/09\/Shutterstock_poinC3A7onresponsabilites-480x320.jpg 480w\" sizes=\"(min-width: 0px) and (max-width: 480px) 480px, (min-width: 481px) 600px, 100vw\">                                        <\/a>\n                                                                        <a href=\"https:\/\/www.altermes.fr\/en\/les-infos-du-jour\/poincon-de-responsabilite-des-objets-en-metaux-precieux-pas-nimporte-ou-pas-nimporte-comment\/\"><h3>Poin\u00e7on de responsabilit\u00e9 des objets en m\u00e9taux pr\u00e9cieux : pas n\u2019importe o\u00f9, pas n\u2019importe comment !<\/h3><\/a>\n                                    <p class=\"use-case-category\"><a href=\"https:\/\/www.altermes.fr\/en\/weblex-importer-categories\/actualites\/\" rel=\"tag\">Actualit\u00e9s<\/a>, <a href=\"https:\/\/www.altermes.fr\/en\/weblex-importer-categories\/infos-juridiques\/\" rel=\"tag\">Infos juridiques<\/a><\/p>\n                                    <p class=\"edc-content\">Les professionnels travaillant avec des objets contenant de l\u2019argent, de l\u2019or ou du platine sont soumis \u00e0 une r\u00e9glementation stricte o\u00f9 les poin\u00e7ons ont une place importante. Le Gouvernement a...<\/p>                                <\/div>\n                                                                <div class=\"case-study-item weblex-article\">\n                                                                            <a href=\"https:\/\/www.altermes.fr\/en\/les-infos-du-jour\/frais-professionnels-bientot-la-fin-de-la-deduction-forfaitaire-specifique\/\">\n                                            <img decoding=\"async\" width=\"600\" height=\"400\" src=\"https:\/\/www.altermes.fr\/wp-content\/uploads\/2025\/09\/Shutterstock_fraisprofessionnels.jpg\" class=\"attachment-custom-thumbnail size-custom-thumbnail wp-post-image\" alt=\"\" srcset=\"https:\/\/www.altermes.fr\/wp-content\/uploads\/2025\/09\/Shutterstock_fraisprofessionnels.jpg 600w, https:\/\/www.altermes.fr\/wp-content\/uploads\/2025\/09\/Shutterstock_fraisprofessionnels-480x320.jpg 480w\" sizes=\"(min-width: 0px) and (max-width: 480px) 480px, (min-width: 481px) 600px, 100vw\">                                        <\/a>\n                                                                        <a href=\"https:\/\/www.altermes.fr\/en\/les-infos-du-jour\/frais-professionnels-bientot-la-fin-de-la-deduction-forfaitaire-specifique\/\"><h3>Frais professionnels : bient\u00f4t la fin de la d\u00e9duction forfaitaire sp\u00e9cifique ?<\/h3><\/a>\n                                    <p class=\"use-case-category\"><a href=\"https:\/\/www.altermes.fr\/en\/weblex-importer-categories\/actualites\/\" rel=\"tag\">Actualit\u00e9s<\/a>, <a href=\"https:\/\/www.altermes.fr\/en\/weblex-importer-categories\/infos-sociales\/\" rel=\"tag\">Infos Sociales<\/a><\/p>\n                                    <p class=\"edc-content\">Jusqu\u2019\u00e0 maintenant, l\u2019arr\u00eat\u00e9 du 20 d\u00e9cembre 2002 \u00e9tait le texte fondateur qui r\u00e9gissait le traitement des frais professionnels d\u00e9ductibles des cotisations sociales dues par les employeurs. ...<\/p>                                <\/div>\n                                                                <div class=\"case-study-item weblex-article\">\n                                                                            <a href=\"https:\/\/www.altermes.fr\/en\/les-infos-du-jour\/accueil-de-jour-des-personnes-agees-un-assouplissement-de-la-reglementation\/\">\n                                            <img decoding=\"async\" width=\"600\" height=\"400\" src=\"https:\/\/www.altermes.fr\/wp-content\/uploads\/2025\/09\/Shutterstock_acceuildejour.jpg\" class=\"attachment-custom-thumbnail size-custom-thumbnail wp-post-image\" alt=\"\" srcset=\"https:\/\/www.altermes.fr\/wp-content\/uploads\/2025\/09\/Shutterstock_acceuildejour.jpg 600w, https:\/\/www.altermes.fr\/wp-content\/uploads\/2025\/09\/Shutterstock_acceuildejour-480x320.jpg 480w\" sizes=\"(min-width: 0px) and (max-width: 480px) 480px, (min-width: 481px) 600px, 100vw\">                                        <\/a>\n                                                                        <a href=\"https:\/\/www.altermes.fr\/en\/les-infos-du-jour\/accueil-de-jour-des-personnes-agees-un-assouplissement-de-la-reglementation\/\"><h3>Accueil de jour des personnes \u00e2g\u00e9es : un assouplissement de la r\u00e8glementation<\/h3><\/a>\n                                    <p class=\"use-case-category\"><a href=\"https:\/\/www.altermes.fr\/en\/weblex-importer-categories\/actualites\/\" rel=\"tag\">Actualit\u00e9s<\/a>, <a href=\"https:\/\/www.altermes.fr\/en\/weblex-importer-categories\/infos-juridiques\/\" rel=\"tag\">Infos juridiques<\/a><\/p>\n                                    <p class=\"edc-content\">Le principal objectif de la loi dite \u00ab bien-vieillir \u00bb est de mettre en place des solutions pour prolonger au maximum l\u2019autonomie des personnes \u00e2g\u00e9es et leur permettre de rester dans leur logeme...<\/p>                                <\/div>\n                                                                <div class=\"case-study-item weblex-article\">\n                                                                            <a href=\"https:\/\/www.altermes.fr\/en\/les-infos-du-jour\/fraudes-aux-aides-publiques-letat-renforce-son-action\/\">\n                                            <img decoding=\"async\" width=\"600\" height=\"400\" src=\"https:\/\/www.altermes.fr\/wp-content\/uploads\/2025\/09\/Shutterstock_loiantifraude.jpg\" class=\"attachment-custom-thumbnail size-custom-thumbnail wp-post-image\" alt=\"\" srcset=\"https:\/\/www.altermes.fr\/wp-content\/uploads\/2025\/09\/Shutterstock_loiantifraude.jpg 600w, https:\/\/www.altermes.fr\/wp-content\/uploads\/2025\/09\/Shutterstock_loiantifraude-480x320.jpg 480w\" sizes=\"(min-width: 0px) and (max-width: 480px) 480px, (min-width: 481px) 600px, 100vw\">                                        <\/a>\n                                                                        <a href=\"https:\/\/www.altermes.fr\/en\/les-infos-du-jour\/fraudes-aux-aides-publiques-letat-renforce-son-action\/\"><h3>Fraudes aux aides publiques : l\u2019\u00c9tat renforce son action<\/h3><\/a>\n                                    <p class=\"use-case-category\"><a href=\"https:\/\/www.altermes.fr\/en\/weblex-importer-categories\/actualites\/\" rel=\"tag\">Actualit\u00e9s<\/a>, <a href=\"https:\/\/www.altermes.fr\/en\/weblex-importer-categories\/infos-juridiques\/\" rel=\"tag\">Infos juridiques<\/a><\/p>\n                                    <p class=\"edc-content\">Les fraudes aux aides publiques se sont multipli\u00e9es au cours des derni\u00e8res ann\u00e9es. En cause, des professionnels peu scrupuleux profitant de la complexit\u00e9 des conditions d\u2019octroi de ces aides pou...<\/p>                                <\/div>\n                                                                <div class=\"case-study-item weblex-article\">\n                                                                            <a href=\"https:\/\/www.altermes.fr\/en\/les-infos-du-jour\/centre-medico-psycho-pedagogiques-du-nouveau-concernant-le-rapport-dactivite\/\">\n                                            <img decoding=\"async\" width=\"600\" height=\"400\" src=\"https:\/\/www.altermes.fr\/wp-content\/uploads\/2025\/09\/Shutterstock_CMPP.jpg\" class=\"attachment-custom-thumbnail size-custom-thumbnail wp-post-image\" alt=\"\" srcset=\"https:\/\/www.altermes.fr\/wp-content\/uploads\/2025\/09\/Shutterstock_CMPP.jpg 600w, https:\/\/www.altermes.fr\/wp-content\/uploads\/2025\/09\/Shutterstock_CMPP-480x320.jpg 480w\" sizes=\"(min-width: 0px) and (max-width: 480px) 480px, (min-width: 481px) 600px, 100vw\">                                        <\/a>\n                                                                        <a href=\"https:\/\/www.altermes.fr\/en\/les-infos-du-jour\/centre-medico-psycho-pedagogiques-du-nouveau-concernant-le-rapport-dactivite\/\"><h3>Centre m\u00e9dico-psycho-p\u00e9dagogiques : du nouveau concernant le rapport d\u2019activit\u00e9<\/h3><\/a>\n                                    <p class=\"use-case-category\"><a href=\"https:\/\/www.altermes.fr\/en\/weblex-importer-categories\/actualites\/\" rel=\"tag\">Actualit\u00e9s<\/a>, <a href=\"https:\/\/www.altermes.fr\/en\/weblex-importer-categories\/infos-juridiques\/\" rel=\"tag\">Infos juridiques<\/a><\/p>\n                                    <p class=\"edc-content\">Pour satisfaire \u00e0 leurs obligations administratives, les centres m\u00e9dico-psycho-p\u00e9dagogiques (CMPP) doivent compl\u00e9ter annuellement un rapport d\u2019activit\u00e9\u2026 Une obligation qui connait une modific...<\/p>                                <\/div>\n                                                                <div class=\"case-study-item weblex-article\">\n                                                                            <a href=\"https:\/\/www.altermes.fr\/en\/les-infos-du-jour\/designation-dun-representant-fiscal-un-modele-a-suivre-ou-une-liberte-surveillee\/\">\n                                            <img decoding=\"async\" width=\"600\" height=\"400\" src=\"https:\/\/www.altermes.fr\/wp-content\/uploads\/2025\/09\/Shutterstock_lettrelibredesignation.jpg\" class=\"attachment-custom-thumbnail size-custom-thumbnail wp-post-image\" alt=\"\" srcset=\"https:\/\/www.altermes.fr\/wp-content\/uploads\/2025\/09\/Shutterstock_lettrelibredesignation.jpg 600w, https:\/\/www.altermes.fr\/wp-content\/uploads\/2025\/09\/Shutterstock_lettrelibredesignation-480x320.jpg 480w\" sizes=\"(min-width: 0px) and (max-width: 480px) 480px, (min-width: 481px) 600px, 100vw\">                                        <\/a>\n                                                                        <a href=\"https:\/\/www.altermes.fr\/en\/les-infos-du-jour\/designation-dun-representant-fiscal-un-modele-a-suivre-ou-une-liberte-surveillee\/\"><h3>D\u00e9signation d\u2019un repr\u00e9sentant fiscal : un mod\u00e8le \u00e0 suivre\u2026 ou une libert\u00e9 surveill\u00e9e !<\/h3><\/a>\n                                    <p class=\"use-case-category\"><a href=\"https:\/\/www.altermes.fr\/en\/weblex-importer-categories\/actualites\/\" rel=\"tag\">Actualit\u00e9s<\/a>, <a href=\"https:\/\/www.altermes.fr\/en\/weblex-importer-categories\/infos-fiscales\/\" rel=\"tag\">Infos Fiscales<\/a><\/p>\n                                    <p class=\"edc-content\">Si un mod\u00e8le officiel de lettre de d\u00e9signation d\u2019un repr\u00e9sentant fiscal est mis \u00e0 disposition des entreprises tenues \u00e0 une telle d\u00e9signation, pour autant elles restent libres d\u2019utiliser tout...<\/p>                                <\/div>\n                                                                <div class=\"case-study-item weblex-article\">\n                                                                            <a href=\"https:\/\/www.altermes.fr\/en\/les-infos-du-jour\/score-environnemental-nouveau-dispositif-dinformation-pour-le-textile\/\">\n                                            <img decoding=\"async\" width=\"600\" height=\"400\" src=\"https:\/\/www.altermes.fr\/wp-content\/uploads\/2025\/09\/Shutterstock_scoreenvironnemental.jpg\" class=\"attachment-custom-thumbnail size-custom-thumbnail wp-post-image\" alt=\"\" srcset=\"https:\/\/www.altermes.fr\/wp-content\/uploads\/2025\/09\/Shutterstock_scoreenvironnemental.jpg 600w, https:\/\/www.altermes.fr\/wp-content\/uploads\/2025\/09\/Shutterstock_scoreenvironnemental-480x320.jpg 480w\" sizes=\"(min-width: 0px) and (max-width: 480px) 480px, (min-width: 481px) 600px, 100vw\">                                        <\/a>\n                                                                        <a href=\"https:\/\/www.altermes.fr\/en\/les-infos-du-jour\/score-environnemental-nouveau-dispositif-dinformation-pour-le-textile\/\"><h3>Score environnemental : nouveau dispositif d\u2019information pour le textile<\/h3><\/a>\n                                    <p class=\"use-case-category\"><a href=\"https:\/\/www.altermes.fr\/en\/weblex-importer-categories\/actualites\/\" rel=\"tag\">Actualit\u00e9s<\/a>, <a href=\"https:\/\/www.altermes.fr\/en\/weblex-importer-categories\/infos-juridiques\/\" rel=\"tag\">Infos juridiques<\/a><\/p>\n                                    <p class=\"edc-content\">\u00c0 l\u2019image du Nutri-score pour les produits alimentaires, un syst\u00e8me de notation est mis en place pour les v\u00eatements. Cependant, ce n\u2019est pas l\u2019impact sur la sant\u00e9 qui est mesur\u00e9, mais celui...<\/p>                                <\/div>\n                                                                <div class=\"case-study-item weblex-article\">\n                                                                            <a href=\"https:\/\/www.altermes.fr\/en\/les-infos-du-jour\/reforme-du-droit-minier-ou-en-sommes-nous\/\">\n                                            <img decoding=\"async\" width=\"600\" height=\"400\" src=\"https:\/\/www.altermes.fr\/wp-content\/uploads\/2025\/09\/Shutterstock_droitminier.jpg\" class=\"attachment-custom-thumbnail size-custom-thumbnail wp-post-image\" alt=\"\" srcset=\"https:\/\/www.altermes.fr\/wp-content\/uploads\/2025\/09\/Shutterstock_droitminier.jpg 600w, https:\/\/www.altermes.fr\/wp-content\/uploads\/2025\/09\/Shutterstock_droitminier-480x320.jpg 480w\" sizes=\"(min-width: 0px) and (max-width: 480px) 480px, (min-width: 481px) 600px, 100vw\">                                        <\/a>\n                                                                        <a href=\"https:\/\/www.altermes.fr\/en\/les-infos-du-jour\/reforme-du-droit-minier-ou-en-sommes-nous\/\"><h3>R\u00e9forme du droit minier : o\u00f9 en sommes-nous ?<\/h3><\/a>\n                                    <p class=\"use-case-category\"><a href=\"https:\/\/www.altermes.fr\/en\/weblex-importer-categories\/actualites\/\" rel=\"tag\">Actualit\u00e9s<\/a>, <a href=\"https:\/\/www.altermes.fr\/en\/weblex-importer-categories\/infos-juridiques\/\" rel=\"tag\">Infos juridiques<\/a><\/p>\n                                    <p class=\"edc-content\">La loi \u00ab Climat et r\u00e9silience \u00bb du 22 ao\u00fbt 2022 a entam\u00e9 un travail de r\u00e9forme du droit minier afin de le rendre plus participatif et d\u2019orienter davantage les projets sur les questions environ...<\/p>                                <\/div>\n                                                                <div class=\"case-study-item weblex-article\">\n                                                                            <a href=\"https:\/\/www.altermes.fr\/en\/les-infos-du-jour\/indemnites-journalieres-maternite-de-lassurance-volontaire-des-precisions\/\">\n                                            <img decoding=\"async\" width=\"600\" height=\"400\" src=\"https:\/\/www.altermes.fr\/wp-content\/uploads\/2025\/09\/Shutterstock_assuresvolontaires.jpg\" class=\"attachment-custom-thumbnail size-custom-thumbnail wp-post-image\" alt=\"\" srcset=\"https:\/\/www.altermes.fr\/wp-content\/uploads\/2025\/09\/Shutterstock_assuresvolontaires.jpg 600w, https:\/\/www.altermes.fr\/wp-content\/uploads\/2025\/09\/Shutterstock_assuresvolontaires-480x320.jpg 480w\" sizes=\"(min-width: 0px) and (max-width: 480px) 480px, (min-width: 481px) 600px, 100vw\">                                        <\/a>\n                                                                        <a href=\"https:\/\/www.altermes.fr\/en\/les-infos-du-jour\/indemnites-journalieres-maternite-de-lassurance-volontaire-des-precisions\/\"><h3>Indemnit\u00e9s journali\u00e8res maternit\u00e9 de l\u2019assurance volontaire : des pr\u00e9cisions !<\/h3><\/a>\n                                    <p class=\"use-case-category\"><a href=\"https:\/\/www.altermes.fr\/en\/weblex-importer-categories\/actualites\/\" rel=\"tag\">Actualit\u00e9s<\/a>, <a href=\"https:\/\/www.altermes.fr\/en\/weblex-importer-categories\/infos-sociales\/\" rel=\"tag\">Infos Sociales<\/a><\/p>\n                                    <p class=\"edc-content\">Depuis le 10 septembre 2025, une adh\u00e9sion \u00e0 l\u2019assurance volontaire post\u00e9rieure \u00e0 la conception emp\u00eache d\u00e9sormais l\u2019assur\u00e9e de percevoir l\u2019indemnit\u00e9 journali\u00e8re de maternit\u00e9. Explicatio...<\/p>                                <\/div>\n                                                                <div class=\"case-study-item weblex-article\">\n                                                                            <a href=\"https:\/\/www.altermes.fr\/en\/les-infos-du-jour\/contrat-daccompagnement-par-le-travail-vers-une-convergence-des-droits\/\">\n                                            <img decoding=\"async\" width=\"600\" height=\"400\" src=\"https:\/\/www.altermes.fr\/wp-content\/uploads\/2025\/09\/Shutterstock_travailleurshandicapes.jpg\" class=\"attachment-custom-thumbnail size-custom-thumbnail wp-post-image\" alt=\"\" srcset=\"https:\/\/www.altermes.fr\/wp-content\/uploads\/2025\/09\/Shutterstock_travailleurshandicapes.jpg 600w, https:\/\/www.altermes.fr\/wp-content\/uploads\/2025\/09\/Shutterstock_travailleurshandicapes-480x320.jpg 480w\" sizes=\"(min-width: 0px) and (max-width: 480px) 480px, (min-width: 481px) 600px, 100vw\">                                        <\/a>\n                                                                        <a href=\"https:\/\/www.altermes.fr\/en\/les-infos-du-jour\/contrat-daccompagnement-par-le-travail-vers-une-convergence-des-droits\/\"><h3>Contrat d\u2019accompagnement par le travail : vers une convergence des droits ?<\/h3><\/a>\n                                    <p class=\"use-case-category\"><a href=\"https:\/\/www.altermes.fr\/en\/weblex-importer-categories\/actualites\/\" rel=\"tag\">Actualit\u00e9s<\/a>, <a href=\"https:\/\/www.altermes.fr\/en\/weblex-importer-categories\/infos-sociales\/\" rel=\"tag\">Infos Sociales<\/a><\/p>\n                                    <p class=\"edc-content\">Comme pr\u00e9vu par la loi dite \u00ab Plein emploi \u00bb, un r\u00e9cent changement de la r\u00e9glementation tend \u00e0 attribuer aux travailleurs handicap\u00e9s occup\u00e9s en \u00e9tablissement ou en service d\u2019accompagnement ...<\/p>                                <\/div>\n                                                                <div class=\"case-study-item weblex-article\">\n                                                                            <a href=\"https:\/\/www.altermes.fr\/en\/les-infos-du-jour\/panneaux-solaires-et-tva-a-taux-reduit-les-criteres-dapplication-sont-devoiles\/\">\n                                            <img decoding=\"async\" width=\"600\" height=\"400\" src=\"https:\/\/www.altermes.fr\/wp-content\/uploads\/2025\/09\/Shutterstock_panneauxsolairestva.jpg\" class=\"attachment-custom-thumbnail size-custom-thumbnail wp-post-image\" alt=\"\" srcset=\"https:\/\/www.altermes.fr\/wp-content\/uploads\/2025\/09\/Shutterstock_panneauxsolairestva.jpg 600w, https:\/\/www.altermes.fr\/wp-content\/uploads\/2025\/09\/Shutterstock_panneauxsolairestva-480x320.jpg 480w\" sizes=\"(min-width: 0px) and (max-width: 480px) 480px, (min-width: 481px) 600px, 100vw\">                                        <\/a>\n                                                                        <a href=\"https:\/\/www.altermes.fr\/en\/les-infos-du-jour\/panneaux-solaires-et-tva-a-taux-reduit-les-criteres-dapplication-sont-devoiles\/\"><h3>Panneaux solaires et TVA \u00e0 taux r\u00e9duit : les crit\u00e8res d\u2019application sont d\u00e9voil\u00e9s !<\/h3><\/a>\n                                    <p class=\"use-case-category\"><a href=\"https:\/\/www.altermes.fr\/en\/weblex-importer-categories\/actualites\/\" rel=\"tag\">Actualit\u00e9s<\/a>, <a href=\"https:\/\/www.altermes.fr\/en\/weblex-importer-categories\/infos-fiscales\/\" rel=\"tag\">Infos Fiscales<\/a><\/p>\n                                    <p class=\"edc-content\">La loi de finances pour 2025 a \u00e9tendu l\u2019application de la TVA \u00e0 5,5 % aux ventes et installations, dans les logements, des \u00e9quipements de production d'\u00e9lectricit\u00e9 utilisant l'\u00e9nergie radiative...<\/p>                                <\/div>\n                                                                <div class=\"case-study-item weblex-article\">\n                                                                            <a href=\"https:\/\/www.altermes.fr\/en\/les-infos-du-jour\/solidite-des-habitations-une-aide-financiere-en-experimentation\/\">\n                                            <img decoding=\"async\" width=\"600\" height=\"400\" src=\"https:\/\/www.altermes.fr\/wp-content\/uploads\/2025\/09\/Shutterstock_aidesfinancieresrga.jpg\" class=\"attachment-custom-thumbnail size-custom-thumbnail wp-post-image\" alt=\"\" srcset=\"https:\/\/www.altermes.fr\/wp-content\/uploads\/2025\/09\/Shutterstock_aidesfinancieresrga.jpg 600w, https:\/\/www.altermes.fr\/wp-content\/uploads\/2025\/09\/Shutterstock_aidesfinancieresrga-480x320.jpg 480w\" sizes=\"(min-width: 0px) and (max-width: 480px) 480px, (min-width: 481px) 600px, 100vw\">                                        <\/a>\n                                                                        <a href=\"https:\/\/www.altermes.fr\/en\/les-infos-du-jour\/solidite-des-habitations-une-aide-financiere-en-experimentation\/\"><h3>Solidit\u00e9 des habitations : une aide financi\u00e8re en exp\u00e9rimentation<\/h3><\/a>\n                                    <p class=\"use-case-category\"><a href=\"https:\/\/www.altermes.fr\/en\/weblex-importer-categories\/actualites\/\" rel=\"tag\">Actualit\u00e9s<\/a>, <a href=\"https:\/\/www.altermes.fr\/en\/weblex-importer-categories\/infos-juridiques\/\" rel=\"tag\">Infos juridiques<\/a><\/p>\n                                    <p class=\"edc-content\">Plus de 3 millions : c\u2019est le nombre de maisons individuelles expos\u00e9es en France au ph\u00e9nom\u00e8ne retrait-gonflement des argiles (RGA) qui provoque des fissures, voire des d\u00e9sordres pouvant comprome...<\/p>                                <\/div>\n                                                                <div class=\"case-study-item weblex-article\">\n                                                                            <a href=\"https:\/\/www.altermes.fr\/en\/les-infos-du-jour\/ehpad-elargissements-concernant-la-mission-de-coordonnateur\/\">\n                                            <img decoding=\"async\" width=\"600\" height=\"400\" src=\"https:\/\/www.altermes.fr\/wp-content\/uploads\/2025\/09\/Shutterstock_coordonateursEhpad.jpg\" class=\"attachment-custom-thumbnail size-custom-thumbnail wp-post-image\" alt=\"\" srcset=\"https:\/\/www.altermes.fr\/wp-content\/uploads\/2025\/09\/Shutterstock_coordonateursEhpad.jpg 600w, https:\/\/www.altermes.fr\/wp-content\/uploads\/2025\/09\/Shutterstock_coordonateursEhpad-480x320.jpg 480w\" sizes=\"(min-width: 0px) and (max-width: 480px) 480px, (min-width: 481px) 600px, 100vw\">                                        <\/a>\n                                                                        <a href=\"https:\/\/www.altermes.fr\/en\/les-infos-du-jour\/ehpad-elargissements-concernant-la-mission-de-coordonnateur\/\"><h3>EHPAD : \u00e9largissements concernant la mission de coordonnateur<\/h3><\/a>\n                                    <p class=\"use-case-category\"><a href=\"https:\/\/www.altermes.fr\/en\/weblex-importer-categories\/actualites\/\" rel=\"tag\">Actualit\u00e9s<\/a>, <a href=\"https:\/\/www.altermes.fr\/en\/weblex-importer-categories\/infos-juridiques\/\" rel=\"tag\">Infos juridiques<\/a><\/p>\n                                    <p class=\"edc-content\">Les EHPAD doivent d\u00e9signer en leur sein un coordonnateur. Ce professionnel de sant\u00e9 a ainsi pour r\u00f4le d\u2019encadrer l\u2019action des \u00e9quipes de soins. Des pr\u00e9cisions sont apport\u00e9es sur ces missions...<\/p>                                <\/div>\n                                                                <div class=\"case-study-item weblex-article\">\n                                                                            <a href=\"https:\/\/www.altermes.fr\/en\/les-infos-du-jour\/conges-payes-et-decompte-des-heures-supplementaires-du-nouveau\/\">\n                                            <img decoding=\"async\" width=\"600\" height=\"400\" src=\"https:\/\/www.altermes.fr\/wp-content\/uploads\/2025\/09\/Shutterstock_arretmaladieheuressupp.jpg\" class=\"attachment-custom-thumbnail size-custom-thumbnail wp-post-image\" alt=\"\" srcset=\"https:\/\/www.altermes.fr\/wp-content\/uploads\/2025\/09\/Shutterstock_arretmaladieheuressupp.jpg 600w, https:\/\/www.altermes.fr\/wp-content\/uploads\/2025\/09\/Shutterstock_arretmaladieheuressupp-480x320.jpg 480w\" sizes=\"(min-width: 0px) and (max-width: 480px) 480px, (min-width: 481px) 600px, 100vw\">                                        <\/a>\n                                                                        <a href=\"https:\/\/www.altermes.fr\/en\/les-infos-du-jour\/conges-payes-et-decompte-des-heures-supplementaires-du-nouveau\/\"><h3>Cong\u00e9s pay\u00e9s et d\u00e9compte des heures suppl\u00e9mentaires : du nouveau !<\/h3><\/a>\n                                    <p class=\"use-case-category\"><a href=\"https:\/\/www.altermes.fr\/en\/weblex-importer-categories\/actualites\/\" rel=\"tag\">Actualit\u00e9s<\/a>, <a href=\"https:\/\/www.altermes.fr\/en\/weblex-importer-categories\/infos-sociales\/\" rel=\"tag\">Infos Sociales<\/a><\/p>\n                                    <p class=\"edc-content\">Dans une d\u00e9cision retentissante du 10 septembre 2025, le juge fran\u00e7ais vient de mettre le droit du travail en conformit\u00e9 avec le droit de l\u2019Union en rappelant que, dans le cadre du d\u00e9compte hebd...<\/p>                                <\/div>\n                                                                <div class=\"case-study-item weblex-article\">\n                                                                            <a href=\"https:\/\/www.altermes.fr\/en\/les-infos-du-jour\/mayotte-une-aide-financiere-pour-les-entreprises-renouvelee\/\">\n                                            <img decoding=\"async\" width=\"600\" height=\"400\" src=\"https:\/\/www.altermes.fr\/wp-content\/uploads\/2025\/09\/Shutterstock_aidesmayottedecret.jpg\" class=\"attachment-custom-thumbnail size-custom-thumbnail wp-post-image\" alt=\"\" srcset=\"https:\/\/www.altermes.fr\/wp-content\/uploads\/2025\/09\/Shutterstock_aidesmayottedecret.jpg 600w, https:\/\/www.altermes.fr\/wp-content\/uploads\/2025\/09\/Shutterstock_aidesmayottedecret-480x320.jpg 480w\" sizes=\"(min-width: 0px) and (max-width: 480px) 480px, (min-width: 481px) 600px, 100vw\">                                        <\/a>\n                                                                        <a href=\"https:\/\/www.altermes.fr\/en\/les-infos-du-jour\/mayotte-une-aide-financiere-pour-les-entreprises-renouvelee\/\"><h3>Mayotte : une aide financi\u00e8re pour les entreprises renouvel\u00e9e<\/h3><\/a>\n                                    <p class=\"use-case-category\"><a href=\"https:\/\/www.altermes.fr\/en\/weblex-importer-categories\/actualites\/\" rel=\"tag\">Actualit\u00e9s<\/a>, <a href=\"https:\/\/www.altermes.fr\/en\/weblex-importer-categories\/infos-juridiques\/\" rel=\"tag\">Infos juridiques<\/a><\/p>\n                                    <p class=\"edc-content\">Afin de soutenir la reconstruction de Mayotte apr\u00e8s le cyclone Chido, l\u2019\u00c9tat renouvelle une aide financi\u00e8re \u00e0 destination des entreprises mahoraises pour les mois de f\u00e9vrier et de mars 2025. Qu...<\/p>                                <\/div>\n                                                                <div class=\"case-study-item weblex-article\">\n                                                                            <a href=\"https:\/\/www.altermes.fr\/en\/les-infos-du-jour\/chiropracteurs-rattrapage-pour-la-formation-continue\/\">\n                                            <img decoding=\"async\" width=\"600\" height=\"400\" src=\"https:\/\/www.altermes.fr\/wp-content\/uploads\/2025\/09\/Shutterstock_formationchiropracteurs.jpg\" class=\"attachment-custom-thumbnail size-custom-thumbnail wp-post-image\" alt=\"\" srcset=\"https:\/\/www.altermes.fr\/wp-content\/uploads\/2025\/09\/Shutterstock_formationchiropracteurs.jpg 600w, https:\/\/www.altermes.fr\/wp-content\/uploads\/2025\/09\/Shutterstock_formationchiropracteurs-480x320.jpg 480w\" sizes=\"(min-width: 0px) and (max-width: 480px) 480px, (min-width: 481px) 600px, 100vw\">                                        <\/a>\n                                                                        <a href=\"https:\/\/www.altermes.fr\/en\/les-infos-du-jour\/chiropracteurs-rattrapage-pour-la-formation-continue\/\"><h3>Chiropracteurs : rattrapage pour la formation continue<\/h3><\/a>\n                                    <p class=\"use-case-category\"><a href=\"https:\/\/www.altermes.fr\/en\/weblex-importer-categories\/actualites\/\" rel=\"tag\">Actualit\u00e9s<\/a>, <a href=\"https:\/\/www.altermes.fr\/en\/weblex-importer-categories\/infos-juridiques\/\" rel=\"tag\">Infos juridiques<\/a><\/p>\n                                    <p class=\"edc-content\">La profession de chiropracteur est encadr\u00e9e par une r\u00e9glementation sp\u00e9ciale, laquelle pr\u00e9voit notamment une obligation de formation continue. Cependant, en 2024, le dispositif qui organisait cette...<\/p>                                <\/div>\n                                                                <div class=\"case-study-item weblex-article\">\n                                                                            <a href=\"https:\/\/www.altermes.fr\/en\/les-infos-du-jour\/taux-reduit-de-tva-plus-de-flexibilite-pour-la-presse\/\">\n                                            <img decoding=\"async\" width=\"600\" height=\"400\" src=\"https:\/\/www.altermes.fr\/wp-content\/uploads\/2025\/09\/Shutterstock_tvapresse.jpg\" class=\"attachment-custom-thumbnail size-custom-thumbnail wp-post-image\" alt=\"\" srcset=\"https:\/\/www.altermes.fr\/wp-content\/uploads\/2025\/09\/Shutterstock_tvapresse.jpg 600w, https:\/\/www.altermes.fr\/wp-content\/uploads\/2025\/09\/Shutterstock_tvapresse-480x320.jpg 480w\" sizes=\"(min-width: 0px) and (max-width: 480px) 480px, (min-width: 481px) 600px, 100vw\">                                        <\/a>\n                                                                        <a href=\"https:\/\/www.altermes.fr\/en\/les-infos-du-jour\/taux-reduit-de-tva-plus-de-flexibilite-pour-la-presse\/\"><h3>Taux r\u00e9duit de TVA : plus de flexibilit\u00e9 pour la presse !<\/h3><\/a>\n                                    <p class=\"use-case-category\"><a href=\"https:\/\/www.altermes.fr\/en\/weblex-importer-categories\/actualites\/\" rel=\"tag\">Actualit\u00e9s<\/a>, <a href=\"https:\/\/www.altermes.fr\/en\/weblex-importer-categories\/infos-fiscales\/\" rel=\"tag\">Infos Fiscales<\/a><\/p>\n                                    <p class=\"edc-content\">Si la vente de journaux et \u00e9crits p\u00e9riodiques b\u00e9n\u00e9ficie d\u2019un avantage fiscal prenant la forme d\u2019un taux r\u00e9duit de TVA, pour autant cela n\u2019est pas sans conditions. L\u2019une d\u2019entre elles vi...<\/p>                                <\/div>\n                                                                <div class=\"case-study-item weblex-article\">\n                                                                            <a href=\"https:\/\/www.altermes.fr\/en\/les-infos-du-jour\/fabrication-commerce-et-detention-darmes-blanches-les-nouveautes-a-connaitre\/\">\n                                            <img decoding=\"async\" width=\"600\" height=\"400\" src=\"https:\/\/www.altermes.fr\/wp-content\/uploads\/2025\/09\/Shutterstock_ventearmesblanches.jpg\" class=\"attachment-custom-thumbnail size-custom-thumbnail wp-post-image\" alt=\"\" srcset=\"https:\/\/www.altermes.fr\/wp-content\/uploads\/2025\/09\/Shutterstock_ventearmesblanches.jpg 600w, https:\/\/www.altermes.fr\/wp-content\/uploads\/2025\/09\/Shutterstock_ventearmesblanches-480x320.jpg 480w\" sizes=\"(min-width: 0px) and (max-width: 480px) 480px, (min-width: 481px) 600px, 100vw\">                                        <\/a>\n                                                                        <a href=\"https:\/\/www.altermes.fr\/en\/les-infos-du-jour\/fabrication-commerce-et-detention-darmes-blanches-les-nouveautes-a-connaitre\/\"><h3>Fabrication, commerce, et d\u00e9tention d\u2019armes blanches : les nouveaut\u00e9s \u00e0 connaitre<\/h3><\/a>\n                                    <p class=\"use-case-category\"><a href=\"https:\/\/www.altermes.fr\/en\/weblex-importer-categories\/actualites\/\" rel=\"tag\">Actualit\u00e9s<\/a>, <a href=\"https:\/\/www.altermes.fr\/en\/weblex-importer-categories\/infos-juridiques\/\" rel=\"tag\">Infos juridiques<\/a><\/p>\n                                    <p class=\"edc-content\">Les objets pouvant \u00eatre utilis\u00e9s comme des armes font l\u2019objet de restrictions \u00e0 la vente. Le cadre r\u00e9glementaire de ce type de vente a \u00e9t\u00e9 durci et de nouvelles obligations s\u2019imposent aux co...<\/p>                                <\/div>\n                                                                <div class=\"case-study-item weblex-article\">\n                                                                            <a href=\"https:\/\/www.altermes.fr\/en\/les-infos-du-jour\/pisciculture-marine-et-concession-dexploitation-des-criteres-a-connaitre\/\">\n                                            <img decoding=\"async\" width=\"600\" height=\"400\" src=\"https:\/\/www.altermes.fr\/wp-content\/uploads\/2025\/09\/Shutterstock_pisciculture.jpg\" class=\"attachment-custom-thumbnail size-custom-thumbnail wp-post-image\" alt=\"\" srcset=\"https:\/\/www.altermes.fr\/wp-content\/uploads\/2025\/09\/Shutterstock_pisciculture.jpg 600w, https:\/\/www.altermes.fr\/wp-content\/uploads\/2025\/09\/Shutterstock_pisciculture-480x320.jpg 480w\" sizes=\"(min-width: 0px) and (max-width: 480px) 480px, (min-width: 481px) 600px, 100vw\">                                        <\/a>\n                                                                        <a href=\"https:\/\/www.altermes.fr\/en\/les-infos-du-jour\/pisciculture-marine-et-concession-dexploitation-des-criteres-a-connaitre\/\"><h3>Pisciculture marine et concession d\u2019exploitation : des crit\u00e8res \u00e0 conna\u00eetre<\/h3><\/a>\n                                    <p class=\"use-case-category\"><a href=\"https:\/\/www.altermes.fr\/en\/weblex-importer-categories\/actualites\/\" rel=\"tag\">Actualit\u00e9s<\/a>, <a href=\"https:\/\/www.altermes.fr\/en\/weblex-importer-categories\/infos-juridiques\/\" rel=\"tag\">Infos juridiques<\/a><\/p>\n                                    <p class=\"edc-content\">La pisciculture marine est une activit\u00e9 soumise \u00e0 l\u2019octroi d\u2019une concession d\u00e9livr\u00e9e par le pr\u00e9fet permettant l\u2019occupation privative du domaine maritime qui est, par d\u00e9finition, public. Un...<\/p>                                <\/div>\n                                                                <div class=\"case-study-item weblex-article\">\n                                                                            <a href=\"https:\/\/www.altermes.fr\/en\/les-infos-du-jour\/donner-a-ses-enfants-et-profiter-davantages-fiscaux-on-en-sait-plus\/\">\n                                            <img decoding=\"async\" width=\"600\" height=\"400\" src=\"https:\/\/www.altermes.fr\/wp-content\/uploads\/2025\/09\/Shutterstock_exonC3A9rationdonsenfants.jpg\" class=\"attachment-custom-thumbnail size-custom-thumbnail wp-post-image\" alt=\"\" srcset=\"https:\/\/www.altermes.fr\/wp-content\/uploads\/2025\/09\/Shutterstock_exonC3A9rationdonsenfants.jpg 600w, https:\/\/www.altermes.fr\/wp-content\/uploads\/2025\/09\/Shutterstock_exonC3A9rationdonsenfants-480x320.jpg 480w\" sizes=\"(min-width: 0px) and (max-width: 480px) 480px, (min-width: 481px) 600px, 100vw\">                                        <\/a>\n                                                                        <a href=\"https:\/\/www.altermes.fr\/en\/les-infos-du-jour\/donner-a-ses-enfants-et-profiter-davantages-fiscaux-on-en-sait-plus\/\"><h3>Donner \u00e0 ses enfants et profiter d\u2019avantages fiscaux : on en sait plus !<\/h3><\/a>\n                                    <p class=\"use-case-category\"><a href=\"https:\/\/www.altermes.fr\/en\/weblex-importer-categories\/actualites\/\" rel=\"tag\">Actualit\u00e9s<\/a>, <a href=\"https:\/\/www.altermes.fr\/en\/weblex-importer-categories\/le-coin-du-dirigeant\/\" rel=\"tag\">Le coin du dirigeant<\/a><\/p>\n                                    <p class=\"edc-content\">La loi de finances pour 2025 a instaur\u00e9 une nouvelle exon\u00e9ration de droits de mutation \u00e0 titre gratuit au profit des dons de sommes d\u2019argent consentis en pleine propri\u00e9t\u00e9 \u00e0 un enfant, un petit...<\/p>                                <\/div>\n                                                                <div class=\"case-study-item weblex-article\">\n                                                                            <a href=\"https:\/\/www.altermes.fr\/en\/les-infos-du-jour\/proches-aidants-une-nouvelle-mesure-de-relayage\/\">\n                                            <img decoding=\"async\" width=\"600\" height=\"400\" src=\"https:\/\/www.altermes.fr\/wp-content\/uploads\/2025\/09\/Shutterstock_soutienprochesaidants.jpg\" class=\"attachment-custom-thumbnail size-custom-thumbnail wp-post-image\" alt=\"\" srcset=\"https:\/\/www.altermes.fr\/wp-content\/uploads\/2025\/09\/Shutterstock_soutienprochesaidants.jpg 600w, https:\/\/www.altermes.fr\/wp-content\/uploads\/2025\/09\/Shutterstock_soutienprochesaidants-480x320.jpg 480w\" sizes=\"(min-width: 0px) and (max-width: 480px) 480px, (min-width: 481px) 600px, 100vw\">                                        <\/a>\n                                                                        <a href=\"https:\/\/www.altermes.fr\/en\/les-infos-du-jour\/proches-aidants-une-nouvelle-mesure-de-relayage\/\"><h3>Proches aidants : une nouvelle mesure de relayage<\/h3><\/a>\n                                    <p class=\"use-case-category\"><a href=\"https:\/\/www.altermes.fr\/en\/weblex-importer-categories\/actualites\/\" rel=\"tag\">Actualit\u00e9s<\/a>, <a href=\"https:\/\/www.altermes.fr\/en\/weblex-importer-categories\/infos-sociales\/\" rel=\"tag\">Infos Sociales<\/a><\/p>\n                                    <p class=\"edc-content\">En France, 8 \u00e0 11 millions de personnes aident un conjoint, un parent ou un enfant en perte d\u2019autonomie. Dans le cadre d\u2019une politique nationale de soutien des proches aidants et afin d\u2019accompa...<\/p>                                <\/div>\n                                                                <div class=\"case-study-item weblex-article\">\n                                                                            <a href=\"https:\/\/www.altermes.fr\/en\/les-infos-du-jour\/pfas-dans-les-installations-industrielles-la-trajectoire-pour-2030-est-connue\/\">\n                                            <img decoding=\"async\" width=\"600\" height=\"400\" src=\"https:\/\/www.altermes.fr\/wp-content\/uploads\/2025\/09\/Shutterstock_pfasrejetstrajectoire.jpg\" class=\"attachment-custom-thumbnail size-custom-thumbnail wp-post-image\" alt=\"\" srcset=\"https:\/\/www.altermes.fr\/wp-content\/uploads\/2025\/09\/Shutterstock_pfasrejetstrajectoire.jpg 600w, https:\/\/www.altermes.fr\/wp-content\/uploads\/2025\/09\/Shutterstock_pfasrejetstrajectoire-480x320.jpg 480w\" sizes=\"(min-width: 0px) and (max-width: 480px) 480px, (min-width: 481px) 600px, 100vw\">                                        <\/a>\n                                                                        <a href=\"https:\/\/www.altermes.fr\/en\/les-infos-du-jour\/pfas-dans-les-installations-industrielles-la-trajectoire-pour-2030-est-connue\/\"><h3>PFAS dans les installations industrielles : la trajectoire pour 2030 est connue<\/h3><\/a>\n                                    <p class=\"use-case-category\"><a href=\"https:\/\/www.altermes.fr\/en\/weblex-importer-categories\/actualites\/\" rel=\"tag\">Actualit\u00e9s<\/a>, <a href=\"https:\/\/www.altermes.fr\/en\/weblex-importer-categories\/infos-juridiques\/\" rel=\"tag\">Infos juridiques<\/a><\/p>\n                                    <p class=\"edc-content\">Le 28 f\u00e9vrier 2025 a \u00e9t\u00e9 publi\u00e9e la loi visant \u00e0 prot\u00e9ger la population des risques li\u00e9s aux substances perfluoroalkyl\u00e9es et polyfluoroalkyl\u00e9es. Si elle pose les grands principes pour r\u00e9duir...<\/p>                                <\/div>\n                                                                <div class=\"case-study-item weblex-article\">\n                                                                            <a href=\"https:\/\/www.altermes.fr\/en\/les-infos-du-jour\/exoneration-de-plus-values-immobilieres-cest-quoi-une-rehabilitation-lourde\/\">\n                                            <img decoding=\"async\" width=\"600\" height=\"400\" src=\"https:\/\/www.altermes.fr\/wp-content\/uploads\/2025\/09\/Shutterstock_exonerationpvimmo.jpg\" class=\"attachment-custom-thumbnail size-custom-thumbnail wp-post-image\" alt=\"\" srcset=\"https:\/\/www.altermes.fr\/wp-content\/uploads\/2025\/09\/Shutterstock_exonerationpvimmo.jpg 600w, https:\/\/www.altermes.fr\/wp-content\/uploads\/2025\/09\/Shutterstock_exonerationpvimmo-480x320.jpg 480w\" sizes=\"(min-width: 0px) and (max-width: 480px) 480px, (min-width: 481px) 600px, 100vw\">                                        <\/a>\n                                                                        <a href=\"https:\/\/www.altermes.fr\/en\/les-infos-du-jour\/exoneration-de-plus-values-immobilieres-cest-quoi-une-rehabilitation-lourde\/\"><h3>Exon\u00e9ration de plus-values immobili\u00e8res : c\u2019est quoi une r\u00e9habilitation lourde ?<\/h3><\/a>\n                                    <p class=\"use-case-category\"><a href=\"https:\/\/www.altermes.fr\/en\/weblex-importer-categories\/actualites\/\" rel=\"tag\">Actualit\u00e9s<\/a>, <a href=\"https:\/\/www.altermes.fr\/en\/weblex-importer-categories\/infos-fiscales\/\" rel=\"tag\">Infos Fiscales<\/a><\/p>\n                                    <p class=\"edc-content\">Une exon\u00e9ration temporaire de plus-value au titre des cessions d'immeubles s\u2019applique en faveur des logements sociaux et interm\u00e9diaires. Le dispositif concerne, outre la r\u00e9habilitation compl\u00e8te ...<\/p>                                <\/div>\n                                                                <div class=\"case-study-item weblex-article\">\n                                                                            <a href=\"https:\/\/www.altermes.fr\/en\/les-infos-du-jour\/vente-en-ligne-de-medicaments-veterinaires-declarer-son-activite\/\">\n                                            <img decoding=\"async\" width=\"600\" height=\"400\" src=\"https:\/\/www.altermes.fr\/wp-content\/uploads\/2025\/09\/Shutterstock_venteenlignemedocveto.jpg\" class=\"attachment-custom-thumbnail size-custom-thumbnail wp-post-image\" alt=\"\" srcset=\"https:\/\/www.altermes.fr\/wp-content\/uploads\/2025\/09\/Shutterstock_venteenlignemedocveto.jpg 600w, https:\/\/www.altermes.fr\/wp-content\/uploads\/2025\/09\/Shutterstock_venteenlignemedocveto-480x320.jpg 480w\" sizes=\"(min-width: 0px) and (max-width: 480px) 480px, (min-width: 481px) 600px, 100vw\">                                        <\/a>\n                                                                        <a href=\"https:\/\/www.altermes.fr\/en\/les-infos-du-jour\/vente-en-ligne-de-medicaments-veterinaires-declarer-son-activite\/\"><h3>Vente en ligne de m\u00e9dicaments v\u00e9t\u00e9rinaires : d\u00e9clarer son activit\u00e9<\/h3><\/a>\n                                    <p class=\"use-case-category\"><a href=\"https:\/\/www.altermes.fr\/en\/weblex-importer-categories\/actualites\/\" rel=\"tag\">Actualit\u00e9s<\/a>, <a href=\"https:\/\/www.altermes.fr\/en\/weblex-importer-categories\/infos-juridiques\/\" rel=\"tag\">Infos juridiques<\/a><\/p>\n                                    <p class=\"edc-content\">Un cadre r\u00e9glementaire est mis en place pour mieux organiser et contr\u00f4ler l\u2019activit\u00e9 de vente en ligne de m\u00e9dicaments v\u00e9t\u00e9rinaires. Des d\u00e9tails \u00e0 propos de ce nouveau dispositif viennent d?...<\/p>                                <\/div>\n                                                                <div class=\"case-study-item weblex-article\">\n                                                                            <a href=\"https:\/\/www.altermes.fr\/en\/les-infos-du-jour\/conge-paye-et-arret-maladie-nouvelle-etape\/\">\n                                            <img decoding=\"async\" width=\"600\" height=\"400\" src=\"https:\/\/www.altermes.fr\/wp-content\/uploads\/2025\/09\/Shutterstock_arretmaladiereport.jpg\" class=\"attachment-custom-thumbnail size-custom-thumbnail wp-post-image\" alt=\"\" srcset=\"https:\/\/www.altermes.fr\/wp-content\/uploads\/2025\/09\/Shutterstock_arretmaladiereport.jpg 600w, https:\/\/www.altermes.fr\/wp-content\/uploads\/2025\/09\/Shutterstock_arretmaladiereport-480x320.jpg 480w\" sizes=\"(min-width: 0px) and (max-width: 480px) 480px, (min-width: 481px) 600px, 100vw\">                                        <\/a>\n                                                                        <a href=\"https:\/\/www.altermes.fr\/en\/les-infos-du-jour\/conge-paye-et-arret-maladie-nouvelle-etape\/\"><h3>Cong\u00e9 pay\u00e9 et arr\u00eat maladie : nouvelle \u00e9tape\u2026<\/h3><\/a>\n                                    <p class=\"use-case-category\"><a href=\"https:\/\/www.altermes.fr\/en\/weblex-importer-categories\/actualites\/\" rel=\"tag\">Actualit\u00e9s<\/a>, <a href=\"https:\/\/www.altermes.fr\/en\/weblex-importer-categories\/infos-sociales\/\" rel=\"tag\">Infos Sociales<\/a><\/p>\n                                    <p class=\"edc-content\">Nouveau revirement en droit social : sous la pression de Bruxelles, le juge fran\u00e7ais reconna\u00eet d\u00e9sormais le droit des salari\u00e9s \u00e0 reporter les jours de cong\u00e9s qui co\u00efncideraient avec ceux d\u2019un...<\/p>                                <\/div>\n                                                                <div class=\"case-study-item weblex-article\">\n                                                                            <a href=\"https:\/\/www.altermes.fr\/en\/les-infos-du-jour\/regime-dassurance-vieillesse-des-notaires-des-precisions-a-connaitre\/\">\n                                            <img decoding=\"async\" width=\"600\" height=\"400\" src=\"https:\/\/www.altermes.fr\/wp-content\/uploads\/2025\/09\/Shutterstock_retraitenotaire.jpg\" class=\"attachment-custom-thumbnail size-custom-thumbnail wp-post-image\" alt=\"\" srcset=\"https:\/\/www.altermes.fr\/wp-content\/uploads\/2025\/09\/Shutterstock_retraitenotaire.jpg 600w, https:\/\/www.altermes.fr\/wp-content\/uploads\/2025\/09\/Shutterstock_retraitenotaire-480x320.jpg 480w\" sizes=\"(min-width: 0px) and (max-width: 480px) 480px, (min-width: 481px) 600px, 100vw\">                                        <\/a>\n                                                                        <a href=\"https:\/\/www.altermes.fr\/en\/les-infos-du-jour\/regime-dassurance-vieillesse-des-notaires-des-precisions-a-connaitre\/\"><h3>R\u00e9gime d\u2019assurance vieillesse des notaires : des pr\u00e9cisions \u00e0 conna\u00eetre<\/h3><\/a>\n                                    <p class=\"use-case-category\"><a href=\"https:\/\/www.altermes.fr\/en\/weblex-importer-categories\/actualites\/\" rel=\"tag\">Actualit\u00e9s<\/a>, <a href=\"https:\/\/www.altermes.fr\/en\/weblex-importer-categories\/infos-sociales\/\" rel=\"tag\">Infos Sociales<\/a><\/p>\n                                    <p class=\"edc-content\">Comme pr\u00e9vu par la loi de financement de la S\u00e9curit\u00e9 sociale pour 2024, on conna\u00eet d\u00e9sormais la liste des absences qui n\u2019interrompent plus l\u2019affiliation \u00e0 la caisse de retraite des clercs et...<\/p>                                <\/div>\n                                                                <div class=\"case-study-item weblex-article\">\n                                                                            <a href=\"https:\/\/www.altermes.fr\/en\/les-infos-du-jour\/airbags-takata-la-campagne-saccelere\/\">\n                                            <img decoding=\"async\" width=\"600\" height=\"400\" src=\"https:\/\/www.altermes.fr\/wp-content\/uploads\/2025\/09\/Shutterstock_airbagstakata.jpg\" class=\"attachment-custom-thumbnail size-custom-thumbnail wp-post-image\" alt=\"\" srcset=\"https:\/\/www.altermes.fr\/wp-content\/uploads\/2025\/09\/Shutterstock_airbagstakata.jpg 600w, https:\/\/www.altermes.fr\/wp-content\/uploads\/2025\/09\/Shutterstock_airbagstakata-480x320.jpg 480w\" sizes=\"(min-width: 0px) and (max-width: 480px) 480px, (min-width: 481px) 600px, 100vw\">                                        <\/a>\n                                                                        <a href=\"https:\/\/www.altermes.fr\/en\/les-infos-du-jour\/airbags-takata-la-campagne-saccelere\/\"><h3>Airbags Takata : la campagne s\u2019acc\u00e9l\u00e8re !<\/h3><\/a>\n                                    <p class=\"use-case-category\"><a href=\"https:\/\/www.altermes.fr\/en\/weblex-importer-categories\/actualites\/\" rel=\"tag\">Actualit\u00e9s<\/a>, <a href=\"https:\/\/www.altermes.fr\/en\/weblex-importer-categories\/le-coin-du-dirigeant\/\" rel=\"tag\">Le coin du dirigeant<\/a><\/p>\n                                    <p class=\"edc-content\">\u00c0 la suite des accidents graves, voire mortels, occasionn\u00e9s par les airbags Takata, les pouvoirs publics ont lanc\u00e9 une campagne d\u2019informations et de mesures afin que les conducteurs des v\u00e9hicule...<\/p>                                <\/div>\n                                                                <div class=\"case-study-item weblex-article\">\n                                                                            <a href=\"https:\/\/www.altermes.fr\/en\/les-infos-du-jour\/acheter-sa-residence-principale-un-avantage-fiscal-sous-conditions\/\">\n                                            <img decoding=\"async\" width=\"600\" height=\"400\" src=\"https:\/\/www.altermes.fr\/wp-content\/uploads\/2025\/09\/Shutterstock_achatresidence.jpg\" class=\"attachment-custom-thumbnail size-custom-thumbnail wp-post-image\" alt=\"\" srcset=\"https:\/\/www.altermes.fr\/wp-content\/uploads\/2025\/09\/Shutterstock_achatresidence.jpg 600w, https:\/\/www.altermes.fr\/wp-content\/uploads\/2025\/09\/Shutterstock_achatresidence-480x320.jpg 480w\" sizes=\"(min-width: 0px) and (max-width: 480px) 480px, (min-width: 481px) 600px, 100vw\">                                        <\/a>\n                                                                        <a href=\"https:\/\/www.altermes.fr\/en\/les-infos-du-jour\/acheter-sa-residence-principale-un-avantage-fiscal-sous-conditions\/\"><h3>Acheter sa r\u00e9sidence principale : un avantage fiscal sous conditions<\/h3><\/a>\n                                    <p class=\"use-case-category\"><a href=\"https:\/\/www.altermes.fr\/en\/weblex-importer-categories\/actualites\/\" rel=\"tag\">Actualit\u00e9s<\/a>, <a href=\"https:\/\/www.altermes.fr\/en\/weblex-importer-categories\/le-coin-du-dirigeant\/\" rel=\"tag\">Le coin du dirigeant<\/a><\/p>\n                                    <p class=\"edc-content\">La loi de finances pour 2025 a mis en place un dispositif de r\u00e9duction ou d\u2019exon\u00e9ration de droits de mutation \u00e0 titre on\u00e9reux (DMTO) lors de l\u2019achat d\u2019une premi\u00e8re propri\u00e9t\u00e9 \u00e0 la conditi...<\/p>                                <\/div>\n                                                                <div class=\"case-study-item weblex-article\">\n                                                                            <a href=\"https:\/\/www.altermes.fr\/en\/les-infos-du-jour\/teletravail-transfrontalier-des-precisions-de-lurssaf\/\">\n                                            <img decoding=\"async\" width=\"600\" height=\"400\" src=\"https:\/\/www.altermes.fr\/wp-content\/uploads\/2025\/09\/Shutterstock_teletravailtransfronalier.jpg\" class=\"attachment-custom-thumbnail size-custom-thumbnail wp-post-image\" alt=\"\" srcset=\"https:\/\/www.altermes.fr\/wp-content\/uploads\/2025\/09\/Shutterstock_teletravailtransfronalier.jpg 600w, https:\/\/www.altermes.fr\/wp-content\/uploads\/2025\/09\/Shutterstock_teletravailtransfronalier-480x320.jpg 480w\" sizes=\"(min-width: 0px) and (max-width: 480px) 480px, (min-width: 481px) 600px, 100vw\">                                        <\/a>\n                                                                        <a href=\"https:\/\/www.altermes.fr\/en\/les-infos-du-jour\/teletravail-transfrontalier-des-precisions-de-lurssaf\/\"><h3>T\u00e9l\u00e9travail transfrontalier : des pr\u00e9cisions de l\u2019Urssaf<\/h3><\/a>\n                                    <p class=\"use-case-category\"><a href=\"https:\/\/www.altermes.fr\/en\/weblex-importer-categories\/actualites\/\" rel=\"tag\">Actualit\u00e9s<\/a>, <a href=\"https:\/\/www.altermes.fr\/en\/weblex-importer-categories\/infos-sociales\/\" rel=\"tag\">Infos Sociales<\/a><\/p>\n                                    <p class=\"edc-content\">T\u00e9l\u00e9travail et fronti\u00e8res ne font pas toujours bon m\u00e9nage : quel statut social appliquer aux salari\u00e9s domicili\u00e9s en Belgique, en Espagne ou en Suisse ? Face \u00e0 ces questions, l\u2019Urssaf apporte ...<\/p>                                <\/div>\n                                                                <div class=\"case-study-item weblex-article\">\n                                                                            <a href=\"https:\/\/www.altermes.fr\/en\/les-infos-du-jour\/versement-mobilite-regional-et-rural-officialisation-des-modalites-de-mise-en-place\/\">\n                                            <img decoding=\"async\" width=\"600\" height=\"400\" src=\"https:\/\/www.altermes.fr\/wp-content\/uploads\/2025\/09\/Shutterstock_versementmobilitC3A9.jpg\" class=\"attachment-custom-thumbnail size-custom-thumbnail wp-post-image\" alt=\"\" srcset=\"https:\/\/www.altermes.fr\/wp-content\/uploads\/2025\/09\/Shutterstock_versementmobilitC3A9.jpg 600w, https:\/\/www.altermes.fr\/wp-content\/uploads\/2025\/09\/Shutterstock_versementmobilitC3A9-480x320.jpg 480w\" sizes=\"(min-width: 0px) and (max-width: 480px) 480px, (min-width: 481px) 600px, 100vw\">                                        <\/a>\n                                                                        <a href=\"https:\/\/www.altermes.fr\/en\/les-infos-du-jour\/versement-mobilite-regional-et-rural-officialisation-des-modalites-de-mise-en-place\/\"><h3>Versement mobilit\u00e9 r\u00e9gional et rural : officialisation des modalit\u00e9s de mise en place<\/h3><\/a>\n                                    <p class=\"use-case-category\"><a href=\"https:\/\/www.altermes.fr\/en\/weblex-importer-categories\/actualites\/\" rel=\"tag\">Actualit\u00e9s<\/a>, <a href=\"https:\/\/www.altermes.fr\/en\/weblex-importer-categories\/infos-sociales\/\" rel=\"tag\">Infos Sociales<\/a><\/p>\n                                    <p class=\"edc-content\">Le versement mobilit\u00e9 r\u00e9gional et rural (VMRR), institu\u00e9 par la loi de finances 2025, et dont les modalit\u00e9s d\u2019application avaient \u00e9t\u00e9 d\u00e9voil\u00e9es d\u00e8s le 9 juillet 2025 par l\u2019administration ...<\/p>                                <\/div>\n                                                                <div class=\"case-study-item weblex-article\">\n                                                                            <a href=\"https:\/\/www.altermes.fr\/en\/les-infos-du-jour\/aide-pour-le-raccordement-a-la-fibre-optique-la-liste-des-communes-eligible-est-modifiee\/\">\n                                            <img decoding=\"async\" width=\"600\" height=\"400\" src=\"https:\/\/www.altermes.fr\/wp-content\/uploads\/2025\/09\/Shutterstock_raccordementfibreoptique_0.jpg\" class=\"attachment-custom-thumbnail size-custom-thumbnail wp-post-image\" alt=\"\" srcset=\"https:\/\/www.altermes.fr\/wp-content\/uploads\/2025\/09\/Shutterstock_raccordementfibreoptique_0.jpg 600w, https:\/\/www.altermes.fr\/wp-content\/uploads\/2025\/09\/Shutterstock_raccordementfibreoptique_0-480x320.jpg 480w\" sizes=\"(min-width: 0px) and (max-width: 480px) 480px, (min-width: 481px) 600px, 100vw\">                                        <\/a>\n                                                                        <a href=\"https:\/\/www.altermes.fr\/en\/les-infos-du-jour\/aide-pour-le-raccordement-a-la-fibre-optique-la-liste-des-communes-eligible-est-modifiee\/\"><h3>Aide pour le raccordement \u00e0 la fibre optique : la liste des communes \u00e9ligible est modifi\u00e9e\u2026<\/h3><\/a>\n                                    <p class=\"use-case-category\"><a href=\"https:\/\/www.altermes.fr\/en\/weblex-importer-categories\/actualites\/\" rel=\"tag\">Actualit\u00e9s<\/a>, <a href=\"https:\/\/www.altermes.fr\/en\/weblex-importer-categories\/le-coin-du-dirigeant\/\" rel=\"tag\">Le coin du dirigeant<\/a><\/p>\n                                    <p class=\"edc-content\">Afin de poursuivre le d\u00e9ploiement de la fibre optique, le Gouvernement a mis en place, en cas de difficult\u00e9s de raccordement, une aide financi\u00e8re pour les travaux achev\u00e9s entre le 1er septembre 20...<\/p>                                <\/div>\n                                                                <div class=\"case-study-item weblex-article\">\n                                                                            <a href=\"https:\/\/www.altermes.fr\/en\/les-infos-du-jour\/open-data-des-decisions-de-justice-le-bout-du-tunnel\/\">\n                                            <img decoding=\"async\" width=\"600\" height=\"400\" src=\"https:\/\/www.altermes.fr\/wp-content\/uploads\/2025\/09\/Shutterstock_opendatajustice.jpg\" class=\"attachment-custom-thumbnail size-custom-thumbnail wp-post-image\" alt=\"\" srcset=\"https:\/\/www.altermes.fr\/wp-content\/uploads\/2025\/09\/Shutterstock_opendatajustice.jpg 600w, https:\/\/www.altermes.fr\/wp-content\/uploads\/2025\/09\/Shutterstock_opendatajustice-480x320.jpg 480w\" sizes=\"(min-width: 0px) and (max-width: 480px) 480px, (min-width: 481px) 600px, 100vw\">                                        <\/a>\n                                                                        <a href=\"https:\/\/www.altermes.fr\/en\/les-infos-du-jour\/open-data-des-decisions-de-justice-le-bout-du-tunnel\/\"><h3>Open data des d\u00e9cisions de justice : le bout du tunnel ?<\/h3><\/a>\n                                    <p class=\"use-case-category\"><a href=\"https:\/\/www.altermes.fr\/en\/weblex-importer-categories\/actualites\/\" rel=\"tag\">Actualit\u00e9s<\/a>, <a href=\"https:\/\/www.altermes.fr\/en\/weblex-importer-categories\/infos-juridiques\/\" rel=\"tag\">Infos juridiques<\/a><\/p>\n                                    <p class=\"edc-content\">En 2021, il avait \u00e9t\u00e9 d\u00e9cid\u00e9 d\u2019un calendrier pour permettre la mise \u00e0 la disposition progressive au grand public des d\u00e9cisions de justice. Ce d\u00e9ploiement de l\u2019open data a depuis connu plusi...<\/p>                                <\/div>\n                                                                <div class=\"case-study-item weblex-article\">\n                                                                            <a href=\"https:\/\/www.altermes.fr\/en\/les-infos-du-jour\/abonnements-tv-quel-taux-de-tva\/\">\n                                            <img decoding=\"async\" width=\"600\" height=\"400\" src=\"https:\/\/www.altermes.fr\/wp-content\/uploads\/2025\/09\/Shutterstock_abonnementservicestv.jpg\" class=\"attachment-custom-thumbnail size-custom-thumbnail wp-post-image\" alt=\"\" srcset=\"https:\/\/www.altermes.fr\/wp-content\/uploads\/2025\/09\/Shutterstock_abonnementservicestv.jpg 600w, https:\/\/www.altermes.fr\/wp-content\/uploads\/2025\/09\/Shutterstock_abonnementservicestv-480x320.jpg 480w\" sizes=\"(min-width: 0px) and (max-width: 480px) 480px, (min-width: 481px) 600px, 100vw\">                                        <\/a>\n                                                                        <a href=\"https:\/\/www.altermes.fr\/en\/les-infos-du-jour\/abonnements-tv-quel-taux-de-tva\/\"><h3>Abonnements TV : quel taux de TVA ?<\/h3><\/a>\n                                    <p class=\"use-case-category\"><a href=\"https:\/\/www.altermes.fr\/en\/weblex-importer-categories\/actualites\/\" rel=\"tag\">Actualit\u00e9s<\/a>, <a href=\"https:\/\/www.altermes.fr\/en\/weblex-importer-categories\/le-coin-du-dirigeant\/\" rel=\"tag\">Le coin du dirigeant<\/a><\/p>\n                                    <p class=\"edc-content\">Certains services de t\u00e9l\u00e9vision sont susceptibles de proposer des programmes diffus\u00e9s \u00e0 heure fixe, soumis aux taux de TVA de 10 % et des services de vid\u00e9o \u00e0 la demande, tax\u00e9s aux taux de TVA d...<\/p>                                <\/div>\n                                                                <div class=\"case-study-item weblex-article\">\n                                                                            <a href=\"https:\/\/www.altermes.fr\/en\/les-infos-du-jour\/taxis-et-vtc-precisions-sur-la-reservation\/\">\n                                            <img decoding=\"async\" width=\"600\" height=\"400\" src=\"https:\/\/www.altermes.fr\/wp-content\/uploads\/2025\/09\/Shutterstock_reservationtaxi.jpg\" class=\"attachment-custom-thumbnail size-custom-thumbnail wp-post-image\" alt=\"\" srcset=\"https:\/\/www.altermes.fr\/wp-content\/uploads\/2025\/09\/Shutterstock_reservationtaxi.jpg 600w, https:\/\/www.altermes.fr\/wp-content\/uploads\/2025\/09\/Shutterstock_reservationtaxi-480x320.jpg 480w\" sizes=\"(min-width: 0px) and (max-width: 480px) 480px, (min-width: 481px) 600px, 100vw\">                                        <\/a>\n                                                                        <a href=\"https:\/\/www.altermes.fr\/en\/les-infos-du-jour\/taxis-et-vtc-precisions-sur-la-reservation\/\"><h3>Taxis et VTC : pr\u00e9cisions sur la r\u00e9servation<\/h3><\/a>\n                                    <p class=\"use-case-category\"><a href=\"https:\/\/www.altermes.fr\/en\/weblex-importer-categories\/actualites\/\" rel=\"tag\">Actualit\u00e9s<\/a>, <a href=\"https:\/\/www.altermes.fr\/en\/weblex-importer-categories\/infos-juridiques\/\" rel=\"tag\">Infos juridiques<\/a><\/p>\n                                    <p class=\"edc-content\">Les professionnels exer\u00e7ant des activit\u00e9s de transport de personnes, que ce soit entre autres en taxi ou en v\u00e9hicule de transport avec chauffeur (VTC), sont soumis \u00e0 certaines restrictions de circ...<\/p>                                <\/div>\n                                                                <div class=\"case-study-item weblex-article\">\n                                                                            <a href=\"https:\/\/www.altermes.fr\/en\/les-infos-du-jour\/arret-maladie-et-conges-payes-un-report-demande\/\">\n                                            <img decoding=\"async\" width=\"600\" height=\"400\" src=\"https:\/\/www.altermes.fr\/wp-content\/uploads\/2025\/09\/Shutterstock_cparretmaladie.jpg\" class=\"attachment-custom-thumbnail size-custom-thumbnail wp-post-image\" alt=\"\" srcset=\"https:\/\/www.altermes.fr\/wp-content\/uploads\/2025\/09\/Shutterstock_cparretmaladie.jpg 600w, https:\/\/www.altermes.fr\/wp-content\/uploads\/2025\/09\/Shutterstock_cparretmaladie-480x320.jpg 480w\" sizes=\"(min-width: 0px) and (max-width: 480px) 480px, (min-width: 481px) 600px, 100vw\">                                        <\/a>\n                                                                        <a href=\"https:\/\/www.altermes.fr\/en\/les-infos-du-jour\/arret-maladie-et-conges-payes-un-report-demande\/\"><h3>Arr\u00eat maladie et cong\u00e9s pay\u00e9s : un report demand\u00e9 !<\/h3><\/a>\n                                    <p class=\"use-case-category\"><a href=\"https:\/\/www.altermes.fr\/en\/weblex-importer-categories\/actualites\/\" rel=\"tag\">Actualit\u00e9s<\/a>, <a href=\"https:\/\/www.altermes.fr\/en\/weblex-importer-categories\/infos-sociales\/\" rel=\"tag\">Infos Sociales<\/a><\/p>\n                                    <p class=\"edc-content\">Un salari\u00e9 qui tombe malade pendant ses cong\u00e9s pay\u00e9s a-t-il droit au report de ses cong\u00e9s pay\u00e9s ? C\u2019est une question \u00e0 laquelle la Commission europ\u00e9enne demande \u00e0 la France une r\u00e9ponse clai...<\/p>                                <\/div>\n                                                                <div class=\"case-study-item weblex-article\">\n                                                                            <a href=\"https:\/\/www.altermes.fr\/en\/les-infos-du-jour\/controle-technique-des-nouveautes-pour-plusieurs-types-de-vehicules\/\">\n                                            <img decoding=\"async\" width=\"600\" height=\"400\" src=\"https:\/\/www.altermes.fr\/wp-content\/uploads\/2025\/09\/Shutterstock_controleurtechnique.jpg\" class=\"attachment-custom-thumbnail size-custom-thumbnail wp-post-image\" alt=\"\" srcset=\"https:\/\/www.altermes.fr\/wp-content\/uploads\/2025\/09\/Shutterstock_controleurtechnique.jpg 600w, https:\/\/www.altermes.fr\/wp-content\/uploads\/2025\/09\/Shutterstock_controleurtechnique-480x320.jpg 480w\" sizes=\"(min-width: 0px) and (max-width: 480px) 480px, (min-width: 481px) 600px, 100vw\">                                        <\/a>\n                                                                        <a href=\"https:\/\/www.altermes.fr\/en\/les-infos-du-jour\/controle-technique-des-nouveautes-pour-plusieurs-types-de-vehicules\/\"><h3>Contr\u00f4le technique : des nouveaut\u00e9s pour plusieurs types de v\u00e9hicules<\/h3><\/a>\n                                    <p class=\"use-case-category\"><a href=\"https:\/\/www.altermes.fr\/en\/weblex-importer-categories\/actualites\/\" rel=\"tag\">Actualit\u00e9s<\/a>, <a href=\"https:\/\/www.altermes.fr\/en\/weblex-importer-categories\/infos-juridiques\/\" rel=\"tag\">Infos juridiques<\/a><\/p>\n                                    <p class=\"edc-content\">Les r\u00e8gles relatives aux contr\u00f4les techniques des v\u00e9hicules lourds, des v\u00e9hicules l\u00e9gers, ainsi que ceux \u00e0 2 ou \u00e0 3 roues viennent d\u2019\u00eatre actualis\u00e9es. Que faut-il savoir \u00e0 ce sujet ?Contr?...<\/p>                                <\/div>\n                                                                <div class=\"case-study-item weblex-article\">\n                                                                            <a href=\"https:\/\/www.altermes.fr\/en\/les-infos-du-jour\/diagnostics-structurels-des-batiments-dhabitation-collectifs-les-modalites-sont-connues\/\">\n                                            <img decoding=\"async\" width=\"600\" height=\"400\" src=\"https:\/\/www.altermes.fr\/wp-content\/uploads\/2025\/09\/Shutterstock_diagnosticsstructures.jpg\" class=\"attachment-custom-thumbnail size-custom-thumbnail wp-post-image\" alt=\"\" srcset=\"https:\/\/www.altermes.fr\/wp-content\/uploads\/2025\/09\/Shutterstock_diagnosticsstructures.jpg 600w, https:\/\/www.altermes.fr\/wp-content\/uploads\/2025\/09\/Shutterstock_diagnosticsstructures-480x320.jpg 480w\" sizes=\"(min-width: 0px) and (max-width: 480px) 480px, (min-width: 481px) 600px, 100vw\">                                        <\/a>\n                                                                        <a href=\"https:\/\/www.altermes.fr\/en\/les-infos-du-jour\/diagnostics-structurels-des-batiments-dhabitation-collectifs-les-modalites-sont-connues\/\"><h3>Diagnostics structurels des b\u00e2timents d\u2019habitation collectifs : les modalit\u00e9s sont connues<\/h3><\/a>\n                                    <p class=\"use-case-category\"><a href=\"https:\/\/www.altermes.fr\/en\/weblex-importer-categories\/actualites\/\" rel=\"tag\">Actualit\u00e9s<\/a>, <a href=\"https:\/\/www.altermes.fr\/en\/weblex-importer-categories\/infos-juridiques\/\" rel=\"tag\">Infos juridiques<\/a><\/p>\n                                    <p class=\"edc-content\">Afin de tirer les le\u00e7ons des effondrements d\u2019immeubles survenus ces derni\u00e8res ann\u00e9es, l\u2019\u00c9tat a mis en place le \u00ab diagnostic structurel des b\u00e2timents d\u2019habitats collectifs \u00bb qui permet un ...<\/p>                                <\/div>\n                                                                <div class=\"case-study-item weblex-article\">\n                                                                            <a href=\"https:\/\/www.altermes.fr\/en\/les-infos-du-jour\/remises-ristournes-et-avantages-des-pharmacies-une-visibilite-jusquau-1%e1%b5%89%ca%b3-janvier-2028\/\">\n                                            <img decoding=\"async\" width=\"600\" height=\"400\" src=\"https:\/\/www.altermes.fr\/wp-content\/uploads\/2025\/09\/Shutterstock_plafondsristournes.jpg\" class=\"attachment-custom-thumbnail size-custom-thumbnail wp-post-image\" alt=\"\" srcset=\"https:\/\/www.altermes.fr\/wp-content\/uploads\/2025\/09\/Shutterstock_plafondsristournes.jpg 600w, https:\/\/www.altermes.fr\/wp-content\/uploads\/2025\/09\/Shutterstock_plafondsristournes-480x320.jpg 480w\" sizes=\"(min-width: 0px) and (max-width: 480px) 480px, (min-width: 481px) 600px, 100vw\">                                        <\/a>\n                                                                        <a href=\"https:\/\/www.altermes.fr\/en\/les-infos-du-jour\/remises-ristournes-et-avantages-des-pharmacies-une-visibilite-jusquau-1%e1%b5%89%ca%b3-janvier-2028\/\"><h3>Remises, ristournes et avantages des pharmacies : une visibilit\u00e9 jusqu\u2019au 1\u1d49\u02b3 janvier 2028<\/h3><\/a>\n                                    <p class=\"use-case-category\"><a href=\"https:\/\/www.altermes.fr\/en\/weblex-importer-categories\/actualites\/\" rel=\"tag\">Actualit\u00e9s<\/a>, <a href=\"https:\/\/www.altermes.fr\/en\/weblex-importer-categories\/infos-juridiques\/\" rel=\"tag\">Infos juridiques<\/a><\/p>\n                                    <p class=\"edc-content\">Pour rappel, il est possible pour les fournisseurs de produits pharmaceutiques de consentir des remises, des ristournes et des avantages commerciaux aux pharmacies d\u2019officine. Cette facult\u00e9 est tou...<\/p>                                <\/div>\n                                                                <div class=\"case-study-item weblex-article\">\n                                                                            <a href=\"https:\/\/www.altermes.fr\/en\/les-infos-du-jour\/avis-de-mise-en-recouvrement-des-mentions-toujours-obligatoires\/\">\n                                            <img decoding=\"async\" width=\"600\" height=\"400\" src=\"https:\/\/www.altermes.fr\/wp-content\/uploads\/2025\/09\/Shutterstock_AMRmentionsobligatoires.jpg\" class=\"attachment-custom-thumbnail size-custom-thumbnail wp-post-image\" alt=\"\" srcset=\"https:\/\/www.altermes.fr\/wp-content\/uploads\/2025\/09\/Shutterstock_AMRmentionsobligatoires.jpg 600w, https:\/\/www.altermes.fr\/wp-content\/uploads\/2025\/09\/Shutterstock_AMRmentionsobligatoires-480x320.jpg 480w\" sizes=\"(min-width: 0px) and (max-width: 480px) 480px, (min-width: 481px) 600px, 100vw\">                                        <\/a>\n                                                                        <a href=\"https:\/\/www.altermes.fr\/en\/les-infos-du-jour\/avis-de-mise-en-recouvrement-des-mentions-toujours-obligatoires\/\"><h3>Avis de mise en recouvrement : des mentions toujours obligatoires ?<\/h3><\/a>\n                                    <p class=\"use-case-category\"><a href=\"https:\/\/www.altermes.fr\/en\/weblex-importer-categories\/actualites\/\" rel=\"tag\">Actualit\u00e9s<\/a>, <a href=\"https:\/\/www.altermes.fr\/en\/weblex-importer-categories\/le-coin-du-dirigeant\/\" rel=\"tag\">Le coin du dirigeant<\/a><\/p>\n                                    <p class=\"edc-content\">Pour ne pas conduire \u00e0 l\u2019irr\u00e9gularit\u00e9 de la proc\u00e9dure fiscale, l\u2019avis de mise en recouvrement doit respecter des conditions de fond, mais aussi des conditions de forme selon des modalit\u00e9s qui...<\/p>                                <\/div>\n                                                                <div class=\"case-study-item weblex-article\">\n                                                                            <a href=\"https:\/\/www.altermes.fr\/en\/les-infos-du-jour\/cheque-energie-quelques-nouveautes-pour-la-campagne-2025\/\">\n                                            <img decoding=\"async\" width=\"600\" height=\"400\" src=\"https:\/\/www.altermes.fr\/wp-content\/uploads\/2025\/09\/Shutterstock_chequeernergie.jpg\" class=\"attachment-custom-thumbnail size-custom-thumbnail wp-post-image\" alt=\"\" srcset=\"https:\/\/www.altermes.fr\/wp-content\/uploads\/2025\/09\/Shutterstock_chequeernergie.jpg 600w, https:\/\/www.altermes.fr\/wp-content\/uploads\/2025\/09\/Shutterstock_chequeernergie-480x320.jpg 480w\" sizes=\"(min-width: 0px) and (max-width: 480px) 480px, (min-width: 481px) 600px, 100vw\">                                        <\/a>\n                                                                        <a href=\"https:\/\/www.altermes.fr\/en\/les-infos-du-jour\/cheque-energie-quelques-nouveautes-pour-la-campagne-2025\/\"><h3>Ch\u00e8que \u00e9nergie : quelques nouveaut\u00e9s pour la campagne 2025<\/h3><\/a>\n                                    <p class=\"use-case-category\"><a href=\"https:\/\/www.altermes.fr\/en\/weblex-importer-categories\/actualites\/\" rel=\"tag\">Actualit\u00e9s<\/a>, <a href=\"https:\/\/www.altermes.fr\/en\/weblex-importer-categories\/le-coin-du-dirigeant\/\" rel=\"tag\">Le coin du dirigeant<\/a><\/p>\n                                    <p class=\"edc-content\">Le ch\u00e8que \u00e9nergie est une aide d\u2019\u00c9tat forfaitaire \u00e0 destination des m\u00e9nages respectant certaines conditions de revenus pour le paiement des d\u00e9penses \u00e9nerg\u00e9tiques de leur logement. Sans reven...<\/p>                                <\/div>\n                                                                <div class=\"case-study-item weblex-article\">\n                                                                            <a href=\"https:\/\/www.altermes.fr\/en\/les-infos-du-jour\/structures-demontables-et-provisoires-des-precisions-enfin-faites\/\">\n                                            <img decoding=\"async\" width=\"600\" height=\"400\" src=\"https:\/\/www.altermes.fr\/wp-content\/uploads\/2025\/09\/Shutterstock_structuresdemontables.jpg\" class=\"attachment-custom-thumbnail size-custom-thumbnail wp-post-image\" alt=\"\" srcset=\"https:\/\/www.altermes.fr\/wp-content\/uploads\/2025\/09\/Shutterstock_structuresdemontables.jpg 600w, https:\/\/www.altermes.fr\/wp-content\/uploads\/2025\/09\/Shutterstock_structuresdemontables-480x320.jpg 480w\" sizes=\"(min-width: 0px) and (max-width: 480px) 480px, (min-width: 481px) 600px, 100vw\">                                        <\/a>\n                                                                        <a href=\"https:\/\/www.altermes.fr\/en\/les-infos-du-jour\/structures-demontables-et-provisoires-des-precisions-enfin-faites\/\"><h3>Structures d\u00e9montables et provisoires : des pr\u00e9cisions enfin faites<\/h3><\/a>\n                                    <p class=\"use-case-category\"><a href=\"https:\/\/www.altermes.fr\/en\/weblex-importer-categories\/actualites\/\" rel=\"tag\">Actualit\u00e9s<\/a>, <a href=\"https:\/\/www.altermes.fr\/en\/weblex-importer-categories\/infos-juridiques\/\" rel=\"tag\">Infos juridiques<\/a><\/p>\n                                    <p class=\"edc-content\">La r\u00e9glementation relative aux \u00ab structures provisoires et d\u00e9montables \u00bb indiquait de fa\u00e7on floue qu\u2019elles devaient garantir la s\u00e9curit\u00e9 de leurs utilisateurs et des personnes alentour pendan...<\/p>                                <\/div>\n                                                                <div class=\"case-study-item weblex-article\">\n                                                                            <a href=\"https:\/\/www.altermes.fr\/en\/les-infos-du-jour\/credits-dimpots-recherche-innovation-et-collection-quelques-dates-a-retenir\/\">\n                                            <img decoding=\"async\" width=\"600\" height=\"400\" src=\"https:\/\/www.altermes.fr\/wp-content\/uploads\/2025\/09\/Shutterstock_circiccii.jpg\" class=\"attachment-custom-thumbnail size-custom-thumbnail wp-post-image\" alt=\"\" srcset=\"https:\/\/www.altermes.fr\/wp-content\/uploads\/2025\/09\/Shutterstock_circiccii.jpg 600w, https:\/\/www.altermes.fr\/wp-content\/uploads\/2025\/09\/Shutterstock_circiccii-480x320.jpg 480w\" sizes=\"(min-width: 0px) and (max-width: 480px) 480px, (min-width: 481px) 600px, 100vw\">                                        <\/a>\n                                                                        <a href=\"https:\/\/www.altermes.fr\/en\/les-infos-du-jour\/credits-dimpots-recherche-innovation-et-collection-quelques-dates-a-retenir\/\"><h3>Cr\u00e9dits d\u2019imp\u00f4ts recherche, innovation et collection : quelques dates \u00e0 retenir !<\/h3><\/a>\n                                    <p class=\"use-case-category\"><a href=\"https:\/\/www.altermes.fr\/en\/weblex-importer-categories\/actualites\/\" rel=\"tag\">Actualit\u00e9s<\/a>, <a href=\"https:\/\/www.altermes.fr\/en\/weblex-importer-categories\/infos-fiscales\/\" rel=\"tag\">Infos Fiscales<\/a><\/p>\n                                    <p class=\"edc-content\">La loi de finances pour 2025 a apport\u00e9 son lot d\u2019am\u00e9nagements concernant le cr\u00e9dit d\u2019imp\u00f4t recherche, le cr\u00e9dit d\u2019imp\u00f4t collection et le cr\u00e9dit d\u2019imp\u00f4t innovation. Mais ces nouveaut\u00e9s...<\/p>                                <\/div>\n                                                                <div class=\"case-study-item weblex-article\">\n                                                                            <a href=\"https:\/\/www.altermes.fr\/en\/les-infos-du-jour\/stockage-dans-les-boxes-de-stationnement-fin-de-lexperimentation\/\">\n                                            <img decoding=\"async\" width=\"600\" height=\"400\" src=\"https:\/\/www.altermes.fr\/wp-content\/uploads\/2025\/09\/Shutterstock_stockageboxes.jpg\" class=\"attachment-custom-thumbnail size-custom-thumbnail wp-post-image\" alt=\"\" srcset=\"https:\/\/www.altermes.fr\/wp-content\/uploads\/2025\/09\/Shutterstock_stockageboxes.jpg 600w, https:\/\/www.altermes.fr\/wp-content\/uploads\/2025\/09\/Shutterstock_stockageboxes-480x320.jpg 480w\" sizes=\"(min-width: 0px) and (max-width: 480px) 480px, (min-width: 481px) 600px, 100vw\">                                        <\/a>\n                                                                        <a href=\"https:\/\/www.altermes.fr\/en\/les-infos-du-jour\/stockage-dans-les-boxes-de-stationnement-fin-de-lexperimentation\/\"><h3>Stockage dans les boxes de stationnement : fin de l\u2019exp\u00e9rimentation ?<\/h3><\/a>\n                                    <p class=\"use-case-category\"><a href=\"https:\/\/www.altermes.fr\/en\/weblex-importer-categories\/actualites\/\" rel=\"tag\">Actualit\u00e9s<\/a>, <a href=\"https:\/\/www.altermes.fr\/en\/weblex-importer-categories\/infos-juridiques\/\" rel=\"tag\">Infos juridiques<\/a><\/p>\n                                    <p class=\"edc-content\">Afin de limiter les risques d\u2019incendies, le stockage de biens, autres que des v\u00e9hicules, dans des boxes se trouvant dans des b\u00e2timents d\u2019habitation collectifs est interdit. Cependant, une exp\u00e9r...<\/p>                                <\/div>\n                                                                <div class=\"case-study-item weblex-article\">\n                                                                            <a href=\"https:\/\/www.altermes.fr\/en\/les-infos-du-jour\/prets-entre-organismes-sans-but-lucratif-le-dispositif-est-operationnel\/\">\n                                            <img decoding=\"async\" width=\"600\" height=\"400\" src=\"https:\/\/www.altermes.fr\/wp-content\/uploads\/2025\/09\/Shutterstock_pretentreorganismes.jpg\" class=\"attachment-custom-thumbnail size-custom-thumbnail wp-post-image\" alt=\"\" srcset=\"https:\/\/www.altermes.fr\/wp-content\/uploads\/2025\/09\/Shutterstock_pretentreorganismes.jpg 600w, https:\/\/www.altermes.fr\/wp-content\/uploads\/2025\/09\/Shutterstock_pretentreorganismes-480x320.jpg 480w\" sizes=\"(min-width: 0px) and (max-width: 480px) 480px, (min-width: 481px) 600px, 100vw\">                                        <\/a>\n                                                                        <a href=\"https:\/\/www.altermes.fr\/en\/les-infos-du-jour\/prets-entre-organismes-sans-but-lucratif-le-dispositif-est-operationnel\/\"><h3>Pr\u00eats entre organismes sans but lucratif : le dispositif est op\u00e9rationnel !<\/h3><\/a>\n                                    <p class=\"use-case-category\"><a href=\"https:\/\/www.altermes.fr\/en\/weblex-importer-categories\/actualites\/\" rel=\"tag\">Actualit\u00e9s<\/a>, <a href=\"https:\/\/www.altermes.fr\/en\/weblex-importer-categories\/infos-juridiques\/\" rel=\"tag\">Infos juridiques<\/a><\/p>\n                                    <p class=\"edc-content\">Pour rappel, la loi du 15 avril 2024 visant \u00e0 soutenir l\u2019engagement b\u00e9n\u00e9vole et \u00e0 simplifier la vie associative a ouvert la possibilit\u00e9 aux organismes sans but lucratif de se consentir mutuelle...<\/p>                                <\/div>\n                                                                <div class=\"case-study-item weblex-article\">\n                                                                            <a href=\"https:\/\/www.altermes.fr\/en\/les-infos-du-jour\/secteur-viticole-quelques-nouveautes-a-connaitre\/\">\n                                            <img decoding=\"async\" width=\"600\" height=\"400\" src=\"https:\/\/www.altermes.fr\/wp-content\/uploads\/2025\/09\/Shutterstock_actuviticole.jpg\" class=\"attachment-custom-thumbnail size-custom-thumbnail wp-post-image\" alt=\"\" srcset=\"https:\/\/www.altermes.fr\/wp-content\/uploads\/2025\/09\/Shutterstock_actuviticole.jpg 600w, https:\/\/www.altermes.fr\/wp-content\/uploads\/2025\/09\/Shutterstock_actuviticole-480x320.jpg 480w\" sizes=\"(min-width: 0px) and (max-width: 480px) 480px, (min-width: 481px) 600px, 100vw\">                                        <\/a>\n                                                                        <a href=\"https:\/\/www.altermes.fr\/en\/les-infos-du-jour\/secteur-viticole-quelques-nouveautes-a-connaitre\/\"><h3>Secteur viticole : quelques nouveaut\u00e9s \u00e0 conna\u00eetre<\/h3><\/a>\n                                    <p class=\"use-case-category\"><a href=\"https:\/\/www.altermes.fr\/en\/weblex-importer-categories\/actualites\/\" rel=\"tag\">Actualit\u00e9s<\/a>, <a href=\"https:\/\/www.altermes.fr\/en\/weblex-importer-categories\/infos-juridiques\/\" rel=\"tag\">Infos juridiques<\/a><\/p>\n                                    <p class=\"edc-content\">Les professionnels du secteur viticole, comme tous ceux du monde agricole, sont soumis \u00e0 de nombreuses r\u00e9gulations au niveau europ\u00e9en et national. Quelques assouplissements viennent d\u2019\u00eatre propo...<\/p>                                <\/div>\n                                                                <div class=\"case-study-item weblex-article\">\n                                                                            <a href=\"https:\/\/www.altermes.fr\/en\/les-infos-du-jour\/nouvelles-mesures-fiscales-en-faveur-du-secteur-agricole-cest-deja-parti\/\">\n                                            <img decoding=\"async\" width=\"600\" height=\"400\" src=\"https:\/\/www.altermes.fr\/wp-content\/uploads\/2025\/09\/Shutterstock_entreevigueursagriculture.jpg\" class=\"attachment-custom-thumbnail size-custom-thumbnail wp-post-image\" alt=\"\" srcset=\"https:\/\/www.altermes.fr\/wp-content\/uploads\/2025\/09\/Shutterstock_entreevigueursagriculture.jpg 600w, https:\/\/www.altermes.fr\/wp-content\/uploads\/2025\/09\/Shutterstock_entreevigueursagriculture-480x320.jpg 480w\" sizes=\"(min-width: 0px) and (max-width: 480px) 480px, (min-width: 481px) 600px, 100vw\">                                        <\/a>\n                                                                        <a href=\"https:\/\/www.altermes.fr\/en\/les-infos-du-jour\/nouvelles-mesures-fiscales-en-faveur-du-secteur-agricole-cest-deja-parti\/\"><h3>Nouvelles mesures fiscales en faveur du secteur agricole : c\u2019est d\u00e9j\u00e0 parti ?<\/h3><\/a>\n                                    <p class=\"use-case-category\"><a href=\"https:\/\/www.altermes.fr\/en\/weblex-importer-categories\/actualites\/\" rel=\"tag\">Actualit\u00e9s<\/a>, <a href=\"https:\/\/www.altermes.fr\/en\/weblex-importer-categories\/infos-fiscales\/\" rel=\"tag\">Infos Fiscales<\/a><\/p>\n                                    <p class=\"edc-content\">La loi de finances pour 2025 a am\u00e9nag\u00e9 le dispositif de d\u00e9duction fiscale pour \u00e9pargne de pr\u00e9caution et des provisions pour augmentation de la valeur des stocks de vaches laiti\u00e8res et de vaches ...<\/p>                                <\/div>\n                                                                <div class=\"case-study-item weblex-article\">\n                                                                            <a href=\"https:\/\/www.altermes.fr\/en\/les-infos-du-jour\/taxe-fonciere-sur-les-terres-agricoles-une-exoneration-deja-en-hausse\/\">\n                                            <img decoding=\"async\" width=\"600\" height=\"400\" src=\"https:\/\/www.altermes.fr\/wp-content\/uploads\/2025\/09\/Shutterstock_terresagricolestaxefonciere.jpg\" class=\"attachment-custom-thumbnail size-custom-thumbnail wp-post-image\" alt=\"\" srcset=\"https:\/\/www.altermes.fr\/wp-content\/uploads\/2025\/09\/Shutterstock_terresagricolestaxefonciere.jpg 600w, https:\/\/www.altermes.fr\/wp-content\/uploads\/2025\/09\/Shutterstock_terresagricolestaxefonciere-480x320.jpg 480w\" sizes=\"(min-width: 0px) and (max-width: 480px) 480px, (min-width: 481px) 600px, 100vw\">                                        <\/a>\n                                                                        <a href=\"https:\/\/www.altermes.fr\/en\/les-infos-du-jour\/taxe-fonciere-sur-les-terres-agricoles-une-exoneration-deja-en-hausse\/\"><h3>Taxe fonci\u00e8re sur les terres agricoles : une exon\u00e9ration d\u00e9j\u00e0 en hausse ?<\/h3><\/a>\n                                    <p class=\"use-case-category\"><a href=\"https:\/\/www.altermes.fr\/en\/weblex-importer-categories\/actualites\/\" rel=\"tag\">Actualit\u00e9s<\/a>, <a href=\"https:\/\/www.altermes.fr\/en\/weblex-importer-categories\/infos-fiscales\/\" rel=\"tag\">Infos Fiscales<\/a><\/p>\n                                    <p class=\"edc-content\">La loi de finances pour 2025 a augment\u00e9 le taux d\u2019exon\u00e9ration de la taxe fonci\u00e8re sur les propri\u00e9t\u00e9s non b\u00e2ties en faveur des terres agricoles et le montant de la r\u00e9trocession aux preneurs de...<\/p>                                <\/div>\n                                                                <div class=\"case-study-item weblex-article\">\n                                                                            <a href=\"https:\/\/www.altermes.fr\/en\/les-infos-du-jour\/depistage-neonatal-3-nouvelles-pathologies-depistees\/\">\n                                            <img decoding=\"async\" width=\"600\" height=\"400\" src=\"https:\/\/www.altermes.fr\/wp-content\/uploads\/2025\/09\/Shutterstock_depisatgeneonatal.jpg\" class=\"attachment-custom-thumbnail size-custom-thumbnail wp-post-image\" alt=\"\" srcset=\"https:\/\/www.altermes.fr\/wp-content\/uploads\/2025\/09\/Shutterstock_depisatgeneonatal.jpg 600w, https:\/\/www.altermes.fr\/wp-content\/uploads\/2025\/09\/Shutterstock_depisatgeneonatal-480x320.jpg 480w\" sizes=\"(min-width: 0px) and (max-width: 480px) 480px, (min-width: 481px) 600px, 100vw\">                                        <\/a>\n                                                                        <a href=\"https:\/\/www.altermes.fr\/en\/les-infos-du-jour\/depistage-neonatal-3-nouvelles-pathologies-depistees\/\"><h3>D\u00e9pistage n\u00e9onatal : 3 nouvelles pathologies d\u00e9pist\u00e9es !<\/h3><\/a>\n                                    <p class=\"use-case-category\"><a href=\"https:\/\/www.altermes.fr\/en\/weblex-importer-categories\/actualites\/\" rel=\"tag\">Actualit\u00e9s<\/a>, <a href=\"https:\/\/www.altermes.fr\/en\/weblex-importer-categories\/infos-juridiques\/\" rel=\"tag\">Infos juridiques<\/a><\/p>\n                                    <p class=\"edc-content\">1972 : c\u2019est la date \u00e0 laquelle a \u00e9t\u00e9 mis en place le d\u00e9pistage n\u00e9onatal. Depuis, ce dernier n\u2019a cess\u00e9 d\u2019\u00eatre am\u00e9lior\u00e9 et \u00e9tendu. Dans cette continuit\u00e9, la liste des pathologies d\u00e9pi...<\/p>                                <\/div>\n                                                                <div class=\"case-study-item weblex-article\">\n                                                                            <a href=\"https:\/\/www.altermes.fr\/en\/les-infos-du-jour\/soutien-forfaitaire-aux-buralistes-evolution-du-dispositif\/\">\n                                            <img decoding=\"async\" width=\"600\" height=\"400\" src=\"https:\/\/www.altermes.fr\/wp-content\/uploads\/2025\/09\/Shutterstock_aideforfaitairetabac.jpg\" class=\"attachment-custom-thumbnail size-custom-thumbnail wp-post-image\" alt=\"\" srcset=\"https:\/\/www.altermes.fr\/wp-content\/uploads\/2025\/09\/Shutterstock_aideforfaitairetabac.jpg 600w, https:\/\/www.altermes.fr\/wp-content\/uploads\/2025\/09\/Shutterstock_aideforfaitairetabac-480x320.jpg 480w\" sizes=\"(min-width: 0px) and (max-width: 480px) 480px, (min-width: 481px) 600px, 100vw\">                                        <\/a>\n                                                                        <a href=\"https:\/\/www.altermes.fr\/en\/les-infos-du-jour\/soutien-forfaitaire-aux-buralistes-evolution-du-dispositif\/\"><h3>Soutien forfaitaire aux buralistes : \u00e9volution du dispositif<\/h3><\/a>\n                                    <p class=\"use-case-category\"><a href=\"https:\/\/www.altermes.fr\/en\/weblex-importer-categories\/actualites\/\" rel=\"tag\">Actualit\u00e9s<\/a>, <a href=\"https:\/\/www.altermes.fr\/en\/weblex-importer-categories\/infos-juridiques\/\" rel=\"tag\">Infos juridiques<\/a><\/p>\n                                    <p class=\"edc-content\">Cr\u00e9\u00e9 en 2023, le dispositif de soutien forfaitaire aux buralistes vise \u00e0 apporter un soutien financier aux d\u00e9bitants de tabacs dont l\u2019activit\u00e9 est plus faible. Le dispositif connait une r\u00e9cent...<\/p>                                <\/div>\n                                                                <div class=\"case-study-item weblex-article\">\n                                                                            <a href=\"https:\/\/www.altermes.fr\/en\/les-infos-du-jour\/accise-sur-les-energies-quels-tarifs-en-2025\/\">\n                                            <img decoding=\"async\" width=\"600\" height=\"400\" src=\"https:\/\/www.altermes.fr\/wp-content\/uploads\/2025\/09\/Shutterstock-accisesurenergie.jpg\" class=\"attachment-custom-thumbnail size-custom-thumbnail wp-post-image\" alt=\"\" srcset=\"https:\/\/www.altermes.fr\/wp-content\/uploads\/2025\/09\/Shutterstock-accisesurenergie.jpg 600w, https:\/\/www.altermes.fr\/wp-content\/uploads\/2025\/09\/Shutterstock-accisesurenergie-480x320.jpg 480w\" sizes=\"(min-width: 0px) and (max-width: 480px) 480px, (min-width: 481px) 600px, 100vw\">                                        <\/a>\n                                                                        <a href=\"https:\/\/www.altermes.fr\/en\/les-infos-du-jour\/accise-sur-les-energies-quels-tarifs-en-2025\/\"><h3>Accise sur les \u00e9nergies : quels tarifs en 2025 ?<\/h3><\/a>\n                                    <p class=\"use-case-category\"><a href=\"https:\/\/www.altermes.fr\/en\/weblex-importer-categories\/actualites\/\" rel=\"tag\">Actualit\u00e9s<\/a>, <a href=\"https:\/\/www.altermes.fr\/en\/weblex-importer-categories\/infos-fiscales\/\" rel=\"tag\">Infos Fiscales<\/a><\/p>\n                                    <p class=\"edc-content\">L\u2019adoption de la loi de finances pour 2025 et la fin du \u00ab bouclier tarifaire \u00bb sur l\u2019\u00e9lectricit\u00e9 ont conduit \u00e0 une \u00e9volution des tarifs normaux d\u2019accise sur l\u2019\u00e9lectricit\u00e9, les gaz natu...<\/p>                                <\/div>\n                                                                <div class=\"case-study-item weblex-article\">\n                                                                            <a href=\"https:\/\/www.altermes.fr\/en\/les-infos-du-jour\/loi-duplomb-ce-quelle-change-pour-les-agriculteurs\/\">\n                                            <img decoding=\"async\" width=\"600\" height=\"400\" src=\"https:\/\/www.altermes.fr\/wp-content\/uploads\/2025\/09\/Shutterstock_loiduplomb.jpg\" class=\"attachment-custom-thumbnail size-custom-thumbnail wp-post-image\" alt=\"\" srcset=\"https:\/\/www.altermes.fr\/wp-content\/uploads\/2025\/09\/Shutterstock_loiduplomb.jpg 600w, https:\/\/www.altermes.fr\/wp-content\/uploads\/2025\/09\/Shutterstock_loiduplomb-480x320.jpg 480w\" sizes=\"(min-width: 0px) and (max-width: 480px) 480px, (min-width: 481px) 600px, 100vw\">                                        <\/a>\n                                                                        <a href=\"https:\/\/www.altermes.fr\/en\/les-infos-du-jour\/loi-duplomb-ce-quelle-change-pour-les-agriculteurs\/\"><h3>Loi Duplomb : ce qu\u2019elle change pour les agriculteurs<\/h3><\/a>\n                                    <p class=\"use-case-category\"><a href=\"https:\/\/www.altermes.fr\/en\/weblex-importer-categories\/actualites\/\" rel=\"tag\">Actualit\u00e9s<\/a>, <a href=\"https:\/\/www.altermes.fr\/en\/weblex-importer-categories\/infos-juridiques\/\" rel=\"tag\">Infos juridiques<\/a><\/p>\n                                    <p class=\"edc-content\">La loi visant \u00e0 lever les contraintes \u00e0 l\u2019exercice du m\u00e9tier d\u2019agriculteur, \u00e9galement appel\u00e9e \u00ab loi Duplomb \u00bb, a largement secou\u00e9 l\u2019actualit\u00e9 avant, pendant et apr\u00e8s son adoption. Aujo...<\/p>                                <\/div>\n                                                                <div class=\"case-study-item weblex-article\">\n                                                                            <a href=\"https:\/\/www.altermes.fr\/en\/les-infos-du-jour\/modele-de-bulletin-de-salaire-bientot-obligatoire\/\">\n                                            <img decoding=\"async\" width=\"600\" height=\"400\" src=\"https:\/\/www.altermes.fr\/wp-content\/uploads\/2025\/09\/Shutterstock_modelebulletinpaie.jpg\" class=\"attachment-custom-thumbnail size-custom-thumbnail wp-post-image\" alt=\"\" srcset=\"https:\/\/www.altermes.fr\/wp-content\/uploads\/2025\/09\/Shutterstock_modelebulletinpaie.jpg 600w, https:\/\/www.altermes.fr\/wp-content\/uploads\/2025\/09\/Shutterstock_modelebulletinpaie-480x320.jpg 480w\" sizes=\"(min-width: 0px) and (max-width: 480px) 480px, (min-width: 481px) 600px, 100vw\">                                        <\/a>\n                                                                        <a href=\"https:\/\/www.altermes.fr\/en\/les-infos-du-jour\/modele-de-bulletin-de-salaire-bientot-obligatoire\/\"><h3>Mod\u00e8le de bulletin de salaire : bient\u00f4t obligatoire ?<\/h3><\/a>\n                                    <p class=\"use-case-category\"><a href=\"https:\/\/www.altermes.fr\/en\/weblex-importer-categories\/actualites\/\" rel=\"tag\">Actualit\u00e9s<\/a>, <a href=\"https:\/\/www.altermes.fr\/en\/weblex-importer-categories\/infos-sociales\/\" rel=\"tag\">Infos Sociales<\/a><\/p>\n                                    <p class=\"edc-content\">Dans le cadre de l\u2019introduction du montant net social, il avait \u00e9t\u00e9 pr\u00e9vu un mod\u00e8le de bulletin de salaire r\u00e9am\u00e9nag\u00e9 et dont l\u2019\u00e9mission \u00e9tait cens\u00e9e devenir obligatoire \u00e0 compter de 202...<\/p>                                <\/div>\n                                                                <div class=\"case-study-item weblex-article\">\n                                                                            <a href=\"https:\/\/www.altermes.fr\/en\/les-infos-du-jour\/temps-partiel-therapeutique-maintien-de-lattestation-de-salaire\/\">\n                                            <img decoding=\"async\" width=\"600\" height=\"400\" src=\"https:\/\/www.altermes.fr\/wp-content\/uploads\/2025\/09\/Shutterstock_tempspartieltherapeutique.jpg\" class=\"attachment-custom-thumbnail size-custom-thumbnail wp-post-image\" alt=\"\" srcset=\"https:\/\/www.altermes.fr\/wp-content\/uploads\/2025\/09\/Shutterstock_tempspartieltherapeutique.jpg 600w, https:\/\/www.altermes.fr\/wp-content\/uploads\/2025\/09\/Shutterstock_tempspartieltherapeutique-480x320.jpg 480w\" sizes=\"(min-width: 0px) and (max-width: 480px) 480px, (min-width: 481px) 600px, 100vw\">                                        <\/a>\n                                                                        <a href=\"https:\/\/www.altermes.fr\/en\/les-infos-du-jour\/temps-partiel-therapeutique-maintien-de-lattestation-de-salaire\/\"><h3>Temps partiel th\u00e9rapeutique : maintien de l\u2019attestation de salaire ?<\/h3><\/a>\n                                    <p class=\"use-case-category\"><a href=\"https:\/\/www.altermes.fr\/en\/weblex-importer-categories\/actualites\/\" rel=\"tag\">Actualit\u00e9s<\/a>, <a href=\"https:\/\/www.altermes.fr\/en\/weblex-importer-categories\/infos-sociales\/\" rel=\"tag\">Infos Sociales<\/a><\/p>\n                                    <p class=\"edc-content\">Depuis 2023, la d\u00e9claration sociale nominative (DSN) s\u2019est enrichie d\u2019un nouveau bloc \u00ab temps partiel th\u00e9rapeutique \u00bb, cens\u00e9 faciliter les d\u00e9marches de l\u2019employeur, en rempla\u00e7ant notammen...<\/p>                                <\/div>\n                                                                <div class=\"case-study-item weblex-article\">\n                                                                            <a href=\"https:\/\/www.altermes.fr\/en\/les-infos-du-jour\/intemperies-et-incendie-lurssaf-active-des-mesures-durgence\/\">\n                                            <img decoding=\"async\" width=\"600\" height=\"400\" src=\"https:\/\/www.altermes.fr\/wp-content\/uploads\/2025\/09\/Shutterstock_urssaffmesureurgence_0.jpg\" class=\"attachment-custom-thumbnail size-custom-thumbnail wp-post-image\" alt=\"\" srcset=\"https:\/\/www.altermes.fr\/wp-content\/uploads\/2025\/09\/Shutterstock_urssaffmesureurgence_0.jpg 600w, https:\/\/www.altermes.fr\/wp-content\/uploads\/2025\/09\/Shutterstock_urssaffmesureurgence_0-480x320.jpg 480w\" sizes=\"(min-width: 0px) and (max-width: 480px) 480px, (min-width: 481px) 600px, 100vw\">                                        <\/a>\n                                                                        <a href=\"https:\/\/www.altermes.fr\/en\/les-infos-du-jour\/intemperies-et-incendie-lurssaf-active-des-mesures-durgence\/\"><h3>Intemp\u00e9ries et incendie : l\u2019Urssaf active des mesures d\u2019urgence !<\/h3><\/a>\n                                    <p class=\"use-case-category\"><a href=\"https:\/\/www.altermes.fr\/en\/weblex-importer-categories\/actualites\/\" rel=\"tag\">Actualit\u00e9s<\/a>, <a href=\"https:\/\/www.altermes.fr\/en\/weblex-importer-categories\/infos-sociales\/\" rel=\"tag\">Infos Sociales<\/a><\/p>\n                                    <p class=\"edc-content\">\u00c0 la suite de l\u2019incendie survenu en Occitanie (notamment dans l\u2019Aude) et des intemp\u00e9ries en Franche-Comt\u00e9, l\u2019Urssaf et le Conseil de la protection sociale des travailleurs ind\u00e9pendants activ...<\/p>                                <\/div>\n                                                                <div class=\"case-study-item weblex-article\">\n                                                                            <a href=\"https:\/\/www.altermes.fr\/en\/les-infos-du-jour\/taxes-sur-les-deplacements-routiers-et-sur-le-transport-aerien-ca-se-precise\/\">\n                                            <img decoding=\"async\" width=\"600\" height=\"400\" src=\"https:\/\/www.altermes.fr\/wp-content\/uploads\/2025\/09\/Shutterstock_precisionstaxetransport.jpg\" class=\"attachment-custom-thumbnail size-custom-thumbnail wp-post-image\" alt=\"\" srcset=\"https:\/\/www.altermes.fr\/wp-content\/uploads\/2025\/09\/Shutterstock_precisionstaxetransport.jpg 600w, https:\/\/www.altermes.fr\/wp-content\/uploads\/2025\/09\/Shutterstock_precisionstaxetransport-480x320.jpg 480w\" sizes=\"(min-width: 0px) and (max-width: 480px) 480px, (min-width: 481px) 600px, 100vw\">                                        <\/a>\n                                                                        <a href=\"https:\/\/www.altermes.fr\/en\/les-infos-du-jour\/taxes-sur-les-deplacements-routiers-et-sur-le-transport-aerien-ca-se-precise\/\"><h3>Taxes sur les d\u00e9placements routiers et sur le transport a\u00e9rien : \u00e7a se pr\u00e9cise !<\/h3><\/a>\n                                    <p class=\"use-case-category\"><a href=\"https:\/\/www.altermes.fr\/en\/weblex-importer-categories\/actualites\/\" rel=\"tag\">Actualit\u00e9s<\/a>, <a href=\"https:\/\/www.altermes.fr\/en\/weblex-importer-categories\/infos-fiscales\/\" rel=\"tag\">Infos Fiscales<\/a><\/p>\n                                    <p class=\"edc-content\">La loi de finances pour 2025 a apport\u00e9 certaines modifications concernant les taxes \u00e0 l'immatriculation, les taxes annuelles sur l'affectation \u00e9conomique des v\u00e9hicules de tourisme et la taxe sur l...<\/p>                                <\/div>\n                                                                <div class=\"case-study-item weblex-article\">\n                                                                            <a href=\"https:\/\/www.altermes.fr\/en\/les-infos-du-jour\/action-de-groupe-de-nouvelles-modalites-a-connaitre\/\">\n                                            <img decoding=\"async\" width=\"600\" height=\"400\" src=\"https:\/\/www.altermes.fr\/wp-content\/uploads\/2025\/09\/Shutterstock_ddaduesuiteactionsgroupe.jpg\" class=\"attachment-custom-thumbnail size-custom-thumbnail wp-post-image\" alt=\"\" srcset=\"https:\/\/www.altermes.fr\/wp-content\/uploads\/2025\/09\/Shutterstock_ddaduesuiteactionsgroupe.jpg 600w, https:\/\/www.altermes.fr\/wp-content\/uploads\/2025\/09\/Shutterstock_ddaduesuiteactionsgroupe-480x320.jpg 480w\" sizes=\"(min-width: 0px) and (max-width: 480px) 480px, (min-width: 481px) 600px, 100vw\">                                        <\/a>\n                                                                        <a href=\"https:\/\/www.altermes.fr\/en\/les-infos-du-jour\/action-de-groupe-de-nouvelles-modalites-a-connaitre\/\"><h3>Action de groupe : de nouvelles modalit\u00e9s \u00e0 conna\u00eetre<\/h3><\/a>\n                                    <p class=\"use-case-category\"><a href=\"https:\/\/www.altermes.fr\/en\/weblex-importer-categories\/actualites\/\" rel=\"tag\">Actualit\u00e9s<\/a>, <a href=\"https:\/\/www.altermes.fr\/en\/weblex-importer-categories\/infos-juridiques\/\" rel=\"tag\">Infos juridiques<\/a><\/p>\n                                    <p class=\"edc-content\">Pour rappel, le cadre applicable aux actions de groupe a \u00e9t\u00e9 r\u00e9form\u00e9 par la loi d\u2019adaptation au droit europ\u00e9en du 30 avril 2025 avec un double objectif : mettre en conformit\u00e9 le droit fran\u00e7ai...<\/p>                                <\/div>\n                                                                <div class=\"case-study-item weblex-article\">\n                                                                            <a href=\"https:\/\/www.altermes.fr\/en\/les-infos-du-jour\/pret-collectif-garanties-conditions-de-defaillance-et-duree-maximale\/\">\n                                            <img decoding=\"async\" width=\"600\" height=\"400\" src=\"https:\/\/www.altermes.fr\/wp-content\/uploads\/2025\/09\/Shutterstock_pretssyndicats.jpg\" class=\"attachment-custom-thumbnail size-custom-thumbnail wp-post-image\" alt=\"\" srcset=\"https:\/\/www.altermes.fr\/wp-content\/uploads\/2025\/09\/Shutterstock_pretssyndicats.jpg 600w, https:\/\/www.altermes.fr\/wp-content\/uploads\/2025\/09\/Shutterstock_pretssyndicats-480x320.jpg 480w\" sizes=\"(min-width: 0px) and (max-width: 480px) 480px, (min-width: 481px) 600px, 100vw\">                                        <\/a>\n                                                                        <a href=\"https:\/\/www.altermes.fr\/en\/les-infos-du-jour\/pret-collectif-garanties-conditions-de-defaillance-et-duree-maximale\/\"><h3>Pr\u00eat collectif : garanties, conditions de d\u00e9faillance et dur\u00e9e maximale<\/h3><\/a>\n                                    <p class=\"use-case-category\"><a href=\"https:\/\/www.altermes.fr\/en\/weblex-importer-categories\/actualites\/\" rel=\"tag\">Actualit\u00e9s<\/a>, <a href=\"https:\/\/www.altermes.fr\/en\/weblex-importer-categories\/infos-juridiques\/\" rel=\"tag\">Infos juridiques<\/a><\/p>\n                                    <p class=\"edc-content\">Le co\u00fbt important des travaux de r\u00e9novation dans les copropri\u00e9t\u00e9s peut s\u2019av\u00e9rer \u00eatre un frein pour de nombreux propri\u00e9taires dont les biens se d\u00e9gradent. C\u2019est pourquoi le gouvernement a m...<\/p>                                <\/div>\n                                                                <div class=\"case-study-item weblex-article\">\n                                                                            <a href=\"https:\/\/www.altermes.fr\/en\/les-infos-du-jour\/passeport-de-prevention-du-nouveau-a-compter-du-1%e1%b5%89%ca%b3-septembre-2025\/\">\n                                            <img decoding=\"async\" width=\"600\" height=\"400\" src=\"https:\/\/www.altermes.fr\/wp-content\/uploads\/2025\/09\/Shutterstock_declarationpasseport.jpg\" class=\"attachment-custom-thumbnail size-custom-thumbnail wp-post-image\" alt=\"\" srcset=\"https:\/\/www.altermes.fr\/wp-content\/uploads\/2025\/09\/Shutterstock_declarationpasseport.jpg 600w, https:\/\/www.altermes.fr\/wp-content\/uploads\/2025\/09\/Shutterstock_declarationpasseport-480x320.jpg 480w\" sizes=\"(min-width: 0px) and (max-width: 480px) 480px, (min-width: 481px) 600px, 100vw\">                                        <\/a>\n                                                                        <a href=\"https:\/\/www.altermes.fr\/en\/les-infos-du-jour\/passeport-de-prevention-du-nouveau-a-compter-du-1%e1%b5%89%ca%b3-septembre-2025\/\"><h3>Passeport de pr\u00e9vention : du nouveau \u00e0 compter du 1\u1d49\u02b3 septembre 2025 !<\/h3><\/a>\n                                    <p class=\"use-case-category\"><a href=\"https:\/\/www.altermes.fr\/en\/weblex-importer-categories\/actualites\/\" rel=\"tag\">Actualit\u00e9s<\/a>, <a href=\"https:\/\/www.altermes.fr\/en\/weblex-importer-categories\/infos-sociales\/\" rel=\"tag\">Infos Sociales<\/a><\/p>\n                                    <p class=\"edc-content\">Le Passeport de pr\u00e9vention, instaur\u00e9 par la loi dite \u00ab Sant\u00e9 au travail \u00bb en 2021, est ouvert aux organismes de formation depuis avril dernier. R\u00e9cemment, les modalit\u00e9s d\u00e9claratives des format...<\/p>                                <\/div>\n                                                                <div class=\"case-study-item weblex-article\">\n                                                                            <a href=\"https:\/\/www.altermes.fr\/en\/les-infos-du-jour\/commissaires-aux-comptes-precisions-sur-les-obligations-declaratives\/\">\n                                            <img decoding=\"async\" width=\"600\" height=\"400\" src=\"https:\/\/www.altermes.fr\/wp-content\/uploads\/2025\/09\/Shutterstock_commissairesauxcomptes.jpg\" class=\"attachment-custom-thumbnail size-custom-thumbnail wp-post-image\" alt=\"\" srcset=\"https:\/\/www.altermes.fr\/wp-content\/uploads\/2025\/09\/Shutterstock_commissairesauxcomptes.jpg 600w, https:\/\/www.altermes.fr\/wp-content\/uploads\/2025\/09\/Shutterstock_commissairesauxcomptes-480x320.jpg 480w\" sizes=\"(min-width: 0px) and (max-width: 480px) 480px, (min-width: 481px) 600px, 100vw\">                                        <\/a>\n                                                                        <a href=\"https:\/\/www.altermes.fr\/en\/les-infos-du-jour\/commissaires-aux-comptes-precisions-sur-les-obligations-declaratives\/\"><h3>Commissaires aux comptes : pr\u00e9cisions sur les obligations d\u00e9claratives<\/h3><\/a>\n                                    <p class=\"use-case-category\"><a href=\"https:\/\/www.altermes.fr\/en\/weblex-importer-categories\/actualites\/\" rel=\"tag\">Actualit\u00e9s<\/a>, <a href=\"https:\/\/www.altermes.fr\/en\/weblex-importer-categories\/infos-juridiques\/\" rel=\"tag\">Infos juridiques<\/a><\/p>\n                                    <p class=\"edc-content\">Au cours des ann\u00e9es 2024 et 2025, de nombreux changements ont \u00e9t\u00e9 apport\u00e9s concernant les professions juridiques r\u00e9glement\u00e9es. De nouvelles pr\u00e9cisions sont faites concernant les commissaires au...<\/p>                                <\/div>\n                                                                <div class=\"case-study-item weblex-article\">\n                                                                            <a href=\"https:\/\/www.altermes.fr\/en\/les-infos-du-jour\/adresse-personnelle-des-dirigeants-une-occultation-possible\/\">\n                                            <img decoding=\"async\" width=\"600\" height=\"400\" src=\"https:\/\/www.altermes.fr\/wp-content\/uploads\/2025\/09\/Shutterstock_rcsdomicile.jpg\" class=\"attachment-custom-thumbnail size-custom-thumbnail wp-post-image\" alt=\"\" srcset=\"https:\/\/www.altermes.fr\/wp-content\/uploads\/2025\/09\/Shutterstock_rcsdomicile.jpg 600w, https:\/\/www.altermes.fr\/wp-content\/uploads\/2025\/09\/Shutterstock_rcsdomicile-480x320.jpg 480w\" sizes=\"(min-width: 0px) and (max-width: 480px) 480px, (min-width: 481px) 600px, 100vw\">                                        <\/a>\n                                                                        <a href=\"https:\/\/www.altermes.fr\/en\/les-infos-du-jour\/adresse-personnelle-des-dirigeants-une-occultation-possible\/\"><h3>Adresse personnelle des dirigeants :  une occultation possible<\/h3><\/a>\n                                    <p class=\"use-case-category\"><a href=\"https:\/\/www.altermes.fr\/en\/weblex-importer-categories\/actualites\/\" rel=\"tag\">Actualit\u00e9s<\/a>, <a href=\"https:\/\/www.altermes.fr\/en\/weblex-importer-categories\/infos-juridiques\/\" rel=\"tag\">Infos juridiques<\/a><\/p>\n                                    <p class=\"edc-content\">Afin de se prot\u00e9ger, les dirigeants de soci\u00e9t\u00e9 et, sous certaines conditions, les entrepreneurs individuels, ont, depuis le 25 ao\u00fbt 2025, la possibilit\u00e9 d\u2019occulter leur adresse personnelle sur ...<\/p>                                <\/div>\n                                                                <div class=\"case-study-item weblex-article\">\n                                                                            <a href=\"https:\/\/www.altermes.fr\/en\/les-infos-du-jour\/fumeurs-au-travail-une-nouvelle-signaletique\/\">\n                                            <img decoding=\"async\" width=\"600\" height=\"400\" src=\"https:\/\/www.altermes.fr\/wp-content\/uploads\/2025\/09\/Shutterstock_signaletiquefumeur.jpg\" class=\"attachment-custom-thumbnail size-custom-thumbnail wp-post-image\" alt=\"\" srcset=\"https:\/\/www.altermes.fr\/wp-content\/uploads\/2025\/09\/Shutterstock_signaletiquefumeur.jpg 600w, https:\/\/www.altermes.fr\/wp-content\/uploads\/2025\/09\/Shutterstock_signaletiquefumeur-480x320.jpg 480w\" sizes=\"(min-width: 0px) and (max-width: 480px) 480px, (min-width: 481px) 600px, 100vw\">                                        <\/a>\n                                                                        <a href=\"https:\/\/www.altermes.fr\/en\/les-infos-du-jour\/fumeurs-au-travail-une-nouvelle-signaletique\/\"><h3>Fumeurs au travail : une nouvelle signal\u00e9tique !<\/h3><\/a>\n                                    <p class=\"use-case-category\"><a href=\"https:\/\/www.altermes.fr\/en\/weblex-importer-categories\/actualites\/\" rel=\"tag\">Actualit\u00e9s<\/a>, <a href=\"https:\/\/www.altermes.fr\/en\/weblex-importer-categories\/infos-sociales\/\" rel=\"tag\">Infos Sociales<\/a><\/p>\n                                    <p class=\"edc-content\">Une r\u00e9cente \u00e9volution des mod\u00e8les des signal\u00e9tiques impose de mettre \u00e0 jour les panneaux signalant l\u2019interdiction de fumer et de vapoter dans les lieux affect\u00e9s au travail, ainsi que ceux indi...<\/p>                                <\/div>\n                                                                <div class=\"case-study-item weblex-article\">\n                                                                            <a href=\"https:\/\/www.altermes.fr\/en\/les-infos-du-jour\/accise-sur-les-gazoles-et-les-essences-a-vos-demandes-de-remboursement\/\">\n                                            <img decoding=\"async\" width=\"600\" height=\"400\" src=\"https:\/\/www.altermes.fr\/wp-content\/uploads\/2025\/09\/Shutterstock_accisesurlegazole.jpg\" class=\"attachment-custom-thumbnail size-custom-thumbnail wp-post-image\" alt=\"\" srcset=\"https:\/\/www.altermes.fr\/wp-content\/uploads\/2025\/09\/Shutterstock_accisesurlegazole.jpg 600w, https:\/\/www.altermes.fr\/wp-content\/uploads\/2025\/09\/Shutterstock_accisesurlegazole-480x320.jpg 480w\" sizes=\"(min-width: 0px) and (max-width: 480px) 480px, (min-width: 481px) 600px, 100vw\">                                        <\/a>\n                                                                        <a href=\"https:\/\/www.altermes.fr\/en\/les-infos-du-jour\/accise-sur-les-gazoles-et-les-essences-a-vos-demandes-de-remboursement\/\"><h3>Accise sur les gazoles et les essences : \u00e0 vos demandes de remboursement !<\/h3><\/a>\n                                    <p class=\"use-case-category\"><a href=\"https:\/\/www.altermes.fr\/en\/weblex-importer-categories\/actualites\/\" rel=\"tag\">Actualit\u00e9s<\/a>, <a href=\"https:\/\/www.altermes.fr\/en\/weblex-importer-categories\/infos-fiscales\/\" rel=\"tag\">Infos Fiscales<\/a><\/p>\n                                    <p class=\"edc-content\">Les entreprises qui exercent une activit\u00e9 de transport collectif routier de personnes, de transport de personnes par taxi et de transport routier de marchandises peuvent, sur demande, obtenir le remb...<\/p>                                <\/div>\n                                                                <div class=\"case-study-item weblex-article\">\n                                                                            <a href=\"https:\/\/www.altermes.fr\/en\/les-infos-du-jour\/organismes-hlm-et-investissements-outre-mer-un-credit-dimpot-sous-conditions\/\">\n                                            <img decoding=\"async\" width=\"600\" height=\"400\" src=\"https:\/\/www.altermes.fr\/wp-content\/uploads\/2025\/09\/Shutterstock_organismehlmcreditimpot.jpg\" class=\"attachment-custom-thumbnail size-custom-thumbnail wp-post-image\" alt=\"\" srcset=\"https:\/\/www.altermes.fr\/wp-content\/uploads\/2025\/09\/Shutterstock_organismehlmcreditimpot.jpg 600w, https:\/\/www.altermes.fr\/wp-content\/uploads\/2025\/09\/Shutterstock_organismehlmcreditimpot-480x320.jpg 480w\" sizes=\"(min-width: 0px) and (max-width: 480px) 480px, (min-width: 481px) 600px, 100vw\">                                        <\/a>\n                                                                        <a href=\"https:\/\/www.altermes.fr\/en\/les-infos-du-jour\/organismes-hlm-et-investissements-outre-mer-un-credit-dimpot-sous-conditions\/\"><h3>Organismes HLM et investissements outre-mer : un cr\u00e9dit d\u2019imp\u00f4t sous conditions<\/h3><\/a>\n                                    <p class=\"use-case-category\"><a href=\"https:\/\/www.altermes.fr\/en\/weblex-importer-categories\/actualites\/\" rel=\"tag\">Actualit\u00e9s<\/a>, <a href=\"https:\/\/www.altermes.fr\/en\/weblex-importer-categories\/infos-fiscales\/\" rel=\"tag\">Infos Fiscales<\/a><\/p>\n                                    <p class=\"edc-content\">Certains organismes, et notamment les organismes HLM, peuvent b\u00e9n\u00e9ficier, toutes conditions remplies, d\u2019un cr\u00e9dit d\u2019imp\u00f4t au titre des investissements immobiliers qu\u2019ils r\u00e9alisent en outre-...<\/p>                                <\/div>\n                                                                <div class=\"case-study-item weblex-article\">\n                                                                            <a href=\"https:\/\/www.altermes.fr\/en\/les-infos-du-jour\/micro-entrepreneurs-travail-a-domicile-double-imposition\/\">\n                                            <img decoding=\"async\" width=\"600\" height=\"400\" src=\"https:\/\/www.altermes.fr\/wp-content\/uploads\/2025\/08\/Shutterstock_CFEmicroentreprise.jpg\" class=\"attachment-custom-thumbnail size-custom-thumbnail wp-post-image\" alt=\"\" srcset=\"https:\/\/www.altermes.fr\/wp-content\/uploads\/2025\/08\/Shutterstock_CFEmicroentreprise.jpg 600w, https:\/\/www.altermes.fr\/wp-content\/uploads\/2025\/08\/Shutterstock_CFEmicroentreprise-480x320.jpg 480w\" sizes=\"(min-width: 0px) and (max-width: 480px) 480px, (min-width: 481px) 600px, 100vw\">                                        <\/a>\n                                                                        <a href=\"https:\/\/www.altermes.fr\/en\/les-infos-du-jour\/micro-entrepreneurs-travail-a-domicile-double-imposition\/\"><h3>Micro-entrepreneurs : travail \u00e0 domicile = double imposition ?<\/h3><\/a>\n                                    <p class=\"use-case-category\"><a href=\"https:\/\/www.altermes.fr\/en\/weblex-importer-categories\/actualites\/\" rel=\"tag\">Actualit\u00e9s<\/a>, <a href=\"https:\/\/www.altermes.fr\/en\/weblex-importer-categories\/infos-fiscales\/\" rel=\"tag\">Infos Fiscales<\/a><\/p>\n                                    <p class=\"edc-content\">Il arrive fr\u00e9quemment que les entrepreneurs, notamment les micro-entrepreneurs, qui travaillent \u00e0 domicile, soient tax\u00e9s non seulement \u00e0 la taxe fonci\u00e8re, mais aussi \u00e0 la cotisation fonci\u00e8re de...<\/p>                                <\/div>\n                                                                <div class=\"case-study-item weblex-article\">\n                                                                            <a href=\"https:\/\/www.altermes.fr\/en\/les-infos-du-jour\/contributions-sociales-meme-pour-les-pensions-de-retraite-de-source-etrangere\/\">\n                                            <img decoding=\"async\" width=\"600\" height=\"400\" src=\"https:\/\/www.altermes.fr\/wp-content\/uploads\/2025\/08\/Shutterstock_pensionsretraiteetrangeres.jpg\" class=\"attachment-custom-thumbnail size-custom-thumbnail wp-post-image\" alt=\"\" srcset=\"https:\/\/www.altermes.fr\/wp-content\/uploads\/2025\/08\/Shutterstock_pensionsretraiteetrangeres.jpg 600w, https:\/\/www.altermes.fr\/wp-content\/uploads\/2025\/08\/Shutterstock_pensionsretraiteetrangeres-480x320.jpg 480w\" sizes=\"(min-width: 0px) and (max-width: 480px) 480px, (min-width: 481px) 600px, 100vw\">                                        <\/a>\n                                                                        <a href=\"https:\/\/www.altermes.fr\/en\/les-infos-du-jour\/contributions-sociales-meme-pour-les-pensions-de-retraite-de-source-etrangere\/\"><h3>Contributions sociales : m\u00eame pour les pensions de retraite de source \u00e9trang\u00e8re ?<\/h3><\/a>\n                                    <p class=\"use-case-category\"><a href=\"https:\/\/www.altermes.fr\/en\/weblex-importer-categories\/actualites\/\" rel=\"tag\">Actualit\u00e9s<\/a>, <a href=\"https:\/\/www.altermes.fr\/en\/weblex-importer-categories\/le-coin-du-dirigeant\/\" rel=\"tag\">Le coin du dirigeant<\/a><\/p>\n                                    <p class=\"edc-content\">Les pensions de retraite per\u00e7ues par les particuliers sont, toutes conditions remplies, soumises aux contributions sociales au titre des revenus de remplacement. Mais ce principe s\u2019applique-t-il au...<\/p>                                <\/div>\n                                                                <div class=\"case-study-item weblex-article\">\n                                                                            <a href=\"https:\/\/www.altermes.fr\/en\/les-infos-du-jour\/tva-a-taux-reduit-meme-pour-les-volailles-dun-jour\/\">\n                                            <img decoding=\"async\" width=\"600\" height=\"400\" src=\"https:\/\/www.altermes.fr\/wp-content\/uploads\/2025\/08\/Shutterstock_TVAvolailles.jpg\" class=\"attachment-custom-thumbnail size-custom-thumbnail wp-post-image\" alt=\"\" srcset=\"https:\/\/www.altermes.fr\/wp-content\/uploads\/2025\/08\/Shutterstock_TVAvolailles.jpg 600w, https:\/\/www.altermes.fr\/wp-content\/uploads\/2025\/08\/Shutterstock_TVAvolailles-480x320.jpg 480w\" sizes=\"(min-width: 0px) and (max-width: 480px) 480px, (min-width: 481px) 600px, 100vw\">                                        <\/a>\n                                                                        <a href=\"https:\/\/www.altermes.fr\/en\/les-infos-du-jour\/tva-a-taux-reduit-meme-pour-les-volailles-dun-jour\/\"><h3>TVA \u00e0 taux r\u00e9duit : m\u00eame pour les volailles \u00ab d\u2019un jour \u00bb ?<\/h3><\/a>\n                                    <p class=\"use-case-category\"><a href=\"https:\/\/www.altermes.fr\/en\/weblex-importer-categories\/actualites\/\" rel=\"tag\">Actualit\u00e9s<\/a>, <a href=\"https:\/\/www.altermes.fr\/en\/weblex-importer-categories\/infos-fiscales\/\" rel=\"tag\">Infos Fiscales<\/a><\/p>\n                                    <p class=\"edc-content\">Dans le cadre de la vente de volailles, d\u00e8s lors que les animaux sont destin\u00e9s \u00e0 \u00eatre utilis\u00e9s dans la production agricole, le taux r\u00e9duit de TVA \u00e0 5,5 % s\u2019applique tout au long de la cha\u00eene...<\/p>                                <\/div>\n                                                                <div class=\"case-study-item weblex-article\">\n                                                                            <a href=\"https:\/\/www.altermes.fr\/en\/les-infos-du-jour\/martinique-une-aide-speciale-pour-les-entreprises\/\">\n                                            <img decoding=\"async\" width=\"600\" height=\"400\" src=\"https:\/\/www.altermes.fr\/wp-content\/uploads\/2025\/08\/Shutterstock_aidesmartinique.jpg\" class=\"attachment-custom-thumbnail size-custom-thumbnail wp-post-image\" alt=\"\" srcset=\"https:\/\/www.altermes.fr\/wp-content\/uploads\/2025\/08\/Shutterstock_aidesmartinique.jpg 600w, https:\/\/www.altermes.fr\/wp-content\/uploads\/2025\/08\/Shutterstock_aidesmartinique-480x320.jpg 480w\" sizes=\"(min-width: 0px) and (max-width: 480px) 480px, (min-width: 481px) 600px, 100vw\">                                        <\/a>\n                                                                        <a href=\"https:\/\/www.altermes.fr\/en\/les-infos-du-jour\/martinique-une-aide-speciale-pour-les-entreprises\/\"><h3>Martinique : une aide sp\u00e9ciale pour les entreprises<\/h3><\/a>\n                                    <p class=\"use-case-category\"><a href=\"https:\/\/www.altermes.fr\/en\/weblex-importer-categories\/actualites\/\" rel=\"tag\">Actualit\u00e9s<\/a>, <a href=\"https:\/\/www.altermes.fr\/en\/weblex-importer-categories\/infos-juridiques\/\" rel=\"tag\">Infos juridiques<\/a><\/p>\n                                    <p class=\"edc-content\">En octobre 2024, plusieurs \u00e9meutes ont \u00e9clat\u00e9 en Martinique et se sont poursuivies pendant plusieurs mois. Une situation qui a entra\u00een\u00e9 des cons\u00e9quences n\u00e9fastes pour de nombreuses entreprises....<\/p>                                <\/div>\n                                                                <div class=\"case-study-item weblex-article\">\n                                                                            <a href=\"https:\/\/www.altermes.fr\/en\/les-infos-du-jour\/moderation-des-prix-en-outre-mer-du-nouveau-pour-la-negociation-annuelle\/\">\n                                            <img decoding=\"async\" width=\"600\" height=\"400\" src=\"https:\/\/www.altermes.fr\/wp-content\/uploads\/2025\/08\/Shutterstock_aidesfinancieresconso.jpg\" class=\"attachment-custom-thumbnail size-custom-thumbnail wp-post-image\" alt=\"\" srcset=\"https:\/\/www.altermes.fr\/wp-content\/uploads\/2025\/08\/Shutterstock_aidesfinancieresconso.jpg 600w, https:\/\/www.altermes.fr\/wp-content\/uploads\/2025\/08\/Shutterstock_aidesfinancieresconso-480x320.jpg 480w\" sizes=\"(min-width: 0px) and (max-width: 480px) 480px, (min-width: 481px) 600px, 100vw\">                                        <\/a>\n                                                                        <a href=\"https:\/\/www.altermes.fr\/en\/les-infos-du-jour\/moderation-des-prix-en-outre-mer-du-nouveau-pour-la-negociation-annuelle\/\"><h3>Mod\u00e9ration des prix en outre-mer : du nouveau pour la n\u00e9gociation annuelle<\/h3><\/a>\n                                    <p class=\"use-case-category\"><a href=\"https:\/\/www.altermes.fr\/en\/weblex-importer-categories\/actualites\/\" rel=\"tag\">Actualit\u00e9s<\/a>, <a href=\"https:\/\/www.altermes.fr\/en\/weblex-importer-categories\/infos-juridiques\/\" rel=\"tag\">Infos juridiques<\/a><\/p>\n                                    <p class=\"edc-content\">30 \u00e0 40 % : c\u2019est l\u2019\u00e9cart de prix entre les produits vendus en m\u00e9tropole et en outre-mer. Pour limiter cette situation, un bouclier qualit\u00e9 prix (BQP) a \u00e9t\u00e9 institu\u00e9 d\u00e8s 2012 afin de fixer...<\/p>                                <\/div>\n                                                                <div class=\"case-study-item weblex-article\">\n                                                                            <a href=\"https:\/\/www.altermes.fr\/en\/les-infos-du-jour\/mayotte-prolongation-du-delai-de-suspension-du-recouvrement-des-cotisations-sociales\/\">\n                                            <img decoding=\"async\" width=\"600\" height=\"400\" src=\"https:\/\/www.altermes.fr\/wp-content\/uploads\/2025\/08\/Shutterstock_mayottecotisationssociales.jpg\" class=\"attachment-custom-thumbnail size-custom-thumbnail wp-post-image\" alt=\"\" srcset=\"https:\/\/www.altermes.fr\/wp-content\/uploads\/2025\/08\/Shutterstock_mayottecotisationssociales.jpg 600w, https:\/\/www.altermes.fr\/wp-content\/uploads\/2025\/08\/Shutterstock_mayottecotisationssociales-480x320.jpg 480w\" sizes=\"(min-width: 0px) and (max-width: 480px) 480px, (min-width: 481px) 600px, 100vw\">                                        <\/a>\n                                                                        <a href=\"https:\/\/www.altermes.fr\/en\/les-infos-du-jour\/mayotte-prolongation-du-delai-de-suspension-du-recouvrement-des-cotisations-sociales\/\"><h3>Mayotte : prolongation du d\u00e9lai de suspension du recouvrement des cotisations sociales !<\/h3><\/a>\n                                    <p class=\"use-case-category\"><a href=\"https:\/\/www.altermes.fr\/en\/weblex-importer-categories\/actualites\/\" rel=\"tag\">Actualit\u00e9s<\/a>, <a href=\"https:\/\/www.altermes.fr\/en\/weblex-importer-categories\/infos-sociales\/\" rel=\"tag\">Infos Sociales<\/a><\/p>\n                                    <p class=\"edc-content\">Compte tenu de la persistance des difficult\u00e9s \u00e9conomiques induites par le passage du cyclone Chido \u00e0 Mayotte en d\u00e9cembre 2024, la suspension des obligations de paiement des cotisations sociales po...<\/p>                                <\/div>\n                                                                <div class=\"case-study-item weblex-article\">\n                                                                            <a href=\"https:\/\/www.altermes.fr\/en\/les-infos-du-jour\/exoneration-sociale-des-medecins-liberaux-en-cumul-emploi-retraite-des-precisions\/\">\n                                            <img decoding=\"async\" width=\"600\" height=\"400\" src=\"https:\/\/www.altermes.fr\/wp-content\/uploads\/2025\/08\/Shutterstock_medecincumulemploi.jpg\" class=\"attachment-custom-thumbnail size-custom-thumbnail wp-post-image\" alt=\"\" srcset=\"https:\/\/www.altermes.fr\/wp-content\/uploads\/2025\/08\/Shutterstock_medecincumulemploi.jpg 600w, https:\/\/www.altermes.fr\/wp-content\/uploads\/2025\/08\/Shutterstock_medecincumulemploi-480x320.jpg 480w\" sizes=\"(min-width: 0px) and (max-width: 480px) 480px, (min-width: 481px) 600px, 100vw\">                                        <\/a>\n                                                                        <a href=\"https:\/\/www.altermes.fr\/en\/les-infos-du-jour\/exoneration-sociale-des-medecins-liberaux-en-cumul-emploi-retraite-des-precisions\/\"><h3>Exon\u00e9ration sociale des m\u00e9decins lib\u00e9raux en cumul emploi-retraite : des pr\u00e9cisions !<\/h3><\/a>\n                                    <p class=\"use-case-category\"><a href=\"https:\/\/www.altermes.fr\/en\/weblex-importer-categories\/actualites\/\" rel=\"tag\">Actualit\u00e9s<\/a>, <a href=\"https:\/\/www.altermes.fr\/en\/weblex-importer-categories\/infos-sociales\/\" rel=\"tag\">Infos Sociales<\/a><\/p>\n                                    <p class=\"edc-content\">Afin de lutter contre la d\u00e9sertification m\u00e9dicale, la loi de financement de la S\u00e9curit\u00e9 sociale pour 2025 avait pr\u00e9vu une exon\u00e9ration temporaire de cotisations pour les m\u00e9decins lib\u00e9raux, en c...<\/p>                                <\/div>\n                                                                <div class=\"case-study-item weblex-article\">\n                                                                            <a href=\"https:\/\/www.altermes.fr\/en\/les-infos-du-jour\/corriger-sa-declaration-de-revenus-en-ligne-cest-parti\/\">\n                                            <img decoding=\"async\" width=\"600\" height=\"400\" src=\"https:\/\/www.altermes.fr\/wp-content\/uploads\/2025\/08\/Shutterstock_servicecorrectiondeclaration.jpg\" class=\"attachment-custom-thumbnail size-custom-thumbnail wp-post-image\" alt=\"\" srcset=\"https:\/\/www.altermes.fr\/wp-content\/uploads\/2025\/08\/Shutterstock_servicecorrectiondeclaration.jpg 600w, https:\/\/www.altermes.fr\/wp-content\/uploads\/2025\/08\/Shutterstock_servicecorrectiondeclaration-480x320.jpg 480w\" sizes=\"(min-width: 0px) and (max-width: 480px) 480px, (min-width: 481px) 600px, 100vw\">                                        <\/a>\n                                                                        <a href=\"https:\/\/www.altermes.fr\/en\/les-infos-du-jour\/corriger-sa-declaration-de-revenus-en-ligne-cest-parti\/\"><h3>Corriger sa d\u00e9claration de revenus en ligne : c\u2019est parti !<\/h3><\/a>\n                                    <p class=\"use-case-category\"><a href=\"https:\/\/www.altermes.fr\/en\/weblex-importer-categories\/actualites\/\" rel=\"tag\">Actualit\u00e9s<\/a>, <a href=\"https:\/\/www.altermes.fr\/en\/weblex-importer-categories\/le-coin-du-dirigeant\/\" rel=\"tag\">Le coin du dirigeant<\/a><\/p>\n                                    <p class=\"edc-content\">Vous venez de recevoir votre avis d\u2019imposition des revenus 2024 et vous constatez que vous avez commis une erreur ou vous avez oubli\u00e9 de d\u00e9clarer des revenus ? Sachez que vous pouvez corriger votr...<\/p>                                <\/div>\n                                                                <div class=\"case-study-item weblex-article\">\n                                                                            <a href=\"https:\/\/www.altermes.fr\/en\/les-infos-du-jour\/credit-dimpot-famille-un-perimetre-etendu\/\">\n                                            <img decoding=\"async\" width=\"600\" height=\"400\" src=\"https:\/\/www.altermes.fr\/wp-content\/uploads\/2025\/08\/Shutterstock_CIFAMextensionperimetre.jpg\" class=\"attachment-custom-thumbnail size-custom-thumbnail wp-post-image\" alt=\"\" srcset=\"https:\/\/www.altermes.fr\/wp-content\/uploads\/2025\/08\/Shutterstock_CIFAMextensionperimetre.jpg 600w, https:\/\/www.altermes.fr\/wp-content\/uploads\/2025\/08\/Shutterstock_CIFAMextensionperimetre-480x320.jpg 480w\" sizes=\"(min-width: 0px) and (max-width: 480px) 480px, (min-width: 481px) 600px, 100vw\">                                        <\/a>\n                                                                        <a href=\"https:\/\/www.altermes.fr\/en\/les-infos-du-jour\/credit-dimpot-famille-un-perimetre-etendu\/\"><h3>Cr\u00e9dit d\u2019imp\u00f4t famille : un p\u00e9rim\u00e8tre \u00e9tendu !<\/h3><\/a>\n                                    <p class=\"use-case-category\"><a href=\"https:\/\/www.altermes.fr\/en\/weblex-importer-categories\/actualites\/\" rel=\"tag\">Actualit\u00e9s<\/a>, <a href=\"https:\/\/www.altermes.fr\/en\/weblex-importer-categories\/infos-fiscales\/\" rel=\"tag\">Infos Fiscales<\/a><\/p>\n                                    <p class=\"edc-content\">Depuis le 1er janvier 2025, le cr\u00e9dit d\u2019imp\u00f4t famille (CIFAM), \u00e9gal \u00e0 50 % des d\u00e9penses engag\u00e9es par une entreprise pour l\u2019accueil des enfants de moins de 3 ans de ses salari\u00e9s, s\u2019appliqu...<\/p>                                <\/div>\n                                                                <div class=\"case-study-item weblex-article\">\n                                                                            <a href=\"https:\/\/www.altermes.fr\/en\/les-infos-du-jour\/plafonnement-des-prix-a-mayotte-prolongation-et-modifications\/\">\n                                            <img decoding=\"async\" width=\"600\" height=\"400\" src=\"https:\/\/www.altermes.fr\/wp-content\/uploads\/2025\/08\/Shutterstock_mayotteencadrementprix.jpg\" class=\"attachment-custom-thumbnail size-custom-thumbnail wp-post-image\" alt=\"\" srcset=\"https:\/\/www.altermes.fr\/wp-content\/uploads\/2025\/08\/Shutterstock_mayotteencadrementprix.jpg 600w, https:\/\/www.altermes.fr\/wp-content\/uploads\/2025\/08\/Shutterstock_mayotteencadrementprix-480x320.jpg 480w\" sizes=\"(min-width: 0px) and (max-width: 480px) 480px, (min-width: 481px) 600px, 100vw\">                                        <\/a>\n                                                                        <a href=\"https:\/\/www.altermes.fr\/en\/les-infos-du-jour\/plafonnement-des-prix-a-mayotte-prolongation-et-modifications\/\"><h3>Plafonnement des prix \u00e0 Mayotte : prolongation et modifications !<\/h3><\/a>\n                                    <p class=\"use-case-category\"><a href=\"https:\/\/www.altermes.fr\/en\/weblex-importer-categories\/actualites\/\" rel=\"tag\">Actualit\u00e9s<\/a>, <a href=\"https:\/\/www.altermes.fr\/en\/weblex-importer-categories\/infos-juridiques\/\" rel=\"tag\">Infos juridiques<\/a><\/p>\n                                    <p class=\"edc-content\">Apr\u00e8s le cyclone Chido, une batterie de mesures, temporaires ou p\u00e9rennes, a \u00e9t\u00e9 prise pour soutenir la reconstruction de Mayotte, dont un encadrement des prix de certains biens pour prot\u00e9ger les ...<\/p>                                <\/div>\n                                                                <div class=\"case-study-item weblex-article\">\n                                                                            <a href=\"https:\/\/www.altermes.fr\/en\/les-infos-du-jour\/medicaments-nouvelles-mesures-pour-eviter-les-penuries\/\">\n                                            <img decoding=\"async\" width=\"600\" height=\"400\" src=\"https:\/\/www.altermes.fr\/wp-content\/uploads\/2025\/08\/Shutterstock_penuriemedicaments.jpg\" class=\"attachment-custom-thumbnail size-custom-thumbnail wp-post-image\" alt=\"\" srcset=\"https:\/\/www.altermes.fr\/wp-content\/uploads\/2025\/08\/Shutterstock_penuriemedicaments.jpg 600w, https:\/\/www.altermes.fr\/wp-content\/uploads\/2025\/08\/Shutterstock_penuriemedicaments-480x320.jpg 480w\" sizes=\"(min-width: 0px) and (max-width: 480px) 480px, (min-width: 481px) 600px, 100vw\">                                        <\/a>\n                                                                        <a href=\"https:\/\/www.altermes.fr\/en\/les-infos-du-jour\/medicaments-nouvelles-mesures-pour-eviter-les-penuries\/\"><h3>M\u00e9dicaments : nouvelles mesures pour \u00e9viter les p\u00e9nuries<\/h3><\/a>\n                                    <p class=\"use-case-category\"><a href=\"https:\/\/www.altermes.fr\/en\/weblex-importer-categories\/actualites\/\" rel=\"tag\">Actualit\u00e9s<\/a>, <a href=\"https:\/\/www.altermes.fr\/en\/weblex-importer-categories\/infos-juridiques\/\" rel=\"tag\">Infos juridiques<\/a><\/p>\n                                    <p class=\"edc-content\">Les efforts pour limiter les p\u00e9nuries de m\u00e9dicaments et de dispositifs m\u00e9dicaux sont nombreux, les incidents se multipliant depuis plusieurs ann\u00e9es. Plusieurs nouveaut\u00e9s sont de nouveau propos\u00e9e...<\/p>                                <\/div>\n                                                                <div class=\"case-study-item weblex-article\">\n                                                                            <a href=\"https:\/\/www.altermes.fr\/en\/les-infos-du-jour\/declaration-prealable-a-lembauche-en-dsn-bientot-possible\/\">\n                                            <img decoding=\"async\" width=\"600\" height=\"400\" src=\"https:\/\/www.altermes.fr\/wp-content\/uploads\/2025\/08\/Shutterstock_DPAEenDSN.jpg\" class=\"attachment-custom-thumbnail size-custom-thumbnail wp-post-image\" alt=\"\" srcset=\"https:\/\/www.altermes.fr\/wp-content\/uploads\/2025\/08\/Shutterstock_DPAEenDSN.jpg 600w, https:\/\/www.altermes.fr\/wp-content\/uploads\/2025\/08\/Shutterstock_DPAEenDSN-480x320.jpg 480w\" sizes=\"(min-width: 0px) and (max-width: 480px) 480px, (min-width: 481px) 600px, 100vw\">                                        <\/a>\n                                                                        <a href=\"https:\/\/www.altermes.fr\/en\/les-infos-du-jour\/declaration-prealable-a-lembauche-en-dsn-bientot-possible\/\"><h3>D\u00e9claration pr\u00e9alable \u00e0 l\u2019embauche en DSN : bient\u00f4t possible ?<\/h3><\/a>\n                                    <p class=\"use-case-category\"><a href=\"https:\/\/www.altermes.fr\/en\/weblex-importer-categories\/actualites\/\" rel=\"tag\">Actualit\u00e9s<\/a>, <a href=\"https:\/\/www.altermes.fr\/en\/weblex-importer-categories\/infos-sociales\/\" rel=\"tag\">Infos Sociales<\/a><\/p>\n                                    <p class=\"edc-content\">La d\u00e9claration pr\u00e9alable \u00e0 l\u2019embauche (DPAE) est une formalit\u00e9 essentielle pour tout employeur lors de l'embauche d'un salari\u00e9. Des \u00e9volutions sont en cours pour simplifier ce processus \u00e0 par...<\/p>                                <\/div>\n                                                                <div class=\"case-study-item weblex-article\">\n                                                                            <a href=\"https:\/\/www.altermes.fr\/en\/les-infos-du-jour\/retraite-progressive-abaissement-de-lage-douverture-des-droits\/\">\n                                            <img decoding=\"async\" width=\"600\" height=\"400\" src=\"https:\/\/www.altermes.fr\/wp-content\/uploads\/2025\/08\/Shutterstock_retraiteprogressive.jpg\" class=\"attachment-custom-thumbnail size-custom-thumbnail wp-post-image\" alt=\"\" srcset=\"https:\/\/www.altermes.fr\/wp-content\/uploads\/2025\/08\/Shutterstock_retraiteprogressive.jpg 600w, https:\/\/www.altermes.fr\/wp-content\/uploads\/2025\/08\/Shutterstock_retraiteprogressive-480x320.jpg 480w\" sizes=\"(min-width: 0px) and (max-width: 480px) 480px, (min-width: 481px) 600px, 100vw\">                                        <\/a>\n                                                                        <a href=\"https:\/\/www.altermes.fr\/en\/les-infos-du-jour\/retraite-progressive-abaissement-de-lage-douverture-des-droits\/\"><h3>Retraite progressive : abaissement de l\u2019\u00e2ge d\u2019ouverture des droits !<\/h3><\/a>\n                                    <p class=\"use-case-category\"><a href=\"https:\/\/www.altermes.fr\/en\/weblex-importer-categories\/actualites\/\" rel=\"tag\">Actualit\u00e9s<\/a>, <a href=\"https:\/\/www.altermes.fr\/en\/weblex-importer-categories\/infos-sociales\/\" rel=\"tag\">Infos Sociales<\/a><\/p>\n                                    <p class=\"edc-content\">Jusqu\u2019au 31 ao\u00fbt 2025, l\u2019\u00e2ge de l\u2019ouverture des droits \u00e0 la retraite progressive oscille entre 60 et 62 ans, en fonction de l\u2019ann\u00e9e de naissance du salari\u00e9 qui souhaite en b\u00e9n\u00e9ficier. U...<\/p>                                <\/div>\n                                                                <div class=\"case-study-item weblex-article\">\n                                                                            <a href=\"https:\/\/www.altermes.fr\/en\/les-infos-du-jour\/agriculture-le-point-sur-les-mesures-daide\/\">\n                                            <img decoding=\"async\" width=\"600\" height=\"400\" src=\"https:\/\/www.altermes.fr\/wp-content\/uploads\/2025\/08\/Shutterstock_agricultureaide.jpg\" class=\"attachment-custom-thumbnail size-custom-thumbnail wp-post-image\" alt=\"\" srcset=\"https:\/\/www.altermes.fr\/wp-content\/uploads\/2025\/08\/Shutterstock_agricultureaide.jpg 600w, https:\/\/www.altermes.fr\/wp-content\/uploads\/2025\/08\/Shutterstock_agricultureaide-480x320.jpg 480w\" sizes=\"(min-width: 0px) and (max-width: 480px) 480px, (min-width: 481px) 600px, 100vw\">                                        <\/a>\n                                                                        <a href=\"https:\/\/www.altermes.fr\/en\/les-infos-du-jour\/agriculture-le-point-sur-les-mesures-daide\/\"><h3>Agriculture\u202f: le point sur les mesures d\u2019aide<\/h3><\/a>\n                                    <p class=\"use-case-category\"><a href=\"https:\/\/www.altermes.fr\/en\/weblex-importer-categories\/actualites\/\" rel=\"tag\">Actualit\u00e9s<\/a>, <a href=\"https:\/\/www.altermes.fr\/en\/weblex-importer-categories\/infos-juridiques\/\" rel=\"tag\">Infos juridiques<\/a><\/p>\n                                    <p class=\"edc-content\">Le secteur agricole peut b\u00e9n\u00e9ficier d\u2019un nombre important de diff\u00e9rentes aides. Des pr\u00e9cisions sont apport\u00e9es concernant plusieurs d\u2019entre elles\u2026FCO\u202f: nouvelle distribution de vaccinsLa f...<\/p>                                <\/div>\n                                                                <div class=\"case-study-item weblex-article\">\n                                                                            <a href=\"https:\/\/www.altermes.fr\/en\/les-infos-du-jour\/loyers-impayes-une-procedure-simplifiee-pour-les-bailleurs\/\">\n                                            <img decoding=\"async\" width=\"600\" height=\"400\" src=\"https:\/\/www.altermes.fr\/wp-content\/uploads\/2025\/08\/Shutterstock_loyerimpayeprocedure.jpg\" class=\"attachment-custom-thumbnail size-custom-thumbnail wp-post-image\" alt=\"\" srcset=\"https:\/\/www.altermes.fr\/wp-content\/uploads\/2025\/08\/Shutterstock_loyerimpayeprocedure.jpg 600w, https:\/\/www.altermes.fr\/wp-content\/uploads\/2025\/08\/Shutterstock_loyerimpayeprocedure-480x320.jpg 480w\" sizes=\"(min-width: 0px) and (max-width: 480px) 480px, (min-width: 481px) 600px, 100vw\">                                        <\/a>\n                                                                        <a href=\"https:\/\/www.altermes.fr\/en\/les-infos-du-jour\/loyers-impayes-une-procedure-simplifiee-pour-les-bailleurs\/\"><h3>Loyers impay\u00e9s\u202f: une proc\u00e9dure simplifi\u00e9e pour les bailleurs<\/h3><\/a>\n                                    <p class=\"use-case-category\"><a href=\"https:\/\/www.altermes.fr\/en\/weblex-importer-categories\/actualites\/\" rel=\"tag\">Actualit\u00e9s<\/a>, <a href=\"https:\/\/www.altermes.fr\/en\/weblex-importer-categories\/infos-juridiques\/\" rel=\"tag\">Infos juridiques<\/a><\/p>\n                                    <p class=\"edc-content\">La proc\u00e9dure des saisies sur salaire a \u00e9t\u00e9 largement remani\u00e9e au 1er juillet 2025. Des changements entra\u00eenant des cons\u00e9quences tr\u00e8s concr\u00e8tes pour le secteur de la location immobili\u00e8re depuis...<\/p>                                <\/div>\n                                                                <div class=\"case-study-item weblex-article\">\n                                                                            <a href=\"https:\/\/www.altermes.fr\/en\/les-infos-du-jour\/experimentation-handinnov-jusqua-quand\/\">\n                                            <img decoding=\"async\" width=\"600\" height=\"400\" src=\"https:\/\/www.altermes.fr\/wp-content\/uploads\/2025\/08\/Shutterstock_handinnov.jpg\" class=\"attachment-custom-thumbnail size-custom-thumbnail wp-post-image\" alt=\"\" srcset=\"https:\/\/www.altermes.fr\/wp-content\/uploads\/2025\/08\/Shutterstock_handinnov.jpg 600w, https:\/\/www.altermes.fr\/wp-content\/uploads\/2025\/08\/Shutterstock_handinnov-480x320.jpg 480w\" sizes=\"(min-width: 0px) and (max-width: 480px) 480px, (min-width: 481px) 600px, 100vw\">                                        <\/a>\n                                                                        <a href=\"https:\/\/www.altermes.fr\/en\/les-infos-du-jour\/experimentation-handinnov-jusqua-quand\/\"><h3>Exp\u00e9rimentation Hand\u2019Innov : jusqu\u2019\u00e0 quand ?<\/h3><\/a>\n                                    <p class=\"use-case-category\"><a href=\"https:\/\/www.altermes.fr\/en\/weblex-importer-categories\/actualites\/\" rel=\"tag\">Actualit\u00e9s<\/a>, <a href=\"https:\/\/www.altermes.fr\/en\/weblex-importer-categories\/infos-sociales\/\" rel=\"tag\">Infos Sociales<\/a><\/p>\n                                    <p class=\"edc-content\">Sur le plan de l\u2019accompagnement m\u00e9dical, une exp\u00e9rimentation dite \u00ab\u202fHand\u2019Innov\u202f\u00bb a pour objet d\u2019am\u00e9liorer l\u2019acc\u00e8s aux soins des personnes en situation de handicap. Une exp\u00e9rimentati...<\/p>                                <\/div>\n                                                                <div class=\"case-study-item weblex-article\">\n                                                                            <a href=\"https:\/\/www.altermes.fr\/en\/les-infos-du-jour\/organismes-de-placement-collectif-opc-la-reforme-prend-forme\/\">\n                                            <img decoding=\"async\" width=\"600\" height=\"400\" src=\"https:\/\/www.altermes.fr\/wp-content\/uploads\/2025\/07\/Shutterstock_opc.jpg\" class=\"attachment-custom-thumbnail size-custom-thumbnail wp-post-image\" alt=\"\" srcset=\"https:\/\/www.altermes.fr\/wp-content\/uploads\/2025\/07\/Shutterstock_opc.jpg 600w, https:\/\/www.altermes.fr\/wp-content\/uploads\/2025\/07\/Shutterstock_opc-480x320.jpg 480w\" sizes=\"(min-width: 0px) and (max-width: 480px) 480px, (min-width: 481px) 600px, 100vw\">                                        <\/a>\n                                                                        <a href=\"https:\/\/www.altermes.fr\/en\/les-infos-du-jour\/organismes-de-placement-collectif-opc-la-reforme-prend-forme\/\"><h3>Organismes de placement collectif (OPC)\u202f: la r\u00e9forme prend forme\u202f!<\/h3><\/a>\n                                    <p class=\"use-case-category\"><a href=\"https:\/\/www.altermes.fr\/en\/weblex-importer-categories\/actualites\/\" rel=\"tag\">Actualit\u00e9s<\/a>, <a href=\"https:\/\/www.altermes.fr\/en\/weblex-importer-categories\/infos-juridiques\/\" rel=\"tag\">Infos juridiques<\/a><\/p>\n                                    <p class=\"edc-content\">Pour rappel, le Gouvernement a propos\u00e9 de r\u00e9former le droit applicable aux organismes de placement collectif (OPC) afin de le simplifier et de l\u2019harmoniser. Si les grandes lignes ont \u00e9t\u00e9 pos\u00e9es...<\/p>                                <\/div>\n                                                                <div class=\"case-study-item weblex-article\">\n                                                                            <a href=\"https:\/\/www.altermes.fr\/en\/les-infos-du-jour\/mayotte-des-incitations-financieres-pour-les-professionnels-de-sante\/\">\n                                            <img decoding=\"async\" width=\"600\" height=\"400\" src=\"https:\/\/www.altermes.fr\/wp-content\/uploads\/2025\/07\/Shutterstock_mayottesanteargent.jpg\" class=\"attachment-custom-thumbnail size-custom-thumbnail wp-post-image\" alt=\"\" srcset=\"https:\/\/www.altermes.fr\/wp-content\/uploads\/2025\/07\/Shutterstock_mayottesanteargent.jpg 600w, https:\/\/www.altermes.fr\/wp-content\/uploads\/2025\/07\/Shutterstock_mayottesanteargent-480x320.jpg 480w\" sizes=\"(min-width: 0px) and (max-width: 480px) 480px, (min-width: 481px) 600px, 100vw\">                                        <\/a>\n                                                                        <a href=\"https:\/\/www.altermes.fr\/en\/les-infos-du-jour\/mayotte-des-incitations-financieres-pour-les-professionnels-de-sante\/\"><h3>Mayotte\u202f: des incitations financi\u00e8res pour les professionnels de sant\u00e9<\/h3><\/a>\n                                    <p class=\"use-case-category\"><a href=\"https:\/\/www.altermes.fr\/en\/weblex-importer-categories\/actualites\/\" rel=\"tag\">Actualit\u00e9s<\/a>, <a href=\"https:\/\/www.altermes.fr\/en\/weblex-importer-categories\/infos-juridiques\/\" rel=\"tag\">Infos juridiques<\/a><\/p>\n                                    <p class=\"edc-content\">La situation sanitaire \u00e0 Mayotte est depuis longtemps pr\u00e9occupante, et cela s\u2019est accentu\u00e9 depuis le passage du cyclone Chido en d\u00e9cembre 2024. Pour am\u00e9liorer la situation, plusieurs mesures in...<\/p>                                <\/div>\n                                                                <div class=\"case-study-item weblex-article\">\n                                                                            <a href=\"https:\/\/www.altermes.fr\/en\/les-infos-du-jour\/anomalies-recurrentes-en-dsn-lurssaf-vous-accompagne\/\">\n                                            <img decoding=\"async\" width=\"600\" height=\"400\" src=\"https:\/\/www.altermes.fr\/wp-content\/uploads\/2025\/07\/Shutterstock_anomaliesdsn.jpg\" class=\"attachment-custom-thumbnail size-custom-thumbnail wp-post-image\" alt=\"\" srcset=\"https:\/\/www.altermes.fr\/wp-content\/uploads\/2025\/07\/Shutterstock_anomaliesdsn.jpg 600w, https:\/\/www.altermes.fr\/wp-content\/uploads\/2025\/07\/Shutterstock_anomaliesdsn-480x320.jpg 480w\" sizes=\"(min-width: 0px) and (max-width: 480px) 480px, (min-width: 481px) 600px, 100vw\">                                        <\/a>\n                                                                        <a href=\"https:\/\/www.altermes.fr\/en\/les-infos-du-jour\/anomalies-recurrentes-en-dsn-lurssaf-vous-accompagne\/\"><h3>Anomalies r\u00e9currentes en DSN\u202f: l\u2019Urssaf vous accompagne\u202f!<\/h3><\/a>\n                                    <p class=\"use-case-category\"><a href=\"https:\/\/www.altermes.fr\/en\/weblex-importer-categories\/actualites\/\" rel=\"tag\">Actualit\u00e9s<\/a>, <a href=\"https:\/\/www.altermes.fr\/en\/weblex-importer-categories\/infos-sociales\/\" rel=\"tag\">Infos Sociales<\/a><\/p>\n                                    <p class=\"edc-content\">Parce que certaines anomalies sont souvent constat\u00e9es en DSN, l\u2019Urssaf vient de publier la conduite \u00e0 tenir pour corriger 7 des anomalies les plus fr\u00e9quemment constat\u00e9es. Focus.DSN\u202f: correctio...<\/p>                                <\/div>\n                                                                <div class=\"case-study-item weblex-article\">\n                                                                            <a href=\"https:\/\/www.altermes.fr\/en\/les-infos-du-jour\/tva-a-taux-reduit-et-pour-les-professionnels-de-parachutisme\/\">\n                                            <img decoding=\"async\" width=\"600\" height=\"400\" src=\"https:\/\/www.altermes.fr\/wp-content\/uploads\/2025\/07\/Shutterstock_tvaparachustiste.jpg\" class=\"attachment-custom-thumbnail size-custom-thumbnail wp-post-image\" alt=\"\" srcset=\"https:\/\/www.altermes.fr\/wp-content\/uploads\/2025\/07\/Shutterstock_tvaparachustiste.jpg 600w, https:\/\/www.altermes.fr\/wp-content\/uploads\/2025\/07\/Shutterstock_tvaparachustiste-480x320.jpg 480w\" sizes=\"(min-width: 0px) and (max-width: 480px) 480px, (min-width: 481px) 600px, 100vw\">                                        <\/a>\n                                                                        <a href=\"https:\/\/www.altermes.fr\/en\/les-infos-du-jour\/tva-a-taux-reduit-et-pour-les-professionnels-de-parachutisme\/\"><h3>TVA \u00e0 taux r\u00e9duit\u202f : et pour les professionnels de parachutisme\u202f?<\/h3><\/a>\n                                    <p class=\"use-case-category\"><a href=\"https:\/\/www.altermes.fr\/en\/weblex-importer-categories\/actualites\/\" rel=\"tag\">Actualit\u00e9s<\/a>, <a href=\"https:\/\/www.altermes.fr\/en\/weblex-importer-categories\/infos-fiscales\/\" rel=\"tag\">Infos Fiscales<\/a><\/p>\n                                    <p class=\"edc-content\">Les activit\u00e9s propos\u00e9es par les exploitants professionnels de parachutisme sont soumises au taux normal de TVA. Une situation qui soul\u00e8ve une interrogation, estime une d\u00e9put\u00e9e qui voit pourtant d...<\/p>                                <\/div>\n                                                                <div class=\"case-study-item weblex-article\">\n                                                                            <a href=\"https:\/\/www.altermes.fr\/en\/les-infos-du-jour\/praticien-et-auxiliaire-medical-plafonnement-des-sommes-payees-par-carte-bancaire-a-lurssaf\/\">\n                                            <img decoding=\"async\" width=\"600\" height=\"400\" src=\"https:\/\/www.altermes.fr\/wp-content\/uploads\/2025\/07\/Shutterstock_urssafcartebancaire.jpg\" class=\"attachment-custom-thumbnail size-custom-thumbnail wp-post-image\" alt=\"\" srcset=\"https:\/\/www.altermes.fr\/wp-content\/uploads\/2025\/07\/Shutterstock_urssafcartebancaire.jpg 600w, https:\/\/www.altermes.fr\/wp-content\/uploads\/2025\/07\/Shutterstock_urssafcartebancaire-480x320.jpg 480w\" sizes=\"(min-width: 0px) and (max-width: 480px) 480px, (min-width: 481px) 600px, 100vw\">                                        <\/a>\n                                                                        <a href=\"https:\/\/www.altermes.fr\/en\/les-infos-du-jour\/praticien-et-auxiliaire-medical-plafonnement-des-sommes-payees-par-carte-bancaire-a-lurssaf\/\"><h3>Praticien et auxiliaire m\u00e9dical\u202f: plafonnement des sommes pay\u00e9es par carte bancaire \u00e0 l\u2019Urssaf\u202f!<\/h3><\/a>\n                                    <p class=\"use-case-category\"><a href=\"https:\/\/www.altermes.fr\/en\/weblex-importer-categories\/actualites\/\" rel=\"tag\">Actualit\u00e9s<\/a>, <a href=\"https:\/\/www.altermes.fr\/en\/weblex-importer-categories\/infos-sociales\/\" rel=\"tag\">Infos Sociales<\/a><\/p>\n                                    <p class=\"edc-content\">D\u00e8s le 21 juillet 2025, les modalit\u00e9s de paiement \u00e0 l\u2019Urssaf \u00e9voluent pour les praticiens et auxiliaires m\u00e9dicaux. En effet, il ne sera plus possible pour eux de s\u2019acquitter du paiement des c...<\/p>                                <\/div>\n                                                                <div class=\"case-study-item weblex-article\">\n                                                                            <a href=\"https:\/\/www.altermes.fr\/en\/les-infos-du-jour\/credit-dimpot-recherche-exclusion-officielle-de-certaines-depenses\/\">\n                                            <img decoding=\"async\" width=\"600\" height=\"400\" src=\"https:\/\/www.altermes.fr\/wp-content\/uploads\/2025\/07\/Shutterstock_cir.jpg\" class=\"attachment-custom-thumbnail size-custom-thumbnail wp-post-image\" alt=\"\" srcset=\"https:\/\/www.altermes.fr\/wp-content\/uploads\/2025\/07\/Shutterstock_cir.jpg 600w, https:\/\/www.altermes.fr\/wp-content\/uploads\/2025\/07\/Shutterstock_cir-480x320.jpg 480w\" sizes=\"(min-width: 0px) and (max-width: 480px) 480px, (min-width: 481px) 600px, 100vw\">                                        <\/a>\n                                                                        <a href=\"https:\/\/www.altermes.fr\/en\/les-infos-du-jour\/credit-dimpot-recherche-exclusion-officielle-de-certaines-depenses\/\"><h3>Cr\u00e9dit d\u2019imp\u00f4t recherche\u202f: exclusion officielle de certaines d\u00e9penses<\/h3><\/a>\n                                    <p class=\"use-case-category\"><a href=\"https:\/\/www.altermes.fr\/en\/weblex-importer-categories\/actualites\/\" rel=\"tag\">Actualit\u00e9s<\/a>, <a href=\"https:\/\/www.altermes.fr\/en\/weblex-importer-categories\/infos-fiscales\/\" rel=\"tag\">Infos Fiscales<\/a><\/p>\n                                    <p class=\"edc-content\">La loi de finances pour 2025 a am\u00e9nag\u00e9 le calcul du cr\u00e9dit d\u2019imp\u00f4t recherche en excluant, pour le calcul du seuil de 100\u202f000 millions d\u2019euros de d\u00e9penses, certaines d\u00e9penses (de veille tec...<\/p>                                <\/div>\n                                                                <div class=\"case-study-item weblex-article\">\n                                                                            <a href=\"https:\/\/www.altermes.fr\/en\/les-infos-du-jour\/lutte-contre-les-accidents-du-travail-graves-et-mortels-du-nouveau\/\">\n                                            <img decoding=\"async\" width=\"600\" height=\"400\" src=\"https:\/\/www.altermes.fr\/wp-content\/uploads\/2025\/07\/Shutterstock_accidenttravailgravemortel.jpg\" class=\"attachment-custom-thumbnail size-custom-thumbnail wp-post-image\" alt=\"\" srcset=\"https:\/\/www.altermes.fr\/wp-content\/uploads\/2025\/07\/Shutterstock_accidenttravailgravemortel.jpg 600w, https:\/\/www.altermes.fr\/wp-content\/uploads\/2025\/07\/Shutterstock_accidenttravailgravemortel-480x320.jpg 480w\" sizes=\"(min-width: 0px) and (max-width: 480px) 480px, (min-width: 481px) 600px, 100vw\">                                        <\/a>\n                                                                        <a href=\"https:\/\/www.altermes.fr\/en\/les-infos-du-jour\/lutte-contre-les-accidents-du-travail-graves-et-mortels-du-nouveau\/\"><h3>Lutte contre les accidents du travail graves et mortels\u202f: du nouveau\u202f!\u00a0\u00a0<\/h3><\/a>\n                                    <p class=\"use-case-category\"><a href=\"https:\/\/www.altermes.fr\/en\/weblex-importer-categories\/actualites\/\" rel=\"tag\">Actualit\u00e9s<\/a>, <a href=\"https:\/\/www.altermes.fr\/en\/weblex-importer-categories\/infos-sociales\/\" rel=\"tag\">Infos Sociales<\/a><\/p>\n                                    <p class=\"edc-content\">Pour lutter contre les accidents de travail graves et mortels, un renforcement des sanctions et de la politique p\u00e9nale appliqu\u00e9es aux entreprises qui manqueraient \u00e0 leur obligation de s\u00e9curit\u00e9 es...<\/p>                                <\/div>\n                                                                <div class=\"case-study-item weblex-article\">\n                                                                            <a href=\"https:\/\/www.altermes.fr\/en\/les-infos-du-jour\/raccordement-a-la-fibre-optique-une-aide-financiere-est-prevue\/\">\n                                            <img decoding=\"async\" width=\"600\" height=\"400\" src=\"https:\/\/www.altermes.fr\/wp-content\/uploads\/2025\/07\/Shutterstock_raccordementfibreoptique.jpg\" class=\"attachment-custom-thumbnail size-custom-thumbnail wp-post-image\" alt=\"\" srcset=\"https:\/\/www.altermes.fr\/wp-content\/uploads\/2025\/07\/Shutterstock_raccordementfibreoptique.jpg 600w, https:\/\/www.altermes.fr\/wp-content\/uploads\/2025\/07\/Shutterstock_raccordementfibreoptique-480x320.jpg 480w\" sizes=\"(min-width: 0px) and (max-width: 480px) 480px, (min-width: 481px) 600px, 100vw\">                                        <\/a>\n                                                                        <a href=\"https:\/\/www.altermes.fr\/en\/les-infos-du-jour\/raccordement-a-la-fibre-optique-une-aide-financiere-est-prevue\/\"><h3>Raccordement \u00e0 la fibre optique : une aide financi\u00e8re est pr\u00e9vue\u202f!<\/h3><\/a>\n                                    <p class=\"use-case-category\"><a href=\"https:\/\/www.altermes.fr\/en\/weblex-importer-categories\/actualites\/\" rel=\"tag\">Actualit\u00e9s<\/a>, <a href=\"https:\/\/www.altermes.fr\/en\/weblex-importer-categories\/le-coin-du-dirigeant\/\" rel=\"tag\">Le coin du dirigeant<\/a><\/p>\n                                    <p class=\"edc-content\">Depuis plusieurs ann\u00e9es, le r\u00e9seau de la fibre optique est d\u00e9ploy\u00e9 sur tout le territoire. Pourtant, parce que des travaux de raccordement sont n\u00e9cessaires dans des parties priv\u00e9es, engendrant d...<\/p>                                <\/div>\n                                                                <div class=\"case-study-item weblex-article\">\n                                                                            <a href=\"https:\/\/www.altermes.fr\/en\/les-infos-du-jour\/report-de-la-suppression-de-la-cvae-report-des-adaptations-necessaires\/\">\n                                            <img decoding=\"async\" width=\"600\" height=\"400\" src=\"https:\/\/www.altermes.fr\/wp-content\/uploads\/2025\/07\/Shutterstock_cvae.jpg\" class=\"attachment-custom-thumbnail size-custom-thumbnail wp-post-image\" alt=\"\" srcset=\"https:\/\/www.altermes.fr\/wp-content\/uploads\/2025\/07\/Shutterstock_cvae.jpg 600w, https:\/\/www.altermes.fr\/wp-content\/uploads\/2025\/07\/Shutterstock_cvae-480x320.jpg 480w\" sizes=\"(min-width: 0px) and (max-width: 480px) 480px, (min-width: 481px) 600px, 100vw\">                                        <\/a>\n                                                                        <a href=\"https:\/\/www.altermes.fr\/en\/les-infos-du-jour\/report-de-la-suppression-de-la-cvae-report-des-adaptations-necessaires\/\"><h3>Report de la suppression de la CVAE : report des adaptations n\u00e9cessaires\u202f?<\/h3><\/a>\n                                    <p class=\"use-case-category\"><a href=\"https:\/\/www.altermes.fr\/en\/weblex-importer-categories\/actualites\/\" rel=\"tag\">Actualit\u00e9s<\/a>, <a href=\"https:\/\/www.altermes.fr\/en\/weblex-importer-categories\/infos-fiscales\/\" rel=\"tag\">Infos Fiscales<\/a><\/p>\n                                    <p class=\"edc-content\">La suppression de la cotisation sur la valeur ajout\u00e9e des entreprises (CVAE), qui devait avoir lieu au 1er janvier 2024, a n\u00e9cessit\u00e9 la mise en place de mesures d\u2019adaptation notamment pour les en...<\/p>                                <\/div>\n                                                                <div class=\"case-study-item weblex-article\">\n                                                                            <a href=\"https:\/\/www.altermes.fr\/en\/les-infos-du-jour\/cpf-on-connait-les-modalites-de-prise-en-charge-de-la-validation-dacquis-par-lexperience\/\">\n                                            <img decoding=\"async\" width=\"600\" height=\"400\" src=\"https:\/\/www.altermes.fr\/wp-content\/uploads\/2025\/07\/Shutterstock_cpf.jpg\" class=\"attachment-custom-thumbnail size-custom-thumbnail wp-post-image\" alt=\"\" srcset=\"https:\/\/www.altermes.fr\/wp-content\/uploads\/2025\/07\/Shutterstock_cpf.jpg 600w, https:\/\/www.altermes.fr\/wp-content\/uploads\/2025\/07\/Shutterstock_cpf-480x320.jpg 480w\" sizes=\"(min-width: 0px) and (max-width: 480px) 480px, (min-width: 481px) 600px, 100vw\">                                        <\/a>\n                                                                        <a href=\"https:\/\/www.altermes.fr\/en\/les-infos-du-jour\/cpf-on-connait-les-modalites-de-prise-en-charge-de-la-validation-dacquis-par-lexperience\/\"><h3>CPF\u202f: on conna\u00eet les modalit\u00e9s de prise en charge de la validation d\u2019acquis par l\u2019exp\u00e9rience  \u202f<\/h3><\/a>\n                                    <p class=\"use-case-category\"><a href=\"https:\/\/www.altermes.fr\/en\/weblex-importer-categories\/actualites\/\" rel=\"tag\">Actualit\u00e9s<\/a>, <a href=\"https:\/\/www.altermes.fr\/en\/weblex-importer-categories\/infos-sociales\/\" rel=\"tag\">Infos Sociales<\/a><\/p>\n                                    <p class=\"edc-content\">Les actions permettant de faire valider les acquis de l\u2019exp\u00e9rience (VAE) peuvent \u00eatre \u00e9ligibles au compte personnel de formation (CPF) selon des modalit\u00e9s qui viennent tout juste d\u2019\u00eatre d\u00e9fi...<\/p>                                <\/div>\n                                                                <div class=\"case-study-item weblex-article\">\n                                                                            <a href=\"https:\/\/www.altermes.fr\/en\/les-infos-du-jour\/taxe-sur-les-conventions-dassurances-cest-deja-parti-pour-les-nouveautes\/\">\n                                            <img decoding=\"async\" width=\"600\" height=\"400\" src=\"https:\/\/www.altermes.fr\/wp-content\/uploads\/2025\/07\/Shutterstock_taxeconventionsassurances.jpg\" class=\"attachment-custom-thumbnail size-custom-thumbnail wp-post-image\" alt=\"\" srcset=\"https:\/\/www.altermes.fr\/wp-content\/uploads\/2025\/07\/Shutterstock_taxeconventionsassurances.jpg 600w, https:\/\/www.altermes.fr\/wp-content\/uploads\/2025\/07\/Shutterstock_taxeconventionsassurances-480x320.jpg 480w\" sizes=\"(min-width: 0px) and (max-width: 480px) 480px, (min-width: 481px) 600px, 100vw\">                                        <\/a>\n                                                                        <a href=\"https:\/\/www.altermes.fr\/en\/les-infos-du-jour\/taxe-sur-les-conventions-dassurances-cest-deja-parti-pour-les-nouveautes\/\"><h3>Taxe sur les conventions d\u2019assurances\u202f: c\u2019est (d\u00e9j\u00e0\u202f?) parti pour les nouveaut\u00e9s<\/h3><\/a>\n                                    <p class=\"use-case-category\"><a href=\"https:\/\/www.altermes.fr\/en\/weblex-importer-categories\/actualites\/\" rel=\"tag\">Actualit\u00e9s<\/a>, <a href=\"https:\/\/www.altermes.fr\/en\/weblex-importer-categories\/infos-fiscales\/\" rel=\"tag\">Infos Fiscales<\/a><\/p>\n                                    <p class=\"edc-content\">La loi de finances pour 2025 a modifi\u00e9 les tarifs de la taxe sur les conventions d\u2019assurances (TCA) et a cr\u00e9\u00e9 une exon\u00e9ration pour les assurances de groupe souscrites par un employeur public au ...<\/p>                                <\/div>\n                                                                <div class=\"case-study-item weblex-article\">\n                                                                            <a href=\"https:\/\/www.altermes.fr\/en\/les-infos-du-jour\/prise-en-charge-des-cotisations-sociales-par-la-msa-assouplissement-de-la-procedure\/\">\n                                            <img decoding=\"async\" width=\"600\" height=\"400\" src=\"https:\/\/www.altermes.fr\/wp-content\/uploads\/2025\/07\/Shutterstock_cotisationssocialesmsa.jpg\" class=\"attachment-custom-thumbnail size-custom-thumbnail wp-post-image\" alt=\"\" srcset=\"https:\/\/www.altermes.fr\/wp-content\/uploads\/2025\/07\/Shutterstock_cotisationssocialesmsa.jpg 600w, https:\/\/www.altermes.fr\/wp-content\/uploads\/2025\/07\/Shutterstock_cotisationssocialesmsa-480x320.jpg 480w\" sizes=\"(min-width: 0px) and (max-width: 480px) 480px, (min-width: 481px) 600px, 100vw\">                                        <\/a>\n                                                                        <a href=\"https:\/\/www.altermes.fr\/en\/les-infos-du-jour\/prise-en-charge-des-cotisations-sociales-par-la-msa-assouplissement-de-la-procedure\/\"><h3>Prise en charge des cotisations sociales par la MSA\u202f: assouplissement de la proc\u00e9dure<\/h3><\/a>\n                                    <p class=\"use-case-category\"><a href=\"https:\/\/www.altermes.fr\/en\/weblex-importer-categories\/actualites\/\" rel=\"tag\">Actualit\u00e9s<\/a>, <a href=\"https:\/\/www.altermes.fr\/en\/weblex-importer-categories\/infos-sociales\/\" rel=\"tag\">Infos Sociales<\/a><\/p>\n                                    <p class=\"edc-content\">Parmi ses actions sociales et sanitaires, la mutualit\u00e9 sociale agricole (MSA) peut prendre \u00e0 sa charge les cotisations sociales dues par un non-salari\u00e9 agricole qui rencontre des difficult\u00e9s momen...<\/p>                                <\/div>\n                                                                <div class=\"case-study-item weblex-article\">\n                                                                            <a href=\"https:\/\/www.altermes.fr\/en\/les-infos-du-jour\/debitants-de-tabac-precision-sur-la-retraite-des-gerants\/\">\n                                            <img decoding=\"async\" width=\"600\" height=\"400\" src=\"https:\/\/www.altermes.fr\/wp-content\/uploads\/2025\/07\/Shutterstock_debitanttabac.jpg\" class=\"attachment-custom-thumbnail size-custom-thumbnail wp-post-image\" alt=\"\" srcset=\"https:\/\/www.altermes.fr\/wp-content\/uploads\/2025\/07\/Shutterstock_debitanttabac.jpg 600w, https:\/\/www.altermes.fr\/wp-content\/uploads\/2025\/07\/Shutterstock_debitanttabac-480x320.jpg 480w\" sizes=\"(min-width: 0px) and (max-width: 480px) 480px, (min-width: 481px) 600px, 100vw\">                                        <\/a>\n                                                                        <a href=\"https:\/\/www.altermes.fr\/en\/les-infos-du-jour\/debitants-de-tabac-precision-sur-la-retraite-des-gerants\/\"><h3>D\u00e9bitants de tabac : pr\u00e9cision sur la retraite des g\u00e9rants<\/h3><\/a>\n                                    <p class=\"use-case-category\"><a href=\"https:\/\/www.altermes.fr\/en\/weblex-importer-categories\/actualites\/\" rel=\"tag\">Actualit\u00e9s<\/a>, <a href=\"https:\/\/www.altermes.fr\/en\/weblex-importer-categories\/infos-juridiques\/\" rel=\"tag\">Infos juridiques<\/a><\/p>\n                                    <p class=\"edc-content\">Les g\u00e9rants de d\u00e9bits de tabac sont soumis \u00e0 un r\u00e9gime de retraite obligatoire mis en place en 1963. Les modalit\u00e9s de calcul concernant ce r\u00e9gime particulier \u00e9voluent\u2026La \u00ab valeur de service ...<\/p>                                <\/div>\n                                                                <div class=\"case-study-item weblex-article\">\n                                                                            <a href=\"https:\/\/www.altermes.fr\/en\/les-infos-du-jour\/jeunes-entreprises-innovantes-jei-en-route-pour-de-nouvelles-conditions\/\">\n                                            <img decoding=\"async\" width=\"600\" height=\"400\" src=\"https:\/\/www.altermes.fr\/wp-content\/uploads\/2025\/07\/Shutterstock_JEInouvellesconditions.jpg\" class=\"attachment-custom-thumbnail size-custom-thumbnail wp-post-image\" alt=\"\" srcset=\"https:\/\/www.altermes.fr\/wp-content\/uploads\/2025\/07\/Shutterstock_JEInouvellesconditions.jpg 600w, https:\/\/www.altermes.fr\/wp-content\/uploads\/2025\/07\/Shutterstock_JEInouvellesconditions-480x320.jpg 480w\" sizes=\"(min-width: 0px) and (max-width: 480px) 480px, (min-width: 481px) 600px, 100vw\">                                        <\/a>\n                                                                        <a href=\"https:\/\/www.altermes.fr\/en\/les-infos-du-jour\/jeunes-entreprises-innovantes-jei-en-route-pour-de-nouvelles-conditions\/\"><h3>Jeunes entreprises innovantes (JEI) : en route pour de nouvelles conditions<\/h3><\/a>\n                                    <p class=\"use-case-category\"><a href=\"https:\/\/www.altermes.fr\/en\/weblex-importer-categories\/actualites\/\" rel=\"tag\">Actualit\u00e9s<\/a>, <a href=\"https:\/\/www.altermes.fr\/en\/weblex-importer-categories\/infos-fiscales\/\" rel=\"tag\">Infos Fiscales<\/a><\/p>\n                                    <p class=\"edc-content\">Les lois de finances pour 2025 ont fix\u00e9 de nouvelles conditions pour b\u00e9n\u00e9ficier du statut de \u00ab Jeune entreprise innovante \u00bb (JEI). Mais lesquelles et depuis quand sont-elles applicables ? R\u00e9pons...<\/p>                                <\/div>\n                                                                <div class=\"case-study-item weblex-article\">\n                                                                            <a href=\"https:\/\/www.altermes.fr\/en\/les-infos-du-jour\/etablissements-sociaux-et-medico-sociaux-et-tva-un-taux-reduit-pour-tous-les-hebergements\/\">\n                                            <img decoding=\"async\" width=\"600\" height=\"400\" src=\"https:\/\/www.altermes.fr\/wp-content\/uploads\/2025\/07\/Shutterstock_tvaetablitmedico.jpg\" class=\"attachment-custom-thumbnail size-custom-thumbnail wp-post-image\" alt=\"\" srcset=\"https:\/\/www.altermes.fr\/wp-content\/uploads\/2025\/07\/Shutterstock_tvaetablitmedico.jpg 600w, https:\/\/www.altermes.fr\/wp-content\/uploads\/2025\/07\/Shutterstock_tvaetablitmedico-480x320.jpg 480w\" sizes=\"(min-width: 0px) and (max-width: 480px) 480px, (min-width: 481px) 600px, 100vw\">                                        <\/a>\n                                                                        <a href=\"https:\/\/www.altermes.fr\/en\/les-infos-du-jour\/etablissements-sociaux-et-medico-sociaux-et-tva-un-taux-reduit-pour-tous-les-hebergements\/\"><h3>Etablissements sociaux et m\u00e9dico-sociaux et TVA : un taux r\u00e9duit pour tous les h\u00e9bergements ?<\/h3><\/a>\n                                    <p class=\"use-case-category\"><a href=\"https:\/\/www.altermes.fr\/en\/weblex-importer-categories\/actualites\/\" rel=\"tag\">Actualit\u00e9s<\/a>, <a href=\"https:\/\/www.altermes.fr\/en\/weblex-importer-categories\/infos-fiscales\/\" rel=\"tag\">Infos Fiscales<\/a><\/p>\n                                    <p class=\"edc-content\">Les ventes et livraisons \u00e0 soi-m\u00eame de locaux directement destin\u00e9s ou mis \u00e0 la disposition des \u00e9tablissements \u00e0 caract\u00e8re social ou m\u00e9dico-social qui assurent un h\u00e9bergement de jour et de nui...<\/p>                                <\/div>\n                                                                <div class=\"case-study-item weblex-article\">\n                                                                            <a href=\"https:\/\/www.altermes.fr\/en\/les-infos-du-jour\/securite-des-professionnels-de-sante-trouver-les-solutions\/\">\n                                            <img decoding=\"async\" width=\"600\" height=\"400\" src=\"https:\/\/www.altermes.fr\/wp-content\/uploads\/2025\/07\/Shutterstock_securiteprosante.jpg\" class=\"attachment-custom-thumbnail size-custom-thumbnail wp-post-image\" alt=\"\" srcset=\"https:\/\/www.altermes.fr\/wp-content\/uploads\/2025\/07\/Shutterstock_securiteprosante.jpg 600w, https:\/\/www.altermes.fr\/wp-content\/uploads\/2025\/07\/Shutterstock_securiteprosante-480x320.jpg 480w\" sizes=\"(min-width: 0px) and (max-width: 480px) 480px, (min-width: 481px) 600px, 100vw\">                                        <\/a>\n                                                                        <a href=\"https:\/\/www.altermes.fr\/en\/les-infos-du-jour\/securite-des-professionnels-de-sante-trouver-les-solutions\/\"><h3>S\u00e9curit\u00e9 des professionnels de sant\u00e9 : trouver les solutions<\/h3><\/a>\n                                    <p class=\"use-case-category\"><a href=\"https:\/\/www.altermes.fr\/en\/weblex-importer-categories\/actualites\/\" rel=\"tag\">Actualit\u00e9s<\/a>, <a href=\"https:\/\/www.altermes.fr\/en\/weblex-importer-categories\/infos-juridiques\/\" rel=\"tag\">Infos juridiques<\/a><\/p>\n                                    <p class=\"edc-content\">Parmi les probl\u00e8mes r\u00e9currents qui viennent aggraver la situation du syst\u00e8me de sant\u00e9 en France figure en bonne place la s\u00e9curit\u00e9 des soignants. Les actes de violence \u00e0 leur encontre se sont mu...<\/p>                                <\/div>\n                                                                <div class=\"case-study-item weblex-article\">\n                                                                            <a href=\"https:\/\/www.altermes.fr\/en\/les-infos-du-jour\/taxe-dhabitation-des-exonerations-sous-de-nouvelles-conditions\/\">\n                                            <img decoding=\"async\" width=\"600\" height=\"400\" src=\"https:\/\/www.altermes.fr\/wp-content\/uploads\/2025\/07\/Shutterstock_exotaxehabitation.jpg\" class=\"attachment-custom-thumbnail size-custom-thumbnail wp-post-image\" alt=\"\" srcset=\"https:\/\/www.altermes.fr\/wp-content\/uploads\/2025\/07\/Shutterstock_exotaxehabitation.jpg 600w, https:\/\/www.altermes.fr\/wp-content\/uploads\/2025\/07\/Shutterstock_exotaxehabitation-480x320.jpg 480w\" sizes=\"(min-width: 0px) and (max-width: 480px) 480px, (min-width: 481px) 600px, 100vw\">                                        <\/a>\n                                                                        <a href=\"https:\/\/www.altermes.fr\/en\/les-infos-du-jour\/taxe-dhabitation-des-exonerations-sous-de-nouvelles-conditions\/\"><h3>Taxe d\u2019habitation : des exon\u00e9rations sous de nouvelles conditions !<\/h3><\/a>\n                                    <p class=\"use-case-category\"><a href=\"https:\/\/www.altermes.fr\/en\/weblex-importer-categories\/actualites\/\" rel=\"tag\">Actualit\u00e9s<\/a>, <a href=\"https:\/\/www.altermes.fr\/en\/weblex-importer-categories\/infos-fiscales\/\" rel=\"tag\">Infos Fiscales<\/a><\/p>\n                                    <p class=\"edc-content\">Les personnes publiques et certains organismes qui loue des h\u00e9bergements \u00e0 des personnes en difficult\u00e9, ainsi que les organismes priv\u00e9s h\u00e9bergeant des \u00e9tudiants b\u00e9n\u00e9ficient, toutes conditions ...<\/p>                                <\/div>\n                                                                <div class=\"case-study-item weblex-article\">\n                                                                            <a href=\"https:\/\/www.altermes.fr\/en\/les-infos-du-jour\/versement-mobilite-regional-et-rural-des-precisions-de-ladministration\/\">\n                                            <img decoding=\"async\" width=\"600\" height=\"400\" src=\"https:\/\/www.altermes.fr\/wp-content\/uploads\/2025\/07\/Shutterstock_versementmobiliteregional.jpg\" class=\"attachment-custom-thumbnail size-custom-thumbnail wp-post-image\" alt=\"\" srcset=\"https:\/\/www.altermes.fr\/wp-content\/uploads\/2025\/07\/Shutterstock_versementmobiliteregional.jpg 600w, https:\/\/www.altermes.fr\/wp-content\/uploads\/2025\/07\/Shutterstock_versementmobiliteregional-480x320.jpg 480w\" sizes=\"(min-width: 0px) and (max-width: 480px) 480px, (min-width: 481px) 600px, 100vw\">                                        <\/a>\n                                                                        <a href=\"https:\/\/www.altermes.fr\/en\/les-infos-du-jour\/versement-mobilite-regional-et-rural-des-precisions-de-ladministration\/\"><h3>Versement mobilit\u00e9 r\u00e9gional et rural : des pr\u00e9cisions de l\u2019administration<\/h3><\/a>\n                                    <p class=\"use-case-category\"><a href=\"https:\/\/www.altermes.fr\/en\/weblex-importer-categories\/actualites\/\" rel=\"tag\">Actualit\u00e9s<\/a>, <a href=\"https:\/\/www.altermes.fr\/en\/weblex-importer-categories\/infos-sociales\/\" rel=\"tag\">Infos Sociales<\/a><\/p>\n                                    <p class=\"edc-content\">Institu\u00e9 par la loi de finances pour 2025, un versement mobilit\u00e9 r\u00e9gional et rural (VMRR) va prochainement \u00eatre institu\u00e9 dans 2 r\u00e9gions suite \u00e0 la d\u00e9lib\u00e9ration de leurs organes d\u00e9lib\u00e9rants....<\/p>                                <\/div>\n                                                                <div class=\"case-study-item weblex-article\">\n                                                                            <a href=\"https:\/\/www.altermes.fr\/en\/les-infos-du-jour\/exoneration-de-taxe-fonciere-sous-conditions-de-revenus\/\">\n                                            <img decoding=\"async\" width=\"600\" height=\"400\" src=\"https:\/\/www.altermes.fr\/wp-content\/uploads\/2025\/07\/Shutterstock_exonC3A9rationTFPB.jpg\" class=\"attachment-custom-thumbnail size-custom-thumbnail wp-post-image\" alt=\"\" srcset=\"https:\/\/www.altermes.fr\/wp-content\/uploads\/2025\/07\/Shutterstock_exonC3A9rationTFPB.jpg 600w, https:\/\/www.altermes.fr\/wp-content\/uploads\/2025\/07\/Shutterstock_exonC3A9rationTFPB-480x320.jpg 480w\" sizes=\"(min-width: 0px) and (max-width: 480px) 480px, (min-width: 481px) 600px, 100vw\">                                        <\/a>\n                                                                        <a href=\"https:\/\/www.altermes.fr\/en\/les-infos-du-jour\/exoneration-de-taxe-fonciere-sous-conditions-de-revenus\/\"><h3>Exon\u00e9ration de taxe fonci\u00e8re : sous conditions de revenus<\/h3><\/a>\n                                    <p class=\"use-case-category\"><a href=\"https:\/\/www.altermes.fr\/en\/weblex-importer-categories\/actualites\/\" rel=\"tag\">Actualit\u00e9s<\/a>, <a href=\"https:\/\/www.altermes.fr\/en\/weblex-importer-categories\/le-coin-du-dirigeant\/\" rel=\"tag\">Le coin du dirigeant<\/a><\/p>\n                                    <p class=\"edc-content\">Certaines personnes b\u00e9n\u00e9ficient, toutes conditions par ailleurs remplies, d\u2019une exon\u00e9ration ou d\u2019un d\u00e9gr\u00e8vement de taxe fonci\u00e8re sur les propri\u00e9t\u00e9s b\u00e2ties (TFPB) d\u00e8s lors que le montant ...<\/p>                                <\/div>\n                                                                <div class=\"case-study-item weblex-article\">\n                                                                            <a href=\"https:\/\/www.altermes.fr\/en\/les-infos-du-jour\/tva-et-exploitation-de-limage-des-sportifs-le-sort-du-match-est-scelle\/\">\n                                            <img decoding=\"async\" width=\"600\" height=\"400\" src=\"https:\/\/www.altermes.fr\/wp-content\/uploads\/2025\/07\/Shutterstock_TVAexploitationsportif.jpg\" class=\"attachment-custom-thumbnail size-custom-thumbnail wp-post-image\" alt=\"\" srcset=\"https:\/\/www.altermes.fr\/wp-content\/uploads\/2025\/07\/Shutterstock_TVAexploitationsportif.jpg 600w, https:\/\/www.altermes.fr\/wp-content\/uploads\/2025\/07\/Shutterstock_TVAexploitationsportif-480x320.jpg 480w\" sizes=\"(min-width: 0px) and (max-width: 480px) 480px, (min-width: 481px) 600px, 100vw\">                                        <\/a>\n                                                                        <a href=\"https:\/\/www.altermes.fr\/en\/les-infos-du-jour\/tva-et-exploitation-de-limage-des-sportifs-le-sort-du-match-est-scelle\/\"><h3>TVA et exploitation de l\u2019image des sportifs : le sort du match est scell\u00e9 !<\/h3><\/a>\n                                    <p class=\"use-case-category\"><a href=\"https:\/\/www.altermes.fr\/en\/weblex-importer-categories\/actualites\/\" rel=\"tag\">Actualit\u00e9s<\/a>, <a href=\"https:\/\/www.altermes.fr\/en\/weblex-importer-categories\/infos-fiscales\/\" rel=\"tag\">Infos Fiscales<\/a><\/p>\n                                    <p class=\"edc-content\">Les sportifs et entra\u00eeneurs professionnels peuvent conclure, avec les clubs qui les emploient, des contrats d\u2019exploitation de leur image, de leur nom ou de leur voix. Mais les redevances vers\u00e9es d...<\/p>                                <\/div>\n                                                                <div class=\"case-study-item weblex-article\">\n                                                                            <a href=\"https:\/\/www.altermes.fr\/en\/les-infos-du-jour\/blessures-et-homicide-routiers-de-nouveaux-delits-pour-sanctionner-les-comportements-dangereux\/\">\n                                            <img decoding=\"async\" width=\"600\" height=\"400\" src=\"https:\/\/www.altermes.fr\/wp-content\/uploads\/2025\/07\/Shutterstock_blessuresethomicidesroutiers.jpg\" class=\"attachment-custom-thumbnail size-custom-thumbnail wp-post-image\" alt=\"\" srcset=\"https:\/\/www.altermes.fr\/wp-content\/uploads\/2025\/07\/Shutterstock_blessuresethomicidesroutiers.jpg 600w, https:\/\/www.altermes.fr\/wp-content\/uploads\/2025\/07\/Shutterstock_blessuresethomicidesroutiers-480x320.jpg 480w\" sizes=\"(min-width: 0px) and (max-width: 480px) 480px, (min-width: 481px) 600px, 100vw\">                                        <\/a>\n                                                                        <a href=\"https:\/\/www.altermes.fr\/en\/les-infos-du-jour\/blessures-et-homicide-routiers-de-nouveaux-delits-pour-sanctionner-les-comportements-dangereux\/\"><h3>Blessures et homicide routiers : de nouveaux d\u00e9lits pour sanctionner les comportements dangereux<\/h3><\/a>\n                                    <p class=\"use-case-category\"><a href=\"https:\/\/www.altermes.fr\/en\/weblex-importer-categories\/actualites\/\" rel=\"tag\">Actualit\u00e9s<\/a>, <a href=\"https:\/\/www.altermes.fr\/en\/weblex-importer-categories\/infos-juridiques\/\" rel=\"tag\">Infos juridiques<\/a><\/p>\n                                    <p class=\"edc-content\">En 2024, les accidents de la route ont caus\u00e9 233 000 bless\u00e9s, soit 0,8 % de moins qu\u2019en 2023, et entra\u00een\u00e9 3 190 d\u00e9c\u00e8s, contre 3 167 en 2023. Si la tendance de l\u2019accidentalit\u00e9 routi\u00e8re rest...<\/p>                                <\/div>\n                                                                <div class=\"case-study-item weblex-article\">\n                                                                            <a href=\"https:\/\/www.altermes.fr\/en\/les-infos-du-jour\/regime-de-retraite-complementaire-extension-aux-beneficiaires-de-lapld-rebond\/\">\n                                            <img decoding=\"async\" width=\"600\" height=\"400\" src=\"https:\/\/www.altermes.fr\/wp-content\/uploads\/2025\/07\/Shutterstock_alpdrebond.jpg\" class=\"attachment-custom-thumbnail size-custom-thumbnail wp-post-image\" alt=\"\" srcset=\"https:\/\/www.altermes.fr\/wp-content\/uploads\/2025\/07\/Shutterstock_alpdrebond.jpg 600w, https:\/\/www.altermes.fr\/wp-content\/uploads\/2025\/07\/Shutterstock_alpdrebond-480x320.jpg 480w\" sizes=\"(min-width: 0px) and (max-width: 480px) 480px, (min-width: 481px) 600px, 100vw\">                                        <\/a>\n                                                                        <a href=\"https:\/\/www.altermes.fr\/en\/les-infos-du-jour\/regime-de-retraite-complementaire-extension-aux-beneficiaires-de-lapld-rebond\/\"><h3>R\u00e9gime de retraite compl\u00e9mentaire : extension aux b\u00e9n\u00e9ficiaires de l\u2019APLD Rebond !<\/h3><\/a>\n                                    <p class=\"use-case-category\"><a href=\"https:\/\/www.altermes.fr\/en\/weblex-importer-categories\/actualites\/\" rel=\"tag\">Actualit\u00e9s<\/a>, <a href=\"https:\/\/www.altermes.fr\/en\/weblex-importer-categories\/infos-sociales\/\" rel=\"tag\">Infos Sociales<\/a><\/p>\n                                    <p class=\"edc-content\">\u00c0 l\u2019instar des salari\u00e9s b\u00e9n\u00e9ficiant d\u2019un dispositif d\u2019activit\u00e9 partielle de droit commun, un doute demeurait sur la question de savoir si les salari\u00e9s indemnis\u00e9s au titre du dispositif de...<\/p>                                <\/div>\n                                                                <div class=\"case-study-item weblex-article\">\n                                                                            <a href=\"https:\/\/www.altermes.fr\/en\/les-infos-du-jour\/accreditation-des-representants-fiscaux-de-nouvelles-precisions\/\">\n                                            <img decoding=\"async\" width=\"600\" height=\"400\" src=\"https:\/\/www.altermes.fr\/wp-content\/uploads\/2025\/07\/Shutterstock_acrC3A9ditationdesrepresentants.jpg\" class=\"attachment-custom-thumbnail size-custom-thumbnail wp-post-image\" alt=\"\" srcset=\"https:\/\/www.altermes.fr\/wp-content\/uploads\/2025\/07\/Shutterstock_acrC3A9ditationdesrepresentants.jpg 600w, https:\/\/www.altermes.fr\/wp-content\/uploads\/2025\/07\/Shutterstock_acrC3A9ditationdesrepresentants-480x320.jpg 480w\" sizes=\"(min-width: 0px) and (max-width: 480px) 480px, (min-width: 481px) 600px, 100vw\">                                        <\/a>\n                                                                        <a href=\"https:\/\/www.altermes.fr\/en\/les-infos-du-jour\/accreditation-des-representants-fiscaux-de-nouvelles-precisions\/\"><h3>Accr\u00e9ditation des repr\u00e9sentants fiscaux : de nouvelles pr\u00e9cisions<\/h3><\/a>\n                                    <p class=\"use-case-category\"><a href=\"https:\/\/www.altermes.fr\/en\/weblex-importer-categories\/actualites\/\" rel=\"tag\">Actualit\u00e9s<\/a>, <a href=\"https:\/\/www.altermes.fr\/en\/weblex-importer-categories\/infos-fiscales\/\" rel=\"tag\">Infos Fiscales<\/a><\/p>\n                                    <p class=\"edc-content\">Sauf cas de dispense, les non-r\u00e9sidents qui r\u00e9alisent un gain, appel\u00e9 plus-value, en France lors de la vente d\u2019un bien immobilier ou mobilier doivent payer l\u2019imp\u00f4t d\u00fb sous la responsabilit\u00e9 ...<\/p>                                <\/div>\n                                                                <div class=\"case-study-item weblex-article\">\n                                                                            <a href=\"https:\/\/www.altermes.fr\/en\/les-infos-du-jour\/autorisations-de-mise-sur-le-marche-des-produits-phytopharmaceutiques-quelques-nouveautes\/\">\n                                            <img decoding=\"async\" width=\"600\" height=\"400\" src=\"https:\/\/www.altermes.fr\/wp-content\/uploads\/2025\/07\/Shutterstock_reglementationppp.jpg\" class=\"attachment-custom-thumbnail size-custom-thumbnail wp-post-image\" alt=\"\" srcset=\"https:\/\/www.altermes.fr\/wp-content\/uploads\/2025\/07\/Shutterstock_reglementationppp.jpg 600w, https:\/\/www.altermes.fr\/wp-content\/uploads\/2025\/07\/Shutterstock_reglementationppp-480x320.jpg 480w\" sizes=\"(min-width: 0px) and (max-width: 480px) 480px, (min-width: 481px) 600px, 100vw\">                                        <\/a>\n                                                                        <a href=\"https:\/\/www.altermes.fr\/en\/les-infos-du-jour\/autorisations-de-mise-sur-le-marche-des-produits-phytopharmaceutiques-quelques-nouveautes\/\"><h3>Autorisations de mise sur le march\u00e9 des produits phytopharmaceutiques : quelques nouveaut\u00e9s<\/h3><\/a>\n                                    <p class=\"use-case-category\"><a href=\"https:\/\/www.altermes.fr\/en\/weblex-importer-categories\/actualites\/\" rel=\"tag\">Actualit\u00e9s<\/a>, <a href=\"https:\/\/www.altermes.fr\/en\/weblex-importer-categories\/infos-juridiques\/\" rel=\"tag\">Infos juridiques<\/a><\/p>\n                                    <p class=\"edc-content\">En parall\u00e8le de la loi dite \u00ab Duplomb \u00bb visant \u00e0 lever les contraintes \u00e0 l\u2019exercice du m\u00e9tier d\u2019agriculteur, qui n\u2019a pas encore \u00e9t\u00e9 promulgu\u00e9e, le Gouvernement a apport\u00e9 des modificati...<\/p>                                <\/div>\n                                                                <div class=\"case-study-item weblex-article\">\n                                                                            <a href=\"https:\/\/www.altermes.fr\/en\/les-infos-du-jour\/revision-des-classifications-professionnelles-coup-daccelerateur-pour-11-branches-professionnelles\/\">\n                                            <img decoding=\"async\" width=\"600\" height=\"400\" src=\"https:\/\/www.altermes.fr\/wp-content\/uploads\/2025\/07\/Shutterstock_brachesproaidesfinancieres.jpg\" class=\"attachment-custom-thumbnail size-custom-thumbnail wp-post-image\" alt=\"\" srcset=\"https:\/\/www.altermes.fr\/wp-content\/uploads\/2025\/07\/Shutterstock_brachesproaidesfinancieres.jpg 600w, https:\/\/www.altermes.fr\/wp-content\/uploads\/2025\/07\/Shutterstock_brachesproaidesfinancieres-480x320.jpg 480w\" sizes=\"(min-width: 0px) and (max-width: 480px) 480px, (min-width: 481px) 600px, 100vw\">                                        <\/a>\n                                                                        <a href=\"https:\/\/www.altermes.fr\/en\/les-infos-du-jour\/revision-des-classifications-professionnelles-coup-daccelerateur-pour-11-branches-professionnelles\/\"><h3>R\u00e9vision des classifications professionnelles : coup d\u2019acc\u00e9l\u00e9rateur pour 11 branches professionnelles !<\/h3><\/a>\n                                    <p class=\"use-case-category\"><a href=\"https:\/\/www.altermes.fr\/en\/weblex-importer-categories\/actualites\/\" rel=\"tag\">Actualit\u00e9s<\/a>, <a href=\"https:\/\/www.altermes.fr\/en\/weblex-importer-categories\/infos-sociales\/\" rel=\"tag\">Infos Sociales<\/a><\/p>\n                                    <p class=\"edc-content\">11 branches professionnelles vont b\u00e9n\u00e9ficier, d\u00e8s cet \u00e9t\u00e9, d\u2019un accompagnement financier dans le cadre de l\u2019appel \u00e0 projets lanc\u00e9 en 2024 par l\u2019Agence nationale pour l\u2019am\u00e9lioration des...<\/p>                                <\/div>\n                                                                <div class=\"case-study-item weblex-article\">\n                                                                            <a href=\"https:\/\/www.altermes.fr\/en\/les-infos-du-jour\/vente-de-droits-de-commercialite-quel-regime-fiscal-au-regard-de-la-tva\/\">\n                                            <img decoding=\"async\" width=\"600\" height=\"400\" src=\"https:\/\/www.altermes.fr\/wp-content\/uploads\/2025\/07\/Shutterstock_ventededroits.jpg\" class=\"attachment-custom-thumbnail size-custom-thumbnail wp-post-image\" alt=\"\" srcset=\"https:\/\/www.altermes.fr\/wp-content\/uploads\/2025\/07\/Shutterstock_ventededroits.jpg 600w, https:\/\/www.altermes.fr\/wp-content\/uploads\/2025\/07\/Shutterstock_ventededroits-480x320.jpg 480w\" sizes=\"(min-width: 0px) and (max-width: 480px) 480px, (min-width: 481px) 600px, 100vw\">                                        <\/a>\n                                                                        <a href=\"https:\/\/www.altermes.fr\/en\/les-infos-du-jour\/vente-de-droits-de-commercialite-quel-regime-fiscal-au-regard-de-la-tva\/\"><h3>Vente de droits de commercialit\u00e9 : quel r\u00e9gime fiscal au regard de la TVA ?<\/h3><\/a>\n                                    <p class=\"use-case-category\"><a href=\"https:\/\/www.altermes.fr\/en\/weblex-importer-categories\/actualites\/\" rel=\"tag\">Actualit\u00e9s<\/a>, <a href=\"https:\/\/www.altermes.fr\/en\/weblex-importer-categories\/infos-fiscales\/\" rel=\"tag\">Infos Fiscales<\/a><\/p>\n                                    <p class=\"edc-content\">Un professionnel ou une soci\u00e9t\u00e9 peut \u00eatre amen\u00e9 \u00e0 vendre ses droits de commercialit\u00e9 sur des locaux professionnels qui lui appartiennent. Mais quelles sont les r\u00e8gles de TVA applicables dans un...<\/p>                                <\/div>\n                                                                <div class=\"case-study-item weblex-article\">\n                                                                            <a href=\"https:\/\/www.altermes.fr\/en\/les-infos-du-jour\/etablissements-de-sante-un-nouveau-financement-en-faveur-de-la-cybersecurite\/\">\n                                            <img decoding=\"async\" width=\"600\" height=\"400\" src=\"https:\/\/www.altermes.fr\/wp-content\/uploads\/2025\/07\/Shutterstock_financementsecuritesante.jpg\" class=\"attachment-custom-thumbnail size-custom-thumbnail wp-post-image\" alt=\"\" srcset=\"https:\/\/www.altermes.fr\/wp-content\/uploads\/2025\/07\/Shutterstock_financementsecuritesante.jpg 600w, https:\/\/www.altermes.fr\/wp-content\/uploads\/2025\/07\/Shutterstock_financementsecuritesante-480x320.jpg 480w\" sizes=\"(min-width: 0px) and (max-width: 480px) 480px, (min-width: 481px) 600px, 100vw\">                                        <\/a>\n                                                                        <a href=\"https:\/\/www.altermes.fr\/en\/les-infos-du-jour\/etablissements-de-sante-un-nouveau-financement-en-faveur-de-la-cybersecurite\/\"><h3>\u00c9tablissements de sant\u00e9 : un nouveau financement en faveur de la cybers\u00e9curit\u00e9<\/h3><\/a>\n                                    <p class=\"use-case-category\"><a href=\"https:\/\/www.altermes.fr\/en\/weblex-importer-categories\/actualites\/\" rel=\"tag\">Actualit\u00e9s<\/a>, <a href=\"https:\/\/www.altermes.fr\/en\/weblex-importer-categories\/infos-juridiques\/\" rel=\"tag\">Infos juridiques<\/a><\/p>\n                                    <p class=\"edc-content\">Les \u00e9tablissements de sant\u00e9 sont amen\u00e9s \u00e0 traiter des donn\u00e9es extr\u00eamement sensibles au sujet de leurs patients. Cela fait d\u2019eux des cibles de choix pour des personnes malintentionn\u00e9es. C\u2019es...<\/p>                                <\/div>\n                                                                <div class=\"case-study-item weblex-article\">\n                                                                            <a href=\"https:\/\/www.altermes.fr\/en\/les-infos-du-jour\/zones-france-ruralites-revitalisation-plus-la-liste-des-communes-est-devoilee\/\">\n                                            <img decoding=\"async\" width=\"600\" height=\"400\" src=\"https:\/\/www.altermes.fr\/wp-content\/uploads\/2025\/07\/Shutterstock_listecommunezfrr.jpg\" class=\"attachment-custom-thumbnail size-custom-thumbnail wp-post-image\" alt=\"\" srcset=\"https:\/\/www.altermes.fr\/wp-content\/uploads\/2025\/07\/Shutterstock_listecommunezfrr.jpg 600w, https:\/\/www.altermes.fr\/wp-content\/uploads\/2025\/07\/Shutterstock_listecommunezfrr-480x320.jpg 480w\" sizes=\"(min-width: 0px) and (max-width: 480px) 480px, (min-width: 481px) 600px, 100vw\">                                        <\/a>\n                                                                        <a href=\"https:\/\/www.altermes.fr\/en\/les-infos-du-jour\/zones-france-ruralites-revitalisation-plus-la-liste-des-communes-est-devoilee\/\"><h3>Zones France ruralit\u00e9s revitalisation \u00ab plus \u00bb : la liste des communes est d\u00e9voil\u00e9e !<\/h3><\/a>\n                                    <p class=\"use-case-category\"><a href=\"https:\/\/www.altermes.fr\/en\/weblex-importer-categories\/actualites\/\" rel=\"tag\">Actualit\u00e9s<\/a>, <a href=\"https:\/\/www.altermes.fr\/en\/weblex-importer-categories\/infos-fiscales\/\" rel=\"tag\">Infos Fiscales<\/a><\/p>\n                                    <p class=\"edc-content\">Le zonage unique \u00ab France ruralit\u00e9s revitalisation \u00bb a remplac\u00e9 un certain nombre de dispositifs zon\u00e9s avec la cr\u00e9ation de 2 niveaux de zonage : les zones \u00ab FRR \u00bb depuis le 1er juillet 2024, p...<\/p>                                <\/div>\n                                                                <div class=\"case-study-item weblex-article\">\n                                                                            <a href=\"https:\/\/www.altermes.fr\/en\/les-infos-du-jour\/activite-partielle-a-mayotte-prolongation-des-taux-derogatoires\/\">\n                                            <img decoding=\"async\" width=\"600\" height=\"400\" src=\"https:\/\/www.altermes.fr\/wp-content\/uploads\/2025\/07\/Shutterstock_mayottemajoration.jpg\" class=\"attachment-custom-thumbnail size-custom-thumbnail wp-post-image\" alt=\"\" srcset=\"https:\/\/www.altermes.fr\/wp-content\/uploads\/2025\/07\/Shutterstock_mayottemajoration.jpg 600w, https:\/\/www.altermes.fr\/wp-content\/uploads\/2025\/07\/Shutterstock_mayottemajoration-480x320.jpg 480w\" sizes=\"(min-width: 0px) and (max-width: 480px) 480px, (min-width: 481px) 600px, 100vw\">                                        <\/a>\n                                                                        <a href=\"https:\/\/www.altermes.fr\/en\/les-infos-du-jour\/activite-partielle-a-mayotte-prolongation-des-taux-derogatoires\/\"><h3>Activit\u00e9 partielle \u00e0 Mayotte : prolongation des taux d\u00e9rogatoires !<\/h3><\/a>\n                                    <p class=\"use-case-category\"><a href=\"https:\/\/www.altermes.fr\/en\/weblex-importer-categories\/actualites\/\" rel=\"tag\">Actualit\u00e9s<\/a>, <a href=\"https:\/\/www.altermes.fr\/en\/weblex-importer-categories\/infos-sociales\/\" rel=\"tag\">Infos Sociales<\/a><\/p>\n                                    <p class=\"edc-content\">Pour soutenir les employeurs affect\u00e9s par le passage du cyclone Chido \u00e0 Mayotte en d\u00e9cembre 2024, les taux horaires des indemnit\u00e9s et allocations servies au titre de l\u2019activit\u00e9 partielle pouvai...<\/p>                                <\/div>\n                                                                <div class=\"case-study-item weblex-article\">\n                                                                            <a href=\"https:\/\/www.altermes.fr\/en\/les-infos-du-jour\/credit-dimpot-haute-valeur-environnementale-une-fois-pas-deux\/\">\n                                            <img decoding=\"async\" width=\"600\" height=\"400\" src=\"https:\/\/www.altermes.fr\/wp-content\/uploads\/2025\/07\/Shutterstock_CIHVEnombre.jpg\" class=\"attachment-custom-thumbnail size-custom-thumbnail wp-post-image\" alt=\"\" srcset=\"https:\/\/www.altermes.fr\/wp-content\/uploads\/2025\/07\/Shutterstock_CIHVEnombre.jpg 600w, https:\/\/www.altermes.fr\/wp-content\/uploads\/2025\/07\/Shutterstock_CIHVEnombre-480x320.jpg 480w\" sizes=\"(min-width: 0px) and (max-width: 480px) 480px, (min-width: 481px) 600px, 100vw\">                                        <\/a>\n                                                                        <a href=\"https:\/\/www.altermes.fr\/en\/les-infos-du-jour\/credit-dimpot-haute-valeur-environnementale-une-fois-pas-deux\/\"><h3>Cr\u00e9dit d\u2019imp\u00f4t \u00ab Haute Valeur Environnementale \u00bb : une fois, pas deux !<\/h3><\/a>\n                                    <p class=\"use-case-category\"><a href=\"https:\/\/www.altermes.fr\/en\/weblex-importer-categories\/actualites\/\" rel=\"tag\">Actualit\u00e9s<\/a>, <a href=\"https:\/\/www.altermes.fr\/en\/weblex-importer-categories\/infos-fiscales\/\" rel=\"tag\">Infos Fiscales<\/a><\/p>\n                                    <p class=\"edc-content\">Prolong\u00e9 jusqu\u2019au 31 d\u00e9cembre 2025, le cr\u00e9dit d\u2019imp\u00f4t \u00ab Haute Valeur Environnementale \u00bb est ouvert, toutes conditions par ailleurs remplies, aux entreprises agricoles qui disposent d\u2019une c...<\/p>                                <\/div>\n                                                                <div class=\"case-study-item weblex-article\">\n                                                                            <a href=\"https:\/\/www.altermes.fr\/en\/les-infos-du-jour\/tva-et-travaux-sur-les-monuments-memoriaux-precisions-utiles\/\">\n                                            <img decoding=\"async\" width=\"600\" height=\"400\" src=\"https:\/\/www.altermes.fr\/wp-content\/uploads\/2025\/07\/Shutterstock_TVAetravaux.jpg\" class=\"attachment-custom-thumbnail size-custom-thumbnail wp-post-image\" alt=\"\" srcset=\"https:\/\/www.altermes.fr\/wp-content\/uploads\/2025\/07\/Shutterstock_TVAetravaux.jpg 600w, https:\/\/www.altermes.fr\/wp-content\/uploads\/2025\/07\/Shutterstock_TVAetravaux-480x320.jpg 480w\" sizes=\"(min-width: 0px) and (max-width: 480px) 480px, (min-width: 481px) 600px, 100vw\">                                        <\/a>\n                                                                        <a href=\"https:\/\/www.altermes.fr\/en\/les-infos-du-jour\/tva-et-travaux-sur-les-monuments-memoriaux-precisions-utiles\/\"><h3>TVA et travaux sur les monuments m\u00e9moriaux : pr\u00e9cisions utiles<\/h3><\/a>\n                                    <p class=\"use-case-category\"><a href=\"https:\/\/www.altermes.fr\/en\/weblex-importer-categories\/actualites\/\" rel=\"tag\">Actualit\u00e9s<\/a>, <a href=\"https:\/\/www.altermes.fr\/en\/weblex-importer-categories\/infos-fiscales\/\" rel=\"tag\">Infos Fiscales<\/a><\/p>\n                                    <p class=\"edc-content\">Les travaux de construction, d'am\u00e9nagement, de r\u00e9paration et d'entretien des monuments, cimeti\u00e8res ou s\u00e9pultures comm\u00e9moratifs des victimes ou morts dans le cadre d\u2019un attentat, effectu\u00e9s pour...<\/p>                                <\/div>\n                                                                <div class=\"case-study-item weblex-article\">\n                                                                            <a href=\"https:\/\/www.altermes.fr\/en\/les-infos-du-jour\/passsport-il-repart-pour-une-annee-de-plus\/\">\n                                            <img decoding=\"async\" width=\"600\" height=\"400\" src=\"https:\/\/www.altermes.fr\/wp-content\/uploads\/2025\/07\/Shutterstock_passportassosportives.jpg\" class=\"attachment-custom-thumbnail size-custom-thumbnail wp-post-image\" alt=\"\" srcset=\"https:\/\/www.altermes.fr\/wp-content\/uploads\/2025\/07\/Shutterstock_passportassosportives.jpg 600w, https:\/\/www.altermes.fr\/wp-content\/uploads\/2025\/07\/Shutterstock_passportassosportives-480x320.jpg 480w\" sizes=\"(min-width: 0px) and (max-width: 480px) 480px, (min-width: 481px) 600px, 100vw\">                                        <\/a>\n                                                                        <a href=\"https:\/\/www.altermes.fr\/en\/les-infos-du-jour\/passsport-il-repart-pour-une-annee-de-plus\/\"><h3>Pass\u2019sport : il repart pour une ann\u00e9e de plus<\/h3><\/a>\n                                    <p class=\"use-case-category\"><a href=\"https:\/\/www.altermes.fr\/en\/weblex-importer-categories\/actualites\/\" rel=\"tag\">Actualit\u00e9s<\/a>, <a href=\"https:\/\/www.altermes.fr\/en\/weblex-importer-categories\/infos-juridiques\/\" rel=\"tag\">Infos juridiques<\/a><\/p>\n                                    <p class=\"edc-content\">Cr\u00e9\u00e9 en 2021, le Pass\u2019sport est depuis reconduit annuellement. Pas d\u2019exception pour 2025\/2026 : le dispositif est de retour\u2026 Aux m\u00eames conditions ?Pass\u2019sport : faciliter l\u2019inscription aux...<\/p>                                <\/div>\n                                                                <div class=\"case-study-item weblex-article\">\n                                                                            <a href=\"https:\/\/www.altermes.fr\/en\/les-infos-du-jour\/filieres-des-vins-et-des-alcools-des-obligations-fiscales-allegees\/\">\n                                            <img decoding=\"async\" width=\"600\" height=\"400\" src=\"https:\/\/www.altermes.fr\/wp-content\/uploads\/2025\/07\/Shutterstock_secteurvinsaloccols.jpg\" class=\"attachment-custom-thumbnail size-custom-thumbnail wp-post-image\" alt=\"\" srcset=\"https:\/\/www.altermes.fr\/wp-content\/uploads\/2025\/07\/Shutterstock_secteurvinsaloccols.jpg 600w, https:\/\/www.altermes.fr\/wp-content\/uploads\/2025\/07\/Shutterstock_secteurvinsaloccols-480x320.jpg 480w\" sizes=\"(min-width: 0px) and (max-width: 480px) 480px, (min-width: 481px) 600px, 100vw\">                                        <\/a>\n                                                                        <a href=\"https:\/\/www.altermes.fr\/en\/les-infos-du-jour\/filieres-des-vins-et-des-alcools-des-obligations-fiscales-allegees\/\"><h3>Fili\u00e8res des vins et des alcools : des obligations fiscales \u00ab all\u00e9g\u00e9es \u00bb<\/h3><\/a>\n                                    <p class=\"use-case-category\"><a href=\"https:\/\/www.altermes.fr\/en\/weblex-importer-categories\/actualites\/\" rel=\"tag\">Actualit\u00e9s<\/a>, <a href=\"https:\/\/www.altermes.fr\/en\/weblex-importer-categories\/infos-fiscales\/\" rel=\"tag\">Infos Fiscales<\/a><\/p>\n                                    <p class=\"edc-content\">Chose promise, chose due : les entreprises des fili\u00e8res des vins et des alcools b\u00e9n\u00e9ficient depuis le 1er juillet 2025 d\u2019une simplification de leurs obligations fiscales telle que promise par le ...<\/p>                                <\/div>\n                                                                <div class=\"case-study-item weblex-article\">\n                                                                            <a href=\"https:\/\/www.altermes.fr\/en\/les-infos-du-jour\/bail-de-rehabilitation-lancement-de-lexperimentation\/\">\n                                            <img decoding=\"async\" width=\"600\" height=\"400\" src=\"https:\/\/www.altermes.fr\/wp-content\/uploads\/2025\/07\/Shutterstock_bailrehabilitation.jpg\" class=\"attachment-custom-thumbnail size-custom-thumbnail wp-post-image\" alt=\"\" srcset=\"https:\/\/www.altermes.fr\/wp-content\/uploads\/2025\/07\/Shutterstock_bailrehabilitation.jpg 600w, https:\/\/www.altermes.fr\/wp-content\/uploads\/2025\/07\/Shutterstock_bailrehabilitation-480x320.jpg 480w\" sizes=\"(min-width: 0px) and (max-width: 480px) 480px, (min-width: 481px) 600px, 100vw\">                                        <\/a>\n                                                                        <a href=\"https:\/\/www.altermes.fr\/en\/les-infos-du-jour\/bail-de-rehabilitation-lancement-de-lexperimentation\/\"><h3>Bail de r\u00e9habilitation : lancement de l\u2019exp\u00e9rimentation<\/h3><\/a>\n                                    <p class=\"use-case-category\"><a href=\"https:\/\/www.altermes.fr\/en\/weblex-importer-categories\/actualites\/\" rel=\"tag\">Actualit\u00e9s<\/a>, <a href=\"https:\/\/www.altermes.fr\/en\/weblex-importer-categories\/infos-juridiques\/\" rel=\"tag\">Infos juridiques<\/a><\/p>\n                                    <p class=\"edc-content\">Pour des raisons de s\u00e9curit\u00e9 ou de salubrit\u00e9, les propri\u00e9taires d\u2019immeubles peuvent se voir contraints de r\u00e9aliser des travaux de r\u00e9parations importants. Des travaux qui peuvent s\u2019av\u00e9rer tr...<\/p>                                <\/div>\n                                                                <div class=\"case-study-item weblex-article\">\n                                                                            <a href=\"https:\/\/www.altermes.fr\/en\/les-infos-du-jour\/recyclage-et-elimination-des-sous-produits-animaux-une-nouvelle-reglementation-disponible\/\">\n                                            <img decoding=\"async\" width=\"600\" height=\"400\" src=\"https:\/\/www.altermes.fr\/wp-content\/uploads\/2025\/07\/Shutterstock_ICPEreglementation.jpg\" class=\"attachment-custom-thumbnail size-custom-thumbnail wp-post-image\" alt=\"\" srcset=\"https:\/\/www.altermes.fr\/wp-content\/uploads\/2025\/07\/Shutterstock_ICPEreglementation.jpg 600w, https:\/\/www.altermes.fr\/wp-content\/uploads\/2025\/07\/Shutterstock_ICPEreglementation-480x320.jpg 480w\" sizes=\"(min-width: 0px) and (max-width: 480px) 480px, (min-width: 481px) 600px, 100vw\">                                        <\/a>\n                                                                        <a href=\"https:\/\/www.altermes.fr\/en\/les-infos-du-jour\/recyclage-et-elimination-des-sous-produits-animaux-une-nouvelle-reglementation-disponible\/\"><h3>Recyclage et \u00e9limination des sous-produits animaux : une nouvelle r\u00e9glementation disponible<\/h3><\/a>\n                                    <p class=\"use-case-category\"><a href=\"https:\/\/www.altermes.fr\/en\/weblex-importer-categories\/actualites\/\" rel=\"tag\">Actualit\u00e9s<\/a>, <a href=\"https:\/\/www.altermes.fr\/en\/weblex-importer-categories\/infos-juridiques\/\" rel=\"tag\">Infos juridiques<\/a><\/p>\n                                    <p class=\"edc-content\">Les installations class\u00e9es pour la protection de l\u2019environnement (ICPE) sont soumises \u00e0 une r\u00e9glementation stricte en fonction des sp\u00e9cificit\u00e9s de leurs activit\u00e9s. Le Gouvernement a \u00e9tabli un...<\/p>                                <\/div>\n                                                                <div class=\"case-study-item weblex-article\">\n                                                                            <a href=\"https:\/\/www.altermes.fr\/en\/les-infos-du-jour\/regime-social-des-contrats-dapprentissage-une-mise-a-jour-a-connaitre\/\">\n                                            <img decoding=\"async\" width=\"600\" height=\"400\" src=\"https:\/\/www.altermes.fr\/wp-content\/uploads\/2025\/07\/Shutterstock_rC3A9gimesocialapprentis.jpg\" class=\"attachment-custom-thumbnail size-custom-thumbnail wp-post-image\" alt=\"\" srcset=\"https:\/\/www.altermes.fr\/wp-content\/uploads\/2025\/07\/Shutterstock_rC3A9gimesocialapprentis.jpg 600w, https:\/\/www.altermes.fr\/wp-content\/uploads\/2025\/07\/Shutterstock_rC3A9gimesocialapprentis-480x320.jpg 480w\" sizes=\"(min-width: 0px) and (max-width: 480px) 480px, (min-width: 481px) 600px, 100vw\">                                        <\/a>\n                                                                        <a href=\"https:\/\/www.altermes.fr\/en\/les-infos-du-jour\/regime-social-des-contrats-dapprentissage-une-mise-a-jour-a-connaitre\/\"><h3>R\u00e9gime social des contrats d\u2019apprentissage : une mise \u00e0 jour \u00e0 conna\u00eetre<\/h3><\/a>\n                                    <p class=\"use-case-category\"><a href=\"https:\/\/www.altermes.fr\/en\/weblex-importer-categories\/actualites\/\" rel=\"tag\">Actualit\u00e9s<\/a>, <a href=\"https:\/\/www.altermes.fr\/en\/weblex-importer-categories\/infos-sociales\/\" rel=\"tag\">Infos Sociales<\/a><\/p>\n                                    <p class=\"edc-content\">Dans une actualit\u00e9 r\u00e9cente, l\u2019administration sociale pr\u00e9cise sa position quant au statut de la r\u00e9mun\u00e9ration vers\u00e9e \u00e0 l\u2019apprenti, en vertu d\u2019un contrat conclu avant le 1\u1d49\u02b3 mars 2025, ma...<\/p>                                <\/div>\n                                                                <div class=\"case-study-item weblex-article\">\n                                                                            <a href=\"https:\/\/www.altermes.fr\/en\/les-infos-du-jour\/medicaments-reductions-de-prix-reconduites-pour-les-pharmacies\/\">\n                                            <img decoding=\"async\" width=\"600\" height=\"400\" src=\"https:\/\/www.altermes.fr\/wp-content\/uploads\/2025\/07\/Shutterstock_santeremisemedicaments.jpg\" class=\"attachment-custom-thumbnail size-custom-thumbnail wp-post-image\" alt=\"\" srcset=\"https:\/\/www.altermes.fr\/wp-content\/uploads\/2025\/07\/Shutterstock_santeremisemedicaments.jpg 600w, https:\/\/www.altermes.fr\/wp-content\/uploads\/2025\/07\/Shutterstock_santeremisemedicaments-480x320.jpg 480w\" sizes=\"(min-width: 0px) and (max-width: 480px) 480px, (min-width: 481px) 600px, 100vw\">                                        <\/a>\n                                                                        <a href=\"https:\/\/www.altermes.fr\/en\/les-infos-du-jour\/medicaments-reductions-de-prix-reconduites-pour-les-pharmacies\/\"><h3>M\u00e9dicaments : r\u00e9ductions de prix reconduites pour les pharmacies !<\/h3><\/a>\n                                    <p class=\"use-case-category\"><a href=\"https:\/\/www.altermes.fr\/en\/weblex-importer-categories\/actualites\/\" rel=\"tag\">Actualit\u00e9s<\/a>, <a href=\"https:\/\/www.altermes.fr\/en\/weblex-importer-categories\/infos-sociales\/\" rel=\"tag\">Infos Sociales<\/a><\/p>\n                                    <p class=\"edc-content\">En mai 2025, le montant maximum des r\u00e9ductions et avantages dont pouvaient b\u00e9n\u00e9ficier les pharmaciens d\u2019officine sur les m\u00e9dicaments avait \u00e9t\u00e9 fix\u00e9 jusqu\u2019au 1er juillet 2025. Des r\u00e9duction...<\/p>                                <\/div>\n                                                                <div class=\"case-study-item weblex-article\">\n                                                                            <a href=\"https:\/\/www.altermes.fr\/en\/les-infos-du-jour\/tva-une-exoneration-pour-les-cours-de-danse\/\">\n                                            <img decoding=\"async\" width=\"600\" height=\"400\" src=\"https:\/\/www.altermes.fr\/wp-content\/uploads\/2025\/07\/Shutterstock_coursdedansetva.jpg\" class=\"attachment-custom-thumbnail size-custom-thumbnail wp-post-image\" alt=\"\" srcset=\"https:\/\/www.altermes.fr\/wp-content\/uploads\/2025\/07\/Shutterstock_coursdedansetva.jpg 600w, https:\/\/www.altermes.fr\/wp-content\/uploads\/2025\/07\/Shutterstock_coursdedansetva-480x320.jpg 480w\" sizes=\"(min-width: 0px) and (max-width: 480px) 480px, (min-width: 481px) 600px, 100vw\">                                        <\/a>\n                                                                        <a href=\"https:\/\/www.altermes.fr\/en\/les-infos-du-jour\/tva-une-exoneration-pour-les-cours-de-danse\/\"><h3>TVA : une exon\u00e9ration pour les cours de danse ?<\/h3><\/a>\n                                    <p class=\"use-case-category\"><a href=\"https:\/\/www.altermes.fr\/en\/weblex-importer-categories\/actualites\/\" rel=\"tag\">Actualit\u00e9s<\/a>, <a href=\"https:\/\/www.altermes.fr\/en\/weblex-importer-categories\/infos-fiscales\/\" rel=\"tag\">Infos Fiscales<\/a><\/p>\n                                    <p class=\"edc-content\">Comme souvent en mati\u00e8re de TVA, certaines activit\u00e9s b\u00e9n\u00e9ficient d\u2019une exon\u00e9ration. Tel est le cas, sous conditions, des activit\u00e9s d\u2019enseignement sportif, dispens\u00e9es par des personnes physi...<\/p>                                <\/div>\n                                                                <div class=\"case-study-item weblex-article\">\n                                                                            <a href=\"https:\/\/www.altermes.fr\/en\/les-infos-du-jour\/exonerations-fiscales-dans-les-qpv-et-les-zfu-te-on-joue-les-prolongations-avec-precisions\/\">\n                                            <img decoding=\"async\" width=\"600\" height=\"400\" src=\"https:\/\/www.altermes.fr\/wp-content\/uploads\/2025\/07\/Shutterstock_ZFUTEQPV.jpg\" class=\"attachment-custom-thumbnail size-custom-thumbnail wp-post-image\" alt=\"\" srcset=\"https:\/\/www.altermes.fr\/wp-content\/uploads\/2025\/07\/Shutterstock_ZFUTEQPV.jpg 600w, https:\/\/www.altermes.fr\/wp-content\/uploads\/2025\/07\/Shutterstock_ZFUTEQPV-480x320.jpg 480w\" sizes=\"(min-width: 0px) and (max-width: 480px) 480px, (min-width: 481px) 600px, 100vw\">                                        <\/a>\n                                                                        <a href=\"https:\/\/www.altermes.fr\/en\/les-infos-du-jour\/exonerations-fiscales-dans-les-qpv-et-les-zfu-te-on-joue-les-prolongations-avec-precisions\/\"><h3>Exon\u00e9rations fiscales dans les QPV et les ZFU-TE : on joue les prolongations\u2026 avec pr\u00e9cisions !<\/h3><\/a>\n                                    <p class=\"use-case-category\"><a href=\"https:\/\/www.altermes.fr\/en\/weblex-importer-categories\/actualites\/\" rel=\"tag\">Actualit\u00e9s<\/a>, <a href=\"https:\/\/www.altermes.fr\/en\/weblex-importer-categories\/infos-fiscales\/\" rel=\"tag\">Infos Fiscales<\/a><\/p>\n                                    <p class=\"edc-content\">La loi de finances pour 2025 a prolong\u00e9 les dispositifs d\u2019exon\u00e9rations fiscales dont b\u00e9n\u00e9ficient les entreprises implant\u00e9es dans les quartiers prioritaires de la politique de la ville (QPV) et ...<\/p>                                <\/div>\n                                                                <div class=\"case-study-item weblex-article\">\n                                                                            <a href=\"https:\/\/www.altermes.fr\/en\/les-infos-du-jour\/automobile-de-nouvelles-precisions-sur-les-demarches-dimmatriculation-des-vehicules\/\">\n                                            <img decoding=\"async\" width=\"600\" height=\"400\" src=\"https:\/\/www.altermes.fr\/wp-content\/uploads\/2025\/07\/Shutterstock_certificatWW.jpg\" class=\"attachment-custom-thumbnail size-custom-thumbnail wp-post-image\" alt=\"\" srcset=\"https:\/\/www.altermes.fr\/wp-content\/uploads\/2025\/07\/Shutterstock_certificatWW.jpg 600w, https:\/\/www.altermes.fr\/wp-content\/uploads\/2025\/07\/Shutterstock_certificatWW-480x320.jpg 480w\" sizes=\"(min-width: 0px) and (max-width: 480px) 480px, (min-width: 481px) 600px, 100vw\">                                        <\/a>\n                                                                        <a href=\"https:\/\/www.altermes.fr\/en\/les-infos-du-jour\/automobile-de-nouvelles-precisions-sur-les-demarches-dimmatriculation-des-vehicules\/\"><h3>Automobile : de nouvelles pr\u00e9cisions sur les d\u00e9marches d\u2019immatriculation des v\u00e9hicules<\/h3><\/a>\n                                    <p class=\"use-case-category\"><a href=\"https:\/\/www.altermes.fr\/en\/weblex-importer-categories\/actualites\/\" rel=\"tag\">Actualit\u00e9s<\/a>, <a href=\"https:\/\/www.altermes.fr\/en\/weblex-importer-categories\/infos-juridiques\/\" rel=\"tag\">Infos juridiques<\/a><\/p>\n                                    <p class=\"edc-content\">Pour rappel, les professionnels de l\u2019automobile peuvent obtenir une habilitation permettant de r\u00e9aliser des d\u00e9marches d'immatriculation et d'obtention de la carte grise pour le compte d'un particu...<\/p>                                <\/div>\n                                                                <div class=\"case-study-item weblex-article\">\n                                                                            <a href=\"https:\/\/www.altermes.fr\/en\/les-infos-du-jour\/conventions-de-stage-en-milieu-agricole-les-modeles-sont-disponibles\/\">\n                                            <img decoding=\"async\" width=\"600\" height=\"400\" src=\"https:\/\/www.altermes.fr\/wp-content\/uploads\/2025\/07\/Shutterstock_conventionmilieupro.jpg\" class=\"attachment-custom-thumbnail size-custom-thumbnail wp-post-image\" alt=\"\" srcset=\"https:\/\/www.altermes.fr\/wp-content\/uploads\/2025\/07\/Shutterstock_conventionmilieupro.jpg 600w, https:\/\/www.altermes.fr\/wp-content\/uploads\/2025\/07\/Shutterstock_conventionmilieupro-480x320.jpg 480w\" sizes=\"(min-width: 0px) and (max-width: 480px) 480px, (min-width: 481px) 600px, 100vw\">                                        <\/a>\n                                                                        <a href=\"https:\/\/www.altermes.fr\/en\/les-infos-du-jour\/conventions-de-stage-en-milieu-agricole-les-modeles-sont-disponibles\/\"><h3>Conventions de stage en milieu agricole : les mod\u00e8les sont disponibles !<\/h3><\/a>\n                                    <p class=\"use-case-category\"><a href=\"https:\/\/www.altermes.fr\/en\/weblex-importer-categories\/actualites\/\" rel=\"tag\">Actualit\u00e9s<\/a>, <a href=\"https:\/\/www.altermes.fr\/en\/weblex-importer-categories\/infos-sociales\/\" rel=\"tag\">Infos Sociales<\/a><\/p>\n                                    <p class=\"edc-content\">Apr\u00e8s l\u2019avis de la commission sp\u00e9cialis\u00e9e charg\u00e9e des questions relatives aux activit\u00e9s agricoles du Conseil d\u2019orientation sur les conditions de travail, rendu le 11 juin dernier, l\u2019ensembl...<\/p>                                <\/div>\n                                                                <div class=\"case-study-item weblex-article\">\n                                                                            <a href=\"https:\/\/www.altermes.fr\/en\/les-infos-du-jour\/cdi-de-valorisation-de-lexperience-deja-une-fiche-consigne-en-dsn\/\">\n                                            <img decoding=\"async\" width=\"600\" height=\"400\" src=\"https:\/\/www.altermes.fr\/wp-content\/uploads\/2025\/07\/Shutterstock_DNSvalorisation.jpg\" class=\"attachment-custom-thumbnail size-custom-thumbnail wp-post-image\" alt=\"\" srcset=\"https:\/\/www.altermes.fr\/wp-content\/uploads\/2025\/07\/Shutterstock_DNSvalorisation.jpg 600w, https:\/\/www.altermes.fr\/wp-content\/uploads\/2025\/07\/Shutterstock_DNSvalorisation-480x320.jpg 480w\" sizes=\"(min-width: 0px) and (max-width: 480px) 480px, (min-width: 481px) 600px, 100vw\">                                        <\/a>\n                                                                        <a href=\"https:\/\/www.altermes.fr\/en\/les-infos-du-jour\/cdi-de-valorisation-de-lexperience-deja-une-fiche-consigne-en-dsn\/\"><h3>CDI de valorisation de l\u2019exp\u00e9rience : d\u00e9j\u00e0 une fiche consigne en DSN !<\/h3><\/a>\n                                    <p class=\"use-case-category\"><a href=\"https:\/\/www.altermes.fr\/en\/weblex-importer-categories\/actualites\/\" rel=\"tag\">Actualit\u00e9s<\/a>, <a href=\"https:\/\/www.altermes.fr\/en\/weblex-importer-categories\/infos-sociales\/\" rel=\"tag\">Infos Sociales<\/a><\/p>\n                                    <p class=\"edc-content\">Alors m\u00eame que la transposition de l\u2019accord portant sur le travail des seniors est encore en cours \u00e0 l\u2019heure o\u00f9 nous \u00e9crivons ces lignes, le contrat de valorisation de l\u2019exp\u00e9rience \u00e0 desti...<\/p>                                <\/div>\n                                                                <div class=\"case-study-item weblex-article\">\n                                                                            <a href=\"https:\/\/www.altermes.fr\/en\/les-infos-du-jour\/elections-professionnelles-quels-sont-les-syndicats-representatifs-au-niveau-national\/\">\n                                            <img decoding=\"async\" width=\"600\" height=\"400\" src=\"https:\/\/www.altermes.fr\/wp-content\/uploads\/2025\/07\/Shutterstock_OS20representatives.jpg\" class=\"attachment-custom-thumbnail size-custom-thumbnail wp-post-image\" alt=\"\" srcset=\"https:\/\/www.altermes.fr\/wp-content\/uploads\/2025\/07\/Shutterstock_OS20representatives.jpg 600w, https:\/\/www.altermes.fr\/wp-content\/uploads\/2025\/07\/Shutterstock_OS20representatives-480x320.jpg 480w\" sizes=\"(min-width: 0px) and (max-width: 480px) 480px, (min-width: 481px) 600px, 100vw\">                                        <\/a>\n                                                                        <a href=\"https:\/\/www.altermes.fr\/en\/les-infos-du-jour\/elections-professionnelles-quels-sont-les-syndicats-representatifs-au-niveau-national\/\"><h3>\u00c9lections professionnelles : quels sont les syndicats repr\u00e9sentatifs au niveau national ?<\/h3><\/a>\n                                    <p class=\"use-case-category\"><a href=\"https:\/\/www.altermes.fr\/en\/weblex-importer-categories\/actualites\/\" rel=\"tag\">Actualit\u00e9s<\/a>, <a href=\"https:\/\/www.altermes.fr\/en\/weblex-importer-categories\/infos-sociales\/\" rel=\"tag\">Infos Sociales<\/a><\/p>\n                                    <p class=\"edc-content\">\u00c0 la suite de la pr\u00e9sentation des r\u00e9sultats enregistr\u00e9s \u00e0 l\u2019issue du cycle \u00e9lectoral au Haut Conseil du dialogue social les 8 avril et 12 juin derniers, on conna\u00eet enfin la liste des organisa...<\/p>                                <\/div>\n                                                                <div class=\"case-study-item weblex-article\">\n                                                                            <a href=\"https:\/\/www.altermes.fr\/en\/les-infos-du-jour\/professionnels-de-sante-du-nouveau-sur-linterim\/\">\n                                            <img decoding=\"async\" width=\"600\" height=\"400\" src=\"https:\/\/www.altermes.fr\/wp-content\/uploads\/2025\/07\/Shutterstock_interimprofessionsmed.jpg\" class=\"attachment-custom-thumbnail size-custom-thumbnail wp-post-image\" alt=\"\" srcset=\"https:\/\/www.altermes.fr\/wp-content\/uploads\/2025\/07\/Shutterstock_interimprofessionsmed.jpg 600w, https:\/\/www.altermes.fr\/wp-content\/uploads\/2025\/07\/Shutterstock_interimprofessionsmed-480x320.jpg 480w\" sizes=\"(min-width: 0px) and (max-width: 480px) 480px, (min-width: 481px) 600px, 100vw\">                                        <\/a>\n                                                                        <a href=\"https:\/\/www.altermes.fr\/en\/les-infos-du-jour\/professionnels-de-sante-du-nouveau-sur-linterim\/\"><h3>Professionnels de sant\u00e9 : du nouveau sur l\u2019int\u00e9rim !<\/h3><\/a>\n                                    <p class=\"use-case-category\"><a href=\"https:\/\/www.altermes.fr\/en\/weblex-importer-categories\/actualites\/\" rel=\"tag\">Actualit\u00e9s<\/a>, <a href=\"https:\/\/www.altermes.fr\/en\/weblex-importer-categories\/infos-sociales\/\" rel=\"tag\">Infos Sociales<\/a><\/p>\n                                    <p class=\"edc-content\">Si la loi de financement de la S\u00e9curit\u00e9 sociale pour 2025 avait d\u00e9j\u00e0 \u00e9tendu la possibilit\u00e9 de plafonner les d\u00e9penses li\u00e9es \u00e0 l\u2019int\u00e9rim pour certains professionnels de sant\u00e9, des pr\u00e9cisio...<\/p>                                <\/div>\n                                                                <div class=\"case-study-item weblex-article\">\n                                                                            <a href=\"https:\/\/www.altermes.fr\/en\/les-infos-du-jour\/pratiques-anticoncurrentielles-un-gentlemens-agreement-sur-le-recrutement\/\">\n                                            <img decoding=\"async\" width=\"600\" height=\"400\" src=\"https:\/\/www.altermes.fr\/wp-content\/uploads\/2025\/07\/Shutterstock_debauchage.jpg\" class=\"attachment-custom-thumbnail size-custom-thumbnail wp-post-image\" alt=\"\" srcset=\"https:\/\/www.altermes.fr\/wp-content\/uploads\/2025\/07\/Shutterstock_debauchage.jpg 600w, https:\/\/www.altermes.fr\/wp-content\/uploads\/2025\/07\/Shutterstock_debauchage-480x320.jpg 480w\" sizes=\"(min-width: 0px) and (max-width: 480px) 480px, (min-width: 481px) 600px, 100vw\">                                        <\/a>\n                                                                        <a href=\"https:\/\/www.altermes.fr\/en\/les-infos-du-jour\/pratiques-anticoncurrentielles-un-gentlemens-agreement-sur-le-recrutement\/\"><h3>Pratiques anticoncurrentielles : un gentlemen\u2019s agreement sur le recrutement<\/h3><\/a>\n                                    <p class=\"use-case-category\"><a href=\"https:\/\/www.altermes.fr\/en\/weblex-importer-categories\/actualites\/\" rel=\"tag\">Actualit\u00e9s<\/a>, <a href=\"https:\/\/www.altermes.fr\/en\/weblex-importer-categories\/infos-juridiques\/\" rel=\"tag\">Infos juridiques<\/a><\/p>\n                                    <p class=\"edc-content\">Par principe, la concurrence entre les diff\u00e9rents acteurs d\u2019un march\u00e9 doit rester libre. Pour autant, afin de garantir un march\u00e9 o\u00f9 chacun doit avoir sa chance, certaines r\u00e8gles existent afin d...<\/p>                                <\/div>\n                                                                <div class=\"case-study-item weblex-article\">\n                                                                            <a href=\"https:\/\/www.altermes.fr\/en\/les-infos-du-jour\/ivg-les-modeles-des-attestations-prealables-sont-publies\/\">\n                                            <img decoding=\"async\" width=\"600\" height=\"400\" src=\"https:\/\/www.altermes.fr\/wp-content\/uploads\/2025\/07\/Shutterstock_modelesIVG.jpg\" class=\"attachment-custom-thumbnail size-custom-thumbnail wp-post-image\" alt=\"\" srcset=\"https:\/\/www.altermes.fr\/wp-content\/uploads\/2025\/07\/Shutterstock_modelesIVG.jpg 600w, https:\/\/www.altermes.fr\/wp-content\/uploads\/2025\/07\/Shutterstock_modelesIVG-480x320.jpg 480w\" sizes=\"(min-width: 0px) and (max-width: 480px) 480px, (min-width: 481px) 600px, 100vw\">                                        <\/a>\n                                                                        <a href=\"https:\/\/www.altermes.fr\/en\/les-infos-du-jour\/ivg-les-modeles-des-attestations-prealables-sont-publies\/\"><h3>IVG : les mod\u00e8les des attestations pr\u00e9alables sont publi\u00e9s<\/h3><\/a>\n                                    <p class=\"use-case-category\"><a href=\"https:\/\/www.altermes.fr\/en\/weblex-importer-categories\/actualites\/\" rel=\"tag\">Actualit\u00e9s<\/a>, <a href=\"https:\/\/www.altermes.fr\/en\/weblex-importer-categories\/infos-sociales\/\" rel=\"tag\">Infos Sociales<\/a><\/p>\n                                    <p class=\"edc-content\">Il est possible de r\u00e9aliser une interruption volontaire de grossesse (IVG) pour motif m\u00e9dical \u00e0 tout moment de la grossesse, sous certaines conditions. Cette IVG doit donner lieu \u00e0 l\u2019\u00e9tablissem...<\/p>                                <\/div>\n                                                                <div class=\"case-study-item weblex-article\">\n                                                                            <a href=\"https:\/\/www.altermes.fr\/en\/les-infos-du-jour\/accise-sur-le-gazole-non-routier-du-nouveau-pour-le-secteur-du-transport-guide\/\">\n                                            <img decoding=\"async\" width=\"600\" height=\"400\" src=\"https:\/\/www.altermes.fr\/wp-content\/uploads\/2025\/07\/Shutterstock_conditiontarifreduit.jpg\" class=\"attachment-custom-thumbnail size-custom-thumbnail wp-post-image\" alt=\"\" srcset=\"https:\/\/www.altermes.fr\/wp-content\/uploads\/2025\/07\/Shutterstock_conditiontarifreduit.jpg 600w, https:\/\/www.altermes.fr\/wp-content\/uploads\/2025\/07\/Shutterstock_conditiontarifreduit-480x320.jpg 480w\" sizes=\"(min-width: 0px) and (max-width: 480px) 480px, (min-width: 481px) 600px, 100vw\">                                        <\/a>\n                                                                        <a href=\"https:\/\/www.altermes.fr\/en\/les-infos-du-jour\/accise-sur-le-gazole-non-routier-du-nouveau-pour-le-secteur-du-transport-guide\/\"><h3>Accise sur le gazole non routier : du nouveau pour le secteur du transport guid\u00e9<\/h3><\/a>\n                                    <p class=\"use-case-category\"><a href=\"https:\/\/www.altermes.fr\/en\/weblex-importer-categories\/actualites\/\" rel=\"tag\">Actualit\u00e9s<\/a>, <a href=\"https:\/\/www.altermes.fr\/en\/weblex-importer-categories\/infos-fiscales\/\" rel=\"tag\">Infos Fiscales<\/a><\/p>\n                                    <p class=\"edc-content\">Le secteur du transport guid\u00e9 de personnes et de marchandises b\u00e9n\u00e9ficie d\u2019un tarif r\u00e9duit d\u2019accise sur le gazole non routier, sous r\u00e9serve de respecter certaines conditions qui viennent d\u2019?...<\/p>                                <\/div>\n                                                                <div class=\"case-study-item weblex-article\">\n                                                                            <a href=\"https:\/\/www.altermes.fr\/en\/les-infos-du-jour\/esthetique-interdiction-du-tpo-au-1er-septembre-2025\/\">\n                                            <img decoding=\"async\" width=\"600\" height=\"400\" src=\"https:\/\/www.altermes.fr\/wp-content\/uploads\/2025\/07\/Shutterstock_substanceinterditesongles.jpg\" class=\"attachment-custom-thumbnail size-custom-thumbnail wp-post-image\" alt=\"\" srcset=\"https:\/\/www.altermes.fr\/wp-content\/uploads\/2025\/07\/Shutterstock_substanceinterditesongles.jpg 600w, https:\/\/www.altermes.fr\/wp-content\/uploads\/2025\/07\/Shutterstock_substanceinterditesongles-480x320.jpg 480w\" sizes=\"(min-width: 0px) and (max-width: 480px) 480px, (min-width: 481px) 600px, 100vw\">                                        <\/a>\n                                                                        <a href=\"https:\/\/www.altermes.fr\/en\/les-infos-du-jour\/esthetique-interdiction-du-tpo-au-1er-septembre-2025\/\"><h3>Esth\u00e9tique : interdiction du TPO au 1er septembre 2025<\/h3><\/a>\n                                    <p class=\"use-case-category\"><a href=\"https:\/\/www.altermes.fr\/en\/weblex-importer-categories\/actualites\/\" rel=\"tag\">Actualit\u00e9s<\/a>, <a href=\"https:\/\/www.altermes.fr\/en\/weblex-importer-categories\/infos-juridiques\/\" rel=\"tag\">Infos juridiques<\/a><\/p>\n                                    <p class=\"edc-content\">L\u2019oxyde de diph\u00e9nyl trim\u00e9thylbenzoyl phosphine (TPO) est une substance chimique utilis\u00e9e pour favoriser le durcissement des syst\u00e8mes d'ongles artificiels sous la lumi\u00e8re UV. Autoris\u00e9 jusqu\u2019a...<\/p>                                <\/div>\n                                                                <div class=\"case-study-item weblex-article\">\n                                                                            <a href=\"https:\/\/www.altermes.fr\/en\/les-infos-du-jour\/aide-juridictionnelle-de-plus-en-plus-degressive\/\">\n                                            <img decoding=\"async\" width=\"600\" height=\"400\" src=\"https:\/\/www.altermes.fr\/wp-content\/uploads\/2025\/07\/Shutterstock_aidejuridictionnelle.jpg\" class=\"attachment-custom-thumbnail size-custom-thumbnail wp-post-image\" alt=\"\" srcset=\"https:\/\/www.altermes.fr\/wp-content\/uploads\/2025\/07\/Shutterstock_aidejuridictionnelle.jpg 600w, https:\/\/www.altermes.fr\/wp-content\/uploads\/2025\/07\/Shutterstock_aidejuridictionnelle-480x320.jpg 480w\" sizes=\"(min-width: 0px) and (max-width: 480px) 480px, (min-width: 481px) 600px, 100vw\">                                        <\/a>\n                                                                        <a href=\"https:\/\/www.altermes.fr\/en\/les-infos-du-jour\/aide-juridictionnelle-de-plus-en-plus-degressive\/\"><h3>Aide juridictionnelle : de plus en plus d\u00e9gressive ?<\/h3><\/a>\n                                    <p class=\"use-case-category\"><a href=\"https:\/\/www.altermes.fr\/en\/weblex-importer-categories\/actualites\/\" rel=\"tag\">Actualit\u00e9s<\/a>, <a href=\"https:\/\/www.altermes.fr\/en\/weblex-importer-categories\/infos-juridiques\/\" rel=\"tag\">Infos juridiques<\/a><\/p>\n                                    <p class=\"edc-content\">Les personnes faisant appel \u00e0 des avocats peuvent, en fonction de leurs revenus, b\u00e9n\u00e9ficier de l\u2019aide juridictionnelle, qui est une aide vers\u00e9e par l\u2019\u00c9tat pour r\u00e9mun\u00e9rer les professionnels....<\/p>                                <\/div>\n                                                                <div class=\"case-study-item weblex-article\">\n                                                                            <a href=\"https:\/\/www.altermes.fr\/en\/les-infos-du-jour\/droit-a-deduction-de-la-tva-meme-pour-les-pick-ups\/\">\n                                            <img decoding=\"async\" width=\"600\" height=\"400\" src=\"https:\/\/www.altermes.fr\/wp-content\/uploads\/2025\/07\/Shutterstock_TVAetpickups.jpg\" class=\"attachment-custom-thumbnail size-custom-thumbnail wp-post-image\" alt=\"\" srcset=\"https:\/\/www.altermes.fr\/wp-content\/uploads\/2025\/07\/Shutterstock_TVAetpickups.jpg 600w, https:\/\/www.altermes.fr\/wp-content\/uploads\/2025\/07\/Shutterstock_TVAetpickups-480x320.jpg 480w\" sizes=\"(min-width: 0px) and (max-width: 480px) 480px, (min-width: 481px) 600px, 100vw\">                                        <\/a>\n                                                                        <a href=\"https:\/\/www.altermes.fr\/en\/les-infos-du-jour\/droit-a-deduction-de-la-tva-meme-pour-les-pick-ups\/\"><h3>Droit \u00e0 d\u00e9duction de la TVA : m\u00eame pour les pick-ups ?<\/h3><\/a>\n                                    <p class=\"use-case-category\"><a href=\"https:\/\/www.altermes.fr\/en\/weblex-importer-categories\/actualites\/\" rel=\"tag\">Actualit\u00e9s<\/a>, <a href=\"https:\/\/www.altermes.fr\/en\/weblex-importer-categories\/infos-fiscales\/\" rel=\"tag\">Infos Fiscales<\/a><\/p>\n                                    <p class=\"edc-content\">Sauf exceptions, les v\u00e9hicules con\u00e7us pour transporter des marchandises, tels que les v\u00e9hicules utilitaires, ouvrent droit \u00e0 d\u00e9duction de la TVA. Mais qu\u2019en est-il pour les pick-ups, v\u00e9hicules...<\/p>                                <\/div>\n                                                                <div class=\"case-study-item weblex-article\">\n                                                                            <a href=\"https:\/\/www.altermes.fr\/en\/les-infos-du-jour\/ags-maintien-du-taux-au-1er-juillet-2025\/\">\n                                            <img decoding=\"async\" width=\"600\" height=\"400\" src=\"https:\/\/www.altermes.fr\/wp-content\/uploads\/2025\/07\/Shutterstock_AGS.jpg\" class=\"attachment-custom-thumbnail size-custom-thumbnail wp-post-image\" alt=\"\" srcset=\"https:\/\/www.altermes.fr\/wp-content\/uploads\/2025\/07\/Shutterstock_AGS.jpg 600w, https:\/\/www.altermes.fr\/wp-content\/uploads\/2025\/07\/Shutterstock_AGS-480x320.jpg 480w\" sizes=\"(min-width: 0px) and (max-width: 480px) 480px, (min-width: 481px) 600px, 100vw\">                                        <\/a>\n                                                                        <a href=\"https:\/\/www.altermes.fr\/en\/les-infos-du-jour\/ags-maintien-du-taux-au-1er-juillet-2025\/\"><h3>AGS : maintien du taux au 1er juillet 2025 !<\/h3><\/a>\n                                    <p class=\"use-case-category\"><a href=\"https:\/\/www.altermes.fr\/en\/weblex-importer-categories\/actualites\/\" rel=\"tag\">Actualit\u00e9s<\/a>, <a href=\"https:\/\/www.altermes.fr\/en\/weblex-importer-categories\/infos-sociales\/\" rel=\"tag\">Infos Sociales<\/a><\/p>\n                                    <p class=\"edc-content\">Responsable de l\u2019\u00e9quilibre financier du r\u00e9gime de garantie des salaires, le Conseil d\u2019administration de l\u2019Association pour la gestion de Garantie des cr\u00e9ances des salari\u00e9s, qui s\u2019est tenu ...<\/p>                                <\/div>\n                                                                <div class=\"case-study-item weblex-article\">\n                                                                            <a href=\"https:\/\/www.altermes.fr\/en\/les-infos-du-jour\/intemperies-lurssaf-et-le-cpsti-aux-cotes-des-entrepreneurs-touches\/\">\n                                            <img decoding=\"async\" width=\"600\" height=\"400\" src=\"https:\/\/www.altermes.fr\/wp-content\/uploads\/2025\/07\/Shutterstock_urgenceurssaf.jpg\" class=\"attachment-custom-thumbnail size-custom-thumbnail wp-post-image\" alt=\"\" srcset=\"https:\/\/www.altermes.fr\/wp-content\/uploads\/2025\/07\/Shutterstock_urgenceurssaf.jpg 600w, https:\/\/www.altermes.fr\/wp-content\/uploads\/2025\/07\/Shutterstock_urgenceurssaf-480x320.jpg 480w\" sizes=\"(min-width: 0px) and (max-width: 480px) 480px, (min-width: 481px) 600px, 100vw\">                                        <\/a>\n                                                                        <a href=\"https:\/\/www.altermes.fr\/en\/les-infos-du-jour\/intemperies-lurssaf-et-le-cpsti-aux-cotes-des-entrepreneurs-touches\/\"><h3>Intemp\u00e9ries : l\u2019Urssaf et le CPSTI aux c\u00f4t\u00e9s des entrepreneurs touch\u00e9s !<\/h3><\/a>\n                                    <p class=\"use-case-category\"><a href=\"https:\/\/www.altermes.fr\/en\/weblex-importer-categories\/actualites\/\" rel=\"tag\">Actualit\u00e9s<\/a>, <a href=\"https:\/\/www.altermes.fr\/en\/weblex-importer-categories\/infos-sociales\/\" rel=\"tag\">Infos Sociales<\/a><\/p>\n                                    <p class=\"edc-content\">Face aux inondations r\u00e9centes, l\u2019URSSAF active les mesures d\u2019urgence pour les employeurs et travailleurs ind\u00e9pendants. Pour en b\u00e9n\u00e9ficier, les employeurs et travailleurs ind\u00e9pendants touch\u00e9s...<\/p>                                <\/div>\n                                                                <div class=\"case-study-item weblex-article\">\n                                                                            <a href=\"https:\/\/www.altermes.fr\/en\/les-infos-du-jour\/etudiants-en-medecine-faciliter-lacces-au-cursus\/\">\n                                            <img decoding=\"async\" width=\"600\" height=\"400\" src=\"https:\/\/www.altermes.fr\/wp-content\/uploads\/2025\/07\/Shutterstock_territorialisation.jpg\" class=\"attachment-custom-thumbnail size-custom-thumbnail wp-post-image\" alt=\"\" srcset=\"https:\/\/www.altermes.fr\/wp-content\/uploads\/2025\/07\/Shutterstock_territorialisation.jpg 600w, https:\/\/www.altermes.fr\/wp-content\/uploads\/2025\/07\/Shutterstock_territorialisation-480x320.jpg 480w\" sizes=\"(min-width: 0px) and (max-width: 480px) 480px, (min-width: 481px) 600px, 100vw\">                                        <\/a>\n                                                                        <a href=\"https:\/\/www.altermes.fr\/en\/les-infos-du-jour\/etudiants-en-medecine-faciliter-lacces-au-cursus\/\"><h3>\u00c9tudiants en m\u00e9decine : faciliter l\u2019acc\u00e8s au cursus<\/h3><\/a>\n                                    <p class=\"use-case-category\"><a href=\"https:\/\/www.altermes.fr\/en\/weblex-importer-categories\/actualites\/\" rel=\"tag\">Actualit\u00e9s<\/a>, <a href=\"https:\/\/www.altermes.fr\/en\/weblex-importer-categories\/infos-juridiques\/\" rel=\"tag\">Infos juridiques<\/a><\/p>\n                                    <p class=\"edc-content\">La lutte contre les d\u00e9serts m\u00e9dicaux est permanente pour garantir un meilleur acc\u00e8s aux soins sur l\u2019ensemble du territoire. A ce sujet, des \u00e9volutions sont propos\u00e9es au niveau du cursus univers...<\/p>                                <\/div>\n                                                                <div class=\"case-study-item weblex-article\">\n                                                                            <a href=\"https:\/\/www.altermes.fr\/en\/les-infos-du-jour\/complementaire-sante-solidaire-une-simplification-des-demarches\/\">\n                                            <img decoding=\"async\" width=\"600\" height=\"400\" src=\"https:\/\/www.altermes.fr\/wp-content\/uploads\/2025\/07\/Shutterstock_complementairesante.jpg\" class=\"attachment-custom-thumbnail size-custom-thumbnail wp-post-image\" alt=\"\" srcset=\"https:\/\/www.altermes.fr\/wp-content\/uploads\/2025\/07\/Shutterstock_complementairesante.jpg 600w, https:\/\/www.altermes.fr\/wp-content\/uploads\/2025\/07\/Shutterstock_complementairesante-480x320.jpg 480w\" sizes=\"(min-width: 0px) and (max-width: 480px) 480px, (min-width: 481px) 600px, 100vw\">                                        <\/a>\n                                                                        <a href=\"https:\/\/www.altermes.fr\/en\/les-infos-du-jour\/complementaire-sante-solidaire-une-simplification-des-demarches\/\"><h3>Compl\u00e9mentaire sant\u00e9 solidaire : une simplification des d\u00e9marches !<\/h3><\/a>\n                                    <p class=\"use-case-category\"><a href=\"https:\/\/www.altermes.fr\/en\/weblex-importer-categories\/actualites\/\" rel=\"tag\">Actualit\u00e9s<\/a>, <a href=\"https:\/\/www.altermes.fr\/en\/weblex-importer-categories\/infos-sociales\/\" rel=\"tag\">Infos Sociales<\/a><\/p>\n                                    <p class=\"edc-content\">Afin de faciliter l\u2019acc\u00e8s aux soins des populations vuln\u00e9rables, les d\u00e9marches relatives \u00e0 la compl\u00e9mentaire sant\u00e9 solidaire (C2S) par les b\u00e9n\u00e9ficiaires de de certaines allocations viennent ...<\/p>                                <\/div>\n                                                                <div class=\"case-study-item weblex-article\">\n                                                                            <a href=\"https:\/\/www.altermes.fr\/en\/les-infos-du-jour\/notaires-retraites-du-nouveau\/\">\n                                            <img decoding=\"async\" width=\"600\" height=\"400\" src=\"https:\/\/www.altermes.fr\/wp-content\/uploads\/2025\/07\/Shutterstock_retraitesnotaires.jpg\" class=\"attachment-custom-thumbnail size-custom-thumbnail wp-post-image\" alt=\"\" srcset=\"https:\/\/www.altermes.fr\/wp-content\/uploads\/2025\/07\/Shutterstock_retraitesnotaires.jpg 600w, https:\/\/www.altermes.fr\/wp-content\/uploads\/2025\/07\/Shutterstock_retraitesnotaires-480x320.jpg 480w\" sizes=\"(min-width: 0px) and (max-width: 480px) 480px, (min-width: 481px) 600px, 100vw\">                                        <\/a>\n                                                                        <a href=\"https:\/\/www.altermes.fr\/en\/les-infos-du-jour\/notaires-retraites-du-nouveau\/\"><h3>Notaires retrait\u00e9s : du nouveau !<\/h3><\/a>\n                                    <p class=\"use-case-category\"><a href=\"https:\/\/www.altermes.fr\/en\/weblex-importer-categories\/actualites\/\" rel=\"tag\">Actualit\u00e9s<\/a>, <a href=\"https:\/\/www.altermes.fr\/en\/weblex-importer-categories\/infos-sociales\/\" rel=\"tag\">Infos Sociales<\/a><\/p>\n                                    <p class=\"edc-content\">Dans le sillon de la r\u00e9forme des retraites, qui a mis un terme \u00e0 certains r\u00e9gimes sp\u00e9ciaux, dont celui des employ\u00e9s et clercs de notaires, il est pr\u00e9vu de nouvelles modalit\u00e9s d\u2019affiliation au...<\/p>                                <\/div>\n                                                                <div class=\"case-study-item weblex-article\">\n                                                                            <a href=\"https:\/\/www.altermes.fr\/en\/les-infos-du-jour\/bien-etre-animal-une-reglementation-detaillee\/\">\n                                            <img decoding=\"async\" width=\"600\" height=\"400\" src=\"https:\/\/www.altermes.fr\/wp-content\/uploads\/2025\/07\/Shutterstock_soinsprotection.jpg\" class=\"attachment-custom-thumbnail size-custom-thumbnail wp-post-image\" alt=\"\" srcset=\"https:\/\/www.altermes.fr\/wp-content\/uploads\/2025\/07\/Shutterstock_soinsprotection.jpg 600w, https:\/\/www.altermes.fr\/wp-content\/uploads\/2025\/07\/Shutterstock_soinsprotection-480x320.jpg 480w\" sizes=\"(min-width: 0px) and (max-width: 480px) 480px, (min-width: 481px) 600px, 100vw\">                                        <\/a>\n                                                                        <a href=\"https:\/\/www.altermes.fr\/en\/les-infos-du-jour\/bien-etre-animal-une-reglementation-detaillee\/\"><h3>Bien-\u00eatre animal : une r\u00e9glementation d\u00e9taill\u00e9e<\/h3><\/a>\n                                    <p class=\"use-case-category\"><a href=\"https:\/\/www.altermes.fr\/en\/weblex-importer-categories\/actualites\/\" rel=\"tag\">Actualit\u00e9s<\/a>, <a href=\"https:\/\/www.altermes.fr\/en\/weblex-importer-categories\/infos-juridiques\/\" rel=\"tag\">Infos juridiques<\/a><\/p>\n                                    <p class=\"edc-content\">Le Gouvernement a arr\u00eat\u00e9 les r\u00e8gles applicables aux activit\u00e9s en lien avec des animaux de compagnie d\u2019esp\u00e8ces domestiques, en mati\u00e8re sanitaire et de bien-\u00eatre animal. Quelles sont les grande...<\/p>                                <\/div>\n                                                                <div class=\"case-study-item weblex-article\">\n                                                                            <a href=\"https:\/\/www.altermes.fr\/en\/les-infos-du-jour\/circulation-des-alcools-et-tabacs-en-route-vers-la-simplification\/\">\n                                            <img decoding=\"async\" width=\"600\" height=\"400\" src=\"https:\/\/www.altermes.fr\/wp-content\/uploads\/2025\/07\/Shutterstock_circulationalcoolstabacs2028129.jpg\" class=\"attachment-custom-thumbnail size-custom-thumbnail wp-post-image\" alt=\"\" srcset=\"https:\/\/www.altermes.fr\/wp-content\/uploads\/2025\/07\/Shutterstock_circulationalcoolstabacs2028129.jpg 600w, https:\/\/www.altermes.fr\/wp-content\/uploads\/2025\/07\/Shutterstock_circulationalcoolstabacs2028129-480x320.jpg 480w\" sizes=\"(min-width: 0px) and (max-width: 480px) 480px, (min-width: 481px) 600px, 100vw\">                                        <\/a>\n                                                                        <a href=\"https:\/\/www.altermes.fr\/en\/les-infos-du-jour\/circulation-des-alcools-et-tabacs-en-route-vers-la-simplification\/\"><h3>Circulation des alcools et tabacs : en route vers la simplification !<\/h3><\/a>\n                                    <p class=\"use-case-category\"><a href=\"https:\/\/www.altermes.fr\/en\/weblex-importer-categories\/actualites\/\" rel=\"tag\">Actualit\u00e9s<\/a>, <a href=\"https:\/\/www.altermes.fr\/en\/weblex-importer-categories\/infos-fiscales\/\" rel=\"tag\">Infos Fiscales<\/a><\/p>\n                                    <p class=\"edc-content\">La circulation des alcools et des tabacs en m\u00e9tropole et dans certains territoires ultramarins est, toutes conditions remplies, soumise au paiement de droits d\u2019accise. Le paiement de ces droits doi...<\/p>                                <\/div>\n                                                                <div class=\"case-study-item weblex-article\">\n                                                                            <a href=\"https:\/\/www.altermes.fr\/en\/les-infos-du-jour\/recouvrement-des-cotisations-sociales-un-allegement-des-regles-de-suivi\/\">\n                                            <img decoding=\"async\" width=\"600\" height=\"400\" src=\"https:\/\/www.altermes.fr\/wp-content\/uploads\/2025\/07\/Shutterstock_recouvrementcotisations.jpg\" class=\"attachment-custom-thumbnail size-custom-thumbnail wp-post-image\" alt=\"\" srcset=\"https:\/\/www.altermes.fr\/wp-content\/uploads\/2025\/07\/Shutterstock_recouvrementcotisations.jpg 600w, https:\/\/www.altermes.fr\/wp-content\/uploads\/2025\/07\/Shutterstock_recouvrementcotisations-480x320.jpg 480w\" sizes=\"(min-width: 0px) and (max-width: 480px) 480px, (min-width: 481px) 600px, 100vw\">                                        <\/a>\n                                                                        <a href=\"https:\/\/www.altermes.fr\/en\/les-infos-du-jour\/recouvrement-des-cotisations-sociales-un-allegement-des-regles-de-suivi\/\"><h3>Recouvrement des cotisations sociales : un all\u00e8gement des r\u00e8gles de suivi !<\/h3><\/a>\n                                    <p class=\"use-case-category\"><a href=\"https:\/\/www.altermes.fr\/en\/weblex-importer-categories\/actualites\/\" rel=\"tag\">Actualit\u00e9s<\/a>, <a href=\"https:\/\/www.altermes.fr\/en\/weblex-importer-categories\/infos-sociales\/\" rel=\"tag\">Infos Sociales<\/a><\/p>\n                                    <p class=\"edc-content\">Afin de faciliter la gestion administrative des cr\u00e9ances sociales par les organismes de recouvrement du r\u00e9gime g\u00e9n\u00e9ral et du r\u00e9gime agricole (MSA et URSSAF notamment), certaines modalit\u00e9s relati...<\/p>                                <\/div>\n                                                                <div class=\"case-study-item weblex-article\">\n                                                                            <a href=\"https:\/\/www.altermes.fr\/en\/les-infos-du-jour\/vehicules-a-faible-empreinte-carbone-ca-se-precise\/\">\n                                            <img decoding=\"async\" width=\"600\" height=\"400\" src=\"https:\/\/www.altermes.fr\/wp-content\/uploads\/2025\/07\/Shutterstock_vehiculesafaibleempreinte.jpg\" class=\"attachment-custom-thumbnail size-custom-thumbnail wp-post-image\" alt=\"\" srcset=\"https:\/\/www.altermes.fr\/wp-content\/uploads\/2025\/07\/Shutterstock_vehiculesafaibleempreinte.jpg 600w, https:\/\/www.altermes.fr\/wp-content\/uploads\/2025\/07\/Shutterstock_vehiculesafaibleempreinte-480x320.jpg 480w\" sizes=\"(min-width: 0px) and (max-width: 480px) 480px, (min-width: 481px) 600px, 100vw\">                                        <\/a>\n                                                                        <a href=\"https:\/\/www.altermes.fr\/en\/les-infos-du-jour\/vehicules-a-faible-empreinte-carbone-ca-se-precise\/\"><h3>V\u00e9hicules \u00e0 faible empreinte carbone : \u00e7a se pr\u00e9cise !<\/h3><\/a>\n                                    <p class=\"use-case-category\"><a href=\"https:\/\/www.altermes.fr\/en\/weblex-importer-categories\/actualites\/\" rel=\"tag\">Actualit\u00e9s<\/a>, <a href=\"https:\/\/www.altermes.fr\/en\/weblex-importer-categories\/infos-fiscales\/\" rel=\"tag\">Infos Fiscales<\/a><\/p>\n                                    <p class=\"edc-content\">Pour l\u2019application de la taxe incitative relative \u00e0 l\u2019acquisition de v\u00e9hicules l\u00e9gers \u00e0 faibles \u00e9missions et de la taxe sur la masse en ordre de marche des v\u00e9hicules de tourisme, les caract?...<\/p>                                <\/div>\n                                                                <div class=\"case-study-item weblex-article\">\n                                                                            <a href=\"https:\/\/www.altermes.fr\/en\/les-infos-du-jour\/stockage-de-liquides-inflammables-quelques-evolutions-a-noter\/\">\n                                            <img decoding=\"async\" width=\"600\" height=\"400\" src=\"https:\/\/www.altermes.fr\/wp-content\/uploads\/2025\/07\/Shutterstock_ICPEproduits.jpg\" class=\"attachment-custom-thumbnail size-custom-thumbnail wp-post-image\" alt=\"\" srcset=\"https:\/\/www.altermes.fr\/wp-content\/uploads\/2025\/07\/Shutterstock_ICPEproduits.jpg 600w, https:\/\/www.altermes.fr\/wp-content\/uploads\/2025\/07\/Shutterstock_ICPEproduits-480x320.jpg 480w\" sizes=\"(min-width: 0px) and (max-width: 480px) 480px, (min-width: 481px) 600px, 100vw\">                                        <\/a>\n                                                                        <a href=\"https:\/\/www.altermes.fr\/en\/les-infos-du-jour\/stockage-de-liquides-inflammables-quelques-evolutions-a-noter\/\"><h3>Stockage de liquides inflammables : quelques \u00e9volutions \u00e0 noter<\/h3><\/a>\n                                    <p class=\"use-case-category\"><a href=\"https:\/\/www.altermes.fr\/en\/weblex-importer-categories\/actualites\/\" rel=\"tag\">Actualit\u00e9s<\/a>, <a href=\"https:\/\/www.altermes.fr\/en\/weblex-importer-categories\/infos-juridiques\/\" rel=\"tag\">Infos juridiques<\/a><\/p>\n                                    <p class=\"edc-content\">Dans la continuit\u00e9 des modifications des r\u00e9glementations faites par le Gouvernement pour r\u00e9duire les accidents dans les installations class\u00e9es pour la protection de l\u2019environnement (ICPE), c\u2019e...<\/p>                                <\/div>\n                                                                <div class=\"case-study-item weblex-article\">\n                                                                            <a href=\"https:\/\/www.altermes.fr\/en\/les-infos-du-jour\/infirmiers-du-changement-concernant-la-profession\/\">\n                                            <img decoding=\"async\" width=\"600\" height=\"400\" src=\"https:\/\/www.altermes.fr\/wp-content\/uploads\/2025\/07\/Shutterstock_loinfirmiers.jpg\" class=\"attachment-custom-thumbnail size-custom-thumbnail wp-post-image\" alt=\"\" srcset=\"https:\/\/www.altermes.fr\/wp-content\/uploads\/2025\/07\/Shutterstock_loinfirmiers.jpg 600w, https:\/\/www.altermes.fr\/wp-content\/uploads\/2025\/07\/Shutterstock_loinfirmiers-480x320.jpg 480w\" sizes=\"(min-width: 0px) and (max-width: 480px) 480px, (min-width: 481px) 600px, 100vw\">                                        <\/a>\n                                                                        <a href=\"https:\/\/www.altermes.fr\/en\/les-infos-du-jour\/infirmiers-du-changement-concernant-la-profession\/\"><h3>Infirmiers : du changement concernant la profession<\/h3><\/a>\n                                    <p class=\"use-case-category\"><a href=\"https:\/\/www.altermes.fr\/en\/weblex-importer-categories\/actualites\/\" rel=\"tag\">Actualit\u00e9s<\/a>, <a href=\"https:\/\/www.altermes.fr\/en\/weblex-importer-categories\/infos-juridiques\/\" rel=\"tag\">Infos juridiques<\/a><\/p>\n                                    <p class=\"edc-content\">Un \u00e9largissement notoire du champ de comp\u00e9tence des infirmiers a \u00e9t\u00e9 mis en place, ainsi que des exp\u00e9rimentations afin de d\u00e9terminer jusqu\u2019o\u00f9 cet \u00e9largissement pourra se poursuivre \u00e0 l\u2019av...<\/p>                                <\/div>\n                                                                <div class=\"case-study-item weblex-article\">\n                                                                            <a href=\"https:\/\/www.altermes.fr\/en\/les-infos-du-jour\/logements-soumis-a-loi-de-1948-quelle-revalorisation-pour-2025\/\">\n                                            <img decoding=\"async\" width=\"600\" height=\"400\" src=\"https:\/\/www.altermes.fr\/wp-content\/uploads\/2025\/07\/Shutterstock_bauxloi1948.jpg\" class=\"attachment-custom-thumbnail size-custom-thumbnail wp-post-image\" alt=\"\" srcset=\"https:\/\/www.altermes.fr\/wp-content\/uploads\/2025\/07\/Shutterstock_bauxloi1948.jpg 600w, https:\/\/www.altermes.fr\/wp-content\/uploads\/2025\/07\/Shutterstock_bauxloi1948-480x320.jpg 480w\" sizes=\"(min-width: 0px) and (max-width: 480px) 480px, (min-width: 481px) 600px, 100vw\">                                        <\/a>\n                                                                        <a href=\"https:\/\/www.altermes.fr\/en\/les-infos-du-jour\/logements-soumis-a-loi-de-1948-quelle-revalorisation-pour-2025\/\"><h3>Logements soumis \u00e0 loi de 1948 : quelle revalorisation pour 2025 ?<\/h3><\/a>\n                                    <p class=\"use-case-category\"><a href=\"https:\/\/www.altermes.fr\/en\/weblex-importer-categories\/actualites\/\" rel=\"tag\">Actualit\u00e9s<\/a>, <a href=\"https:\/\/www.altermes.fr\/en\/weblex-importer-categories\/le-coin-du-dirigeant\/\" rel=\"tag\">Le coin du dirigeant<\/a><\/p>\n                                    <p class=\"edc-content\">Les loyers des logements relevant de la loi de 1948 peuvent faire l\u2019objet d\u2019une revalorisation donn\u00e9e chaque ann\u00e9e par le Gouvernement. Revalorisation \u00e0 pr\u00e9sent disponible pour l\u2019ann\u00e9e 2025...<\/p>                                <\/div>\n                                                                <div class=\"case-study-item weblex-article\">\n                                                                            <a href=\"https:\/\/www.altermes.fr\/en\/les-infos-du-jour\/tabac-et-protection-des-mineurs-deux-nouveautes\/\">\n                                            <img decoding=\"async\" width=\"600\" height=\"400\" src=\"https:\/\/www.altermes.fr\/wp-content\/uploads\/2025\/07\/Shutterstock_esapcesanstabac.jpg\" class=\"attachment-custom-thumbnail size-custom-thumbnail wp-post-image\" alt=\"\" srcset=\"https:\/\/www.altermes.fr\/wp-content\/uploads\/2025\/07\/Shutterstock_esapcesanstabac.jpg 600w, https:\/\/www.altermes.fr\/wp-content\/uploads\/2025\/07\/Shutterstock_esapcesanstabac-480x320.jpg 480w\" sizes=\"(min-width: 0px) and (max-width: 480px) 480px, (min-width: 481px) 600px, 100vw\">                                        <\/a>\n                                                                        <a href=\"https:\/\/www.altermes.fr\/en\/les-infos-du-jour\/tabac-et-protection-des-mineurs-deux-nouveautes\/\"><h3>Tabac et protection des mineurs : deux nouveaut\u00e9s !<\/h3><\/a>\n                                    <p class=\"use-case-category\"><a href=\"https:\/\/www.altermes.fr\/en\/weblex-importer-categories\/actualites\/\" rel=\"tag\">Actualit\u00e9s<\/a>, <a href=\"https:\/\/www.altermes.fr\/en\/weblex-importer-categories\/infos-juridiques\/\" rel=\"tag\">Infos juridiques<\/a><\/p>\n                                    <p class=\"edc-content\">Afin de r\u00e9duire le tabagisme passif et de d\u00e9normaliser la consommation de tabac, les pouvoirs publics ont, d\u2019une part, \u00e9largi les \u00ab espaces non-fumeurs \u00bb et, d\u2019autre part, renforc\u00e9 les sanct...<\/p>                                <\/div>\n                                                                <div class=\"case-study-item weblex-article\">\n                                                                            <a href=\"https:\/\/www.altermes.fr\/en\/les-infos-du-jour\/cancers-un-registre-national-pour-faire-avancer-la-recherche\/\">\n                                            <img decoding=\"async\" width=\"600\" height=\"400\" src=\"https:\/\/www.altermes.fr\/wp-content\/uploads\/2025\/07\/Shutterstock_registrenationnaldescancers.jpg\" class=\"attachment-custom-thumbnail size-custom-thumbnail wp-post-image\" alt=\"\" srcset=\"https:\/\/www.altermes.fr\/wp-content\/uploads\/2025\/07\/Shutterstock_registrenationnaldescancers.jpg 600w, https:\/\/www.altermes.fr\/wp-content\/uploads\/2025\/07\/Shutterstock_registrenationnaldescancers-480x320.jpg 480w\" sizes=\"(min-width: 0px) and (max-width: 480px) 480px, (min-width: 481px) 600px, 100vw\">                                        <\/a>\n                                                                        <a href=\"https:\/\/www.altermes.fr\/en\/les-infos-du-jour\/cancers-un-registre-national-pour-faire-avancer-la-recherche\/\"><h3>Cancers : un registre national pour faire avancer la recherche<\/h3><\/a>\n                                    <p class=\"use-case-category\"><a href=\"https:\/\/www.altermes.fr\/en\/weblex-importer-categories\/actualites\/\" rel=\"tag\">Actualit\u00e9s<\/a>, <a href=\"https:\/\/www.altermes.fr\/en\/weblex-importer-categories\/infos-juridiques\/\" rel=\"tag\">Infos juridiques<\/a><\/p>\n                                    <p class=\"edc-content\">L\u2019Institut national du cancer (Inca) se voit confier une mission qui consiste \u00e0 mettre en place et d\u2019administrer un \u00ab registre national des cancers \u00bb : dans quels buts ?Cancer : compiler l\u2019en...<\/p>                                <\/div>\n                                                                <div class=\"case-study-item weblex-article\">\n                                                                            <a href=\"https:\/\/www.altermes.fr\/en\/les-infos-du-jour\/contrat-de-securisation-professionnelle-mise-en-coherence-avec-lassurance-chomage\/\">\n                                            <img decoding=\"async\" width=\"600\" height=\"400\" src=\"https:\/\/www.altermes.fr\/wp-content\/uploads\/2025\/07\/Shutterstock_dernieremodification.jpg\" class=\"attachment-custom-thumbnail size-custom-thumbnail wp-post-image\" alt=\"\" srcset=\"https:\/\/www.altermes.fr\/wp-content\/uploads\/2025\/07\/Shutterstock_dernieremodification.jpg 600w, https:\/\/www.altermes.fr\/wp-content\/uploads\/2025\/07\/Shutterstock_dernieremodification-480x320.jpg 480w\" sizes=\"(min-width: 0px) and (max-width: 480px) 480px, (min-width: 481px) 600px, 100vw\">                                        <\/a>\n                                                                        <a href=\"https:\/\/www.altermes.fr\/en\/les-infos-du-jour\/contrat-de-securisation-professionnelle-mise-en-coherence-avec-lassurance-chomage\/\"><h3>Contrat de s\u00e9curisation professionnelle : mise en coh\u00e9rence avec l\u2019Assurance ch\u00f4mage<\/h3><\/a>\n                                    <p class=\"use-case-category\"><a href=\"https:\/\/www.altermes.fr\/en\/weblex-importer-categories\/actualites\/\" rel=\"tag\">Actualit\u00e9s<\/a>, <a href=\"https:\/\/www.altermes.fr\/en\/weblex-importer-categories\/infos-sociales\/\" rel=\"tag\">Infos Sociales<\/a><\/p>\n                                    <p class=\"edc-content\">Si le dispositif du contrat de s\u00e9curisation professionnelle (ou CSP) a \u00e9t\u00e9 reconduit jusqu\u2019au 31 d\u00e9cembre 2025, un doute demeurait quant \u00e0 l\u2019application des nouvelles r\u00e8gles d\u2019Assurance ch...<\/p>                                <\/div>\n                                                                <div class=\"case-study-item weblex-article\">\n                                                                            <a href=\"https:\/\/www.altermes.fr\/en\/les-infos-du-jour\/apprentissage-quels-changements-des-le-1er-juillet-2025\/\">\n                                            <img decoding=\"async\" width=\"600\" height=\"400\" src=\"https:\/\/www.altermes.fr\/wp-content\/uploads\/2025\/07\/Shutterstock_finacementapprentissage.jpg\" class=\"attachment-custom-thumbnail size-custom-thumbnail wp-post-image\" alt=\"\" srcset=\"https:\/\/www.altermes.fr\/wp-content\/uploads\/2025\/07\/Shutterstock_finacementapprentissage.jpg 600w, https:\/\/www.altermes.fr\/wp-content\/uploads\/2025\/07\/Shutterstock_finacementapprentissage-480x320.jpg 480w\" sizes=\"(min-width: 0px) and (max-width: 480px) 480px, (min-width: 481px) 600px, 100vw\">                                        <\/a>\n                                                                        <a href=\"https:\/\/www.altermes.fr\/en\/les-infos-du-jour\/apprentissage-quels-changements-des-le-1er-juillet-2025\/\"><h3>Apprentissage : quels changements d\u00e8s le 1er juillet 2025 ?<\/h3><\/a>\n                                    <p class=\"use-case-category\"><a href=\"https:\/\/www.altermes.fr\/en\/weblex-importer-categories\/actualites\/\" rel=\"tag\">Actualit\u00e9s<\/a>, <a href=\"https:\/\/www.altermes.fr\/en\/weblex-importer-categories\/infos-sociales\/\" rel=\"tag\">Infos Sociales<\/a><\/p>\n                                    <p class=\"edc-content\">\u00c0 partir du 1er juillet 2025, les modalit\u00e9s de prise en charge financi\u00e8re des contrats d\u2019apprentissage vont \u00e9voluer dans le but de garantir une meilleure soutenabilit\u00e9 des financements de l\u2019a...<\/p>                                <\/div>\n                                                                <div class=\"case-study-item weblex-article\">\n                                                                            <a href=\"https:\/\/www.altermes.fr\/en\/les-infos-du-jour\/declaration-de-tva-un-nouveau-formulaire-bientot-disponible\/\">\n                                            <img decoding=\"async\" width=\"600\" height=\"400\" src=\"https:\/\/www.altermes.fr\/wp-content\/uploads\/2025\/07\/Shutterstock_declarationtva2028129.jpg\" class=\"attachment-custom-thumbnail size-custom-thumbnail wp-post-image\" alt=\"\" srcset=\"https:\/\/www.altermes.fr\/wp-content\/uploads\/2025\/07\/Shutterstock_declarationtva2028129.jpg 600w, https:\/\/www.altermes.fr\/wp-content\/uploads\/2025\/07\/Shutterstock_declarationtva2028129-480x320.jpg 480w\" sizes=\"(min-width: 0px) and (max-width: 480px) 480px, (min-width: 481px) 600px, 100vw\">                                        <\/a>\n                                                                        <a href=\"https:\/\/www.altermes.fr\/en\/les-infos-du-jour\/declaration-de-tva-un-nouveau-formulaire-bientot-disponible\/\"><h3>D\u00e9claration de TVA : un nouveau formulaire bient\u00f4t disponible ?<\/h3><\/a>\n                                    <p class=\"use-case-category\"><a href=\"https:\/\/www.altermes.fr\/en\/weblex-importer-categories\/actualites\/\" rel=\"tag\">Actualit\u00e9s<\/a>, <a href=\"https:\/\/www.altermes.fr\/en\/weblex-importer-categories\/infos-fiscales\/\" rel=\"tag\">Infos Fiscales<\/a><\/p>\n                                    <p class=\"edc-content\">Suite \u00e0 des modifications apport\u00e9es par les lois de finances pour 2025, la nouvelle version de la d\u00e9claration de TVA CA3 est d\u00e9cal\u00e9e au 7 juillet 2025. Les entreprises concern\u00e9es sont invit\u00e9es ...<\/p>                                <\/div>\n                                                                <div class=\"case-study-item weblex-article\">\n                                                                            <a href=\"https:\/\/www.altermes.fr\/en\/les-infos-du-jour\/delais-de-paiement-en-faveur-de-mayotte-un-report-de-date-reporte\/\">\n                                            <img decoding=\"async\" width=\"600\" height=\"400\" src=\"https:\/\/www.altermes.fr\/wp-content\/uploads\/2025\/07\/Shutterstock_reportechangesmayotte.jpg\" class=\"attachment-custom-thumbnail size-custom-thumbnail wp-post-image\" alt=\"\" srcset=\"https:\/\/www.altermes.fr\/wp-content\/uploads\/2025\/07\/Shutterstock_reportechangesmayotte.jpg 600w, https:\/\/www.altermes.fr\/wp-content\/uploads\/2025\/07\/Shutterstock_reportechangesmayotte-480x320.jpg 480w\" sizes=\"(min-width: 0px) and (max-width: 480px) 480px, (min-width: 481px) 600px, 100vw\">                                        <\/a>\n                                                                        <a href=\"https:\/\/www.altermes.fr\/en\/les-infos-du-jour\/delais-de-paiement-en-faveur-de-mayotte-un-report-de-date-reporte\/\"><h3>D\u00e9lais de paiement en faveur de Mayotte : un report de date report\u00e9 !<\/h3><\/a>\n                                    <p class=\"use-case-category\"><a href=\"https:\/\/www.altermes.fr\/en\/weblex-importer-categories\/actualites\/\" rel=\"tag\">Actualit\u00e9s<\/a>, <a href=\"https:\/\/www.altermes.fr\/en\/weblex-importer-categories\/infos-fiscales\/\" rel=\"tag\">Infos Fiscales<\/a><\/p>\n                                    <p class=\"edc-content\">Pour rappel, afin d\u2019aider Mayotte \u00e0 se reconstruire apr\u00e8s le cyclone Chido, une loi d\u2019urgence a \u00e9t\u00e9 vot\u00e9e le 24 f\u00e9vrier 2025. Cette loi contient diff\u00e9rents assouplissements r\u00e9glementaires ...<\/p>                                <\/div>\n                                                                <div class=\"case-study-item weblex-article\">\n                                                                            <a href=\"https:\/\/www.altermes.fr\/en\/les-infos-du-jour\/bonus-ecologique-fin-des-financements\/\">\n                                            <img decoding=\"async\" width=\"600\" height=\"400\" src=\"https:\/\/www.altermes.fr\/wp-content\/uploads\/2025\/07\/Shutterstock_findubonuseco.jpg\" class=\"attachment-custom-thumbnail size-custom-thumbnail wp-post-image\" alt=\"\" srcset=\"https:\/\/www.altermes.fr\/wp-content\/uploads\/2025\/07\/Shutterstock_findubonuseco.jpg 600w, https:\/\/www.altermes.fr\/wp-content\/uploads\/2025\/07\/Shutterstock_findubonuseco-480x320.jpg 480w\" sizes=\"(min-width: 0px) and (max-width: 480px) 480px, (min-width: 481px) 600px, 100vw\">                                        <\/a>\n                                                                        <a href=\"https:\/\/www.altermes.fr\/en\/les-infos-du-jour\/bonus-ecologique-fin-des-financements\/\"><h3>Bonus \u00e9cologique : fin des financements ?<\/h3><\/a>\n                                    <p class=\"use-case-category\"><a href=\"https:\/\/www.altermes.fr\/en\/weblex-importer-categories\/actualites\/\" rel=\"tag\">Actualit\u00e9s<\/a>, <a href=\"https:\/\/www.altermes.fr\/en\/weblex-importer-categories\/infos-juridiques\/\" rel=\"tag\">Infos juridiques<\/a><\/p>\n                                    <p class=\"edc-content\">Afin de faciliter la transformation du parc automobile vers des solutions moins polluantes, l\u2019\u00c9tat propose diverses aides financi\u00e8res pour l\u2019acquisition ou la location de v\u00e9hicules plus respect...<\/p>                                <\/div>\n                                                                <div class=\"case-study-item weblex-article\">\n                                                                            <a href=\"https:\/\/www.altermes.fr\/en\/les-infos-du-jour\/infirmiers-du-nouveau-sur-la-remuneration\/\">\n                                            <img decoding=\"async\" width=\"600\" height=\"400\" src=\"https:\/\/www.altermes.fr\/wp-content\/uploads\/2025\/07\/Shutterstock_renumerationinfirmiers.jpg\" class=\"attachment-custom-thumbnail size-custom-thumbnail wp-post-image\" alt=\"\" srcset=\"https:\/\/www.altermes.fr\/wp-content\/uploads\/2025\/07\/Shutterstock_renumerationinfirmiers.jpg 600w, https:\/\/www.altermes.fr\/wp-content\/uploads\/2025\/07\/Shutterstock_renumerationinfirmiers-480x320.jpg 480w\" sizes=\"(min-width: 0px) and (max-width: 480px) 480px, (min-width: 481px) 600px, 100vw\">                                        <\/a>\n                                                                        <a href=\"https:\/\/www.altermes.fr\/en\/les-infos-du-jour\/infirmiers-du-nouveau-sur-la-remuneration\/\"><h3>Infirmiers : du nouveau sur la r\u00e9mun\u00e9ration<\/h3><\/a>\n                                    <p class=\"use-case-category\"><a href=\"https:\/\/www.altermes.fr\/en\/weblex-importer-categories\/actualites\/\" rel=\"tag\">Actualit\u00e9s<\/a>, <a href=\"https:\/\/www.altermes.fr\/en\/weblex-importer-categories\/infos-juridiques\/\" rel=\"tag\">Infos juridiques<\/a><\/p>\n                                    <p class=\"edc-content\">Sous certaines conditions, les infirmiers dipl\u00f4m\u00e9s d\u2019\u00c9tat peuvent \u00eatre amen\u00e9s \u00e0 constater le d\u00e9c\u00e8s de patients. Des pr\u00e9cisions sont apport\u00e9es quant \u00e0 la r\u00e9mun\u00e9ration \u00e0 laquelle ils peu...<\/p>                                <\/div>\n                                                                <div class=\"case-study-item weblex-article\">\n                                                                            <a href=\"https:\/\/www.altermes.fr\/en\/les-infos-du-jour\/bulletins-officiels-des-affaires-sociales-du-nouveau\/\">\n                                            <img decoding=\"async\" width=\"600\" height=\"400\" src=\"https:\/\/www.altermes.fr\/wp-content\/uploads\/2025\/07\/Shutterstock_boaffairessociales.jpg\" class=\"attachment-custom-thumbnail size-custom-thumbnail wp-post-image\" alt=\"\" srcset=\"https:\/\/www.altermes.fr\/wp-content\/uploads\/2025\/07\/Shutterstock_boaffairessociales.jpg 600w, https:\/\/www.altermes.fr\/wp-content\/uploads\/2025\/07\/Shutterstock_boaffairessociales-480x320.jpg 480w\" sizes=\"(min-width: 0px) and (max-width: 480px) 480px, (min-width: 481px) 600px, 100vw\">                                        <\/a>\n                                                                        <a href=\"https:\/\/www.altermes.fr\/en\/les-infos-du-jour\/bulletins-officiels-des-affaires-sociales-du-nouveau\/\"><h3>Bulletins officiels des affaires sociales : du nouveau !<\/h3><\/a>\n                                    <p class=\"use-case-category\"><a href=\"https:\/\/www.altermes.fr\/en\/weblex-importer-categories\/actualites\/\" rel=\"tag\">Actualit\u00e9s<\/a>, <a href=\"https:\/\/www.altermes.fr\/en\/weblex-importer-categories\/infos-sociales\/\" rel=\"tag\">Infos Sociales<\/a><\/p>\n                                    <p class=\"edc-content\">Les Bulletins officiels (BO) \u00ab Sant\u00e9 \u2013 Protection sociale \u2013 Solidarit\u00e9s \u00bb et \u00ab Travail \u2013 Emploi \u2013 Formation professionnelle \u00bb publient les textes n\u2019ayant pas d\u00e9j\u00e0 \u00e9t\u00e9 publi\u00e9s au J...<\/p>                                <\/div>\n                                                                <div class=\"case-study-item weblex-article\">\n                                                                            <a href=\"https:\/\/www.altermes.fr\/en\/les-infos-du-jour\/vente-dune-residence-secondaire-une-exoneration-sous-conditions\/\">\n                                            <img decoding=\"async\" width=\"600\" height=\"400\" src=\"https:\/\/www.altermes.fr\/wp-content\/uploads\/2025\/07\/Shutterstock_residencesecondaire.jpg\" class=\"attachment-custom-thumbnail size-custom-thumbnail wp-post-image\" alt=\"\" srcset=\"https:\/\/www.altermes.fr\/wp-content\/uploads\/2025\/07\/Shutterstock_residencesecondaire.jpg 600w, https:\/\/www.altermes.fr\/wp-content\/uploads\/2025\/07\/Shutterstock_residencesecondaire-480x320.jpg 480w\" sizes=\"(min-width: 0px) and (max-width: 480px) 480px, (min-width: 481px) 600px, 100vw\">                                        <\/a>\n                                                                        <a href=\"https:\/\/www.altermes.fr\/en\/les-infos-du-jour\/vente-dune-residence-secondaire-une-exoneration-sous-conditions\/\"><h3>Vente d\u2019une r\u00e9sidence secondaire : une exon\u00e9ration, sous conditions ?<\/h3><\/a>\n                                    <p class=\"use-case-category\"><a href=\"https:\/\/www.altermes.fr\/en\/weblex-importer-categories\/actualites\/\" rel=\"tag\">Actualit\u00e9s<\/a>, <a href=\"https:\/\/www.altermes.fr\/en\/weblex-importer-categories\/le-coin-du-dirigeant\/\" rel=\"tag\">Le coin du dirigeant<\/a><\/p>\n                                    <p class=\"edc-content\">Le gain r\u00e9alis\u00e9 lors de la vente d\u2019une r\u00e9sidence secondaire peut, toutes conditions par ailleurs remplies, \u00eatre exon\u00e9r\u00e9 d\u2019imp\u00f4t sur le revenu d\u00e8s lors que le produit de la vente est r\u00e9inv...<\/p>                                <\/div>\n                                                                <div class=\"case-study-item weblex-article\">\n                                                                            <a href=\"https:\/\/www.altermes.fr\/en\/les-infos-du-jour\/dematerialisation-de-la-procedure-denregistrement-nouveau-calendrier-en-vue\/\">\n                                            <img decoding=\"async\" width=\"600\" height=\"400\" src=\"https:\/\/www.altermes.fr\/wp-content\/uploads\/2025\/07\/Shutterstock_dematerialisationcalendrier.jpg\" class=\"attachment-custom-thumbnail size-custom-thumbnail wp-post-image\" alt=\"\" srcset=\"https:\/\/www.altermes.fr\/wp-content\/uploads\/2025\/07\/Shutterstock_dematerialisationcalendrier.jpg 600w, https:\/\/www.altermes.fr\/wp-content\/uploads\/2025\/07\/Shutterstock_dematerialisationcalendrier-480x320.jpg 480w\" sizes=\"(min-width: 0px) and (max-width: 480px) 480px, (min-width: 481px) 600px, 100vw\">                                        <\/a>\n                                                                        <a href=\"https:\/\/www.altermes.fr\/en\/les-infos-du-jour\/dematerialisation-de-la-procedure-denregistrement-nouveau-calendrier-en-vue\/\"><h3>D\u00e9mat\u00e9rialisation de la proc\u00e9dure d\u2019enregistrement : nouveau calendrier en vue ?<\/h3><\/a>\n                                    <p class=\"use-case-category\"><a href=\"https:\/\/www.altermes.fr\/en\/weblex-importer-categories\/actualites\/\" rel=\"tag\">Actualit\u00e9s<\/a>, <a href=\"https:\/\/www.altermes.fr\/en\/weblex-importer-categories\/le-coin-du-dirigeant\/\" rel=\"tag\">Le coin du dirigeant<\/a><\/p>\n                                    <p class=\"edc-content\">Initialement pr\u00e9vue au plus tard le 1er juillet 2025, l\u2019obligation de d\u00e9clarer (et de payer) par voie d\u00e9mat\u00e9rialis\u00e9e les dons manuels, les successions ou encore les cessions de droits sociaux v...<\/p>                                <\/div>\n                                                                <div class=\"case-study-item weblex-article\">\n                                                                            <a href=\"https:\/\/www.altermes.fr\/en\/les-infos-du-jour\/espace-particulier-sur-impots-gouv-une-securite-renforcee\/\">\n                                            <img decoding=\"async\" width=\"600\" height=\"400\" src=\"https:\/\/www.altermes.fr\/wp-content\/uploads\/2025\/07\/Shutterstock_esapceparticulier.jpg\" class=\"attachment-custom-thumbnail size-custom-thumbnail wp-post-image\" alt=\"\" srcset=\"https:\/\/www.altermes.fr\/wp-content\/uploads\/2025\/07\/Shutterstock_esapceparticulier.jpg 600w, https:\/\/www.altermes.fr\/wp-content\/uploads\/2025\/07\/Shutterstock_esapceparticulier-480x320.jpg 480w\" sizes=\"(min-width: 0px) and (max-width: 480px) 480px, (min-width: 481px) 600px, 100vw\">                                        <\/a>\n                                                                        <a href=\"https:\/\/www.altermes.fr\/en\/les-infos-du-jour\/espace-particulier-sur-impots-gouv-une-securite-renforcee\/\"><h3>Espace particulier sur impots.gouv : une s\u00e9curit\u00e9 renforc\u00e9e !<\/h3><\/a>\n                                    <p class=\"use-case-category\"><a href=\"https:\/\/www.altermes.fr\/en\/weblex-importer-categories\/actualites\/\" rel=\"tag\">Actualit\u00e9s<\/a>, <a href=\"https:\/\/www.altermes.fr\/en\/weblex-importer-categories\/le-coin-du-dirigeant\/\" rel=\"tag\">Le coin du dirigeant<\/a><\/p>\n                                    <p class=\"edc-content\">Face \u00e0 la mont\u00e9e en puissance des tentatives de hame\u00e7onnages et autres actes de cybermalveillance, la direction g\u00e9n\u00e9rale des Finances publiques (DGFiP) a d\u00e9cid\u00e9 de renforcer la s\u00e9curit\u00e9 de se...<\/p>                                <\/div>\n                                                                <div class=\"case-study-item weblex-article\">\n                                                                            <a href=\"https:\/\/www.altermes.fr\/en\/les-infos-du-jour\/dematerialisation-des-titres-officiels-au-tour-de-la-carte-grise\/\">\n                                            <img decoding=\"async\" width=\"600\" height=\"400\" src=\"https:\/\/www.altermes.fr\/wp-content\/uploads\/2025\/07\/Shutterstock_cartegrisefranceidentite.jpg\" class=\"attachment-custom-thumbnail size-custom-thumbnail wp-post-image\" alt=\"\" srcset=\"https:\/\/www.altermes.fr\/wp-content\/uploads\/2025\/07\/Shutterstock_cartegrisefranceidentite.jpg 600w, https:\/\/www.altermes.fr\/wp-content\/uploads\/2025\/07\/Shutterstock_cartegrisefranceidentite-480x320.jpg 480w\" sizes=\"(min-width: 0px) and (max-width: 480px) 480px, (min-width: 481px) 600px, 100vw\">                                        <\/a>\n                                                                        <a href=\"https:\/\/www.altermes.fr\/en\/les-infos-du-jour\/dematerialisation-des-titres-officiels-au-tour-de-la-carte-grise\/\"><h3>D\u00e9mat\u00e9rialisation des titres officiels : au tour de la carte grise !<\/h3><\/a>\n                                    <p class=\"use-case-category\"><a href=\"https:\/\/www.altermes.fr\/en\/weblex-importer-categories\/actualites\/\" rel=\"tag\">Actualit\u00e9s<\/a>, <a href=\"https:\/\/www.altermes.fr\/en\/weblex-importer-categories\/le-coin-du-dirigeant\/\" rel=\"tag\">Le coin du dirigeant<\/a><\/p>\n                                    <p class=\"edc-content\">Pour rappel, France Identit\u00e9 est un service public d\u2019identit\u00e9 num\u00e9rique, facultatif et gratuit, qui permet, notamment, de justifier de son identit\u00e9. R\u00e9cemment, le permis de conduire avait \u00e9t\u00e9...<\/p>                                <\/div>\n                                                                <div class=\"case-study-item weblex-article\">\n                                                                            <a href=\"https:\/\/www.altermes.fr\/en\/les-infos-du-jour\/garde-denfants-prives-decrans\/\">\n                                            <img decoding=\"async\" width=\"600\" height=\"400\" src=\"https:\/\/www.altermes.fr\/wp-content\/uploads\/2025\/07\/Shutterstock_ecransjeunesenfants.jpg\" class=\"attachment-custom-thumbnail size-custom-thumbnail wp-post-image\" alt=\"\" srcset=\"https:\/\/www.altermes.fr\/wp-content\/uploads\/2025\/07\/Shutterstock_ecransjeunesenfants.jpg 600w, https:\/\/www.altermes.fr\/wp-content\/uploads\/2025\/07\/Shutterstock_ecransjeunesenfants-480x320.jpg 480w\" sizes=\"(min-width: 0px) and (max-width: 480px) 480px, (min-width: 481px) 600px, 100vw\">                                        <\/a>\n                                                                        <a href=\"https:\/\/www.altermes.fr\/en\/les-infos-du-jour\/garde-denfants-prives-decrans\/\"><h3>Garde d\u2019enfants : priv\u00e9s d\u2019\u00e9crans ?<\/h3><\/a>\n                                    <p class=\"use-case-category\"><a href=\"https:\/\/www.altermes.fr\/en\/weblex-importer-categories\/actualites\/\" rel=\"tag\">Actualit\u00e9s<\/a>, <a href=\"https:\/\/www.altermes.fr\/en\/weblex-importer-categories\/infos-juridiques\/\" rel=\"tag\">Infos juridiques<\/a><\/p>\n                                    <p class=\"edc-content\">L\u2019exposition des jeunes enfants aux \u00e9crans est un sujet r\u00e9current en ce qui concerne les bonnes pratiques d\u2019\u00e9ducation. Le Gouvernement vient d\u2019ailleurs de prendre une position claire \u00e0 ce su...<\/p>                                <\/div>\n                                                                <div class=\"case-study-item weblex-article\">\n                                                                            <a href=\"https:\/\/www.altermes.fr\/en\/les-infos-du-jour\/futurs-parents-elargissement-de-la-protection-contre-les-discriminations-au-travail\/\">\n                                            <img decoding=\"async\" width=\"600\" height=\"400\" src=\"https:\/\/www.altermes.fr\/wp-content\/uploads\/2025\/07\/Shutterstock_parentsalairesPMA.jpg\" class=\"attachment-custom-thumbnail size-custom-thumbnail wp-post-image\" alt=\"\" srcset=\"https:\/\/www.altermes.fr\/wp-content\/uploads\/2025\/07\/Shutterstock_parentsalairesPMA.jpg 600w, https:\/\/www.altermes.fr\/wp-content\/uploads\/2025\/07\/Shutterstock_parentsalairesPMA-480x320.jpg 480w\" sizes=\"(min-width: 0px) and (max-width: 480px) 480px, (min-width: 481px) 600px, 100vw\">                                        <\/a>\n                                                                        <a href=\"https:\/\/www.altermes.fr\/en\/les-infos-du-jour\/futurs-parents-elargissement-de-la-protection-contre-les-discriminations-au-travail\/\"><h3>Futurs parents : \u00e9largissement de la protection contre les discriminations au travail<\/h3><\/a>\n                                    <p class=\"use-case-category\"><a href=\"https:\/\/www.altermes.fr\/en\/weblex-importer-categories\/actualites\/\" rel=\"tag\">Actualit\u00e9s<\/a>, <a href=\"https:\/\/www.altermes.fr\/en\/weblex-importer-categories\/infos-sociales\/\" rel=\"tag\">Infos Sociales<\/a><\/p>\n                                    <p class=\"edc-content\">Afin de tenir compte des pluralit\u00e9s familiales, le Code du travail vient r\u00e9cemment d\u2019\u00eatre modifi\u00e9 afin de prot\u00e9ger les salari\u00e9s engag\u00e9s dans un projet parental (PMA ou adoption) contre toute ...<\/p>                                <\/div>\n                                                                <div class=\"case-study-item weblex-article\">\n                                                                            <a href=\"https:\/\/www.altermes.fr\/en\/les-infos-du-jour\/arrets-de-travail-securises-une-periode-de-tolerance-estivale\/\">\n                                            <img decoding=\"async\" width=\"600\" height=\"400\" src=\"https:\/\/www.altermes.fr\/wp-content\/uploads\/2025\/07\/Shutterstock_arretdetravail.jpg\" class=\"attachment-custom-thumbnail size-custom-thumbnail wp-post-image\" alt=\"\" srcset=\"https:\/\/www.altermes.fr\/wp-content\/uploads\/2025\/07\/Shutterstock_arretdetravail.jpg 600w, https:\/\/www.altermes.fr\/wp-content\/uploads\/2025\/07\/Shutterstock_arretdetravail-480x320.jpg 480w\" sizes=\"(min-width: 0px) and (max-width: 480px) 480px, (min-width: 481px) 600px, 100vw\">                                        <\/a>\n                                                                        <a href=\"https:\/\/www.altermes.fr\/en\/les-infos-du-jour\/arrets-de-travail-securises-une-periode-de-tolerance-estivale\/\"><h3>Arr\u00eats de travail s\u00e9curis\u00e9s : une p\u00e9riode de tol\u00e9rance estivale !<\/h3><\/a>\n                                    <p class=\"use-case-category\"><a href=\"https:\/\/www.altermes.fr\/en\/weblex-importer-categories\/actualites\/\" rel=\"tag\">Actualit\u00e9s<\/a>, <a href=\"https:\/\/www.altermes.fr\/en\/weblex-importer-categories\/infos-sociales\/\" rel=\"tag\">Infos Sociales<\/a><\/p>\n                                    <p class=\"edc-content\">Pour m\u00e9moire et afin de lutter contre les fraudes aux arr\u00eats de travail, l\u2019utilisation d\u2019un formulaire papier Cerfa s\u00e9curis\u00e9 est d\u00e9sormais obligatoire pour les arr\u00eats de travail \u00e9mis sous f...<\/p>                                <\/div>\n                                                                <div class=\"case-study-item weblex-article\">\n                                                                            <a href=\"https:\/\/www.altermes.fr\/en\/les-infos-du-jour\/impositions-sur-les-biens-et-les-services-quelques-precisions-utiles\/\">\n                                            <img decoding=\"async\" width=\"600\" height=\"400\" src=\"https:\/\/www.altermes.fr\/wp-content\/uploads\/2025\/07\/Shutterstock_precisionsimpositions_0.jpg\" class=\"attachment-custom-thumbnail size-custom-thumbnail wp-post-image\" alt=\"\" srcset=\"https:\/\/www.altermes.fr\/wp-content\/uploads\/2025\/07\/Shutterstock_precisionsimpositions_0.jpg 600w, https:\/\/www.altermes.fr\/wp-content\/uploads\/2025\/07\/Shutterstock_precisionsimpositions_0-480x320.jpg 480w\" sizes=\"(min-width: 0px) and (max-width: 480px) 480px, (min-width: 481px) 600px, 100vw\">                                        <\/a>\n                                                                        <a href=\"https:\/\/www.altermes.fr\/en\/les-infos-du-jour\/impositions-sur-les-biens-et-les-services-quelques-precisions-utiles\/\"><h3>Impositions sur les biens et les services : quelques pr\u00e9cisions utiles !<\/h3><\/a>\n                                    <p class=\"use-case-category\"><a href=\"https:\/\/www.altermes.fr\/en\/weblex-importer-categories\/actualites\/\" rel=\"tag\">Actualit\u00e9s<\/a>, <a href=\"https:\/\/www.altermes.fr\/en\/weblex-importer-categories\/infos-fiscales\/\" rel=\"tag\">Infos Fiscales<\/a><\/p>\n                                    <p class=\"edc-content\">La loi de finances pour 2025 a cr\u00e9\u00e9 une taxe annuelle incitative relative \u00e0 l\u2019acquisition de v\u00e9hicules l\u00e9gers \u00e0 faibles \u00e9mission, revisit\u00e9 la taxe sur le transport a\u00e9rien de passager, assou...<\/p>                                <\/div>\n                                                                <div class=\"case-study-item weblex-article\">\n                                                                            <a href=\"https:\/\/www.altermes.fr\/en\/les-infos-du-jour\/transport-aerien-anticiper-ses-propres-emissions-de-gaz-a-effet-de-serre\/\">\n                                            <img decoding=\"async\" width=\"600\" height=\"400\" src=\"https:\/\/www.altermes.fr\/wp-content\/uploads\/2025\/07\/Shutterstock_creditcarbone.jpg\" class=\"attachment-custom-thumbnail size-custom-thumbnail wp-post-image\" alt=\"\" srcset=\"https:\/\/www.altermes.fr\/wp-content\/uploads\/2025\/07\/Shutterstock_creditcarbone.jpg 600w, https:\/\/www.altermes.fr\/wp-content\/uploads\/2025\/07\/Shutterstock_creditcarbone-480x320.jpg 480w\" sizes=\"(min-width: 0px) and (max-width: 480px) 480px, (min-width: 481px) 600px, 100vw\">                                        <\/a>\n                                                                        <a href=\"https:\/\/www.altermes.fr\/en\/les-infos-du-jour\/transport-aerien-anticiper-ses-propres-emissions-de-gaz-a-effet-de-serre\/\"><h3>Transport a\u00e9rien : anticiper ses propres \u00e9missions de gaz \u00e0 effet de serre<\/h3><\/a>\n                                    <p class=\"use-case-category\"><a href=\"https:\/\/www.altermes.fr\/en\/weblex-importer-categories\/actualites\/\" rel=\"tag\">Actualit\u00e9s<\/a>, <a href=\"https:\/\/www.altermes.fr\/en\/weblex-importer-categories\/infos-juridiques\/\" rel=\"tag\">Infos juridiques<\/a><\/p>\n                                    <p class=\"edc-content\">En mati\u00e8re d\u2019\u00e9missions de gaz \u00e0 effet de serre, la question des vols int\u00e9rieurs est souvent point\u00e9e du doigt. C\u2019est pourquoi des obligations de compensation de leurs \u00e9missions sont mises \u00e0 ...<\/p>                                <\/div>\n                                                                <div class=\"case-study-item weblex-article\">\n                                                                            <a href=\"https:\/\/www.altermes.fr\/en\/les-infos-du-jour\/gestion-des-dechets-une-reglementation-plus-claire-pour-diminuer-les-accidents\/\">\n                                            <img decoding=\"async\" width=\"600\" height=\"400\" src=\"https:\/\/www.altermes.fr\/wp-content\/uploads\/2025\/07\/Shutterstock_accidentologie_0.jpg\" class=\"attachment-custom-thumbnail size-custom-thumbnail wp-post-image\" alt=\"\" srcset=\"https:\/\/www.altermes.fr\/wp-content\/uploads\/2025\/07\/Shutterstock_accidentologie_0.jpg 600w, https:\/\/www.altermes.fr\/wp-content\/uploads\/2025\/07\/Shutterstock_accidentologie_0-480x320.jpg 480w\" sizes=\"(min-width: 0px) and (max-width: 480px) 480px, (min-width: 481px) 600px, 100vw\">                                        <\/a>\n                                                                        <a href=\"https:\/\/www.altermes.fr\/en\/les-infos-du-jour\/gestion-des-dechets-une-reglementation-plus-claire-pour-diminuer-les-accidents\/\"><h3>Gestion des d\u00e9chets : une r\u00e9glementation plus claire pour diminuer les accidents<\/h3><\/a>\n                                    <p class=\"use-case-category\"><a href=\"https:\/\/www.altermes.fr\/en\/weblex-importer-categories\/actualites\/\" rel=\"tag\">Actualit\u00e9s<\/a>, <a href=\"https:\/\/www.altermes.fr\/en\/weblex-importer-categories\/infos-juridiques\/\" rel=\"tag\">Infos juridiques<\/a><\/p>\n                                    <p class=\"edc-content\">Les installations class\u00e9es pour la protection de l'environnement (ICPE) sont soumises \u00e0 une r\u00e9glementation stricte en fonction de leur activit\u00e9, notamment au regard de leur dangerosit\u00e9. Parce que...<\/p>                                <\/div>\n                                                                <div class=\"case-study-item weblex-article\">\n                                                                            <a href=\"https:\/\/www.altermes.fr\/en\/les-infos-du-jour\/ajustement-de-droits-a-paiement-de-base-quelques-precisions-pour-les-exploitants-agricoles\/\">\n                                            <img decoding=\"async\" width=\"600\" height=\"400\" src=\"https:\/\/www.altermes.fr\/wp-content\/uploads\/2025\/07\/Shutterstock_droitapaiement.jpg\" class=\"attachment-custom-thumbnail size-custom-thumbnail wp-post-image\" alt=\"\" srcset=\"https:\/\/www.altermes.fr\/wp-content\/uploads\/2025\/07\/Shutterstock_droitapaiement.jpg 600w, https:\/\/www.altermes.fr\/wp-content\/uploads\/2025\/07\/Shutterstock_droitapaiement-480x320.jpg 480w\" sizes=\"(min-width: 0px) and (max-width: 480px) 480px, (min-width: 481px) 600px, 100vw\">                                        <\/a>\n                                                                        <a href=\"https:\/\/www.altermes.fr\/en\/les-infos-du-jour\/ajustement-de-droits-a-paiement-de-base-quelques-precisions-pour-les-exploitants-agricoles\/\"><h3>Ajustement de droits \u00e0 paiement de base : quelques pr\u00e9cisions pour les exploitants agricoles\u2026<\/h3><\/a>\n                                    <p class=\"use-case-category\"><a href=\"https:\/\/www.altermes.fr\/en\/weblex-importer-categories\/actualites\/\" rel=\"tag\">Actualit\u00e9s<\/a>, <a href=\"https:\/\/www.altermes.fr\/en\/weblex-importer-categories\/infos-juridiques\/\" rel=\"tag\">Infos juridiques<\/a><\/p>\n                                    <p class=\"edc-content\">Les droits \u00e0 paiement de base (DPB) permettent de pr\u00e9tendre \u00e0 des aides d\u00e9ploy\u00e9es dans le cadre de la politique agricole commune, ind\u00e9pendamment du type de production agricole pratiqu\u00e9e au sein...<\/p>                                <\/div>\n                                                                <div class=\"case-study-item weblex-article\">\n                                                                            <a href=\"https:\/\/www.altermes.fr\/en\/les-infos-du-jour\/aides-de-la-pac-des-sanctions-precisees\/\">\n                                            <img decoding=\"async\" width=\"600\" height=\"400\" src=\"https:\/\/www.altermes.fr\/wp-content\/uploads\/2025\/07\/Shutterstock_BCAEERMGsanctions.jpg\" class=\"attachment-custom-thumbnail size-custom-thumbnail wp-post-image\" alt=\"\" srcset=\"https:\/\/www.altermes.fr\/wp-content\/uploads\/2025\/07\/Shutterstock_BCAEERMGsanctions.jpg 600w, https:\/\/www.altermes.fr\/wp-content\/uploads\/2025\/07\/Shutterstock_BCAEERMGsanctions-480x320.jpg 480w\" sizes=\"(min-width: 0px) and (max-width: 480px) 480px, (min-width: 481px) 600px, 100vw\">                                        <\/a>\n                                                                        <a href=\"https:\/\/www.altermes.fr\/en\/les-infos-du-jour\/aides-de-la-pac-des-sanctions-precisees\/\"><h3>Aides de la PAC : des sanctions pr\u00e9cis\u00e9es<\/h3><\/a>\n                                    <p class=\"use-case-category\"><a href=\"https:\/\/www.altermes.fr\/en\/weblex-importer-categories\/actualites\/\" rel=\"tag\">Actualit\u00e9s<\/a>, <a href=\"https:\/\/www.altermes.fr\/en\/weblex-importer-categories\/infos-juridiques\/\" rel=\"tag\">Infos juridiques<\/a><\/p>\n                                    <p class=\"edc-content\">Par le biais de la Politique agricole commune (PAC), les agriculteurs europ\u00e9ens peuvent b\u00e9n\u00e9ficier de nombreuses aides. Pour en b\u00e9n\u00e9ficier, ils doivent n\u00e9anmoins veiller \u00e0 respecter de nombreus...<\/p>                                <\/div>\n                                                                <div class=\"case-study-item weblex-article\">\n                                                                            <a href=\"https:\/\/www.altermes.fr\/en\/les-infos-du-jour\/attribution-gratuite-dactions-et-transfert-legal-de-contrat-perte-de-chance\/\">\n                                            <img decoding=\"async\" width=\"600\" height=\"400\" src=\"https:\/\/www.altermes.fr\/wp-content\/uploads\/2025\/07\/Shutterstock_agacessioncontrat.jpg\" class=\"attachment-custom-thumbnail size-custom-thumbnail wp-post-image\" alt=\"\" srcset=\"https:\/\/www.altermes.fr\/wp-content\/uploads\/2025\/07\/Shutterstock_agacessioncontrat.jpg 600w, https:\/\/www.altermes.fr\/wp-content\/uploads\/2025\/07\/Shutterstock_agacessioncontrat-480x320.jpg 480w\" sizes=\"(min-width: 0px) and (max-width: 480px) 480px, (min-width: 481px) 600px, 100vw\">                                        <\/a>\n                                                                        <a href=\"https:\/\/www.altermes.fr\/en\/les-infos-du-jour\/attribution-gratuite-dactions-et-transfert-legal-de-contrat-perte-de-chance\/\"><h3>Attribution gratuite d\u2019actions et transfert l\u00e9gal de contrat : perte de chance ?<\/h3><\/a>\n                                    <p class=\"use-case-category\"><a href=\"https:\/\/www.altermes.fr\/en\/weblex-importer-categories\/actualites\/\" rel=\"tag\">Actualit\u00e9s<\/a>, <a href=\"https:\/\/www.altermes.fr\/en\/weblex-importer-categories\/infos-sociales\/\" rel=\"tag\">Infos Sociales<\/a><\/p>\n                                    <p class=\"edc-content\">L\u2019attribution gratuite d\u2019actions constitue un m\u00e9canisme de r\u00e9mun\u00e9ration compl\u00e9mentaire du salari\u00e9, \u00e0 condition que celui-ci soit pr\u00e9sent dans l\u2019entreprise durant une p\u00e9riode dite d\u2019acq...<\/p>                                <\/div>\n                                                    <\/div>\n                    <div id=\"load-more-trigger\"><\/div>\n                <\/div>\n                                        <input type=\"radio\" name=\"tabs\" id=\"tab1\" checked=\"checked\">\n                <label for=\"tab1\">Infos Fiscales<\/label>\n                <div class=\"tab\">\n                    <div class=\"case-study-grid\">\n                                                        <div class=\"case-study-item weblex-article\">\n                                                                            <a href=\"https:\/\/www.altermes.fr\/en\/les-infos-du-jour\/acces-aux-pistes-de-karting-tva-a-taux-reduit\/\">\n                                            <img decoding=\"async\" width=\"600\" height=\"400\" src=\"https:\/\/www.altermes.fr\/wp-content\/uploads\/2025\/12\/Shutterstock_tvakarting.jpg\" class=\"attachment-custom-thumbnail size-custom-thumbnail wp-post-image\" alt=\"\" srcset=\"https:\/\/www.altermes.fr\/wp-content\/uploads\/2025\/12\/Shutterstock_tvakarting.jpg 600w, https:\/\/www.altermes.fr\/wp-content\/uploads\/2025\/12\/Shutterstock_tvakarting-480x320.jpg 480w\" sizes=\"(min-width: 0px) and (max-width: 480px) 480px, (min-width: 481px) 600px, 100vw\">                                        <\/a>\n                                                                        <a href=\"https:\/\/www.altermes.fr\/en\/les-infos-du-jour\/acces-aux-pistes-de-karting-tva-a-taux-reduit\/\"><h3>Acc\u00e8s aux pistes de karting : TVA \u00e0 taux r\u00e9duit ?<\/h3><\/a>\n                                    <p class=\"use-case-category\"><a href=\"https:\/\/www.altermes.fr\/en\/weblex-importer-categories\/actualites\/\" rel=\"tag\">Actualit\u00e9s<\/a>, <a href=\"https:\/\/www.altermes.fr\/en\/weblex-importer-categories\/infos-fiscales\/\" rel=\"tag\">Infos Fiscales<\/a><\/p>\n                                    <p class=\"edc-content\">Alors que les sites culturels, ludiques ou \u00e9ducatifs b\u00e9n\u00e9ficient du taux r\u00e9duit de TVA de 10 %, l\u2019acc\u00e8s aux \u00e9quipements sportifs reste soumis au taux normal, sauf exceptions. Des pr\u00e9cisions v...<\/p>                                <\/div>\n                                                                <div class=\"case-study-item weblex-article\">\n                                                                            <a href=\"https:\/\/www.altermes.fr\/en\/les-infos-du-jour\/reforme-de-la-facturation-electronique-meme-pour-les-sci\/\">\n                                            <img decoding=\"async\" width=\"600\" height=\"400\" src=\"https:\/\/www.altermes.fr\/wp-content\/uploads\/2025\/12\/Shutterstock_factureelecSCI.jpg\" class=\"attachment-custom-thumbnail size-custom-thumbnail wp-post-image\" alt=\"\" srcset=\"https:\/\/www.altermes.fr\/wp-content\/uploads\/2025\/12\/Shutterstock_factureelecSCI.jpg 600w, https:\/\/www.altermes.fr\/wp-content\/uploads\/2025\/12\/Shutterstock_factureelecSCI-480x320.jpg 480w\" sizes=\"(min-width: 0px) and (max-width: 480px) 480px, (min-width: 481px) 600px, 100vw\">                                        <\/a>\n                                                                        <a href=\"https:\/\/www.altermes.fr\/en\/les-infos-du-jour\/reforme-de-la-facturation-electronique-meme-pour-les-sci\/\"><h3>R\u00e9forme de la facturation \u00e9lectronique : m\u00eame pour les SCI ?<\/h3><\/a>\n                                    <p class=\"use-case-category\"><a href=\"https:\/\/www.altermes.fr\/en\/weblex-importer-categories\/actualites\/\" rel=\"tag\">Actualit\u00e9s<\/a>, <a href=\"https:\/\/www.altermes.fr\/en\/weblex-importer-categories\/infos-fiscales\/\" rel=\"tag\">Infos Fiscales<\/a><\/p>\n                                    <p class=\"edc-content\">Dans un souci de simplification et d\u2019acc\u00e9l\u00e9ration de la transition num\u00e9rique des entreprises, une r\u00e9forme d\u2019ampleur est en cours depuis plusieurs ann\u00e9es visant \u00e0 g\u00e9n\u00e9raliser le recours \u00e0 ...<\/p>                                <\/div>\n                                                                <div class=\"case-study-item weblex-article\">\n                                                                            <a href=\"https:\/\/www.altermes.fr\/en\/les-infos-du-jour\/reforme-de-la-facturation-electronique-meme-pour-les-associations\/\">\n                                            <img decoding=\"async\" width=\"600\" height=\"400\" src=\"https:\/\/www.altermes.fr\/wp-content\/uploads\/2025\/12\/Shutterstock_reformefacturationelectronique.jpg\" class=\"attachment-custom-thumbnail size-custom-thumbnail wp-post-image\" alt=\"\" srcset=\"https:\/\/www.altermes.fr\/wp-content\/uploads\/2025\/12\/Shutterstock_reformefacturationelectronique.jpg 600w, https:\/\/www.altermes.fr\/wp-content\/uploads\/2025\/12\/Shutterstock_reformefacturationelectronique-480x320.jpg 480w\" sizes=\"(min-width: 0px) and (max-width: 480px) 480px, (min-width: 481px) 600px, 100vw\">                                        <\/a>\n                                                                        <a href=\"https:\/\/www.altermes.fr\/en\/les-infos-du-jour\/reforme-de-la-facturation-electronique-meme-pour-les-associations\/\"><h3>R\u00e9forme de la facturation \u00e9lectronique : m\u00eame pour les associations ?<\/h3><\/a>\n                                    <p class=\"use-case-category\"><a href=\"https:\/\/www.altermes.fr\/en\/weblex-importer-categories\/actualites\/\" rel=\"tag\">Actualit\u00e9s<\/a>, <a href=\"https:\/\/www.altermes.fr\/en\/weblex-importer-categories\/infos-fiscales\/\" rel=\"tag\">Infos Fiscales<\/a><\/p>\n                                    <p class=\"edc-content\">Afin de simplifier la vie des entreprises et d\u2019acc\u00e9l\u00e9rer leur transition num\u00e9rique, une r\u00e9forme d\u2019ampleur est en cours depuis plusieurs ann\u00e9es visant \u00e0 g\u00e9n\u00e9raliser le recours \u00e0 la factura...<\/p>                                <\/div>\n                                                                <div class=\"case-study-item weblex-article\">\n                                                                            <a href=\"https:\/\/www.altermes.fr\/en\/les-infos-du-jour\/cvae-et-nouvelles-normes-comptables-quelles-consequences\/\">\n                                            <img decoding=\"async\" width=\"600\" height=\"400\" src=\"https:\/\/www.altermes.fr\/wp-content\/uploads\/2025\/12\/Shutterstock_nouvellesnormesCVAE.jpg\" class=\"attachment-custom-thumbnail size-custom-thumbnail wp-post-image\" alt=\"\" srcset=\"https:\/\/www.altermes.fr\/wp-content\/uploads\/2025\/12\/Shutterstock_nouvellesnormesCVAE.jpg 600w, https:\/\/www.altermes.fr\/wp-content\/uploads\/2025\/12\/Shutterstock_nouvellesnormesCVAE-480x320.jpg 480w\" sizes=\"(min-width: 0px) and (max-width: 480px) 480px, (min-width: 481px) 600px, 100vw\">                                        <\/a>\n                                                                        <a href=\"https:\/\/www.altermes.fr\/en\/les-infos-du-jour\/cvae-et-nouvelles-normes-comptables-quelles-consequences\/\"><h3>CVAE et nouvelles normes comptables : quelles cons\u00e9quences ?<\/h3><\/a>\n                                    <p class=\"use-case-category\"><a href=\"https:\/\/www.altermes.fr\/en\/weblex-importer-categories\/actualites\/\" rel=\"tag\">Actualit\u00e9s<\/a>, <a href=\"https:\/\/www.altermes.fr\/en\/weblex-importer-categories\/infos-fiscales\/\" rel=\"tag\">Infos Fiscales<\/a><\/p>\n                                    <p class=\"edc-content\">L\u2019entr\u00e9e en vigueur des nouvelles normes comptables depuis le 1er janvier 2025 est susceptible d\u2019avoir un impact sur le montant d\u00fb par les entreprises au titre de la cotisation sur la valeur ajo...<\/p>                                <\/div>\n                                                                <div class=\"case-study-item weblex-article\">\n                                                                            <a href=\"https:\/\/www.altermes.fr\/en\/les-infos-du-jour\/imputation-des-deficits-fiscaux-selon-un-ordre-precis\/\">\n                                            <img decoding=\"async\" width=\"600\" height=\"400\" src=\"https:\/\/www.altermes.fr\/wp-content\/uploads\/2025\/12\/Shutterstock_ordreimputationdeficits.jpg\" class=\"attachment-custom-thumbnail size-custom-thumbnail wp-post-image\" alt=\"\" srcset=\"https:\/\/www.altermes.fr\/wp-content\/uploads\/2025\/12\/Shutterstock_ordreimputationdeficits.jpg 600w, https:\/\/www.altermes.fr\/wp-content\/uploads\/2025\/12\/Shutterstock_ordreimputationdeficits-480x320.jpg 480w\" sizes=\"(min-width: 0px) and (max-width: 480px) 480px, (min-width: 481px) 600px, 100vw\">                                        <\/a>\n                                                                        <a href=\"https:\/\/www.altermes.fr\/en\/les-infos-du-jour\/imputation-des-deficits-fiscaux-selon-un-ordre-precis\/\"><h3>Imputation des d\u00e9ficits fiscaux : selon un ordre pr\u00e9cis ?<\/h3><\/a>\n                                    <p class=\"use-case-category\"><a href=\"https:\/\/www.altermes.fr\/en\/weblex-importer-categories\/actualites\/\" rel=\"tag\">Actualit\u00e9s<\/a>, <a href=\"https:\/\/www.altermes.fr\/en\/weblex-importer-categories\/infos-fiscales\/\" rel=\"tag\">Infos Fiscales<\/a><\/p>\n                                    <p class=\"edc-content\">Pour une entreprise soumise \u00e0 l\u2019imp\u00f4t sur les soci\u00e9t\u00e9s, les d\u00e9ficits fiscaux viennent s\u2019imputer sur les b\u00e9n\u00e9fices imposables au titre des exercices suivants de mani\u00e8re chronologique. L'ent...<\/p>                                <\/div>\n                                                                <div class=\"case-study-item weblex-article\">\n                                                                            <a href=\"https:\/\/www.altermes.fr\/en\/les-infos-du-jour\/tva-quel-taux-pour-les-ventes-successives-de-produits-alimentaires-prepares\/\">\n                                            <img decoding=\"async\" width=\"600\" height=\"400\" src=\"https:\/\/www.altermes.fr\/wp-content\/uploads\/2025\/11\/Shutterstock_TVAventecascade.jpg\" class=\"attachment-custom-thumbnail size-custom-thumbnail wp-post-image\" alt=\"\" srcset=\"https:\/\/www.altermes.fr\/wp-content\/uploads\/2025\/11\/Shutterstock_TVAventecascade.jpg 600w, https:\/\/www.altermes.fr\/wp-content\/uploads\/2025\/11\/Shutterstock_TVAventecascade-480x320.jpg 480w\" sizes=\"(min-width: 0px) and (max-width: 480px) 480px, (min-width: 481px) 600px, 100vw\">                                        <\/a>\n                                                                        <a href=\"https:\/\/www.altermes.fr\/en\/les-infos-du-jour\/tva-quel-taux-pour-les-ventes-successives-de-produits-alimentaires-prepares\/\"><h3>TVA : quel taux pour les ventes successives de produits alimentaires pr\u00e9par\u00e9s ?<\/h3><\/a>\n                                    <p class=\"use-case-category\"><a href=\"https:\/\/www.altermes.fr\/en\/weblex-importer-categories\/actualites\/\" rel=\"tag\">Actualit\u00e9s<\/a>, <a href=\"https:\/\/www.altermes.fr\/en\/weblex-importer-categories\/infos-fiscales\/\" rel=\"tag\">Infos Fiscales<\/a><\/p>\n                                    <p class=\"edc-content\">Des pr\u00e9cisions importantes viennent d\u2019\u00eatre apport\u00e9es pour les professionnels commercialisant des produits alimentaires pr\u00e9par\u00e9s via des cha\u00eenes de distribution complexes. Une clarification bie...<\/p>                                <\/div>\n                                                                <div class=\"case-study-item weblex-article\">\n                                                                            <a href=\"https:\/\/www.altermes.fr\/en\/les-infos-du-jour\/direction-des-grandes-entreprises-des-competences-etendues\/\">\n                                            <img decoding=\"async\" width=\"600\" height=\"400\" src=\"https:\/\/www.altermes.fr\/wp-content\/uploads\/2025\/11\/Shutterstock_dge.jpg\" class=\"attachment-custom-thumbnail size-custom-thumbnail wp-post-image\" alt=\"\" srcset=\"https:\/\/www.altermes.fr\/wp-content\/uploads\/2025\/11\/Shutterstock_dge.jpg 600w, https:\/\/www.altermes.fr\/wp-content\/uploads\/2025\/11\/Shutterstock_dge-480x320.jpg 480w\" sizes=\"(min-width: 0px) and (max-width: 480px) 480px, (min-width: 481px) 600px, 100vw\">                                        <\/a>\n                                                                        <a href=\"https:\/\/www.altermes.fr\/en\/les-infos-du-jour\/direction-des-grandes-entreprises-des-competences-etendues\/\"><h3>Direction des grandes entreprises : des comp\u00e9tences \u00e9tendues<\/h3><\/a>\n                                    <p class=\"use-case-category\"><a href=\"https:\/\/www.altermes.fr\/en\/weblex-importer-categories\/actualites\/\" rel=\"tag\">Actualit\u00e9s<\/a>, <a href=\"https:\/\/www.altermes.fr\/en\/weblex-importer-categories\/infos-fiscales\/\" rel=\"tag\">Infos Fiscales<\/a><\/p>\n                                    <p class=\"edc-content\">Le service charg\u00e9 des grandes entreprises (DGE) de la Direction g\u00e9n\u00e9rale des Finances publiques (DGFIP) se voit encore confier de nouvelles comp\u00e9tences : lesquelles ?DGE : le point sur ses comp\u00e9t...<\/p>                                <\/div>\n                                                                <div class=\"case-study-item weblex-article\">\n                                                                            <a href=\"https:\/\/www.altermes.fr\/en\/les-infos-du-jour\/clause-de-preciput-et-droit-de-partage-fin-de-la-saga-judiciaire\/\">\n                                            <img decoding=\"async\" width=\"600\" height=\"400\" src=\"https:\/\/www.altermes.fr\/wp-content\/uploads\/2025\/11\/Shutterstock_clausepreciput2028129.jpg\" class=\"attachment-custom-thumbnail size-custom-thumbnail wp-post-image\" alt=\"\" srcset=\"https:\/\/www.altermes.fr\/wp-content\/uploads\/2025\/11\/Shutterstock_clausepreciput2028129.jpg 600w, https:\/\/www.altermes.fr\/wp-content\/uploads\/2025\/11\/Shutterstock_clausepreciput2028129-480x320.jpg 480w\" sizes=\"(min-width: 0px) and (max-width: 480px) 480px, (min-width: 481px) 600px, 100vw\">                                        <\/a>\n                                                                        <a href=\"https:\/\/www.altermes.fr\/en\/les-infos-du-jour\/clause-de-preciput-et-droit-de-partage-fin-de-la-saga-judiciaire\/\"><h3>Clause de pr\u00e9ciput et droit de partage : fin de la saga judiciaire !<\/h3><\/a>\n                                    <p class=\"use-case-category\"><a href=\"https:\/\/www.altermes.fr\/en\/weblex-importer-categories\/actualites\/\" rel=\"tag\">Actualit\u00e9s<\/a>, <a href=\"https:\/\/www.altermes.fr\/en\/weblex-importer-categories\/infos-fiscales\/\" rel=\"tag\">Infos Fiscales<\/a><\/p>\n                                    <p class=\"edc-content\">Suite au d\u00e9c\u00e8s de son conjoint, un \u00e9poux peut pr\u00e9lever certains biens lui appartenant en commun avec son \u00e9pouse d\u00e9c\u00e9d\u00e9e si une clause incluse dans leur r\u00e9gime matrimonial le pr\u00e9voit. Mais ce...<\/p>                                <\/div>\n                                                                <div class=\"case-study-item weblex-article\">\n                                                                            <a href=\"https:\/\/www.altermes.fr\/en\/les-infos-du-jour\/cotisation-fonciere-des-entreprises-cfe-2025-a-payer\/\">\n                                            <img decoding=\"async\" width=\"600\" height=\"400\" src=\"https:\/\/www.altermes.fr\/wp-content\/uploads\/2025\/11\/Shutterstock_CFEdatelimite.jpg\" class=\"attachment-custom-thumbnail size-custom-thumbnail wp-post-image\" alt=\"\" srcset=\"https:\/\/www.altermes.fr\/wp-content\/uploads\/2025\/11\/Shutterstock_CFEdatelimite.jpg 600w, https:\/\/www.altermes.fr\/wp-content\/uploads\/2025\/11\/Shutterstock_CFEdatelimite-480x320.jpg 480w\" sizes=\"(min-width: 0px) and (max-width: 480px) 480px, (min-width: 481px) 600px, 100vw\">                                        <\/a>\n                                                                        <a href=\"https:\/\/www.altermes.fr\/en\/les-infos-du-jour\/cotisation-fonciere-des-entreprises-cfe-2025-a-payer\/\"><h3>Cotisation fonci\u00e8re des entreprises (CFE) 2025 : \u00e0 payer !<\/h3><\/a>\n                                    <p class=\"use-case-category\"><a href=\"https:\/\/www.altermes.fr\/en\/weblex-importer-categories\/actualites\/\" rel=\"tag\">Actualit\u00e9s<\/a>, <a href=\"https:\/\/www.altermes.fr\/en\/weblex-importer-categories\/infos-fiscales\/\" rel=\"tag\">Infos Fiscales<\/a><\/p>\n                                    <p class=\"edc-content\">La date limite de paiement de votre cotisation fonci\u00e8re des entreprises (CFE) et\/ou de votre imposition forfaitaire sur les entreprises de r\u00e9seaux (IFER) est fix\u00e9e au 15 d\u00e9cembre 2025 \u00e0 minuit. C...<\/p>                                <\/div>\n                                                                <div class=\"case-study-item weblex-article\">\n                                                                            <a href=\"https:\/\/www.altermes.fr\/en\/les-infos-du-jour\/franchise-en-base-de-tva-retour-a-la-case-depart\/\">\n                                            <img decoding=\"async\" width=\"600\" height=\"400\" src=\"https:\/\/www.altermes.fr\/wp-content\/uploads\/2025\/11\/Shutterstock_findelareformetva.jpg\" class=\"attachment-custom-thumbnail size-custom-thumbnail wp-post-image\" alt=\"\" srcset=\"https:\/\/www.altermes.fr\/wp-content\/uploads\/2025\/11\/Shutterstock_findelareformetva.jpg 600w, https:\/\/www.altermes.fr\/wp-content\/uploads\/2025\/11\/Shutterstock_findelareformetva-480x320.jpg 480w\" sizes=\"(min-width: 0px) and (max-width: 480px) 480px, (min-width: 481px) 600px, 100vw\">                                        <\/a>\n                                                                        <a href=\"https:\/\/www.altermes.fr\/en\/les-infos-du-jour\/franchise-en-base-de-tva-retour-a-la-case-depart\/\"><h3>Franchise en base de TVA : retour \u00e0 la case d\u00e9part ?<\/h3><\/a>\n                                    <p class=\"use-case-category\"><a href=\"https:\/\/www.altermes.fr\/en\/weblex-importer-categories\/actualites\/\" rel=\"tag\">Actualit\u00e9s<\/a>, <a href=\"https:\/\/www.altermes.fr\/en\/weblex-importer-categories\/infos-fiscales\/\" rel=\"tag\">Infos Fiscales<\/a><\/p>\n                                    <p class=\"edc-content\">Annonc\u00e9e comme une mesure de simplification, la r\u00e9forme de la franchise en base de TVA telle qu\u2019adopt\u00e9e par la loi de finances pour 2025 aura connu un parcours pour le moins chaotique. Entre anno...<\/p>                                <\/div>\n                                                                <div class=\"case-study-item weblex-article\">\n                                                                            <a href=\"https:\/\/www.altermes.fr\/en\/les-infos-du-jour\/facturation-electronique-un-nouvel-outil-pour-y-voir-plus-clair\/\">\n                                            <img decoding=\"async\" width=\"600\" height=\"400\" src=\"https:\/\/www.altermes.fr\/wp-content\/uploads\/2025\/11\/Shutterstock_facturationselectroniques.jpg\" class=\"attachment-custom-thumbnail size-custom-thumbnail wp-post-image\" alt=\"\" srcset=\"https:\/\/www.altermes.fr\/wp-content\/uploads\/2025\/11\/Shutterstock_facturationselectroniques.jpg 600w, https:\/\/www.altermes.fr\/wp-content\/uploads\/2025\/11\/Shutterstock_facturationselectroniques-480x320.jpg 480w\" sizes=\"(min-width: 0px) and (max-width: 480px) 480px, (min-width: 481px) 600px, 100vw\">                                        <\/a>\n                                                                        <a href=\"https:\/\/www.altermes.fr\/en\/les-infos-du-jour\/facturation-electronique-un-nouvel-outil-pour-y-voir-plus-clair\/\"><h3>Facturation \u00e9lectronique : un nouvel outil pour y voir plus clair<\/h3><\/a>\n                                    <p class=\"use-case-category\"><a href=\"https:\/\/www.altermes.fr\/en\/weblex-importer-categories\/actualites\/\" rel=\"tag\">Actualit\u00e9s<\/a>, <a href=\"https:\/\/www.altermes.fr\/en\/weblex-importer-categories\/infos-fiscales\/\" rel=\"tag\">Infos Fiscales<\/a><\/p>\n                                    <p class=\"edc-content\">Vous n\u2019\u00eates pas sans savoir que la facturation \u00e9lectronique va bient\u00f4t devenir obligatoire. Dans le cadre de la mise en place de cette nouvelle obligation, un nouvel outil est mis \u00e0 disposition ...<\/p>                                <\/div>\n                                                                <div class=\"case-study-item weblex-article\">\n                                                                            <a href=\"https:\/\/www.altermes.fr\/en\/les-infos-du-jour\/charges-deductibles-la-preuve-avant-tout\/\">\n                                            <img decoding=\"async\" width=\"600\" height=\"400\" src=\"https:\/\/www.altermes.fr\/wp-content\/uploads\/2025\/11\/Shutterstock_conditionsdeductiblesdepenses.jpg\" class=\"attachment-custom-thumbnail size-custom-thumbnail wp-post-image\" alt=\"\" srcset=\"https:\/\/www.altermes.fr\/wp-content\/uploads\/2025\/11\/Shutterstock_conditionsdeductiblesdepenses.jpg 600w, https:\/\/www.altermes.fr\/wp-content\/uploads\/2025\/11\/Shutterstock_conditionsdeductiblesdepenses-480x320.jpg 480w\" sizes=\"(min-width: 0px) and (max-width: 480px) 480px, (min-width: 481px) 600px, 100vw\">                                        <\/a>\n                                                                        <a href=\"https:\/\/www.altermes.fr\/en\/les-infos-du-jour\/charges-deductibles-la-preuve-avant-tout\/\"><h3>Charges d\u00e9ductibles : la preuve avant tout !<\/h3><\/a>\n                                    <p class=\"use-case-category\"><a href=\"https:\/\/www.altermes.fr\/en\/weblex-importer-categories\/actualites\/\" rel=\"tag\">Actualit\u00e9s<\/a>, <a href=\"https:\/\/www.altermes.fr\/en\/weblex-importer-categories\/infos-fiscales\/\" rel=\"tag\">Infos Fiscales<\/a><\/p>\n                                    <p class=\"edc-content\">Certains dirigeants confondent d\u00e9penses professionnelles et frais personnels\u2026 jusqu\u2019\u00e0 ce qu\u2019un contr\u00f4le fiscal leur rappelle la fronti\u00e8re. Club de sport, t\u00e9l\u00e9phone du conjoint ou frais kil...<\/p>                                <\/div>\n                                                                <div class=\"case-study-item weblex-article\">\n                                                                            <a href=\"https:\/\/www.altermes.fr\/en\/les-infos-du-jour\/location-hoteliere-et-prestations-accessoires-le-casse-tete-de-la-tva-de-retour\/\">\n                                            <img decoding=\"async\" width=\"600\" height=\"400\" src=\"https:\/\/www.altermes.fr\/wp-content\/uploads\/2025\/10\/Shutterstock_locationshotelierestva.jpg\" class=\"attachment-custom-thumbnail size-custom-thumbnail wp-post-image\" alt=\"\" srcset=\"https:\/\/www.altermes.fr\/wp-content\/uploads\/2025\/10\/Shutterstock_locationshotelierestva.jpg 600w, https:\/\/www.altermes.fr\/wp-content\/uploads\/2025\/10\/Shutterstock_locationshotelierestva-480x320.jpg 480w\" sizes=\"(min-width: 0px) and (max-width: 480px) 480px, (min-width: 481px) 600px, 100vw\">                                        <\/a>\n                                                                        <a href=\"https:\/\/www.altermes.fr\/en\/les-infos-du-jour\/location-hoteliere-et-prestations-accessoires-le-casse-tete-de-la-tva-de-retour\/\"><h3>Location h\u00f4teli\u00e8re et prestations accessoires : le casse-t\u00eate de la TVA de retour !<\/h3><\/a>\n                                    <p class=\"use-case-category\"><a href=\"https:\/\/www.altermes.fr\/en\/weblex-importer-categories\/actualites\/\" rel=\"tag\">Actualit\u00e9s<\/a>, <a href=\"https:\/\/www.altermes.fr\/en\/weblex-importer-categories\/infos-fiscales\/\" rel=\"tag\">Infos Fiscales<\/a><\/p>\n                                    <p class=\"edc-content\">Si chaque op\u00e9ration soumise \u00e0 la TVA est en principe distincte, certaines, \u00e9troitement li\u00e9es, constituent une seule et unique prestation, ce qui peut influer sur le taux \u00e0 appliquer comme l\u2019ill...<\/p>                                <\/div>\n                                                                <div class=\"case-study-item weblex-article\">\n                                                                            <a href=\"https:\/\/www.altermes.fr\/en\/les-infos-du-jour\/degrevement-et-interets-moratoires-cherchez-lerreur\/\">\n                                            <img decoding=\"async\" width=\"600\" height=\"400\" src=\"https:\/\/www.altermes.fr\/wp-content\/uploads\/2025\/10\/Shutterstock_interetsmoratoires.jpg\" class=\"attachment-custom-thumbnail size-custom-thumbnail wp-post-image\" alt=\"\" srcset=\"https:\/\/www.altermes.fr\/wp-content\/uploads\/2025\/10\/Shutterstock_interetsmoratoires.jpg 600w, https:\/\/www.altermes.fr\/wp-content\/uploads\/2025\/10\/Shutterstock_interetsmoratoires-480x320.jpg 480w\" sizes=\"(min-width: 0px) and (max-width: 480px) 480px, (min-width: 481px) 600px, 100vw\">                                        <\/a>\n                                                                        <a href=\"https:\/\/www.altermes.fr\/en\/les-infos-du-jour\/degrevement-et-interets-moratoires-cherchez-lerreur\/\"><h3>D\u00e9gr\u00e8vement et int\u00e9r\u00eats moratoires : cherchez l\u2019erreur !<\/h3><\/a>\n                                    <p class=\"use-case-category\"><a href=\"https:\/\/www.altermes.fr\/en\/weblex-importer-categories\/actualites\/\" rel=\"tag\">Actualit\u00e9s<\/a>, <a href=\"https:\/\/www.altermes.fr\/en\/weblex-importer-categories\/infos-fiscales\/\" rel=\"tag\">Infos Fiscales<\/a><\/p>\n                                    <p class=\"edc-content\">En cas de d\u00e9gr\u00e8vement d\u2019imp\u00f4t, sous certaines conditions, l\u2019administration fiscale peut \u00eatre redevable d\u2019int\u00e9r\u00eats moratoires. Cette r\u00e8gle s\u2019applique, notamment, en cas d\u2019erreur de sa ...<\/p>                                <\/div>\n                                                                <div class=\"case-study-item weblex-article\">\n                                                                            <a href=\"https:\/\/www.altermes.fr\/en\/les-infos-du-jour\/facturation-electronique-nouvelle-etape-cle\/\">\n                                            <img decoding=\"async\" width=\"600\" height=\"400\" src=\"https:\/\/www.altermes.fr\/wp-content\/uploads\/2025\/10\/Shutterstock_ouverturePPF.jpg\" class=\"attachment-custom-thumbnail size-custom-thumbnail wp-post-image\" alt=\"\" srcset=\"https:\/\/www.altermes.fr\/wp-content\/uploads\/2025\/10\/Shutterstock_ouverturePPF.jpg 600w, https:\/\/www.altermes.fr\/wp-content\/uploads\/2025\/10\/Shutterstock_ouverturePPF-480x320.jpg 480w\" sizes=\"(min-width: 0px) and (max-width: 480px) 480px, (min-width: 481px) 600px, 100vw\">                                        <\/a>\n                                                                        <a href=\"https:\/\/www.altermes.fr\/en\/les-infos-du-jour\/facturation-electronique-nouvelle-etape-cle\/\"><h3>Facturation \u00e9lectronique : nouvelle \u00e9tape cl\u00e9 !<\/h3><\/a>\n                                    <p class=\"use-case-category\"><a href=\"https:\/\/www.altermes.fr\/en\/weblex-importer-categories\/actualites\/\" rel=\"tag\">Actualit\u00e9s<\/a>, <a href=\"https:\/\/www.altermes.fr\/en\/weblex-importer-categories\/infos-fiscales\/\" rel=\"tag\">Infos Fiscales<\/a><\/p>\n                                    <p class=\"edc-content\">Apr\u00e8s le service de consultation de l\u2019annuaire de la facturation \u00e9lectronique, c\u2019est au tour du Portail Public de Facturation (PPF) de c\u00e9l\u00e9brer son ouverture ce mardi 14 octobre 2025, marquant...<\/p>                                <\/div>\n                                                                <div class=\"case-study-item weblex-article\">\n                                                                            <a href=\"https:\/\/www.altermes.fr\/en\/les-infos-du-jour\/carte-des-pratiques-et-montages-fiscaux-abusifs-un-nouveau-cas-signale\/\">\n                                            <img decoding=\"async\" width=\"600\" height=\"400\" src=\"https:\/\/www.altermes.fr\/wp-content\/uploads\/2025\/10\/Shutterstock_cartepratiquesfrauduleux.jpg\" class=\"attachment-custom-thumbnail size-custom-thumbnail wp-post-image\" alt=\"\" srcset=\"https:\/\/www.altermes.fr\/wp-content\/uploads\/2025\/10\/Shutterstock_cartepratiquesfrauduleux.jpg 600w, https:\/\/www.altermes.fr\/wp-content\/uploads\/2025\/10\/Shutterstock_cartepratiquesfrauduleux-480x320.jpg 480w\" sizes=\"(min-width: 0px) and (max-width: 480px) 480px, (min-width: 481px) 600px, 100vw\">                                        <\/a>\n                                                                        <a href=\"https:\/\/www.altermes.fr\/en\/les-infos-du-jour\/carte-des-pratiques-et-montages-fiscaux-abusifs-un-nouveau-cas-signale\/\"><h3>Carte des pratiques et montages fiscaux abusifs : un nouveau cas signal\u00e9<\/h3><\/a>\n                                    <p class=\"use-case-category\"><a href=\"https:\/\/www.altermes.fr\/en\/weblex-importer-categories\/actualites\/\" rel=\"tag\">Actualit\u00e9s<\/a>, <a href=\"https:\/\/www.altermes.fr\/en\/weblex-importer-categories\/infos-fiscales\/\" rel=\"tag\">Infos Fiscales<\/a><\/p>\n                                    <p class=\"edc-content\">La carte des pratiques et montages abusifs recense des sch\u00e9mas r\u00e9v\u00e9l\u00e9s lors de contr\u00f4les fiscaux et remis en cause par l\u2019administration fiscale en raison de leur caract\u00e8re frauduleux. Cette ca...<\/p>                                <\/div>\n                                                                <div class=\"case-study-item weblex-article\">\n                                                                            <a href=\"https:\/\/www.altermes.fr\/en\/les-infos-du-jour\/perte-dun-avantage-fiscal-et-responsabilite-du-professionnel-du-droit-tout-est-lie\/\">\n                                            <img decoding=\"async\" width=\"600\" height=\"400\" src=\"https:\/\/www.altermes.fr\/wp-content\/uploads\/2025\/10\/Shutterstock_responsabilitenotaireavocat.jpg\" class=\"attachment-custom-thumbnail size-custom-thumbnail wp-post-image\" alt=\"\" srcset=\"https:\/\/www.altermes.fr\/wp-content\/uploads\/2025\/10\/Shutterstock_responsabilitenotaireavocat.jpg 600w, https:\/\/www.altermes.fr\/wp-content\/uploads\/2025\/10\/Shutterstock_responsabilitenotaireavocat-480x320.jpg 480w\" sizes=\"(min-width: 0px) and (max-width: 480px) 480px, (min-width: 481px) 600px, 100vw\">                                        <\/a>\n                                                                        <a href=\"https:\/\/www.altermes.fr\/en\/les-infos-du-jour\/perte-dun-avantage-fiscal-et-responsabilite-du-professionnel-du-droit-tout-est-lie\/\"><h3>Perte d\u2019un avantage fiscal et responsabilit\u00e9 du professionnel du droit : tout est li\u00e9 ?<\/h3><\/a>\n                                    <p class=\"use-case-category\"><a href=\"https:\/\/www.altermes.fr\/en\/weblex-importer-categories\/actualites\/\" rel=\"tag\">Actualit\u00e9s<\/a>, <a href=\"https:\/\/www.altermes.fr\/en\/weblex-importer-categories\/infos-fiscales\/\" rel=\"tag\">Infos Fiscales<\/a><\/p>\n                                    <p class=\"edc-content\">Pour engager la responsabilit\u00e9 de quelqu\u2019un, et obtenir une r\u00e9paration, il faut prouver une faute, un pr\u00e9judice et un lien de causalit\u00e9 entre les 2. Or, le lien de causalit\u00e9 peut parfois \u00eatre ...<\/p>                                <\/div>\n                                                                <div class=\"case-study-item weblex-article\">\n                                                                            <a href=\"https:\/\/www.altermes.fr\/en\/les-infos-du-jour\/entretien-des-logements-des-personnes-dependantes-quel-taux-de-tva\/\">\n                                            <img decoding=\"async\" width=\"600\" height=\"400\" src=\"https:\/\/www.altermes.fr\/wp-content\/uploads\/2025\/10\/Shutterstock_entretienmaisonpersonnes.jpg\" class=\"attachment-custom-thumbnail size-custom-thumbnail wp-post-image\" alt=\"\" srcset=\"https:\/\/www.altermes.fr\/wp-content\/uploads\/2025\/10\/Shutterstock_entretienmaisonpersonnes.jpg 600w, https:\/\/www.altermes.fr\/wp-content\/uploads\/2025\/10\/Shutterstock_entretienmaisonpersonnes-480x320.jpg 480w\" sizes=\"(min-width: 0px) and (max-width: 480px) 480px, (min-width: 481px) 600px, 100vw\">                                        <\/a>\n                                                                        <a href=\"https:\/\/www.altermes.fr\/en\/les-infos-du-jour\/entretien-des-logements-des-personnes-dependantes-quel-taux-de-tva\/\"><h3>Entretien des logements des personnes d\u00e9pendantes : quel taux de TVA ?<\/h3><\/a>\n                                    <p class=\"use-case-category\"><a href=\"https:\/\/www.altermes.fr\/en\/weblex-importer-categories\/actualites\/\" rel=\"tag\">Actualit\u00e9s<\/a>, <a href=\"https:\/\/www.altermes.fr\/en\/weblex-importer-categories\/infos-fiscales\/\" rel=\"tag\">Infos Fiscales<\/a><\/p>\n                                    <p class=\"edc-content\">Vous proposez des prestations d\u2019entretien de la maison et des travaux m\u00e9nagers au b\u00e9n\u00e9fice exclusif de personnes handicap\u00e9es ou \u00e2g\u00e9es d\u00e9pendantes, dans le cadre de contrats sp\u00e9cifiquement d?...<\/p>                                <\/div>\n                                                                <div class=\"case-study-item weblex-article\">\n                                                                            <a href=\"https:\/\/www.altermes.fr\/en\/les-infos-du-jour\/tva-et-certification-des-logiciels-de-caisse-nouveau-report\/\">\n                                            <img decoding=\"async\" width=\"600\" height=\"400\" src=\"https:\/\/www.altermes.fr\/wp-content\/uploads\/2025\/10\/Shutterstock_reporttolerancelogiciel.jpg\" class=\"attachment-custom-thumbnail size-custom-thumbnail wp-post-image\" alt=\"\" srcset=\"https:\/\/www.altermes.fr\/wp-content\/uploads\/2025\/10\/Shutterstock_reporttolerancelogiciel.jpg 600w, https:\/\/www.altermes.fr\/wp-content\/uploads\/2025\/10\/Shutterstock_reporttolerancelogiciel-480x320.jpg 480w\" sizes=\"(min-width: 0px) and (max-width: 480px) 480px, (min-width: 481px) 600px, 100vw\">                                        <\/a>\n                                                                        <a href=\"https:\/\/www.altermes.fr\/en\/les-infos-du-jour\/tva-et-certification-des-logiciels-de-caisse-nouveau-report\/\"><h3>TVA et certification des logiciels de caisse : nouveau report<\/h3><\/a>\n                                    <p class=\"use-case-category\"><a href=\"https:\/\/www.altermes.fr\/en\/weblex-importer-categories\/actualites\/\" rel=\"tag\">Actualit\u00e9s<\/a>, <a href=\"https:\/\/www.altermes.fr\/en\/weblex-importer-categories\/infos-fiscales\/\" rel=\"tag\">Infos Fiscales<\/a><\/p>\n                                    <p class=\"edc-content\">La loi de finances pour 2025 a supprim\u00e9 la possibilit\u00e9 de justifier du caract\u00e8re s\u00e9curis\u00e9 d\u2019un logiciel ou d\u2019un syst\u00e8me de caisse par la production d\u2019une attestation individuelle d\u00e9livr\u00e9...<\/p>                                <\/div>\n                                                                <div class=\"case-study-item weblex-article\">\n                                                                            <a href=\"https:\/\/www.altermes.fr\/en\/les-infos-du-jour\/facturation-electronique-une-nouvelle-etape-franchie-2\/\">\n                                            <img decoding=\"async\" width=\"600\" height=\"400\" src=\"https:\/\/www.altermes.fr\/wp-content\/uploads\/2025\/10\/Shutterstock_facturationelecannuaire-1.jpg\" class=\"attachment-custom-thumbnail size-custom-thumbnail wp-post-image\" alt=\"\" srcset=\"https:\/\/www.altermes.fr\/wp-content\/uploads\/2025\/10\/Shutterstock_facturationelecannuaire-1.jpg 600w, https:\/\/www.altermes.fr\/wp-content\/uploads\/2025\/10\/Shutterstock_facturationelecannuaire-1-480x320.jpg 480w\" sizes=\"(min-width: 0px) and (max-width: 480px) 480px, (min-width: 481px) 600px, 100vw\">                                        <\/a>\n                                                                        <a href=\"https:\/\/www.altermes.fr\/en\/les-infos-du-jour\/facturation-electronique-une-nouvelle-etape-franchie-2\/\"><h3>Facturation \u00e9lectronique : une nouvelle \u00e9tape franchie !<\/h3><\/a>\n                                    <p class=\"use-case-category\"><a href=\"https:\/\/www.altermes.fr\/en\/weblex-importer-categories\/actualites\/\" rel=\"tag\">Actualit\u00e9s<\/a>, <a href=\"https:\/\/www.altermes.fr\/en\/weblex-importer-categories\/infos-fiscales\/\" rel=\"tag\">Infos Fiscales<\/a><\/p>\n                                    <p class=\"edc-content\">Pour accompagner les entreprises dans le cadre de la r\u00e9forme de la facturation \u00e9lectronique, un annuaire recensant les entreprises et entit\u00e9s publiques soumises aux obligations d\u2019\u00e9mettre et de r...<\/p>                                <\/div>\n                                                                <div class=\"case-study-item weblex-article\">\n                                                                            <a href=\"https:\/\/www.altermes.fr\/en\/les-infos-du-jour\/tva-derriere-chaque-dechet-se-cache-une-taxe\/\">\n                                            <img decoding=\"async\" width=\"600\" height=\"400\" src=\"https:\/\/www.altermes.fr\/wp-content\/uploads\/2025\/09\/Shutterstock_collectedechetstauxtva.jpg\" class=\"attachment-custom-thumbnail size-custom-thumbnail wp-post-image\" alt=\"\" srcset=\"https:\/\/www.altermes.fr\/wp-content\/uploads\/2025\/09\/Shutterstock_collectedechetstauxtva.jpg 600w, https:\/\/www.altermes.fr\/wp-content\/uploads\/2025\/09\/Shutterstock_collectedechetstauxtva-480x320.jpg 480w\" sizes=\"(min-width: 0px) and (max-width: 480px) 480px, (min-width: 481px) 600px, 100vw\">                                        <\/a>\n                                                                        <a href=\"https:\/\/www.altermes.fr\/en\/les-infos-du-jour\/tva-derriere-chaque-dechet-se-cache-une-taxe\/\"><h3>TVA : derri\u00e8re chaque d\u00e9chet se cache une taxe !<\/h3><\/a>\n                                    <p class=\"use-case-category\"><a href=\"https:\/\/www.altermes.fr\/en\/weblex-importer-categories\/actualites\/\" rel=\"tag\">Actualit\u00e9s<\/a>, <a href=\"https:\/\/www.altermes.fr\/en\/weblex-importer-categories\/infos-fiscales\/\" rel=\"tag\">Infos Fiscales<\/a><\/p>\n                                    <p class=\"edc-content\">Les prestations de collecte et de traitement des d\u00e9chets m\u00e9nagers et assimil\u00e9s sont soumises \u00e0 la TVA selon un taux qui varie en fonction de la nature de l\u2019op\u00e9ration. Entre TVA \u00e0 20 %, \u00e0 10 %...<\/p>                                <\/div>\n                                                                <div class=\"case-study-item weblex-article\">\n                                                                            <a href=\"https:\/\/www.altermes.fr\/en\/les-infos-du-jour\/designation-dun-representant-fiscal-un-modele-a-suivre-ou-une-liberte-surveillee\/\">\n                                            <img decoding=\"async\" width=\"600\" height=\"400\" src=\"https:\/\/www.altermes.fr\/wp-content\/uploads\/2025\/09\/Shutterstock_lettrelibredesignation.jpg\" class=\"attachment-custom-thumbnail size-custom-thumbnail wp-post-image\" alt=\"\" srcset=\"https:\/\/www.altermes.fr\/wp-content\/uploads\/2025\/09\/Shutterstock_lettrelibredesignation.jpg 600w, https:\/\/www.altermes.fr\/wp-content\/uploads\/2025\/09\/Shutterstock_lettrelibredesignation-480x320.jpg 480w\" sizes=\"(min-width: 0px) and (max-width: 480px) 480px, (min-width: 481px) 600px, 100vw\">                                        <\/a>\n                                                                        <a href=\"https:\/\/www.altermes.fr\/en\/les-infos-du-jour\/designation-dun-representant-fiscal-un-modele-a-suivre-ou-une-liberte-surveillee\/\"><h3>D\u00e9signation d\u2019un repr\u00e9sentant fiscal : un mod\u00e8le \u00e0 suivre\u2026 ou une libert\u00e9 surveill\u00e9e !<\/h3><\/a>\n                                    <p class=\"use-case-category\"><a href=\"https:\/\/www.altermes.fr\/en\/weblex-importer-categories\/actualites\/\" rel=\"tag\">Actualit\u00e9s<\/a>, <a href=\"https:\/\/www.altermes.fr\/en\/weblex-importer-categories\/infos-fiscales\/\" rel=\"tag\">Infos Fiscales<\/a><\/p>\n                                    <p class=\"edc-content\">Si un mod\u00e8le officiel de lettre de d\u00e9signation d\u2019un repr\u00e9sentant fiscal est mis \u00e0 disposition des entreprises tenues \u00e0 une telle d\u00e9signation, pour autant elles restent libres d\u2019utiliser tout...<\/p>                                <\/div>\n                                                                <div class=\"case-study-item weblex-article\">\n                                                                            <a href=\"https:\/\/www.altermes.fr\/en\/les-infos-du-jour\/panneaux-solaires-et-tva-a-taux-reduit-les-criteres-dapplication-sont-devoiles\/\">\n                                            <img decoding=\"async\" width=\"600\" height=\"400\" src=\"https:\/\/www.altermes.fr\/wp-content\/uploads\/2025\/09\/Shutterstock_panneauxsolairestva.jpg\" class=\"attachment-custom-thumbnail size-custom-thumbnail wp-post-image\" alt=\"\" srcset=\"https:\/\/www.altermes.fr\/wp-content\/uploads\/2025\/09\/Shutterstock_panneauxsolairestva.jpg 600w, https:\/\/www.altermes.fr\/wp-content\/uploads\/2025\/09\/Shutterstock_panneauxsolairestva-480x320.jpg 480w\" sizes=\"(min-width: 0px) and (max-width: 480px) 480px, (min-width: 481px) 600px, 100vw\">                                        <\/a>\n                                                                        <a href=\"https:\/\/www.altermes.fr\/en\/les-infos-du-jour\/panneaux-solaires-et-tva-a-taux-reduit-les-criteres-dapplication-sont-devoiles\/\"><h3>Panneaux solaires et TVA \u00e0 taux r\u00e9duit : les crit\u00e8res d\u2019application sont d\u00e9voil\u00e9s !<\/h3><\/a>\n                                    <p class=\"use-case-category\"><a href=\"https:\/\/www.altermes.fr\/en\/weblex-importer-categories\/actualites\/\" rel=\"tag\">Actualit\u00e9s<\/a>, <a href=\"https:\/\/www.altermes.fr\/en\/weblex-importer-categories\/infos-fiscales\/\" rel=\"tag\">Infos Fiscales<\/a><\/p>\n                                    <p class=\"edc-content\">La loi de finances pour 2025 a \u00e9tendu l\u2019application de la TVA \u00e0 5,5 % aux ventes et installations, dans les logements, des \u00e9quipements de production d'\u00e9lectricit\u00e9 utilisant l'\u00e9nergie radiative...<\/p>                                <\/div>\n                                                                <div class=\"case-study-item weblex-article\">\n                                                                            <a href=\"https:\/\/www.altermes.fr\/en\/les-infos-du-jour\/taux-reduit-de-tva-plus-de-flexibilite-pour-la-presse\/\">\n                                            <img decoding=\"async\" width=\"600\" height=\"400\" src=\"https:\/\/www.altermes.fr\/wp-content\/uploads\/2025\/09\/Shutterstock_tvapresse.jpg\" class=\"attachment-custom-thumbnail size-custom-thumbnail wp-post-image\" alt=\"\" srcset=\"https:\/\/www.altermes.fr\/wp-content\/uploads\/2025\/09\/Shutterstock_tvapresse.jpg 600w, https:\/\/www.altermes.fr\/wp-content\/uploads\/2025\/09\/Shutterstock_tvapresse-480x320.jpg 480w\" sizes=\"(min-width: 0px) and (max-width: 480px) 480px, (min-width: 481px) 600px, 100vw\">                                        <\/a>\n                                                                        <a href=\"https:\/\/www.altermes.fr\/en\/les-infos-du-jour\/taux-reduit-de-tva-plus-de-flexibilite-pour-la-presse\/\"><h3>Taux r\u00e9duit de TVA : plus de flexibilit\u00e9 pour la presse !<\/h3><\/a>\n                                    <p class=\"use-case-category\"><a href=\"https:\/\/www.altermes.fr\/en\/weblex-importer-categories\/actualites\/\" rel=\"tag\">Actualit\u00e9s<\/a>, <a href=\"https:\/\/www.altermes.fr\/en\/weblex-importer-categories\/infos-fiscales\/\" rel=\"tag\">Infos Fiscales<\/a><\/p>\n                                    <p class=\"edc-content\">Si la vente de journaux et \u00e9crits p\u00e9riodiques b\u00e9n\u00e9ficie d\u2019un avantage fiscal prenant la forme d\u2019un taux r\u00e9duit de TVA, pour autant cela n\u2019est pas sans conditions. L\u2019une d\u2019entre elles vi...<\/p>                                <\/div>\n                                                                <div class=\"case-study-item weblex-article\">\n                                                                            <a href=\"https:\/\/www.altermes.fr\/en\/les-infos-du-jour\/exoneration-de-plus-values-immobilieres-cest-quoi-une-rehabilitation-lourde\/\">\n                                            <img decoding=\"async\" width=\"600\" height=\"400\" src=\"https:\/\/www.altermes.fr\/wp-content\/uploads\/2025\/09\/Shutterstock_exonerationpvimmo.jpg\" class=\"attachment-custom-thumbnail size-custom-thumbnail wp-post-image\" alt=\"\" srcset=\"https:\/\/www.altermes.fr\/wp-content\/uploads\/2025\/09\/Shutterstock_exonerationpvimmo.jpg 600w, https:\/\/www.altermes.fr\/wp-content\/uploads\/2025\/09\/Shutterstock_exonerationpvimmo-480x320.jpg 480w\" sizes=\"(min-width: 0px) and (max-width: 480px) 480px, (min-width: 481px) 600px, 100vw\">                                        <\/a>\n                                                                        <a href=\"https:\/\/www.altermes.fr\/en\/les-infos-du-jour\/exoneration-de-plus-values-immobilieres-cest-quoi-une-rehabilitation-lourde\/\"><h3>Exon\u00e9ration de plus-values immobili\u00e8res : c\u2019est quoi une r\u00e9habilitation lourde ?<\/h3><\/a>\n                                    <p class=\"use-case-category\"><a href=\"https:\/\/www.altermes.fr\/en\/weblex-importer-categories\/actualites\/\" rel=\"tag\">Actualit\u00e9s<\/a>, <a href=\"https:\/\/www.altermes.fr\/en\/weblex-importer-categories\/infos-fiscales\/\" rel=\"tag\">Infos Fiscales<\/a><\/p>\n                                    <p class=\"edc-content\">Une exon\u00e9ration temporaire de plus-value au titre des cessions d'immeubles s\u2019applique en faveur des logements sociaux et interm\u00e9diaires. Le dispositif concerne, outre la r\u00e9habilitation compl\u00e8te ...<\/p>                                <\/div>\n                                                                <div class=\"case-study-item weblex-article\">\n                                                                            <a href=\"https:\/\/www.altermes.fr\/en\/les-infos-du-jour\/credits-dimpots-recherche-innovation-et-collection-quelques-dates-a-retenir\/\">\n                                            <img decoding=\"async\" width=\"600\" height=\"400\" src=\"https:\/\/www.altermes.fr\/wp-content\/uploads\/2025\/09\/Shutterstock_circiccii.jpg\" class=\"attachment-custom-thumbnail size-custom-thumbnail wp-post-image\" alt=\"\" srcset=\"https:\/\/www.altermes.fr\/wp-content\/uploads\/2025\/09\/Shutterstock_circiccii.jpg 600w, https:\/\/www.altermes.fr\/wp-content\/uploads\/2025\/09\/Shutterstock_circiccii-480x320.jpg 480w\" sizes=\"(min-width: 0px) and (max-width: 480px) 480px, (min-width: 481px) 600px, 100vw\">                                        <\/a>\n                                                                        <a href=\"https:\/\/www.altermes.fr\/en\/les-infos-du-jour\/credits-dimpots-recherche-innovation-et-collection-quelques-dates-a-retenir\/\"><h3>Cr\u00e9dits d\u2019imp\u00f4ts recherche, innovation et collection : quelques dates \u00e0 retenir !<\/h3><\/a>\n                                    <p class=\"use-case-category\"><a href=\"https:\/\/www.altermes.fr\/en\/weblex-importer-categories\/actualites\/\" rel=\"tag\">Actualit\u00e9s<\/a>, <a href=\"https:\/\/www.altermes.fr\/en\/weblex-importer-categories\/infos-fiscales\/\" rel=\"tag\">Infos Fiscales<\/a><\/p>\n                                    <p class=\"edc-content\">La loi de finances pour 2025 a apport\u00e9 son lot d\u2019am\u00e9nagements concernant le cr\u00e9dit d\u2019imp\u00f4t recherche, le cr\u00e9dit d\u2019imp\u00f4t collection et le cr\u00e9dit d\u2019imp\u00f4t innovation. Mais ces nouveaut\u00e9s...<\/p>                                <\/div>\n                                                                <div class=\"case-study-item weblex-article\">\n                                                                            <a href=\"https:\/\/www.altermes.fr\/en\/les-infos-du-jour\/taxe-fonciere-sur-les-terres-agricoles-une-exoneration-deja-en-hausse\/\">\n                                            <img decoding=\"async\" width=\"600\" height=\"400\" src=\"https:\/\/www.altermes.fr\/wp-content\/uploads\/2025\/09\/Shutterstock_terresagricolestaxefonciere.jpg\" class=\"attachment-custom-thumbnail size-custom-thumbnail wp-post-image\" alt=\"\" srcset=\"https:\/\/www.altermes.fr\/wp-content\/uploads\/2025\/09\/Shutterstock_terresagricolestaxefonciere.jpg 600w, https:\/\/www.altermes.fr\/wp-content\/uploads\/2025\/09\/Shutterstock_terresagricolestaxefonciere-480x320.jpg 480w\" sizes=\"(min-width: 0px) and (max-width: 480px) 480px, (min-width: 481px) 600px, 100vw\">                                        <\/a>\n                                                                        <a href=\"https:\/\/www.altermes.fr\/en\/les-infos-du-jour\/taxe-fonciere-sur-les-terres-agricoles-une-exoneration-deja-en-hausse\/\"><h3>Taxe fonci\u00e8re sur les terres agricoles : une exon\u00e9ration d\u00e9j\u00e0 en hausse ?<\/h3><\/a>\n                                    <p class=\"use-case-category\"><a href=\"https:\/\/www.altermes.fr\/en\/weblex-importer-categories\/actualites\/\" rel=\"tag\">Actualit\u00e9s<\/a>, <a href=\"https:\/\/www.altermes.fr\/en\/weblex-importer-categories\/infos-fiscales\/\" rel=\"tag\">Infos Fiscales<\/a><\/p>\n                                    <p class=\"edc-content\">La loi de finances pour 2025 a augment\u00e9 le taux d\u2019exon\u00e9ration de la taxe fonci\u00e8re sur les propri\u00e9t\u00e9s non b\u00e2ties en faveur des terres agricoles et le montant de la r\u00e9trocession aux preneurs de...<\/p>                                <\/div>\n                                                                <div class=\"case-study-item weblex-article\">\n                                                                            <a href=\"https:\/\/www.altermes.fr\/en\/les-infos-du-jour\/nouvelles-mesures-fiscales-en-faveur-du-secteur-agricole-cest-deja-parti\/\">\n                                            <img decoding=\"async\" width=\"600\" height=\"400\" src=\"https:\/\/www.altermes.fr\/wp-content\/uploads\/2025\/09\/Shutterstock_entreevigueursagriculture.jpg\" class=\"attachment-custom-thumbnail size-custom-thumbnail wp-post-image\" alt=\"\" srcset=\"https:\/\/www.altermes.fr\/wp-content\/uploads\/2025\/09\/Shutterstock_entreevigueursagriculture.jpg 600w, https:\/\/www.altermes.fr\/wp-content\/uploads\/2025\/09\/Shutterstock_entreevigueursagriculture-480x320.jpg 480w\" sizes=\"(min-width: 0px) and (max-width: 480px) 480px, (min-width: 481px) 600px, 100vw\">                                        <\/a>\n                                                                        <a href=\"https:\/\/www.altermes.fr\/en\/les-infos-du-jour\/nouvelles-mesures-fiscales-en-faveur-du-secteur-agricole-cest-deja-parti\/\"><h3>Nouvelles mesures fiscales en faveur du secteur agricole : c\u2019est d\u00e9j\u00e0 parti ?<\/h3><\/a>\n                                    <p class=\"use-case-category\"><a href=\"https:\/\/www.altermes.fr\/en\/weblex-importer-categories\/actualites\/\" rel=\"tag\">Actualit\u00e9s<\/a>, <a href=\"https:\/\/www.altermes.fr\/en\/weblex-importer-categories\/infos-fiscales\/\" rel=\"tag\">Infos Fiscales<\/a><\/p>\n                                    <p class=\"edc-content\">La loi de finances pour 2025 a am\u00e9nag\u00e9 le dispositif de d\u00e9duction fiscale pour \u00e9pargne de pr\u00e9caution et des provisions pour augmentation de la valeur des stocks de vaches laiti\u00e8res et de vaches ...<\/p>                                <\/div>\n                                                                <div class=\"case-study-item weblex-article\">\n                                                                            <a href=\"https:\/\/www.altermes.fr\/en\/les-infos-du-jour\/accise-sur-les-energies-quels-tarifs-en-2025\/\">\n                                            <img decoding=\"async\" width=\"600\" height=\"400\" src=\"https:\/\/www.altermes.fr\/wp-content\/uploads\/2025\/09\/Shutterstock-accisesurenergie.jpg\" class=\"attachment-custom-thumbnail size-custom-thumbnail wp-post-image\" alt=\"\" srcset=\"https:\/\/www.altermes.fr\/wp-content\/uploads\/2025\/09\/Shutterstock-accisesurenergie.jpg 600w, https:\/\/www.altermes.fr\/wp-content\/uploads\/2025\/09\/Shutterstock-accisesurenergie-480x320.jpg 480w\" sizes=\"(min-width: 0px) and (max-width: 480px) 480px, (min-width: 481px) 600px, 100vw\">                                        <\/a>\n                                                                        <a href=\"https:\/\/www.altermes.fr\/en\/les-infos-du-jour\/accise-sur-les-energies-quels-tarifs-en-2025\/\"><h3>Accise sur les \u00e9nergies : quels tarifs en 2025 ?<\/h3><\/a>\n                                    <p class=\"use-case-category\"><a href=\"https:\/\/www.altermes.fr\/en\/weblex-importer-categories\/actualites\/\" rel=\"tag\">Actualit\u00e9s<\/a>, <a href=\"https:\/\/www.altermes.fr\/en\/weblex-importer-categories\/infos-fiscales\/\" rel=\"tag\">Infos Fiscales<\/a><\/p>\n                                    <p class=\"edc-content\">L\u2019adoption de la loi de finances pour 2025 et la fin du \u00ab bouclier tarifaire \u00bb sur l\u2019\u00e9lectricit\u00e9 ont conduit \u00e0 une \u00e9volution des tarifs normaux d\u2019accise sur l\u2019\u00e9lectricit\u00e9, les gaz natu...<\/p>                                <\/div>\n                                                                <div class=\"case-study-item weblex-article\">\n                                                                            <a href=\"https:\/\/www.altermes.fr\/en\/les-infos-du-jour\/taxes-sur-les-deplacements-routiers-et-sur-le-transport-aerien-ca-se-precise\/\">\n                                            <img decoding=\"async\" width=\"600\" height=\"400\" src=\"https:\/\/www.altermes.fr\/wp-content\/uploads\/2025\/09\/Shutterstock_precisionstaxetransport.jpg\" class=\"attachment-custom-thumbnail size-custom-thumbnail wp-post-image\" alt=\"\" srcset=\"https:\/\/www.altermes.fr\/wp-content\/uploads\/2025\/09\/Shutterstock_precisionstaxetransport.jpg 600w, https:\/\/www.altermes.fr\/wp-content\/uploads\/2025\/09\/Shutterstock_precisionstaxetransport-480x320.jpg 480w\" sizes=\"(min-width: 0px) and (max-width: 480px) 480px, (min-width: 481px) 600px, 100vw\">                                        <\/a>\n                                                                        <a href=\"https:\/\/www.altermes.fr\/en\/les-infos-du-jour\/taxes-sur-les-deplacements-routiers-et-sur-le-transport-aerien-ca-se-precise\/\"><h3>Taxes sur les d\u00e9placements routiers et sur le transport a\u00e9rien : \u00e7a se pr\u00e9cise !<\/h3><\/a>\n                                    <p class=\"use-case-category\"><a href=\"https:\/\/www.altermes.fr\/en\/weblex-importer-categories\/actualites\/\" rel=\"tag\">Actualit\u00e9s<\/a>, <a href=\"https:\/\/www.altermes.fr\/en\/weblex-importer-categories\/infos-fiscales\/\" rel=\"tag\">Infos Fiscales<\/a><\/p>\n                                    <p class=\"edc-content\">La loi de finances pour 2025 a apport\u00e9 certaines modifications concernant les taxes \u00e0 l'immatriculation, les taxes annuelles sur l'affectation \u00e9conomique des v\u00e9hicules de tourisme et la taxe sur l...<\/p>                                <\/div>\n                                                                <div class=\"case-study-item weblex-article\">\n                                                                            <a href=\"https:\/\/www.altermes.fr\/en\/les-infos-du-jour\/accise-sur-les-gazoles-et-les-essences-a-vos-demandes-de-remboursement\/\">\n                                            <img decoding=\"async\" width=\"600\" height=\"400\" src=\"https:\/\/www.altermes.fr\/wp-content\/uploads\/2025\/09\/Shutterstock_accisesurlegazole.jpg\" class=\"attachment-custom-thumbnail size-custom-thumbnail wp-post-image\" alt=\"\" srcset=\"https:\/\/www.altermes.fr\/wp-content\/uploads\/2025\/09\/Shutterstock_accisesurlegazole.jpg 600w, https:\/\/www.altermes.fr\/wp-content\/uploads\/2025\/09\/Shutterstock_accisesurlegazole-480x320.jpg 480w\" sizes=\"(min-width: 0px) and (max-width: 480px) 480px, (min-width: 481px) 600px, 100vw\">                                        <\/a>\n                                                                        <a href=\"https:\/\/www.altermes.fr\/en\/les-infos-du-jour\/accise-sur-les-gazoles-et-les-essences-a-vos-demandes-de-remboursement\/\"><h3>Accise sur les gazoles et les essences : \u00e0 vos demandes de remboursement !<\/h3><\/a>\n                                    <p class=\"use-case-category\"><a href=\"https:\/\/www.altermes.fr\/en\/weblex-importer-categories\/actualites\/\" rel=\"tag\">Actualit\u00e9s<\/a>, <a href=\"https:\/\/www.altermes.fr\/en\/weblex-importer-categories\/infos-fiscales\/\" rel=\"tag\">Infos Fiscales<\/a><\/p>\n                                    <p class=\"edc-content\">Les entreprises qui exercent une activit\u00e9 de transport collectif routier de personnes, de transport de personnes par taxi et de transport routier de marchandises peuvent, sur demande, obtenir le remb...<\/p>                                <\/div>\n                                                                <div class=\"case-study-item weblex-article\">\n                                                                            <a href=\"https:\/\/www.altermes.fr\/en\/les-infos-du-jour\/organismes-hlm-et-investissements-outre-mer-un-credit-dimpot-sous-conditions\/\">\n                                            <img decoding=\"async\" width=\"600\" height=\"400\" src=\"https:\/\/www.altermes.fr\/wp-content\/uploads\/2025\/09\/Shutterstock_organismehlmcreditimpot.jpg\" class=\"attachment-custom-thumbnail size-custom-thumbnail wp-post-image\" alt=\"\" srcset=\"https:\/\/www.altermes.fr\/wp-content\/uploads\/2025\/09\/Shutterstock_organismehlmcreditimpot.jpg 600w, https:\/\/www.altermes.fr\/wp-content\/uploads\/2025\/09\/Shutterstock_organismehlmcreditimpot-480x320.jpg 480w\" sizes=\"(min-width: 0px) and (max-width: 480px) 480px, (min-width: 481px) 600px, 100vw\">                                        <\/a>\n                                                                        <a href=\"https:\/\/www.altermes.fr\/en\/les-infos-du-jour\/organismes-hlm-et-investissements-outre-mer-un-credit-dimpot-sous-conditions\/\"><h3>Organismes HLM et investissements outre-mer : un cr\u00e9dit d\u2019imp\u00f4t sous conditions<\/h3><\/a>\n                                    <p class=\"use-case-category\"><a href=\"https:\/\/www.altermes.fr\/en\/weblex-importer-categories\/actualites\/\" rel=\"tag\">Actualit\u00e9s<\/a>, <a href=\"https:\/\/www.altermes.fr\/en\/weblex-importer-categories\/infos-fiscales\/\" rel=\"tag\">Infos Fiscales<\/a><\/p>\n                                    <p class=\"edc-content\">Certains organismes, et notamment les organismes HLM, peuvent b\u00e9n\u00e9ficier, toutes conditions remplies, d\u2019un cr\u00e9dit d\u2019imp\u00f4t au titre des investissements immobiliers qu\u2019ils r\u00e9alisent en outre-...<\/p>                                <\/div>\n                                                                <div class=\"case-study-item weblex-article\">\n                                                                            <a href=\"https:\/\/www.altermes.fr\/en\/les-infos-du-jour\/micro-entrepreneurs-travail-a-domicile-double-imposition\/\">\n                                            <img decoding=\"async\" width=\"600\" height=\"400\" src=\"https:\/\/www.altermes.fr\/wp-content\/uploads\/2025\/08\/Shutterstock_CFEmicroentreprise.jpg\" class=\"attachment-custom-thumbnail size-custom-thumbnail wp-post-image\" alt=\"\" srcset=\"https:\/\/www.altermes.fr\/wp-content\/uploads\/2025\/08\/Shutterstock_CFEmicroentreprise.jpg 600w, https:\/\/www.altermes.fr\/wp-content\/uploads\/2025\/08\/Shutterstock_CFEmicroentreprise-480x320.jpg 480w\" sizes=\"(min-width: 0px) and (max-width: 480px) 480px, (min-width: 481px) 600px, 100vw\">                                        <\/a>\n                                                                        <a href=\"https:\/\/www.altermes.fr\/en\/les-infos-du-jour\/micro-entrepreneurs-travail-a-domicile-double-imposition\/\"><h3>Micro-entrepreneurs : travail \u00e0 domicile = double imposition ?<\/h3><\/a>\n                                    <p class=\"use-case-category\"><a href=\"https:\/\/www.altermes.fr\/en\/weblex-importer-categories\/actualites\/\" rel=\"tag\">Actualit\u00e9s<\/a>, <a href=\"https:\/\/www.altermes.fr\/en\/weblex-importer-categories\/infos-fiscales\/\" rel=\"tag\">Infos Fiscales<\/a><\/p>\n                                    <p class=\"edc-content\">Il arrive fr\u00e9quemment que les entrepreneurs, notamment les micro-entrepreneurs, qui travaillent \u00e0 domicile, soient tax\u00e9s non seulement \u00e0 la taxe fonci\u00e8re, mais aussi \u00e0 la cotisation fonci\u00e8re de...<\/p>                                <\/div>\n                                                                <div class=\"case-study-item weblex-article\">\n                                                                            <a href=\"https:\/\/www.altermes.fr\/en\/les-infos-du-jour\/tva-a-taux-reduit-meme-pour-les-volailles-dun-jour\/\">\n                                            <img decoding=\"async\" width=\"600\" height=\"400\" src=\"https:\/\/www.altermes.fr\/wp-content\/uploads\/2025\/08\/Shutterstock_TVAvolailles.jpg\" class=\"attachment-custom-thumbnail size-custom-thumbnail wp-post-image\" alt=\"\" srcset=\"https:\/\/www.altermes.fr\/wp-content\/uploads\/2025\/08\/Shutterstock_TVAvolailles.jpg 600w, https:\/\/www.altermes.fr\/wp-content\/uploads\/2025\/08\/Shutterstock_TVAvolailles-480x320.jpg 480w\" sizes=\"(min-width: 0px) and (max-width: 480px) 480px, (min-width: 481px) 600px, 100vw\">                                        <\/a>\n                                                                        <a href=\"https:\/\/www.altermes.fr\/en\/les-infos-du-jour\/tva-a-taux-reduit-meme-pour-les-volailles-dun-jour\/\"><h3>TVA \u00e0 taux r\u00e9duit : m\u00eame pour les volailles \u00ab d\u2019un jour \u00bb ?<\/h3><\/a>\n                                    <p class=\"use-case-category\"><a href=\"https:\/\/www.altermes.fr\/en\/weblex-importer-categories\/actualites\/\" rel=\"tag\">Actualit\u00e9s<\/a>, <a href=\"https:\/\/www.altermes.fr\/en\/weblex-importer-categories\/infos-fiscales\/\" rel=\"tag\">Infos Fiscales<\/a><\/p>\n                                    <p class=\"edc-content\">Dans le cadre de la vente de volailles, d\u00e8s lors que les animaux sont destin\u00e9s \u00e0 \u00eatre utilis\u00e9s dans la production agricole, le taux r\u00e9duit de TVA \u00e0 5,5 % s\u2019applique tout au long de la cha\u00eene...<\/p>                                <\/div>\n                                                                <div class=\"case-study-item weblex-article\">\n                                                                            <a href=\"https:\/\/www.altermes.fr\/en\/les-infos-du-jour\/credit-dimpot-famille-un-perimetre-etendu\/\">\n                                            <img decoding=\"async\" width=\"600\" height=\"400\" src=\"https:\/\/www.altermes.fr\/wp-content\/uploads\/2025\/08\/Shutterstock_CIFAMextensionperimetre.jpg\" class=\"attachment-custom-thumbnail size-custom-thumbnail wp-post-image\" alt=\"\" srcset=\"https:\/\/www.altermes.fr\/wp-content\/uploads\/2025\/08\/Shutterstock_CIFAMextensionperimetre.jpg 600w, https:\/\/www.altermes.fr\/wp-content\/uploads\/2025\/08\/Shutterstock_CIFAMextensionperimetre-480x320.jpg 480w\" sizes=\"(min-width: 0px) and (max-width: 480px) 480px, (min-width: 481px) 600px, 100vw\">                                        <\/a>\n                                                                        <a href=\"https:\/\/www.altermes.fr\/en\/les-infos-du-jour\/credit-dimpot-famille-un-perimetre-etendu\/\"><h3>Cr\u00e9dit d\u2019imp\u00f4t famille : un p\u00e9rim\u00e8tre \u00e9tendu !<\/h3><\/a>\n                                    <p class=\"use-case-category\"><a href=\"https:\/\/www.altermes.fr\/en\/weblex-importer-categories\/actualites\/\" rel=\"tag\">Actualit\u00e9s<\/a>, <a href=\"https:\/\/www.altermes.fr\/en\/weblex-importer-categories\/infos-fiscales\/\" rel=\"tag\">Infos Fiscales<\/a><\/p>\n                                    <p class=\"edc-content\">Depuis le 1er janvier 2025, le cr\u00e9dit d\u2019imp\u00f4t famille (CIFAM), \u00e9gal \u00e0 50 % des d\u00e9penses engag\u00e9es par une entreprise pour l\u2019accueil des enfants de moins de 3 ans de ses salari\u00e9s, s\u2019appliqu...<\/p>                                <\/div>\n                                                                <div class=\"case-study-item weblex-article\">\n                                                                            <a href=\"https:\/\/www.altermes.fr\/en\/les-infos-du-jour\/tva-a-taux-reduit-et-pour-les-professionnels-de-parachutisme\/\">\n                                            <img decoding=\"async\" width=\"600\" height=\"400\" src=\"https:\/\/www.altermes.fr\/wp-content\/uploads\/2025\/07\/Shutterstock_tvaparachustiste.jpg\" class=\"attachment-custom-thumbnail size-custom-thumbnail wp-post-image\" alt=\"\" srcset=\"https:\/\/www.altermes.fr\/wp-content\/uploads\/2025\/07\/Shutterstock_tvaparachustiste.jpg 600w, https:\/\/www.altermes.fr\/wp-content\/uploads\/2025\/07\/Shutterstock_tvaparachustiste-480x320.jpg 480w\" sizes=\"(min-width: 0px) and (max-width: 480px) 480px, (min-width: 481px) 600px, 100vw\">                                        <\/a>\n                                                                        <a href=\"https:\/\/www.altermes.fr\/en\/les-infos-du-jour\/tva-a-taux-reduit-et-pour-les-professionnels-de-parachutisme\/\"><h3>TVA \u00e0 taux r\u00e9duit\u202f : et pour les professionnels de parachutisme\u202f?<\/h3><\/a>\n                                    <p class=\"use-case-category\"><a href=\"https:\/\/www.altermes.fr\/en\/weblex-importer-categories\/actualites\/\" rel=\"tag\">Actualit\u00e9s<\/a>, <a href=\"https:\/\/www.altermes.fr\/en\/weblex-importer-categories\/infos-fiscales\/\" rel=\"tag\">Infos Fiscales<\/a><\/p>\n                                    <p class=\"edc-content\">Les activit\u00e9s propos\u00e9es par les exploitants professionnels de parachutisme sont soumises au taux normal de TVA. Une situation qui soul\u00e8ve une interrogation, estime une d\u00e9put\u00e9e qui voit pourtant d...<\/p>                                <\/div>\n                                                                <div class=\"case-study-item weblex-article\">\n                                                                            <a href=\"https:\/\/www.altermes.fr\/en\/les-infos-du-jour\/credit-dimpot-recherche-exclusion-officielle-de-certaines-depenses\/\">\n                                            <img decoding=\"async\" width=\"600\" height=\"400\" src=\"https:\/\/www.altermes.fr\/wp-content\/uploads\/2025\/07\/Shutterstock_cir.jpg\" class=\"attachment-custom-thumbnail size-custom-thumbnail wp-post-image\" alt=\"\" srcset=\"https:\/\/www.altermes.fr\/wp-content\/uploads\/2025\/07\/Shutterstock_cir.jpg 600w, https:\/\/www.altermes.fr\/wp-content\/uploads\/2025\/07\/Shutterstock_cir-480x320.jpg 480w\" sizes=\"(min-width: 0px) and (max-width: 480px) 480px, (min-width: 481px) 600px, 100vw\">                                        <\/a>\n                                                                        <a href=\"https:\/\/www.altermes.fr\/en\/les-infos-du-jour\/credit-dimpot-recherche-exclusion-officielle-de-certaines-depenses\/\"><h3>Cr\u00e9dit d\u2019imp\u00f4t recherche\u202f: exclusion officielle de certaines d\u00e9penses<\/h3><\/a>\n                                    <p class=\"use-case-category\"><a href=\"https:\/\/www.altermes.fr\/en\/weblex-importer-categories\/actualites\/\" rel=\"tag\">Actualit\u00e9s<\/a>, <a href=\"https:\/\/www.altermes.fr\/en\/weblex-importer-categories\/infos-fiscales\/\" rel=\"tag\">Infos Fiscales<\/a><\/p>\n                                    <p class=\"edc-content\">La loi de finances pour 2025 a am\u00e9nag\u00e9 le calcul du cr\u00e9dit d\u2019imp\u00f4t recherche en excluant, pour le calcul du seuil de 100\u202f000 millions d\u2019euros de d\u00e9penses, certaines d\u00e9penses (de veille tec...<\/p>                                <\/div>\n                                                                <div class=\"case-study-item weblex-article\">\n                                                                            <a href=\"https:\/\/www.altermes.fr\/en\/les-infos-du-jour\/report-de-la-suppression-de-la-cvae-report-des-adaptations-necessaires\/\">\n                                            <img decoding=\"async\" width=\"600\" height=\"400\" src=\"https:\/\/www.altermes.fr\/wp-content\/uploads\/2025\/07\/Shutterstock_cvae.jpg\" class=\"attachment-custom-thumbnail size-custom-thumbnail wp-post-image\" alt=\"\" srcset=\"https:\/\/www.altermes.fr\/wp-content\/uploads\/2025\/07\/Shutterstock_cvae.jpg 600w, https:\/\/www.altermes.fr\/wp-content\/uploads\/2025\/07\/Shutterstock_cvae-480x320.jpg 480w\" sizes=\"(min-width: 0px) and (max-width: 480px) 480px, (min-width: 481px) 600px, 100vw\">                                        <\/a>\n                                                                        <a href=\"https:\/\/www.altermes.fr\/en\/les-infos-du-jour\/report-de-la-suppression-de-la-cvae-report-des-adaptations-necessaires\/\"><h3>Report de la suppression de la CVAE : report des adaptations n\u00e9cessaires\u202f?<\/h3><\/a>\n                                    <p class=\"use-case-category\"><a href=\"https:\/\/www.altermes.fr\/en\/weblex-importer-categories\/actualites\/\" rel=\"tag\">Actualit\u00e9s<\/a>, <a href=\"https:\/\/www.altermes.fr\/en\/weblex-importer-categories\/infos-fiscales\/\" rel=\"tag\">Infos Fiscales<\/a><\/p>\n                                    <p class=\"edc-content\">La suppression de la cotisation sur la valeur ajout\u00e9e des entreprises (CVAE), qui devait avoir lieu au 1er janvier 2024, a n\u00e9cessit\u00e9 la mise en place de mesures d\u2019adaptation notamment pour les en...<\/p>                                <\/div>\n                                                                <div class=\"case-study-item weblex-article\">\n                                                                            <a href=\"https:\/\/www.altermes.fr\/en\/les-infos-du-jour\/taxe-sur-les-conventions-dassurances-cest-deja-parti-pour-les-nouveautes\/\">\n                                            <img decoding=\"async\" width=\"600\" height=\"400\" src=\"https:\/\/www.altermes.fr\/wp-content\/uploads\/2025\/07\/Shutterstock_taxeconventionsassurances.jpg\" class=\"attachment-custom-thumbnail size-custom-thumbnail wp-post-image\" alt=\"\" srcset=\"https:\/\/www.altermes.fr\/wp-content\/uploads\/2025\/07\/Shutterstock_taxeconventionsassurances.jpg 600w, https:\/\/www.altermes.fr\/wp-content\/uploads\/2025\/07\/Shutterstock_taxeconventionsassurances-480x320.jpg 480w\" sizes=\"(min-width: 0px) and (max-width: 480px) 480px, (min-width: 481px) 600px, 100vw\">                                        <\/a>\n                                                                        <a href=\"https:\/\/www.altermes.fr\/en\/les-infos-du-jour\/taxe-sur-les-conventions-dassurances-cest-deja-parti-pour-les-nouveautes\/\"><h3>Taxe sur les conventions d\u2019assurances\u202f: c\u2019est (d\u00e9j\u00e0\u202f?) parti pour les nouveaut\u00e9s<\/h3><\/a>\n                                    <p class=\"use-case-category\"><a href=\"https:\/\/www.altermes.fr\/en\/weblex-importer-categories\/actualites\/\" rel=\"tag\">Actualit\u00e9s<\/a>, <a href=\"https:\/\/www.altermes.fr\/en\/weblex-importer-categories\/infos-fiscales\/\" rel=\"tag\">Infos Fiscales<\/a><\/p>\n                                    <p class=\"edc-content\">La loi de finances pour 2025 a modifi\u00e9 les tarifs de la taxe sur les conventions d\u2019assurances (TCA) et a cr\u00e9\u00e9 une exon\u00e9ration pour les assurances de groupe souscrites par un employeur public au ...<\/p>                                <\/div>\n                                                                <div class=\"case-study-item weblex-article\">\n                                                                            <a href=\"https:\/\/www.altermes.fr\/en\/les-infos-du-jour\/jeunes-entreprises-innovantes-jei-en-route-pour-de-nouvelles-conditions\/\">\n                                            <img decoding=\"async\" width=\"600\" height=\"400\" src=\"https:\/\/www.altermes.fr\/wp-content\/uploads\/2025\/07\/Shutterstock_JEInouvellesconditions.jpg\" class=\"attachment-custom-thumbnail size-custom-thumbnail wp-post-image\" alt=\"\" srcset=\"https:\/\/www.altermes.fr\/wp-content\/uploads\/2025\/07\/Shutterstock_JEInouvellesconditions.jpg 600w, https:\/\/www.altermes.fr\/wp-content\/uploads\/2025\/07\/Shutterstock_JEInouvellesconditions-480x320.jpg 480w\" sizes=\"(min-width: 0px) and (max-width: 480px) 480px, (min-width: 481px) 600px, 100vw\">                                        <\/a>\n                                                                        <a href=\"https:\/\/www.altermes.fr\/en\/les-infos-du-jour\/jeunes-entreprises-innovantes-jei-en-route-pour-de-nouvelles-conditions\/\"><h3>Jeunes entreprises innovantes (JEI) : en route pour de nouvelles conditions<\/h3><\/a>\n                                    <p class=\"use-case-category\"><a href=\"https:\/\/www.altermes.fr\/en\/weblex-importer-categories\/actualites\/\" rel=\"tag\">Actualit\u00e9s<\/a>, <a href=\"https:\/\/www.altermes.fr\/en\/weblex-importer-categories\/infos-fiscales\/\" rel=\"tag\">Infos Fiscales<\/a><\/p>\n                                    <p class=\"edc-content\">Les lois de finances pour 2025 ont fix\u00e9 de nouvelles conditions pour b\u00e9n\u00e9ficier du statut de \u00ab Jeune entreprise innovante \u00bb (JEI). Mais lesquelles et depuis quand sont-elles applicables ? R\u00e9pons...<\/p>                                <\/div>\n                                                                <div class=\"case-study-item weblex-article\">\n                                                                            <a href=\"https:\/\/www.altermes.fr\/en\/les-infos-du-jour\/etablissements-sociaux-et-medico-sociaux-et-tva-un-taux-reduit-pour-tous-les-hebergements\/\">\n                                            <img decoding=\"async\" width=\"600\" height=\"400\" src=\"https:\/\/www.altermes.fr\/wp-content\/uploads\/2025\/07\/Shutterstock_tvaetablitmedico.jpg\" class=\"attachment-custom-thumbnail size-custom-thumbnail wp-post-image\" alt=\"\" srcset=\"https:\/\/www.altermes.fr\/wp-content\/uploads\/2025\/07\/Shutterstock_tvaetablitmedico.jpg 600w, https:\/\/www.altermes.fr\/wp-content\/uploads\/2025\/07\/Shutterstock_tvaetablitmedico-480x320.jpg 480w\" sizes=\"(min-width: 0px) and (max-width: 480px) 480px, (min-width: 481px) 600px, 100vw\">                                        <\/a>\n                                                                        <a href=\"https:\/\/www.altermes.fr\/en\/les-infos-du-jour\/etablissements-sociaux-et-medico-sociaux-et-tva-un-taux-reduit-pour-tous-les-hebergements\/\"><h3>Etablissements sociaux et m\u00e9dico-sociaux et TVA : un taux r\u00e9duit pour tous les h\u00e9bergements ?<\/h3><\/a>\n                                    <p class=\"use-case-category\"><a href=\"https:\/\/www.altermes.fr\/en\/weblex-importer-categories\/actualites\/\" rel=\"tag\">Actualit\u00e9s<\/a>, <a href=\"https:\/\/www.altermes.fr\/en\/weblex-importer-categories\/infos-fiscales\/\" rel=\"tag\">Infos Fiscales<\/a><\/p>\n                                    <p class=\"edc-content\">Les ventes et livraisons \u00e0 soi-m\u00eame de locaux directement destin\u00e9s ou mis \u00e0 la disposition des \u00e9tablissements \u00e0 caract\u00e8re social ou m\u00e9dico-social qui assurent un h\u00e9bergement de jour et de nui...<\/p>                                <\/div>\n                                                                <div class=\"case-study-item weblex-article\">\n                                                                            <a href=\"https:\/\/www.altermes.fr\/en\/les-infos-du-jour\/taxe-dhabitation-des-exonerations-sous-de-nouvelles-conditions\/\">\n                                            <img decoding=\"async\" width=\"600\" height=\"400\" src=\"https:\/\/www.altermes.fr\/wp-content\/uploads\/2025\/07\/Shutterstock_exotaxehabitation.jpg\" class=\"attachment-custom-thumbnail size-custom-thumbnail wp-post-image\" alt=\"\" srcset=\"https:\/\/www.altermes.fr\/wp-content\/uploads\/2025\/07\/Shutterstock_exotaxehabitation.jpg 600w, https:\/\/www.altermes.fr\/wp-content\/uploads\/2025\/07\/Shutterstock_exotaxehabitation-480x320.jpg 480w\" sizes=\"(min-width: 0px) and (max-width: 480px) 480px, (min-width: 481px) 600px, 100vw\">                                        <\/a>\n                                                                        <a href=\"https:\/\/www.altermes.fr\/en\/les-infos-du-jour\/taxe-dhabitation-des-exonerations-sous-de-nouvelles-conditions\/\"><h3>Taxe d\u2019habitation : des exon\u00e9rations sous de nouvelles conditions !<\/h3><\/a>\n                                    <p class=\"use-case-category\"><a href=\"https:\/\/www.altermes.fr\/en\/weblex-importer-categories\/actualites\/\" rel=\"tag\">Actualit\u00e9s<\/a>, <a href=\"https:\/\/www.altermes.fr\/en\/weblex-importer-categories\/infos-fiscales\/\" rel=\"tag\">Infos Fiscales<\/a><\/p>\n                                    <p class=\"edc-content\">Les personnes publiques et certains organismes qui loue des h\u00e9bergements \u00e0 des personnes en difficult\u00e9, ainsi que les organismes priv\u00e9s h\u00e9bergeant des \u00e9tudiants b\u00e9n\u00e9ficient, toutes conditions ...<\/p>                                <\/div>\n                                                                <div class=\"case-study-item weblex-article\">\n                                                                            <a href=\"https:\/\/www.altermes.fr\/en\/les-infos-du-jour\/tva-et-exploitation-de-limage-des-sportifs-le-sort-du-match-est-scelle\/\">\n                                            <img decoding=\"async\" width=\"600\" height=\"400\" src=\"https:\/\/www.altermes.fr\/wp-content\/uploads\/2025\/07\/Shutterstock_TVAexploitationsportif.jpg\" class=\"attachment-custom-thumbnail size-custom-thumbnail wp-post-image\" alt=\"\" srcset=\"https:\/\/www.altermes.fr\/wp-content\/uploads\/2025\/07\/Shutterstock_TVAexploitationsportif.jpg 600w, https:\/\/www.altermes.fr\/wp-content\/uploads\/2025\/07\/Shutterstock_TVAexploitationsportif-480x320.jpg 480w\" sizes=\"(min-width: 0px) and (max-width: 480px) 480px, (min-width: 481px) 600px, 100vw\">                                        <\/a>\n                                                                        <a href=\"https:\/\/www.altermes.fr\/en\/les-infos-du-jour\/tva-et-exploitation-de-limage-des-sportifs-le-sort-du-match-est-scelle\/\"><h3>TVA et exploitation de l\u2019image des sportifs : le sort du match est scell\u00e9 !<\/h3><\/a>\n                                    <p class=\"use-case-category\"><a href=\"https:\/\/www.altermes.fr\/en\/weblex-importer-categories\/actualites\/\" rel=\"tag\">Actualit\u00e9s<\/a>, <a href=\"https:\/\/www.altermes.fr\/en\/weblex-importer-categories\/infos-fiscales\/\" rel=\"tag\">Infos Fiscales<\/a><\/p>\n                                    <p class=\"edc-content\">Les sportifs et entra\u00eeneurs professionnels peuvent conclure, avec les clubs qui les emploient, des contrats d\u2019exploitation de leur image, de leur nom ou de leur voix. Mais les redevances vers\u00e9es d...<\/p>                                <\/div>\n                                                                <div class=\"case-study-item weblex-article\">\n                                                                            <a href=\"https:\/\/www.altermes.fr\/en\/les-infos-du-jour\/accreditation-des-representants-fiscaux-de-nouvelles-precisions\/\">\n                                            <img decoding=\"async\" width=\"600\" height=\"400\" src=\"https:\/\/www.altermes.fr\/wp-content\/uploads\/2025\/07\/Shutterstock_acrC3A9ditationdesrepresentants.jpg\" class=\"attachment-custom-thumbnail size-custom-thumbnail wp-post-image\" alt=\"\" srcset=\"https:\/\/www.altermes.fr\/wp-content\/uploads\/2025\/07\/Shutterstock_acrC3A9ditationdesrepresentants.jpg 600w, https:\/\/www.altermes.fr\/wp-content\/uploads\/2025\/07\/Shutterstock_acrC3A9ditationdesrepresentants-480x320.jpg 480w\" sizes=\"(min-width: 0px) and (max-width: 480px) 480px, (min-width: 481px) 600px, 100vw\">                                        <\/a>\n                                                                        <a href=\"https:\/\/www.altermes.fr\/en\/les-infos-du-jour\/accreditation-des-representants-fiscaux-de-nouvelles-precisions\/\"><h3>Accr\u00e9ditation des repr\u00e9sentants fiscaux : de nouvelles pr\u00e9cisions<\/h3><\/a>\n                                    <p class=\"use-case-category\"><a href=\"https:\/\/www.altermes.fr\/en\/weblex-importer-categories\/actualites\/\" rel=\"tag\">Actualit\u00e9s<\/a>, <a href=\"https:\/\/www.altermes.fr\/en\/weblex-importer-categories\/infos-fiscales\/\" rel=\"tag\">Infos Fiscales<\/a><\/p>\n                                    <p class=\"edc-content\">Sauf cas de dispense, les non-r\u00e9sidents qui r\u00e9alisent un gain, appel\u00e9 plus-value, en France lors de la vente d\u2019un bien immobilier ou mobilier doivent payer l\u2019imp\u00f4t d\u00fb sous la responsabilit\u00e9 ...<\/p>                                <\/div>\n                                                                <div class=\"case-study-item weblex-article\">\n                                                                            <a href=\"https:\/\/www.altermes.fr\/en\/les-infos-du-jour\/zones-france-ruralites-revitalisation-plus-la-liste-des-communes-est-devoilee\/\">\n                                            <img decoding=\"async\" width=\"600\" height=\"400\" src=\"https:\/\/www.altermes.fr\/wp-content\/uploads\/2025\/07\/Shutterstock_listecommunezfrr.jpg\" class=\"attachment-custom-thumbnail size-custom-thumbnail wp-post-image\" alt=\"\" srcset=\"https:\/\/www.altermes.fr\/wp-content\/uploads\/2025\/07\/Shutterstock_listecommunezfrr.jpg 600w, https:\/\/www.altermes.fr\/wp-content\/uploads\/2025\/07\/Shutterstock_listecommunezfrr-480x320.jpg 480w\" sizes=\"(min-width: 0px) and (max-width: 480px) 480px, (min-width: 481px) 600px, 100vw\">                                        <\/a>\n                                                                        <a href=\"https:\/\/www.altermes.fr\/en\/les-infos-du-jour\/zones-france-ruralites-revitalisation-plus-la-liste-des-communes-est-devoilee\/\"><h3>Zones France ruralit\u00e9s revitalisation \u00ab plus \u00bb : la liste des communes est d\u00e9voil\u00e9e !<\/h3><\/a>\n                                    <p class=\"use-case-category\"><a href=\"https:\/\/www.altermes.fr\/en\/weblex-importer-categories\/actualites\/\" rel=\"tag\">Actualit\u00e9s<\/a>, <a href=\"https:\/\/www.altermes.fr\/en\/weblex-importer-categories\/infos-fiscales\/\" rel=\"tag\">Infos Fiscales<\/a><\/p>\n                                    <p class=\"edc-content\">Le zonage unique \u00ab France ruralit\u00e9s revitalisation \u00bb a remplac\u00e9 un certain nombre de dispositifs zon\u00e9s avec la cr\u00e9ation de 2 niveaux de zonage : les zones \u00ab FRR \u00bb depuis le 1er juillet 2024, p...<\/p>                                <\/div>\n                                                                <div class=\"case-study-item weblex-article\">\n                                                                            <a href=\"https:\/\/www.altermes.fr\/en\/les-infos-du-jour\/vente-de-droits-de-commercialite-quel-regime-fiscal-au-regard-de-la-tva\/\">\n                                            <img decoding=\"async\" width=\"600\" height=\"400\" src=\"https:\/\/www.altermes.fr\/wp-content\/uploads\/2025\/07\/Shutterstock_ventededroits.jpg\" class=\"attachment-custom-thumbnail size-custom-thumbnail wp-post-image\" alt=\"\" srcset=\"https:\/\/www.altermes.fr\/wp-content\/uploads\/2025\/07\/Shutterstock_ventededroits.jpg 600w, https:\/\/www.altermes.fr\/wp-content\/uploads\/2025\/07\/Shutterstock_ventededroits-480x320.jpg 480w\" sizes=\"(min-width: 0px) and (max-width: 480px) 480px, (min-width: 481px) 600px, 100vw\">                                        <\/a>\n                                                                        <a href=\"https:\/\/www.altermes.fr\/en\/les-infos-du-jour\/vente-de-droits-de-commercialite-quel-regime-fiscal-au-regard-de-la-tva\/\"><h3>Vente de droits de commercialit\u00e9 : quel r\u00e9gime fiscal au regard de la TVA ?<\/h3><\/a>\n                                    <p class=\"use-case-category\"><a href=\"https:\/\/www.altermes.fr\/en\/weblex-importer-categories\/actualites\/\" rel=\"tag\">Actualit\u00e9s<\/a>, <a href=\"https:\/\/www.altermes.fr\/en\/weblex-importer-categories\/infos-fiscales\/\" rel=\"tag\">Infos Fiscales<\/a><\/p>\n                                    <p class=\"edc-content\">Un professionnel ou une soci\u00e9t\u00e9 peut \u00eatre amen\u00e9 \u00e0 vendre ses droits de commercialit\u00e9 sur des locaux professionnels qui lui appartiennent. Mais quelles sont les r\u00e8gles de TVA applicables dans un...<\/p>                                <\/div>\n                                                                <div class=\"case-study-item weblex-article\">\n                                                                            <a href=\"https:\/\/www.altermes.fr\/en\/les-infos-du-jour\/tva-et-travaux-sur-les-monuments-memoriaux-precisions-utiles\/\">\n                                            <img decoding=\"async\" width=\"600\" height=\"400\" src=\"https:\/\/www.altermes.fr\/wp-content\/uploads\/2025\/07\/Shutterstock_TVAetravaux.jpg\" class=\"attachment-custom-thumbnail size-custom-thumbnail wp-post-image\" alt=\"\" srcset=\"https:\/\/www.altermes.fr\/wp-content\/uploads\/2025\/07\/Shutterstock_TVAetravaux.jpg 600w, https:\/\/www.altermes.fr\/wp-content\/uploads\/2025\/07\/Shutterstock_TVAetravaux-480x320.jpg 480w\" sizes=\"(min-width: 0px) and (max-width: 480px) 480px, (min-width: 481px) 600px, 100vw\">                                        <\/a>\n                                                                        <a href=\"https:\/\/www.altermes.fr\/en\/les-infos-du-jour\/tva-et-travaux-sur-les-monuments-memoriaux-precisions-utiles\/\"><h3>TVA et travaux sur les monuments m\u00e9moriaux : pr\u00e9cisions utiles<\/h3><\/a>\n                                    <p class=\"use-case-category\"><a href=\"https:\/\/www.altermes.fr\/en\/weblex-importer-categories\/actualites\/\" rel=\"tag\">Actualit\u00e9s<\/a>, <a href=\"https:\/\/www.altermes.fr\/en\/weblex-importer-categories\/infos-fiscales\/\" rel=\"tag\">Infos Fiscales<\/a><\/p>\n                                    <p class=\"edc-content\">Les travaux de construction, d'am\u00e9nagement, de r\u00e9paration et d'entretien des monuments, cimeti\u00e8res ou s\u00e9pultures comm\u00e9moratifs des victimes ou morts dans le cadre d\u2019un attentat, effectu\u00e9s pour...<\/p>                                <\/div>\n                                                                <div class=\"case-study-item weblex-article\">\n                                                                            <a href=\"https:\/\/www.altermes.fr\/en\/les-infos-du-jour\/credit-dimpot-haute-valeur-environnementale-une-fois-pas-deux\/\">\n                                            <img decoding=\"async\" width=\"600\" height=\"400\" src=\"https:\/\/www.altermes.fr\/wp-content\/uploads\/2025\/07\/Shutterstock_CIHVEnombre.jpg\" class=\"attachment-custom-thumbnail size-custom-thumbnail wp-post-image\" alt=\"\" srcset=\"https:\/\/www.altermes.fr\/wp-content\/uploads\/2025\/07\/Shutterstock_CIHVEnombre.jpg 600w, https:\/\/www.altermes.fr\/wp-content\/uploads\/2025\/07\/Shutterstock_CIHVEnombre-480x320.jpg 480w\" sizes=\"(min-width: 0px) and (max-width: 480px) 480px, (min-width: 481px) 600px, 100vw\">                                        <\/a>\n                                                                        <a href=\"https:\/\/www.altermes.fr\/en\/les-infos-du-jour\/credit-dimpot-haute-valeur-environnementale-une-fois-pas-deux\/\"><h3>Cr\u00e9dit d\u2019imp\u00f4t \u00ab Haute Valeur Environnementale \u00bb : une fois, pas deux !<\/h3><\/a>\n                                    <p class=\"use-case-category\"><a href=\"https:\/\/www.altermes.fr\/en\/weblex-importer-categories\/actualites\/\" rel=\"tag\">Actualit\u00e9s<\/a>, <a href=\"https:\/\/www.altermes.fr\/en\/weblex-importer-categories\/infos-fiscales\/\" rel=\"tag\">Infos Fiscales<\/a><\/p>\n                                    <p class=\"edc-content\">Prolong\u00e9 jusqu\u2019au 31 d\u00e9cembre 2025, le cr\u00e9dit d\u2019imp\u00f4t \u00ab Haute Valeur Environnementale \u00bb est ouvert, toutes conditions par ailleurs remplies, aux entreprises agricoles qui disposent d\u2019une c...<\/p>                                <\/div>\n                                                                <div class=\"case-study-item weblex-article\">\n                                                                            <a href=\"https:\/\/www.altermes.fr\/en\/les-infos-du-jour\/filieres-des-vins-et-des-alcools-des-obligations-fiscales-allegees\/\">\n                                            <img decoding=\"async\" width=\"600\" height=\"400\" src=\"https:\/\/www.altermes.fr\/wp-content\/uploads\/2025\/07\/Shutterstock_secteurvinsaloccols.jpg\" class=\"attachment-custom-thumbnail size-custom-thumbnail wp-post-image\" alt=\"\" srcset=\"https:\/\/www.altermes.fr\/wp-content\/uploads\/2025\/07\/Shutterstock_secteurvinsaloccols.jpg 600w, https:\/\/www.altermes.fr\/wp-content\/uploads\/2025\/07\/Shutterstock_secteurvinsaloccols-480x320.jpg 480w\" sizes=\"(min-width: 0px) and (max-width: 480px) 480px, (min-width: 481px) 600px, 100vw\">                                        <\/a>\n                                                                        <a href=\"https:\/\/www.altermes.fr\/en\/les-infos-du-jour\/filieres-des-vins-et-des-alcools-des-obligations-fiscales-allegees\/\"><h3>Fili\u00e8res des vins et des alcools : des obligations fiscales \u00ab all\u00e9g\u00e9es \u00bb<\/h3><\/a>\n                                    <p class=\"use-case-category\"><a href=\"https:\/\/www.altermes.fr\/en\/weblex-importer-categories\/actualites\/\" rel=\"tag\">Actualit\u00e9s<\/a>, <a href=\"https:\/\/www.altermes.fr\/en\/weblex-importer-categories\/infos-fiscales\/\" rel=\"tag\">Infos Fiscales<\/a><\/p>\n                                    <p class=\"edc-content\">Chose promise, chose due : les entreprises des fili\u00e8res des vins et des alcools b\u00e9n\u00e9ficient depuis le 1er juillet 2025 d\u2019une simplification de leurs obligations fiscales telle que promise par le ...<\/p>                                <\/div>\n                                                                <div class=\"case-study-item weblex-article\">\n                                                                            <a href=\"https:\/\/www.altermes.fr\/en\/les-infos-du-jour\/exonerations-fiscales-dans-les-qpv-et-les-zfu-te-on-joue-les-prolongations-avec-precisions\/\">\n                                            <img decoding=\"async\" width=\"600\" height=\"400\" src=\"https:\/\/www.altermes.fr\/wp-content\/uploads\/2025\/07\/Shutterstock_ZFUTEQPV.jpg\" class=\"attachment-custom-thumbnail size-custom-thumbnail wp-post-image\" alt=\"\" srcset=\"https:\/\/www.altermes.fr\/wp-content\/uploads\/2025\/07\/Shutterstock_ZFUTEQPV.jpg 600w, https:\/\/www.altermes.fr\/wp-content\/uploads\/2025\/07\/Shutterstock_ZFUTEQPV-480x320.jpg 480w\" sizes=\"(min-width: 0px) and (max-width: 480px) 480px, (min-width: 481px) 600px, 100vw\">                                        <\/a>\n                                                                        <a href=\"https:\/\/www.altermes.fr\/en\/les-infos-du-jour\/exonerations-fiscales-dans-les-qpv-et-les-zfu-te-on-joue-les-prolongations-avec-precisions\/\"><h3>Exon\u00e9rations fiscales dans les QPV et les ZFU-TE : on joue les prolongations\u2026 avec pr\u00e9cisions !<\/h3><\/a>\n                                    <p class=\"use-case-category\"><a href=\"https:\/\/www.altermes.fr\/en\/weblex-importer-categories\/actualites\/\" rel=\"tag\">Actualit\u00e9s<\/a>, <a href=\"https:\/\/www.altermes.fr\/en\/weblex-importer-categories\/infos-fiscales\/\" rel=\"tag\">Infos Fiscales<\/a><\/p>\n                                    <p class=\"edc-content\">La loi de finances pour 2025 a prolong\u00e9 les dispositifs d\u2019exon\u00e9rations fiscales dont b\u00e9n\u00e9ficient les entreprises implant\u00e9es dans les quartiers prioritaires de la politique de la ville (QPV) et ...<\/p>                                <\/div>\n                                                                <div class=\"case-study-item weblex-article\">\n                                                                            <a href=\"https:\/\/www.altermes.fr\/en\/les-infos-du-jour\/tva-une-exoneration-pour-les-cours-de-danse\/\">\n                                            <img decoding=\"async\" width=\"600\" height=\"400\" src=\"https:\/\/www.altermes.fr\/wp-content\/uploads\/2025\/07\/Shutterstock_coursdedansetva.jpg\" class=\"attachment-custom-thumbnail size-custom-thumbnail wp-post-image\" alt=\"\" srcset=\"https:\/\/www.altermes.fr\/wp-content\/uploads\/2025\/07\/Shutterstock_coursdedansetva.jpg 600w, https:\/\/www.altermes.fr\/wp-content\/uploads\/2025\/07\/Shutterstock_coursdedansetva-480x320.jpg 480w\" sizes=\"(min-width: 0px) and (max-width: 480px) 480px, (min-width: 481px) 600px, 100vw\">                                        <\/a>\n                                                                        <a href=\"https:\/\/www.altermes.fr\/en\/les-infos-du-jour\/tva-une-exoneration-pour-les-cours-de-danse\/\"><h3>TVA : une exon\u00e9ration pour les cours de danse ?<\/h3><\/a>\n                                    <p class=\"use-case-category\"><a href=\"https:\/\/www.altermes.fr\/en\/weblex-importer-categories\/actualites\/\" rel=\"tag\">Actualit\u00e9s<\/a>, <a href=\"https:\/\/www.altermes.fr\/en\/weblex-importer-categories\/infos-fiscales\/\" rel=\"tag\">Infos Fiscales<\/a><\/p>\n                                    <p class=\"edc-content\">Comme souvent en mati\u00e8re de TVA, certaines activit\u00e9s b\u00e9n\u00e9ficient d\u2019une exon\u00e9ration. Tel est le cas, sous conditions, des activit\u00e9s d\u2019enseignement sportif, dispens\u00e9es par des personnes physi...<\/p>                                <\/div>\n                                                                <div class=\"case-study-item weblex-article\">\n                                                                            <a href=\"https:\/\/www.altermes.fr\/en\/les-infos-du-jour\/accise-sur-le-gazole-non-routier-du-nouveau-pour-le-secteur-du-transport-guide\/\">\n                                            <img decoding=\"async\" width=\"600\" height=\"400\" src=\"https:\/\/www.altermes.fr\/wp-content\/uploads\/2025\/07\/Shutterstock_conditiontarifreduit.jpg\" class=\"attachment-custom-thumbnail size-custom-thumbnail wp-post-image\" alt=\"\" srcset=\"https:\/\/www.altermes.fr\/wp-content\/uploads\/2025\/07\/Shutterstock_conditiontarifreduit.jpg 600w, https:\/\/www.altermes.fr\/wp-content\/uploads\/2025\/07\/Shutterstock_conditiontarifreduit-480x320.jpg 480w\" sizes=\"(min-width: 0px) and (max-width: 480px) 480px, (min-width: 481px) 600px, 100vw\">                                        <\/a>\n                                                                        <a href=\"https:\/\/www.altermes.fr\/en\/les-infos-du-jour\/accise-sur-le-gazole-non-routier-du-nouveau-pour-le-secteur-du-transport-guide\/\"><h3>Accise sur le gazole non routier : du nouveau pour le secteur du transport guid\u00e9<\/h3><\/a>\n                                    <p class=\"use-case-category\"><a href=\"https:\/\/www.altermes.fr\/en\/weblex-importer-categories\/actualites\/\" rel=\"tag\">Actualit\u00e9s<\/a>, <a href=\"https:\/\/www.altermes.fr\/en\/weblex-importer-categories\/infos-fiscales\/\" rel=\"tag\">Infos Fiscales<\/a><\/p>\n                                    <p class=\"edc-content\">Le secteur du transport guid\u00e9 de personnes et de marchandises b\u00e9n\u00e9ficie d\u2019un tarif r\u00e9duit d\u2019accise sur le gazole non routier, sous r\u00e9serve de respecter certaines conditions qui viennent d\u2019?...<\/p>                                <\/div>\n                                                                <div class=\"case-study-item weblex-article\">\n                                                                            <a href=\"https:\/\/www.altermes.fr\/en\/les-infos-du-jour\/droit-a-deduction-de-la-tva-meme-pour-les-pick-ups\/\">\n                                            <img decoding=\"async\" width=\"600\" height=\"400\" src=\"https:\/\/www.altermes.fr\/wp-content\/uploads\/2025\/07\/Shutterstock_TVAetpickups.jpg\" class=\"attachment-custom-thumbnail size-custom-thumbnail wp-post-image\" alt=\"\" srcset=\"https:\/\/www.altermes.fr\/wp-content\/uploads\/2025\/07\/Shutterstock_TVAetpickups.jpg 600w, https:\/\/www.altermes.fr\/wp-content\/uploads\/2025\/07\/Shutterstock_TVAetpickups-480x320.jpg 480w\" sizes=\"(min-width: 0px) and (max-width: 480px) 480px, (min-width: 481px) 600px, 100vw\">                                        <\/a>\n                                                                        <a href=\"https:\/\/www.altermes.fr\/en\/les-infos-du-jour\/droit-a-deduction-de-la-tva-meme-pour-les-pick-ups\/\"><h3>Droit \u00e0 d\u00e9duction de la TVA : m\u00eame pour les pick-ups ?<\/h3><\/a>\n                                    <p class=\"use-case-category\"><a href=\"https:\/\/www.altermes.fr\/en\/weblex-importer-categories\/actualites\/\" rel=\"tag\">Actualit\u00e9s<\/a>, <a href=\"https:\/\/www.altermes.fr\/en\/weblex-importer-categories\/infos-fiscales\/\" rel=\"tag\">Infos Fiscales<\/a><\/p>\n                                    <p class=\"edc-content\">Sauf exceptions, les v\u00e9hicules con\u00e7us pour transporter des marchandises, tels que les v\u00e9hicules utilitaires, ouvrent droit \u00e0 d\u00e9duction de la TVA. Mais qu\u2019en est-il pour les pick-ups, v\u00e9hicules...<\/p>                                <\/div>\n                                                                <div class=\"case-study-item weblex-article\">\n                                                                            <a href=\"https:\/\/www.altermes.fr\/en\/les-infos-du-jour\/circulation-des-alcools-et-tabacs-en-route-vers-la-simplification\/\">\n                                            <img decoding=\"async\" width=\"600\" height=\"400\" src=\"https:\/\/www.altermes.fr\/wp-content\/uploads\/2025\/07\/Shutterstock_circulationalcoolstabacs2028129.jpg\" class=\"attachment-custom-thumbnail size-custom-thumbnail wp-post-image\" alt=\"\" srcset=\"https:\/\/www.altermes.fr\/wp-content\/uploads\/2025\/07\/Shutterstock_circulationalcoolstabacs2028129.jpg 600w, https:\/\/www.altermes.fr\/wp-content\/uploads\/2025\/07\/Shutterstock_circulationalcoolstabacs2028129-480x320.jpg 480w\" sizes=\"(min-width: 0px) and (max-width: 480px) 480px, (min-width: 481px) 600px, 100vw\">                                        <\/a>\n                                                                        <a href=\"https:\/\/www.altermes.fr\/en\/les-infos-du-jour\/circulation-des-alcools-et-tabacs-en-route-vers-la-simplification\/\"><h3>Circulation des alcools et tabacs : en route vers la simplification !<\/h3><\/a>\n                                    <p class=\"use-case-category\"><a href=\"https:\/\/www.altermes.fr\/en\/weblex-importer-categories\/actualites\/\" rel=\"tag\">Actualit\u00e9s<\/a>, <a href=\"https:\/\/www.altermes.fr\/en\/weblex-importer-categories\/infos-fiscales\/\" rel=\"tag\">Infos Fiscales<\/a><\/p>\n                                    <p class=\"edc-content\">La circulation des alcools et des tabacs en m\u00e9tropole et dans certains territoires ultramarins est, toutes conditions remplies, soumise au paiement de droits d\u2019accise. Le paiement de ces droits doi...<\/p>                                <\/div>\n                                                                <div class=\"case-study-item weblex-article\">\n                                                                            <a href=\"https:\/\/www.altermes.fr\/en\/les-infos-du-jour\/vehicules-a-faible-empreinte-carbone-ca-se-precise\/\">\n                                            <img decoding=\"async\" width=\"600\" height=\"400\" src=\"https:\/\/www.altermes.fr\/wp-content\/uploads\/2025\/07\/Shutterstock_vehiculesafaibleempreinte.jpg\" class=\"attachment-custom-thumbnail size-custom-thumbnail wp-post-image\" alt=\"\" srcset=\"https:\/\/www.altermes.fr\/wp-content\/uploads\/2025\/07\/Shutterstock_vehiculesafaibleempreinte.jpg 600w, https:\/\/www.altermes.fr\/wp-content\/uploads\/2025\/07\/Shutterstock_vehiculesafaibleempreinte-480x320.jpg 480w\" sizes=\"(min-width: 0px) and (max-width: 480px) 480px, (min-width: 481px) 600px, 100vw\">                                        <\/a>\n                                                                        <a href=\"https:\/\/www.altermes.fr\/en\/les-infos-du-jour\/vehicules-a-faible-empreinte-carbone-ca-se-precise\/\"><h3>V\u00e9hicules \u00e0 faible empreinte carbone : \u00e7a se pr\u00e9cise !<\/h3><\/a>\n                                    <p class=\"use-case-category\"><a href=\"https:\/\/www.altermes.fr\/en\/weblex-importer-categories\/actualites\/\" rel=\"tag\">Actualit\u00e9s<\/a>, <a href=\"https:\/\/www.altermes.fr\/en\/weblex-importer-categories\/infos-fiscales\/\" rel=\"tag\">Infos Fiscales<\/a><\/p>\n                                    <p class=\"edc-content\">Pour l\u2019application de la taxe incitative relative \u00e0 l\u2019acquisition de v\u00e9hicules l\u00e9gers \u00e0 faibles \u00e9missions et de la taxe sur la masse en ordre de marche des v\u00e9hicules de tourisme, les caract?...<\/p>                                <\/div>\n                                                                <div class=\"case-study-item weblex-article\">\n                                                                            <a href=\"https:\/\/www.altermes.fr\/en\/les-infos-du-jour\/delais-de-paiement-en-faveur-de-mayotte-un-report-de-date-reporte\/\">\n                                            <img decoding=\"async\" width=\"600\" height=\"400\" src=\"https:\/\/www.altermes.fr\/wp-content\/uploads\/2025\/07\/Shutterstock_reportechangesmayotte.jpg\" class=\"attachment-custom-thumbnail size-custom-thumbnail wp-post-image\" alt=\"\" srcset=\"https:\/\/www.altermes.fr\/wp-content\/uploads\/2025\/07\/Shutterstock_reportechangesmayotte.jpg 600w, https:\/\/www.altermes.fr\/wp-content\/uploads\/2025\/07\/Shutterstock_reportechangesmayotte-480x320.jpg 480w\" sizes=\"(min-width: 0px) and (max-width: 480px) 480px, (min-width: 481px) 600px, 100vw\">                                        <\/a>\n                                                                        <a href=\"https:\/\/www.altermes.fr\/en\/les-infos-du-jour\/delais-de-paiement-en-faveur-de-mayotte-un-report-de-date-reporte\/\"><h3>D\u00e9lais de paiement en faveur de Mayotte : un report de date report\u00e9 !<\/h3><\/a>\n                                    <p class=\"use-case-category\"><a href=\"https:\/\/www.altermes.fr\/en\/weblex-importer-categories\/actualites\/\" rel=\"tag\">Actualit\u00e9s<\/a>, <a href=\"https:\/\/www.altermes.fr\/en\/weblex-importer-categories\/infos-fiscales\/\" rel=\"tag\">Infos Fiscales<\/a><\/p>\n                                    <p class=\"edc-content\">Pour rappel, afin d\u2019aider Mayotte \u00e0 se reconstruire apr\u00e8s le cyclone Chido, une loi d\u2019urgence a \u00e9t\u00e9 vot\u00e9e le 24 f\u00e9vrier 2025. Cette loi contient diff\u00e9rents assouplissements r\u00e9glementaires ...<\/p>                                <\/div>\n                                                                <div class=\"case-study-item weblex-article\">\n                                                                            <a href=\"https:\/\/www.altermes.fr\/en\/les-infos-du-jour\/declaration-de-tva-un-nouveau-formulaire-bientot-disponible\/\">\n                                            <img decoding=\"async\" width=\"600\" height=\"400\" src=\"https:\/\/www.altermes.fr\/wp-content\/uploads\/2025\/07\/Shutterstock_declarationtva2028129.jpg\" class=\"attachment-custom-thumbnail size-custom-thumbnail wp-post-image\" alt=\"\" srcset=\"https:\/\/www.altermes.fr\/wp-content\/uploads\/2025\/07\/Shutterstock_declarationtva2028129.jpg 600w, https:\/\/www.altermes.fr\/wp-content\/uploads\/2025\/07\/Shutterstock_declarationtva2028129-480x320.jpg 480w\" sizes=\"(min-width: 0px) and (max-width: 480px) 480px, (min-width: 481px) 600px, 100vw\">                                        <\/a>\n                                                                        <a href=\"https:\/\/www.altermes.fr\/en\/les-infos-du-jour\/declaration-de-tva-un-nouveau-formulaire-bientot-disponible\/\"><h3>D\u00e9claration de TVA : un nouveau formulaire bient\u00f4t disponible ?<\/h3><\/a>\n                                    <p class=\"use-case-category\"><a href=\"https:\/\/www.altermes.fr\/en\/weblex-importer-categories\/actualites\/\" rel=\"tag\">Actualit\u00e9s<\/a>, <a href=\"https:\/\/www.altermes.fr\/en\/weblex-importer-categories\/infos-fiscales\/\" rel=\"tag\">Infos Fiscales<\/a><\/p>\n                                    <p class=\"edc-content\">Suite \u00e0 des modifications apport\u00e9es par les lois de finances pour 2025, la nouvelle version de la d\u00e9claration de TVA CA3 est d\u00e9cal\u00e9e au 7 juillet 2025. Les entreprises concern\u00e9es sont invit\u00e9es ...<\/p>                                <\/div>\n                                                                <div class=\"case-study-item weblex-article\">\n                                                                            <a href=\"https:\/\/www.altermes.fr\/en\/les-infos-du-jour\/impositions-sur-les-biens-et-les-services-quelques-precisions-utiles\/\">\n                                            <img decoding=\"async\" width=\"600\" height=\"400\" src=\"https:\/\/www.altermes.fr\/wp-content\/uploads\/2025\/07\/Shutterstock_precisionsimpositions_0.jpg\" class=\"attachment-custom-thumbnail size-custom-thumbnail wp-post-image\" alt=\"\" srcset=\"https:\/\/www.altermes.fr\/wp-content\/uploads\/2025\/07\/Shutterstock_precisionsimpositions_0.jpg 600w, https:\/\/www.altermes.fr\/wp-content\/uploads\/2025\/07\/Shutterstock_precisionsimpositions_0-480x320.jpg 480w\" sizes=\"(min-width: 0px) and (max-width: 480px) 480px, (min-width: 481px) 600px, 100vw\">                                        <\/a>\n                                                                        <a href=\"https:\/\/www.altermes.fr\/en\/les-infos-du-jour\/impositions-sur-les-biens-et-les-services-quelques-precisions-utiles\/\"><h3>Impositions sur les biens et les services : quelques pr\u00e9cisions utiles !<\/h3><\/a>\n                                    <p class=\"use-case-category\"><a href=\"https:\/\/www.altermes.fr\/en\/weblex-importer-categories\/actualites\/\" rel=\"tag\">Actualit\u00e9s<\/a>, <a href=\"https:\/\/www.altermes.fr\/en\/weblex-importer-categories\/infos-fiscales\/\" rel=\"tag\">Infos Fiscales<\/a><\/p>\n                                    <p class=\"edc-content\">La loi de finances pour 2025 a cr\u00e9\u00e9 une taxe annuelle incitative relative \u00e0 l\u2019acquisition de v\u00e9hicules l\u00e9gers \u00e0 faibles \u00e9mission, revisit\u00e9 la taxe sur le transport a\u00e9rien de passager, assou...<\/p>                                <\/div>\n                                                    <\/div>\n                <\/div>\n                            <input type=\"radio\" name=\"tabs\" id=\"tab2\" >\n                <label for=\"tab2\">Infos juridiques<\/label>\n                <div class=\"tab\">\n                    <div class=\"case-study-grid\">\n                                                        <div class=\"case-study-item weblex-article\">\n                                                                            <a href=\"https:\/\/www.altermes.fr\/en\/les-infos-du-jour\/installation-dun-defibrillateur-de-plus-en-plus-derp-concernes\/\">\n                                            <img decoding=\"async\" width=\"600\" height=\"400\" src=\"https:\/\/www.altermes.fr\/wp-content\/uploads\/2025\/12\/Shutterstock_defibrillateurERP.jpg\" class=\"attachment-custom-thumbnail size-custom-thumbnail wp-post-image\" alt=\"\" srcset=\"https:\/\/www.altermes.fr\/wp-content\/uploads\/2025\/12\/Shutterstock_defibrillateurERP.jpg 600w, https:\/\/www.altermes.fr\/wp-content\/uploads\/2025\/12\/Shutterstock_defibrillateurERP-480x320.jpg 480w\" sizes=\"(min-width: 0px) and (max-width: 480px) 480px, (min-width: 481px) 600px, 100vw\">                                        <\/a>\n                                                                        <a href=\"https:\/\/www.altermes.fr\/en\/les-infos-du-jour\/installation-dun-defibrillateur-de-plus-en-plus-derp-concernes\/\"><h3>Installation d\u2019un d\u00e9fibrillateur : de plus en plus d\u2019ERP concern\u00e9s<\/h3><\/a>\n                                    <p class=\"use-case-category\"><a href=\"https:\/\/www.altermes.fr\/en\/weblex-importer-categories\/actualites\/\" rel=\"tag\">Actualit\u00e9s<\/a>, <a href=\"https:\/\/www.altermes.fr\/en\/weblex-importer-categories\/infos-juridiques\/\" rel=\"tag\">Infos juridiques<\/a><\/p>\n                                    <p class=\"edc-content\">Afin de garantir une r\u00e9ponse rapide en cas de situation de risques m\u00e9dicaux graves, de plus en plus d\u2019\u00e9tablissements recevant du public (ERP) se voient dans l\u2019obligation de s\u2019\u00e9quiper de d\u00e9f...<\/p>                                <\/div>\n                                                                <div class=\"case-study-item weblex-article\">\n                                                                            <a href=\"https:\/\/www.altermes.fr\/en\/les-infos-du-jour\/professionnels-de-sante-une-experience-requise-pour-le-travail-en-interim\/\">\n                                            <img decoding=\"async\" width=\"600\" height=\"400\" src=\"https:\/\/www.altermes.fr\/wp-content\/uploads\/2025\/12\/Shutterstock_professionnelssante.jpg\" class=\"attachment-custom-thumbnail size-custom-thumbnail wp-post-image\" alt=\"\" srcset=\"https:\/\/www.altermes.fr\/wp-content\/uploads\/2025\/12\/Shutterstock_professionnelssante.jpg 600w, https:\/\/www.altermes.fr\/wp-content\/uploads\/2025\/12\/Shutterstock_professionnelssante-480x320.jpg 480w\" sizes=\"(min-width: 0px) and (max-width: 480px) 480px, (min-width: 481px) 600px, 100vw\">                                        <\/a>\n                                                                        <a href=\"https:\/\/www.altermes.fr\/en\/les-infos-du-jour\/professionnels-de-sante-une-experience-requise-pour-le-travail-en-interim\/\"><h3>Professionnels de sant\u00e9 : une exp\u00e9rience requise pour le travail en int\u00e9rim<\/h3><\/a>\n                                    <p class=\"use-case-category\"><a href=\"https:\/\/www.altermes.fr\/en\/weblex-importer-categories\/actualites\/\" rel=\"tag\">Actualit\u00e9s<\/a>, <a href=\"https:\/\/www.altermes.fr\/en\/weblex-importer-categories\/infos-juridiques\/\" rel=\"tag\">Infos juridiques<\/a><\/p>\n                                    <p class=\"edc-content\">En 2023, la loi visant \u00e0 am\u00e9liorer l\u2019acc\u00e8s aux soins par l\u2019engagement territorial des professionnels pr\u00e9voyait une limitation au recours \u00e0 des professionnels de sant\u00e9 peu exp\u00e9riment\u00e9s dans...<\/p>                                <\/div>\n                                                                <div class=\"case-study-item weblex-article\">\n                                                                            <a href=\"https:\/\/www.altermes.fr\/en\/les-infos-du-jour\/avocats-fin-de-dispense-pour-le-conseil-national-des-barreaux\/\">\n                                            <img decoding=\"async\" width=\"600\" height=\"400\" src=\"https:\/\/www.altermes.fr\/wp-content\/uploads\/2025\/12\/Shutterstock_donneesavocats.jpg\" class=\"attachment-custom-thumbnail size-custom-thumbnail wp-post-image\" alt=\"\" srcset=\"https:\/\/www.altermes.fr\/wp-content\/uploads\/2025\/12\/Shutterstock_donneesavocats.jpg 600w, https:\/\/www.altermes.fr\/wp-content\/uploads\/2025\/12\/Shutterstock_donneesavocats-480x320.jpg 480w\" sizes=\"(min-width: 0px) and (max-width: 480px) 480px, (min-width: 481px) 600px, 100vw\">                                        <\/a>\n                                                                        <a href=\"https:\/\/www.altermes.fr\/en\/les-infos-du-jour\/avocats-fin-de-dispense-pour-le-conseil-national-des-barreaux\/\"><h3>Avocats : fin de dispense pour le Conseil national des barreaux<\/h3><\/a>\n                                    <p class=\"use-case-category\"><a href=\"https:\/\/www.altermes.fr\/en\/weblex-importer-categories\/actualites\/\" rel=\"tag\">Actualit\u00e9s<\/a>, <a href=\"https:\/\/www.altermes.fr\/en\/weblex-importer-categories\/infos-juridiques\/\" rel=\"tag\">Infos juridiques<\/a><\/p>\n                                    <p class=\"edc-content\">Les instances repr\u00e9sentatives de plusieurs professions du secteur de la justice ont pour obligation de mettre \u00e0 la disposition du minist\u00e8re charg\u00e9 de la justice et de l\u2019Autorit\u00e9 de la concurren...<\/p>                                <\/div>\n                                                                <div class=\"case-study-item weblex-article\">\n                                                                            <a href=\"https:\/\/www.altermes.fr\/en\/les-infos-du-jour\/loi-de-simplification-de-lurbanisme-du-nouveau-pour-la-solarisation-des-parkings\/\">\n                                            <img decoding=\"async\" width=\"600\" height=\"400\" src=\"https:\/\/www.altermes.fr\/wp-content\/uploads\/2025\/12\/Shutterstock_loisimplificationurba.jpg\" class=\"attachment-custom-thumbnail size-custom-thumbnail wp-post-image\" alt=\"\" srcset=\"https:\/\/www.altermes.fr\/wp-content\/uploads\/2025\/12\/Shutterstock_loisimplificationurba.jpg 600w, https:\/\/www.altermes.fr\/wp-content\/uploads\/2025\/12\/Shutterstock_loisimplificationurba-480x320.jpg 480w\" sizes=\"(min-width: 0px) and (max-width: 480px) 480px, (min-width: 481px) 600px, 100vw\">                                        <\/a>\n                                                                        <a href=\"https:\/\/www.altermes.fr\/en\/les-infos-du-jour\/loi-de-simplification-de-lurbanisme-du-nouveau-pour-la-solarisation-des-parkings\/\"><h3>Loi de simplification de l\u2019urbanisme : du nouveau pour la solarisation des parkings !<\/h3><\/a>\n                                    <p class=\"use-case-category\"><a href=\"https:\/\/www.altermes.fr\/en\/weblex-importer-categories\/actualites\/\" rel=\"tag\">Actualit\u00e9s<\/a>, <a href=\"https:\/\/www.altermes.fr\/en\/weblex-importer-categories\/infos-juridiques\/\" rel=\"tag\">Infos juridiques<\/a><\/p>\n                                    <p class=\"edc-content\">Afin de soutenir les op\u00e9rations d\u2019am\u00e9nagements et d\u2019urbanisme, l\u2019\u00c9tat entend lever les obstacles juridiques qui peuvent alourdir les projets. Parmi les sujets abord\u00e9s se trouve celui de la s...<\/p>                                <\/div>\n                                                                <div class=\"case-study-item weblex-article\">\n                                                                            <a href=\"https:\/\/www.altermes.fr\/en\/les-infos-du-jour\/icpe-declarer-les-accidents-directement-en-ligne\/\">\n                                            <img decoding=\"async\" width=\"600\" height=\"400\" src=\"https:\/\/www.altermes.fr\/wp-content\/uploads\/2025\/12\/Shutterstock_ICPEdeclarationligne.jpg\" class=\"attachment-custom-thumbnail size-custom-thumbnail wp-post-image\" alt=\"\" srcset=\"https:\/\/www.altermes.fr\/wp-content\/uploads\/2025\/12\/Shutterstock_ICPEdeclarationligne.jpg 600w, https:\/\/www.altermes.fr\/wp-content\/uploads\/2025\/12\/Shutterstock_ICPEdeclarationligne-480x320.jpg 480w\" sizes=\"(min-width: 0px) and (max-width: 480px) 480px, (min-width: 481px) 600px, 100vw\">                                        <\/a>\n                                                                        <a href=\"https:\/\/www.altermes.fr\/en\/les-infos-du-jour\/icpe-declarer-les-accidents-directement-en-ligne\/\"><h3>ICPE : d\u00e9clarer les accidents directement en ligne<\/h3><\/a>\n                                    <p class=\"use-case-category\"><a href=\"https:\/\/www.altermes.fr\/en\/weblex-importer-categories\/actualites\/\" rel=\"tag\">Actualit\u00e9s<\/a>, <a href=\"https:\/\/www.altermes.fr\/en\/weblex-importer-categories\/infos-juridiques\/\" rel=\"tag\">Infos juridiques<\/a><\/p>\n                                    <p class=\"edc-content\">Parce qu\u2019elles peuvent entra\u00eener des cons\u00e9quences dramatiques en cas d\u2019accidents ou d\u2019incidents, les installations class\u00e9es pour la protection de l'environnement (ICPE) ont l\u2019obligation de ...<\/p>                                <\/div>\n                                                                <div class=\"case-study-item weblex-article\">\n                                                                            <a href=\"https:\/\/www.altermes.fr\/en\/les-infos-du-jour\/peche-de-loisir-un-cadre-pour-les-pecheurs-amateurs\/\">\n                                            <img decoding=\"async\" width=\"600\" height=\"400\" src=\"https:\/\/www.altermes.fr\/wp-content\/uploads\/2025\/12\/Shutterstock_pechedeloisir.jpg\" class=\"attachment-custom-thumbnail size-custom-thumbnail wp-post-image\" alt=\"\" srcset=\"https:\/\/www.altermes.fr\/wp-content\/uploads\/2025\/12\/Shutterstock_pechedeloisir.jpg 600w, https:\/\/www.altermes.fr\/wp-content\/uploads\/2025\/12\/Shutterstock_pechedeloisir-480x320.jpg 480w\" sizes=\"(min-width: 0px) and (max-width: 480px) 480px, (min-width: 481px) 600px, 100vw\">                                        <\/a>\n                                                                        <a href=\"https:\/\/www.altermes.fr\/en\/les-infos-du-jour\/peche-de-loisir-un-cadre-pour-les-pecheurs-amateurs\/\"><h3>P\u00eache de loisir : un cadre pour les p\u00eacheurs amateurs<\/h3><\/a>\n                                    <p class=\"use-case-category\"><a href=\"https:\/\/www.altermes.fr\/en\/weblex-importer-categories\/actualites\/\" rel=\"tag\">Actualit\u00e9s<\/a>, <a href=\"https:\/\/www.altermes.fr\/en\/weblex-importer-categories\/infos-juridiques\/\" rel=\"tag\">Infos juridiques<\/a><\/p>\n                                    <p class=\"edc-content\">La pratique de la p\u00eache en tant que loisir n\u2019exon\u00e8re pas les p\u00eacheurs du respect de certaines obligations relatives \u00e0 la protection des environnements marins, qui viennent d\u2019\u00eatre mises \u00e0 jou...<\/p>                                <\/div>\n                                                                <div class=\"case-study-item weblex-article\">\n                                                                            <a href=\"https:\/\/www.altermes.fr\/en\/les-infos-du-jour\/cloud-et-frais-de-transfert-de-donnees-on-en-sait-plus\/\">\n                                            <img decoding=\"async\" width=\"600\" height=\"400\" src=\"https:\/\/www.altermes.fr\/wp-content\/uploads\/2025\/12\/Shutterstock_encadrementtransfertcloud.jpg\" class=\"attachment-custom-thumbnail size-custom-thumbnail wp-post-image\" alt=\"\" srcset=\"https:\/\/www.altermes.fr\/wp-content\/uploads\/2025\/12\/Shutterstock_encadrementtransfertcloud.jpg 600w, https:\/\/www.altermes.fr\/wp-content\/uploads\/2025\/12\/Shutterstock_encadrementtransfertcloud-480x320.jpg 480w\" sizes=\"(min-width: 0px) and (max-width: 480px) 480px, (min-width: 481px) 600px, 100vw\">                                        <\/a>\n                                                                        <a href=\"https:\/\/www.altermes.fr\/en\/les-infos-du-jour\/cloud-et-frais-de-transfert-de-donnees-on-en-sait-plus\/\"><h3>Cloud et frais de transfert de donn\u00e9es : on en sait plus !<\/h3><\/a>\n                                    <p class=\"use-case-category\"><a href=\"https:\/\/www.altermes.fr\/en\/weblex-importer-categories\/actualites\/\" rel=\"tag\">Actualit\u00e9s<\/a>, <a href=\"https:\/\/www.altermes.fr\/en\/weblex-importer-categories\/infos-juridiques\/\" rel=\"tag\">Infos juridiques<\/a><\/p>\n                                    <p class=\"edc-content\">Au printemps 2024, la loi visant \u00e0 s\u00e9curiser et \u00e0 r\u00e9guler l\u2019espace num\u00e9rique, dite \u00ab SREN \u00bb, a pos\u00e9 un certain nombre de r\u00e8gles g\u00e9n\u00e9rales dont les modalit\u00e9s d\u2019application restaient \u00e0 ...<\/p>                                <\/div>\n                                                                <div class=\"case-study-item weblex-article\">\n                                                                            <a href=\"https:\/\/www.altermes.fr\/en\/les-infos-du-jour\/immatriculation-provisoire-des-vehicules-des-plaques-identifiables\/\">\n                                            <img decoding=\"async\" width=\"600\" height=\"400\" src=\"https:\/\/www.altermes.fr\/wp-content\/uploads\/2025\/12\/Shutterstock_plaquesimmatriculations.jpg\" class=\"attachment-custom-thumbnail size-custom-thumbnail wp-post-image\" alt=\"\" srcset=\"https:\/\/www.altermes.fr\/wp-content\/uploads\/2025\/12\/Shutterstock_plaquesimmatriculations.jpg 600w, https:\/\/www.altermes.fr\/wp-content\/uploads\/2025\/12\/Shutterstock_plaquesimmatriculations-480x320.jpg 480w\" sizes=\"(min-width: 0px) and (max-width: 480px) 480px, (min-width: 481px) 600px, 100vw\">                                        <\/a>\n                                                                        <a href=\"https:\/\/www.altermes.fr\/en\/les-infos-du-jour\/immatriculation-provisoire-des-vehicules-des-plaques-identifiables\/\"><h3>Immatriculation provisoire des v\u00e9hicules : des plaques identifiables !<\/h3><\/a>\n                                    <p class=\"use-case-category\"><a href=\"https:\/\/www.altermes.fr\/en\/weblex-importer-categories\/actualites\/\" rel=\"tag\">Actualit\u00e9s<\/a>, <a href=\"https:\/\/www.altermes.fr\/en\/weblex-importer-categories\/infos-juridiques\/\" rel=\"tag\">Infos juridiques<\/a><\/p>\n                                    <p class=\"edc-content\">Sauf exception, les plaques d\u2019immatriculation des v\u00e9hicules en circulation ont un fond blanc. \u00c0 partir du 1er janvier 2026, des plaques roses feront leur apparition sur les routes. Dans quels cas ...<\/p>                                <\/div>\n                                                                <div class=\"case-study-item weblex-article\">\n                                                                            <a href=\"https:\/\/www.altermes.fr\/en\/les-infos-du-jour\/activite-de-formation-en-micro-entreprise-une-micro-formalite\/\">\n                                            <img decoding=\"async\" width=\"600\" height=\"400\" src=\"https:\/\/www.altermes.fr\/wp-content\/uploads\/2025\/12\/Shutterstock_presentationactivite.jpg\" class=\"attachment-custom-thumbnail size-custom-thumbnail wp-post-image\" alt=\"\" srcset=\"https:\/\/www.altermes.fr\/wp-content\/uploads\/2025\/12\/Shutterstock_presentationactivite.jpg 600w, https:\/\/www.altermes.fr\/wp-content\/uploads\/2025\/12\/Shutterstock_presentationactivite-480x320.jpg 480w\" sizes=\"(min-width: 0px) and (max-width: 480px) 480px, (min-width: 481px) 600px, 100vw\">                                        <\/a>\n                                                                        <a href=\"https:\/\/www.altermes.fr\/en\/les-infos-du-jour\/activite-de-formation-en-micro-entreprise-une-micro-formalite\/\"><h3>Activit\u00e9 de formation en micro-entreprise : une micro-formalit\u00e9 ?<\/h3><\/a>\n                                    <p class=\"use-case-category\"><a href=\"https:\/\/www.altermes.fr\/en\/weblex-importer-categories\/actualites\/\" rel=\"tag\">Actualit\u00e9s<\/a>, <a href=\"https:\/\/www.altermes.fr\/en\/weblex-importer-categories\/infos-juridiques\/\" rel=\"tag\">Infos juridiques<\/a><\/p>\n                                    <p class=\"edc-content\">Pour rappel, les organismes de formation doivent d\u00e9poser aupr\u00e8s des pouvoirs publics une d\u00e9claration d\u2019activit\u00e9 d\u00e8s la conclusion de la 1re convention ou du 1er contrat de formation professionn...<\/p>                                <\/div>\n                                                                <div class=\"case-study-item weblex-article\">\n                                                                            <a href=\"https:\/\/www.altermes.fr\/en\/les-infos-du-jour\/canne-a-sucre-quelle-enveloppe-daides-pour-les-recoltes-2025\/\">\n                                            <img decoding=\"async\" width=\"600\" height=\"400\" src=\"https:\/\/www.altermes.fr\/wp-content\/uploads\/2025\/12\/Shutterstock_agriculturecanneasucre.jpg\" class=\"attachment-custom-thumbnail size-custom-thumbnail wp-post-image\" alt=\"\" srcset=\"https:\/\/www.altermes.fr\/wp-content\/uploads\/2025\/12\/Shutterstock_agriculturecanneasucre.jpg 600w, https:\/\/www.altermes.fr\/wp-content\/uploads\/2025\/12\/Shutterstock_agriculturecanneasucre-480x320.jpg 480w\" sizes=\"(min-width: 0px) and (max-width: 480px) 480px, (min-width: 481px) 600px, 100vw\">                                        <\/a>\n                                                                        <a href=\"https:\/\/www.altermes.fr\/en\/les-infos-du-jour\/canne-a-sucre-quelle-enveloppe-daides-pour-les-recoltes-2025\/\"><h3>Canne \u00e0 sucre : quelle enveloppe d\u2019aides pour les r\u00e9coltes 2025 ?<\/h3><\/a>\n                                    <p class=\"use-case-category\"><a href=\"https:\/\/www.altermes.fr\/en\/weblex-importer-categories\/actualites\/\" rel=\"tag\">Actualit\u00e9s<\/a>, <a href=\"https:\/\/www.altermes.fr\/en\/weblex-importer-categories\/infos-juridiques\/\" rel=\"tag\">Infos juridiques<\/a><\/p>\n                                    <p class=\"edc-content\">Pour rappel, une aide financi\u00e8re a \u00e9t\u00e9 mise en place au profit des planteurs de canne \u00e0 sucre de Guadeloupe, de Martinique et de La R\u00e9union afin de compenser les surco\u00fbts li\u00e9s \u00e0 leur situation...<\/p>                                <\/div>\n                                                                <div class=\"case-study-item weblex-article\">\n                                                                            <a href=\"https:\/\/www.altermes.fr\/en\/les-infos-du-jour\/influence-commerciale-le-contrat-est-il-toujours-obligatoire\/\">\n                                            <img decoding=\"async\" width=\"600\" height=\"400\" src=\"https:\/\/www.altermes.fr\/wp-content\/uploads\/2025\/12\/Shutterstock_contratinfluenceur.jpg\" class=\"attachment-custom-thumbnail size-custom-thumbnail wp-post-image\" alt=\"\" srcset=\"https:\/\/www.altermes.fr\/wp-content\/uploads\/2025\/12\/Shutterstock_contratinfluenceur.jpg 600w, https:\/\/www.altermes.fr\/wp-content\/uploads\/2025\/12\/Shutterstock_contratinfluenceur-480x320.jpg 480w\" sizes=\"(min-width: 0px) and (max-width: 480px) 480px, (min-width: 481px) 600px, 100vw\">                                        <\/a>\n                                                                        <a href=\"https:\/\/www.altermes.fr\/en\/les-infos-du-jour\/influence-commerciale-le-contrat-est-il-toujours-obligatoire\/\"><h3>Influence commerciale : le contrat est-il toujours obligatoire ?<\/h3><\/a>\n                                    <p class=\"use-case-category\"><a href=\"https:\/\/www.altermes.fr\/en\/weblex-importer-categories\/actualites\/\" rel=\"tag\">Actualit\u00e9s<\/a>, <a href=\"https:\/\/www.altermes.fr\/en\/weblex-importer-categories\/infos-juridiques\/\" rel=\"tag\">Infos juridiques<\/a><\/p>\n                                    <p class=\"edc-content\">L\u2019activit\u00e9 d\u2019influence commerciale s\u2019est vu imposer un cadre afin de lutter contre ses d\u00e9rives. En 2023, le principe d\u2019un contrat \u00e9crit entre l\u2019influenceur et l\u2019annonceur a \u00e9t\u00e9 d\u00e9cid...<\/p>                                <\/div>\n                                                                <div class=\"case-study-item weblex-article\">\n                                                                            <a href=\"https:\/\/www.altermes.fr\/en\/les-infos-du-jour\/securite-incendie-des-batiments-professionnels-du-nouveau\/\">\n                                            <img decoding=\"async\" width=\"600\" height=\"400\" src=\"https:\/\/www.altermes.fr\/wp-content\/uploads\/2025\/12\/Shutterstock_securiteincendie.jpg\" class=\"attachment-custom-thumbnail size-custom-thumbnail wp-post-image\" alt=\"\" srcset=\"https:\/\/www.altermes.fr\/wp-content\/uploads\/2025\/12\/Shutterstock_securiteincendie.jpg 600w, https:\/\/www.altermes.fr\/wp-content\/uploads\/2025\/12\/Shutterstock_securiteincendie-480x320.jpg 480w\" sizes=\"(min-width: 0px) and (max-width: 480px) 480px, (min-width: 481px) 600px, 100vw\">                                        <\/a>\n                                                                        <a href=\"https:\/\/www.altermes.fr\/en\/les-infos-du-jour\/securite-incendie-des-batiments-professionnels-du-nouveau\/\"><h3>S\u00e9curit\u00e9 incendie des b\u00e2timents professionnels : du nouveau<\/h3><\/a>\n                                    <p class=\"use-case-category\"><a href=\"https:\/\/www.altermes.fr\/en\/weblex-importer-categories\/actualites\/\" rel=\"tag\">Actualit\u00e9s<\/a>, <a href=\"https:\/\/www.altermes.fr\/en\/weblex-importer-categories\/infos-juridiques\/\" rel=\"tag\">Infos juridiques<\/a><\/p>\n                                    <p class=\"edc-content\">La s\u00e9curit\u00e9 incendie est un crit\u00e8re fondamental dans le secteur immobilier et celui du BTP. \u00c0 ce titre, les b\u00e2timents doivent respecter un certain nombre de normes et, pour les \u00e9tablissements re...<\/p>                                <\/div>\n                                                                <div class=\"case-study-item weblex-article\">\n                                                                            <a href=\"https:\/\/www.altermes.fr\/en\/les-infos-du-jour\/commerces-comment-etendre-son-offre-de-produits-sans-emballage\/\">\n                                            <img decoding=\"async\" width=\"600\" height=\"400\" src=\"https:\/\/www.altermes.fr\/wp-content\/uploads\/2025\/12\/Shutterstock_surfacedevente.jpg\" class=\"attachment-custom-thumbnail size-custom-thumbnail wp-post-image\" alt=\"\" srcset=\"https:\/\/www.altermes.fr\/wp-content\/uploads\/2025\/12\/Shutterstock_surfacedevente.jpg 600w, https:\/\/www.altermes.fr\/wp-content\/uploads\/2025\/12\/Shutterstock_surfacedevente-480x320.jpg 480w\" sizes=\"(min-width: 0px) and (max-width: 480px) 480px, (min-width: 481px) 600px, 100vw\">                                        <\/a>\n                                                                        <a href=\"https:\/\/www.altermes.fr\/en\/les-infos-du-jour\/commerces-comment-etendre-son-offre-de-produits-sans-emballage\/\"><h3>Commerces : comment \u00e9tendre son offre de produits sans emballage ?<\/h3><\/a>\n                                    <p class=\"use-case-category\"><a href=\"https:\/\/www.altermes.fr\/en\/weblex-importer-categories\/actualites\/\" rel=\"tag\">Actualit\u00e9s<\/a>, <a href=\"https:\/\/www.altermes.fr\/en\/weblex-importer-categories\/infos-juridiques\/\" rel=\"tag\">Infos juridiques<\/a><\/p>\n                                    <p class=\"edc-content\">Dans une optique de promotion de modes de consommations plus durables, certains commerces vont devoir, \u00e0 l\u2019horizon 2030, consacrer une partie de leur surface de vente \u00e0 la commercialisation de pro...<\/p>                                <\/div>\n                                                                <div class=\"case-study-item weblex-article\">\n                                                                            <a href=\"https:\/\/www.altermes.fr\/en\/les-infos-du-jour\/recyclage-des-navires-la-convention-de-hong-kong-entre-en-vigueur\/\">\n                                            <img decoding=\"async\" width=\"600\" height=\"400\" src=\"https:\/\/www.altermes.fr\/wp-content\/uploads\/2025\/12\/Shutterstock_coventionrecyclagenavire.jpg\" class=\"attachment-custom-thumbnail size-custom-thumbnail wp-post-image\" alt=\"\" srcset=\"https:\/\/www.altermes.fr\/wp-content\/uploads\/2025\/12\/Shutterstock_coventionrecyclagenavire.jpg 600w, https:\/\/www.altermes.fr\/wp-content\/uploads\/2025\/12\/Shutterstock_coventionrecyclagenavire-480x320.jpg 480w\" sizes=\"(min-width: 0px) and (max-width: 480px) 480px, (min-width: 481px) 600px, 100vw\">                                        <\/a>\n                                                                        <a href=\"https:\/\/www.altermes.fr\/en\/les-infos-du-jour\/recyclage-des-navires-la-convention-de-hong-kong-entre-en-vigueur\/\"><h3>Recyclage des navires : la convention de Hong Kong entre en vigueur\u2026<\/h3><\/a>\n                                    <p class=\"use-case-category\"><a href=\"https:\/\/www.altermes.fr\/en\/weblex-importer-categories\/actualites\/\" rel=\"tag\">Actualit\u00e9s<\/a>, <a href=\"https:\/\/www.altermes.fr\/en\/weblex-importer-categories\/infos-juridiques\/\" rel=\"tag\">Infos juridiques<\/a><\/p>\n                                    <p class=\"edc-content\">Au regard du nombre de navires en circulation dans le monde et des mat\u00e9riaux potentiellement dangereux utilis\u00e9s, leur recyclage est une question tr\u00e8s importante tant sur l\u2019aspect environnemental ...<\/p>                                <\/div>\n                                                                <div class=\"case-study-item weblex-article\">\n                                                                            <a href=\"https:\/\/www.altermes.fr\/en\/les-infos-du-jour\/fraudes-aux-aides-publiques-lanah-sorganise\/\">\n                                            <img decoding=\"async\" width=\"600\" height=\"400\" src=\"https:\/\/www.altermes.fr\/wp-content\/uploads\/2025\/12\/Shutterstock_anahfraude.jpg\" class=\"attachment-custom-thumbnail size-custom-thumbnail wp-post-image\" alt=\"\" srcset=\"https:\/\/www.altermes.fr\/wp-content\/uploads\/2025\/12\/Shutterstock_anahfraude.jpg 600w, https:\/\/www.altermes.fr\/wp-content\/uploads\/2025\/12\/Shutterstock_anahfraude-480x320.jpg 480w\" sizes=\"(min-width: 0px) and (max-width: 480px) 480px, (min-width: 481px) 600px, 100vw\">                                        <\/a>\n                                                                        <a href=\"https:\/\/www.altermes.fr\/en\/les-infos-du-jour\/fraudes-aux-aides-publiques-lanah-sorganise\/\"><h3>Fraudes aux aides publiques : l\u2019Anah s\u2019organise<\/h3><\/a>\n                                    <p class=\"use-case-category\"><a href=\"https:\/\/www.altermes.fr\/en\/weblex-importer-categories\/actualites\/\" rel=\"tag\">Actualit\u00e9s<\/a>, <a href=\"https:\/\/www.altermes.fr\/en\/weblex-importer-categories\/infos-juridiques\/\" rel=\"tag\">Infos juridiques<\/a><\/p>\n                                    <p class=\"edc-content\">L\u2019Agence nationale de l\u2019habitat (Anah) a pour mission de contribuer \u00e0 l\u2019am\u00e9lioration de l\u2019habitat priv\u00e9 en France. Pour ce faire, elle a la possibilit\u00e9 d\u2019attribuer plusieurs aides aux po...<\/p>                                <\/div>\n                                                                <div class=\"case-study-item weblex-article\">\n                                                                            <a href=\"https:\/\/www.altermes.fr\/en\/les-infos-du-jour\/casier-judiciaire-et-empreintes-digitales-quelques-nouveautes\/\">\n                                            <img decoding=\"async\" width=\"600\" height=\"400\" src=\"https:\/\/www.altermes.fr\/wp-content\/uploads\/2025\/12\/Shutterstock_empreintesdigitales_0.jpg\" class=\"attachment-custom-thumbnail size-custom-thumbnail wp-post-image\" alt=\"\" srcset=\"https:\/\/www.altermes.fr\/wp-content\/uploads\/2025\/12\/Shutterstock_empreintesdigitales_0.jpg 600w, https:\/\/www.altermes.fr\/wp-content\/uploads\/2025\/12\/Shutterstock_empreintesdigitales_0-480x320.jpg 480w\" sizes=\"(min-width: 0px) and (max-width: 480px) 480px, (min-width: 481px) 600px, 100vw\">                                        <\/a>\n                                                                        <a href=\"https:\/\/www.altermes.fr\/en\/les-infos-du-jour\/casier-judiciaire-et-empreintes-digitales-quelques-nouveautes\/\"><h3>Casier judiciaire et empreintes digitales : quelques nouveaut\u00e9s\u2026<\/h3><\/a>\n                                    <p class=\"use-case-category\"><a href=\"https:\/\/www.altermes.fr\/en\/weblex-importer-categories\/actualites\/\" rel=\"tag\">Actualit\u00e9s<\/a>, <a href=\"https:\/\/www.altermes.fr\/en\/weblex-importer-categories\/infos-juridiques\/\" rel=\"tag\">Infos juridiques<\/a><\/p>\n                                    <p class=\"edc-content\">Dans le cadre de la r\u00e9forme de l\u2019institution judiciaire, les pouvoirs publics ont mis en place un certain nombre de r\u00e8gles en mati\u00e8re p\u00e9nale, issues notamment de la r\u00e9glementation europ\u00e9enne. ...<\/p>                                <\/div>\n                                                                <div class=\"case-study-item weblex-article\">\n                                                                            <a href=\"https:\/\/www.altermes.fr\/en\/les-infos-du-jour\/tuberculose-dans-les-elevages-evolution-des-mesures-de-controle\/\">\n                                            <img decoding=\"async\" width=\"600\" height=\"400\" src=\"https:\/\/www.altermes.fr\/wp-content\/uploads\/2025\/12\/Shutterstock_mycobacteriumtuberculosis.jpg\" class=\"attachment-custom-thumbnail size-custom-thumbnail wp-post-image\" alt=\"\" srcset=\"https:\/\/www.altermes.fr\/wp-content\/uploads\/2025\/12\/Shutterstock_mycobacteriumtuberculosis.jpg 600w, https:\/\/www.altermes.fr\/wp-content\/uploads\/2025\/12\/Shutterstock_mycobacteriumtuberculosis-480x320.jpg 480w\" sizes=\"(min-width: 0px) and (max-width: 480px) 480px, (min-width: 481px) 600px, 100vw\">                                        <\/a>\n                                                                        <a href=\"https:\/\/www.altermes.fr\/en\/les-infos-du-jour\/tuberculose-dans-les-elevages-evolution-des-mesures-de-controle\/\"><h3>Tuberculose dans les \u00e9levages : \u00e9volution des mesures de contr\u00f4le<\/h3><\/a>\n                                    <p class=\"use-case-category\"><a href=\"https:\/\/www.altermes.fr\/en\/weblex-importer-categories\/actualites\/\" rel=\"tag\">Actualit\u00e9s<\/a>, <a href=\"https:\/\/www.altermes.fr\/en\/weblex-importer-categories\/infos-juridiques\/\" rel=\"tag\">Infos juridiques<\/a><\/p>\n                                    <p class=\"edc-content\">La bact\u00e9rie Mycobacterium tuberculosis est la cause de l\u2019apparition de la tuberculose bovine. Une maladie qui peut \u00eatre transmise \u00e0 l\u2019homme et \u00e0 d\u2019autres mammif\u00e8res. \u00c0 ce titre, les mesure...<\/p>                                <\/div>\n                                                                <div class=\"case-study-item weblex-article\">\n                                                                            <a href=\"https:\/\/www.altermes.fr\/en\/les-infos-du-jour\/licence-de-peche-europeenne-rester-actif-pour-conserver-ses-droits\/\">\n                                            <img decoding=\"async\" width=\"600\" height=\"400\" src=\"https:\/\/www.altermes.fr\/wp-content\/uploads\/2025\/12\/Shutterstock_licencereuropeennepeche.jpg\" class=\"attachment-custom-thumbnail size-custom-thumbnail wp-post-image\" alt=\"\" srcset=\"https:\/\/www.altermes.fr\/wp-content\/uploads\/2025\/12\/Shutterstock_licencereuropeennepeche.jpg 600w, https:\/\/www.altermes.fr\/wp-content\/uploads\/2025\/12\/Shutterstock_licencereuropeennepeche-480x320.jpg 480w\" sizes=\"(min-width: 0px) and (max-width: 480px) 480px, (min-width: 481px) 600px, 100vw\">                                        <\/a>\n                                                                        <a href=\"https:\/\/www.altermes.fr\/en\/les-infos-du-jour\/licence-de-peche-europeenne-rester-actif-pour-conserver-ses-droits\/\"><h3>Licence de p\u00eache europ\u00e9enne : rester actif pour conserver ses droits<\/h3><\/a>\n                                    <p class=\"use-case-category\"><a href=\"https:\/\/www.altermes.fr\/en\/weblex-importer-categories\/actualites\/\" rel=\"tag\">Actualit\u00e9s<\/a>, <a href=\"https:\/\/www.altermes.fr\/en\/weblex-importer-categories\/infos-juridiques\/\" rel=\"tag\">Infos juridiques<\/a><\/p>\n                                    <p class=\"edc-content\">Pour exercer une activit\u00e9 commerciale de p\u00eache, tout professionnel doit justifier d\u2019une licence de p\u00eache europ\u00e9enne. Une licence qui ne peut \u00eatre maintenue qu\u2019en justifiant d\u2019une activit\u00e9 ...<\/p>                                <\/div>\n                                                                <div class=\"case-study-item weblex-article\">\n                                                                            <a href=\"https:\/\/www.altermes.fr\/en\/les-infos-du-jour\/activites-liees-aux-animaux-de-compagnie-une-reglementation-partiellement-decalee\/\">\n                                            <img decoding=\"async\" width=\"600\" height=\"400\" src=\"https:\/\/www.altermes.fr\/wp-content\/uploads\/2025\/12\/Shutterstock_reglesanimauxdomestiques.jpg\" class=\"attachment-custom-thumbnail size-custom-thumbnail wp-post-image\" alt=\"\" srcset=\"https:\/\/www.altermes.fr\/wp-content\/uploads\/2025\/12\/Shutterstock_reglesanimauxdomestiques.jpg 600w, https:\/\/www.altermes.fr\/wp-content\/uploads\/2025\/12\/Shutterstock_reglesanimauxdomestiques-480x320.jpg 480w\" sizes=\"(min-width: 0px) and (max-width: 480px) 480px, (min-width: 481px) 600px, 100vw\">                                        <\/a>\n                                                                        <a href=\"https:\/\/www.altermes.fr\/en\/les-infos-du-jour\/activites-liees-aux-animaux-de-compagnie-une-reglementation-partiellement-decalee\/\"><h3>Activit\u00e9s li\u00e9es aux animaux de compagnie : une r\u00e9glementation partiellement d\u00e9cal\u00e9e\u2026<\/h3><\/a>\n                                    <p class=\"use-case-category\"><a href=\"https:\/\/www.altermes.fr\/en\/weblex-importer-categories\/actualites\/\" rel=\"tag\">Actualit\u00e9s<\/a>, <a href=\"https:\/\/www.altermes.fr\/en\/weblex-importer-categories\/infos-juridiques\/\" rel=\"tag\">Infos juridiques<\/a><\/p>\n                                    <p class=\"edc-content\">Pour rappel, \u00e0 l\u2019\u00e9t\u00e9 2025, le Gouvernement a fix\u00e9 un cadre applicable aux activit\u00e9s en lien avec les animaux de compagnie d\u2019esp\u00e8ces domestiques qui traite des questions sanitaires et de bien...<\/p>                                <\/div>\n                                                                <div class=\"case-study-item weblex-article\">\n                                                                            <a href=\"https:\/\/www.altermes.fr\/en\/les-infos-du-jour\/reception-de-vehicule-importe-nouveau-modus-operandi\/\">\n                                            <img decoding=\"async\" width=\"600\" height=\"400\" src=\"https:\/\/www.altermes.fr\/wp-content\/uploads\/2025\/11\/Shutterstock_receptionvehicules.jpg\" class=\"attachment-custom-thumbnail size-custom-thumbnail wp-post-image\" alt=\"\" srcset=\"https:\/\/www.altermes.fr\/wp-content\/uploads\/2025\/11\/Shutterstock_receptionvehicules.jpg 600w, https:\/\/www.altermes.fr\/wp-content\/uploads\/2025\/11\/Shutterstock_receptionvehicules-480x320.jpg 480w\" sizes=\"(min-width: 0px) and (max-width: 480px) 480px, (min-width: 481px) 600px, 100vw\">                                        <\/a>\n                                                                        <a href=\"https:\/\/www.altermes.fr\/en\/les-infos-du-jour\/reception-de-vehicule-importe-nouveau-modus-operandi\/\"><h3>R\u00e9ception de v\u00e9hicule import\u00e9 : nouveau modus operandi<\/h3><\/a>\n                                    <p class=\"use-case-category\"><a href=\"https:\/\/www.altermes.fr\/en\/weblex-importer-categories\/actualites\/\" rel=\"tag\">Actualit\u00e9s<\/a>, <a href=\"https:\/\/www.altermes.fr\/en\/weblex-importer-categories\/infos-juridiques\/\" rel=\"tag\">Infos juridiques<\/a><\/p>\n                                    <p class=\"edc-content\">Avant qu\u2019un v\u00e9hicule puisse \u00eatre immatricul\u00e9, il doit faire l\u2019objet d\u2019une r\u00e9ception, \u00e9galement appel\u00e9e homologation. Il vient d\u2019\u00eatre pr\u00e9cis\u00e9 \u00e0 ce sujet que certains v\u00e9hicules import...<\/p>                                <\/div>\n                                                                <div class=\"case-study-item weblex-article\">\n                                                                            <a href=\"https:\/\/www.altermes.fr\/en\/les-infos-du-jour\/navires-quelques-precisions-en-matiere-dinstallation-de-sanitaires\/\">\n                                            <img decoding=\"async\" width=\"600\" height=\"400\" src=\"https:\/\/www.altermes.fr\/wp-content\/uploads\/2025\/11\/Shutterstock_equipementshygienenavires.jpg\" class=\"attachment-custom-thumbnail size-custom-thumbnail wp-post-image\" alt=\"\" srcset=\"https:\/\/www.altermes.fr\/wp-content\/uploads\/2025\/11\/Shutterstock_equipementshygienenavires.jpg 600w, https:\/\/www.altermes.fr\/wp-content\/uploads\/2025\/11\/Shutterstock_equipementshygienenavires-480x320.jpg 480w\" sizes=\"(min-width: 0px) and (max-width: 480px) 480px, (min-width: 481px) 600px, 100vw\">                                        <\/a>\n                                                                        <a href=\"https:\/\/www.altermes.fr\/en\/les-infos-du-jour\/navires-quelques-precisions-en-matiere-dinstallation-de-sanitaires\/\"><h3>Navires : quelques pr\u00e9cisions en mati\u00e8re d\u2019installation de sanitaires\u2026<\/h3><\/a>\n                                    <p class=\"use-case-category\"><a href=\"https:\/\/www.altermes.fr\/en\/weblex-importer-categories\/actualites\/\" rel=\"tag\">Actualit\u00e9s<\/a>, <a href=\"https:\/\/www.altermes.fr\/en\/weblex-importer-categories\/infos-juridiques\/\" rel=\"tag\">Infos juridiques<\/a><\/p>\n                                    <p class=\"edc-content\">Les navires sont soumis \u00e0 diverses r\u00e8gles visant les questions de s\u00e9curit\u00e9 et de pr\u00e9vention de la pollution. Ces normes traitent \u00e9galement de l\u2019habitabilit\u00e9 des bateaux, en fonction de leur t...<\/p>                                <\/div>\n                                                                <div class=\"case-study-item weblex-article\">\n                                                                            <a href=\"https:\/\/www.altermes.fr\/en\/les-infos-du-jour\/code-de-procedure-penale-une-revue-de-forme\/\">\n                                            <img decoding=\"async\" width=\"600\" height=\"400\" src=\"https:\/\/www.altermes.fr\/wp-content\/uploads\/2025\/11\/Shutterstock_reecriturecpp.jpg\" class=\"attachment-custom-thumbnail size-custom-thumbnail wp-post-image\" alt=\"\" srcset=\"https:\/\/www.altermes.fr\/wp-content\/uploads\/2025\/11\/Shutterstock_reecriturecpp.jpg 600w, https:\/\/www.altermes.fr\/wp-content\/uploads\/2025\/11\/Shutterstock_reecriturecpp-480x320.jpg 480w\" sizes=\"(min-width: 0px) and (max-width: 480px) 480px, (min-width: 481px) 600px, 100vw\">                                        <\/a>\n                                                                        <a href=\"https:\/\/www.altermes.fr\/en\/les-infos-du-jour\/code-de-procedure-penale-une-revue-de-forme\/\"><h3>Code de proc\u00e9dure p\u00e9nale : une revue de forme<\/h3><\/a>\n                                    <p class=\"use-case-category\"><a href=\"https:\/\/www.altermes.fr\/en\/weblex-importer-categories\/actualites\/\" rel=\"tag\">Actualit\u00e9s<\/a>, <a href=\"https:\/\/www.altermes.fr\/en\/weblex-importer-categories\/infos-juridiques\/\" rel=\"tag\">Infos juridiques<\/a><\/p>\n                                    <p class=\"edc-content\">Cr\u00e9\u00e9 en 1958, le Code de proc\u00e9dure p\u00e9nale a depuis connu de nombreux ajouts et modifications qui ont, au fil des ans, nui \u00e0 sa lisibilit\u00e9. Une refonte en est propos\u00e9e afin de le rendre plus acc...<\/p>                                <\/div>\n                                                                <div class=\"case-study-item weblex-article\">\n                                                                            <a href=\"https:\/\/www.altermes.fr\/en\/les-infos-du-jour\/icpe-nouvelles-installations-pour-les-chais\/\">\n                                            <img decoding=\"async\" width=\"600\" height=\"400\" src=\"https:\/\/www.altermes.fr\/wp-content\/uploads\/2025\/11\/Shutterstock_chaisICPE.jpg\" class=\"attachment-custom-thumbnail size-custom-thumbnail wp-post-image\" alt=\"\" srcset=\"https:\/\/www.altermes.fr\/wp-content\/uploads\/2025\/11\/Shutterstock_chaisICPE.jpg 600w, https:\/\/www.altermes.fr\/wp-content\/uploads\/2025\/11\/Shutterstock_chaisICPE-480x320.jpg 480w\" sizes=\"(min-width: 0px) and (max-width: 480px) 480px, (min-width: 481px) 600px, 100vw\">                                        <\/a>\n                                                                        <a href=\"https:\/\/www.altermes.fr\/en\/les-infos-du-jour\/icpe-nouvelles-installations-pour-les-chais\/\"><h3>ICPE : nouvelles installations pour les chais<\/h3><\/a>\n                                    <p class=\"use-case-category\"><a href=\"https:\/\/www.altermes.fr\/en\/weblex-importer-categories\/actualites\/\" rel=\"tag\">Actualit\u00e9s<\/a>, <a href=\"https:\/\/www.altermes.fr\/en\/weblex-importer-categories\/infos-juridiques\/\" rel=\"tag\">Infos juridiques<\/a><\/p>\n                                    <p class=\"edc-content\">Les installations class\u00e9es pour la protection de l\u2019environnement (ICPE) sont des installations soumises \u00e0 certaines obligations de s\u00e9curit\u00e9 du fait des risques d\u2019incidents inh\u00e9rents \u00e0 leur a...<\/p>                                <\/div>\n                                                                <div class=\"case-study-item weblex-article\">\n                                                                            <a href=\"https:\/\/www.altermes.fr\/en\/les-infos-du-jour\/rapports-sur-la-durabilite-et-devoir-de-vigilance-csrd-et-cs3d-un-allegement-a-venir\/\">\n                                            <img decoding=\"async\" width=\"600\" height=\"400\" src=\"https:\/\/www.altermes.fr\/wp-content\/uploads\/2025\/11\/Shutterstock_allegrementCSRD.jpg\" class=\"attachment-custom-thumbnail size-custom-thumbnail wp-post-image\" alt=\"\" srcset=\"https:\/\/www.altermes.fr\/wp-content\/uploads\/2025\/11\/Shutterstock_allegrementCSRD.jpg 600w, https:\/\/www.altermes.fr\/wp-content\/uploads\/2025\/11\/Shutterstock_allegrementCSRD-480x320.jpg 480w\" sizes=\"(min-width: 0px) and (max-width: 480px) 480px, (min-width: 481px) 600px, 100vw\">                                        <\/a>\n                                                                        <a href=\"https:\/\/www.altermes.fr\/en\/les-infos-du-jour\/rapports-sur-la-durabilite-et-devoir-de-vigilance-csrd-et-cs3d-un-allegement-a-venir\/\"><h3>Rapports sur la durabilit\u00e9 et devoir de vigilance (CSRD et CS3D) : un all\u00e8gement \u00e0 venir ?<\/h3><\/a>\n                                    <p class=\"use-case-category\"><a href=\"https:\/\/www.altermes.fr\/en\/weblex-importer-categories\/actualites\/\" rel=\"tag\">Actualit\u00e9s<\/a>, <a href=\"https:\/\/www.altermes.fr\/en\/weblex-importer-categories\/infos-juridiques\/\" rel=\"tag\">Infos juridiques<\/a><\/p>\n                                    <p class=\"edc-content\">Un projet de simplification des obligations relatives aux rapports sur la durabilit\u00e9 et le devoir de vigilance mises \u00e0 la charge des entreprises est actuellement en discussion au sein des institutio...<\/p>                                <\/div>\n                                                                <div class=\"case-study-item weblex-article\">\n                                                                            <a href=\"https:\/\/www.altermes.fr\/en\/les-infos-du-jour\/nouveaute-pour-les-dpe-une-bonne-nouvelle-pour-le-chauffage-electrique\/\">\n                                            <img decoding=\"async\" width=\"600\" height=\"400\" src=\"https:\/\/www.altermes.fr\/wp-content\/uploads\/2025\/11\/Shutterstock_pacdpefacteurconversion.jpg\" class=\"attachment-custom-thumbnail size-custom-thumbnail wp-post-image\" alt=\"\" srcset=\"https:\/\/www.altermes.fr\/wp-content\/uploads\/2025\/11\/Shutterstock_pacdpefacteurconversion.jpg 600w, https:\/\/www.altermes.fr\/wp-content\/uploads\/2025\/11\/Shutterstock_pacdpefacteurconversion-480x320.jpg 480w\" sizes=\"(min-width: 0px) and (max-width: 480px) 480px, (min-width: 481px) 600px, 100vw\">                                        <\/a>\n                                                                        <a href=\"https:\/\/www.altermes.fr\/en\/les-infos-du-jour\/nouveaute-pour-les-dpe-une-bonne-nouvelle-pour-le-chauffage-electrique\/\"><h3>Nouveaut\u00e9 pour les DPE : une bonne nouvelle pour le chauffage \u00e9lectrique !<\/h3><\/a>\n                                    <p class=\"use-case-category\"><a href=\"https:\/\/www.altermes.fr\/en\/weblex-importer-categories\/actualites\/\" rel=\"tag\">Actualit\u00e9s<\/a>, <a href=\"https:\/\/www.altermes.fr\/en\/weblex-importer-categories\/infos-juridiques\/\" rel=\"tag\">Infos juridiques<\/a><\/p>\n                                    <p class=\"edc-content\">\u00c0 partir du 1er janvier 2026, le chauffage \u00e9lectrique sera mieux not\u00e9 dans les diagnostics de performance \u00e9nerg\u00e9tique (DPE) et les audits \u00e9nerg\u00e9tiques. Un ajustement du calcul qui sortira un ce...<\/p>                                <\/div>\n                                                                <div class=\"case-study-item weblex-article\">\n                                                                            <a href=\"https:\/\/www.altermes.fr\/en\/les-infos-du-jour\/maison-de-sante-pluriprofessionnelle-qui-peut-y-exercer\/\">\n                                            <img decoding=\"async\" width=\"600\" height=\"400\" src=\"https:\/\/www.altermes.fr\/wp-content\/uploads\/2025\/11\/Shutterstock_maisondesante.jpg\" class=\"attachment-custom-thumbnail size-custom-thumbnail wp-post-image\" alt=\"\" srcset=\"https:\/\/www.altermes.fr\/wp-content\/uploads\/2025\/11\/Shutterstock_maisondesante.jpg 600w, https:\/\/www.altermes.fr\/wp-content\/uploads\/2025\/11\/Shutterstock_maisondesante-480x320.jpg 480w\" sizes=\"(min-width: 0px) and (max-width: 480px) 480px, (min-width: 481px) 600px, 100vw\">                                        <\/a>\n                                                                        <a href=\"https:\/\/www.altermes.fr\/en\/les-infos-du-jour\/maison-de-sante-pluriprofessionnelle-qui-peut-y-exercer\/\"><h3>Maison de sant\u00e9 pluriprofessionnelle : qui peut y exercer ?<\/h3><\/a>\n                                    <p class=\"use-case-category\"><a href=\"https:\/\/www.altermes.fr\/en\/weblex-importer-categories\/actualites\/\" rel=\"tag\">Actualit\u00e9s<\/a>, <a href=\"https:\/\/www.altermes.fr\/en\/weblex-importer-categories\/infos-juridiques\/\" rel=\"tag\">Infos juridiques<\/a><\/p>\n                                    <p class=\"edc-content\">Les professionnels de sant\u00e9 peuvent se r\u00e9unir au sein de maisons de sant\u00e9 pluriprofessionnelles afin de mettre en commun certains moyens utiles \u00e0 leurs activit\u00e9s. Mais quels sont les \u00ab professio...<\/p>                                <\/div>\n                                                                <div class=\"case-study-item weblex-article\">\n                                                                            <a href=\"https:\/\/www.altermes.fr\/en\/les-infos-du-jour\/infections-nosocomiales-qui-doit-indemniser\/\">\n                                            <img decoding=\"async\" width=\"600\" height=\"400\" src=\"https:\/\/www.altermes.fr\/wp-content\/uploads\/2025\/11\/Shutterstock_hopitalindemnisationoniam.jpg\" class=\"attachment-custom-thumbnail size-custom-thumbnail wp-post-image\" alt=\"\" srcset=\"https:\/\/www.altermes.fr\/wp-content\/uploads\/2025\/11\/Shutterstock_hopitalindemnisationoniam.jpg 600w, https:\/\/www.altermes.fr\/wp-content\/uploads\/2025\/11\/Shutterstock_hopitalindemnisationoniam-480x320.jpg 480w\" sizes=\"(min-width: 0px) and (max-width: 480px) 480px, (min-width: 481px) 600px, 100vw\">                                        <\/a>\n                                                                        <a href=\"https:\/\/www.altermes.fr\/en\/les-infos-du-jour\/infections-nosocomiales-qui-doit-indemniser\/\"><h3>Infections nosocomiales : qui doit indemniser ?<\/h3><\/a>\n                                    <p class=\"use-case-category\"><a href=\"https:\/\/www.altermes.fr\/en\/weblex-importer-categories\/actualites\/\" rel=\"tag\">Actualit\u00e9s<\/a>, <a href=\"https:\/\/www.altermes.fr\/en\/weblex-importer-categories\/infos-juridiques\/\" rel=\"tag\">Infos juridiques<\/a><\/p>\n                                    <p class=\"edc-content\">Il existe diff\u00e9rents dispositifs pour indemniser les patients et les familles des dommages qui r\u00e9sultent des infections nosocomiales. En fonction de la gravit\u00e9 des cons\u00e9quences subies, l\u2019indemni...<\/p>                                <\/div>\n                                                                <div class=\"case-study-item weblex-article\">\n                                                                            <a href=\"https:\/\/www.altermes.fr\/en\/les-infos-du-jour\/commerce-de-proximite-quelles-mesures-pour-soutenir-les-centres-villes\/\">\n                                            <img decoding=\"async\" width=\"600\" height=\"400\" src=\"https:\/\/www.altermes.fr\/wp-content\/uploads\/2025\/11\/Shutterstock_redynamiserlescentresvilles.jpg\" class=\"attachment-custom-thumbnail size-custom-thumbnail wp-post-image\" alt=\"\" srcset=\"https:\/\/www.altermes.fr\/wp-content\/uploads\/2025\/11\/Shutterstock_redynamiserlescentresvilles.jpg 600w, https:\/\/www.altermes.fr\/wp-content\/uploads\/2025\/11\/Shutterstock_redynamiserlescentresvilles-480x320.jpg 480w\" sizes=\"(min-width: 0px) and (max-width: 480px) 480px, (min-width: 481px) 600px, 100vw\">                                        <\/a>\n                                                                        <a href=\"https:\/\/www.altermes.fr\/en\/les-infos-du-jour\/commerce-de-proximite-quelles-mesures-pour-soutenir-les-centres-villes\/\"><h3>Commerce de proximit\u00e9 : quelles mesures pour soutenir les centres-villes ?<\/h3><\/a>\n                                    <p class=\"use-case-category\"><a href=\"https:\/\/www.altermes.fr\/en\/weblex-importer-categories\/actualites\/\" rel=\"tag\">Actualit\u00e9s<\/a>, <a href=\"https:\/\/www.altermes.fr\/en\/weblex-importer-categories\/infos-juridiques\/\" rel=\"tag\">Infos juridiques<\/a><\/p>\n                                    <p class=\"edc-content\">Boulangeries, bureaux de tabacs, sup\u00e9rettes, fleuristes, pharmacies, etc. Depuis plusieurs ann\u00e9es, les commerces d\u00e9sertent les centres-villes. Afin d\u2019inverser la tendance, le Gouvernement a d\u00e9vo...<\/p>                                <\/div>\n                                                                <div class=\"case-study-item weblex-article\">\n                                                                            <a href=\"https:\/\/www.altermes.fr\/en\/les-infos-du-jour\/gestion-locative-revalorisation-de-certains-honoraires\/\">\n                                            <img decoding=\"async\" width=\"600\" height=\"400\" src=\"https:\/\/www.altermes.fr\/wp-content\/uploads\/2025\/11\/Shutterstock_revalorisationhonorairesagence.jpg\" class=\"attachment-custom-thumbnail size-custom-thumbnail wp-post-image\" alt=\"\" srcset=\"https:\/\/www.altermes.fr\/wp-content\/uploads\/2025\/11\/Shutterstock_revalorisationhonorairesagence.jpg 600w, https:\/\/www.altermes.fr\/wp-content\/uploads\/2025\/11\/Shutterstock_revalorisationhonorairesagence-480x320.jpg 480w\" sizes=\"(min-width: 0px) and (max-width: 480px) 480px, (min-width: 481px) 600px, 100vw\">                                        <\/a>\n                                                                        <a href=\"https:\/\/www.altermes.fr\/en\/les-infos-du-jour\/gestion-locative-revalorisation-de-certains-honoraires\/\"><h3>Gestion locative : revalorisation de certains honoraires<\/h3><\/a>\n                                    <p class=\"use-case-category\"><a href=\"https:\/\/www.altermes.fr\/en\/weblex-importer-categories\/actualites\/\" rel=\"tag\">Actualit\u00e9s<\/a>, <a href=\"https:\/\/www.altermes.fr\/en\/weblex-importer-categories\/infos-juridiques\/\" rel=\"tag\">Infos juridiques<\/a><\/p>\n                                    <p class=\"edc-content\">Lors de la signature d\u2019un nouveau bail, l\u2019organisme charg\u00e9 de la gestion locative peut mettre \u00e0 la charge du nouveau locataire des honoraires de mise en location. Des honoraires soumis \u00e0 un pla...<\/p>                                <\/div>\n                                                                <div class=\"case-study-item weblex-article\">\n                                                                            <a href=\"https:\/\/www.altermes.fr\/en\/les-infos-du-jour\/pharmaciens-precisions-concernant-les-produits-destines-aux-nourrissons\/\">\n                                            <img decoding=\"async\" width=\"600\" height=\"400\" src=\"https:\/\/www.altermes.fr\/wp-content\/uploads\/2025\/11\/Shutterstock_preparationsnourrisons.jpg\" class=\"attachment-custom-thumbnail size-custom-thumbnail wp-post-image\" alt=\"\" srcset=\"https:\/\/www.altermes.fr\/wp-content\/uploads\/2025\/11\/Shutterstock_preparationsnourrisons.jpg 600w, https:\/\/www.altermes.fr\/wp-content\/uploads\/2025\/11\/Shutterstock_preparationsnourrisons-480x320.jpg 480w\" sizes=\"(min-width: 0px) and (max-width: 480px) 480px, (min-width: 481px) 600px, 100vw\">                                        <\/a>\n                                                                        <a href=\"https:\/\/www.altermes.fr\/en\/les-infos-du-jour\/pharmaciens-precisions-concernant-les-produits-destines-aux-nourrissons\/\"><h3>Pharmaciens : pr\u00e9cisions concernant les produits destin\u00e9s aux nourrissons<\/h3><\/a>\n                                    <p class=\"use-case-category\"><a href=\"https:\/\/www.altermes.fr\/en\/weblex-importer-categories\/actualites\/\" rel=\"tag\">Actualit\u00e9s<\/a>, <a href=\"https:\/\/www.altermes.fr\/en\/weblex-importer-categories\/infos-juridiques\/\" rel=\"tag\">Infos juridiques<\/a><\/p>\n                                    <p class=\"edc-content\">Les pharmaciens disposent d\u2019un monopole concernant certaines de leurs activit\u00e9s, notamment celles concernant les diff\u00e9rentes pr\u00e9parations qu\u2019ils r\u00e9alisent dans leurs officines. Des pr\u00e9cisions...<\/p>                                <\/div>\n                                                                <div class=\"case-study-item weblex-article\">\n                                                                            <a href=\"https:\/\/www.altermes.fr\/en\/les-infos-du-jour\/transport-aerien-des-avances-contre-les-passagers-perturbateurs\/\">\n                                            <img decoding=\"async\" width=\"600\" height=\"400\" src=\"https:\/\/www.altermes.fr\/wp-content\/uploads\/2025\/11\/Shutterstock_sanctionpassagers.jpg\" class=\"attachment-custom-thumbnail size-custom-thumbnail wp-post-image\" alt=\"\" srcset=\"https:\/\/www.altermes.fr\/wp-content\/uploads\/2025\/11\/Shutterstock_sanctionpassagers.jpg 600w, https:\/\/www.altermes.fr\/wp-content\/uploads\/2025\/11\/Shutterstock_sanctionpassagers-480x320.jpg 480w\" sizes=\"(min-width: 0px) and (max-width: 480px) 480px, (min-width: 481px) 600px, 100vw\">                                        <\/a>\n                                                                        <a href=\"https:\/\/www.altermes.fr\/en\/les-infos-du-jour\/transport-aerien-des-avances-contre-les-passagers-perturbateurs\/\"><h3>Transport a\u00e9rien : des avanc\u00e9s contre les passagers perturbateurs<\/h3><\/a>\n                                    <p class=\"use-case-category\"><a href=\"https:\/\/www.altermes.fr\/en\/weblex-importer-categories\/actualites\/\" rel=\"tag\">Actualit\u00e9s<\/a>, <a href=\"https:\/\/www.altermes.fr\/en\/weblex-importer-categories\/infos-juridiques\/\" rel=\"tag\">Infos juridiques<\/a><\/p>\n                                    <p class=\"edc-content\">Le minist\u00e8re charg\u00e9 de l\u2019aviation civile se voit confier de nouveaux pouvoirs et se voit attribuer une nouvelle mission pour le maintien de l\u2019ordre \u00e0 bord des vols commerciaux. Ce qui entra\u00eene...<\/p>                                <\/div>\n                                                                <div class=\"case-study-item weblex-article\">\n                                                                            <a href=\"https:\/\/www.altermes.fr\/en\/les-infos-du-jour\/dieselagte-quelles-consequences-pour-les-proprietaires-de-vehicules\/\">\n                                            <img decoding=\"async\" width=\"600\" height=\"400\" src=\"https:\/\/www.altermes.fr\/wp-content\/uploads\/2025\/11\/Shutterstock_dieselgate.jpg\" class=\"attachment-custom-thumbnail size-custom-thumbnail wp-post-image\" alt=\"\" srcset=\"https:\/\/www.altermes.fr\/wp-content\/uploads\/2025\/11\/Shutterstock_dieselgate.jpg 600w, https:\/\/www.altermes.fr\/wp-content\/uploads\/2025\/11\/Shutterstock_dieselgate-480x320.jpg 480w\" sizes=\"(min-width: 0px) and (max-width: 480px) 480px, (min-width: 481px) 600px, 100vw\">                                        <\/a>\n                                                                        <a href=\"https:\/\/www.altermes.fr\/en\/les-infos-du-jour\/dieselagte-quelles-consequences-pour-les-proprietaires-de-vehicules\/\"><h3>\u00ab Dieselagte \u00bb : quelles cons\u00e9quences pour les propri\u00e9taires de v\u00e9hicules ?<\/h3><\/a>\n                                    <p class=\"use-case-category\"><a href=\"https:\/\/www.altermes.fr\/en\/weblex-importer-categories\/actualites\/\" rel=\"tag\">Actualit\u00e9s<\/a>, <a href=\"https:\/\/www.altermes.fr\/en\/weblex-importer-categories\/infos-juridiques\/\" rel=\"tag\">Infos juridiques<\/a><\/p>\n                                    <p class=\"edc-content\">Le \u00ab Dieselgate \u00bb d\u00e9signe le scandale de la vente de v\u00e9hicules diesel \u00e9mettant des polluants \u00e0 des niveaux sup\u00e9rieurs \u00e0 ceux autoris\u00e9s par l\u2019Union europ\u00e9enne (UE) qui ont pu \u00eatre vendus g...<\/p>                                <\/div>\n                                                                <div class=\"case-study-item weblex-article\">\n                                                                            <a href=\"https:\/\/www.altermes.fr\/en\/les-infos-du-jour\/refus-dexpulsion-indemnisation-possible\/\">\n                                            <img decoding=\"async\" width=\"600\" height=\"400\" src=\"https:\/\/www.altermes.fr\/wp-content\/uploads\/2025\/11\/Shutterstock_reparationrefusforce.jpg\" class=\"attachment-custom-thumbnail size-custom-thumbnail wp-post-image\" alt=\"\" srcset=\"https:\/\/www.altermes.fr\/wp-content\/uploads\/2025\/11\/Shutterstock_reparationrefusforce.jpg 600w, https:\/\/www.altermes.fr\/wp-content\/uploads\/2025\/11\/Shutterstock_reparationrefusforce-480x320.jpg 480w\" sizes=\"(min-width: 0px) and (max-width: 480px) 480px, (min-width: 481px) 600px, 100vw\">                                        <\/a>\n                                                                        <a href=\"https:\/\/www.altermes.fr\/en\/les-infos-du-jour\/refus-dexpulsion-indemnisation-possible\/\"><h3>Refus d\u2019expulsion : indemnisation possible ?<\/h3><\/a>\n                                    <p class=\"use-case-category\"><a href=\"https:\/\/www.altermes.fr\/en\/weblex-importer-categories\/actualites\/\" rel=\"tag\">Actualit\u00e9s<\/a>, <a href=\"https:\/\/www.altermes.fr\/en\/weblex-importer-categories\/infos-juridiques\/\" rel=\"tag\">Infos juridiques<\/a><\/p>\n                                    <p class=\"edc-content\">Pour rappel, l\u2019\u00c9tat est tenu de pr\u00eater son concours afin de permettre au propri\u00e9taire ayant un titre ex\u00e9cutoire d\u2019expulser de son bien un occupant refusant de partir. Cependant, il peut arrive...<\/p>                                <\/div>\n                                                                <div class=\"case-study-item weblex-article\">\n                                                                            <a href=\"https:\/\/www.altermes.fr\/en\/les-infos-du-jour\/debitants-de-tabac-precisions-sur-les-facilites-de-paiement\/\">\n                                            <img decoding=\"async\" width=\"600\" height=\"400\" src=\"https:\/\/www.altermes.fr\/wp-content\/uploads\/2025\/11\/Shutterstock_facilitespaiementtabacs.jpg\" class=\"attachment-custom-thumbnail size-custom-thumbnail wp-post-image\" alt=\"\" srcset=\"https:\/\/www.altermes.fr\/wp-content\/uploads\/2025\/11\/Shutterstock_facilitespaiementtabacs.jpg 600w, https:\/\/www.altermes.fr\/wp-content\/uploads\/2025\/11\/Shutterstock_facilitespaiementtabacs-480x320.jpg 480w\" sizes=\"(min-width: 0px) and (max-width: 480px) 480px, (min-width: 481px) 600px, 100vw\">                                        <\/a>\n                                                                        <a href=\"https:\/\/www.altermes.fr\/en\/les-infos-du-jour\/debitants-de-tabac-precisions-sur-les-facilites-de-paiement\/\"><h3>D\u00e9bitants de tabac : pr\u00e9cisions sur les facilit\u00e9s de paiement<\/h3><\/a>\n                                    <p class=\"use-case-category\"><a href=\"https:\/\/www.altermes.fr\/en\/weblex-importer-categories\/actualites\/\" rel=\"tag\">Actualit\u00e9s<\/a>, <a href=\"https:\/\/www.altermes.fr\/en\/weblex-importer-categories\/infos-juridiques\/\" rel=\"tag\">Infos juridiques<\/a><\/p>\n                                    <p class=\"edc-content\">Les fournisseurs agr\u00e9\u00e9s de tabac doivent accorder aux d\u00e9bitants des d\u00e9lais et des facilit\u00e9s de paiements \u00e0 la demande de ces derniers lorsqu\u2019ils satisfont \u00e0 certaines conditions. Un dispositi...<\/p>                                <\/div>\n                                                                <div class=\"case-study-item weblex-article\">\n                                                                            <a href=\"https:\/\/www.altermes.fr\/en\/les-infos-du-jour\/concubinage-et-action-en-justice\/\">\n                                            <img decoding=\"async\" width=\"600\" height=\"400\" src=\"https:\/\/www.altermes.fr\/wp-content\/uploads\/2025\/11\/Shutterstock_concubinageimpossibilite.jpg\" class=\"attachment-custom-thumbnail size-custom-thumbnail wp-post-image\" alt=\"\" srcset=\"https:\/\/www.altermes.fr\/wp-content\/uploads\/2025\/11\/Shutterstock_concubinageimpossibilite.jpg 600w, https:\/\/www.altermes.fr\/wp-content\/uploads\/2025\/11\/Shutterstock_concubinageimpossibilite-480x320.jpg 480w\" sizes=\"(min-width: 0px) and (max-width: 480px) 480px, (min-width: 481px) 600px, 100vw\">                                        <\/a>\n                                                                        <a href=\"https:\/\/www.altermes.fr\/en\/les-infos-du-jour\/concubinage-et-action-en-justice\/\"><h3>Concubinage et action en justice<\/h3><\/a>\n                                    <p class=\"use-case-category\"><a href=\"https:\/\/www.altermes.fr\/en\/weblex-importer-categories\/actualites\/\" rel=\"tag\">Actualit\u00e9s<\/a>, <a href=\"https:\/\/www.altermes.fr\/en\/weblex-importer-categories\/infos-juridiques\/\" rel=\"tag\">Infos juridiques<\/a><\/p>\n                                    <p class=\"edc-content\">Une action engag\u00e9e pour d\u00e9fendre un droit ou pour pr\u00e9tendre \u00e0 une indemnisation est encadr\u00e9e dans le temps, de sorte que, pass\u00e9 un certain d\u00e9lai, l\u2019action est dite \u00ab prescrite \u00bb. Mais dans ...<\/p>                                <\/div>\n                                                                <div class=\"case-study-item weblex-article\">\n                                                                            <a href=\"https:\/\/www.altermes.fr\/en\/les-infos-du-jour\/divorce-et-regime-de-participation-aux-acquets-comment-calculer-lenrichissement\/\">\n                                            <img decoding=\"async\" width=\"600\" height=\"400\" src=\"https:\/\/www.altermes.fr\/wp-content\/uploads\/2025\/11\/Shutterstock_dettesdeductiblesregime.jpg\" class=\"attachment-custom-thumbnail size-custom-thumbnail wp-post-image\" alt=\"\" srcset=\"https:\/\/www.altermes.fr\/wp-content\/uploads\/2025\/11\/Shutterstock_dettesdeductiblesregime.jpg 600w, https:\/\/www.altermes.fr\/wp-content\/uploads\/2025\/11\/Shutterstock_dettesdeductiblesregime-480x320.jpg 480w\" sizes=\"(min-width: 0px) and (max-width: 480px) 480px, (min-width: 481px) 600px, 100vw\">                                        <\/a>\n                                                                        <a href=\"https:\/\/www.altermes.fr\/en\/les-infos-du-jour\/divorce-et-regime-de-participation-aux-acquets-comment-calculer-lenrichissement\/\"><h3>Divorce et r\u00e9gime de participation aux acqu\u00eats : comment calculer l\u2019enrichissement ?<\/h3><\/a>\n                                    <p class=\"use-case-category\"><a href=\"https:\/\/www.altermes.fr\/en\/weblex-importer-categories\/actualites\/\" rel=\"tag\">Actualit\u00e9s<\/a>, <a href=\"https:\/\/www.altermes.fr\/en\/weblex-importer-categories\/infos-juridiques\/\" rel=\"tag\">Infos juridiques<\/a><\/p>\n                                    <p class=\"edc-content\">Le r\u00e9gime de participation aux acqu\u00eats est un r\u00e9gime hybride qui permet aux \u00e9poux, \u00e0 l\u2019occasion de la dissolution du mariage, de profiter de l\u2019enrichissement de chacun. Pour ce faire, il faut...<\/p>                                <\/div>\n                                                                <div class=\"case-study-item weblex-article\">\n                                                                            <a href=\"https:\/\/www.altermes.fr\/en\/les-infos-du-jour\/liberte-de-la-presse-quand-le-flou-ne-lest-pas-assez\/\">\n                                            <img decoding=\"async\" width=\"600\" height=\"400\" src=\"https:\/\/www.altermes.fr\/wp-content\/uploads\/2025\/11\/Shutterstock_diffamationpresse.jpg\" class=\"attachment-custom-thumbnail size-custom-thumbnail wp-post-image\" alt=\"\" srcset=\"https:\/\/www.altermes.fr\/wp-content\/uploads\/2025\/11\/Shutterstock_diffamationpresse.jpg 600w, https:\/\/www.altermes.fr\/wp-content\/uploads\/2025\/11\/Shutterstock_diffamationpresse-480x320.jpg 480w\" sizes=\"(min-width: 0px) and (max-width: 480px) 480px, (min-width: 481px) 600px, 100vw\">                                        <\/a>\n                                                                        <a href=\"https:\/\/www.altermes.fr\/en\/les-infos-du-jour\/liberte-de-la-presse-quand-le-flou-ne-lest-pas-assez\/\"><h3>Libert\u00e9 de la presse : quand le flou ne l\u2019est pas assez<\/h3><\/a>\n                                    <p class=\"use-case-category\"><a href=\"https:\/\/www.altermes.fr\/en\/weblex-importer-categories\/actualites\/\" rel=\"tag\">Actualit\u00e9s<\/a>, <a href=\"https:\/\/www.altermes.fr\/en\/weblex-importer-categories\/infos-juridiques\/\" rel=\"tag\">Infos juridiques<\/a><\/p>\n                                    <p class=\"edc-content\">Les principes de la libert\u00e9 de la presse garantissent \u00e0 tous de pouvoir reporter leur vision de l\u2019actualit\u00e9 avec un minimum de contraintes. Mais des pr\u00e9cautions doivent tout de m\u00eame \u00eatre prise...<\/p>                                <\/div>\n                                                                <div class=\"case-study-item weblex-article\">\n                                                                            <a href=\"https:\/\/www.altermes.fr\/en\/les-infos-du-jour\/cotisation-a-la-caisse-de-garantie-du-logement-locatif-social-du-nouveau\/\">\n                                            <img decoding=\"async\" width=\"600\" height=\"400\" src=\"https:\/\/www.altermes.fr\/wp-content\/uploads\/2025\/11\/Shutterstock_cotisationadditionnelle.jpg\" class=\"attachment-custom-thumbnail size-custom-thumbnail wp-post-image\" alt=\"\" srcset=\"https:\/\/www.altermes.fr\/wp-content\/uploads\/2025\/11\/Shutterstock_cotisationadditionnelle.jpg 600w, https:\/\/www.altermes.fr\/wp-content\/uploads\/2025\/11\/Shutterstock_cotisationadditionnelle-480x320.jpg 480w\" sizes=\"(min-width: 0px) and (max-width: 480px) 480px, (min-width: 481px) 600px, 100vw\">                                        <\/a>\n                                                                        <a href=\"https:\/\/www.altermes.fr\/en\/les-infos-du-jour\/cotisation-a-la-caisse-de-garantie-du-logement-locatif-social-du-nouveau\/\"><h3>Cotisation \u00e0 la Caisse de garantie du logement locatif social : du nouveau<\/h3><\/a>\n                                    <p class=\"use-case-category\"><a href=\"https:\/\/www.altermes.fr\/en\/weblex-importer-categories\/actualites\/\" rel=\"tag\">Actualit\u00e9s<\/a>, <a href=\"https:\/\/www.altermes.fr\/en\/weblex-importer-categories\/infos-juridiques\/\" rel=\"tag\">Infos juridiques<\/a><\/p>\n                                    <p class=\"edc-content\">La Caisse de garantie du logement locatif social (CGLLS) est un \u00e9tablissement public intervenant dans le financement et la r\u00e9gulation du secteur du logement social. Pour financer ses activit\u00e9s, les...<\/p>                                <\/div>\n                                                                <div class=\"case-study-item weblex-article\">\n                                                                            <a href=\"https:\/\/www.altermes.fr\/en\/les-infos-du-jour\/permis-de-conduire-une-duree-de-validite-limitee\/\">\n                                            <img decoding=\"async\" width=\"600\" height=\"400\" src=\"https:\/\/www.altermes.fr\/wp-content\/uploads\/2025\/11\/Shutterstock_permisdeconduirereformeunioneur.jpg\" class=\"attachment-custom-thumbnail size-custom-thumbnail wp-post-image\" alt=\"\" srcset=\"https:\/\/www.altermes.fr\/wp-content\/uploads\/2025\/11\/Shutterstock_permisdeconduirereformeunioneur.jpg 600w, https:\/\/www.altermes.fr\/wp-content\/uploads\/2025\/11\/Shutterstock_permisdeconduirereformeunioneur-480x320.jpg 480w\" sizes=\"(min-width: 0px) and (max-width: 480px) 480px, (min-width: 481px) 600px, 100vw\">                                        <\/a>\n                                                                        <a href=\"https:\/\/www.altermes.fr\/en\/les-infos-du-jour\/permis-de-conduire-une-duree-de-validite-limitee\/\"><h3>Permis de conduire : une dur\u00e9e de validit\u00e9 limit\u00e9e ?<\/h3><\/a>\n                                    <p class=\"use-case-category\"><a href=\"https:\/\/www.altermes.fr\/en\/weblex-importer-categories\/actualites\/\" rel=\"tag\">Actualit\u00e9s<\/a>, <a href=\"https:\/\/www.altermes.fr\/en\/weblex-importer-categories\/infos-juridiques\/\" rel=\"tag\">Infos juridiques<\/a><\/p>\n                                    <p class=\"edc-content\">R\u00e9former le permis de conduire pour am\u00e9liorer la s\u00e9curit\u00e9 routi\u00e8re : tel est l\u2019objectif de l\u2019Union europ\u00e9enne (UE) qui a vot\u00e9 le 21 octobre 2025 un nouveau cadre qui devra \u00eatre int\u00e9gr\u00e9 e...<\/p>                                <\/div>\n                                                                <div class=\"case-study-item weblex-article\">\n                                                                            <a href=\"https:\/\/www.altermes.fr\/en\/les-infos-du-jour\/securite-routiere-en-hiver-du-nouveau\/\">\n                                            <img decoding=\"async\" width=\"600\" height=\"400\" src=\"https:\/\/www.altermes.fr\/wp-content\/uploads\/2025\/11\/Shutterstock_pneuscloutes.jpg\" class=\"attachment-custom-thumbnail size-custom-thumbnail wp-post-image\" alt=\"\" srcset=\"https:\/\/www.altermes.fr\/wp-content\/uploads\/2025\/11\/Shutterstock_pneuscloutes.jpg 600w, https:\/\/www.altermes.fr\/wp-content\/uploads\/2025\/11\/Shutterstock_pneuscloutes-480x320.jpg 480w\" sizes=\"(min-width: 0px) and (max-width: 480px) 480px, (min-width: 481px) 600px, 100vw\">                                        <\/a>\n                                                                        <a href=\"https:\/\/www.altermes.fr\/en\/les-infos-du-jour\/securite-routiere-en-hiver-du-nouveau\/\"><h3>S\u00e9curit\u00e9 routi\u00e8re en hiver : du nouveau<\/h3><\/a>\n                                    <p class=\"use-case-category\"><a href=\"https:\/\/www.altermes.fr\/en\/weblex-importer-categories\/actualites\/\" rel=\"tag\">Actualit\u00e9s<\/a>, <a href=\"https:\/\/www.altermes.fr\/en\/weblex-importer-categories\/infos-juridiques\/\" rel=\"tag\">Infos juridiques<\/a><\/p>\n                                    <p class=\"edc-content\">Afin d\u2019am\u00e9liorer la s\u00e9curit\u00e9 routi\u00e8re durant la p\u00e9riode hivernale, l\u2019utilisation de pneumatiques sp\u00e9ciaux peut \u00eatre autoris\u00e9s pour les voitures particuli\u00e8res, les v\u00e9hicules de transport ...<\/p>                                <\/div>\n                                                                <div class=\"case-study-item weblex-article\">\n                                                                            <a href=\"https:\/\/www.altermes.fr\/en\/les-infos-du-jour\/droit-des-animaux-le-droit-francais-sadapte\/\">\n                                            <img decoding=\"async\" width=\"600\" height=\"400\" src=\"https:\/\/www.altermes.fr\/wp-content\/uploads\/2025\/11\/Shutterstock_santeanimauxPC.jpg\" class=\"attachment-custom-thumbnail size-custom-thumbnail wp-post-image\" alt=\"\" srcset=\"https:\/\/www.altermes.fr\/wp-content\/uploads\/2025\/11\/Shutterstock_santeanimauxPC.jpg 600w, https:\/\/www.altermes.fr\/wp-content\/uploads\/2025\/11\/Shutterstock_santeanimauxPC-480x320.jpg 480w\" sizes=\"(min-width: 0px) and (max-width: 480px) 480px, (min-width: 481px) 600px, 100vw\">                                        <\/a>\n                                                                        <a href=\"https:\/\/www.altermes.fr\/en\/les-infos-du-jour\/droit-des-animaux-le-droit-francais-sadapte\/\"><h3>Droit des animaux : le droit fran\u00e7ais s\u2019adapte<\/h3><\/a>\n                                    <p class=\"use-case-category\"><a href=\"https:\/\/www.altermes.fr\/en\/weblex-importer-categories\/actualites\/\" rel=\"tag\">Actualit\u00e9s<\/a>, <a href=\"https:\/\/www.altermes.fr\/en\/weblex-importer-categories\/infos-juridiques\/\" rel=\"tag\">Infos juridiques<\/a><\/p>\n                                    <p class=\"edc-content\">Les r\u00e8gles fran\u00e7aises concernant la sant\u00e9 des animaux connaissent de nombreux changements pour s\u2019adapter au cadre europ\u00e9en. Tour d\u2019horizon de ces adaptations techniques\u2026Identification et tra...<\/p>                                <\/div>\n                                                                <div class=\"case-study-item weblex-article\">\n                                                                            <a href=\"https:\/\/www.altermes.fr\/en\/les-infos-du-jour\/cautionnement-proportionnel-aux-revenus-prise-en-compte-des-indemnites-kilometriques\/\">\n                                            <img decoding=\"async\" width=\"600\" height=\"400\" src=\"https:\/\/www.altermes.fr\/wp-content\/uploads\/2025\/11\/Shutterstock_cautoinnementdisproportionne.jpg\" class=\"attachment-custom-thumbnail size-custom-thumbnail wp-post-image\" alt=\"\" srcset=\"https:\/\/www.altermes.fr\/wp-content\/uploads\/2025\/11\/Shutterstock_cautoinnementdisproportionne.jpg 600w, https:\/\/www.altermes.fr\/wp-content\/uploads\/2025\/11\/Shutterstock_cautoinnementdisproportionne-480x320.jpg 480w\" sizes=\"(min-width: 0px) and (max-width: 480px) 480px, (min-width: 481px) 600px, 100vw\">                                        <\/a>\n                                                                        <a href=\"https:\/\/www.altermes.fr\/en\/les-infos-du-jour\/cautionnement-proportionnel-aux-revenus-prise-en-compte-des-indemnites-kilometriques\/\"><h3>Cautionnement proportionnel aux revenus : prise en compte des indemnit\u00e9s kilom\u00e9triques ?<\/h3><\/a>\n                                    <p class=\"use-case-category\"><a href=\"https:\/\/www.altermes.fr\/en\/weblex-importer-categories\/actualites\/\" rel=\"tag\">Actualit\u00e9s<\/a>, <a href=\"https:\/\/www.altermes.fr\/en\/weblex-importer-categories\/infos-juridiques\/\" rel=\"tag\">Infos juridiques<\/a><\/p>\n                                    <p class=\"edc-content\">Pour rappel, le contrat de cautionnement sign\u00e9 par un particulier au profit d\u2019un cr\u00e9ancier professionnel doit \u00eatre proportionn\u00e9 \u00e0 ses revenus et \u00e0 son patrimoine. Encore faut-il se mettre d\u2019...<\/p>                                <\/div>\n                                                                <div class=\"case-study-item weblex-article\">\n                                                                            <a href=\"https:\/\/www.altermes.fr\/en\/les-infos-du-jour\/batteries-et-dechets-de-batteries-gare-aux-contraventions\/\">\n                                            <img decoding=\"async\" width=\"600\" height=\"400\" src=\"https:\/\/www.altermes.fr\/wp-content\/uploads\/2025\/11\/Shutterstock_batteriesanction.jpg\" class=\"attachment-custom-thumbnail size-custom-thumbnail wp-post-image\" alt=\"\" srcset=\"https:\/\/www.altermes.fr\/wp-content\/uploads\/2025\/11\/Shutterstock_batteriesanction.jpg 600w, https:\/\/www.altermes.fr\/wp-content\/uploads\/2025\/11\/Shutterstock_batteriesanction-480x320.jpg 480w\" sizes=\"(min-width: 0px) and (max-width: 480px) 480px, (min-width: 481px) 600px, 100vw\">                                        <\/a>\n                                                                        <a href=\"https:\/\/www.altermes.fr\/en\/les-infos-du-jour\/batteries-et-dechets-de-batteries-gare-aux-contraventions\/\"><h3>Batteries et d\u00e9chets de batteries : gare aux contraventions !<\/h3><\/a>\n                                    <p class=\"use-case-category\"><a href=\"https:\/\/www.altermes.fr\/en\/weblex-importer-categories\/actualites\/\" rel=\"tag\">Actualit\u00e9s<\/a>, <a href=\"https:\/\/www.altermes.fr\/en\/weblex-importer-categories\/infos-juridiques\/\" rel=\"tag\">Infos juridiques<\/a><\/p>\n                                    <p class=\"edc-content\">Parce que les batteries constituent un v\u00e9ritable enjeu environnemental, l\u2019Union europ\u00e9enne a mis en place un r\u00e8glement encadrant leur cycle de vie. Ce cadre fixe un certain nombre d\u2019obligations...<\/p>                                <\/div>\n                                                                <div class=\"case-study-item weblex-article\">\n                                                                            <a href=\"https:\/\/www.altermes.fr\/en\/les-infos-du-jour\/economie-bleue-une-feuille-de-route-speciale-nautisme-et-plaisance\/\">\n                                            <img decoding=\"async\" width=\"600\" height=\"400\" src=\"https:\/\/www.altermes.fr\/wp-content\/uploads\/2025\/10\/Shutterstock_nautismeetplaisance.jpg\" class=\"attachment-custom-thumbnail size-custom-thumbnail wp-post-image\" alt=\"\" srcset=\"https:\/\/www.altermes.fr\/wp-content\/uploads\/2025\/10\/Shutterstock_nautismeetplaisance.jpg 600w, https:\/\/www.altermes.fr\/wp-content\/uploads\/2025\/10\/Shutterstock_nautismeetplaisance-480x320.jpg 480w\" sizes=\"(min-width: 0px) and (max-width: 480px) 480px, (min-width: 481px) 600px, 100vw\">                                        <\/a>\n                                                                        <a href=\"https:\/\/www.altermes.fr\/en\/les-infos-du-jour\/economie-bleue-une-feuille-de-route-speciale-nautisme-et-plaisance\/\"><h3>\u00c9conomie bleue : une feuille de route sp\u00e9ciale nautisme et plaisance !<\/h3><\/a>\n                                    <p class=\"use-case-category\"><a href=\"https:\/\/www.altermes.fr\/en\/weblex-importer-categories\/actualites\/\" rel=\"tag\">Actualit\u00e9s<\/a>, <a href=\"https:\/\/www.altermes.fr\/en\/weblex-importer-categories\/infos-juridiques\/\" rel=\"tag\">Infos juridiques<\/a><\/p>\n                                    <p class=\"edc-content\">Plus de 6 000 : c\u2019est le nombre d\u2019entreprises qui interviennent dans le secteur de l\u2019industrie et des services nautiques. Parce que ces secteurs repr\u00e9sentent un enjeu \u00e9conomique et environneme...<\/p>                                <\/div>\n                                                                <div class=\"case-study-item weblex-article\">\n                                                                            <a href=\"https:\/\/www.altermes.fr\/en\/les-infos-du-jour\/associations-vers-plus-de-protection-des-victimes-de-derives-sectaires\/\">\n                                            <img decoding=\"async\" width=\"600\" height=\"400\" src=\"https:\/\/www.altermes.fr\/wp-content\/uploads\/2025\/10\/Shutterstock_agrementeassociation.jpg\" class=\"attachment-custom-thumbnail size-custom-thumbnail wp-post-image\" alt=\"\" srcset=\"https:\/\/www.altermes.fr\/wp-content\/uploads\/2025\/10\/Shutterstock_agrementeassociation.jpg 600w, https:\/\/www.altermes.fr\/wp-content\/uploads\/2025\/10\/Shutterstock_agrementeassociation-480x320.jpg 480w\" sizes=\"(min-width: 0px) and (max-width: 480px) 480px, (min-width: 481px) 600px, 100vw\">                                        <\/a>\n                                                                        <a href=\"https:\/\/www.altermes.fr\/en\/les-infos-du-jour\/associations-vers-plus-de-protection-des-victimes-de-derives-sectaires\/\"><h3>Associations : vers plus de protection des victimes de d\u00e9rives sectaires ?<\/h3><\/a>\n                                    <p class=\"use-case-category\"><a href=\"https:\/\/www.altermes.fr\/en\/weblex-importer-categories\/actualites\/\" rel=\"tag\">Actualit\u00e9s<\/a>, <a href=\"https:\/\/www.altermes.fr\/en\/weblex-importer-categories\/infos-juridiques\/\" rel=\"tag\">Infos juridiques<\/a><\/p>\n                                    <p class=\"edc-content\">Dans les proc\u00e9dures p\u00e9nales li\u00e9es \u00e0 de potentielles d\u00e9rives sectaires et \u00e0 un \u00e9tat de suj\u00e9tion psychologique ou physique de victimes suppos\u00e9es, ces derni\u00e8res peuvent \u00eatre accompagn\u00e9es dans...<\/p>                                <\/div>\n                                                                <div class=\"case-study-item weblex-article\">\n                                                                            <a href=\"https:\/\/www.altermes.fr\/en\/les-infos-du-jour\/abus-de-biens-sociaux-illustration-des-circonstances-aggravantes\/\">\n                                            <img decoding=\"async\" width=\"600\" height=\"400\" src=\"https:\/\/www.altermes.fr\/wp-content\/uploads\/2025\/10\/Shutterstock_abusdebienssociaux.jpg\" class=\"attachment-custom-thumbnail size-custom-thumbnail wp-post-image\" alt=\"\" srcset=\"https:\/\/www.altermes.fr\/wp-content\/uploads\/2025\/10\/Shutterstock_abusdebienssociaux.jpg 600w, https:\/\/www.altermes.fr\/wp-content\/uploads\/2025\/10\/Shutterstock_abusdebienssociaux-480x320.jpg 480w\" sizes=\"(min-width: 0px) and (max-width: 480px) 480px, (min-width: 481px) 600px, 100vw\">                                        <\/a>\n                                                                        <a href=\"https:\/\/www.altermes.fr\/en\/les-infos-du-jour\/abus-de-biens-sociaux-illustration-des-circonstances-aggravantes\/\"><h3>Abus de biens sociaux : illustration des circonstances aggravantes<\/h3><\/a>\n                                    <p class=\"use-case-category\"><a href=\"https:\/\/www.altermes.fr\/en\/weblex-importer-categories\/actualites\/\" rel=\"tag\">Actualit\u00e9s<\/a>, <a href=\"https:\/\/www.altermes.fr\/en\/weblex-importer-categories\/infos-juridiques\/\" rel=\"tag\">Infos juridiques<\/a><\/p>\n                                    <p class=\"edc-content\">Lorsque le dirigeant d\u2019une soci\u00e9t\u00e9 profite de ses pr\u00e9rogatives pour d\u00e9tourner des biens de la soci\u00e9t\u00e9 pour son profit, il encourt une condamnation pour abus de biens sociaux. Une condamnation ...<\/p>                                <\/div>\n                                                                <div class=\"case-study-item weblex-article\">\n                                                                            <a href=\"https:\/\/www.altermes.fr\/en\/les-infos-du-jour\/ccmi-un-dirigeant-responsable-pour-un-contrat-quil-na-pas-signe\/\">\n                                            <img decoding=\"async\" width=\"600\" height=\"400\" src=\"https:\/\/www.altermes.fr\/wp-content\/uploads\/2025\/10\/Shutterstock_garantiedepaiement.jpg\" class=\"attachment-custom-thumbnail size-custom-thumbnail wp-post-image\" alt=\"\" srcset=\"https:\/\/www.altermes.fr\/wp-content\/uploads\/2025\/10\/Shutterstock_garantiedepaiement.jpg 600w, https:\/\/www.altermes.fr\/wp-content\/uploads\/2025\/10\/Shutterstock_garantiedepaiement-480x320.jpg 480w\" sizes=\"(min-width: 0px) and (max-width: 480px) 480px, (min-width: 481px) 600px, 100vw\">                                        <\/a>\n                                                                        <a href=\"https:\/\/www.altermes.fr\/en\/les-infos-du-jour\/ccmi-un-dirigeant-responsable-pour-un-contrat-quil-na-pas-signe\/\"><h3>CCMI : un dirigeant responsable pour un contrat qu\u2019il n\u2019a pas sign\u00e9 ?<\/h3><\/a>\n                                    <p class=\"use-case-category\"><a href=\"https:\/\/www.altermes.fr\/en\/weblex-importer-categories\/actualites\/\" rel=\"tag\">Actualit\u00e9s<\/a>, <a href=\"https:\/\/www.altermes.fr\/en\/weblex-importer-categories\/infos-juridiques\/\" rel=\"tag\">Infos juridiques<\/a><\/p>\n                                    <p class=\"edc-content\">Dans le cadre d\u2019un contrat de construction de maison individuelle (CCMI), le constructeur qui souhaite faire appel \u00e0 un sous-traitant doit lui garantir le paiement des sommes qui lui sont dues. Que...<\/p>                                <\/div>\n                                                                <div class=\"case-study-item weblex-article\">\n                                                                            <a href=\"https:\/\/www.altermes.fr\/en\/les-infos-du-jour\/convention-reglementee-non-autorisee-quelle-responsabilite-du-gerant\/\">\n                                            <img decoding=\"async\" width=\"600\" height=\"400\" src=\"https:\/\/www.altermes.fr\/wp-content\/uploads\/2025\/10\/Shutterstock_conventionreglementee.jpg\" class=\"attachment-custom-thumbnail size-custom-thumbnail wp-post-image\" alt=\"\" srcset=\"https:\/\/www.altermes.fr\/wp-content\/uploads\/2025\/10\/Shutterstock_conventionreglementee.jpg 600w, https:\/\/www.altermes.fr\/wp-content\/uploads\/2025\/10\/Shutterstock_conventionreglementee-480x320.jpg 480w\" sizes=\"(min-width: 0px) and (max-width: 480px) 480px, (min-width: 481px) 600px, 100vw\">                                        <\/a>\n                                                                        <a href=\"https:\/\/www.altermes.fr\/en\/les-infos-du-jour\/convention-reglementee-non-autorisee-quelle-responsabilite-du-gerant\/\"><h3>Convention r\u00e9glement\u00e9e non autoris\u00e9e : quelle responsabilit\u00e9 du g\u00e9rant ?<\/h3><\/a>\n                                    <p class=\"use-case-category\"><a href=\"https:\/\/www.altermes.fr\/en\/weblex-importer-categories\/actualites\/\" rel=\"tag\">Actualit\u00e9s<\/a>, <a href=\"https:\/\/www.altermes.fr\/en\/weblex-importer-categories\/infos-juridiques\/\" rel=\"tag\">Infos juridiques<\/a><\/p>\n                                    <p class=\"edc-content\">Les conventions conclues entre une soci\u00e9t\u00e9 et un dirigeant ou un associ\u00e9, connues sous le nom de \u00ab conventions r\u00e9glement\u00e9es \u00bb font l\u2019objet, en principe, d\u2019une approbation par l\u2019organe com...<\/p>                                <\/div>\n                                                                <div class=\"case-study-item weblex-article\">\n                                                                            <a href=\"https:\/\/www.altermes.fr\/en\/les-infos-du-jour\/permis-moto-du-nouveau\/\">\n                                            <img decoding=\"async\" width=\"600\" height=\"400\" src=\"https:\/\/www.altermes.fr\/wp-content\/uploads\/2025\/10\/Shutterstock_modalitesexamen.jpg\" class=\"attachment-custom-thumbnail size-custom-thumbnail wp-post-image\" alt=\"\" srcset=\"https:\/\/www.altermes.fr\/wp-content\/uploads\/2025\/10\/Shutterstock_modalitesexamen.jpg 600w, https:\/\/www.altermes.fr\/wp-content\/uploads\/2025\/10\/Shutterstock_modalitesexamen-480x320.jpg 480w\" sizes=\"(min-width: 0px) and (max-width: 480px) 480px, (min-width: 481px) 600px, 100vw\">                                        <\/a>\n                                                                        <a href=\"https:\/\/www.altermes.fr\/en\/les-infos-du-jour\/permis-moto-du-nouveau\/\"><h3>Permis moto : du nouveau  !<\/h3><\/a>\n                                    <p class=\"use-case-category\"><a href=\"https:\/\/www.altermes.fr\/en\/weblex-importer-categories\/actualites\/\" rel=\"tag\">Actualit\u00e9s<\/a>, <a href=\"https:\/\/www.altermes.fr\/en\/weblex-importer-categories\/infos-juridiques\/\" rel=\"tag\">Infos juridiques<\/a><\/p>\n                                    <p class=\"edc-content\">Pour obtenir un permis de conduire, il faut passer avec succ\u00e8s des examens dont les modalit\u00e9s pratiques sont encadr\u00e9es par les pouvoirs publics. Or, \u00e0 partir du 1er novembre 2025, les temps d\u2019ex...<\/p>                                <\/div>\n                                                                <div class=\"case-study-item weblex-article\">\n                                                                            <a href=\"https:\/\/www.altermes.fr\/en\/les-infos-du-jour\/agriculture-le-points-sur-les-aides-en-octobre-2025\/\">\n                                            <img decoding=\"async\" width=\"600\" height=\"400\" src=\"https:\/\/www.altermes.fr\/wp-content\/uploads\/2025\/10\/Shutterstock_agrisgeneral.jpg\" class=\"attachment-custom-thumbnail size-custom-thumbnail wp-post-image\" alt=\"\" srcset=\"https:\/\/www.altermes.fr\/wp-content\/uploads\/2025\/10\/Shutterstock_agrisgeneral.jpg 600w, https:\/\/www.altermes.fr\/wp-content\/uploads\/2025\/10\/Shutterstock_agrisgeneral-480x320.jpg 480w\" sizes=\"(min-width: 0px) and (max-width: 480px) 480px, (min-width: 481px) 600px, 100vw\">                                        <\/a>\n                                                                        <a href=\"https:\/\/www.altermes.fr\/en\/les-infos-du-jour\/agriculture-le-points-sur-les-aides-en-octobre-2025\/\"><h3>Agriculture : le points sur les aides en octobre 2025<\/h3><\/a>\n                                    <p class=\"use-case-category\"><a href=\"https:\/\/www.altermes.fr\/en\/weblex-importer-categories\/actualites\/\" rel=\"tag\">Actualit\u00e9s<\/a>, <a href=\"https:\/\/www.altermes.fr\/en\/weblex-importer-categories\/infos-juridiques\/\" rel=\"tag\">Infos juridiques<\/a><\/p>\n                                    <p class=\"edc-content\">Le secteur agricole peut b\u00e9n\u00e9ficier d\u2019un nombre important de diff\u00e9rentes aides subventions, qui font l\u2019objet r\u00e9guli\u00e8rement d\u2019am\u00e9nagements. Les montants et la conditionnalit\u00e9 de plusieurs ...<\/p>                                <\/div>\n                                                                <div class=\"case-study-item weblex-article\">\n                                                                            <a href=\"https:\/\/www.altermes.fr\/en\/les-infos-du-jour\/agriculture-le-point-sur-les-aides-en-octobre-2025\/\">\n                                            <img decoding=\"async\" width=\"600\" height=\"400\" src=\"https:\/\/www.altermes.fr\/wp-content\/uploads\/2025\/10\/Shutterstock_agrisgeneral-1.jpg\" class=\"attachment-custom-thumbnail size-custom-thumbnail wp-post-image\" alt=\"\" srcset=\"https:\/\/www.altermes.fr\/wp-content\/uploads\/2025\/10\/Shutterstock_agrisgeneral-1.jpg 600w, https:\/\/www.altermes.fr\/wp-content\/uploads\/2025\/10\/Shutterstock_agrisgeneral-1-480x320.jpg 480w\" sizes=\"(min-width: 0px) and (max-width: 480px) 480px, (min-width: 481px) 600px, 100vw\">                                        <\/a>\n                                                                        <a href=\"https:\/\/www.altermes.fr\/en\/les-infos-du-jour\/agriculture-le-point-sur-les-aides-en-octobre-2025\/\"><h3>Agriculture : le point sur les aides en octobre 2025<\/h3><\/a>\n                                    <p class=\"use-case-category\"><a href=\"https:\/\/www.altermes.fr\/en\/weblex-importer-categories\/actualites\/\" rel=\"tag\">Actualit\u00e9s<\/a>, <a href=\"https:\/\/www.altermes.fr\/en\/weblex-importer-categories\/infos-juridiques\/\" rel=\"tag\">Infos juridiques<\/a><\/p>\n                                    <p class=\"edc-content\">Le secteur agricole peut b\u00e9n\u00e9ficier d\u2019un nombre important de diff\u00e9rentes aides subventions, qui font l\u2019objet r\u00e9guli\u00e8rement d\u2019am\u00e9nagements. Les montants et la conditionnalit\u00e9 de plusieurs ...<\/p>                                <\/div>\n                                                                <div class=\"case-study-item weblex-article\">\n                                                                            <a href=\"https:\/\/www.altermes.fr\/en\/les-infos-du-jour\/medecins-liberaux-revalorisation-des-indemnites-de-pdses\/\">\n                                            <img decoding=\"async\" width=\"600\" height=\"400\" src=\"https:\/\/www.altermes.fr\/wp-content\/uploads\/2025\/10\/Shutterstock_indemnitespermanancessoins.jpg\" class=\"attachment-custom-thumbnail size-custom-thumbnail wp-post-image\" alt=\"\" srcset=\"https:\/\/www.altermes.fr\/wp-content\/uploads\/2025\/10\/Shutterstock_indemnitespermanancessoins.jpg 600w, https:\/\/www.altermes.fr\/wp-content\/uploads\/2025\/10\/Shutterstock_indemnitespermanancessoins-480x320.jpg 480w\" sizes=\"(min-width: 0px) and (max-width: 480px) 480px, (min-width: 481px) 600px, 100vw\">                                        <\/a>\n                                                                        <a href=\"https:\/\/www.altermes.fr\/en\/les-infos-du-jour\/medecins-liberaux-revalorisation-des-indemnites-de-pdses\/\"><h3>M\u00e9decins lib\u00e9raux : revalorisation des indemnit\u00e9s de PDSES<\/h3><\/a>\n                                    <p class=\"use-case-category\"><a href=\"https:\/\/www.altermes.fr\/en\/weblex-importer-categories\/actualites\/\" rel=\"tag\">Actualit\u00e9s<\/a>, <a href=\"https:\/\/www.altermes.fr\/en\/weblex-importer-categories\/infos-juridiques\/\" rel=\"tag\">Infos juridiques<\/a><\/p>\n                                    <p class=\"edc-content\">Pour assurer au mieux la continuit\u00e9 des soins sur l\u2019ensemble du territoire, le principe de permanence des soins permet \u00e0 certains professionnels de sant\u00e9 de se porter volontaires pour assurer cet...<\/p>                                <\/div>\n                                                                <div class=\"case-study-item weblex-article\">\n                                                                            <a href=\"https:\/\/www.altermes.fr\/en\/les-infos-du-jour\/commande-publique-et-reseaux-denergie-lefficacite-energetique-au-1er-plan\/\">\n                                            <img decoding=\"async\" width=\"600\" height=\"400\" src=\"https:\/\/www.altermes.fr\/wp-content\/uploads\/2025\/10\/Shutterstock_efficaciteenergetiqueue.jpg\" class=\"attachment-custom-thumbnail size-custom-thumbnail wp-post-image\" alt=\"\" srcset=\"https:\/\/www.altermes.fr\/wp-content\/uploads\/2025\/10\/Shutterstock_efficaciteenergetiqueue.jpg 600w, https:\/\/www.altermes.fr\/wp-content\/uploads\/2025\/10\/Shutterstock_efficaciteenergetiqueue-480x320.jpg 480w\" sizes=\"(min-width: 0px) and (max-width: 480px) 480px, (min-width: 481px) 600px, 100vw\">                                        <\/a>\n                                                                        <a href=\"https:\/\/www.altermes.fr\/en\/les-infos-du-jour\/commande-publique-et-reseaux-denergie-lefficacite-energetique-au-1er-plan\/\"><h3>Commande publique et r\u00e9seaux d\u2019\u00e9nergie : l\u2019efficacit\u00e9 \u00e9nerg\u00e9tique au 1er plan !<\/h3><\/a>\n                                    <p class=\"use-case-category\"><a href=\"https:\/\/www.altermes.fr\/en\/weblex-importer-categories\/actualites\/\" rel=\"tag\">Actualit\u00e9s<\/a>, <a href=\"https:\/\/www.altermes.fr\/en\/weblex-importer-categories\/infos-juridiques\/\" rel=\"tag\">Infos juridiques<\/a><\/p>\n                                    <p class=\"edc-content\">Poursuivant le travail d\u2019int\u00e9gration du droit de l\u2019Union europ\u00e9enne (UE) dans le droit national via la loi DDADUE 5 du 30 avril 2025, l\u2019\u00c9tat a transpos\u00e9 le cadre visant \u00e0 am\u00e9liorer l\u2019eff...<\/p>                                <\/div>\n                                                                <div class=\"case-study-item weblex-article\">\n                                                                            <a href=\"https:\/\/www.altermes.fr\/en\/les-infos-du-jour\/programme-de-fidelite-un-contenu-tres-personnel\/\">\n                                            <img decoding=\"async\" width=\"600\" height=\"400\" src=\"https:\/\/www.altermes.fr\/wp-content\/uploads\/2025\/10\/Shutterstock_cnilfidelite.jpg\" class=\"attachment-custom-thumbnail size-custom-thumbnail wp-post-image\" alt=\"\" srcset=\"https:\/\/www.altermes.fr\/wp-content\/uploads\/2025\/10\/Shutterstock_cnilfidelite.jpg 600w, https:\/\/www.altermes.fr\/wp-content\/uploads\/2025\/10\/Shutterstock_cnilfidelite-480x320.jpg 480w\" sizes=\"(min-width: 0px) and (max-width: 480px) 480px, (min-width: 481px) 600px, 100vw\">                                        <\/a>\n                                                                        <a href=\"https:\/\/www.altermes.fr\/en\/les-infos-du-jour\/programme-de-fidelite-un-contenu-tres-personnel\/\"><h3>Programme de fid\u00e9lit\u00e9 : un contenu tr\u00e8s personnel<\/h3><\/a>\n                                    <p class=\"use-case-category\"><a href=\"https:\/\/www.altermes.fr\/en\/weblex-importer-categories\/actualites\/\" rel=\"tag\">Actualit\u00e9s<\/a>, <a href=\"https:\/\/www.altermes.fr\/en\/weblex-importer-categories\/infos-juridiques\/\" rel=\"tag\">Infos juridiques<\/a><\/p>\n                                    <p class=\"edc-content\">Le R\u00e8glement g\u00e9n\u00e9ral sur la protection des donn\u00e9es (RGPD) a mis en place un syst\u00e8me de protection des donn\u00e9es \u00e0 caract\u00e8re personnel des personnes tr\u00e8s exigeant. \u00c0 ce titre, il admet une conc...<\/p>                                <\/div>\n                                                                <div class=\"case-study-item weblex-article\">\n                                                                            <a href=\"https:\/\/www.altermes.fr\/en\/les-infos-du-jour\/economie-maritime-une-feuille-de-route-pour-loutre-mer-jusquen-2030\/\">\n                                            <img decoding=\"async\" width=\"600\" height=\"400\" src=\"https:\/\/www.altermes.fr\/wp-content\/uploads\/2025\/10\/Shutterstock_feuillederouteeconomie.jpg\" class=\"attachment-custom-thumbnail size-custom-thumbnail wp-post-image\" alt=\"\" srcset=\"https:\/\/www.altermes.fr\/wp-content\/uploads\/2025\/10\/Shutterstock_feuillederouteeconomie.jpg 600w, https:\/\/www.altermes.fr\/wp-content\/uploads\/2025\/10\/Shutterstock_feuillederouteeconomie-480x320.jpg 480w\" sizes=\"(min-width: 0px) and (max-width: 480px) 480px, (min-width: 481px) 600px, 100vw\">                                        <\/a>\n                                                                        <a href=\"https:\/\/www.altermes.fr\/en\/les-infos-du-jour\/economie-maritime-une-feuille-de-route-pour-loutre-mer-jusquen-2030\/\"><h3>\u00c9conomie maritime : une feuille de route pour l\u2019outre-mer jusqu\u2019en 2030 !<\/h3><\/a>\n                                    <p class=\"use-case-category\"><a href=\"https:\/\/www.altermes.fr\/en\/weblex-importer-categories\/actualites\/\" rel=\"tag\">Actualit\u00e9s<\/a>, <a href=\"https:\/\/www.altermes.fr\/en\/weblex-importer-categories\/infos-juridiques\/\" rel=\"tag\">Infos juridiques<\/a><\/p>\n                                    <p class=\"edc-content\">\u00c0 la fois grande caract\u00e9ristique et opportunit\u00e9 de l\u2019outre-mer, les activit\u00e9s maritimes et littorales sont un levier de croissance important pour ces territoires mais \u00e9galement un enjeu environ...<\/p>                                <\/div>\n                                                                <div class=\"case-study-item weblex-article\">\n                                                                            <a href=\"https:\/\/www.altermes.fr\/en\/les-infos-du-jour\/hiver-2025-2026-un-nouveau-plan-pour-la-gestion-des-medicaments\/\">\n                                            <img decoding=\"async\" width=\"600\" height=\"400\" src=\"https:\/\/www.altermes.fr\/wp-content\/uploads\/2025\/10\/Shutterstock_planhivernal.jpg\" class=\"attachment-custom-thumbnail size-custom-thumbnail wp-post-image\" alt=\"\" srcset=\"https:\/\/www.altermes.fr\/wp-content\/uploads\/2025\/10\/Shutterstock_planhivernal.jpg 600w, https:\/\/www.altermes.fr\/wp-content\/uploads\/2025\/10\/Shutterstock_planhivernal-480x320.jpg 480w\" sizes=\"(min-width: 0px) and (max-width: 480px) 480px, (min-width: 481px) 600px, 100vw\">                                        <\/a>\n                                                                        <a href=\"https:\/\/www.altermes.fr\/en\/les-infos-du-jour\/hiver-2025-2026-un-nouveau-plan-pour-la-gestion-des-medicaments\/\"><h3>Hiver 2025-2026 : un nouveau plan pour la gestion des m\u00e9dicaments<\/h3><\/a>\n                                    <p class=\"use-case-category\"><a href=\"https:\/\/www.altermes.fr\/en\/weblex-importer-categories\/actualites\/\" rel=\"tag\">Actualit\u00e9s<\/a>, <a href=\"https:\/\/www.altermes.fr\/en\/weblex-importer-categories\/infos-juridiques\/\" rel=\"tag\">Infos juridiques<\/a><\/p>\n                                    <p class=\"edc-content\">Pour la 3e ann\u00e9e cons\u00e9cutive, l\u2019Agence nationale de s\u00e9curit\u00e9 du m\u00e9dicament et des produits de sant\u00e9 (ANSM) met en place un plan hivernal pour anticiper et g\u00e9rer au mieux les situations de ten...<\/p>                                <\/div>\n                                                                <div class=\"case-study-item weblex-article\">\n                                                                            <a href=\"https:\/\/www.altermes.fr\/en\/les-infos-du-jour\/frais-bancaires-sur-succession-un-encadrement-pour-stopper-les-debordements\/\">\n                                            <img decoding=\"async\" width=\"600\" height=\"400\" src=\"https:\/\/www.altermes.fr\/wp-content\/uploads\/2025\/10\/Shutterstock_fraisbancairesuccession.jpg\" class=\"attachment-custom-thumbnail size-custom-thumbnail wp-post-image\" alt=\"\" srcset=\"https:\/\/www.altermes.fr\/wp-content\/uploads\/2025\/10\/Shutterstock_fraisbancairesuccession.jpg 600w, https:\/\/www.altermes.fr\/wp-content\/uploads\/2025\/10\/Shutterstock_fraisbancairesuccession-480x320.jpg 480w\" sizes=\"(min-width: 0px) and (max-width: 480px) 480px, (min-width: 481px) 600px, 100vw\">                                        <\/a>\n                                                                        <a href=\"https:\/\/www.altermes.fr\/en\/les-infos-du-jour\/frais-bancaires-sur-succession-un-encadrement-pour-stopper-les-debordements\/\"><h3>Frais bancaires sur succession : un encadrement pour stopper les d\u00e9bordements !<\/h3><\/a>\n                                    <p class=\"use-case-category\"><a href=\"https:\/\/www.altermes.fr\/en\/weblex-importer-categories\/actualites\/\" rel=\"tag\">Actualit\u00e9s<\/a>, <a href=\"https:\/\/www.altermes.fr\/en\/weblex-importer-categories\/infos-juridiques\/\" rel=\"tag\">Infos juridiques<\/a><\/p>\n                                    <p class=\"edc-content\">Actuellement, les \u00ab frais bancaires de succession \u00bb, c\u2019est-\u00e0-dire les frais factur\u00e9s par les banques pour r\u00e9aliser des op\u00e9rations sur les comptes d\u2019un client d\u00e9c\u00e9d\u00e9, ne sont pas r\u00e9glemen...<\/p>                                <\/div>\n                                                                <div class=\"case-study-item weblex-article\">\n                                                                            <a href=\"https:\/\/www.altermes.fr\/en\/les-infos-du-jour\/remises-ristournes-et-avantages-des-pharmacies-retropedalage-en-vue\/\">\n                                            <img decoding=\"async\" width=\"600\" height=\"400\" src=\"https:\/\/www.altermes.fr\/wp-content\/uploads\/2025\/10\/Shutterstock_ristournespharmacies1.jpg\" class=\"attachment-custom-thumbnail size-custom-thumbnail wp-post-image\" alt=\"\" srcset=\"https:\/\/www.altermes.fr\/wp-content\/uploads\/2025\/10\/Shutterstock_ristournespharmacies1.jpg 600w, https:\/\/www.altermes.fr\/wp-content\/uploads\/2025\/10\/Shutterstock_ristournespharmacies1-480x320.jpg 480w\" sizes=\"(min-width: 0px) and (max-width: 480px) 480px, (min-width: 481px) 600px, 100vw\">                                        <\/a>\n                                                                        <a href=\"https:\/\/www.altermes.fr\/en\/les-infos-du-jour\/remises-ristournes-et-avantages-des-pharmacies-retropedalage-en-vue\/\"><h3>Remises, ristournes et avantages des pharmacies : r\u00e9trop\u00e9dalage en vue !<\/h3><\/a>\n                                    <p class=\"use-case-category\"><a href=\"https:\/\/www.altermes.fr\/en\/weblex-importer-categories\/actualites\/\" rel=\"tag\">Actualit\u00e9s<\/a>, <a href=\"https:\/\/www.altermes.fr\/en\/weblex-importer-categories\/infos-juridiques\/\" rel=\"tag\">Infos juridiques<\/a><\/p>\n                                    <p class=\"edc-content\">Pour rappel, le Gouvernement avait fix\u00e9 cet \u00e9t\u00e9 le calendrier et les plafonds des remises commerciales pouvant \u00eatre accord\u00e9es par les laboratoires pharmaceutiques aux officines, avec une baisse p...<\/p>                                <\/div>\n                                                                <div class=\"case-study-item weblex-article\">\n                                                                            <a href=\"https:\/\/www.altermes.fr\/en\/les-infos-du-jour\/agents-immobiliers-le-formalisme-du-mandat-en-question\/\">\n                                            <img decoding=\"async\" width=\"600\" height=\"400\" src=\"https:\/\/www.altermes.fr\/wp-content\/uploads\/2025\/10\/Shutterstock_carteagentimmo.jpg\" class=\"attachment-custom-thumbnail size-custom-thumbnail wp-post-image\" alt=\"\" srcset=\"https:\/\/www.altermes.fr\/wp-content\/uploads\/2025\/10\/Shutterstock_carteagentimmo.jpg 600w, https:\/\/www.altermes.fr\/wp-content\/uploads\/2025\/10\/Shutterstock_carteagentimmo-480x320.jpg 480w\" sizes=\"(min-width: 0px) and (max-width: 480px) 480px, (min-width: 481px) 600px, 100vw\">                                        <\/a>\n                                                                        <a href=\"https:\/\/www.altermes.fr\/en\/les-infos-du-jour\/agents-immobiliers-le-formalisme-du-mandat-en-question\/\"><h3>Agents immobiliers : le formalisme du mandat en question<\/h3><\/a>\n                                    <p class=\"use-case-category\"><a href=\"https:\/\/www.altermes.fr\/en\/weblex-importer-categories\/actualites\/\" rel=\"tag\">Actualit\u00e9s<\/a>, <a href=\"https:\/\/www.altermes.fr\/en\/weblex-importer-categories\/infos-juridiques\/\" rel=\"tag\">Infos juridiques<\/a><\/p>\n                                    <p class=\"edc-content\">Les mandats confi\u00e9s aux agents immobiliers doivent suivre un formalisme pr\u00e9cis, dont le non-respect peut entrainer jusqu\u2019\u00e0 la nullit\u00e9 du mandat. Une nullit\u00e9 qui doit n\u00e9anmoins s\u2019appliquer av...<\/p>                                <\/div>\n                                                                <div class=\"case-study-item weblex-article\">\n                                                                            <a href=\"https:\/\/www.altermes.fr\/en\/les-infos-du-jour\/reglementation-des-mousses-anti-incendie-un-nouveau-pas-dans-la-lutte-contre-les-pfas\/\">\n                                            <img decoding=\"async\" width=\"600\" height=\"400\" src=\"https:\/\/www.altermes.fr\/wp-content\/uploads\/2025\/10\/Shutterstock_PFASmousseantiincendie.jpg\" class=\"attachment-custom-thumbnail size-custom-thumbnail wp-post-image\" alt=\"\" srcset=\"https:\/\/www.altermes.fr\/wp-content\/uploads\/2025\/10\/Shutterstock_PFASmousseantiincendie.jpg 600w, https:\/\/www.altermes.fr\/wp-content\/uploads\/2025\/10\/Shutterstock_PFASmousseantiincendie-480x320.jpg 480w\" sizes=\"(min-width: 0px) and (max-width: 480px) 480px, (min-width: 481px) 600px, 100vw\">                                        <\/a>\n                                                                        <a href=\"https:\/\/www.altermes.fr\/en\/les-infos-du-jour\/reglementation-des-mousses-anti-incendie-un-nouveau-pas-dans-la-lutte-contre-les-pfas\/\"><h3>R\u00e9glementation des mousses anti-incendie : un nouveau pas dans la lutte contre les PFAS<\/h3><\/a>\n                                    <p class=\"use-case-category\"><a href=\"https:\/\/www.altermes.fr\/en\/weblex-importer-categories\/actualites\/\" rel=\"tag\">Actualit\u00e9s<\/a>, <a href=\"https:\/\/www.altermes.fr\/en\/weblex-importer-categories\/infos-juridiques\/\" rel=\"tag\">Infos juridiques<\/a><\/p>\n                                    <p class=\"edc-content\">30 000 tonnes : c\u2019est la quantit\u00e9 de mousses anti-incendie produite chaque ann\u00e9e dans l\u2019Union europ\u00e9enne (UE). Or, 60 % contiennent des substances perfluoroalkyl\u00e9es et polyfluoroalkyl\u00e9es (PFA...<\/p>                                <\/div>\n                                                                <div class=\"case-study-item weblex-article\">\n                                                                            <a href=\"https:\/\/www.altermes.fr\/en\/les-infos-du-jour\/services-de-medias-numeriques-que-faire-des-donnees-des-clients-inactifs\/\">\n                                            <img decoding=\"async\" width=\"600\" height=\"400\" src=\"https:\/\/www.altermes.fr\/wp-content\/uploads\/2025\/10\/Shutterstock_conservationdonneesmedias.jpg\" class=\"attachment-custom-thumbnail size-custom-thumbnail wp-post-image\" alt=\"\" srcset=\"https:\/\/www.altermes.fr\/wp-content\/uploads\/2025\/10\/Shutterstock_conservationdonneesmedias.jpg 600w, https:\/\/www.altermes.fr\/wp-content\/uploads\/2025\/10\/Shutterstock_conservationdonneesmedias-480x320.jpg 480w\" sizes=\"(min-width: 0px) and (max-width: 480px) 480px, (min-width: 481px) 600px, 100vw\">                                        <\/a>\n                                                                        <a href=\"https:\/\/www.altermes.fr\/en\/les-infos-du-jour\/services-de-medias-numeriques-que-faire-des-donnees-des-clients-inactifs\/\"><h3>Services de m\u00e9dias num\u00e9riques : que faire des donn\u00e9es des clients inactifs ?<\/h3><\/a>\n                                    <p class=\"use-case-category\"><a href=\"https:\/\/www.altermes.fr\/en\/weblex-importer-categories\/actualites\/\" rel=\"tag\">Actualit\u00e9s<\/a>, <a href=\"https:\/\/www.altermes.fr\/en\/weblex-importer-categories\/infos-juridiques\/\" rel=\"tag\">Infos juridiques<\/a><\/p>\n                                    <p class=\"edc-content\">Le r\u00e8glement g\u00e9n\u00e9ral sur la protection des donn\u00e9es (RGPD) pr\u00e9voit de nombreuses limitations concernant le traitement des donn\u00e9es personnelles de leurs clients par des professionnels, et notammen...<\/p>                                <\/div>\n                                                                <div class=\"case-study-item weblex-article\">\n                                                                            <a href=\"https:\/\/www.altermes.fr\/en\/les-infos-du-jour\/debitants-de-tabacs-de-nombreuses-nouveautes-a-connaitre\/\">\n                                            <img decoding=\"async\" width=\"600\" height=\"400\" src=\"https:\/\/www.altermes.fr\/wp-content\/uploads\/2025\/10\/Shutterstock_arretetabac.jpg\" class=\"attachment-custom-thumbnail size-custom-thumbnail wp-post-image\" alt=\"\" srcset=\"https:\/\/www.altermes.fr\/wp-content\/uploads\/2025\/10\/Shutterstock_arretetabac.jpg 600w, https:\/\/www.altermes.fr\/wp-content\/uploads\/2025\/10\/Shutterstock_arretetabac-480x320.jpg 480w\" sizes=\"(min-width: 0px) and (max-width: 480px) 480px, (min-width: 481px) 600px, 100vw\">                                        <\/a>\n                                                                        <a href=\"https:\/\/www.altermes.fr\/en\/les-infos-du-jour\/debitants-de-tabacs-de-nombreuses-nouveautes-a-connaitre\/\"><h3>D\u00e9bitants de tabacs : de nombreuses nouveaut\u00e9s \u00e0 connaitre<\/h3><\/a>\n                                    <p class=\"use-case-category\"><a href=\"https:\/\/www.altermes.fr\/en\/weblex-importer-categories\/actualites\/\" rel=\"tag\">Actualit\u00e9s<\/a>, <a href=\"https:\/\/www.altermes.fr\/en\/weblex-importer-categories\/infos-juridiques\/\" rel=\"tag\">Infos juridiques<\/a><\/p>\n                                    <p class=\"edc-content\">De nombreux changements sont apport\u00e9s concernant l\u2019exercice de la profession de d\u00e9bitants de tabac. Ces \u00e9volutions doivent permettre de moderniser certains aspects de la profession tout en permet...<\/p>                                <\/div>\n                                                                <div class=\"case-study-item weblex-article\">\n                                                                            <a href=\"https:\/\/www.altermes.fr\/en\/les-infos-du-jour\/influence-etrangere-un-nouveau-repertoire-pour-une-meilleure-transparence\/\">\n                                            <img decoding=\"async\" width=\"600\" height=\"400\" src=\"https:\/\/www.altermes.fr\/wp-content\/uploads\/2025\/10\/Shutterstock_repertoireinfluenceetranger.jpg\" class=\"attachment-custom-thumbnail size-custom-thumbnail wp-post-image\" alt=\"\" srcset=\"https:\/\/www.altermes.fr\/wp-content\/uploads\/2025\/10\/Shutterstock_repertoireinfluenceetranger.jpg 600w, https:\/\/www.altermes.fr\/wp-content\/uploads\/2025\/10\/Shutterstock_repertoireinfluenceetranger-480x320.jpg 480w\" sizes=\"(min-width: 0px) and (max-width: 480px) 480px, (min-width: 481px) 600px, 100vw\">                                        <\/a>\n                                                                        <a href=\"https:\/\/www.altermes.fr\/en\/les-infos-du-jour\/influence-etrangere-un-nouveau-repertoire-pour-une-meilleure-transparence\/\"><h3>Influence \u00e9trang\u00e8re : un nouveau r\u00e9pertoire pour une meilleure transparence<\/h3><\/a>\n                                    <p class=\"use-case-category\"><a href=\"https:\/\/www.altermes.fr\/en\/weblex-importer-categories\/actualites\/\" rel=\"tag\">Actualit\u00e9s<\/a>, <a href=\"https:\/\/www.altermes.fr\/en\/weblex-importer-categories\/infos-juridiques\/\" rel=\"tag\">Infos juridiques<\/a><\/p>\n                                    <p class=\"edc-content\">Parce que les activit\u00e9s d\u2019influence \u00e9trang\u00e8re ont pris un nouvel essor avec les outils num\u00e9riques, l\u2019\u00c9tat a adapt\u00e9 ses dispositifs de transparence et de lutte contre les tentatives d\u2019ing\u00e9...<\/p>                                <\/div>\n                                                                <div class=\"case-study-item weblex-article\">\n                                                                            <a href=\"https:\/\/www.altermes.fr\/en\/les-infos-du-jour\/actes-electroniques-des-precisions-pour-le-notariat\/\">\n                                            <img decoding=\"async\" width=\"600\" height=\"400\" src=\"https:\/\/www.altermes.fr\/wp-content\/uploads\/2025\/10\/Shutterstock_actesnotariesdematerialises.jpg\" class=\"attachment-custom-thumbnail size-custom-thumbnail wp-post-image\" alt=\"\" srcset=\"https:\/\/www.altermes.fr\/wp-content\/uploads\/2025\/10\/Shutterstock_actesnotariesdematerialises.jpg 600w, https:\/\/www.altermes.fr\/wp-content\/uploads\/2025\/10\/Shutterstock_actesnotariesdematerialises-480x320.jpg 480w\" sizes=\"(min-width: 0px) and (max-width: 480px) 480px, (min-width: 481px) 600px, 100vw\">                                        <\/a>\n                                                                        <a href=\"https:\/\/www.altermes.fr\/en\/les-infos-du-jour\/actes-electroniques-des-precisions-pour-le-notariat\/\"><h3>Actes \u00e9lectroniques : des pr\u00e9cisions pour le notariat<\/h3><\/a>\n                                    <p class=\"use-case-category\"><a href=\"https:\/\/www.altermes.fr\/en\/weblex-importer-categories\/actualites\/\" rel=\"tag\">Actualit\u00e9s<\/a>, <a href=\"https:\/\/www.altermes.fr\/en\/weblex-importer-categories\/infos-juridiques\/\" rel=\"tag\">Infos juridiques<\/a><\/p>\n                                    <p class=\"edc-content\">Comme tous les secteurs, le notariat a int\u00e9gr\u00e9 l\u2019utilisation du support \u00e9lectronique pour l\u2019\u00e9tablissement, la signature et le stockage des actes. Cependant, les notaires doivent respecter un c...<\/p>                                <\/div>\n                                                                <div class=\"case-study-item weblex-article\">\n                                                                            <a href=\"https:\/\/www.altermes.fr\/en\/les-infos-du-jour\/spsti-des-precisions-sur-le-recours-aux-medecins-correspondants\/\">\n                                            <img decoding=\"async\" width=\"600\" height=\"400\" src=\"https:\/\/www.altermes.fr\/wp-content\/uploads\/2025\/10\/Shutterstock_spstimodelemedecin.jpg\" class=\"attachment-custom-thumbnail size-custom-thumbnail wp-post-image\" alt=\"\" srcset=\"https:\/\/www.altermes.fr\/wp-content\/uploads\/2025\/10\/Shutterstock_spstimodelemedecin.jpg 600w, https:\/\/www.altermes.fr\/wp-content\/uploads\/2025\/10\/Shutterstock_spstimodelemedecin-480x320.jpg 480w\" sizes=\"(min-width: 0px) and (max-width: 480px) 480px, (min-width: 481px) 600px, 100vw\">                                        <\/a>\n                                                                        <a href=\"https:\/\/www.altermes.fr\/en\/les-infos-du-jour\/spsti-des-precisions-sur-le-recours-aux-medecins-correspondants\/\"><h3>SPSTI : des pr\u00e9cisions sur le recours aux m\u00e9decins correspondants<\/h3><\/a>\n                                    <p class=\"use-case-category\"><a href=\"https:\/\/www.altermes.fr\/en\/weblex-importer-categories\/actualites\/\" rel=\"tag\">Actualit\u00e9s<\/a>, <a href=\"https:\/\/www.altermes.fr\/en\/weblex-importer-categories\/infos-juridiques\/\" rel=\"tag\">Infos juridiques<\/a><\/p>\n                                    <p class=\"edc-content\">Les services de pr\u00e9vention et de sant\u00e9 au travail interentreprises (SPSTI) sont des associations mises en place par des employeurs afin de mettre en place des mesures de pr\u00e9vention des risques prof...<\/p>                                <\/div>\n                                                                <div class=\"case-study-item weblex-article\">\n                                                                            <a href=\"https:\/\/www.altermes.fr\/en\/les-infos-du-jour\/diagnostic-de-performance-energetique-point-trop-nen-faut\/\">\n                                            <img decoding=\"async\" width=\"600\" height=\"400\" src=\"https:\/\/www.altermes.fr\/wp-content\/uploads\/2025\/10\/Shutterstock_DPElimitestat.jpg\" class=\"attachment-custom-thumbnail size-custom-thumbnail wp-post-image\" alt=\"\" srcset=\"https:\/\/www.altermes.fr\/wp-content\/uploads\/2025\/10\/Shutterstock_DPElimitestat.jpg 600w, https:\/\/www.altermes.fr\/wp-content\/uploads\/2025\/10\/Shutterstock_DPElimitestat-480x320.jpg 480w\" sizes=\"(min-width: 0px) and (max-width: 480px) 480px, (min-width: 481px) 600px, 100vw\">                                        <\/a>\n                                                                        <a href=\"https:\/\/www.altermes.fr\/en\/les-infos-du-jour\/diagnostic-de-performance-energetique-point-trop-nen-faut\/\"><h3>Diagnostic de performance \u00e9nerg\u00e9tique : point trop n\u2019en faut<\/h3><\/a>\n                                    <p class=\"use-case-category\"><a href=\"https:\/\/www.altermes.fr\/en\/weblex-importer-categories\/actualites\/\" rel=\"tag\">Actualit\u00e9s<\/a>, <a href=\"https:\/\/www.altermes.fr\/en\/weblex-importer-categories\/infos-juridiques\/\" rel=\"tag\">Infos juridiques<\/a><\/p>\n                                    <p class=\"edc-content\">Le Gouvernement cherche activement \u00e0 s\u00e9curiser les diverses prestations autour du secteur de l\u2019\u00e9conomie d\u2019\u00e9nergie. \u00c0 ce titre, une mesure est prise pour encourager certains diagnostiqueurs \u00e0...<\/p>                                <\/div>\n                                                                <div class=\"case-study-item weblex-article\">\n                                                                            <a href=\"https:\/\/www.altermes.fr\/en\/les-infos-du-jour\/professionnels-de-sante-precisions-sur-la-cessation-dactivite\/\">\n                                            <img decoding=\"async\" width=\"600\" height=\"400\" src=\"https:\/\/www.altermes.fr\/wp-content\/uploads\/2025\/10\/Shutterstock_informationdinactivite.jpg\" class=\"attachment-custom-thumbnail size-custom-thumbnail wp-post-image\" alt=\"\" srcset=\"https:\/\/www.altermes.fr\/wp-content\/uploads\/2025\/10\/Shutterstock_informationdinactivite.jpg 600w, https:\/\/www.altermes.fr\/wp-content\/uploads\/2025\/10\/Shutterstock_informationdinactivite-480x320.jpg 480w\" sizes=\"(min-width: 0px) and (max-width: 480px) 480px, (min-width: 481px) 600px, 100vw\">                                        <\/a>\n                                                                        <a href=\"https:\/\/www.altermes.fr\/en\/les-infos-du-jour\/professionnels-de-sante-precisions-sur-la-cessation-dactivite\/\"><h3>Professionnels de sant\u00e9 : pr\u00e9cisions sur la cessation d\u2019activit\u00e9<\/h3><\/a>\n                                    <p class=\"use-case-category\"><a href=\"https:\/\/www.altermes.fr\/en\/weblex-importer-categories\/actualites\/\" rel=\"tag\">Actualit\u00e9s<\/a>, <a href=\"https:\/\/www.altermes.fr\/en\/weblex-importer-categories\/infos-juridiques\/\" rel=\"tag\">Infos juridiques<\/a><\/p>\n                                    <p class=\"edc-content\">Afin de permettre d\u2019anticiper des difficult\u00e9s concernant l\u2019acc\u00e8s aux soins sur certains territoires, les centres de sant\u00e9 et certains professionnels de sant\u00e9 lib\u00e9raux ont l\u2019obligation d\u2019i...<\/p>                                <\/div>\n                                                                <div class=\"case-study-item weblex-article\">\n                                                                            <a href=\"https:\/\/www.altermes.fr\/en\/les-infos-du-jour\/nullites-en-droit-des-societes-la-reforme-entre-en-jeu\/\">\n                                            <img decoding=\"async\" width=\"600\" height=\"400\" src=\"https:\/\/www.altermes.fr\/wp-content\/uploads\/2025\/10\/Shutterstock_nulliteeendroit.jpg\" class=\"attachment-custom-thumbnail size-custom-thumbnail wp-post-image\" alt=\"\" srcset=\"https:\/\/www.altermes.fr\/wp-content\/uploads\/2025\/10\/Shutterstock_nulliteeendroit.jpg 600w, https:\/\/www.altermes.fr\/wp-content\/uploads\/2025\/10\/Shutterstock_nulliteeendroit-480x320.jpg 480w\" sizes=\"(min-width: 0px) and (max-width: 480px) 480px, (min-width: 481px) 600px, 100vw\">                                        <\/a>\n                                                                        <a href=\"https:\/\/www.altermes.fr\/en\/les-infos-du-jour\/nullites-en-droit-des-societes-la-reforme-entre-en-jeu\/\"><h3>Nullit\u00e9s en droit des soci\u00e9t\u00e9s : la r\u00e9forme entre en jeu !<\/h3><\/a>\n                                    <p class=\"use-case-category\"><a href=\"https:\/\/www.altermes.fr\/en\/weblex-importer-categories\/actualites\/\" rel=\"tag\">Actualit\u00e9s<\/a>, <a href=\"https:\/\/www.altermes.fr\/en\/weblex-importer-categories\/infos-juridiques\/\" rel=\"tag\">Infos juridiques<\/a><\/p>\n                                    <p class=\"edc-content\">S\u2019appuyant sur les observations des professionnels du droit qui en regrettaient la complexit\u00e9 et l\u2019ins\u00e9curit\u00e9 juridique, le Gouvernement a r\u00e9form\u00e9 le r\u00e9gime des nullit\u00e9s des soci\u00e9t\u00e9s en m...<\/p>                                <\/div>\n                                                                <div class=\"case-study-item weblex-article\">\n                                                                            <a href=\"https:\/\/www.altermes.fr\/en\/les-infos-du-jour\/arret-du-paiement-du-loyer-commercial-mise-en-demeure-necessaire\/\">\n                                            <img decoding=\"async\" width=\"600\" height=\"400\" src=\"https:\/\/www.altermes.fr\/wp-content\/uploads\/2025\/09\/Shutterstock_bailcommercialmisedemeure.jpg\" class=\"attachment-custom-thumbnail size-custom-thumbnail wp-post-image\" alt=\"\" srcset=\"https:\/\/www.altermes.fr\/wp-content\/uploads\/2025\/09\/Shutterstock_bailcommercialmisedemeure.jpg 600w, https:\/\/www.altermes.fr\/wp-content\/uploads\/2025\/09\/Shutterstock_bailcommercialmisedemeure-480x320.jpg 480w\" sizes=\"(min-width: 0px) and (max-width: 480px) 480px, (min-width: 481px) 600px, 100vw\">                                        <\/a>\n                                                                        <a href=\"https:\/\/www.altermes.fr\/en\/les-infos-du-jour\/arret-du-paiement-du-loyer-commercial-mise-en-demeure-necessaire\/\"><h3>Arr\u00eat du paiement du loyer commercial : mise en demeure n\u00e9cessaire ?<\/h3><\/a>\n                                    <p class=\"use-case-category\"><a href=\"https:\/\/www.altermes.fr\/en\/weblex-importer-categories\/actualites\/\" rel=\"tag\">Actualit\u00e9s<\/a>, <a href=\"https:\/\/www.altermes.fr\/en\/weblex-importer-categories\/infos-juridiques\/\" rel=\"tag\">Infos juridiques<\/a><\/p>\n                                    <p class=\"edc-content\">Le bailleur qui ne respecte pas ses obligations en mati\u00e8re d\u2019entretien du bien lou\u00e9 peut, sous conditions, voir le versement de ses loyers valablement suspendu par le locataire. Cette exception d?...<\/p>                                <\/div>\n                                                                <div class=\"case-study-item weblex-article\">\n                                                                            <a href=\"https:\/\/www.altermes.fr\/en\/les-infos-du-jour\/agriculture-le-point-sur-les-mesures-daide-en-septembre-2025\/\">\n                                            <img decoding=\"async\" width=\"600\" height=\"400\" src=\"https:\/\/www.altermes.fr\/wp-content\/uploads\/2025\/09\/Shutterstock_globalagri.jpg\" class=\"attachment-custom-thumbnail size-custom-thumbnail wp-post-image\" alt=\"\" srcset=\"https:\/\/www.altermes.fr\/wp-content\/uploads\/2025\/09\/Shutterstock_globalagri.jpg 600w, https:\/\/www.altermes.fr\/wp-content\/uploads\/2025\/09\/Shutterstock_globalagri-480x320.jpg 480w\" sizes=\"(min-width: 0px) and (max-width: 480px) 480px, (min-width: 481px) 600px, 100vw\">                                        <\/a>\n                                                                        <a href=\"https:\/\/www.altermes.fr\/en\/les-infos-du-jour\/agriculture-le-point-sur-les-mesures-daide-en-septembre-2025\/\"><h3>Agriculture : le point sur les mesures d\u2019aide en septembre 2025<\/h3><\/a>\n                                    <p class=\"use-case-category\"><a href=\"https:\/\/www.altermes.fr\/en\/weblex-importer-categories\/actualites\/\" rel=\"tag\">Actualit\u00e9s<\/a>, <a href=\"https:\/\/www.altermes.fr\/en\/weblex-importer-categories\/infos-juridiques\/\" rel=\"tag\">Infos juridiques<\/a><\/p>\n                                    <p class=\"edc-content\">Le secteur agricole peut b\u00e9n\u00e9ficier d\u2019un nombre important de diff\u00e9rentes aides. Des pr\u00e9cisions sont apport\u00e9es concernant plusieurs d\u2019entre elles\u2026Lutte contre la dermatose nodulaireAfin de l...<\/p>                                <\/div>\n                                                                <div class=\"case-study-item weblex-article\">\n                                                                            <a href=\"https:\/\/www.altermes.fr\/en\/les-infos-du-jour\/information-annuelle-de-la-caution-gare-aux-envois-groupes\/\">\n                                            <img decoding=\"async\" width=\"600\" height=\"400\" src=\"https:\/\/www.altermes.fr\/wp-content\/uploads\/2025\/09\/Shutterstock_informationindividuellecaution.jpg\" class=\"attachment-custom-thumbnail size-custom-thumbnail wp-post-image\" alt=\"\" srcset=\"https:\/\/www.altermes.fr\/wp-content\/uploads\/2025\/09\/Shutterstock_informationindividuellecaution.jpg 600w, https:\/\/www.altermes.fr\/wp-content\/uploads\/2025\/09\/Shutterstock_informationindividuellecaution-480x320.jpg 480w\" sizes=\"(min-width: 0px) and (max-width: 480px) 480px, (min-width: 481px) 600px, 100vw\">                                        <\/a>\n                                                                        <a href=\"https:\/\/www.altermes.fr\/en\/les-infos-du-jour\/information-annuelle-de-la-caution-gare-aux-envois-groupes\/\"><h3>Information annuelle de la caution : gare aux envois group\u00e9s !<\/h3><\/a>\n                                    <p class=\"use-case-category\"><a href=\"https:\/\/www.altermes.fr\/en\/weblex-importer-categories\/actualites\/\" rel=\"tag\">Actualit\u00e9s<\/a>, <a href=\"https:\/\/www.altermes.fr\/en\/weblex-importer-categories\/infos-juridiques\/\" rel=\"tag\">Infos juridiques<\/a><\/p>\n                                    <p class=\"edc-content\">Un particulier qui se porte caution d\u2019un pr\u00eat contract\u00e9 aupr\u00e8s d\u2019un cr\u00e9ancier professionnel doit recevoir chaque ann\u00e9e l\u2019\u00e9tat des sommes dues par le d\u00e9biteur. Selon des modalit\u00e9s qui vie...<\/p>                                <\/div>\n                                                                <div class=\"case-study-item weblex-article\">\n                                                                            <a href=\"https:\/\/www.altermes.fr\/en\/les-infos-du-jour\/cooperation-entre-professionnels-de-sante-des-modalites-modifiees\/\">\n                                            <img decoding=\"async\" width=\"600\" height=\"400\" src=\"https:\/\/www.altermes.fr\/wp-content\/uploads\/2025\/09\/Shutterstock_protocolescooperationsante.jpg\" class=\"attachment-custom-thumbnail size-custom-thumbnail wp-post-image\" alt=\"\" srcset=\"https:\/\/www.altermes.fr\/wp-content\/uploads\/2025\/09\/Shutterstock_protocolescooperationsante.jpg 600w, https:\/\/www.altermes.fr\/wp-content\/uploads\/2025\/09\/Shutterstock_protocolescooperationsante-480x320.jpg 480w\" sizes=\"(min-width: 0px) and (max-width: 480px) 480px, (min-width: 481px) 600px, 100vw\">                                        <\/a>\n                                                                        <a href=\"https:\/\/www.altermes.fr\/en\/les-infos-du-jour\/cooperation-entre-professionnels-de-sante-des-modalites-modifiees\/\"><h3>Coop\u00e9ration entre professionnels de sant\u00e9 : des modalit\u00e9s modifi\u00e9es<\/h3><\/a>\n                                    <p class=\"use-case-category\"><a href=\"https:\/\/www.altermes.fr\/en\/weblex-importer-categories\/actualites\/\" rel=\"tag\">Actualit\u00e9s<\/a>, <a href=\"https:\/\/www.altermes.fr\/en\/weblex-importer-categories\/infos-juridiques\/\" rel=\"tag\">Infos juridiques<\/a><\/p>\n                                    <p class=\"edc-content\">Outil permettant d\u2019am\u00e9liorer l\u2019organisation et la prise en charge des patients, les protocoles de coop\u00e9rations nationaux et locaux mettent en lien des professionnels de sant\u00e9 afin de transf\u00e9re...<\/p>                                <\/div>\n                                                                <div class=\"case-study-item weblex-article\">\n                                                                            <a href=\"https:\/\/www.altermes.fr\/en\/les-infos-du-jour\/signalisation-routiere-quelques-nouveautes-a-signaler\/\">\n                                            <img decoding=\"async\" width=\"600\" height=\"400\" src=\"https:\/\/www.altermes.fr\/wp-content\/uploads\/2025\/09\/Shutterstock_signalisationroutiere.jpg\" class=\"attachment-custom-thumbnail size-custom-thumbnail wp-post-image\" alt=\"\" srcset=\"https:\/\/www.altermes.fr\/wp-content\/uploads\/2025\/09\/Shutterstock_signalisationroutiere.jpg 600w, https:\/\/www.altermes.fr\/wp-content\/uploads\/2025\/09\/Shutterstock_signalisationroutiere-480x320.jpg 480w\" sizes=\"(min-width: 0px) and (max-width: 480px) 480px, (min-width: 481px) 600px, 100vw\">                                        <\/a>\n                                                                        <a href=\"https:\/\/www.altermes.fr\/en\/les-infos-du-jour\/signalisation-routiere-quelques-nouveautes-a-signaler\/\"><h3>Signalisation routi\u00e8re : quelques nouveaut\u00e9s \u00e0 signaler !<\/h3><\/a>\n                                    <p class=\"use-case-category\"><a href=\"https:\/\/www.altermes.fr\/en\/weblex-importer-categories\/actualites\/\" rel=\"tag\">Actualit\u00e9s<\/a>, <a href=\"https:\/\/www.altermes.fr\/en\/weblex-importer-categories\/infos-juridiques\/\" rel=\"tag\">Infos juridiques<\/a><\/p>\n                                    <p class=\"edc-content\">Parce que l\u2019information des obstacles ou des directions est essentielle pour la s\u00e9curit\u00e9 routi\u00e8re, une signalisation claire et \u00e0 jour doit \u00eatre assur\u00e9e. Ce qui se traduit ici par quelques nouv...<\/p>                                <\/div>\n                                                                <div class=\"case-study-item weblex-article\">\n                                                                            <a href=\"https:\/\/www.altermes.fr\/en\/les-infos-du-jour\/fibre-optique-les-modalites-de-laide-financiere-se-precisent\/\">\n                                            <img decoding=\"async\" width=\"600\" height=\"400\" src=\"https:\/\/www.altermes.fr\/wp-content\/uploads\/2025\/09\/Shutterstock_arretmodalitesaidefibre.jpg\" class=\"attachment-custom-thumbnail size-custom-thumbnail wp-post-image\" alt=\"\" srcset=\"https:\/\/www.altermes.fr\/wp-content\/uploads\/2025\/09\/Shutterstock_arretmodalitesaidefibre.jpg 600w, https:\/\/www.altermes.fr\/wp-content\/uploads\/2025\/09\/Shutterstock_arretmodalitesaidefibre-480x320.jpg 480w\" sizes=\"(min-width: 0px) and (max-width: 480px) 480px, (min-width: 481px) 600px, 100vw\">                                        <\/a>\n                                                                        <a href=\"https:\/\/www.altermes.fr\/en\/les-infos-du-jour\/fibre-optique-les-modalites-de-laide-financiere-se-precisent\/\"><h3>Fibre optique : les modalit\u00e9s de l\u2019aide financi\u00e8re se pr\u00e9cisent\u2026<\/h3><\/a>\n                                    <p class=\"use-case-category\"><a href=\"https:\/\/www.altermes.fr\/en\/weblex-importer-categories\/actualites\/\" rel=\"tag\">Actualit\u00e9s<\/a>, <a href=\"https:\/\/www.altermes.fr\/en\/weblex-importer-categories\/infos-juridiques\/\" rel=\"tag\">Infos juridiques<\/a><\/p>\n                                    <p class=\"edc-content\">Afin de poursuivre le d\u00e9ploiement de la fibre optique sur tout le territoire, l\u2019\u00c9tat a mis en place une aide financi\u00e8re pour prendre en charge tout ou partie des co\u00fbts de travaux de raccordement...<\/p>                                <\/div>\n                                                                <div class=\"case-study-item weblex-article\">\n                                                                            <a href=\"https:\/\/www.altermes.fr\/en\/les-infos-du-jour\/certibiocide-pour-qui\/\">\n                                            <img decoding=\"async\" width=\"600\" height=\"400\" src=\"https:\/\/www.altermes.fr\/wp-content\/uploads\/2025\/09\/Shutterstock_utilisateursbiocides.jpg\" class=\"attachment-custom-thumbnail size-custom-thumbnail wp-post-image\" alt=\"\" srcset=\"https:\/\/www.altermes.fr\/wp-content\/uploads\/2025\/09\/Shutterstock_utilisateursbiocides.jpg 600w, https:\/\/www.altermes.fr\/wp-content\/uploads\/2025\/09\/Shutterstock_utilisateursbiocides-480x320.jpg 480w\" sizes=\"(min-width: 0px) and (max-width: 480px) 480px, (min-width: 481px) 600px, 100vw\">                                        <\/a>\n                                                                        <a href=\"https:\/\/www.altermes.fr\/en\/les-infos-du-jour\/certibiocide-pour-qui\/\"><h3>Certibiocide : pour qui ?<\/h3><\/a>\n                                    <p class=\"use-case-category\"><a href=\"https:\/\/www.altermes.fr\/en\/weblex-importer-categories\/actualites\/\" rel=\"tag\">Actualit\u00e9s<\/a>, <a href=\"https:\/\/www.altermes.fr\/en\/weblex-importer-categories\/infos-juridiques\/\" rel=\"tag\">Infos juridiques<\/a><\/p>\n                                    <p class=\"edc-content\">Les professionnels utilisant des produits biocides sont soumis \u00e0 certaines obligations et doivent notamment obtenir des certificats, appel\u00e9s \u00ab certibiocides \u00bb, attestant de leur capacit\u00e9 \u00e0 manip...<\/p>                                <\/div>\n                                                                <div class=\"case-study-item weblex-article\">\n                                                                            <a href=\"https:\/\/www.altermes.fr\/en\/les-infos-du-jour\/ipce-des-exigences-minimales-pour-une-amelioration-maximale\/\">\n                                            <img decoding=\"async\" width=\"600\" height=\"400\" src=\"https:\/\/www.altermes.fr\/wp-content\/uploads\/2025\/09\/Shutterstock_IPCE.jpg\" class=\"attachment-custom-thumbnail size-custom-thumbnail wp-post-image\" alt=\"\" srcset=\"https:\/\/www.altermes.fr\/wp-content\/uploads\/2025\/09\/Shutterstock_IPCE.jpg 600w, https:\/\/www.altermes.fr\/wp-content\/uploads\/2025\/09\/Shutterstock_IPCE-480x320.jpg 480w\" sizes=\"(min-width: 0px) and (max-width: 480px) 480px, (min-width: 481px) 600px, 100vw\">                                        <\/a>\n                                                                        <a href=\"https:\/\/www.altermes.fr\/en\/les-infos-du-jour\/ipce-des-exigences-minimales-pour-une-amelioration-maximale\/\"><h3>IPCE : des exigences minimales pour une am\u00e9lioration maximale !<\/h3><\/a>\n                                    <p class=\"use-case-category\"><a href=\"https:\/\/www.altermes.fr\/en\/weblex-importer-categories\/actualites\/\" rel=\"tag\">Actualit\u00e9s<\/a>, <a href=\"https:\/\/www.altermes.fr\/en\/weblex-importer-categories\/infos-juridiques\/\" rel=\"tag\">Infos juridiques<\/a><\/p>\n                                    <p class=\"edc-content\">La loi du 10 mars 2023 relative \u00e0 l\u2019acc\u00e9l\u00e9ration de la production d\u2019\u00e9nergies renouvelables, dite \u00ab APER \u00bb, a pr\u00e9vu une exp\u00e9rimentation visant \u00e0 am\u00e9liorer la qualit\u00e9 des \u00e9tudes d\u2019impa...<\/p>                                <\/div>\n                                                                <div class=\"case-study-item weblex-article\">\n                                                                            <a href=\"https:\/\/www.altermes.fr\/en\/les-infos-du-jour\/dispositifs-medicaux-a-usage-unique-plus-si-unique\/\">\n                                            <img decoding=\"async\" width=\"600\" height=\"400\" src=\"https:\/\/www.altermes.fr\/wp-content\/uploads\/2025\/09\/Shutterstock_reutilisationDMUU.jpg\" class=\"attachment-custom-thumbnail size-custom-thumbnail wp-post-image\" alt=\"\" srcset=\"https:\/\/www.altermes.fr\/wp-content\/uploads\/2025\/09\/Shutterstock_reutilisationDMUU.jpg 600w, https:\/\/www.altermes.fr\/wp-content\/uploads\/2025\/09\/Shutterstock_reutilisationDMUU-480x320.jpg 480w\" sizes=\"(min-width: 0px) and (max-width: 480px) 480px, (min-width: 481px) 600px, 100vw\">                                        <\/a>\n                                                                        <a href=\"https:\/\/www.altermes.fr\/en\/les-infos-du-jour\/dispositifs-medicaux-a-usage-unique-plus-si-unique\/\"><h3>Dispositifs m\u00e9dicaux \u00e0 usage unique : plus si unique ?<\/h3><\/a>\n                                    <p class=\"use-case-category\"><a href=\"https:\/\/www.altermes.fr\/en\/weblex-importer-categories\/actualites\/\" rel=\"tag\">Actualit\u00e9s<\/a>, <a href=\"https:\/\/www.altermes.fr\/en\/weblex-importer-categories\/infos-juridiques\/\" rel=\"tag\">Infos juridiques<\/a><\/p>\n                                    <p class=\"edc-content\">Dans une logique de r\u00e9duction des d\u00e9chets, la loi de financement de la S\u00e9curit\u00e9 sociale pour 2024 pr\u00e9voyait la mise en place d\u2019une exp\u00e9rimentation permettant le retraitement et la r\u00e9utilisati...<\/p>                                <\/div>\n                                                                <div class=\"case-study-item weblex-article\">\n                                                                            <a href=\"https:\/\/www.altermes.fr\/en\/les-infos-du-jour\/maprimerenov-une-rentree-sous-le-signe-du-changement\/\">\n                                            <img decoding=\"async\" width=\"600\" height=\"400\" src=\"https:\/\/www.altermes.fr\/wp-content\/uploads\/2025\/09\/Shutterstock_maprimrenov.jpg\" class=\"attachment-custom-thumbnail size-custom-thumbnail wp-post-image\" alt=\"\" srcset=\"https:\/\/www.altermes.fr\/wp-content\/uploads\/2025\/09\/Shutterstock_maprimrenov.jpg 600w, https:\/\/www.altermes.fr\/wp-content\/uploads\/2025\/09\/Shutterstock_maprimrenov-480x320.jpg 480w\" sizes=\"(min-width: 0px) and (max-width: 480px) 480px, (min-width: 481px) 600px, 100vw\">                                        <\/a>\n                                                                        <a href=\"https:\/\/www.altermes.fr\/en\/les-infos-du-jour\/maprimerenov-une-rentree-sous-le-signe-du-changement\/\"><h3>MaPrimeR\u00e9nov\u2019 : une rentr\u00e9e sous le signe du changement<\/h3><\/a>\n                                    <p class=\"use-case-category\"><a href=\"https:\/\/www.altermes.fr\/en\/weblex-importer-categories\/actualites\/\" rel=\"tag\">Actualit\u00e9s<\/a>, <a href=\"https:\/\/www.altermes.fr\/en\/weblex-importer-categories\/infos-juridiques\/\" rel=\"tag\">Infos juridiques<\/a><\/p>\n                                    <p class=\"edc-content\">Apr\u00e8s une suspension temporaire \u00e0 l\u2019\u00e9t\u00e9 2025, le dispositif MaPrimeR\u00e9nov\u2019 a fait sa rentr\u00e9e. Certaines modifications concernant les conditions d\u2019\u00e9ligibilit\u00e9 et de prise en charge sont pr...<\/p>                                <\/div>\n                                                                <div class=\"case-study-item weblex-article\">\n                                                                            <a href=\"https:\/\/www.altermes.fr\/en\/les-infos-du-jour\/performance-energique-du-nouveau-pour-les-entreprises\/\">\n                                            <img decoding=\"async\" width=\"600\" height=\"400\" src=\"https:\/\/www.altermes.fr\/wp-content\/uploads\/2025\/09\/Shutterstock_DDADUEperformancesenergetiques.jpg\" class=\"attachment-custom-thumbnail size-custom-thumbnail wp-post-image\" alt=\"\" srcset=\"https:\/\/www.altermes.fr\/wp-content\/uploads\/2025\/09\/Shutterstock_DDADUEperformancesenergetiques.jpg 600w, https:\/\/www.altermes.fr\/wp-content\/uploads\/2025\/09\/Shutterstock_DDADUEperformancesenergetiques-480x320.jpg 480w\" sizes=\"(min-width: 0px) and (max-width: 480px) 480px, (min-width: 481px) 600px, 100vw\">                                        <\/a>\n                                                                        <a href=\"https:\/\/www.altermes.fr\/en\/les-infos-du-jour\/performance-energique-du-nouveau-pour-les-entreprises\/\"><h3>Performance \u00e9nergique : du nouveau pour les entreprises<\/h3><\/a>\n                                    <p class=\"use-case-category\"><a href=\"https:\/\/www.altermes.fr\/en\/weblex-importer-categories\/actualites\/\" rel=\"tag\">Actualit\u00e9s<\/a>, <a href=\"https:\/\/www.altermes.fr\/en\/weblex-importer-categories\/infos-juridiques\/\" rel=\"tag\">Infos juridiques<\/a><\/p>\n                                    <p class=\"edc-content\">La loi dite \u00ab DDADUE 5 \u00bb venant adapter le droit fran\u00e7ais au droit de l\u2019Union europ\u00e9enne (UE) a introduit de nouvelles obligations pour les entreprises grandes consommatrices d\u2019\u00e9nergie afin d...<\/p>                                <\/div>\n                                                                <div class=\"case-study-item weblex-article\">\n                                                                            <a href=\"https:\/\/www.altermes.fr\/en\/les-infos-du-jour\/loi-dadaptation-au-droit-europeen-du-nouveau-pour-les-data-centers\/\">\n                                            <img decoding=\"async\" width=\"600\" height=\"400\" src=\"https:\/\/www.altermes.fr\/wp-content\/uploads\/2025\/09\/Shutterstock_DDADUEdatacenters.jpg\" class=\"attachment-custom-thumbnail size-custom-thumbnail wp-post-image\" alt=\"\" srcset=\"https:\/\/www.altermes.fr\/wp-content\/uploads\/2025\/09\/Shutterstock_DDADUEdatacenters.jpg 600w, https:\/\/www.altermes.fr\/wp-content\/uploads\/2025\/09\/Shutterstock_DDADUEdatacenters-480x320.jpg 480w\" sizes=\"(min-width: 0px) and (max-width: 480px) 480px, (min-width: 481px) 600px, 100vw\">                                        <\/a>\n                                                                        <a href=\"https:\/\/www.altermes.fr\/en\/les-infos-du-jour\/loi-dadaptation-au-droit-europeen-du-nouveau-pour-les-data-centers\/\"><h3>Loi d\u2019adaptation au droit europ\u00e9en : du nouveau pour les data centers<\/h3><\/a>\n                                    <p class=\"use-case-category\"><a href=\"https:\/\/www.altermes.fr\/en\/weblex-importer-categories\/actualites\/\" rel=\"tag\">Actualit\u00e9s<\/a>, <a href=\"https:\/\/www.altermes.fr\/en\/weblex-importer-categories\/infos-juridiques\/\" rel=\"tag\">Infos juridiques<\/a><\/p>\n                                    <p class=\"edc-content\">Les centres de donn\u00e9es, aussi appel\u00e9s data centers, constituent un enjeu dans de nombreux secteurs, mais \u00e9galement en mati\u00e8re \u00e9nerg\u00e9tique. Pour allier le d\u00e9veloppement de ces centres avec les e...<\/p>                                <\/div>\n                                                                <div class=\"case-study-item weblex-article\">\n                                                                            <a href=\"https:\/\/www.altermes.fr\/en\/les-infos-du-jour\/preparations-hospitalieres-nouvelles-modalites-de-declaration\/\">\n                                            <img decoding=\"async\" width=\"600\" height=\"400\" src=\"https:\/\/www.altermes.fr\/wp-content\/uploads\/2025\/09\/Shutterstock_preparationshospitalieres.jpg\" class=\"attachment-custom-thumbnail size-custom-thumbnail wp-post-image\" alt=\"\" srcset=\"https:\/\/www.altermes.fr\/wp-content\/uploads\/2025\/09\/Shutterstock_preparationshospitalieres.jpg 600w, https:\/\/www.altermes.fr\/wp-content\/uploads\/2025\/09\/Shutterstock_preparationshospitalieres-480x320.jpg 480w\" sizes=\"(min-width: 0px) and (max-width: 480px) 480px, (min-width: 481px) 600px, 100vw\">                                        <\/a>\n                                                                        <a href=\"https:\/\/www.altermes.fr\/en\/les-infos-du-jour\/preparations-hospitalieres-nouvelles-modalites-de-declaration\/\"><h3>Pr\u00e9parations hospitali\u00e8res : nouvelles modalit\u00e9s de d\u00e9claration<\/h3><\/a>\n                                    <p class=\"use-case-category\"><a href=\"https:\/\/www.altermes.fr\/en\/weblex-importer-categories\/actualites\/\" rel=\"tag\">Actualit\u00e9s<\/a>, <a href=\"https:\/\/www.altermes.fr\/en\/weblex-importer-categories\/infos-juridiques\/\" rel=\"tag\">Infos juridiques<\/a><\/p>\n                                    <p class=\"edc-content\">Les pharmaciens peuvent \u00eatre amen\u00e9s \u00e0 r\u00e9aliser eux-m\u00eames des pr\u00e9parations m\u00e9dicamenteuses. Dans ce cas-l\u00e0, ils doivent respecter certaines obligations d\u00e9claratives, qui viennent d\u2019\u00eatre mis...<\/p>                                <\/div>\n                                                                <div class=\"case-study-item weblex-article\">\n                                                                            <a href=\"https:\/\/www.altermes.fr\/en\/les-infos-du-jour\/poincon-de-responsabilite-des-objets-en-metaux-precieux-pas-nimporte-ou-pas-nimporte-comment\/\">\n                                            <img decoding=\"async\" width=\"600\" height=\"400\" src=\"https:\/\/www.altermes.fr\/wp-content\/uploads\/2025\/09\/Shutterstock_poinC3A7onresponsabilites.jpg\" class=\"attachment-custom-thumbnail size-custom-thumbnail wp-post-image\" alt=\"\" srcset=\"https:\/\/www.altermes.fr\/wp-content\/uploads\/2025\/09\/Shutterstock_poinC3A7onresponsabilites.jpg 600w, https:\/\/www.altermes.fr\/wp-content\/uploads\/2025\/09\/Shutterstock_poinC3A7onresponsabilites-480x320.jpg 480w\" sizes=\"(min-width: 0px) and (max-width: 480px) 480px, (min-width: 481px) 600px, 100vw\">                                        <\/a>\n                                                                        <a href=\"https:\/\/www.altermes.fr\/en\/les-infos-du-jour\/poincon-de-responsabilite-des-objets-en-metaux-precieux-pas-nimporte-ou-pas-nimporte-comment\/\"><h3>Poin\u00e7on de responsabilit\u00e9 des objets en m\u00e9taux pr\u00e9cieux : pas n\u2019importe o\u00f9, pas n\u2019importe comment !<\/h3><\/a>\n                                    <p class=\"use-case-category\"><a href=\"https:\/\/www.altermes.fr\/en\/weblex-importer-categories\/actualites\/\" rel=\"tag\">Actualit\u00e9s<\/a>, <a href=\"https:\/\/www.altermes.fr\/en\/weblex-importer-categories\/infos-juridiques\/\" rel=\"tag\">Infos juridiques<\/a><\/p>\n                                    <p class=\"edc-content\">Les professionnels travaillant avec des objets contenant de l\u2019argent, de l\u2019or ou du platine sont soumis \u00e0 une r\u00e9glementation stricte o\u00f9 les poin\u00e7ons ont une place importante. Le Gouvernement a...<\/p>                                <\/div>\n                                                                <div class=\"case-study-item weblex-article\">\n                                                                            <a href=\"https:\/\/www.altermes.fr\/en\/les-infos-du-jour\/accueil-de-jour-des-personnes-agees-un-assouplissement-de-la-reglementation\/\">\n                                            <img decoding=\"async\" width=\"600\" height=\"400\" src=\"https:\/\/www.altermes.fr\/wp-content\/uploads\/2025\/09\/Shutterstock_acceuildejour.jpg\" class=\"attachment-custom-thumbnail size-custom-thumbnail wp-post-image\" alt=\"\" srcset=\"https:\/\/www.altermes.fr\/wp-content\/uploads\/2025\/09\/Shutterstock_acceuildejour.jpg 600w, https:\/\/www.altermes.fr\/wp-content\/uploads\/2025\/09\/Shutterstock_acceuildejour-480x320.jpg 480w\" sizes=\"(min-width: 0px) and (max-width: 480px) 480px, (min-width: 481px) 600px, 100vw\">                                        <\/a>\n                                                                        <a href=\"https:\/\/www.altermes.fr\/en\/les-infos-du-jour\/accueil-de-jour-des-personnes-agees-un-assouplissement-de-la-reglementation\/\"><h3>Accueil de jour des personnes \u00e2g\u00e9es : un assouplissement de la r\u00e8glementation<\/h3><\/a>\n                                    <p class=\"use-case-category\"><a href=\"https:\/\/www.altermes.fr\/en\/weblex-importer-categories\/actualites\/\" rel=\"tag\">Actualit\u00e9s<\/a>, <a href=\"https:\/\/www.altermes.fr\/en\/weblex-importer-categories\/infos-juridiques\/\" rel=\"tag\">Infos juridiques<\/a><\/p>\n                                    <p class=\"edc-content\">Le principal objectif de la loi dite \u00ab bien-vieillir \u00bb est de mettre en place des solutions pour prolonger au maximum l\u2019autonomie des personnes \u00e2g\u00e9es et leur permettre de rester dans leur logeme...<\/p>                                <\/div>\n                                                                <div class=\"case-study-item weblex-article\">\n                                                                            <a href=\"https:\/\/www.altermes.fr\/en\/les-infos-du-jour\/fraudes-aux-aides-publiques-letat-renforce-son-action\/\">\n                                            <img decoding=\"async\" width=\"600\" height=\"400\" src=\"https:\/\/www.altermes.fr\/wp-content\/uploads\/2025\/09\/Shutterstock_loiantifraude.jpg\" class=\"attachment-custom-thumbnail size-custom-thumbnail wp-post-image\" alt=\"\" srcset=\"https:\/\/www.altermes.fr\/wp-content\/uploads\/2025\/09\/Shutterstock_loiantifraude.jpg 600w, https:\/\/www.altermes.fr\/wp-content\/uploads\/2025\/09\/Shutterstock_loiantifraude-480x320.jpg 480w\" sizes=\"(min-width: 0px) and (max-width: 480px) 480px, (min-width: 481px) 600px, 100vw\">                                        <\/a>\n                                                                        <a href=\"https:\/\/www.altermes.fr\/en\/les-infos-du-jour\/fraudes-aux-aides-publiques-letat-renforce-son-action\/\"><h3>Fraudes aux aides publiques : l\u2019\u00c9tat renforce son action<\/h3><\/a>\n                                    <p class=\"use-case-category\"><a href=\"https:\/\/www.altermes.fr\/en\/weblex-importer-categories\/actualites\/\" rel=\"tag\">Actualit\u00e9s<\/a>, <a href=\"https:\/\/www.altermes.fr\/en\/weblex-importer-categories\/infos-juridiques\/\" rel=\"tag\">Infos juridiques<\/a><\/p>\n                                    <p class=\"edc-content\">Les fraudes aux aides publiques se sont multipli\u00e9es au cours des derni\u00e8res ann\u00e9es. En cause, des professionnels peu scrupuleux profitant de la complexit\u00e9 des conditions d\u2019octroi de ces aides pou...<\/p>                                <\/div>\n                                                                <div class=\"case-study-item weblex-article\">\n                                                                            <a href=\"https:\/\/www.altermes.fr\/en\/les-infos-du-jour\/centre-medico-psycho-pedagogiques-du-nouveau-concernant-le-rapport-dactivite\/\">\n                                            <img decoding=\"async\" width=\"600\" height=\"400\" src=\"https:\/\/www.altermes.fr\/wp-content\/uploads\/2025\/09\/Shutterstock_CMPP.jpg\" class=\"attachment-custom-thumbnail size-custom-thumbnail wp-post-image\" alt=\"\" srcset=\"https:\/\/www.altermes.fr\/wp-content\/uploads\/2025\/09\/Shutterstock_CMPP.jpg 600w, https:\/\/www.altermes.fr\/wp-content\/uploads\/2025\/09\/Shutterstock_CMPP-480x320.jpg 480w\" sizes=\"(min-width: 0px) and (max-width: 480px) 480px, (min-width: 481px) 600px, 100vw\">                                        <\/a>\n                                                                        <a href=\"https:\/\/www.altermes.fr\/en\/les-infos-du-jour\/centre-medico-psycho-pedagogiques-du-nouveau-concernant-le-rapport-dactivite\/\"><h3>Centre m\u00e9dico-psycho-p\u00e9dagogiques : du nouveau concernant le rapport d\u2019activit\u00e9<\/h3><\/a>\n                                    <p class=\"use-case-category\"><a href=\"https:\/\/www.altermes.fr\/en\/weblex-importer-categories\/actualites\/\" rel=\"tag\">Actualit\u00e9s<\/a>, <a href=\"https:\/\/www.altermes.fr\/en\/weblex-importer-categories\/infos-juridiques\/\" rel=\"tag\">Infos juridiques<\/a><\/p>\n                                    <p class=\"edc-content\">Pour satisfaire \u00e0 leurs obligations administratives, les centres m\u00e9dico-psycho-p\u00e9dagogiques (CMPP) doivent compl\u00e9ter annuellement un rapport d\u2019activit\u00e9\u2026 Une obligation qui connait une modific...<\/p>                                <\/div>\n                                                                <div class=\"case-study-item weblex-article\">\n                                                                            <a href=\"https:\/\/www.altermes.fr\/en\/les-infos-du-jour\/score-environnemental-nouveau-dispositif-dinformation-pour-le-textile\/\">\n                                            <img decoding=\"async\" width=\"600\" height=\"400\" src=\"https:\/\/www.altermes.fr\/wp-content\/uploads\/2025\/09\/Shutterstock_scoreenvironnemental.jpg\" class=\"attachment-custom-thumbnail size-custom-thumbnail wp-post-image\" alt=\"\" srcset=\"https:\/\/www.altermes.fr\/wp-content\/uploads\/2025\/09\/Shutterstock_scoreenvironnemental.jpg 600w, https:\/\/www.altermes.fr\/wp-content\/uploads\/2025\/09\/Shutterstock_scoreenvironnemental-480x320.jpg 480w\" sizes=\"(min-width: 0px) and (max-width: 480px) 480px, (min-width: 481px) 600px, 100vw\">                                        <\/a>\n                                                                        <a href=\"https:\/\/www.altermes.fr\/en\/les-infos-du-jour\/score-environnemental-nouveau-dispositif-dinformation-pour-le-textile\/\"><h3>Score environnemental : nouveau dispositif d\u2019information pour le textile<\/h3><\/a>\n                                    <p class=\"use-case-category\"><a href=\"https:\/\/www.altermes.fr\/en\/weblex-importer-categories\/actualites\/\" rel=\"tag\">Actualit\u00e9s<\/a>, <a href=\"https:\/\/www.altermes.fr\/en\/weblex-importer-categories\/infos-juridiques\/\" rel=\"tag\">Infos juridiques<\/a><\/p>\n                                    <p class=\"edc-content\">\u00c0 l\u2019image du Nutri-score pour les produits alimentaires, un syst\u00e8me de notation est mis en place pour les v\u00eatements. Cependant, ce n\u2019est pas l\u2019impact sur la sant\u00e9 qui est mesur\u00e9, mais celui...<\/p>                                <\/div>\n                                                                <div class=\"case-study-item weblex-article\">\n                                                                            <a href=\"https:\/\/www.altermes.fr\/en\/les-infos-du-jour\/reforme-du-droit-minier-ou-en-sommes-nous\/\">\n                                            <img decoding=\"async\" width=\"600\" height=\"400\" src=\"https:\/\/www.altermes.fr\/wp-content\/uploads\/2025\/09\/Shutterstock_droitminier.jpg\" class=\"attachment-custom-thumbnail size-custom-thumbnail wp-post-image\" alt=\"\" srcset=\"https:\/\/www.altermes.fr\/wp-content\/uploads\/2025\/09\/Shutterstock_droitminier.jpg 600w, https:\/\/www.altermes.fr\/wp-content\/uploads\/2025\/09\/Shutterstock_droitminier-480x320.jpg 480w\" sizes=\"(min-width: 0px) and (max-width: 480px) 480px, (min-width: 481px) 600px, 100vw\">                                        <\/a>\n                                                                        <a href=\"https:\/\/www.altermes.fr\/en\/les-infos-du-jour\/reforme-du-droit-minier-ou-en-sommes-nous\/\"><h3>R\u00e9forme du droit minier : o\u00f9 en sommes-nous ?<\/h3><\/a>\n                                    <p class=\"use-case-category\"><a href=\"https:\/\/www.altermes.fr\/en\/weblex-importer-categories\/actualites\/\" rel=\"tag\">Actualit\u00e9s<\/a>, <a href=\"https:\/\/www.altermes.fr\/en\/weblex-importer-categories\/infos-juridiques\/\" rel=\"tag\">Infos juridiques<\/a><\/p>\n                                    <p class=\"edc-content\">La loi \u00ab Climat et r\u00e9silience \u00bb du 22 ao\u00fbt 2022 a entam\u00e9 un travail de r\u00e9forme du droit minier afin de le rendre plus participatif et d\u2019orienter davantage les projets sur les questions environ...<\/p>                                <\/div>\n                                                                <div class=\"case-study-item weblex-article\">\n                                                                            <a href=\"https:\/\/www.altermes.fr\/en\/les-infos-du-jour\/solidite-des-habitations-une-aide-financiere-en-experimentation\/\">\n                                            <img decoding=\"async\" width=\"600\" height=\"400\" src=\"https:\/\/www.altermes.fr\/wp-content\/uploads\/2025\/09\/Shutterstock_aidesfinancieresrga.jpg\" class=\"attachment-custom-thumbnail size-custom-thumbnail wp-post-image\" alt=\"\" srcset=\"https:\/\/www.altermes.fr\/wp-content\/uploads\/2025\/09\/Shutterstock_aidesfinancieresrga.jpg 600w, https:\/\/www.altermes.fr\/wp-content\/uploads\/2025\/09\/Shutterstock_aidesfinancieresrga-480x320.jpg 480w\" sizes=\"(min-width: 0px) and (max-width: 480px) 480px, (min-width: 481px) 600px, 100vw\">                                        <\/a>\n                                                                        <a href=\"https:\/\/www.altermes.fr\/en\/les-infos-du-jour\/solidite-des-habitations-une-aide-financiere-en-experimentation\/\"><h3>Solidit\u00e9 des habitations : une aide financi\u00e8re en exp\u00e9rimentation<\/h3><\/a>\n                                    <p class=\"use-case-category\"><a href=\"https:\/\/www.altermes.fr\/en\/weblex-importer-categories\/actualites\/\" rel=\"tag\">Actualit\u00e9s<\/a>, <a href=\"https:\/\/www.altermes.fr\/en\/weblex-importer-categories\/infos-juridiques\/\" rel=\"tag\">Infos juridiques<\/a><\/p>\n                                    <p class=\"edc-content\">Plus de 3 millions : c\u2019est le nombre de maisons individuelles expos\u00e9es en France au ph\u00e9nom\u00e8ne retrait-gonflement des argiles (RGA) qui provoque des fissures, voire des d\u00e9sordres pouvant comprome...<\/p>                                <\/div>\n                                                                <div class=\"case-study-item weblex-article\">\n                                                                            <a href=\"https:\/\/www.altermes.fr\/en\/les-infos-du-jour\/ehpad-elargissements-concernant-la-mission-de-coordonnateur\/\">\n                                            <img decoding=\"async\" width=\"600\" height=\"400\" src=\"https:\/\/www.altermes.fr\/wp-content\/uploads\/2025\/09\/Shutterstock_coordonateursEhpad.jpg\" class=\"attachment-custom-thumbnail size-custom-thumbnail wp-post-image\" alt=\"\" srcset=\"https:\/\/www.altermes.fr\/wp-content\/uploads\/2025\/09\/Shutterstock_coordonateursEhpad.jpg 600w, https:\/\/www.altermes.fr\/wp-content\/uploads\/2025\/09\/Shutterstock_coordonateursEhpad-480x320.jpg 480w\" sizes=\"(min-width: 0px) and (max-width: 480px) 480px, (min-width: 481px) 600px, 100vw\">                                        <\/a>\n                                                                        <a href=\"https:\/\/www.altermes.fr\/en\/les-infos-du-jour\/ehpad-elargissements-concernant-la-mission-de-coordonnateur\/\"><h3>EHPAD : \u00e9largissements concernant la mission de coordonnateur<\/h3><\/a>\n                                    <p class=\"use-case-category\"><a href=\"https:\/\/www.altermes.fr\/en\/weblex-importer-categories\/actualites\/\" rel=\"tag\">Actualit\u00e9s<\/a>, <a href=\"https:\/\/www.altermes.fr\/en\/weblex-importer-categories\/infos-juridiques\/\" rel=\"tag\">Infos juridiques<\/a><\/p>\n                                    <p class=\"edc-content\">Les EHPAD doivent d\u00e9signer en leur sein un coordonnateur. Ce professionnel de sant\u00e9 a ainsi pour r\u00f4le d\u2019encadrer l\u2019action des \u00e9quipes de soins. Des pr\u00e9cisions sont apport\u00e9es sur ces missions...<\/p>                                <\/div>\n                                                                <div class=\"case-study-item weblex-article\">\n                                                                            <a href=\"https:\/\/www.altermes.fr\/en\/les-infos-du-jour\/mayotte-une-aide-financiere-pour-les-entreprises-renouvelee\/\">\n                                            <img decoding=\"async\" width=\"600\" height=\"400\" src=\"https:\/\/www.altermes.fr\/wp-content\/uploads\/2025\/09\/Shutterstock_aidesmayottedecret.jpg\" class=\"attachment-custom-thumbnail size-custom-thumbnail wp-post-image\" alt=\"\" srcset=\"https:\/\/www.altermes.fr\/wp-content\/uploads\/2025\/09\/Shutterstock_aidesmayottedecret.jpg 600w, https:\/\/www.altermes.fr\/wp-content\/uploads\/2025\/09\/Shutterstock_aidesmayottedecret-480x320.jpg 480w\" sizes=\"(min-width: 0px) and (max-width: 480px) 480px, (min-width: 481px) 600px, 100vw\">                                        <\/a>\n                                                                        <a href=\"https:\/\/www.altermes.fr\/en\/les-infos-du-jour\/mayotte-une-aide-financiere-pour-les-entreprises-renouvelee\/\"><h3>Mayotte : une aide financi\u00e8re pour les entreprises renouvel\u00e9e<\/h3><\/a>\n                                    <p class=\"use-case-category\"><a href=\"https:\/\/www.altermes.fr\/en\/weblex-importer-categories\/actualites\/\" rel=\"tag\">Actualit\u00e9s<\/a>, <a href=\"https:\/\/www.altermes.fr\/en\/weblex-importer-categories\/infos-juridiques\/\" rel=\"tag\">Infos juridiques<\/a><\/p>\n                                    <p class=\"edc-content\">Afin de soutenir la reconstruction de Mayotte apr\u00e8s le cyclone Chido, l\u2019\u00c9tat renouvelle une aide financi\u00e8re \u00e0 destination des entreprises mahoraises pour les mois de f\u00e9vrier et de mars 2025. Qu...<\/p>                                <\/div>\n                                                                <div class=\"case-study-item weblex-article\">\n                                                                            <a href=\"https:\/\/www.altermes.fr\/en\/les-infos-du-jour\/chiropracteurs-rattrapage-pour-la-formation-continue\/\">\n                                            <img decoding=\"async\" width=\"600\" height=\"400\" src=\"https:\/\/www.altermes.fr\/wp-content\/uploads\/2025\/09\/Shutterstock_formationchiropracteurs.jpg\" class=\"attachment-custom-thumbnail size-custom-thumbnail wp-post-image\" alt=\"\" srcset=\"https:\/\/www.altermes.fr\/wp-content\/uploads\/2025\/09\/Shutterstock_formationchiropracteurs.jpg 600w, https:\/\/www.altermes.fr\/wp-content\/uploads\/2025\/09\/Shutterstock_formationchiropracteurs-480x320.jpg 480w\" sizes=\"(min-width: 0px) and (max-width: 480px) 480px, (min-width: 481px) 600px, 100vw\">                                        <\/a>\n                                                                        <a href=\"https:\/\/www.altermes.fr\/en\/les-infos-du-jour\/chiropracteurs-rattrapage-pour-la-formation-continue\/\"><h3>Chiropracteurs : rattrapage pour la formation continue<\/h3><\/a>\n                                    <p class=\"use-case-category\"><a href=\"https:\/\/www.altermes.fr\/en\/weblex-importer-categories\/actualites\/\" rel=\"tag\">Actualit\u00e9s<\/a>, <a href=\"https:\/\/www.altermes.fr\/en\/weblex-importer-categories\/infos-juridiques\/\" rel=\"tag\">Infos juridiques<\/a><\/p>\n                                    <p class=\"edc-content\">La profession de chiropracteur est encadr\u00e9e par une r\u00e9glementation sp\u00e9ciale, laquelle pr\u00e9voit notamment une obligation de formation continue. Cependant, en 2024, le dispositif qui organisait cette...<\/p>                                <\/div>\n                                                                <div class=\"case-study-item weblex-article\">\n                                                                            <a href=\"https:\/\/www.altermes.fr\/en\/les-infos-du-jour\/fabrication-commerce-et-detention-darmes-blanches-les-nouveautes-a-connaitre\/\">\n                                            <img decoding=\"async\" width=\"600\" height=\"400\" src=\"https:\/\/www.altermes.fr\/wp-content\/uploads\/2025\/09\/Shutterstock_ventearmesblanches.jpg\" class=\"attachment-custom-thumbnail size-custom-thumbnail wp-post-image\" alt=\"\" srcset=\"https:\/\/www.altermes.fr\/wp-content\/uploads\/2025\/09\/Shutterstock_ventearmesblanches.jpg 600w, https:\/\/www.altermes.fr\/wp-content\/uploads\/2025\/09\/Shutterstock_ventearmesblanches-480x320.jpg 480w\" sizes=\"(min-width: 0px) and (max-width: 480px) 480px, (min-width: 481px) 600px, 100vw\">                                        <\/a>\n                                                                        <a href=\"https:\/\/www.altermes.fr\/en\/les-infos-du-jour\/fabrication-commerce-et-detention-darmes-blanches-les-nouveautes-a-connaitre\/\"><h3>Fabrication, commerce, et d\u00e9tention d\u2019armes blanches : les nouveaut\u00e9s \u00e0 connaitre<\/h3><\/a>\n                                    <p class=\"use-case-category\"><a href=\"https:\/\/www.altermes.fr\/en\/weblex-importer-categories\/actualites\/\" rel=\"tag\">Actualit\u00e9s<\/a>, <a href=\"https:\/\/www.altermes.fr\/en\/weblex-importer-categories\/infos-juridiques\/\" rel=\"tag\">Infos juridiques<\/a><\/p>\n                                    <p class=\"edc-content\">Les objets pouvant \u00eatre utilis\u00e9s comme des armes font l\u2019objet de restrictions \u00e0 la vente. Le cadre r\u00e9glementaire de ce type de vente a \u00e9t\u00e9 durci et de nouvelles obligations s\u2019imposent aux co...<\/p>                                <\/div>\n                                                                <div class=\"case-study-item weblex-article\">\n                                                                            <a href=\"https:\/\/www.altermes.fr\/en\/les-infos-du-jour\/pisciculture-marine-et-concession-dexploitation-des-criteres-a-connaitre\/\">\n                                            <img decoding=\"async\" width=\"600\" height=\"400\" src=\"https:\/\/www.altermes.fr\/wp-content\/uploads\/2025\/09\/Shutterstock_pisciculture.jpg\" class=\"attachment-custom-thumbnail size-custom-thumbnail wp-post-image\" alt=\"\" srcset=\"https:\/\/www.altermes.fr\/wp-content\/uploads\/2025\/09\/Shutterstock_pisciculture.jpg 600w, https:\/\/www.altermes.fr\/wp-content\/uploads\/2025\/09\/Shutterstock_pisciculture-480x320.jpg 480w\" sizes=\"(min-width: 0px) and (max-width: 480px) 480px, (min-width: 481px) 600px, 100vw\">                                        <\/a>\n                                                                        <a href=\"https:\/\/www.altermes.fr\/en\/les-infos-du-jour\/pisciculture-marine-et-concession-dexploitation-des-criteres-a-connaitre\/\"><h3>Pisciculture marine et concession d\u2019exploitation : des crit\u00e8res \u00e0 conna\u00eetre<\/h3><\/a>\n                                    <p class=\"use-case-category\"><a href=\"https:\/\/www.altermes.fr\/en\/weblex-importer-categories\/actualites\/\" rel=\"tag\">Actualit\u00e9s<\/a>, <a href=\"https:\/\/www.altermes.fr\/en\/weblex-importer-categories\/infos-juridiques\/\" rel=\"tag\">Infos juridiques<\/a><\/p>\n                                    <p class=\"edc-content\">La pisciculture marine est une activit\u00e9 soumise \u00e0 l\u2019octroi d\u2019une concession d\u00e9livr\u00e9e par le pr\u00e9fet permettant l\u2019occupation privative du domaine maritime qui est, par d\u00e9finition, public. Un...<\/p>                                <\/div>\n                                                                <div class=\"case-study-item weblex-article\">\n                                                                            <a href=\"https:\/\/www.altermes.fr\/en\/les-infos-du-jour\/pfas-dans-les-installations-industrielles-la-trajectoire-pour-2030-est-connue\/\">\n                                            <img decoding=\"async\" width=\"600\" height=\"400\" src=\"https:\/\/www.altermes.fr\/wp-content\/uploads\/2025\/09\/Shutterstock_pfasrejetstrajectoire.jpg\" class=\"attachment-custom-thumbnail size-custom-thumbnail wp-post-image\" alt=\"\" srcset=\"https:\/\/www.altermes.fr\/wp-content\/uploads\/2025\/09\/Shutterstock_pfasrejetstrajectoire.jpg 600w, https:\/\/www.altermes.fr\/wp-content\/uploads\/2025\/09\/Shutterstock_pfasrejetstrajectoire-480x320.jpg 480w\" sizes=\"(min-width: 0px) and (max-width: 480px) 480px, (min-width: 481px) 600px, 100vw\">                                        <\/a>\n                                                                        <a href=\"https:\/\/www.altermes.fr\/en\/les-infos-du-jour\/pfas-dans-les-installations-industrielles-la-trajectoire-pour-2030-est-connue\/\"><h3>PFAS dans les installations industrielles : la trajectoire pour 2030 est connue<\/h3><\/a>\n                                    <p class=\"use-case-category\"><a href=\"https:\/\/www.altermes.fr\/en\/weblex-importer-categories\/actualites\/\" rel=\"tag\">Actualit\u00e9s<\/a>, <a href=\"https:\/\/www.altermes.fr\/en\/weblex-importer-categories\/infos-juridiques\/\" rel=\"tag\">Infos juridiques<\/a><\/p>\n                                    <p class=\"edc-content\">Le 28 f\u00e9vrier 2025 a \u00e9t\u00e9 publi\u00e9e la loi visant \u00e0 prot\u00e9ger la population des risques li\u00e9s aux substances perfluoroalkyl\u00e9es et polyfluoroalkyl\u00e9es. Si elle pose les grands principes pour r\u00e9duir...<\/p>                                <\/div>\n                                                                <div class=\"case-study-item weblex-article\">\n                                                                            <a href=\"https:\/\/www.altermes.fr\/en\/les-infos-du-jour\/vente-en-ligne-de-medicaments-veterinaires-declarer-son-activite\/\">\n                                            <img decoding=\"async\" width=\"600\" height=\"400\" src=\"https:\/\/www.altermes.fr\/wp-content\/uploads\/2025\/09\/Shutterstock_venteenlignemedocveto.jpg\" class=\"attachment-custom-thumbnail size-custom-thumbnail wp-post-image\" alt=\"\" srcset=\"https:\/\/www.altermes.fr\/wp-content\/uploads\/2025\/09\/Shutterstock_venteenlignemedocveto.jpg 600w, https:\/\/www.altermes.fr\/wp-content\/uploads\/2025\/09\/Shutterstock_venteenlignemedocveto-480x320.jpg 480w\" sizes=\"(min-width: 0px) and (max-width: 480px) 480px, (min-width: 481px) 600px, 100vw\">                                        <\/a>\n                                                                        <a href=\"https:\/\/www.altermes.fr\/en\/les-infos-du-jour\/vente-en-ligne-de-medicaments-veterinaires-declarer-son-activite\/\"><h3>Vente en ligne de m\u00e9dicaments v\u00e9t\u00e9rinaires : d\u00e9clarer son activit\u00e9<\/h3><\/a>\n                                    <p class=\"use-case-category\"><a href=\"https:\/\/www.altermes.fr\/en\/weblex-importer-categories\/actualites\/\" rel=\"tag\">Actualit\u00e9s<\/a>, <a href=\"https:\/\/www.altermes.fr\/en\/weblex-importer-categories\/infos-juridiques\/\" rel=\"tag\">Infos juridiques<\/a><\/p>\n                                    <p class=\"edc-content\">Un cadre r\u00e9glementaire est mis en place pour mieux organiser et contr\u00f4ler l\u2019activit\u00e9 de vente en ligne de m\u00e9dicaments v\u00e9t\u00e9rinaires. Des d\u00e9tails \u00e0 propos de ce nouveau dispositif viennent d?...<\/p>                                <\/div>\n                                                                <div class=\"case-study-item weblex-article\">\n                                                                            <a href=\"https:\/\/www.altermes.fr\/en\/les-infos-du-jour\/open-data-des-decisions-de-justice-le-bout-du-tunnel\/\">\n                                            <img decoding=\"async\" width=\"600\" height=\"400\" src=\"https:\/\/www.altermes.fr\/wp-content\/uploads\/2025\/09\/Shutterstock_opendatajustice.jpg\" class=\"attachment-custom-thumbnail size-custom-thumbnail wp-post-image\" alt=\"\" srcset=\"https:\/\/www.altermes.fr\/wp-content\/uploads\/2025\/09\/Shutterstock_opendatajustice.jpg 600w, https:\/\/www.altermes.fr\/wp-content\/uploads\/2025\/09\/Shutterstock_opendatajustice-480x320.jpg 480w\" sizes=\"(min-width: 0px) and (max-width: 480px) 480px, (min-width: 481px) 600px, 100vw\">                                        <\/a>\n                                                                        <a href=\"https:\/\/www.altermes.fr\/en\/les-infos-du-jour\/open-data-des-decisions-de-justice-le-bout-du-tunnel\/\"><h3>Open data des d\u00e9cisions de justice : le bout du tunnel ?<\/h3><\/a>\n                                    <p class=\"use-case-category\"><a href=\"https:\/\/www.altermes.fr\/en\/weblex-importer-categories\/actualites\/\" rel=\"tag\">Actualit\u00e9s<\/a>, <a href=\"https:\/\/www.altermes.fr\/en\/weblex-importer-categories\/infos-juridiques\/\" rel=\"tag\">Infos juridiques<\/a><\/p>\n                                    <p class=\"edc-content\">En 2021, il avait \u00e9t\u00e9 d\u00e9cid\u00e9 d\u2019un calendrier pour permettre la mise \u00e0 la disposition progressive au grand public des d\u00e9cisions de justice. Ce d\u00e9ploiement de l\u2019open data a depuis connu plusi...<\/p>                                <\/div>\n                                                                <div class=\"case-study-item weblex-article\">\n                                                                            <a href=\"https:\/\/www.altermes.fr\/en\/les-infos-du-jour\/taxis-et-vtc-precisions-sur-la-reservation\/\">\n                                            <img decoding=\"async\" width=\"600\" height=\"400\" src=\"https:\/\/www.altermes.fr\/wp-content\/uploads\/2025\/09\/Shutterstock_reservationtaxi.jpg\" class=\"attachment-custom-thumbnail size-custom-thumbnail wp-post-image\" alt=\"\" srcset=\"https:\/\/www.altermes.fr\/wp-content\/uploads\/2025\/09\/Shutterstock_reservationtaxi.jpg 600w, https:\/\/www.altermes.fr\/wp-content\/uploads\/2025\/09\/Shutterstock_reservationtaxi-480x320.jpg 480w\" sizes=\"(min-width: 0px) and (max-width: 480px) 480px, (min-width: 481px) 600px, 100vw\">                                        <\/a>\n                                                                        <a href=\"https:\/\/www.altermes.fr\/en\/les-infos-du-jour\/taxis-et-vtc-precisions-sur-la-reservation\/\"><h3>Taxis et VTC : pr\u00e9cisions sur la r\u00e9servation<\/h3><\/a>\n                                    <p class=\"use-case-category\"><a href=\"https:\/\/www.altermes.fr\/en\/weblex-importer-categories\/actualites\/\" rel=\"tag\">Actualit\u00e9s<\/a>, <a href=\"https:\/\/www.altermes.fr\/en\/weblex-importer-categories\/infos-juridiques\/\" rel=\"tag\">Infos juridiques<\/a><\/p>\n                                    <p class=\"edc-content\">Les professionnels exer\u00e7ant des activit\u00e9s de transport de personnes, que ce soit entre autres en taxi ou en v\u00e9hicule de transport avec chauffeur (VTC), sont soumis \u00e0 certaines restrictions de circ...<\/p>                                <\/div>\n                                                                <div class=\"case-study-item weblex-article\">\n                                                                            <a href=\"https:\/\/www.altermes.fr\/en\/les-infos-du-jour\/controle-technique-des-nouveautes-pour-plusieurs-types-de-vehicules\/\">\n                                            <img decoding=\"async\" width=\"600\" height=\"400\" src=\"https:\/\/www.altermes.fr\/wp-content\/uploads\/2025\/09\/Shutterstock_controleurtechnique.jpg\" class=\"attachment-custom-thumbnail size-custom-thumbnail wp-post-image\" alt=\"\" srcset=\"https:\/\/www.altermes.fr\/wp-content\/uploads\/2025\/09\/Shutterstock_controleurtechnique.jpg 600w, https:\/\/www.altermes.fr\/wp-content\/uploads\/2025\/09\/Shutterstock_controleurtechnique-480x320.jpg 480w\" sizes=\"(min-width: 0px) and (max-width: 480px) 480px, (min-width: 481px) 600px, 100vw\">                                        <\/a>\n                                                                        <a href=\"https:\/\/www.altermes.fr\/en\/les-infos-du-jour\/controle-technique-des-nouveautes-pour-plusieurs-types-de-vehicules\/\"><h3>Contr\u00f4le technique : des nouveaut\u00e9s pour plusieurs types de v\u00e9hicules<\/h3><\/a>\n                                    <p class=\"use-case-category\"><a href=\"https:\/\/www.altermes.fr\/en\/weblex-importer-categories\/actualites\/\" rel=\"tag\">Actualit\u00e9s<\/a>, <a href=\"https:\/\/www.altermes.fr\/en\/weblex-importer-categories\/infos-juridiques\/\" rel=\"tag\">Infos juridiques<\/a><\/p>\n                                    <p class=\"edc-content\">Les r\u00e8gles relatives aux contr\u00f4les techniques des v\u00e9hicules lourds, des v\u00e9hicules l\u00e9gers, ainsi que ceux \u00e0 2 ou \u00e0 3 roues viennent d\u2019\u00eatre actualis\u00e9es. Que faut-il savoir \u00e0 ce sujet ?Contr?...<\/p>                                <\/div>\n                                                                <div class=\"case-study-item weblex-article\">\n                                                                            <a href=\"https:\/\/www.altermes.fr\/en\/les-infos-du-jour\/diagnostics-structurels-des-batiments-dhabitation-collectifs-les-modalites-sont-connues\/\">\n                                            <img decoding=\"async\" width=\"600\" height=\"400\" src=\"https:\/\/www.altermes.fr\/wp-content\/uploads\/2025\/09\/Shutterstock_diagnosticsstructures.jpg\" class=\"attachment-custom-thumbnail size-custom-thumbnail wp-post-image\" alt=\"\" srcset=\"https:\/\/www.altermes.fr\/wp-content\/uploads\/2025\/09\/Shutterstock_diagnosticsstructures.jpg 600w, https:\/\/www.altermes.fr\/wp-content\/uploads\/2025\/09\/Shutterstock_diagnosticsstructures-480x320.jpg 480w\" sizes=\"(min-width: 0px) and (max-width: 480px) 480px, (min-width: 481px) 600px, 100vw\">                                        <\/a>\n                                                                        <a href=\"https:\/\/www.altermes.fr\/en\/les-infos-du-jour\/diagnostics-structurels-des-batiments-dhabitation-collectifs-les-modalites-sont-connues\/\"><h3>Diagnostics structurels des b\u00e2timents d\u2019habitation collectifs : les modalit\u00e9s sont connues<\/h3><\/a>\n                                    <p class=\"use-case-category\"><a href=\"https:\/\/www.altermes.fr\/en\/weblex-importer-categories\/actualites\/\" rel=\"tag\">Actualit\u00e9s<\/a>, <a href=\"https:\/\/www.altermes.fr\/en\/weblex-importer-categories\/infos-juridiques\/\" rel=\"tag\">Infos juridiques<\/a><\/p>\n                                    <p class=\"edc-content\">Afin de tirer les le\u00e7ons des effondrements d\u2019immeubles survenus ces derni\u00e8res ann\u00e9es, l\u2019\u00c9tat a mis en place le \u00ab diagnostic structurel des b\u00e2timents d\u2019habitats collectifs \u00bb qui permet un ...<\/p>                                <\/div>\n                                                                <div class=\"case-study-item weblex-article\">\n                                                                            <a href=\"https:\/\/www.altermes.fr\/en\/les-infos-du-jour\/remises-ristournes-et-avantages-des-pharmacies-une-visibilite-jusquau-1%e1%b5%89%ca%b3-janvier-2028\/\">\n                                            <img decoding=\"async\" width=\"600\" height=\"400\" src=\"https:\/\/www.altermes.fr\/wp-content\/uploads\/2025\/09\/Shutterstock_plafondsristournes.jpg\" class=\"attachment-custom-thumbnail size-custom-thumbnail wp-post-image\" alt=\"\" srcset=\"https:\/\/www.altermes.fr\/wp-content\/uploads\/2025\/09\/Shutterstock_plafondsristournes.jpg 600w, https:\/\/www.altermes.fr\/wp-content\/uploads\/2025\/09\/Shutterstock_plafondsristournes-480x320.jpg 480w\" sizes=\"(min-width: 0px) and (max-width: 480px) 480px, (min-width: 481px) 600px, 100vw\">                                        <\/a>\n                                                                        <a href=\"https:\/\/www.altermes.fr\/en\/les-infos-du-jour\/remises-ristournes-et-avantages-des-pharmacies-une-visibilite-jusquau-1%e1%b5%89%ca%b3-janvier-2028\/\"><h3>Remises, ristournes et avantages des pharmacies : une visibilit\u00e9 jusqu\u2019au 1\u1d49\u02b3 janvier 2028<\/h3><\/a>\n                                    <p class=\"use-case-category\"><a href=\"https:\/\/www.altermes.fr\/en\/weblex-importer-categories\/actualites\/\" rel=\"tag\">Actualit\u00e9s<\/a>, <a href=\"https:\/\/www.altermes.fr\/en\/weblex-importer-categories\/infos-juridiques\/\" rel=\"tag\">Infos juridiques<\/a><\/p>\n                                    <p class=\"edc-content\">Pour rappel, il est possible pour les fournisseurs de produits pharmaceutiques de consentir des remises, des ristournes et des avantages commerciaux aux pharmacies d\u2019officine. Cette facult\u00e9 est tou...<\/p>                                <\/div>\n                                                                <div class=\"case-study-item weblex-article\">\n                                                                            <a href=\"https:\/\/www.altermes.fr\/en\/les-infos-du-jour\/structures-demontables-et-provisoires-des-precisions-enfin-faites\/\">\n                                            <img decoding=\"async\" width=\"600\" height=\"400\" src=\"https:\/\/www.altermes.fr\/wp-content\/uploads\/2025\/09\/Shutterstock_structuresdemontables.jpg\" class=\"attachment-custom-thumbnail size-custom-thumbnail wp-post-image\" alt=\"\" srcset=\"https:\/\/www.altermes.fr\/wp-content\/uploads\/2025\/09\/Shutterstock_structuresdemontables.jpg 600w, https:\/\/www.altermes.fr\/wp-content\/uploads\/2025\/09\/Shutterstock_structuresdemontables-480x320.jpg 480w\" sizes=\"(min-width: 0px) and (max-width: 480px) 480px, (min-width: 481px) 600px, 100vw\">                                        <\/a>\n                                                                        <a href=\"https:\/\/www.altermes.fr\/en\/les-infos-du-jour\/structures-demontables-et-provisoires-des-precisions-enfin-faites\/\"><h3>Structures d\u00e9montables et provisoires : des pr\u00e9cisions enfin faites<\/h3><\/a>\n                                    <p class=\"use-case-category\"><a href=\"https:\/\/www.altermes.fr\/en\/weblex-importer-categories\/actualites\/\" rel=\"tag\">Actualit\u00e9s<\/a>, <a href=\"https:\/\/www.altermes.fr\/en\/weblex-importer-categories\/infos-juridiques\/\" rel=\"tag\">Infos juridiques<\/a><\/p>\n                                    <p class=\"edc-content\">La r\u00e9glementation relative aux \u00ab structures provisoires et d\u00e9montables \u00bb indiquait de fa\u00e7on floue qu\u2019elles devaient garantir la s\u00e9curit\u00e9 de leurs utilisateurs et des personnes alentour pendan...<\/p>                                <\/div>\n                                                                <div class=\"case-study-item weblex-article\">\n                                                                            <a href=\"https:\/\/www.altermes.fr\/en\/les-infos-du-jour\/stockage-dans-les-boxes-de-stationnement-fin-de-lexperimentation\/\">\n                                            <img decoding=\"async\" width=\"600\" height=\"400\" src=\"https:\/\/www.altermes.fr\/wp-content\/uploads\/2025\/09\/Shutterstock_stockageboxes.jpg\" class=\"attachment-custom-thumbnail size-custom-thumbnail wp-post-image\" alt=\"\" srcset=\"https:\/\/www.altermes.fr\/wp-content\/uploads\/2025\/09\/Shutterstock_stockageboxes.jpg 600w, https:\/\/www.altermes.fr\/wp-content\/uploads\/2025\/09\/Shutterstock_stockageboxes-480x320.jpg 480w\" sizes=\"(min-width: 0px) and (max-width: 480px) 480px, (min-width: 481px) 600px, 100vw\">                                        <\/a>\n                                                                        <a href=\"https:\/\/www.altermes.fr\/en\/les-infos-du-jour\/stockage-dans-les-boxes-de-stationnement-fin-de-lexperimentation\/\"><h3>Stockage dans les boxes de stationnement : fin de l\u2019exp\u00e9rimentation ?<\/h3><\/a>\n                                    <p class=\"use-case-category\"><a href=\"https:\/\/www.altermes.fr\/en\/weblex-importer-categories\/actualites\/\" rel=\"tag\">Actualit\u00e9s<\/a>, <a href=\"https:\/\/www.altermes.fr\/en\/weblex-importer-categories\/infos-juridiques\/\" rel=\"tag\">Infos juridiques<\/a><\/p>\n                                    <p class=\"edc-content\">Afin de limiter les risques d\u2019incendies, le stockage de biens, autres que des v\u00e9hicules, dans des boxes se trouvant dans des b\u00e2timents d\u2019habitation collectifs est interdit. Cependant, une exp\u00e9r...<\/p>                                <\/div>\n                                                                <div class=\"case-study-item weblex-article\">\n                                                                            <a href=\"https:\/\/www.altermes.fr\/en\/les-infos-du-jour\/prets-entre-organismes-sans-but-lucratif-le-dispositif-est-operationnel\/\">\n                                            <img decoding=\"async\" width=\"600\" height=\"400\" src=\"https:\/\/www.altermes.fr\/wp-content\/uploads\/2025\/09\/Shutterstock_pretentreorganismes.jpg\" class=\"attachment-custom-thumbnail size-custom-thumbnail wp-post-image\" alt=\"\" srcset=\"https:\/\/www.altermes.fr\/wp-content\/uploads\/2025\/09\/Shutterstock_pretentreorganismes.jpg 600w, https:\/\/www.altermes.fr\/wp-content\/uploads\/2025\/09\/Shutterstock_pretentreorganismes-480x320.jpg 480w\" sizes=\"(min-width: 0px) and (max-width: 480px) 480px, (min-width: 481px) 600px, 100vw\">                                        <\/a>\n                                                                        <a href=\"https:\/\/www.altermes.fr\/en\/les-infos-du-jour\/prets-entre-organismes-sans-but-lucratif-le-dispositif-est-operationnel\/\"><h3>Pr\u00eats entre organismes sans but lucratif : le dispositif est op\u00e9rationnel !<\/h3><\/a>\n                                    <p class=\"use-case-category\"><a href=\"https:\/\/www.altermes.fr\/en\/weblex-importer-categories\/actualites\/\" rel=\"tag\">Actualit\u00e9s<\/a>, <a href=\"https:\/\/www.altermes.fr\/en\/weblex-importer-categories\/infos-juridiques\/\" rel=\"tag\">Infos juridiques<\/a><\/p>\n                                    <p class=\"edc-content\">Pour rappel, la loi du 15 avril 2024 visant \u00e0 soutenir l\u2019engagement b\u00e9n\u00e9vole et \u00e0 simplifier la vie associative a ouvert la possibilit\u00e9 aux organismes sans but lucratif de se consentir mutuelle...<\/p>                                <\/div>\n                                                                <div class=\"case-study-item weblex-article\">\n                                                                            <a href=\"https:\/\/www.altermes.fr\/en\/les-infos-du-jour\/secteur-viticole-quelques-nouveautes-a-connaitre\/\">\n                                            <img decoding=\"async\" width=\"600\" height=\"400\" src=\"https:\/\/www.altermes.fr\/wp-content\/uploads\/2025\/09\/Shutterstock_actuviticole.jpg\" class=\"attachment-custom-thumbnail size-custom-thumbnail wp-post-image\" alt=\"\" srcset=\"https:\/\/www.altermes.fr\/wp-content\/uploads\/2025\/09\/Shutterstock_actuviticole.jpg 600w, https:\/\/www.altermes.fr\/wp-content\/uploads\/2025\/09\/Shutterstock_actuviticole-480x320.jpg 480w\" sizes=\"(min-width: 0px) and (max-width: 480px) 480px, (min-width: 481px) 600px, 100vw\">                                        <\/a>\n                                                                        <a href=\"https:\/\/www.altermes.fr\/en\/les-infos-du-jour\/secteur-viticole-quelques-nouveautes-a-connaitre\/\"><h3>Secteur viticole : quelques nouveaut\u00e9s \u00e0 conna\u00eetre<\/h3><\/a>\n                                    <p class=\"use-case-category\"><a href=\"https:\/\/www.altermes.fr\/en\/weblex-importer-categories\/actualites\/\" rel=\"tag\">Actualit\u00e9s<\/a>, <a href=\"https:\/\/www.altermes.fr\/en\/weblex-importer-categories\/infos-juridiques\/\" rel=\"tag\">Infos juridiques<\/a><\/p>\n                                    <p class=\"edc-content\">Les professionnels du secteur viticole, comme tous ceux du monde agricole, sont soumis \u00e0 de nombreuses r\u00e9gulations au niveau europ\u00e9en et national. Quelques assouplissements viennent d\u2019\u00eatre propo...<\/p>                                <\/div>\n                                                                <div class=\"case-study-item weblex-article\">\n                                                                            <a href=\"https:\/\/www.altermes.fr\/en\/les-infos-du-jour\/depistage-neonatal-3-nouvelles-pathologies-depistees\/\">\n                                            <img decoding=\"async\" width=\"600\" height=\"400\" src=\"https:\/\/www.altermes.fr\/wp-content\/uploads\/2025\/09\/Shutterstock_depisatgeneonatal.jpg\" class=\"attachment-custom-thumbnail size-custom-thumbnail wp-post-image\" alt=\"\" srcset=\"https:\/\/www.altermes.fr\/wp-content\/uploads\/2025\/09\/Shutterstock_depisatgeneonatal.jpg 600w, https:\/\/www.altermes.fr\/wp-content\/uploads\/2025\/09\/Shutterstock_depisatgeneonatal-480x320.jpg 480w\" sizes=\"(min-width: 0px) and (max-width: 480px) 480px, (min-width: 481px) 600px, 100vw\">                                        <\/a>\n                                                                        <a href=\"https:\/\/www.altermes.fr\/en\/les-infos-du-jour\/depistage-neonatal-3-nouvelles-pathologies-depistees\/\"><h3>D\u00e9pistage n\u00e9onatal : 3 nouvelles pathologies d\u00e9pist\u00e9es !<\/h3><\/a>\n                                    <p class=\"use-case-category\"><a href=\"https:\/\/www.altermes.fr\/en\/weblex-importer-categories\/actualites\/\" rel=\"tag\">Actualit\u00e9s<\/a>, <a href=\"https:\/\/www.altermes.fr\/en\/weblex-importer-categories\/infos-juridiques\/\" rel=\"tag\">Infos juridiques<\/a><\/p>\n                                    <p class=\"edc-content\">1972 : c\u2019est la date \u00e0 laquelle a \u00e9t\u00e9 mis en place le d\u00e9pistage n\u00e9onatal. Depuis, ce dernier n\u2019a cess\u00e9 d\u2019\u00eatre am\u00e9lior\u00e9 et \u00e9tendu. Dans cette continuit\u00e9, la liste des pathologies d\u00e9pi...<\/p>                                <\/div>\n                                                                <div class=\"case-study-item weblex-article\">\n                                                                            <a href=\"https:\/\/www.altermes.fr\/en\/les-infos-du-jour\/soutien-forfaitaire-aux-buralistes-evolution-du-dispositif\/\">\n                                            <img decoding=\"async\" width=\"600\" height=\"400\" src=\"https:\/\/www.altermes.fr\/wp-content\/uploads\/2025\/09\/Shutterstock_aideforfaitairetabac.jpg\" class=\"attachment-custom-thumbnail size-custom-thumbnail wp-post-image\" alt=\"\" srcset=\"https:\/\/www.altermes.fr\/wp-content\/uploads\/2025\/09\/Shutterstock_aideforfaitairetabac.jpg 600w, https:\/\/www.altermes.fr\/wp-content\/uploads\/2025\/09\/Shutterstock_aideforfaitairetabac-480x320.jpg 480w\" sizes=\"(min-width: 0px) and (max-width: 480px) 480px, (min-width: 481px) 600px, 100vw\">                                        <\/a>\n                                                                        <a href=\"https:\/\/www.altermes.fr\/en\/les-infos-du-jour\/soutien-forfaitaire-aux-buralistes-evolution-du-dispositif\/\"><h3>Soutien forfaitaire aux buralistes : \u00e9volution du dispositif<\/h3><\/a>\n                                    <p class=\"use-case-category\"><a href=\"https:\/\/www.altermes.fr\/en\/weblex-importer-categories\/actualites\/\" rel=\"tag\">Actualit\u00e9s<\/a>, <a href=\"https:\/\/www.altermes.fr\/en\/weblex-importer-categories\/infos-juridiques\/\" rel=\"tag\">Infos juridiques<\/a><\/p>\n                                    <p class=\"edc-content\">Cr\u00e9\u00e9 en 2023, le dispositif de soutien forfaitaire aux buralistes vise \u00e0 apporter un soutien financier aux d\u00e9bitants de tabacs dont l\u2019activit\u00e9 est plus faible. Le dispositif connait une r\u00e9cent...<\/p>                                <\/div>\n                                                                <div class=\"case-study-item weblex-article\">\n                                                                            <a href=\"https:\/\/www.altermes.fr\/en\/les-infos-du-jour\/loi-duplomb-ce-quelle-change-pour-les-agriculteurs\/\">\n                                            <img decoding=\"async\" width=\"600\" height=\"400\" src=\"https:\/\/www.altermes.fr\/wp-content\/uploads\/2025\/09\/Shutterstock_loiduplomb.jpg\" class=\"attachment-custom-thumbnail size-custom-thumbnail wp-post-image\" alt=\"\" srcset=\"https:\/\/www.altermes.fr\/wp-content\/uploads\/2025\/09\/Shutterstock_loiduplomb.jpg 600w, https:\/\/www.altermes.fr\/wp-content\/uploads\/2025\/09\/Shutterstock_loiduplomb-480x320.jpg 480w\" sizes=\"(min-width: 0px) and (max-width: 480px) 480px, (min-width: 481px) 600px, 100vw\">                                        <\/a>\n                                                                        <a href=\"https:\/\/www.altermes.fr\/en\/les-infos-du-jour\/loi-duplomb-ce-quelle-change-pour-les-agriculteurs\/\"><h3>Loi Duplomb : ce qu\u2019elle change pour les agriculteurs<\/h3><\/a>\n                                    <p class=\"use-case-category\"><a href=\"https:\/\/www.altermes.fr\/en\/weblex-importer-categories\/actualites\/\" rel=\"tag\">Actualit\u00e9s<\/a>, <a href=\"https:\/\/www.altermes.fr\/en\/weblex-importer-categories\/infos-juridiques\/\" rel=\"tag\">Infos juridiques<\/a><\/p>\n                                    <p class=\"edc-content\">La loi visant \u00e0 lever les contraintes \u00e0 l\u2019exercice du m\u00e9tier d\u2019agriculteur, \u00e9galement appel\u00e9e \u00ab loi Duplomb \u00bb, a largement secou\u00e9 l\u2019actualit\u00e9 avant, pendant et apr\u00e8s son adoption. Aujo...<\/p>                                <\/div>\n                                                                <div class=\"case-study-item weblex-article\">\n                                                                            <a href=\"https:\/\/www.altermes.fr\/en\/les-infos-du-jour\/action-de-groupe-de-nouvelles-modalites-a-connaitre\/\">\n                                            <img decoding=\"async\" width=\"600\" height=\"400\" src=\"https:\/\/www.altermes.fr\/wp-content\/uploads\/2025\/09\/Shutterstock_ddaduesuiteactionsgroupe.jpg\" class=\"attachment-custom-thumbnail size-custom-thumbnail wp-post-image\" alt=\"\" srcset=\"https:\/\/www.altermes.fr\/wp-content\/uploads\/2025\/09\/Shutterstock_ddaduesuiteactionsgroupe.jpg 600w, https:\/\/www.altermes.fr\/wp-content\/uploads\/2025\/09\/Shutterstock_ddaduesuiteactionsgroupe-480x320.jpg 480w\" sizes=\"(min-width: 0px) and (max-width: 480px) 480px, (min-width: 481px) 600px, 100vw\">                                        <\/a>\n                                                                        <a href=\"https:\/\/www.altermes.fr\/en\/les-infos-du-jour\/action-de-groupe-de-nouvelles-modalites-a-connaitre\/\"><h3>Action de groupe : de nouvelles modalit\u00e9s \u00e0 conna\u00eetre<\/h3><\/a>\n                                    <p class=\"use-case-category\"><a href=\"https:\/\/www.altermes.fr\/en\/weblex-importer-categories\/actualites\/\" rel=\"tag\">Actualit\u00e9s<\/a>, <a href=\"https:\/\/www.altermes.fr\/en\/weblex-importer-categories\/infos-juridiques\/\" rel=\"tag\">Infos juridiques<\/a><\/p>\n                                    <p class=\"edc-content\">Pour rappel, le cadre applicable aux actions de groupe a \u00e9t\u00e9 r\u00e9form\u00e9 par la loi d\u2019adaptation au droit europ\u00e9en du 30 avril 2025 avec un double objectif : mettre en conformit\u00e9 le droit fran\u00e7ai...<\/p>                                <\/div>\n                                                                <div class=\"case-study-item weblex-article\">\n                                                                            <a href=\"https:\/\/www.altermes.fr\/en\/les-infos-du-jour\/pret-collectif-garanties-conditions-de-defaillance-et-duree-maximale\/\">\n                                            <img decoding=\"async\" width=\"600\" height=\"400\" src=\"https:\/\/www.altermes.fr\/wp-content\/uploads\/2025\/09\/Shutterstock_pretssyndicats.jpg\" class=\"attachment-custom-thumbnail size-custom-thumbnail wp-post-image\" alt=\"\" srcset=\"https:\/\/www.altermes.fr\/wp-content\/uploads\/2025\/09\/Shutterstock_pretssyndicats.jpg 600w, https:\/\/www.altermes.fr\/wp-content\/uploads\/2025\/09\/Shutterstock_pretssyndicats-480x320.jpg 480w\" sizes=\"(min-width: 0px) and (max-width: 480px) 480px, (min-width: 481px) 600px, 100vw\">                                        <\/a>\n                                                                        <a href=\"https:\/\/www.altermes.fr\/en\/les-infos-du-jour\/pret-collectif-garanties-conditions-de-defaillance-et-duree-maximale\/\"><h3>Pr\u00eat collectif : garanties, conditions de d\u00e9faillance et dur\u00e9e maximale<\/h3><\/a>\n                                    <p class=\"use-case-category\"><a href=\"https:\/\/www.altermes.fr\/en\/weblex-importer-categories\/actualites\/\" rel=\"tag\">Actualit\u00e9s<\/a>, <a href=\"https:\/\/www.altermes.fr\/en\/weblex-importer-categories\/infos-juridiques\/\" rel=\"tag\">Infos juridiques<\/a><\/p>\n                                    <p class=\"edc-content\">Le co\u00fbt important des travaux de r\u00e9novation dans les copropri\u00e9t\u00e9s peut s\u2019av\u00e9rer \u00eatre un frein pour de nombreux propri\u00e9taires dont les biens se d\u00e9gradent. C\u2019est pourquoi le gouvernement a m...<\/p>                                <\/div>\n                                                                <div class=\"case-study-item weblex-article\">\n                                                                            <a href=\"https:\/\/www.altermes.fr\/en\/les-infos-du-jour\/commissaires-aux-comptes-precisions-sur-les-obligations-declaratives\/\">\n                                            <img decoding=\"async\" width=\"600\" height=\"400\" src=\"https:\/\/www.altermes.fr\/wp-content\/uploads\/2025\/09\/Shutterstock_commissairesauxcomptes.jpg\" class=\"attachment-custom-thumbnail size-custom-thumbnail wp-post-image\" alt=\"\" srcset=\"https:\/\/www.altermes.fr\/wp-content\/uploads\/2025\/09\/Shutterstock_commissairesauxcomptes.jpg 600w, https:\/\/www.altermes.fr\/wp-content\/uploads\/2025\/09\/Shutterstock_commissairesauxcomptes-480x320.jpg 480w\" sizes=\"(min-width: 0px) and (max-width: 480px) 480px, (min-width: 481px) 600px, 100vw\">                                        <\/a>\n                                                                        <a href=\"https:\/\/www.altermes.fr\/en\/les-infos-du-jour\/commissaires-aux-comptes-precisions-sur-les-obligations-declaratives\/\"><h3>Commissaires aux comptes : pr\u00e9cisions sur les obligations d\u00e9claratives<\/h3><\/a>\n                                    <p class=\"use-case-category\"><a href=\"https:\/\/www.altermes.fr\/en\/weblex-importer-categories\/actualites\/\" rel=\"tag\">Actualit\u00e9s<\/a>, <a href=\"https:\/\/www.altermes.fr\/en\/weblex-importer-categories\/infos-juridiques\/\" rel=\"tag\">Infos juridiques<\/a><\/p>\n                                    <p class=\"edc-content\">Au cours des ann\u00e9es 2024 et 2025, de nombreux changements ont \u00e9t\u00e9 apport\u00e9s concernant les professions juridiques r\u00e9glement\u00e9es. De nouvelles pr\u00e9cisions sont faites concernant les commissaires au...<\/p>                                <\/div>\n                                                                <div class=\"case-study-item weblex-article\">\n                                                                            <a href=\"https:\/\/www.altermes.fr\/en\/les-infos-du-jour\/adresse-personnelle-des-dirigeants-une-occultation-possible\/\">\n                                            <img decoding=\"async\" width=\"600\" height=\"400\" src=\"https:\/\/www.altermes.fr\/wp-content\/uploads\/2025\/09\/Shutterstock_rcsdomicile.jpg\" class=\"attachment-custom-thumbnail size-custom-thumbnail wp-post-image\" alt=\"\" srcset=\"https:\/\/www.altermes.fr\/wp-content\/uploads\/2025\/09\/Shutterstock_rcsdomicile.jpg 600w, https:\/\/www.altermes.fr\/wp-content\/uploads\/2025\/09\/Shutterstock_rcsdomicile-480x320.jpg 480w\" sizes=\"(min-width: 0px) and (max-width: 480px) 480px, (min-width: 481px) 600px, 100vw\">                                        <\/a>\n                                                                        <a href=\"https:\/\/www.altermes.fr\/en\/les-infos-du-jour\/adresse-personnelle-des-dirigeants-une-occultation-possible\/\"><h3>Adresse personnelle des dirigeants :  une occultation possible<\/h3><\/a>\n                                    <p class=\"use-case-category\"><a href=\"https:\/\/www.altermes.fr\/en\/weblex-importer-categories\/actualites\/\" rel=\"tag\">Actualit\u00e9s<\/a>, <a href=\"https:\/\/www.altermes.fr\/en\/weblex-importer-categories\/infos-juridiques\/\" rel=\"tag\">Infos juridiques<\/a><\/p>\n                                    <p class=\"edc-content\">Afin de se prot\u00e9ger, les dirigeants de soci\u00e9t\u00e9 et, sous certaines conditions, les entrepreneurs individuels, ont, depuis le 25 ao\u00fbt 2025, la possibilit\u00e9 d\u2019occulter leur adresse personnelle sur ...<\/p>                                <\/div>\n                                                                <div class=\"case-study-item weblex-article\">\n                                                                            <a href=\"https:\/\/www.altermes.fr\/en\/les-infos-du-jour\/martinique-une-aide-speciale-pour-les-entreprises\/\">\n                                            <img decoding=\"async\" width=\"600\" height=\"400\" src=\"https:\/\/www.altermes.fr\/wp-content\/uploads\/2025\/08\/Shutterstock_aidesmartinique.jpg\" class=\"attachment-custom-thumbnail size-custom-thumbnail wp-post-image\" alt=\"\" srcset=\"https:\/\/www.altermes.fr\/wp-content\/uploads\/2025\/08\/Shutterstock_aidesmartinique.jpg 600w, https:\/\/www.altermes.fr\/wp-content\/uploads\/2025\/08\/Shutterstock_aidesmartinique-480x320.jpg 480w\" sizes=\"(min-width: 0px) and (max-width: 480px) 480px, (min-width: 481px) 600px, 100vw\">                                        <\/a>\n                                                                        <a href=\"https:\/\/www.altermes.fr\/en\/les-infos-du-jour\/martinique-une-aide-speciale-pour-les-entreprises\/\"><h3>Martinique : une aide sp\u00e9ciale pour les entreprises<\/h3><\/a>\n                                    <p class=\"use-case-category\"><a href=\"https:\/\/www.altermes.fr\/en\/weblex-importer-categories\/actualites\/\" rel=\"tag\">Actualit\u00e9s<\/a>, <a href=\"https:\/\/www.altermes.fr\/en\/weblex-importer-categories\/infos-juridiques\/\" rel=\"tag\">Infos juridiques<\/a><\/p>\n                                    <p class=\"edc-content\">En octobre 2024, plusieurs \u00e9meutes ont \u00e9clat\u00e9 en Martinique et se sont poursuivies pendant plusieurs mois. Une situation qui a entra\u00een\u00e9 des cons\u00e9quences n\u00e9fastes pour de nombreuses entreprises....<\/p>                                <\/div>\n                                                                <div class=\"case-study-item weblex-article\">\n                                                                            <a href=\"https:\/\/www.altermes.fr\/en\/les-infos-du-jour\/moderation-des-prix-en-outre-mer-du-nouveau-pour-la-negociation-annuelle\/\">\n                                            <img decoding=\"async\" width=\"600\" height=\"400\" src=\"https:\/\/www.altermes.fr\/wp-content\/uploads\/2025\/08\/Shutterstock_aidesfinancieresconso.jpg\" class=\"attachment-custom-thumbnail size-custom-thumbnail wp-post-image\" alt=\"\" srcset=\"https:\/\/www.altermes.fr\/wp-content\/uploads\/2025\/08\/Shutterstock_aidesfinancieresconso.jpg 600w, https:\/\/www.altermes.fr\/wp-content\/uploads\/2025\/08\/Shutterstock_aidesfinancieresconso-480x320.jpg 480w\" sizes=\"(min-width: 0px) and (max-width: 480px) 480px, (min-width: 481px) 600px, 100vw\">                                        <\/a>\n                                                                        <a href=\"https:\/\/www.altermes.fr\/en\/les-infos-du-jour\/moderation-des-prix-en-outre-mer-du-nouveau-pour-la-negociation-annuelle\/\"><h3>Mod\u00e9ration des prix en outre-mer : du nouveau pour la n\u00e9gociation annuelle<\/h3><\/a>\n                                    <p class=\"use-case-category\"><a href=\"https:\/\/www.altermes.fr\/en\/weblex-importer-categories\/actualites\/\" rel=\"tag\">Actualit\u00e9s<\/a>, <a href=\"https:\/\/www.altermes.fr\/en\/weblex-importer-categories\/infos-juridiques\/\" rel=\"tag\">Infos juridiques<\/a><\/p>\n                                    <p class=\"edc-content\">30 \u00e0 40 % : c\u2019est l\u2019\u00e9cart de prix entre les produits vendus en m\u00e9tropole et en outre-mer. Pour limiter cette situation, un bouclier qualit\u00e9 prix (BQP) a \u00e9t\u00e9 institu\u00e9 d\u00e8s 2012 afin de fixer...<\/p>                                <\/div>\n                                                                <div class=\"case-study-item weblex-article\">\n                                                                            <a href=\"https:\/\/www.altermes.fr\/en\/les-infos-du-jour\/plafonnement-des-prix-a-mayotte-prolongation-et-modifications\/\">\n                                            <img decoding=\"async\" width=\"600\" height=\"400\" src=\"https:\/\/www.altermes.fr\/wp-content\/uploads\/2025\/08\/Shutterstock_mayotteencadrementprix.jpg\" class=\"attachment-custom-thumbnail size-custom-thumbnail wp-post-image\" alt=\"\" srcset=\"https:\/\/www.altermes.fr\/wp-content\/uploads\/2025\/08\/Shutterstock_mayotteencadrementprix.jpg 600w, https:\/\/www.altermes.fr\/wp-content\/uploads\/2025\/08\/Shutterstock_mayotteencadrementprix-480x320.jpg 480w\" sizes=\"(min-width: 0px) and (max-width: 480px) 480px, (min-width: 481px) 600px, 100vw\">                                        <\/a>\n                                                                        <a href=\"https:\/\/www.altermes.fr\/en\/les-infos-du-jour\/plafonnement-des-prix-a-mayotte-prolongation-et-modifications\/\"><h3>Plafonnement des prix \u00e0 Mayotte : prolongation et modifications !<\/h3><\/a>\n                                    <p class=\"use-case-category\"><a href=\"https:\/\/www.altermes.fr\/en\/weblex-importer-categories\/actualites\/\" rel=\"tag\">Actualit\u00e9s<\/a>, <a href=\"https:\/\/www.altermes.fr\/en\/weblex-importer-categories\/infos-juridiques\/\" rel=\"tag\">Infos juridiques<\/a><\/p>\n                                    <p class=\"edc-content\">Apr\u00e8s le cyclone Chido, une batterie de mesures, temporaires ou p\u00e9rennes, a \u00e9t\u00e9 prise pour soutenir la reconstruction de Mayotte, dont un encadrement des prix de certains biens pour prot\u00e9ger les ...<\/p>                                <\/div>\n                                                                <div class=\"case-study-item weblex-article\">\n                                                                            <a href=\"https:\/\/www.altermes.fr\/en\/les-infos-du-jour\/medicaments-nouvelles-mesures-pour-eviter-les-penuries\/\">\n                                            <img decoding=\"async\" width=\"600\" height=\"400\" src=\"https:\/\/www.altermes.fr\/wp-content\/uploads\/2025\/08\/Shutterstock_penuriemedicaments.jpg\" class=\"attachment-custom-thumbnail size-custom-thumbnail wp-post-image\" alt=\"\" srcset=\"https:\/\/www.altermes.fr\/wp-content\/uploads\/2025\/08\/Shutterstock_penuriemedicaments.jpg 600w, https:\/\/www.altermes.fr\/wp-content\/uploads\/2025\/08\/Shutterstock_penuriemedicaments-480x320.jpg 480w\" sizes=\"(min-width: 0px) and (max-width: 480px) 480px, (min-width: 481px) 600px, 100vw\">                                        <\/a>\n                                                                        <a href=\"https:\/\/www.altermes.fr\/en\/les-infos-du-jour\/medicaments-nouvelles-mesures-pour-eviter-les-penuries\/\"><h3>M\u00e9dicaments : nouvelles mesures pour \u00e9viter les p\u00e9nuries<\/h3><\/a>\n                                    <p class=\"use-case-category\"><a href=\"https:\/\/www.altermes.fr\/en\/weblex-importer-categories\/actualites\/\" rel=\"tag\">Actualit\u00e9s<\/a>, <a href=\"https:\/\/www.altermes.fr\/en\/weblex-importer-categories\/infos-juridiques\/\" rel=\"tag\">Infos juridiques<\/a><\/p>\n                                    <p class=\"edc-content\">Les efforts pour limiter les p\u00e9nuries de m\u00e9dicaments et de dispositifs m\u00e9dicaux sont nombreux, les incidents se multipliant depuis plusieurs ann\u00e9es. Plusieurs nouveaut\u00e9s sont de nouveau propos\u00e9e...<\/p>                                <\/div>\n                                                                <div class=\"case-study-item weblex-article\">\n                                                                            <a href=\"https:\/\/www.altermes.fr\/en\/les-infos-du-jour\/agriculture-le-point-sur-les-mesures-daide\/\">\n                                            <img decoding=\"async\" width=\"600\" height=\"400\" src=\"https:\/\/www.altermes.fr\/wp-content\/uploads\/2025\/08\/Shutterstock_agricultureaide.jpg\" class=\"attachment-custom-thumbnail size-custom-thumbnail wp-post-image\" alt=\"\" srcset=\"https:\/\/www.altermes.fr\/wp-content\/uploads\/2025\/08\/Shutterstock_agricultureaide.jpg 600w, https:\/\/www.altermes.fr\/wp-content\/uploads\/2025\/08\/Shutterstock_agricultureaide-480x320.jpg 480w\" sizes=\"(min-width: 0px) and (max-width: 480px) 480px, (min-width: 481px) 600px, 100vw\">                                        <\/a>\n                                                                        <a href=\"https:\/\/www.altermes.fr\/en\/les-infos-du-jour\/agriculture-le-point-sur-les-mesures-daide\/\"><h3>Agriculture\u202f: le point sur les mesures d\u2019aide<\/h3><\/a>\n                                    <p class=\"use-case-category\"><a href=\"https:\/\/www.altermes.fr\/en\/weblex-importer-categories\/actualites\/\" rel=\"tag\">Actualit\u00e9s<\/a>, <a href=\"https:\/\/www.altermes.fr\/en\/weblex-importer-categories\/infos-juridiques\/\" rel=\"tag\">Infos juridiques<\/a><\/p>\n                                    <p class=\"edc-content\">Le secteur agricole peut b\u00e9n\u00e9ficier d\u2019un nombre important de diff\u00e9rentes aides. Des pr\u00e9cisions sont apport\u00e9es concernant plusieurs d\u2019entre elles\u2026FCO\u202f: nouvelle distribution de vaccinsLa f...<\/p>                                <\/div>\n                                                                <div class=\"case-study-item weblex-article\">\n                                                                            <a href=\"https:\/\/www.altermes.fr\/en\/les-infos-du-jour\/loyers-impayes-une-procedure-simplifiee-pour-les-bailleurs\/\">\n                                            <img decoding=\"async\" width=\"600\" height=\"400\" src=\"https:\/\/www.altermes.fr\/wp-content\/uploads\/2025\/08\/Shutterstock_loyerimpayeprocedure.jpg\" class=\"attachment-custom-thumbnail size-custom-thumbnail wp-post-image\" alt=\"\" srcset=\"https:\/\/www.altermes.fr\/wp-content\/uploads\/2025\/08\/Shutterstock_loyerimpayeprocedure.jpg 600w, https:\/\/www.altermes.fr\/wp-content\/uploads\/2025\/08\/Shutterstock_loyerimpayeprocedure-480x320.jpg 480w\" sizes=\"(min-width: 0px) and (max-width: 480px) 480px, (min-width: 481px) 600px, 100vw\">                                        <\/a>\n                                                                        <a href=\"https:\/\/www.altermes.fr\/en\/les-infos-du-jour\/loyers-impayes-une-procedure-simplifiee-pour-les-bailleurs\/\"><h3>Loyers impay\u00e9s\u202f: une proc\u00e9dure simplifi\u00e9e pour les bailleurs<\/h3><\/a>\n                                    <p class=\"use-case-category\"><a href=\"https:\/\/www.altermes.fr\/en\/weblex-importer-categories\/actualites\/\" rel=\"tag\">Actualit\u00e9s<\/a>, <a href=\"https:\/\/www.altermes.fr\/en\/weblex-importer-categories\/infos-juridiques\/\" rel=\"tag\">Infos juridiques<\/a><\/p>\n                                    <p class=\"edc-content\">La proc\u00e9dure des saisies sur salaire a \u00e9t\u00e9 largement remani\u00e9e au 1er juillet 2025. Des changements entra\u00eenant des cons\u00e9quences tr\u00e8s concr\u00e8tes pour le secteur de la location immobili\u00e8re depuis...<\/p>                                <\/div>\n                                                                <div class=\"case-study-item weblex-article\">\n                                                                            <a href=\"https:\/\/www.altermes.fr\/en\/les-infos-du-jour\/organismes-de-placement-collectif-opc-la-reforme-prend-forme\/\">\n                                            <img decoding=\"async\" width=\"600\" height=\"400\" src=\"https:\/\/www.altermes.fr\/wp-content\/uploads\/2025\/07\/Shutterstock_opc.jpg\" class=\"attachment-custom-thumbnail size-custom-thumbnail wp-post-image\" alt=\"\" srcset=\"https:\/\/www.altermes.fr\/wp-content\/uploads\/2025\/07\/Shutterstock_opc.jpg 600w, https:\/\/www.altermes.fr\/wp-content\/uploads\/2025\/07\/Shutterstock_opc-480x320.jpg 480w\" sizes=\"(min-width: 0px) and (max-width: 480px) 480px, (min-width: 481px) 600px, 100vw\">                                        <\/a>\n                                                                        <a href=\"https:\/\/www.altermes.fr\/en\/les-infos-du-jour\/organismes-de-placement-collectif-opc-la-reforme-prend-forme\/\"><h3>Organismes de placement collectif (OPC)\u202f: la r\u00e9forme prend forme\u202f!<\/h3><\/a>\n                                    <p class=\"use-case-category\"><a href=\"https:\/\/www.altermes.fr\/en\/weblex-importer-categories\/actualites\/\" rel=\"tag\">Actualit\u00e9s<\/a>, <a href=\"https:\/\/www.altermes.fr\/en\/weblex-importer-categories\/infos-juridiques\/\" rel=\"tag\">Infos juridiques<\/a><\/p>\n                                    <p class=\"edc-content\">Pour rappel, le Gouvernement a propos\u00e9 de r\u00e9former le droit applicable aux organismes de placement collectif (OPC) afin de le simplifier et de l\u2019harmoniser. Si les grandes lignes ont \u00e9t\u00e9 pos\u00e9es...<\/p>                                <\/div>\n                                                                <div class=\"case-study-item weblex-article\">\n                                                                            <a href=\"https:\/\/www.altermes.fr\/en\/les-infos-du-jour\/mayotte-des-incitations-financieres-pour-les-professionnels-de-sante\/\">\n                                            <img decoding=\"async\" width=\"600\" height=\"400\" src=\"https:\/\/www.altermes.fr\/wp-content\/uploads\/2025\/07\/Shutterstock_mayottesanteargent.jpg\" class=\"attachment-custom-thumbnail size-custom-thumbnail wp-post-image\" alt=\"\" srcset=\"https:\/\/www.altermes.fr\/wp-content\/uploads\/2025\/07\/Shutterstock_mayottesanteargent.jpg 600w, https:\/\/www.altermes.fr\/wp-content\/uploads\/2025\/07\/Shutterstock_mayottesanteargent-480x320.jpg 480w\" sizes=\"(min-width: 0px) and (max-width: 480px) 480px, (min-width: 481px) 600px, 100vw\">                                        <\/a>\n                                                                        <a href=\"https:\/\/www.altermes.fr\/en\/les-infos-du-jour\/mayotte-des-incitations-financieres-pour-les-professionnels-de-sante\/\"><h3>Mayotte\u202f: des incitations financi\u00e8res pour les professionnels de sant\u00e9<\/h3><\/a>\n                                    <p class=\"use-case-category\"><a href=\"https:\/\/www.altermes.fr\/en\/weblex-importer-categories\/actualites\/\" rel=\"tag\">Actualit\u00e9s<\/a>, <a href=\"https:\/\/www.altermes.fr\/en\/weblex-importer-categories\/infos-juridiques\/\" rel=\"tag\">Infos juridiques<\/a><\/p>\n                                    <p class=\"edc-content\">La situation sanitaire \u00e0 Mayotte est depuis longtemps pr\u00e9occupante, et cela s\u2019est accentu\u00e9 depuis le passage du cyclone Chido en d\u00e9cembre 2024. Pour am\u00e9liorer la situation, plusieurs mesures in...<\/p>                                <\/div>\n                                                                <div class=\"case-study-item weblex-article\">\n                                                                            <a href=\"https:\/\/www.altermes.fr\/en\/les-infos-du-jour\/debitants-de-tabac-precision-sur-la-retraite-des-gerants\/\">\n                                            <img decoding=\"async\" width=\"600\" height=\"400\" src=\"https:\/\/www.altermes.fr\/wp-content\/uploads\/2025\/07\/Shutterstock_debitanttabac.jpg\" class=\"attachment-custom-thumbnail size-custom-thumbnail wp-post-image\" alt=\"\" srcset=\"https:\/\/www.altermes.fr\/wp-content\/uploads\/2025\/07\/Shutterstock_debitanttabac.jpg 600w, https:\/\/www.altermes.fr\/wp-content\/uploads\/2025\/07\/Shutterstock_debitanttabac-480x320.jpg 480w\" sizes=\"(min-width: 0px) and (max-width: 480px) 480px, (min-width: 481px) 600px, 100vw\">                                        <\/a>\n                                                                        <a href=\"https:\/\/www.altermes.fr\/en\/les-infos-du-jour\/debitants-de-tabac-precision-sur-la-retraite-des-gerants\/\"><h3>D\u00e9bitants de tabac : pr\u00e9cision sur la retraite des g\u00e9rants<\/h3><\/a>\n                                    <p class=\"use-case-category\"><a href=\"https:\/\/www.altermes.fr\/en\/weblex-importer-categories\/actualites\/\" rel=\"tag\">Actualit\u00e9s<\/a>, <a href=\"https:\/\/www.altermes.fr\/en\/weblex-importer-categories\/infos-juridiques\/\" rel=\"tag\">Infos juridiques<\/a><\/p>\n                                    <p class=\"edc-content\">Les g\u00e9rants de d\u00e9bits de tabac sont soumis \u00e0 un r\u00e9gime de retraite obligatoire mis en place en 1963. Les modalit\u00e9s de calcul concernant ce r\u00e9gime particulier \u00e9voluent\u2026La \u00ab valeur de service ...<\/p>                                <\/div>\n                                                                <div class=\"case-study-item weblex-article\">\n                                                                            <a href=\"https:\/\/www.altermes.fr\/en\/les-infos-du-jour\/securite-des-professionnels-de-sante-trouver-les-solutions\/\">\n                                            <img decoding=\"async\" width=\"600\" height=\"400\" src=\"https:\/\/www.altermes.fr\/wp-content\/uploads\/2025\/07\/Shutterstock_securiteprosante.jpg\" class=\"attachment-custom-thumbnail size-custom-thumbnail wp-post-image\" alt=\"\" srcset=\"https:\/\/www.altermes.fr\/wp-content\/uploads\/2025\/07\/Shutterstock_securiteprosante.jpg 600w, https:\/\/www.altermes.fr\/wp-content\/uploads\/2025\/07\/Shutterstock_securiteprosante-480x320.jpg 480w\" sizes=\"(min-width: 0px) and (max-width: 480px) 480px, (min-width: 481px) 600px, 100vw\">                                        <\/a>\n                                                                        <a href=\"https:\/\/www.altermes.fr\/en\/les-infos-du-jour\/securite-des-professionnels-de-sante-trouver-les-solutions\/\"><h3>S\u00e9curit\u00e9 des professionnels de sant\u00e9 : trouver les solutions<\/h3><\/a>\n                                    <p class=\"use-case-category\"><a href=\"https:\/\/www.altermes.fr\/en\/weblex-importer-categories\/actualites\/\" rel=\"tag\">Actualit\u00e9s<\/a>, <a href=\"https:\/\/www.altermes.fr\/en\/weblex-importer-categories\/infos-juridiques\/\" rel=\"tag\">Infos juridiques<\/a><\/p>\n                                    <p class=\"edc-content\">Parmi les probl\u00e8mes r\u00e9currents qui viennent aggraver la situation du syst\u00e8me de sant\u00e9 en France figure en bonne place la s\u00e9curit\u00e9 des soignants. Les actes de violence \u00e0 leur encontre se sont mu...<\/p>                                <\/div>\n                                                                <div class=\"case-study-item weblex-article\">\n                                                                            <a href=\"https:\/\/www.altermes.fr\/en\/les-infos-du-jour\/blessures-et-homicide-routiers-de-nouveaux-delits-pour-sanctionner-les-comportements-dangereux\/\">\n                                            <img decoding=\"async\" width=\"600\" height=\"400\" src=\"https:\/\/www.altermes.fr\/wp-content\/uploads\/2025\/07\/Shutterstock_blessuresethomicidesroutiers.jpg\" class=\"attachment-custom-thumbnail size-custom-thumbnail wp-post-image\" alt=\"\" srcset=\"https:\/\/www.altermes.fr\/wp-content\/uploads\/2025\/07\/Shutterstock_blessuresethomicidesroutiers.jpg 600w, https:\/\/www.altermes.fr\/wp-content\/uploads\/2025\/07\/Shutterstock_blessuresethomicidesroutiers-480x320.jpg 480w\" sizes=\"(min-width: 0px) and (max-width: 480px) 480px, (min-width: 481px) 600px, 100vw\">                                        <\/a>\n                                                                        <a href=\"https:\/\/www.altermes.fr\/en\/les-infos-du-jour\/blessures-et-homicide-routiers-de-nouveaux-delits-pour-sanctionner-les-comportements-dangereux\/\"><h3>Blessures et homicide routiers : de nouveaux d\u00e9lits pour sanctionner les comportements dangereux<\/h3><\/a>\n                                    <p class=\"use-case-category\"><a href=\"https:\/\/www.altermes.fr\/en\/weblex-importer-categories\/actualites\/\" rel=\"tag\">Actualit\u00e9s<\/a>, <a href=\"https:\/\/www.altermes.fr\/en\/weblex-importer-categories\/infos-juridiques\/\" rel=\"tag\">Infos juridiques<\/a><\/p>\n                                    <p class=\"edc-content\">En 2024, les accidents de la route ont caus\u00e9 233 000 bless\u00e9s, soit 0,8 % de moins qu\u2019en 2023, et entra\u00een\u00e9 3 190 d\u00e9c\u00e8s, contre 3 167 en 2023. Si la tendance de l\u2019accidentalit\u00e9 routi\u00e8re rest...<\/p>                                <\/div>\n                                                                <div class=\"case-study-item weblex-article\">\n                                                                            <a href=\"https:\/\/www.altermes.fr\/en\/les-infos-du-jour\/autorisations-de-mise-sur-le-marche-des-produits-phytopharmaceutiques-quelques-nouveautes\/\">\n                                            <img decoding=\"async\" width=\"600\" height=\"400\" src=\"https:\/\/www.altermes.fr\/wp-content\/uploads\/2025\/07\/Shutterstock_reglementationppp.jpg\" class=\"attachment-custom-thumbnail size-custom-thumbnail wp-post-image\" alt=\"\" srcset=\"https:\/\/www.altermes.fr\/wp-content\/uploads\/2025\/07\/Shutterstock_reglementationppp.jpg 600w, https:\/\/www.altermes.fr\/wp-content\/uploads\/2025\/07\/Shutterstock_reglementationppp-480x320.jpg 480w\" sizes=\"(min-width: 0px) and (max-width: 480px) 480px, (min-width: 481px) 600px, 100vw\">                                        <\/a>\n                                                                        <a href=\"https:\/\/www.altermes.fr\/en\/les-infos-du-jour\/autorisations-de-mise-sur-le-marche-des-produits-phytopharmaceutiques-quelques-nouveautes\/\"><h3>Autorisations de mise sur le march\u00e9 des produits phytopharmaceutiques : quelques nouveaut\u00e9s<\/h3><\/a>\n                                    <p class=\"use-case-category\"><a href=\"https:\/\/www.altermes.fr\/en\/weblex-importer-categories\/actualites\/\" rel=\"tag\">Actualit\u00e9s<\/a>, <a href=\"https:\/\/www.altermes.fr\/en\/weblex-importer-categories\/infos-juridiques\/\" rel=\"tag\">Infos juridiques<\/a><\/p>\n                                    <p class=\"edc-content\">En parall\u00e8le de la loi dite \u00ab Duplomb \u00bb visant \u00e0 lever les contraintes \u00e0 l\u2019exercice du m\u00e9tier d\u2019agriculteur, qui n\u2019a pas encore \u00e9t\u00e9 promulgu\u00e9e, le Gouvernement a apport\u00e9 des modificati...<\/p>                                <\/div>\n                                                                <div class=\"case-study-item weblex-article\">\n                                                                            <a href=\"https:\/\/www.altermes.fr\/en\/les-infos-du-jour\/etablissements-de-sante-un-nouveau-financement-en-faveur-de-la-cybersecurite\/\">\n                                            <img decoding=\"async\" width=\"600\" height=\"400\" src=\"https:\/\/www.altermes.fr\/wp-content\/uploads\/2025\/07\/Shutterstock_financementsecuritesante.jpg\" class=\"attachment-custom-thumbnail size-custom-thumbnail wp-post-image\" alt=\"\" srcset=\"https:\/\/www.altermes.fr\/wp-content\/uploads\/2025\/07\/Shutterstock_financementsecuritesante.jpg 600w, https:\/\/www.altermes.fr\/wp-content\/uploads\/2025\/07\/Shutterstock_financementsecuritesante-480x320.jpg 480w\" sizes=\"(min-width: 0px) and (max-width: 480px) 480px, (min-width: 481px) 600px, 100vw\">                                        <\/a>\n                                                                        <a href=\"https:\/\/www.altermes.fr\/en\/les-infos-du-jour\/etablissements-de-sante-un-nouveau-financement-en-faveur-de-la-cybersecurite\/\"><h3>\u00c9tablissements de sant\u00e9 : un nouveau financement en faveur de la cybers\u00e9curit\u00e9<\/h3><\/a>\n                                    <p class=\"use-case-category\"><a href=\"https:\/\/www.altermes.fr\/en\/weblex-importer-categories\/actualites\/\" rel=\"tag\">Actualit\u00e9s<\/a>, <a href=\"https:\/\/www.altermes.fr\/en\/weblex-importer-categories\/infos-juridiques\/\" rel=\"tag\">Infos juridiques<\/a><\/p>\n                                    <p class=\"edc-content\">Les \u00e9tablissements de sant\u00e9 sont amen\u00e9s \u00e0 traiter des donn\u00e9es extr\u00eamement sensibles au sujet de leurs patients. Cela fait d\u2019eux des cibles de choix pour des personnes malintentionn\u00e9es. C\u2019es...<\/p>                                <\/div>\n                                                                <div class=\"case-study-item weblex-article\">\n                                                                            <a href=\"https:\/\/www.altermes.fr\/en\/les-infos-du-jour\/passsport-il-repart-pour-une-annee-de-plus\/\">\n                                            <img decoding=\"async\" width=\"600\" height=\"400\" src=\"https:\/\/www.altermes.fr\/wp-content\/uploads\/2025\/07\/Shutterstock_passportassosportives.jpg\" class=\"attachment-custom-thumbnail size-custom-thumbnail wp-post-image\" alt=\"\" srcset=\"https:\/\/www.altermes.fr\/wp-content\/uploads\/2025\/07\/Shutterstock_passportassosportives.jpg 600w, https:\/\/www.altermes.fr\/wp-content\/uploads\/2025\/07\/Shutterstock_passportassosportives-480x320.jpg 480w\" sizes=\"(min-width: 0px) and (max-width: 480px) 480px, (min-width: 481px) 600px, 100vw\">                                        <\/a>\n                                                                        <a href=\"https:\/\/www.altermes.fr\/en\/les-infos-du-jour\/passsport-il-repart-pour-une-annee-de-plus\/\"><h3>Pass\u2019sport : il repart pour une ann\u00e9e de plus<\/h3><\/a>\n                                    <p class=\"use-case-category\"><a href=\"https:\/\/www.altermes.fr\/en\/weblex-importer-categories\/actualites\/\" rel=\"tag\">Actualit\u00e9s<\/a>, <a href=\"https:\/\/www.altermes.fr\/en\/weblex-importer-categories\/infos-juridiques\/\" rel=\"tag\">Infos juridiques<\/a><\/p>\n                                    <p class=\"edc-content\">Cr\u00e9\u00e9 en 2021, le Pass\u2019sport est depuis reconduit annuellement. Pas d\u2019exception pour 2025\/2026 : le dispositif est de retour\u2026 Aux m\u00eames conditions ?Pass\u2019sport : faciliter l\u2019inscription aux...<\/p>                                <\/div>\n                                                                <div class=\"case-study-item weblex-article\">\n                                                                            <a href=\"https:\/\/www.altermes.fr\/en\/les-infos-du-jour\/bail-de-rehabilitation-lancement-de-lexperimentation\/\">\n                                            <img decoding=\"async\" width=\"600\" height=\"400\" src=\"https:\/\/www.altermes.fr\/wp-content\/uploads\/2025\/07\/Shutterstock_bailrehabilitation.jpg\" class=\"attachment-custom-thumbnail size-custom-thumbnail wp-post-image\" alt=\"\" srcset=\"https:\/\/www.altermes.fr\/wp-content\/uploads\/2025\/07\/Shutterstock_bailrehabilitation.jpg 600w, https:\/\/www.altermes.fr\/wp-content\/uploads\/2025\/07\/Shutterstock_bailrehabilitation-480x320.jpg 480w\" sizes=\"(min-width: 0px) and (max-width: 480px) 480px, (min-width: 481px) 600px, 100vw\">                                        <\/a>\n                                                                        <a href=\"https:\/\/www.altermes.fr\/en\/les-infos-du-jour\/bail-de-rehabilitation-lancement-de-lexperimentation\/\"><h3>Bail de r\u00e9habilitation : lancement de l\u2019exp\u00e9rimentation<\/h3><\/a>\n                                    <p class=\"use-case-category\"><a href=\"https:\/\/www.altermes.fr\/en\/weblex-importer-categories\/actualites\/\" rel=\"tag\">Actualit\u00e9s<\/a>, <a href=\"https:\/\/www.altermes.fr\/en\/weblex-importer-categories\/infos-juridiques\/\" rel=\"tag\">Infos juridiques<\/a><\/p>\n                                    <p class=\"edc-content\">Pour des raisons de s\u00e9curit\u00e9 ou de salubrit\u00e9, les propri\u00e9taires d\u2019immeubles peuvent se voir contraints de r\u00e9aliser des travaux de r\u00e9parations importants. Des travaux qui peuvent s\u2019av\u00e9rer tr...<\/p>                                <\/div>\n                                                                <div class=\"case-study-item weblex-article\">\n                                                                            <a href=\"https:\/\/www.altermes.fr\/en\/les-infos-du-jour\/recyclage-et-elimination-des-sous-produits-animaux-une-nouvelle-reglementation-disponible\/\">\n                                            <img decoding=\"async\" width=\"600\" height=\"400\" src=\"https:\/\/www.altermes.fr\/wp-content\/uploads\/2025\/07\/Shutterstock_ICPEreglementation.jpg\" class=\"attachment-custom-thumbnail size-custom-thumbnail wp-post-image\" alt=\"\" srcset=\"https:\/\/www.altermes.fr\/wp-content\/uploads\/2025\/07\/Shutterstock_ICPEreglementation.jpg 600w, https:\/\/www.altermes.fr\/wp-content\/uploads\/2025\/07\/Shutterstock_ICPEreglementation-480x320.jpg 480w\" sizes=\"(min-width: 0px) and (max-width: 480px) 480px, (min-width: 481px) 600px, 100vw\">                                        <\/a>\n                                                                        <a href=\"https:\/\/www.altermes.fr\/en\/les-infos-du-jour\/recyclage-et-elimination-des-sous-produits-animaux-une-nouvelle-reglementation-disponible\/\"><h3>Recyclage et \u00e9limination des sous-produits animaux : une nouvelle r\u00e9glementation disponible<\/h3><\/a>\n                                    <p class=\"use-case-category\"><a href=\"https:\/\/www.altermes.fr\/en\/weblex-importer-categories\/actualites\/\" rel=\"tag\">Actualit\u00e9s<\/a>, <a href=\"https:\/\/www.altermes.fr\/en\/weblex-importer-categories\/infos-juridiques\/\" rel=\"tag\">Infos juridiques<\/a><\/p>\n                                    <p class=\"edc-content\">Les installations class\u00e9es pour la protection de l\u2019environnement (ICPE) sont soumises \u00e0 une r\u00e9glementation stricte en fonction des sp\u00e9cificit\u00e9s de leurs activit\u00e9s. Le Gouvernement a \u00e9tabli un...<\/p>                                <\/div>\n                                                                <div class=\"case-study-item weblex-article\">\n                                                                            <a href=\"https:\/\/www.altermes.fr\/en\/les-infos-du-jour\/automobile-de-nouvelles-precisions-sur-les-demarches-dimmatriculation-des-vehicules\/\">\n                                            <img decoding=\"async\" width=\"600\" height=\"400\" src=\"https:\/\/www.altermes.fr\/wp-content\/uploads\/2025\/07\/Shutterstock_certificatWW.jpg\" class=\"attachment-custom-thumbnail size-custom-thumbnail wp-post-image\" alt=\"\" srcset=\"https:\/\/www.altermes.fr\/wp-content\/uploads\/2025\/07\/Shutterstock_certificatWW.jpg 600w, https:\/\/www.altermes.fr\/wp-content\/uploads\/2025\/07\/Shutterstock_certificatWW-480x320.jpg 480w\" sizes=\"(min-width: 0px) and (max-width: 480px) 480px, (min-width: 481px) 600px, 100vw\">                                        <\/a>\n                                                                        <a href=\"https:\/\/www.altermes.fr\/en\/les-infos-du-jour\/automobile-de-nouvelles-precisions-sur-les-demarches-dimmatriculation-des-vehicules\/\"><h3>Automobile : de nouvelles pr\u00e9cisions sur les d\u00e9marches d\u2019immatriculation des v\u00e9hicules<\/h3><\/a>\n                                    <p class=\"use-case-category\"><a href=\"https:\/\/www.altermes.fr\/en\/weblex-importer-categories\/actualites\/\" rel=\"tag\">Actualit\u00e9s<\/a>, <a href=\"https:\/\/www.altermes.fr\/en\/weblex-importer-categories\/infos-juridiques\/\" rel=\"tag\">Infos juridiques<\/a><\/p>\n                                    <p class=\"edc-content\">Pour rappel, les professionnels de l\u2019automobile peuvent obtenir une habilitation permettant de r\u00e9aliser des d\u00e9marches d'immatriculation et d'obtention de la carte grise pour le compte d'un particu...<\/p>                                <\/div>\n                                                                <div class=\"case-study-item weblex-article\">\n                                                                            <a href=\"https:\/\/www.altermes.fr\/en\/les-infos-du-jour\/pratiques-anticoncurrentielles-un-gentlemens-agreement-sur-le-recrutement\/\">\n                                            <img decoding=\"async\" width=\"600\" height=\"400\" src=\"https:\/\/www.altermes.fr\/wp-content\/uploads\/2025\/07\/Shutterstock_debauchage.jpg\" class=\"attachment-custom-thumbnail size-custom-thumbnail wp-post-image\" alt=\"\" srcset=\"https:\/\/www.altermes.fr\/wp-content\/uploads\/2025\/07\/Shutterstock_debauchage.jpg 600w, https:\/\/www.altermes.fr\/wp-content\/uploads\/2025\/07\/Shutterstock_debauchage-480x320.jpg 480w\" sizes=\"(min-width: 0px) and (max-width: 480px) 480px, (min-width: 481px) 600px, 100vw\">                                        <\/a>\n                                                                        <a href=\"https:\/\/www.altermes.fr\/en\/les-infos-du-jour\/pratiques-anticoncurrentielles-un-gentlemens-agreement-sur-le-recrutement\/\"><h3>Pratiques anticoncurrentielles : un gentlemen\u2019s agreement sur le recrutement<\/h3><\/a>\n                                    <p class=\"use-case-category\"><a href=\"https:\/\/www.altermes.fr\/en\/weblex-importer-categories\/actualites\/\" rel=\"tag\">Actualit\u00e9s<\/a>, <a href=\"https:\/\/www.altermes.fr\/en\/weblex-importer-categories\/infos-juridiques\/\" rel=\"tag\">Infos juridiques<\/a><\/p>\n                                    <p class=\"edc-content\">Par principe, la concurrence entre les diff\u00e9rents acteurs d\u2019un march\u00e9 doit rester libre. Pour autant, afin de garantir un march\u00e9 o\u00f9 chacun doit avoir sa chance, certaines r\u00e8gles existent afin d...<\/p>                                <\/div>\n                                                                <div class=\"case-study-item weblex-article\">\n                                                                            <a href=\"https:\/\/www.altermes.fr\/en\/les-infos-du-jour\/esthetique-interdiction-du-tpo-au-1er-septembre-2025\/\">\n                                            <img decoding=\"async\" width=\"600\" height=\"400\" src=\"https:\/\/www.altermes.fr\/wp-content\/uploads\/2025\/07\/Shutterstock_substanceinterditesongles.jpg\" class=\"attachment-custom-thumbnail size-custom-thumbnail wp-post-image\" alt=\"\" srcset=\"https:\/\/www.altermes.fr\/wp-content\/uploads\/2025\/07\/Shutterstock_substanceinterditesongles.jpg 600w, https:\/\/www.altermes.fr\/wp-content\/uploads\/2025\/07\/Shutterstock_substanceinterditesongles-480x320.jpg 480w\" sizes=\"(min-width: 0px) and (max-width: 480px) 480px, (min-width: 481px) 600px, 100vw\">                                        <\/a>\n                                                                        <a href=\"https:\/\/www.altermes.fr\/en\/les-infos-du-jour\/esthetique-interdiction-du-tpo-au-1er-septembre-2025\/\"><h3>Esth\u00e9tique : interdiction du TPO au 1er septembre 2025<\/h3><\/a>\n                                    <p class=\"use-case-category\"><a href=\"https:\/\/www.altermes.fr\/en\/weblex-importer-categories\/actualites\/\" rel=\"tag\">Actualit\u00e9s<\/a>, <a href=\"https:\/\/www.altermes.fr\/en\/weblex-importer-categories\/infos-juridiques\/\" rel=\"tag\">Infos juridiques<\/a><\/p>\n                                    <p class=\"edc-content\">L\u2019oxyde de diph\u00e9nyl trim\u00e9thylbenzoyl phosphine (TPO) est une substance chimique utilis\u00e9e pour favoriser le durcissement des syst\u00e8mes d'ongles artificiels sous la lumi\u00e8re UV. Autoris\u00e9 jusqu\u2019a...<\/p>                                <\/div>\n                                                                <div class=\"case-study-item weblex-article\">\n                                                                            <a href=\"https:\/\/www.altermes.fr\/en\/les-infos-du-jour\/aide-juridictionnelle-de-plus-en-plus-degressive\/\">\n                                            <img decoding=\"async\" width=\"600\" height=\"400\" src=\"https:\/\/www.altermes.fr\/wp-content\/uploads\/2025\/07\/Shutterstock_aidejuridictionnelle.jpg\" class=\"attachment-custom-thumbnail size-custom-thumbnail wp-post-image\" alt=\"\" srcset=\"https:\/\/www.altermes.fr\/wp-content\/uploads\/2025\/07\/Shutterstock_aidejuridictionnelle.jpg 600w, https:\/\/www.altermes.fr\/wp-content\/uploads\/2025\/07\/Shutterstock_aidejuridictionnelle-480x320.jpg 480w\" sizes=\"(min-width: 0px) and (max-width: 480px) 480px, (min-width: 481px) 600px, 100vw\">                                        <\/a>\n                                                                        <a href=\"https:\/\/www.altermes.fr\/en\/les-infos-du-jour\/aide-juridictionnelle-de-plus-en-plus-degressive\/\"><h3>Aide juridictionnelle : de plus en plus d\u00e9gressive ?<\/h3><\/a>\n                                    <p class=\"use-case-category\"><a href=\"https:\/\/www.altermes.fr\/en\/weblex-importer-categories\/actualites\/\" rel=\"tag\">Actualit\u00e9s<\/a>, <a href=\"https:\/\/www.altermes.fr\/en\/weblex-importer-categories\/infos-juridiques\/\" rel=\"tag\">Infos juridiques<\/a><\/p>\n                                    <p class=\"edc-content\">Les personnes faisant appel \u00e0 des avocats peuvent, en fonction de leurs revenus, b\u00e9n\u00e9ficier de l\u2019aide juridictionnelle, qui est une aide vers\u00e9e par l\u2019\u00c9tat pour r\u00e9mun\u00e9rer les professionnels....<\/p>                                <\/div>\n                                                                <div class=\"case-study-item weblex-article\">\n                                                                            <a href=\"https:\/\/www.altermes.fr\/en\/les-infos-du-jour\/etudiants-en-medecine-faciliter-lacces-au-cursus\/\">\n                                            <img decoding=\"async\" width=\"600\" height=\"400\" src=\"https:\/\/www.altermes.fr\/wp-content\/uploads\/2025\/07\/Shutterstock_territorialisation.jpg\" class=\"attachment-custom-thumbnail size-custom-thumbnail wp-post-image\" alt=\"\" srcset=\"https:\/\/www.altermes.fr\/wp-content\/uploads\/2025\/07\/Shutterstock_territorialisation.jpg 600w, https:\/\/www.altermes.fr\/wp-content\/uploads\/2025\/07\/Shutterstock_territorialisation-480x320.jpg 480w\" sizes=\"(min-width: 0px) and (max-width: 480px) 480px, (min-width: 481px) 600px, 100vw\">                                        <\/a>\n                                                                        <a href=\"https:\/\/www.altermes.fr\/en\/les-infos-du-jour\/etudiants-en-medecine-faciliter-lacces-au-cursus\/\"><h3>\u00c9tudiants en m\u00e9decine : faciliter l\u2019acc\u00e8s au cursus<\/h3><\/a>\n                                    <p class=\"use-case-category\"><a href=\"https:\/\/www.altermes.fr\/en\/weblex-importer-categories\/actualites\/\" rel=\"tag\">Actualit\u00e9s<\/a>, <a href=\"https:\/\/www.altermes.fr\/en\/weblex-importer-categories\/infos-juridiques\/\" rel=\"tag\">Infos juridiques<\/a><\/p>\n                                    <p class=\"edc-content\">La lutte contre les d\u00e9serts m\u00e9dicaux est permanente pour garantir un meilleur acc\u00e8s aux soins sur l\u2019ensemble du territoire. A ce sujet, des \u00e9volutions sont propos\u00e9es au niveau du cursus univers...<\/p>                                <\/div>\n                                                                <div class=\"case-study-item weblex-article\">\n                                                                            <a href=\"https:\/\/www.altermes.fr\/en\/les-infos-du-jour\/bien-etre-animal-une-reglementation-detaillee\/\">\n                                            <img decoding=\"async\" width=\"600\" height=\"400\" src=\"https:\/\/www.altermes.fr\/wp-content\/uploads\/2025\/07\/Shutterstock_soinsprotection.jpg\" class=\"attachment-custom-thumbnail size-custom-thumbnail wp-post-image\" alt=\"\" srcset=\"https:\/\/www.altermes.fr\/wp-content\/uploads\/2025\/07\/Shutterstock_soinsprotection.jpg 600w, https:\/\/www.altermes.fr\/wp-content\/uploads\/2025\/07\/Shutterstock_soinsprotection-480x320.jpg 480w\" sizes=\"(min-width: 0px) and (max-width: 480px) 480px, (min-width: 481px) 600px, 100vw\">                                        <\/a>\n                                                                        <a href=\"https:\/\/www.altermes.fr\/en\/les-infos-du-jour\/bien-etre-animal-une-reglementation-detaillee\/\"><h3>Bien-\u00eatre animal : une r\u00e9glementation d\u00e9taill\u00e9e<\/h3><\/a>\n                                    <p class=\"use-case-category\"><a href=\"https:\/\/www.altermes.fr\/en\/weblex-importer-categories\/actualites\/\" rel=\"tag\">Actualit\u00e9s<\/a>, <a href=\"https:\/\/www.altermes.fr\/en\/weblex-importer-categories\/infos-juridiques\/\" rel=\"tag\">Infos juridiques<\/a><\/p>\n                                    <p class=\"edc-content\">Le Gouvernement a arr\u00eat\u00e9 les r\u00e8gles applicables aux activit\u00e9s en lien avec des animaux de compagnie d\u2019esp\u00e8ces domestiques, en mati\u00e8re sanitaire et de bien-\u00eatre animal. Quelles sont les grande...<\/p>                                <\/div>\n                                                                <div class=\"case-study-item weblex-article\">\n                                                                            <a href=\"https:\/\/www.altermes.fr\/en\/les-infos-du-jour\/stockage-de-liquides-inflammables-quelques-evolutions-a-noter\/\">\n                                            <img decoding=\"async\" width=\"600\" height=\"400\" src=\"https:\/\/www.altermes.fr\/wp-content\/uploads\/2025\/07\/Shutterstock_ICPEproduits.jpg\" class=\"attachment-custom-thumbnail size-custom-thumbnail wp-post-image\" alt=\"\" srcset=\"https:\/\/www.altermes.fr\/wp-content\/uploads\/2025\/07\/Shutterstock_ICPEproduits.jpg 600w, https:\/\/www.altermes.fr\/wp-content\/uploads\/2025\/07\/Shutterstock_ICPEproduits-480x320.jpg 480w\" sizes=\"(min-width: 0px) and (max-width: 480px) 480px, (min-width: 481px) 600px, 100vw\">                                        <\/a>\n                                                                        <a href=\"https:\/\/www.altermes.fr\/en\/les-infos-du-jour\/stockage-de-liquides-inflammables-quelques-evolutions-a-noter\/\"><h3>Stockage de liquides inflammables : quelques \u00e9volutions \u00e0 noter<\/h3><\/a>\n                                    <p class=\"use-case-category\"><a href=\"https:\/\/www.altermes.fr\/en\/weblex-importer-categories\/actualites\/\" rel=\"tag\">Actualit\u00e9s<\/a>, <a href=\"https:\/\/www.altermes.fr\/en\/weblex-importer-categories\/infos-juridiques\/\" rel=\"tag\">Infos juridiques<\/a><\/p>\n                                    <p class=\"edc-content\">Dans la continuit\u00e9 des modifications des r\u00e9glementations faites par le Gouvernement pour r\u00e9duire les accidents dans les installations class\u00e9es pour la protection de l\u2019environnement (ICPE), c\u2019e...<\/p>                                <\/div>\n                                                                <div class=\"case-study-item weblex-article\">\n                                                                            <a href=\"https:\/\/www.altermes.fr\/en\/les-infos-du-jour\/infirmiers-du-changement-concernant-la-profession\/\">\n                                            <img decoding=\"async\" width=\"600\" height=\"400\" src=\"https:\/\/www.altermes.fr\/wp-content\/uploads\/2025\/07\/Shutterstock_loinfirmiers.jpg\" class=\"attachment-custom-thumbnail size-custom-thumbnail wp-post-image\" alt=\"\" srcset=\"https:\/\/www.altermes.fr\/wp-content\/uploads\/2025\/07\/Shutterstock_loinfirmiers.jpg 600w, https:\/\/www.altermes.fr\/wp-content\/uploads\/2025\/07\/Shutterstock_loinfirmiers-480x320.jpg 480w\" sizes=\"(min-width: 0px) and (max-width: 480px) 480px, (min-width: 481px) 600px, 100vw\">                                        <\/a>\n                                                                        <a href=\"https:\/\/www.altermes.fr\/en\/les-infos-du-jour\/infirmiers-du-changement-concernant-la-profession\/\"><h3>Infirmiers : du changement concernant la profession<\/h3><\/a>\n                                    <p class=\"use-case-category\"><a href=\"https:\/\/www.altermes.fr\/en\/weblex-importer-categories\/actualites\/\" rel=\"tag\">Actualit\u00e9s<\/a>, <a href=\"https:\/\/www.altermes.fr\/en\/weblex-importer-categories\/infos-juridiques\/\" rel=\"tag\">Infos juridiques<\/a><\/p>\n                                    <p class=\"edc-content\">Un \u00e9largissement notoire du champ de comp\u00e9tence des infirmiers a \u00e9t\u00e9 mis en place, ainsi que des exp\u00e9rimentations afin de d\u00e9terminer jusqu\u2019o\u00f9 cet \u00e9largissement pourra se poursuivre \u00e0 l\u2019av...<\/p>                                <\/div>\n                                                                <div class=\"case-study-item weblex-article\">\n                                                                            <a href=\"https:\/\/www.altermes.fr\/en\/les-infos-du-jour\/tabac-et-protection-des-mineurs-deux-nouveautes\/\">\n                                            <img decoding=\"async\" width=\"600\" height=\"400\" src=\"https:\/\/www.altermes.fr\/wp-content\/uploads\/2025\/07\/Shutterstock_esapcesanstabac.jpg\" class=\"attachment-custom-thumbnail size-custom-thumbnail wp-post-image\" alt=\"\" srcset=\"https:\/\/www.altermes.fr\/wp-content\/uploads\/2025\/07\/Shutterstock_esapcesanstabac.jpg 600w, https:\/\/www.altermes.fr\/wp-content\/uploads\/2025\/07\/Shutterstock_esapcesanstabac-480x320.jpg 480w\" sizes=\"(min-width: 0px) and (max-width: 480px) 480px, (min-width: 481px) 600px, 100vw\">                                        <\/a>\n                                                                        <a href=\"https:\/\/www.altermes.fr\/en\/les-infos-du-jour\/tabac-et-protection-des-mineurs-deux-nouveautes\/\"><h3>Tabac et protection des mineurs : deux nouveaut\u00e9s !<\/h3><\/a>\n                                    <p class=\"use-case-category\"><a href=\"https:\/\/www.altermes.fr\/en\/weblex-importer-categories\/actualites\/\" rel=\"tag\">Actualit\u00e9s<\/a>, <a href=\"https:\/\/www.altermes.fr\/en\/weblex-importer-categories\/infos-juridiques\/\" rel=\"tag\">Infos juridiques<\/a><\/p>\n                                    <p class=\"edc-content\">Afin de r\u00e9duire le tabagisme passif et de d\u00e9normaliser la consommation de tabac, les pouvoirs publics ont, d\u2019une part, \u00e9largi les \u00ab espaces non-fumeurs \u00bb et, d\u2019autre part, renforc\u00e9 les sanct...<\/p>                                <\/div>\n                                                                <div class=\"case-study-item weblex-article\">\n                                                                            <a href=\"https:\/\/www.altermes.fr\/en\/les-infos-du-jour\/cancers-un-registre-national-pour-faire-avancer-la-recherche\/\">\n                                            <img decoding=\"async\" width=\"600\" height=\"400\" src=\"https:\/\/www.altermes.fr\/wp-content\/uploads\/2025\/07\/Shutterstock_registrenationnaldescancers.jpg\" class=\"attachment-custom-thumbnail size-custom-thumbnail wp-post-image\" alt=\"\" srcset=\"https:\/\/www.altermes.fr\/wp-content\/uploads\/2025\/07\/Shutterstock_registrenationnaldescancers.jpg 600w, https:\/\/www.altermes.fr\/wp-content\/uploads\/2025\/07\/Shutterstock_registrenationnaldescancers-480x320.jpg 480w\" sizes=\"(min-width: 0px) and (max-width: 480px) 480px, (min-width: 481px) 600px, 100vw\">                                        <\/a>\n                                                                        <a href=\"https:\/\/www.altermes.fr\/en\/les-infos-du-jour\/cancers-un-registre-national-pour-faire-avancer-la-recherche\/\"><h3>Cancers : un registre national pour faire avancer la recherche<\/h3><\/a>\n                                    <p class=\"use-case-category\"><a href=\"https:\/\/www.altermes.fr\/en\/weblex-importer-categories\/actualites\/\" rel=\"tag\">Actualit\u00e9s<\/a>, <a href=\"https:\/\/www.altermes.fr\/en\/weblex-importer-categories\/infos-juridiques\/\" rel=\"tag\">Infos juridiques<\/a><\/p>\n                                    <p class=\"edc-content\">L\u2019Institut national du cancer (Inca) se voit confier une mission qui consiste \u00e0 mettre en place et d\u2019administrer un \u00ab registre national des cancers \u00bb : dans quels buts ?Cancer : compiler l\u2019en...<\/p>                                <\/div>\n                                                                <div class=\"case-study-item weblex-article\">\n                                                                            <a href=\"https:\/\/www.altermes.fr\/en\/les-infos-du-jour\/bonus-ecologique-fin-des-financements\/\">\n                                            <img decoding=\"async\" width=\"600\" height=\"400\" src=\"https:\/\/www.altermes.fr\/wp-content\/uploads\/2025\/07\/Shutterstock_findubonuseco.jpg\" class=\"attachment-custom-thumbnail size-custom-thumbnail wp-post-image\" alt=\"\" srcset=\"https:\/\/www.altermes.fr\/wp-content\/uploads\/2025\/07\/Shutterstock_findubonuseco.jpg 600w, https:\/\/www.altermes.fr\/wp-content\/uploads\/2025\/07\/Shutterstock_findubonuseco-480x320.jpg 480w\" sizes=\"(min-width: 0px) and (max-width: 480px) 480px, (min-width: 481px) 600px, 100vw\">                                        <\/a>\n                                                                        <a href=\"https:\/\/www.altermes.fr\/en\/les-infos-du-jour\/bonus-ecologique-fin-des-financements\/\"><h3>Bonus \u00e9cologique : fin des financements ?<\/h3><\/a>\n                                    <p class=\"use-case-category\"><a href=\"https:\/\/www.altermes.fr\/en\/weblex-importer-categories\/actualites\/\" rel=\"tag\">Actualit\u00e9s<\/a>, <a href=\"https:\/\/www.altermes.fr\/en\/weblex-importer-categories\/infos-juridiques\/\" rel=\"tag\">Infos juridiques<\/a><\/p>\n                                    <p class=\"edc-content\">Afin de faciliter la transformation du parc automobile vers des solutions moins polluantes, l\u2019\u00c9tat propose diverses aides financi\u00e8res pour l\u2019acquisition ou la location de v\u00e9hicules plus respect...<\/p>                                <\/div>\n                                                                <div class=\"case-study-item weblex-article\">\n                                                                            <a href=\"https:\/\/www.altermes.fr\/en\/les-infos-du-jour\/infirmiers-du-nouveau-sur-la-remuneration\/\">\n                                            <img decoding=\"async\" width=\"600\" height=\"400\" src=\"https:\/\/www.altermes.fr\/wp-content\/uploads\/2025\/07\/Shutterstock_renumerationinfirmiers.jpg\" class=\"attachment-custom-thumbnail size-custom-thumbnail wp-post-image\" alt=\"\" srcset=\"https:\/\/www.altermes.fr\/wp-content\/uploads\/2025\/07\/Shutterstock_renumerationinfirmiers.jpg 600w, https:\/\/www.altermes.fr\/wp-content\/uploads\/2025\/07\/Shutterstock_renumerationinfirmiers-480x320.jpg 480w\" sizes=\"(min-width: 0px) and (max-width: 480px) 480px, (min-width: 481px) 600px, 100vw\">                                        <\/a>\n                                                                        <a href=\"https:\/\/www.altermes.fr\/en\/les-infos-du-jour\/infirmiers-du-nouveau-sur-la-remuneration\/\"><h3>Infirmiers : du nouveau sur la r\u00e9mun\u00e9ration<\/h3><\/a>\n                                    <p class=\"use-case-category\"><a href=\"https:\/\/www.altermes.fr\/en\/weblex-importer-categories\/actualites\/\" rel=\"tag\">Actualit\u00e9s<\/a>, <a href=\"https:\/\/www.altermes.fr\/en\/weblex-importer-categories\/infos-juridiques\/\" rel=\"tag\">Infos juridiques<\/a><\/p>\n                                    <p class=\"edc-content\">Sous certaines conditions, les infirmiers dipl\u00f4m\u00e9s d\u2019\u00c9tat peuvent \u00eatre amen\u00e9s \u00e0 constater le d\u00e9c\u00e8s de patients. Des pr\u00e9cisions sont apport\u00e9es quant \u00e0 la r\u00e9mun\u00e9ration \u00e0 laquelle ils peu...<\/p>                                <\/div>\n                                                                <div class=\"case-study-item weblex-article\">\n                                                                            <a href=\"https:\/\/www.altermes.fr\/en\/les-infos-du-jour\/garde-denfants-prives-decrans\/\">\n                                            <img decoding=\"async\" width=\"600\" height=\"400\" src=\"https:\/\/www.altermes.fr\/wp-content\/uploads\/2025\/07\/Shutterstock_ecransjeunesenfants.jpg\" class=\"attachment-custom-thumbnail size-custom-thumbnail wp-post-image\" alt=\"\" srcset=\"https:\/\/www.altermes.fr\/wp-content\/uploads\/2025\/07\/Shutterstock_ecransjeunesenfants.jpg 600w, https:\/\/www.altermes.fr\/wp-content\/uploads\/2025\/07\/Shutterstock_ecransjeunesenfants-480x320.jpg 480w\" sizes=\"(min-width: 0px) and (max-width: 480px) 480px, (min-width: 481px) 600px, 100vw\">                                        <\/a>\n                                                                        <a href=\"https:\/\/www.altermes.fr\/en\/les-infos-du-jour\/garde-denfants-prives-decrans\/\"><h3>Garde d\u2019enfants : priv\u00e9s d\u2019\u00e9crans ?<\/h3><\/a>\n                                    <p class=\"use-case-category\"><a href=\"https:\/\/www.altermes.fr\/en\/weblex-importer-categories\/actualites\/\" rel=\"tag\">Actualit\u00e9s<\/a>, <a href=\"https:\/\/www.altermes.fr\/en\/weblex-importer-categories\/infos-juridiques\/\" rel=\"tag\">Infos juridiques<\/a><\/p>\n                                    <p class=\"edc-content\">L\u2019exposition des jeunes enfants aux \u00e9crans est un sujet r\u00e9current en ce qui concerne les bonnes pratiques d\u2019\u00e9ducation. Le Gouvernement vient d\u2019ailleurs de prendre une position claire \u00e0 ce su...<\/p>                                <\/div>\n                                                                <div class=\"case-study-item weblex-article\">\n                                                                            <a href=\"https:\/\/www.altermes.fr\/en\/les-infos-du-jour\/transport-aerien-anticiper-ses-propres-emissions-de-gaz-a-effet-de-serre\/\">\n                                            <img decoding=\"async\" width=\"600\" height=\"400\" src=\"https:\/\/www.altermes.fr\/wp-content\/uploads\/2025\/07\/Shutterstock_creditcarbone.jpg\" class=\"attachment-custom-thumbnail size-custom-thumbnail wp-post-image\" alt=\"\" srcset=\"https:\/\/www.altermes.fr\/wp-content\/uploads\/2025\/07\/Shutterstock_creditcarbone.jpg 600w, https:\/\/www.altermes.fr\/wp-content\/uploads\/2025\/07\/Shutterstock_creditcarbone-480x320.jpg 480w\" sizes=\"(min-width: 0px) and (max-width: 480px) 480px, (min-width: 481px) 600px, 100vw\">                                        <\/a>\n                                                                        <a href=\"https:\/\/www.altermes.fr\/en\/les-infos-du-jour\/transport-aerien-anticiper-ses-propres-emissions-de-gaz-a-effet-de-serre\/\"><h3>Transport a\u00e9rien : anticiper ses propres \u00e9missions de gaz \u00e0 effet de serre<\/h3><\/a>\n                                    <p class=\"use-case-category\"><a href=\"https:\/\/www.altermes.fr\/en\/weblex-importer-categories\/actualites\/\" rel=\"tag\">Actualit\u00e9s<\/a>, <a href=\"https:\/\/www.altermes.fr\/en\/weblex-importer-categories\/infos-juridiques\/\" rel=\"tag\">Infos juridiques<\/a><\/p>\n                                    <p class=\"edc-content\">En mati\u00e8re d\u2019\u00e9missions de gaz \u00e0 effet de serre, la question des vols int\u00e9rieurs est souvent point\u00e9e du doigt. C\u2019est pourquoi des obligations de compensation de leurs \u00e9missions sont mises \u00e0 ...<\/p>                                <\/div>\n                                                                <div class=\"case-study-item weblex-article\">\n                                                                            <a href=\"https:\/\/www.altermes.fr\/en\/les-infos-du-jour\/gestion-des-dechets-une-reglementation-plus-claire-pour-diminuer-les-accidents\/\">\n                                            <img decoding=\"async\" width=\"600\" height=\"400\" src=\"https:\/\/www.altermes.fr\/wp-content\/uploads\/2025\/07\/Shutterstock_accidentologie_0.jpg\" class=\"attachment-custom-thumbnail size-custom-thumbnail wp-post-image\" alt=\"\" srcset=\"https:\/\/www.altermes.fr\/wp-content\/uploads\/2025\/07\/Shutterstock_accidentologie_0.jpg 600w, https:\/\/www.altermes.fr\/wp-content\/uploads\/2025\/07\/Shutterstock_accidentologie_0-480x320.jpg 480w\" sizes=\"(min-width: 0px) and (max-width: 480px) 480px, (min-width: 481px) 600px, 100vw\">                                        <\/a>\n                                                                        <a href=\"https:\/\/www.altermes.fr\/en\/les-infos-du-jour\/gestion-des-dechets-une-reglementation-plus-claire-pour-diminuer-les-accidents\/\"><h3>Gestion des d\u00e9chets : une r\u00e9glementation plus claire pour diminuer les accidents<\/h3><\/a>\n                                    <p class=\"use-case-category\"><a href=\"https:\/\/www.altermes.fr\/en\/weblex-importer-categories\/actualites\/\" rel=\"tag\">Actualit\u00e9s<\/a>, <a href=\"https:\/\/www.altermes.fr\/en\/weblex-importer-categories\/infos-juridiques\/\" rel=\"tag\">Infos juridiques<\/a><\/p>\n                                    <p class=\"edc-content\">Les installations class\u00e9es pour la protection de l'environnement (ICPE) sont soumises \u00e0 une r\u00e9glementation stricte en fonction de leur activit\u00e9, notamment au regard de leur dangerosit\u00e9. Parce que...<\/p>                                <\/div>\n                                                                <div class=\"case-study-item weblex-article\">\n                                                                            <a href=\"https:\/\/www.altermes.fr\/en\/les-infos-du-jour\/ajustement-de-droits-a-paiement-de-base-quelques-precisions-pour-les-exploitants-agricoles\/\">\n                                            <img decoding=\"async\" width=\"600\" height=\"400\" src=\"https:\/\/www.altermes.fr\/wp-content\/uploads\/2025\/07\/Shutterstock_droitapaiement.jpg\" class=\"attachment-custom-thumbnail size-custom-thumbnail wp-post-image\" alt=\"\" srcset=\"https:\/\/www.altermes.fr\/wp-content\/uploads\/2025\/07\/Shutterstock_droitapaiement.jpg 600w, https:\/\/www.altermes.fr\/wp-content\/uploads\/2025\/07\/Shutterstock_droitapaiement-480x320.jpg 480w\" sizes=\"(min-width: 0px) and (max-width: 480px) 480px, (min-width: 481px) 600px, 100vw\">                                        <\/a>\n                                                                        <a href=\"https:\/\/www.altermes.fr\/en\/les-infos-du-jour\/ajustement-de-droits-a-paiement-de-base-quelques-precisions-pour-les-exploitants-agricoles\/\"><h3>Ajustement de droits \u00e0 paiement de base : quelques pr\u00e9cisions pour les exploitants agricoles\u2026<\/h3><\/a>\n                                    <p class=\"use-case-category\"><a href=\"https:\/\/www.altermes.fr\/en\/weblex-importer-categories\/actualites\/\" rel=\"tag\">Actualit\u00e9s<\/a>, <a href=\"https:\/\/www.altermes.fr\/en\/weblex-importer-categories\/infos-juridiques\/\" rel=\"tag\">Infos juridiques<\/a><\/p>\n                                    <p class=\"edc-content\">Les droits \u00e0 paiement de base (DPB) permettent de pr\u00e9tendre \u00e0 des aides d\u00e9ploy\u00e9es dans le cadre de la politique agricole commune, ind\u00e9pendamment du type de production agricole pratiqu\u00e9e au sein...<\/p>                                <\/div>\n                                                                <div class=\"case-study-item weblex-article\">\n                                                                            <a href=\"https:\/\/www.altermes.fr\/en\/les-infos-du-jour\/aides-de-la-pac-des-sanctions-precisees\/\">\n                                            <img decoding=\"async\" width=\"600\" height=\"400\" src=\"https:\/\/www.altermes.fr\/wp-content\/uploads\/2025\/07\/Shutterstock_BCAEERMGsanctions.jpg\" class=\"attachment-custom-thumbnail size-custom-thumbnail wp-post-image\" alt=\"\" srcset=\"https:\/\/www.altermes.fr\/wp-content\/uploads\/2025\/07\/Shutterstock_BCAEERMGsanctions.jpg 600w, https:\/\/www.altermes.fr\/wp-content\/uploads\/2025\/07\/Shutterstock_BCAEERMGsanctions-480x320.jpg 480w\" sizes=\"(min-width: 0px) and (max-width: 480px) 480px, (min-width: 481px) 600px, 100vw\">                                        <\/a>\n                                                                        <a href=\"https:\/\/www.altermes.fr\/en\/les-infos-du-jour\/aides-de-la-pac-des-sanctions-precisees\/\"><h3>Aides de la PAC : des sanctions pr\u00e9cis\u00e9es<\/h3><\/a>\n                                    <p class=\"use-case-category\"><a href=\"https:\/\/www.altermes.fr\/en\/weblex-importer-categories\/actualites\/\" rel=\"tag\">Actualit\u00e9s<\/a>, <a href=\"https:\/\/www.altermes.fr\/en\/weblex-importer-categories\/infos-juridiques\/\" rel=\"tag\">Infos juridiques<\/a><\/p>\n                                    <p class=\"edc-content\">Par le biais de la Politique agricole commune (PAC), les agriculteurs europ\u00e9ens peuvent b\u00e9n\u00e9ficier de nombreuses aides. Pour en b\u00e9n\u00e9ficier, ils doivent n\u00e9anmoins veiller \u00e0 respecter de nombreus...<\/p>                                <\/div>\n                                                    <\/div>\n                <\/div>\n                            <input type=\"radio\" name=\"tabs\" id=\"tab3\" >\n                <label for=\"tab3\">Infos Sociales<\/label>\n                <div class=\"tab\">\n                    <div class=\"case-study-grid\">\n                                                        <div class=\"case-study-item weblex-article\">\n                                                                            <a href=\"https:\/\/www.altermes.fr\/en\/les-infos-du-jour\/violences-sexuelles-et-sexistes-au-travail-un-nouveau-kit-de-prevention\/\">\n                                            <img decoding=\"async\" width=\"600\" height=\"400\" src=\"https:\/\/www.altermes.fr\/wp-content\/uploads\/2025\/12\/Shutterstock_kitanact.jpg\" class=\"attachment-custom-thumbnail size-custom-thumbnail wp-post-image\" alt=\"\" srcset=\"https:\/\/www.altermes.fr\/wp-content\/uploads\/2025\/12\/Shutterstock_kitanact.jpg 600w, https:\/\/www.altermes.fr\/wp-content\/uploads\/2025\/12\/Shutterstock_kitanact-480x320.jpg 480w\" sizes=\"(min-width: 0px) and (max-width: 480px) 480px, (min-width: 481px) 600px, 100vw\">                                        <\/a>\n                                                                        <a href=\"https:\/\/www.altermes.fr\/en\/les-infos-du-jour\/violences-sexuelles-et-sexistes-au-travail-un-nouveau-kit-de-prevention\/\"><h3>Violences sexuelles et sexistes au travail : un nouveau kit de pr\u00e9vention<\/h3><\/a>\n                                    <p class=\"use-case-category\"><a href=\"https:\/\/www.altermes.fr\/en\/weblex-importer-categories\/actualites\/\" rel=\"tag\">Actualit\u00e9s<\/a>, <a href=\"https:\/\/www.altermes.fr\/en\/weblex-importer-categories\/infos-sociales\/\" rel=\"tag\">Infos Sociales<\/a><\/p>\n                                    <p class=\"edc-content\">L\u2019Agence nationale pour l\u2019am\u00e9lioration des conditions de travail (Anact) a r\u00e9cemment publi\u00e9 un guide de pr\u00e9vention consacr\u00e9 \u00e0 la lutte contre les violences sexistes et sexuelles au travail. ...<\/p>                                <\/div>\n                                                                <div class=\"case-study-item weblex-article\">\n                                                                            <a href=\"https:\/\/www.altermes.fr\/en\/les-infos-du-jour\/mayotte-correction-du-montant-du-plafond-de-la-securite-sociale-pour-2026\/\">\n                                            <img decoding=\"async\" width=\"600\" height=\"400\" src=\"https:\/\/www.altermes.fr\/wp-content\/uploads\/2025\/12\/Shutterstock_montantdupmss.jpg\" class=\"attachment-custom-thumbnail size-custom-thumbnail wp-post-image\" alt=\"\" srcset=\"https:\/\/www.altermes.fr\/wp-content\/uploads\/2025\/12\/Shutterstock_montantdupmss.jpg 600w, https:\/\/www.altermes.fr\/wp-content\/uploads\/2025\/12\/Shutterstock_montantdupmss-480x320.jpg 480w\" sizes=\"(min-width: 0px) and (max-width: 480px) 480px, (min-width: 481px) 600px, 100vw\">                                        <\/a>\n                                                                        <a href=\"https:\/\/www.altermes.fr\/en\/les-infos-du-jour\/mayotte-correction-du-montant-du-plafond-de-la-securite-sociale-pour-2026\/\"><h3>Mayotte : correction du montant du plafond de la s\u00e9curit\u00e9 sociale pour 2026<\/h3><\/a>\n                                    <p class=\"use-case-category\"><a href=\"https:\/\/www.altermes.fr\/en\/weblex-importer-categories\/actualites\/\" rel=\"tag\">Actualit\u00e9s<\/a>, <a href=\"https:\/\/www.altermes.fr\/en\/weblex-importer-categories\/infos-sociales\/\" rel=\"tag\">Infos Sociales<\/a><\/p>\n                                    <p class=\"edc-content\">Alors que l\u2019administration sociale avait communiqu\u00e9 d\u00e8s octobre 2025 sur les montants des plafonds de la s\u00e9curit\u00e9 sociale applicable en 2026, un correctif, qui vient d\u2019\u00eatre publi\u00e9, conduit ?...<\/p>                                <\/div>\n                                                                <div class=\"case-study-item weblex-article\">\n                                                                            <a href=\"https:\/\/www.altermes.fr\/en\/les-infos-du-jour\/spectacle-vivant-on-connait-lorganisation-syndicale-representative\/\">\n                                            <img decoding=\"async\" width=\"600\" height=\"400\" src=\"https:\/\/www.altermes.fr\/wp-content\/uploads\/2025\/12\/Shutterstock_listedesosrartistes.jpg\" class=\"attachment-custom-thumbnail size-custom-thumbnail wp-post-image\" alt=\"\" srcset=\"https:\/\/www.altermes.fr\/wp-content\/uploads\/2025\/12\/Shutterstock_listedesosrartistes.jpg 600w, https:\/\/www.altermes.fr\/wp-content\/uploads\/2025\/12\/Shutterstock_listedesosrartistes-480x320.jpg 480w\" sizes=\"(min-width: 0px) and (max-width: 480px) 480px, (min-width: 481px) 600px, 100vw\">                                        <\/a>\n                                                                        <a href=\"https:\/\/www.altermes.fr\/en\/les-infos-du-jour\/spectacle-vivant-on-connait-lorganisation-syndicale-representative\/\"><h3>Spectacle vivant : on conna\u00eet l\u2019organisation syndicale repr\u00e9sentative<\/h3><\/a>\n                                    <p class=\"use-case-category\"><a href=\"https:\/\/www.altermes.fr\/en\/weblex-importer-categories\/actualites\/\" rel=\"tag\">Actualit\u00e9s<\/a>, <a href=\"https:\/\/www.altermes.fr\/en\/weblex-importer-categories\/infos-sociales\/\" rel=\"tag\">Infos Sociales<\/a><\/p>\n                                    <p class=\"edc-content\">C\u2019est d\u00e9sormais officiel, la FESAC confirme sa place d\u2019interlocuteur national pour les entreprises du spectacle vivant, de la musique, de l\u2019audiovisuel et du cin\u00e9ma, en r\u00e9pondant aux crit\u00e8re...<\/p>                                <\/div>\n                                                                <div class=\"case-study-item weblex-article\">\n                                                                            <a href=\"https:\/\/www.altermes.fr\/en\/les-infos-du-jour\/assurance-maladie-generalisation-du-telecontrole\/\">\n                                            <img decoding=\"async\" width=\"600\" height=\"400\" src=\"https:\/\/www.altermes.fr\/wp-content\/uploads\/2025\/12\/Shutterstock_telecontroleameli.jpg\" class=\"attachment-custom-thumbnail size-custom-thumbnail wp-post-image\" alt=\"\" srcset=\"https:\/\/www.altermes.fr\/wp-content\/uploads\/2025\/12\/Shutterstock_telecontroleameli.jpg 600w, https:\/\/www.altermes.fr\/wp-content\/uploads\/2025\/12\/Shutterstock_telecontroleameli-480x320.jpg 480w\" sizes=\"(min-width: 0px) and (max-width: 480px) 480px, (min-width: 481px) 600px, 100vw\">                                        <\/a>\n                                                                        <a href=\"https:\/\/www.altermes.fr\/en\/les-infos-du-jour\/assurance-maladie-generalisation-du-telecontrole\/\"><h3>Assurance maladie : g\u00e9n\u00e9ralisation du t\u00e9l\u00e9contr\u00f4le !<\/h3><\/a>\n                                    <p class=\"use-case-category\"><a href=\"https:\/\/www.altermes.fr\/en\/weblex-importer-categories\/actualites\/\" rel=\"tag\">Actualit\u00e9s<\/a>, <a href=\"https:\/\/www.altermes.fr\/en\/weblex-importer-categories\/infos-sociales\/\" rel=\"tag\">Infos Sociales<\/a><\/p>\n                                    <p class=\"edc-content\">La CPAM peut proc\u00e9der \u00e0 tout moment \u00e0 des contr\u00f4les aupr\u00e8s des assur\u00e9s percevant des prestations de l\u2019Assurance maladie, en particulier des IJSS, afin de s\u2019assurer que la situation d\u00e9clar\u00e9...<\/p>                                <\/div>\n                                                                <div class=\"case-study-item weblex-article\">\n                                                                            <a href=\"https:\/\/www.altermes.fr\/en\/les-infos-du-jour\/solliciter-le-salarie-pendant-son-arret-dommage-automatique\/\">\n                                            <img decoding=\"async\" width=\"600\" height=\"400\" src=\"https:\/\/www.altermes.fr\/wp-content\/uploads\/2025\/12\/Shutterstock_prejudicenecessaire.jpg\" class=\"attachment-custom-thumbnail size-custom-thumbnail wp-post-image\" alt=\"\" srcset=\"https:\/\/www.altermes.fr\/wp-content\/uploads\/2025\/12\/Shutterstock_prejudicenecessaire.jpg 600w, https:\/\/www.altermes.fr\/wp-content\/uploads\/2025\/12\/Shutterstock_prejudicenecessaire-480x320.jpg 480w\" sizes=\"(min-width: 0px) and (max-width: 480px) 480px, (min-width: 481px) 600px, 100vw\">                                        <\/a>\n                                                                        <a href=\"https:\/\/www.altermes.fr\/en\/les-infos-du-jour\/solliciter-le-salarie-pendant-son-arret-dommage-automatique\/\"><h3>Solliciter le salari\u00e9 pendant son arr\u00eat : dommage automatique ?<\/h3><\/a>\n                                    <p class=\"use-case-category\"><a href=\"https:\/\/www.altermes.fr\/en\/weblex-importer-categories\/actualites\/\" rel=\"tag\">Actualit\u00e9s<\/a>, <a href=\"https:\/\/www.altermes.fr\/en\/weblex-importer-categories\/infos-sociales\/\" rel=\"tag\">Infos Sociales<\/a><\/p>\n                                    <p class=\"edc-content\">Le fait de recevoir des mails et des sms pendant un arr\u00eat maladie par sa hi\u00e9rarchie est-il de nature \u00e0 cr\u00e9er automatiquement un pr\u00e9judice indemnisable du salari\u00e9 ? C\u2019est \u00e0 cette question que ...<\/p>                                <\/div>\n                                                                <div class=\"case-study-item weblex-article\">\n                                                                            <a href=\"https:\/\/www.altermes.fr\/en\/les-infos-du-jour\/volontariat-international-du-nouveau\/\">\n                                            <img decoding=\"async\" width=\"600\" height=\"400\" src=\"https:\/\/www.altermes.fr\/wp-content\/uploads\/2025\/12\/Shutterstock_volontairesinternationaux.jpg\" class=\"attachment-custom-thumbnail size-custom-thumbnail wp-post-image\" alt=\"\" srcset=\"https:\/\/www.altermes.fr\/wp-content\/uploads\/2025\/12\/Shutterstock_volontairesinternationaux.jpg 600w, https:\/\/www.altermes.fr\/wp-content\/uploads\/2025\/12\/Shutterstock_volontairesinternationaux-480x320.jpg 480w\" sizes=\"(min-width: 0px) and (max-width: 480px) 480px, (min-width: 481px) 600px, 100vw\">                                        <\/a>\n                                                                        <a href=\"https:\/\/www.altermes.fr\/en\/les-infos-du-jour\/volontariat-international-du-nouveau\/\"><h3>Volontariat international : du nouveau !<\/h3><\/a>\n                                    <p class=\"use-case-category\"><a href=\"https:\/\/www.altermes.fr\/en\/weblex-importer-categories\/actualites\/\" rel=\"tag\">Actualit\u00e9s<\/a>, <a href=\"https:\/\/www.altermes.fr\/en\/weblex-importer-categories\/infos-sociales\/\" rel=\"tag\">Infos Sociales<\/a><\/p>\n                                    <p class=\"edc-content\">Bonne nouvelle pour les volontaires internationaux : les r\u00e8gles d\u2019indemnisation \u00e9voluent, avec une indemnit\u00e9 suppl\u00e9mentaire d\u00e9sormais d\u00e9gressive en cas de retour anticip\u00e9 pour situation de cr...<\/p>                                <\/div>\n                                                                <div class=\"case-study-item weblex-article\">\n                                                                            <a href=\"https:\/\/www.altermes.fr\/en\/les-infos-du-jour\/reforme-des-allegements-generaux-des-cotisations-et-en-2026\/\">\n                                            <img decoding=\"async\" width=\"600\" height=\"400\" src=\"https:\/\/www.altermes.fr\/wp-content\/uploads\/2025\/12\/Shutterstock_reformeallegement.jpg\" class=\"attachment-custom-thumbnail size-custom-thumbnail wp-post-image\" alt=\"\" srcset=\"https:\/\/www.altermes.fr\/wp-content\/uploads\/2025\/12\/Shutterstock_reformeallegement.jpg 600w, https:\/\/www.altermes.fr\/wp-content\/uploads\/2025\/12\/Shutterstock_reformeallegement-480x320.jpg 480w\" sizes=\"(min-width: 0px) and (max-width: 480px) 480px, (min-width: 481px) 600px, 100vw\">                                        <\/a>\n                                                                        <a href=\"https:\/\/www.altermes.fr\/en\/les-infos-du-jour\/reforme-des-allegements-generaux-des-cotisations-et-en-2026\/\"><h3>R\u00e9forme des all\u00e9gements g\u00e9n\u00e9raux des cotisations : et en 2026 ?<\/h3><\/a>\n                                    <p class=\"use-case-category\"><a href=\"https:\/\/www.altermes.fr\/en\/weblex-importer-categories\/actualites\/\" rel=\"tag\">Actualit\u00e9s<\/a>, <a href=\"https:\/\/www.altermes.fr\/en\/weblex-importer-categories\/infos-sociales\/\" rel=\"tag\">Infos Sociales<\/a><\/p>\n                                    <p class=\"edc-content\">Au 1er janvier 2026, les all\u00e8gements g\u00e9n\u00e9raux de cotisations patronales changent de logique : on sort d\u2019un empilement de dispositifs pour basculer vers une r\u00e9duction g\u00e9n\u00e9rale d\u00e9gressive d\u00e9so...<\/p>                                <\/div>\n                                                                <div class=\"case-study-item weblex-article\">\n                                                                            <a href=\"https:\/\/www.altermes.fr\/en\/les-infos-du-jour\/fauteuils-roulants-et-protheses-capillaires-une-prise-en-charge-renforcee\/\">\n                                            <img decoding=\"async\" width=\"600\" height=\"400\" src=\"https:\/\/www.altermes.fr\/wp-content\/uploads\/2025\/12\/Shutterstock_priseenchargefauteil.jpg\" class=\"attachment-custom-thumbnail size-custom-thumbnail wp-post-image\" alt=\"\" srcset=\"https:\/\/www.altermes.fr\/wp-content\/uploads\/2025\/12\/Shutterstock_priseenchargefauteil.jpg 600w, https:\/\/www.altermes.fr\/wp-content\/uploads\/2025\/12\/Shutterstock_priseenchargefauteil-480x320.jpg 480w\" sizes=\"(min-width: 0px) and (max-width: 480px) 480px, (min-width: 481px) 600px, 100vw\">                                        <\/a>\n                                                                        <a href=\"https:\/\/www.altermes.fr\/en\/les-infos-du-jour\/fauteuils-roulants-et-protheses-capillaires-une-prise-en-charge-renforcee\/\"><h3>Fauteuils roulants et proth\u00e8ses capillaires : une prise en charge renforc\u00e9e !<\/h3><\/a>\n                                    <p class=\"use-case-category\"><a href=\"https:\/\/www.altermes.fr\/en\/weblex-importer-categories\/actualites\/\" rel=\"tag\">Actualit\u00e9s<\/a>, <a href=\"https:\/\/www.altermes.fr\/en\/weblex-importer-categories\/infos-sociales\/\" rel=\"tag\">Infos Sociales<\/a><\/p>\n                                    <p class=\"edc-content\">D\u00e8s d\u00e9cembre 2025, la prise en charge franchit un cap : les fauteuils roulants passent au 100 % rembours\u00e9 (sur prescription) avec un guichet unique c\u00f4t\u00e9 Assurance maladie, et les proth\u00e8ses capil...<\/p>                                <\/div>\n                                                                <div class=\"case-study-item weblex-article\">\n                                                                            <a href=\"https:\/\/www.altermes.fr\/en\/les-infos-du-jour\/financement-des-cfa-la-liste-des-formations-a-distance-exemptees-de-la-minoration-est-publiee\/\">\n                                            <img decoding=\"async\" width=\"600\" height=\"400\" src=\"https:\/\/www.altermes.fr\/wp-content\/uploads\/2025\/12\/Shutterstock_certificationsexemptees.jpg\" class=\"attachment-custom-thumbnail size-custom-thumbnail wp-post-image\" alt=\"\" srcset=\"https:\/\/www.altermes.fr\/wp-content\/uploads\/2025\/12\/Shutterstock_certificationsexemptees.jpg 600w, https:\/\/www.altermes.fr\/wp-content\/uploads\/2025\/12\/Shutterstock_certificationsexemptees-480x320.jpg 480w\" sizes=\"(min-width: 0px) and (max-width: 480px) 480px, (min-width: 481px) 600px, 100vw\">                                        <\/a>\n                                                                        <a href=\"https:\/\/www.altermes.fr\/en\/les-infos-du-jour\/financement-des-cfa-la-liste-des-formations-a-distance-exemptees-de-la-minoration-est-publiee\/\"><h3>Financement des CFA : la liste des formations \u00e0 distance exempt\u00e9es de la minoration est publi\u00e9e<\/h3><\/a>\n                                    <p class=\"use-case-category\"><a href=\"https:\/\/www.altermes.fr\/en\/weblex-importer-categories\/actualites\/\" rel=\"tag\">Actualit\u00e9s<\/a>, <a href=\"https:\/\/www.altermes.fr\/en\/weblex-importer-categories\/infos-sociales\/\" rel=\"tag\">Infos Sociales<\/a><\/p>\n                                    <p class=\"edc-content\">Bonne nouvelle pour les centres de formations d\u2019apprentis : la liste des formations principalement suivies \u00e0 distance qui \u00e9chappent \u00e0 la minoration du financement par les OPCO vient d\u2019\u00eatre pub...<\/p>                                <\/div>\n                                                                <div class=\"case-study-item weblex-article\">\n                                                                            <a href=\"https:\/\/www.altermes.fr\/en\/les-infos-du-jour\/btp-fermeture-definitive-du-service-net-intemperies\/\">\n                                            <img decoding=\"async\" width=\"600\" height=\"400\" src=\"https:\/\/www.altermes.fr\/wp-content\/uploads\/2025\/12\/Shutterstock_fermeturenetimptemperies.jpg\" class=\"attachment-custom-thumbnail size-custom-thumbnail wp-post-image\" alt=\"\" srcset=\"https:\/\/www.altermes.fr\/wp-content\/uploads\/2025\/12\/Shutterstock_fermeturenetimptemperies.jpg 600w, https:\/\/www.altermes.fr\/wp-content\/uploads\/2025\/12\/Shutterstock_fermeturenetimptemperies-480x320.jpg 480w\" sizes=\"(min-width: 0px) and (max-width: 480px) 480px, (min-width: 481px) 600px, 100vw\">                                        <\/a>\n                                                                        <a href=\"https:\/\/www.altermes.fr\/en\/les-infos-du-jour\/btp-fermeture-definitive-du-service-net-intemperies\/\"><h3>BTP : fermeture d\u00e9finitive du service net intemp\u00e9ries<\/h3><\/a>\n                                    <p class=\"use-case-category\"><a href=\"https:\/\/www.altermes.fr\/en\/weblex-importer-categories\/actualites\/\" rel=\"tag\">Actualit\u00e9s<\/a>, <a href=\"https:\/\/www.altermes.fr\/en\/weblex-importer-categories\/infos-sociales\/\" rel=\"tag\">Infos Sociales<\/a><\/p>\n                                    <p class=\"edc-content\">Pour anticiper la fin du service Net-Intemp\u00e9ries \u00e0 partir du 31 d\u00e9cembre 2025, Net-Entreprises guide les employeurs du BTP sur le nouveau canal de d\u00e9claration des arr\u00eats de travail et des demande...<\/p>                                <\/div>\n                                                                <div class=\"case-study-item weblex-article\">\n                                                                            <a href=\"https:\/\/www.altermes.fr\/en\/les-infos-du-jour\/aides-a-lembauche-dapprenti-une-suspension-de-laide-a-prevoir\/\">\n                                            <img decoding=\"async\" width=\"600\" height=\"400\" src=\"https:\/\/www.altermes.fr\/wp-content\/uploads\/2025\/12\/Shutterstock_aideembaucheapprenti.jpg\" class=\"attachment-custom-thumbnail size-custom-thumbnail wp-post-image\" alt=\"\" srcset=\"https:\/\/www.altermes.fr\/wp-content\/uploads\/2025\/12\/Shutterstock_aideembaucheapprenti.jpg 600w, https:\/\/www.altermes.fr\/wp-content\/uploads\/2025\/12\/Shutterstock_aideembaucheapprenti-480x320.jpg 480w\" sizes=\"(min-width: 0px) and (max-width: 480px) 480px, (min-width: 481px) 600px, 100vw\">                                        <\/a>\n                                                                        <a href=\"https:\/\/www.altermes.fr\/en\/les-infos-du-jour\/aides-a-lembauche-dapprenti-une-suspension-de-laide-a-prevoir\/\"><h3>Aides \u00e0 l\u2019embauche d\u2019apprenti : une suspension de l\u2019aide \u00e0 pr\u00e9voir !<\/h3><\/a>\n                                    <p class=\"use-case-category\"><a href=\"https:\/\/www.altermes.fr\/en\/weblex-importer-categories\/actualites\/\" rel=\"tag\">Actualit\u00e9s<\/a>, <a href=\"https:\/\/www.altermes.fr\/en\/weblex-importer-categories\/infos-sociales\/\" rel=\"tag\">Infos Sociales<\/a><\/p>\n                                    <p class=\"edc-content\">Le versement des aides accord\u00e9es aux employeurs lors de l\u2019embauche d\u2019un apprenti est d\u00e9sormais proratis\u00e9, dans certains cas. Voil\u00e0 qui impose \u00e0 l\u2019administration d\u2019ajuster ses contr\u00f4les d...<\/p>                                <\/div>\n                                                                <div class=\"case-study-item weblex-article\">\n                                                                            <a href=\"https:\/\/www.altermes.fr\/en\/les-infos-du-jour\/insulter-son-employeur-faute-grave-automatique\/\">\n                                            <img decoding=\"async\" width=\"600\" height=\"400\" src=\"https:\/\/www.altermes.fr\/wp-content\/uploads\/2025\/12\/Shutterstock_insulteemployeur.jpg\" class=\"attachment-custom-thumbnail size-custom-thumbnail wp-post-image\" alt=\"\" srcset=\"https:\/\/www.altermes.fr\/wp-content\/uploads\/2025\/12\/Shutterstock_insulteemployeur.jpg 600w, https:\/\/www.altermes.fr\/wp-content\/uploads\/2025\/12\/Shutterstock_insulteemployeur-480x320.jpg 480w\" sizes=\"(min-width: 0px) and (max-width: 480px) 480px, (min-width: 481px) 600px, 100vw\">                                        <\/a>\n                                                                        <a href=\"https:\/\/www.altermes.fr\/en\/les-infos-du-jour\/insulter-son-employeur-faute-grave-automatique\/\"><h3>Insulter son employeur : faute grave automatique ?<\/h3><\/a>\n                                    <p class=\"use-case-category\"><a href=\"https:\/\/www.altermes.fr\/en\/weblex-importer-categories\/actualites\/\" rel=\"tag\">Actualit\u00e9s<\/a>, <a href=\"https:\/\/www.altermes.fr\/en\/weblex-importer-categories\/infos-sociales\/\" rel=\"tag\">Infos Sociales<\/a><\/p>\n                                    <p class=\"edc-content\">Dans une r\u00e9cente affaire, le juge a eu l\u2019occasion de rappeler que les insultes de l\u2019employeur par un salari\u00e9 ne doivent pas m\u00e9caniquement conduire \u00e0 son licenciement pour faute grave. Voil\u00e0 q...<\/p>                                <\/div>\n                                                                <div class=\"case-study-item weblex-article\">\n                                                                            <a href=\"https:\/\/www.altermes.fr\/en\/les-infos-du-jour\/enregistrement-clandestin-de-lemployeur-recevable\/\">\n                                            <img decoding=\"async\" width=\"600\" height=\"400\" src=\"https:\/\/www.altermes.fr\/wp-content\/uploads\/2025\/12\/Shutterstock_preuvedeloyaleeyeur.jpg\" class=\"attachment-custom-thumbnail size-custom-thumbnail wp-post-image\" alt=\"\" srcset=\"https:\/\/www.altermes.fr\/wp-content\/uploads\/2025\/12\/Shutterstock_preuvedeloyaleeyeur.jpg 600w, https:\/\/www.altermes.fr\/wp-content\/uploads\/2025\/12\/Shutterstock_preuvedeloyaleeyeur-480x320.jpg 480w\" sizes=\"(min-width: 0px) and (max-width: 480px) 480px, (min-width: 481px) 600px, 100vw\">                                        <\/a>\n                                                                        <a href=\"https:\/\/www.altermes.fr\/en\/les-infos-du-jour\/enregistrement-clandestin-de-lemployeur-recevable\/\"><h3>Enregistrement clandestin de l\u2019employeur : recevable ?<\/h3><\/a>\n                                    <p class=\"use-case-category\"><a href=\"https:\/\/www.altermes.fr\/en\/weblex-importer-categories\/actualites\/\" rel=\"tag\">Actualit\u00e9s<\/a>, <a href=\"https:\/\/www.altermes.fr\/en\/weblex-importer-categories\/infos-sociales\/\" rel=\"tag\">Infos Sociales<\/a><\/p>\n                                    <p class=\"edc-content\">En droit social, une preuve obtenue de mani\u00e8re d\u00e9loyale n\u2019est recevable que lorsqu\u2019elle est absolument indispensable pour \u00e9tablir les faits invoqu\u00e9s et que l\u2019atteinte (le plus souvent \u00e0 la ...<\/p>                                <\/div>\n                                                                <div class=\"case-study-item weblex-article\">\n                                                                            <a href=\"https:\/\/www.altermes.fr\/en\/les-infos-du-jour\/paie-comment-gerer-la-reforme-des-cotisations-patronales-en-2026\/\">\n                                            <img decoding=\"async\" width=\"600\" height=\"400\" src=\"https:\/\/www.altermes.fr\/wp-content\/uploads\/2025\/12\/Shutterstock_declaDSNcotisations.jpg\" class=\"attachment-custom-thumbnail size-custom-thumbnail wp-post-image\" alt=\"\" srcset=\"https:\/\/www.altermes.fr\/wp-content\/uploads\/2025\/12\/Shutterstock_declaDSNcotisations.jpg 600w, https:\/\/www.altermes.fr\/wp-content\/uploads\/2025\/12\/Shutterstock_declaDSNcotisations-480x320.jpg 480w\" sizes=\"(min-width: 0px) and (max-width: 480px) 480px, (min-width: 481px) 600px, 100vw\">                                        <\/a>\n                                                                        <a href=\"https:\/\/www.altermes.fr\/en\/les-infos-du-jour\/paie-comment-gerer-la-reforme-des-cotisations-patronales-en-2026\/\"><h3>Paie : comment g\u00e9rer la r\u00e9forme des cotisations patronales en 2026 ?<\/h3><\/a>\n                                    <p class=\"use-case-category\"><a href=\"https:\/\/www.altermes.fr\/en\/weblex-importer-categories\/actualites\/\" rel=\"tag\">Actualit\u00e9s<\/a>, <a href=\"https:\/\/www.altermes.fr\/en\/weblex-importer-categories\/infos-sociales\/\" rel=\"tag\">Infos Sociales<\/a><\/p>\n                                    <p class=\"edc-content\">Initi\u00e9e par la loi de financement de la S\u00e9curit\u00e9 sociale pour 2025, la r\u00e9forme des all\u00e8gements g\u00e9n\u00e9raux de cotisations sociales patronales bouscule les r\u00e8gles de d\u00e9claration. Pour accompagner...<\/p>                                <\/div>\n                                                                <div class=\"case-study-item weblex-article\">\n                                                                            <a href=\"https:\/\/www.altermes.fr\/en\/les-infos-du-jour\/asc-du-cse-bientot-la-fin-de-la-tolerance-pour-le-critere-danciennete\/\">\n                                            <img decoding=\"async\" width=\"600\" height=\"400\" src=\"https:\/\/www.altermes.fr\/wp-content\/uploads\/2025\/11\/Shutterstock_ascducse.jpg\" class=\"attachment-custom-thumbnail size-custom-thumbnail wp-post-image\" alt=\"\" srcset=\"https:\/\/www.altermes.fr\/wp-content\/uploads\/2025\/11\/Shutterstock_ascducse.jpg 600w, https:\/\/www.altermes.fr\/wp-content\/uploads\/2025\/11\/Shutterstock_ascducse-480x320.jpg 480w\" sizes=\"(min-width: 0px) and (max-width: 480px) 480px, (min-width: 481px) 600px, 100vw\">                                        <\/a>\n                                                                        <a href=\"https:\/\/www.altermes.fr\/en\/les-infos-du-jour\/asc-du-cse-bientot-la-fin-de-la-tolerance-pour-le-critere-danciennete\/\"><h3>ASC du CSE : bient\u00f4t la fin de la tol\u00e9rance pour le crit\u00e8re d\u2019anciennet\u00e9 !<\/h3><\/a>\n                                    <p class=\"use-case-category\"><a href=\"https:\/\/www.altermes.fr\/en\/weblex-importer-categories\/actualites\/\" rel=\"tag\">Actualit\u00e9s<\/a>, <a href=\"https:\/\/www.altermes.fr\/en\/weblex-importer-categories\/infos-sociales\/\" rel=\"tag\">Infos Sociales<\/a><\/p>\n                                    <p class=\"edc-content\">Les CSE doivent, tr\u00e8s bient\u00f4t, revoir leurs crit\u00e8res d\u2019attribution des aides aux activit\u00e9s sociales et culturelles (ASC) pour \u00e9liminer toute r\u00e9f\u00e9rence \u00e0 l\u2019anciennet\u00e9 du salari\u00e9, faute de...<\/p>                                <\/div>\n                                                                <div class=\"case-study-item weblex-article\">\n                                                                            <a href=\"https:\/\/www.altermes.fr\/en\/les-infos-du-jour\/retraite-des-professions-liberales-des-evolutions\/\">\n                                            <img decoding=\"async\" width=\"600\" height=\"400\" src=\"https:\/\/www.altermes.fr\/wp-content\/uploads\/2025\/11\/Shutterstock_retraiteprofessionsliberales.jpg\" class=\"attachment-custom-thumbnail size-custom-thumbnail wp-post-image\" alt=\"\" srcset=\"https:\/\/www.altermes.fr\/wp-content\/uploads\/2025\/11\/Shutterstock_retraiteprofessionsliberales.jpg 600w, https:\/\/www.altermes.fr\/wp-content\/uploads\/2025\/11\/Shutterstock_retraiteprofessionsliberales-480x320.jpg 480w\" sizes=\"(min-width: 0px) and (max-width: 480px) 480px, (min-width: 481px) 600px, 100vw\">                                        <\/a>\n                                                                        <a href=\"https:\/\/www.altermes.fr\/en\/les-infos-du-jour\/retraite-des-professions-liberales-des-evolutions\/\"><h3>Retraite des professions lib\u00e9rales : des \u00e9volutions !<\/h3><\/a>\n                                    <p class=\"use-case-category\"><a href=\"https:\/\/www.altermes.fr\/en\/weblex-importer-categories\/actualites\/\" rel=\"tag\">Actualit\u00e9s<\/a>, <a href=\"https:\/\/www.altermes.fr\/en\/weblex-importer-categories\/infos-sociales\/\" rel=\"tag\">Infos Sociales<\/a><\/p>\n                                    <p class=\"edc-content\">Pour parachever la r\u00e9forme de l\u2019assiette sociale des travailleurs ind\u00e9pendants \u2013 \u00e0 l\u2019exception des auto-entrepreneurs \u2013, une mise \u00e0 jour r\u00e9cente de plusieurs param\u00e8tres des r\u00e9gimes de r...<\/p>                                <\/div>\n                                                                <div class=\"case-study-item weblex-article\">\n                                                                            <a href=\"https:\/\/www.altermes.fr\/en\/les-infos-du-jour\/artistes-auteurs-les-demarches-2026-sont-ouvertes\/\">\n                                            <img decoding=\"async\" width=\"600\" height=\"400\" src=\"https:\/\/www.altermes.fr\/wp-content\/uploads\/2025\/11\/Shutterstock_precomptecotisationsursaff.jpg\" class=\"attachment-custom-thumbnail size-custom-thumbnail wp-post-image\" alt=\"\" srcset=\"https:\/\/www.altermes.fr\/wp-content\/uploads\/2025\/11\/Shutterstock_precomptecotisationsursaff.jpg 600w, https:\/\/www.altermes.fr\/wp-content\/uploads\/2025\/11\/Shutterstock_precomptecotisationsursaff-480x320.jpg 480w\" sizes=\"(min-width: 0px) and (max-width: 480px) 480px, (min-width: 481px) 600px, 100vw\">                                        <\/a>\n                                                                        <a href=\"https:\/\/www.altermes.fr\/en\/les-infos-du-jour\/artistes-auteurs-les-demarches-2026-sont-ouvertes\/\"><h3>Artistes-auteurs : les d\u00e9marches 2026 sont ouvertes<\/h3><\/a>\n                                    <p class=\"use-case-category\"><a href=\"https:\/\/www.altermes.fr\/en\/weblex-importer-categories\/actualites\/\" rel=\"tag\">Actualit\u00e9s<\/a>, <a href=\"https:\/\/www.altermes.fr\/en\/weblex-importer-categories\/infos-sociales\/\" rel=\"tag\">Infos Sociales<\/a><\/p>\n                                    <p class=\"edc-content\">D\u00e8s le 1er d\u00e9cembre 2025, les artistes-auteurs doivent r\u00e9cup\u00e9rer leur dispense de pr\u00e9compte et consulter leur calendrier pr\u00e9visionnel de cotisations 2026. La modulation pour ajuster les cotisati...<\/p>                                <\/div>\n                                                                <div class=\"case-study-item weblex-article\">\n                                                                            <a href=\"https:\/\/www.altermes.fr\/en\/les-infos-du-jour\/versement-mobilite-les-taux-2026-sont-disponibles\/\">\n                                            <img decoding=\"async\" width=\"600\" height=\"400\" src=\"https:\/\/www.altermes.fr\/wp-content\/uploads\/2025\/11\/Shutterstock_versementmobiliteurssaf.jpg\" class=\"attachment-custom-thumbnail size-custom-thumbnail wp-post-image\" alt=\"\" srcset=\"https:\/\/www.altermes.fr\/wp-content\/uploads\/2025\/11\/Shutterstock_versementmobiliteurssaf.jpg 600w, https:\/\/www.altermes.fr\/wp-content\/uploads\/2025\/11\/Shutterstock_versementmobiliteurssaf-480x320.jpg 480w\" sizes=\"(min-width: 0px) and (max-width: 480px) 480px, (min-width: 481px) 600px, 100vw\">                                        <\/a>\n                                                                        <a href=\"https:\/\/www.altermes.fr\/en\/les-infos-du-jour\/versement-mobilite-les-taux-2026-sont-disponibles\/\"><h3>Versement mobilit\u00e9 : les taux 2026 sont disponibles !<\/h3><\/a>\n                                    <p class=\"use-case-category\"><a href=\"https:\/\/www.altermes.fr\/en\/weblex-importer-categories\/actualites\/\" rel=\"tag\">Actualit\u00e9s<\/a>, <a href=\"https:\/\/www.altermes.fr\/en\/weblex-importer-categories\/infos-sociales\/\" rel=\"tag\">Infos Sociales<\/a><\/p>\n                                    <p class=\"edc-content\">Le versement mobilit\u00e9 est une contribution que peuvent \u00eatre amen\u00e9es \u00e0 payer toutes les entreprises employant au moins 11 salari\u00e9s, d\u00e8s lors qu\u2019elles sont situ\u00e9es dans une zone o\u00f9 ce disposit...<\/p>                                <\/div>\n                                                                <div class=\"case-study-item weblex-article\">\n                                                                            <a href=\"https:\/\/www.altermes.fr\/en\/les-infos-du-jour\/licenciement-pour-motif-economique-quels-criteres-prendre-en-compte\/\">\n                                            <img decoding=\"async\" width=\"600\" height=\"400\" src=\"https:\/\/www.altermes.fr\/wp-content\/uploads\/2025\/11\/Shutterstock_licenciementmotifeconomique.jpg\" class=\"attachment-custom-thumbnail size-custom-thumbnail wp-post-image\" alt=\"\" srcset=\"https:\/\/www.altermes.fr\/wp-content\/uploads\/2025\/11\/Shutterstock_licenciementmotifeconomique.jpg 600w, https:\/\/www.altermes.fr\/wp-content\/uploads\/2025\/11\/Shutterstock_licenciementmotifeconomique-480x320.jpg 480w\" sizes=\"(min-width: 0px) and (max-width: 480px) 480px, (min-width: 481px) 600px, 100vw\">                                        <\/a>\n                                                                        <a href=\"https:\/\/www.altermes.fr\/en\/les-infos-du-jour\/licenciement-pour-motif-economique-quels-criteres-prendre-en-compte\/\"><h3>Licenciement pour motif \u00e9conomique : quels crit\u00e8res prendre en compte ?<\/h3><\/a>\n                                    <p class=\"use-case-category\"><a href=\"https:\/\/www.altermes.fr\/en\/weblex-importer-categories\/actualites\/\" rel=\"tag\">Actualit\u00e9s<\/a>, <a href=\"https:\/\/www.altermes.fr\/en\/weblex-importer-categories\/infos-sociales\/\" rel=\"tag\">Infos Sociales<\/a><\/p>\n                                    <p class=\"edc-content\">Une entreprise peut-elle justifier un licenciement pour motif \u00e9conomique m\u00eame si elle ne prouve pas une baisse de chiffre d\u2019affaires selon les crit\u00e8res l\u00e9gaux, d\u00e8s lors que d\u2019autres indicateu...<\/p>                                <\/div>\n                                                                <div class=\"case-study-item weblex-article\">\n                                                                            <a href=\"https:\/\/www.altermes.fr\/en\/les-infos-du-jour\/tarification-at-mp-et-gel-des-effectifs-quelle-articulation\/\">\n                                            <img decoding=\"async\" width=\"600\" height=\"400\" src=\"https:\/\/www.altermes.fr\/wp-content\/uploads\/2025\/11\/Shutterstock_tarificationATMP.jpg\" class=\"attachment-custom-thumbnail size-custom-thumbnail wp-post-image\" alt=\"\" srcset=\"https:\/\/www.altermes.fr\/wp-content\/uploads\/2025\/11\/Shutterstock_tarificationATMP.jpg 600w, https:\/\/www.altermes.fr\/wp-content\/uploads\/2025\/11\/Shutterstock_tarificationATMP-480x320.jpg 480w\" sizes=\"(min-width: 0px) and (max-width: 480px) 480px, (min-width: 481px) 600px, 100vw\">                                        <\/a>\n                                                                        <a href=\"https:\/\/www.altermes.fr\/en\/les-infos-du-jour\/tarification-at-mp-et-gel-des-effectifs-quelle-articulation\/\"><h3>Tarification AT-MP et gel des effectifs : quelle articulation ?<\/h3><\/a>\n                                    <p class=\"use-case-category\"><a href=\"https:\/\/www.altermes.fr\/en\/weblex-importer-categories\/actualites\/\" rel=\"tag\">Actualit\u00e9s<\/a>, <a href=\"https:\/\/www.altermes.fr\/en\/weblex-importer-categories\/infos-sociales\/\" rel=\"tag\">Infos Sociales<\/a><\/p>\n                                    <p class=\"edc-content\">Entre r\u00e8gles de tarification fond\u00e9es sur l\u2019effectif et m\u00e9canisme de gel instaur\u00e9 par la loi PACTE, les entreprises pouvaient l\u00e9gitimement s\u2019interroger sur la mani\u00e8re d\u2019articuler ces dispos...<\/p>                                <\/div>\n                                                                <div class=\"case-study-item weblex-article\">\n                                                                            <a href=\"https:\/\/www.altermes.fr\/en\/les-infos-du-jour\/loyaute-du-salarie-permanente\/\">\n                                            <img decoding=\"async\" width=\"600\" height=\"400\" src=\"https:\/\/www.altermes.fr\/wp-content\/uploads\/2025\/11\/Shutterstock_activitC3A9oncurrentearret.jpg\" class=\"attachment-custom-thumbnail size-custom-thumbnail wp-post-image\" alt=\"\" srcset=\"https:\/\/www.altermes.fr\/wp-content\/uploads\/2025\/11\/Shutterstock_activitC3A9oncurrentearret.jpg 600w, https:\/\/www.altermes.fr\/wp-content\/uploads\/2025\/11\/Shutterstock_activitC3A9oncurrentearret-480x320.jpg 480w\" sizes=\"(min-width: 0px) and (max-width: 480px) 480px, (min-width: 481px) 600px, 100vw\">                                        <\/a>\n                                                                        <a href=\"https:\/\/www.altermes.fr\/en\/les-infos-du-jour\/loyaute-du-salarie-permanente\/\"><h3>Loyaut\u00e9 du salari\u00e9 : permanente ?<\/h3><\/a>\n                                    <p class=\"use-case-category\"><a href=\"https:\/\/www.altermes.fr\/en\/weblex-importer-categories\/actualites\/\" rel=\"tag\">Actualit\u00e9s<\/a>, <a href=\"https:\/\/www.altermes.fr\/en\/weblex-importer-categories\/infos-sociales\/\" rel=\"tag\">Infos Sociales<\/a><\/p>\n                                    <p class=\"edc-content\">Un salari\u00e9 peut-il \u00eatre licenci\u00e9 pour avoir tent\u00e9 d\u2019exercer une activit\u00e9 concurrente pendant un arr\u00eat maladie ? La question se pose lorsqu\u2019un salari\u00e9 arr\u00eat\u00e9, pourtant tenu \u00e0 une obligati...<\/p>                                <\/div>\n                                                                <div class=\"case-study-item weblex-article\">\n                                                                            <a href=\"https:\/\/www.altermes.fr\/en\/les-infos-du-jour\/poste-de-reclassement-des-conditions-a-respecter\/\">\n                                            <img decoding=\"async\" width=\"600\" height=\"400\" src=\"https:\/\/www.altermes.fr\/wp-content\/uploads\/2025\/11\/Shutterstock_reclassement.jpg\" class=\"attachment-custom-thumbnail size-custom-thumbnail wp-post-image\" alt=\"\" srcset=\"https:\/\/www.altermes.fr\/wp-content\/uploads\/2025\/11\/Shutterstock_reclassement.jpg 600w, https:\/\/www.altermes.fr\/wp-content\/uploads\/2025\/11\/Shutterstock_reclassement-480x320.jpg 480w\" sizes=\"(min-width: 0px) and (max-width: 480px) 480px, (min-width: 481px) 600px, 100vw\">                                        <\/a>\n                                                                        <a href=\"https:\/\/www.altermes.fr\/en\/les-infos-du-jour\/poste-de-reclassement-des-conditions-a-respecter\/\"><h3>Poste de reclassement : des conditions \u00e0 respecter<\/h3><\/a>\n                                    <p class=\"use-case-category\"><a href=\"https:\/\/www.altermes.fr\/en\/weblex-importer-categories\/actualites\/\" rel=\"tag\">Actualit\u00e9s<\/a>, <a href=\"https:\/\/www.altermes.fr\/en\/weblex-importer-categories\/infos-sociales\/\" rel=\"tag\">Infos Sociales<\/a><\/p>\n                                    <p class=\"edc-content\">L\u2019obligation de reclassement ne s\u2019arr\u00eate pas \u00e0 la proposition d\u2019un poste. Si le salari\u00e9 conteste sa compatibilit\u00e9 avec les restrictions m\u00e9dicales, l\u2019employeur doit solliciter \u00e0 nouveau l...<\/p>                                <\/div>\n                                                                <div class=\"case-study-item weblex-article\">\n                                                                            <a href=\"https:\/\/www.altermes.fr\/en\/les-infos-du-jour\/spsti-quelle-remuneration-pour-le-medecin-praticien-correspondant\/\">\n                                            <img decoding=\"async\" width=\"600\" height=\"400\" src=\"https:\/\/www.altermes.fr\/wp-content\/uploads\/2025\/11\/Shutterstock_determinationsalaireminmedecin.jpg\" class=\"attachment-custom-thumbnail size-custom-thumbnail wp-post-image\" alt=\"\" srcset=\"https:\/\/www.altermes.fr\/wp-content\/uploads\/2025\/11\/Shutterstock_determinationsalaireminmedecin.jpg 600w, https:\/\/www.altermes.fr\/wp-content\/uploads\/2025\/11\/Shutterstock_determinationsalaireminmedecin-480x320.jpg 480w\" sizes=\"(min-width: 0px) and (max-width: 480px) 480px, (min-width: 481px) 600px, 100vw\">                                        <\/a>\n                                                                        <a href=\"https:\/\/www.altermes.fr\/en\/les-infos-du-jour\/spsti-quelle-remuneration-pour-le-medecin-praticien-correspondant\/\"><h3>SPSTI : quelle r\u00e9mun\u00e9ration pour le m\u00e9decin praticien correspondant ?<\/h3><\/a>\n                                    <p class=\"use-case-category\"><a href=\"https:\/\/www.altermes.fr\/en\/weblex-importer-categories\/actualites\/\" rel=\"tag\">Actualit\u00e9s<\/a>, <a href=\"https:\/\/www.altermes.fr\/en\/weblex-importer-categories\/infos-sociales\/\" rel=\"tag\">Infos Sociales<\/a><\/p>\n                                    <p class=\"edc-content\">La r\u00e9mun\u00e9ration du m\u00e9decin praticien correspondant se pr\u00e9cise, marquant une nouvelle \u00e9tape du dispositif pr\u00e9vu par la loi \u00ab Sant\u00e9 au travail \u00bb et visant \u00e0 pallier l\u2019insuffisance de m\u00e9deci...<\/p>                                <\/div>\n                                                                <div class=\"case-study-item weblex-article\">\n                                                                            <a href=\"https:\/\/www.altermes.fr\/en\/les-infos-du-jour\/aides-a-lapprentissage-ajustement-en-vue\/\">\n                                            <img decoding=\"async\" width=\"600\" height=\"400\" src=\"https:\/\/www.altermes.fr\/wp-content\/uploads\/2025\/11\/Shutterstock_aideapprentissage.jpg\" class=\"attachment-custom-thumbnail size-custom-thumbnail wp-post-image\" alt=\"\" srcset=\"https:\/\/www.altermes.fr\/wp-content\/uploads\/2025\/11\/Shutterstock_aideapprentissage.jpg 600w, https:\/\/www.altermes.fr\/wp-content\/uploads\/2025\/11\/Shutterstock_aideapprentissage-480x320.jpg 480w\" sizes=\"(min-width: 0px) and (max-width: 480px) 480px, (min-width: 481px) 600px, 100vw\">                                        <\/a>\n                                                                        <a href=\"https:\/\/www.altermes.fr\/en\/les-infos-du-jour\/aides-a-lapprentissage-ajustement-en-vue\/\"><h3>Aides \u00e0 l\u2019apprentissage : ajustement en vue !<\/h3><\/a>\n                                    <p class=\"use-case-category\"><a href=\"https:\/\/www.altermes.fr\/en\/weblex-importer-categories\/actualites\/\" rel=\"tag\">Actualit\u00e9s<\/a>, <a href=\"https:\/\/www.altermes.fr\/en\/weblex-importer-categories\/infos-sociales\/\" rel=\"tag\">Infos Sociales<\/a><\/p>\n                                    <p class=\"edc-content\">Depuis le 1er novembre 2025, le montant des aides \u00e0 l\u2019apprentissage (aide unique et aide exceptionnelle) est d\u00e9sormais proratis\u00e9 pour tous les contrats d\u2019une dur\u00e9e inf\u00e9rieure \u00e0 1 an ou rompu...<\/p>                                <\/div>\n                                                                <div class=\"case-study-item weblex-article\">\n                                                                            <a href=\"https:\/\/www.altermes.fr\/en\/les-infos-du-jour\/assurance-chomage-des-nouveautes-issues-de-la-loi-seniors\/\">\n                                            <img decoding=\"async\" width=\"2880\" height=\"1916\" src=\"https:\/\/www.altermes.fr\/wp-content\/uploads\/2025\/11\/Shutterstock_bonusmalus-scaled.jpg\" class=\"attachment-custom-thumbnail size-custom-thumbnail wp-post-image\" alt=\"\" srcset=\"https:\/\/www.altermes.fr\/wp-content\/uploads\/2025\/11\/Shutterstock_bonusmalus-scaled.jpg 2880w, https:\/\/www.altermes.fr\/wp-content\/uploads\/2025\/11\/Shutterstock_bonusmalus-1280x852.jpg 1280w, https:\/\/www.altermes.fr\/wp-content\/uploads\/2025\/11\/Shutterstock_bonusmalus-980x652.jpg 980w, https:\/\/www.altermes.fr\/wp-content\/uploads\/2025\/11\/Shutterstock_bonusmalus-480x319.jpg 480w\" sizes=\"(min-width: 0px) and (max-width: 480px) 480px, (min-width: 481px) and (max-width: 980px) 980px, (min-width: 981px) and (max-width: 1280px) 1280px, (min-width: 1281px) 2880px, 100vw\">                                        <\/a>\n                                                                        <a href=\"https:\/\/www.altermes.fr\/en\/les-infos-du-jour\/assurance-chomage-des-nouveautes-issues-de-la-loi-seniors\/\"><h3>Assurance ch\u00f4mage : des nouveaut\u00e9s issues de la loi \u00ab Seniors \u00bb<\/h3><\/a>\n                                    <p class=\"use-case-category\"><a href=\"https:\/\/www.altermes.fr\/en\/weblex-importer-categories\/actualites\/\" rel=\"tag\">Actualit\u00e9s<\/a>, <a href=\"https:\/\/www.altermes.fr\/en\/weblex-importer-categories\/infos-sociales\/\" rel=\"tag\">Infos Sociales<\/a><\/p>\n                                    <p class=\"edc-content\">Dans la lign\u00e9e de l\u2019avenant au protocole d\u2019Assurance ch\u00f4mage sign\u00e9 le 27 mai dernier par les partenaires sociaux, la loi dite \u00ab Seniors \u00bb vient d\u00e9sormais consacrer plusieurs mesures issues d...<\/p>                                <\/div>\n                                                                <div class=\"case-study-item weblex-article\">\n                                                                            <a href=\"https:\/\/www.altermes.fr\/en\/les-infos-du-jour\/taux-at-mp-nouvelles-fonctionnalites-disponibles\/\">\n                                            <img decoding=\"async\" width=\"600\" height=\"400\" src=\"https:\/\/www.altermes.fr\/wp-content\/uploads\/2025\/11\/Shutterstock_compteATMP.jpg\" class=\"attachment-custom-thumbnail size-custom-thumbnail wp-post-image\" alt=\"\" srcset=\"https:\/\/www.altermes.fr\/wp-content\/uploads\/2025\/11\/Shutterstock_compteATMP.jpg 600w, https:\/\/www.altermes.fr\/wp-content\/uploads\/2025\/11\/Shutterstock_compteATMP-480x320.jpg 480w\" sizes=\"(min-width: 0px) and (max-width: 480px) 480px, (min-width: 481px) 600px, 100vw\">                                        <\/a>\n                                                                        <a href=\"https:\/\/www.altermes.fr\/en\/les-infos-du-jour\/taux-at-mp-nouvelles-fonctionnalites-disponibles\/\"><h3>Taux AT MP : nouvelles fonctionnalit\u00e9s disponibles<\/h3><\/a>\n                                    <p class=\"use-case-category\"><a href=\"https:\/\/www.altermes.fr\/en\/weblex-importer-categories\/actualites\/\" rel=\"tag\">Actualit\u00e9s<\/a>, <a href=\"https:\/\/www.altermes.fr\/en\/weblex-importer-categories\/infos-sociales\/\" rel=\"tag\">Infos Sociales<\/a><\/p>\n                                    <p class=\"edc-content\">Depuis le 23 octobre 2025, le compte entreprise s\u2019est enrichi de 3 nouvelles fonctionnalit\u00e9s utiles aux entreprises et \u00e0 leurs tiers-d\u00e9clarants pour la gestion et la consultation des taux acciden...<\/p>                                <\/div>\n                                                                <div class=\"case-study-item weblex-article\">\n                                                                            <a href=\"https:\/\/www.altermes.fr\/en\/les-infos-du-jour\/taux-at-mp-nouvelles-fonctionnalites-disponibles-2\/\">\n                                            <img decoding=\"async\" width=\"600\" height=\"400\" src=\"https:\/\/www.altermes.fr\/wp-content\/uploads\/2025\/11\/Shutterstock_compteATMP-1.jpg\" class=\"attachment-custom-thumbnail size-custom-thumbnail wp-post-image\" alt=\"\" srcset=\"https:\/\/www.altermes.fr\/wp-content\/uploads\/2025\/11\/Shutterstock_compteATMP-1.jpg 600w, https:\/\/www.altermes.fr\/wp-content\/uploads\/2025\/11\/Shutterstock_compteATMP-1-480x320.jpg 480w\" sizes=\"(min-width: 0px) and (max-width: 480px) 480px, (min-width: 481px) 600px, 100vw\">                                        <\/a>\n                                                                        <a href=\"https:\/\/www.altermes.fr\/en\/les-infos-du-jour\/taux-at-mp-nouvelles-fonctionnalites-disponibles-2\/\"><h3>Taux AT MP : nouvelles fonctionnalit\u00e9s disponibles<\/h3><\/a>\n                                    <p class=\"use-case-category\"><a href=\"https:\/\/www.altermes.fr\/en\/weblex-importer-categories\/actualites\/\" rel=\"tag\">Actualit\u00e9s<\/a>, <a href=\"https:\/\/www.altermes.fr\/en\/weblex-importer-categories\/infos-sociales\/\" rel=\"tag\">Infos Sociales<\/a><\/p>\n                                    <p class=\"edc-content\">Depuis le 23 octobre 2025, le compte entreprise s\u2019est enrichi de 3 nouvelles fonctionnalit\u00e9s utiles aux entreprises et \u00e0 leurs tiers-d\u00e9clarants pour la gestion et la consultation des taux acciden...<\/p>                                <\/div>\n                                                                <div class=\"case-study-item weblex-article\">\n                                                                            <a href=\"https:\/\/www.altermes.fr\/en\/les-infos-du-jour\/periode-de-reconversion-un-nouveau-dispositif\/\">\n                                            <img decoding=\"async\" width=\"600\" height=\"400\" src=\"https:\/\/www.altermes.fr\/wp-content\/uploads\/2025\/11\/Shutterstock_periodereconversion.jpg\" class=\"attachment-custom-thumbnail size-custom-thumbnail wp-post-image\" alt=\"\" srcset=\"https:\/\/www.altermes.fr\/wp-content\/uploads\/2025\/11\/Shutterstock_periodereconversion.jpg 600w, https:\/\/www.altermes.fr\/wp-content\/uploads\/2025\/11\/Shutterstock_periodereconversion-480x320.jpg 480w\" sizes=\"(min-width: 0px) and (max-width: 480px) 480px, (min-width: 481px) 600px, 100vw\">                                        <\/a>\n                                                                        <a href=\"https:\/\/www.altermes.fr\/en\/les-infos-du-jour\/periode-de-reconversion-un-nouveau-dispositif\/\"><h3>P\u00e9riode de reconversion : un nouveau dispositif<\/h3><\/a>\n                                    <p class=\"use-case-category\"><a href=\"https:\/\/www.altermes.fr\/en\/weblex-importer-categories\/actualites\/\" rel=\"tag\">Actualit\u00e9s<\/a>, <a href=\"https:\/\/www.altermes.fr\/en\/weblex-importer-categories\/infos-sociales\/\" rel=\"tag\">Infos Sociales<\/a><\/p>\n                                    <p class=\"edc-content\">La p\u00e9riode de reconversion est un nouveau dispositif qui vise \u00e0 faciliter l\u2019organisation d\u2019une transition, d\u2019une promotion ou d\u2019une reconversion professionnelle. Ce nouveau dispositif, qui p...<\/p>                                <\/div>\n                                                                <div class=\"case-study-item weblex-article\">\n                                                                            <a href=\"https:\/\/www.altermes.fr\/en\/les-infos-du-jour\/fin-de-carriere-les-nouveautes-de-la-loi-seniors\/\">\n                                            <img decoding=\"async\" width=\"600\" height=\"400\" src=\"https:\/\/www.altermes.fr\/wp-content\/uploads\/2025\/11\/Shutterstock_retraiteprogressive2028129.jpg\" class=\"attachment-custom-thumbnail size-custom-thumbnail wp-post-image\" alt=\"\" srcset=\"https:\/\/www.altermes.fr\/wp-content\/uploads\/2025\/11\/Shutterstock_retraiteprogressive2028129.jpg 600w, https:\/\/www.altermes.fr\/wp-content\/uploads\/2025\/11\/Shutterstock_retraiteprogressive2028129-480x320.jpg 480w\" sizes=\"(min-width: 0px) and (max-width: 480px) 480px, (min-width: 481px) 600px, 100vw\">                                        <\/a>\n                                                                        <a href=\"https:\/\/www.altermes.fr\/en\/les-infos-du-jour\/fin-de-carriere-les-nouveautes-de-la-loi-seniors\/\"><h3>Fin de carri\u00e8re : les nouveaut\u00e9s de la loi Seniors<\/h3><\/a>\n                                    <p class=\"use-case-category\"><a href=\"https:\/\/www.altermes.fr\/en\/weblex-importer-categories\/actualites\/\" rel=\"tag\">Actualit\u00e9s<\/a>, <a href=\"https:\/\/www.altermes.fr\/en\/weblex-importer-categories\/infos-sociales\/\" rel=\"tag\">Infos Sociales<\/a><\/p>\n                                    <p class=\"edc-content\">Afin de mieux accompagner la transition vers la fin de carri\u00e8re et le passage \u00e0 la retraite, la loi \u00ab Seniors \u00bb introduit plusieurs changements majeurs. Elle renforce notamment les obligations de ...<\/p>                                <\/div>\n                                                                <div class=\"case-study-item weblex-article\">\n                                                                            <a href=\"https:\/\/www.altermes.fr\/en\/les-infos-du-jour\/tese-et-cea-bientot-possible-pour-une-partie-des-salaries-seulement\/\">\n                                            <img decoding=\"async\" width=\"600\" height=\"400\" src=\"https:\/\/www.altermes.fr\/wp-content\/uploads\/2025\/11\/Shutterstock_evolutoinservicesTESE.jpg\" class=\"attachment-custom-thumbnail size-custom-thumbnail wp-post-image\" alt=\"\" srcset=\"https:\/\/www.altermes.fr\/wp-content\/uploads\/2025\/11\/Shutterstock_evolutoinservicesTESE.jpg 600w, https:\/\/www.altermes.fr\/wp-content\/uploads\/2025\/11\/Shutterstock_evolutoinservicesTESE-480x320.jpg 480w\" sizes=\"(min-width: 0px) and (max-width: 480px) 480px, (min-width: 481px) 600px, 100vw\">                                        <\/a>\n                                                                        <a href=\"https:\/\/www.altermes.fr\/en\/les-infos-du-jour\/tese-et-cea-bientot-possible-pour-une-partie-des-salaries-seulement\/\"><h3>TESE et CEA : bient\u00f4t possible pour une partie des salari\u00e9s seulement<\/h3><\/a>\n                                    <p class=\"use-case-category\"><a href=\"https:\/\/www.altermes.fr\/en\/weblex-importer-categories\/actualites\/\" rel=\"tag\">Actualit\u00e9s<\/a>, <a href=\"https:\/\/www.altermes.fr\/en\/weblex-importer-categories\/infos-sociales\/\" rel=\"tag\">Infos Sociales<\/a><\/p>\n                                    <p class=\"edc-content\">\u00c0 compter du 1er janvier 2026, les employeurs utilisant le Titre emploi service entreprise (TESE) ou le Ch\u00e8que emploi association (CEA) pourront choisir de g\u00e9rer tout ou partie de leurs salari\u00e9s v...<\/p>                                <\/div>\n                                                                <div class=\"case-study-item weblex-article\">\n                                                                            <a href=\"https:\/\/www.altermes.fr\/en\/les-infos-du-jour\/travail-des-seniors-un-nouveau-theme-de-negociation-obligatoire\/\">\n                                            <img decoding=\"async\" width=\"600\" height=\"400\" src=\"https:\/\/www.altermes.fr\/wp-content\/uploads\/2025\/10\/Shutterstock_negotravailsenior.jpg\" class=\"attachment-custom-thumbnail size-custom-thumbnail wp-post-image\" alt=\"\" srcset=\"https:\/\/www.altermes.fr\/wp-content\/uploads\/2025\/10\/Shutterstock_negotravailsenior.jpg 600w, https:\/\/www.altermes.fr\/wp-content\/uploads\/2025\/10\/Shutterstock_negotravailsenior-480x320.jpg 480w\" sizes=\"(min-width: 0px) and (max-width: 480px) 480px, (min-width: 481px) 600px, 100vw\">                                        <\/a>\n                                                                        <a href=\"https:\/\/www.altermes.fr\/en\/les-infos-du-jour\/travail-des-seniors-un-nouveau-theme-de-negociation-obligatoire\/\"><h3>Travail des seniors : un nouveau th\u00e8me de n\u00e9gociation obligatoire<\/h3><\/a>\n                                    <p class=\"use-case-category\"><a href=\"https:\/\/www.altermes.fr\/en\/weblex-importer-categories\/actualites\/\" rel=\"tag\">Actualit\u00e9s<\/a>, <a href=\"https:\/\/www.altermes.fr\/en\/weblex-importer-categories\/infos-sociales\/\" rel=\"tag\">Infos Sociales<\/a><\/p>\n                                    <p class=\"edc-content\">Depuis le 26 octobre 2025, les grandes entreprises comptant plus de 300 salari\u00e9s doivent d\u00e9sormais obligatoirement n\u00e9gocier tous les 3 ans (ou 4 ans maximum) sur l\u2019emploi des seniors. Objectif : ...<\/p>                                <\/div>\n                                                                <div class=\"case-study-item weblex-article\">\n                                                                            <a href=\"https:\/\/www.altermes.fr\/en\/les-infos-du-jour\/evolution-du-dialogue-social-une-nouveaute-pour-les-elus-du-cse\/\">\n                                            <img decoding=\"async\" width=\"600\" height=\"400\" src=\"https:\/\/www.altermes.fr\/wp-content\/uploads\/2025\/10\/Shutterstock_mandatsCSE.jpg\" class=\"attachment-custom-thumbnail size-custom-thumbnail wp-post-image\" alt=\"\" srcset=\"https:\/\/www.altermes.fr\/wp-content\/uploads\/2025\/10\/Shutterstock_mandatsCSE.jpg 600w, https:\/\/www.altermes.fr\/wp-content\/uploads\/2025\/10\/Shutterstock_mandatsCSE-480x320.jpg 480w\" sizes=\"(min-width: 0px) and (max-width: 480px) 480px, (min-width: 481px) 600px, 100vw\">                                        <\/a>\n                                                                        <a href=\"https:\/\/www.altermes.fr\/en\/les-infos-du-jour\/evolution-du-dialogue-social-une-nouveaute-pour-les-elus-du-cse\/\"><h3>\u00c9volution du dialogue social : une nouveaut\u00e9 pour les \u00e9lus du CSE<\/h3><\/a>\n                                    <p class=\"use-case-category\"><a href=\"https:\/\/www.altermes.fr\/en\/weblex-importer-categories\/actualites\/\" rel=\"tag\">Actualit\u00e9s<\/a>, <a href=\"https:\/\/www.altermes.fr\/en\/weblex-importer-categories\/infos-sociales\/\" rel=\"tag\">Infos Sociales<\/a><\/p>\n                                    <p class=\"edc-content\">Si, jusqu\u2019alors, le nombre de mandats successifs d\u2019\u00e9lus au CSE est limit\u00e9 \u00e0 3 dans les entreprises de plus de 50 salari\u00e9s, cette limitation pourrait bien prendre fin. Pour quelles cons\u00e9quence...<\/p>                                <\/div>\n                                                                <div class=\"case-study-item weblex-article\">\n                                                                            <a href=\"https:\/\/www.altermes.fr\/en\/les-infos-du-jour\/loi-travail-des-seniors-un-nouveau-cdi-de-valorisation-de-lexperience\/\">\n                                            <img decoding=\"async\" width=\"600\" height=\"400\" src=\"https:\/\/www.altermes.fr\/wp-content\/uploads\/2025\/10\/Shutterstock_CDICVE.jpg\" class=\"attachment-custom-thumbnail size-custom-thumbnail wp-post-image\" alt=\"\" srcset=\"https:\/\/www.altermes.fr\/wp-content\/uploads\/2025\/10\/Shutterstock_CDICVE.jpg 600w, https:\/\/www.altermes.fr\/wp-content\/uploads\/2025\/10\/Shutterstock_CDICVE-480x320.jpg 480w\" sizes=\"(min-width: 0px) and (max-width: 480px) 480px, (min-width: 481px) 600px, 100vw\">                                        <\/a>\n                                                                        <a href=\"https:\/\/www.altermes.fr\/en\/les-infos-du-jour\/loi-travail-des-seniors-un-nouveau-cdi-de-valorisation-de-lexperience\/\"><h3>Loi travail des seniors : un nouveau CDI de valorisation de l\u2019exp\u00e9rience<\/h3><\/a>\n                                    <p class=\"use-case-category\"><a href=\"https:\/\/www.altermes.fr\/en\/weblex-importer-categories\/actualites\/\" rel=\"tag\">Actualit\u00e9s<\/a>, <a href=\"https:\/\/www.altermes.fr\/en\/weblex-importer-categories\/infos-sociales\/\" rel=\"tag\">Infos Sociales<\/a><\/p>\n                                    <p class=\"edc-content\">Afin de favoriser l\u2019insertion des travailleurs seniors sur le march\u00e9 du travail, la loi dite \u00ab travail des seniors \u00bb a mis en place un nouveau CDI exp\u00e9rimental, intitul\u00e9 \u00ab contrat de valorisat...<\/p>                                <\/div>\n                                                                <div class=\"case-study-item weblex-article\">\n                                                                            <a href=\"https:\/\/www.altermes.fr\/en\/les-infos-du-jour\/entretien-professionnel-remplace-par-lentretien-de-parcours-professionnel\/\">\n                                            <img decoding=\"async\" width=\"600\" height=\"400\" src=\"https:\/\/www.altermes.fr\/wp-content\/uploads\/2025\/10\/Shutterstock_entretienparcourspro.jpg\" class=\"attachment-custom-thumbnail size-custom-thumbnail wp-post-image\" alt=\"\" srcset=\"https:\/\/www.altermes.fr\/wp-content\/uploads\/2025\/10\/Shutterstock_entretienparcourspro.jpg 600w, https:\/\/www.altermes.fr\/wp-content\/uploads\/2025\/10\/Shutterstock_entretienparcourspro-480x320.jpg 480w\" sizes=\"(min-width: 0px) and (max-width: 480px) 480px, (min-width: 481px) 600px, 100vw\">                                        <\/a>\n                                                                        <a href=\"https:\/\/www.altermes.fr\/en\/les-infos-du-jour\/entretien-professionnel-remplace-par-lentretien-de-parcours-professionnel\/\"><h3>Entretien professionnel : remplac\u00e9 par l\u2019entretien de parcours professionnel<\/h3><\/a>\n                                    <p class=\"use-case-category\"><a href=\"https:\/\/www.altermes.fr\/en\/weblex-importer-categories\/actualites\/\" rel=\"tag\">Actualit\u00e9s<\/a>, <a href=\"https:\/\/www.altermes.fr\/en\/weblex-importer-categories\/infos-sociales\/\" rel=\"tag\">Infos Sociales<\/a><\/p>\n                                    <p class=\"edc-content\">L\u2019entretien professionnel, en vigueur jusqu\u2019alors, vient tout juste de faire l\u2019objet d\u2019une profonde r\u00e9novation visant \u00e0 le transformer en un \u00ab entretien de parcours professionnel \u00bb. Quelle...<\/p>                                <\/div>\n                                                                <div class=\"case-study-item weblex-article\">\n                                                                            <a href=\"https:\/\/www.altermes.fr\/en\/les-infos-du-jour\/evaluation-du-salarie-sur-quels-criteres\/\">\n                                            <img decoding=\"async\" width=\"600\" height=\"400\" src=\"https:\/\/www.altermes.fr\/wp-content\/uploads\/2025\/10\/Shutterstock_critereevolutionsalaries.jpg\" class=\"attachment-custom-thumbnail size-custom-thumbnail wp-post-image\" alt=\"\" srcset=\"https:\/\/www.altermes.fr\/wp-content\/uploads\/2025\/10\/Shutterstock_critereevolutionsalaries.jpg 600w, https:\/\/www.altermes.fr\/wp-content\/uploads\/2025\/10\/Shutterstock_critereevolutionsalaries-480x320.jpg 480w\" sizes=\"(min-width: 0px) and (max-width: 480px) 480px, (min-width: 481px) 600px, 100vw\">                                        <\/a>\n                                                                        <a href=\"https:\/\/www.altermes.fr\/en\/les-infos-du-jour\/evaluation-du-salarie-sur-quels-criteres\/\"><h3>\u00c9valuation du salari\u00e9 : sur quels crit\u00e8res ?<\/h3><\/a>\n                                    <p class=\"use-case-category\"><a href=\"https:\/\/www.altermes.fr\/en\/weblex-importer-categories\/actualites\/\" rel=\"tag\">Actualit\u00e9s<\/a>, <a href=\"https:\/\/www.altermes.fr\/en\/weblex-importer-categories\/infos-sociales\/\" rel=\"tag\">Infos Sociales<\/a><\/p>\n                                    <p class=\"edc-content\">Si l\u2019employeur peut \u00e9valuer le travail et les comp\u00e9tences professionnelles des salari\u00e9s, c\u2019est \u00e0 la seule condition que la m\u00e9thode d\u2019\u00e9valuation r\u00e9ponde \u00e0 des crit\u00e8res pr\u00e9cis, objectifs...<\/p>                                <\/div>\n                                                                <div class=\"case-study-item weblex-article\">\n                                                                            <a href=\"https:\/\/www.altermes.fr\/en\/les-infos-du-jour\/sante-mentale-au-travail-publication-de-la-charte-dengagement\/\">\n                                            <img decoding=\"async\" width=\"600\" height=\"400\" src=\"https:\/\/www.altermes.fr\/wp-content\/uploads\/2025\/10\/Shutterstock_engagementsantementale.jpg\" class=\"attachment-custom-thumbnail size-custom-thumbnail wp-post-image\" alt=\"\" srcset=\"https:\/\/www.altermes.fr\/wp-content\/uploads\/2025\/10\/Shutterstock_engagementsantementale.jpg 600w, https:\/\/www.altermes.fr\/wp-content\/uploads\/2025\/10\/Shutterstock_engagementsantementale-480x320.jpg 480w\" sizes=\"(min-width: 0px) and (max-width: 480px) 480px, (min-width: 481px) 600px, 100vw\">                                        <\/a>\n                                                                        <a href=\"https:\/\/www.altermes.fr\/en\/les-infos-du-jour\/sante-mentale-au-travail-publication-de-la-charte-dengagement\/\"><h3>Sant\u00e9 mentale au travail : publication de la charte d\u2019engagement<\/h3><\/a>\n                                    <p class=\"use-case-category\"><a href=\"https:\/\/www.altermes.fr\/en\/weblex-importer-categories\/actualites\/\" rel=\"tag\">Actualit\u00e9s<\/a>, <a href=\"https:\/\/www.altermes.fr\/en\/weblex-importer-categories\/infos-sociales\/\" rel=\"tag\">Infos Sociales<\/a><\/p>\n                                    <p class=\"edc-content\">Cet \u00e9t\u00e9, le gouvernement a lanc\u00e9 la 1re Charte promouvant la sant\u00e9 mentale au travail. Cette initiative, \u00e9galement port\u00e9e par l\u2019Alliance pour la sant\u00e9 mentale, vise \u00e0 mobiliser les entrepris...<\/p>                                <\/div>\n                                                                <div class=\"case-study-item weblex-article\">\n                                                                            <a href=\"https:\/\/www.altermes.fr\/en\/les-infos-du-jour\/sante-et-securite-des-travailleurs-nouvel-engagement-international-de-la-france\/\">\n                                            <img decoding=\"async\" width=\"600\" height=\"400\" src=\"https:\/\/www.altermes.fr\/wp-content\/uploads\/2025\/10\/Shutterstock_ratificationconvention.jpg\" class=\"attachment-custom-thumbnail size-custom-thumbnail wp-post-image\" alt=\"\" srcset=\"https:\/\/www.altermes.fr\/wp-content\/uploads\/2025\/10\/Shutterstock_ratificationconvention.jpg 600w, https:\/\/www.altermes.fr\/wp-content\/uploads\/2025\/10\/Shutterstock_ratificationconvention-480x320.jpg 480w\" sizes=\"(min-width: 0px) and (max-width: 480px) 480px, (min-width: 481px) 600px, 100vw\">                                        <\/a>\n                                                                        <a href=\"https:\/\/www.altermes.fr\/en\/les-infos-du-jour\/sante-et-securite-des-travailleurs-nouvel-engagement-international-de-la-france\/\"><h3>Sant\u00e9 et s\u00e9curit\u00e9 des travailleurs : nouvel engagement international de la France<\/h3><\/a>\n                                    <p class=\"use-case-category\"><a href=\"https:\/\/www.altermes.fr\/en\/weblex-importer-categories\/actualites\/\" rel=\"tag\">Actualit\u00e9s<\/a>, <a href=\"https:\/\/www.altermes.fr\/en\/weblex-importer-categories\/infos-sociales\/\" rel=\"tag\">Infos Sociales<\/a><\/p>\n                                    <p class=\"edc-content\">Adopt\u00e9 \u00e0 l\u2019unanimit\u00e9 par le Parlement, le projet de loi ouvre la voie \u00e0 une ratification formelle par le pr\u00e9sident de la R\u00e9publique de la Convention 155 de l\u2019Organisation Internationale du T...<\/p>                                <\/div>\n                                                                <div class=\"case-study-item weblex-article\">\n                                                                            <a href=\"https:\/\/www.altermes.fr\/en\/les-infos-du-jour\/passeport-prevention-disponible-pour-les-employeurs\/\">\n                                            <img decoding=\"async\" width=\"600\" height=\"400\" src=\"https:\/\/www.altermes.fr\/wp-content\/uploads\/2025\/10\/Shutterstock_passeportprevention_0.jpg\" class=\"attachment-custom-thumbnail size-custom-thumbnail wp-post-image\" alt=\"\" srcset=\"https:\/\/www.altermes.fr\/wp-content\/uploads\/2025\/10\/Shutterstock_passeportprevention_0.jpg 600w, https:\/\/www.altermes.fr\/wp-content\/uploads\/2025\/10\/Shutterstock_passeportprevention_0-480x320.jpg 480w\" sizes=\"(min-width: 0px) and (max-width: 480px) 480px, (min-width: 481px) 600px, 100vw\">                                        <\/a>\n                                                                        <a href=\"https:\/\/www.altermes.fr\/en\/les-infos-du-jour\/passeport-prevention-disponible-pour-les-employeurs\/\"><h3>Passeport pr\u00e9vention : disponible pour les employeurs  ?<\/h3><\/a>\n                                    <p class=\"use-case-category\"><a href=\"https:\/\/www.altermes.fr\/en\/weblex-importer-categories\/actualites\/\" rel=\"tag\">Actualit\u00e9s<\/a>, <a href=\"https:\/\/www.altermes.fr\/en\/weblex-importer-categories\/infos-sociales\/\" rel=\"tag\">Infos Sociales<\/a><\/p>\n                                    <p class=\"edc-content\">C\u2019est annonc\u00e9 : d\u00e8s le 16 mars 2026, les employeurs auront, eux aussi, acc\u00e8s \u00e0 leur espace personnel de pr\u00e9vention pour d\u00e9clarer et v\u00e9rifier les formations en sant\u00e9 et s\u00e9curit\u00e9 au travail ...<\/p>                                <\/div>\n                                                                <div class=\"case-study-item weblex-article\">\n                                                                            <a href=\"https:\/\/www.altermes.fr\/en\/les-infos-du-jour\/on-connait-le-montant-du-plafond-de-la-securite-sociale-au-1er-janvier-2026\/\">\n                                            <img decoding=\"async\" width=\"600\" height=\"400\" src=\"https:\/\/www.altermes.fr\/wp-content\/uploads\/2025\/10\/Shutterstock_augmentationPMSS.jpg\" class=\"attachment-custom-thumbnail size-custom-thumbnail wp-post-image\" alt=\"\" srcset=\"https:\/\/www.altermes.fr\/wp-content\/uploads\/2025\/10\/Shutterstock_augmentationPMSS.jpg 600w, https:\/\/www.altermes.fr\/wp-content\/uploads\/2025\/10\/Shutterstock_augmentationPMSS-480x320.jpg 480w\" sizes=\"(min-width: 0px) and (max-width: 480px) 480px, (min-width: 481px) 600px, 100vw\">                                        <\/a>\n                                                                        <a href=\"https:\/\/www.altermes.fr\/en\/les-infos-du-jour\/on-connait-le-montant-du-plafond-de-la-securite-sociale-au-1er-janvier-2026\/\"><h3>On conna\u00eet le montant du plafond de la S\u00e9curit\u00e9 sociale au 1er janvier 2026 !<\/h3><\/a>\n                                    <p class=\"use-case-category\"><a href=\"https:\/\/www.altermes.fr\/en\/weblex-importer-categories\/actualites\/\" rel=\"tag\">Actualit\u00e9s<\/a>, <a href=\"https:\/\/www.altermes.fr\/en\/weblex-importer-categories\/infos-sociales\/\" rel=\"tag\">Infos Sociales<\/a><\/p>\n                                    <p class=\"edc-content\">Le plafond de la S\u00e9curit\u00e9 sociale est le montant maximum en euros des r\u00e9mun\u00e9rations ou gains \u00e0 prendre en compte pour le calcul de certaines cotisations. Il est fonction de la p\u00e9riodicit\u00e9 de la...<\/p>                                <\/div>\n                                                                <div class=\"case-study-item weblex-article\">\n                                                                            <a href=\"https:\/\/www.altermes.fr\/en\/les-infos-du-jour\/on-connait-le-montant-du-plafond-de-la-securite-sociale-au-1er-janvier-2026-2\/\">\n                                            <img decoding=\"async\" width=\"600\" height=\"400\" src=\"https:\/\/www.altermes.fr\/wp-content\/uploads\/2025\/10\/Shutterstock_augmentationPMSS-1.jpg\" class=\"attachment-custom-thumbnail size-custom-thumbnail wp-post-image\" alt=\"\" srcset=\"https:\/\/www.altermes.fr\/wp-content\/uploads\/2025\/10\/Shutterstock_augmentationPMSS-1.jpg 600w, https:\/\/www.altermes.fr\/wp-content\/uploads\/2025\/10\/Shutterstock_augmentationPMSS-1-480x320.jpg 480w\" sizes=\"(min-width: 0px) and (max-width: 480px) 480px, (min-width: 481px) 600px, 100vw\">                                        <\/a>\n                                                                        <a href=\"https:\/\/www.altermes.fr\/en\/les-infos-du-jour\/on-connait-le-montant-du-plafond-de-la-securite-sociale-au-1er-janvier-2026-2\/\"><h3>On conna\u00eet le montant du plafond de la S\u00e9curit\u00e9 sociale au 1er janvier 2026 !<\/h3><\/a>\n                                    <p class=\"use-case-category\"><a href=\"https:\/\/www.altermes.fr\/en\/weblex-importer-categories\/actualites\/\" rel=\"tag\">Actualit\u00e9s<\/a>, <a href=\"https:\/\/www.altermes.fr\/en\/weblex-importer-categories\/infos-sociales\/\" rel=\"tag\">Infos Sociales<\/a><\/p>\n                                    <p class=\"edc-content\">Le plafond de la S\u00e9curit\u00e9 sociale est le montant maximum en euros des r\u00e9mun\u00e9rations ou gains \u00e0 prendre en compte pour le calcul de certaines cotisations. Il est fonction de la p\u00e9riodicit\u00e9 de la...<\/p>                                <\/div>\n                                                                <div class=\"case-study-item weblex-article\">\n                                                                            <a href=\"https:\/\/www.altermes.fr\/en\/les-infos-du-jour\/declaration-prealable-a-lembauche-en-dsn-reporte\/\">\n                                            <img decoding=\"async\" width=\"600\" height=\"400\" src=\"https:\/\/www.altermes.fr\/wp-content\/uploads\/2025\/10\/Shutterstock_declarationprealabledsn.jpg\" class=\"attachment-custom-thumbnail size-custom-thumbnail wp-post-image\" alt=\"\" srcset=\"https:\/\/www.altermes.fr\/wp-content\/uploads\/2025\/10\/Shutterstock_declarationprealabledsn.jpg 600w, https:\/\/www.altermes.fr\/wp-content\/uploads\/2025\/10\/Shutterstock_declarationprealabledsn-480x320.jpg 480w\" sizes=\"(min-width: 0px) and (max-width: 480px) 480px, (min-width: 481px) 600px, 100vw\">                                        <\/a>\n                                                                        <a href=\"https:\/\/www.altermes.fr\/en\/les-infos-du-jour\/declaration-prealable-a-lembauche-en-dsn-reporte\/\"><h3>D\u00e9claration pr\u00e9alable \u00e0 l\u2019embauche en DSN : report\u00e9 !<\/h3><\/a>\n                                    <p class=\"use-case-category\"><a href=\"https:\/\/www.altermes.fr\/en\/weblex-importer-categories\/actualites\/\" rel=\"tag\">Actualit\u00e9s<\/a>, <a href=\"https:\/\/www.altermes.fr\/en\/weblex-importer-categories\/infos-sociales\/\" rel=\"tag\">Infos Sociales<\/a><\/p>\n                                    <p class=\"edc-content\">La d\u00e9claration pr\u00e9alable \u00e0 l\u2019embauche (DPAE) constitue une formalit\u00e9 indispensable que tout employeur doit accomplir lors du recrutement d\u2019un salari\u00e9. La possibilit\u00e9 d\u2019effectuer cette d\u00e9c...<\/p>                                <\/div>\n                                                                <div class=\"case-study-item weblex-article\">\n                                                                            <a href=\"https:\/\/www.altermes.fr\/en\/les-infos-du-jour\/teletravail-et-titre-restaurant-quand-legalite-de-traitement-sinvite-a-table\/\">\n                                            <img decoding=\"async\" width=\"600\" height=\"400\" src=\"https:\/\/www.altermes.fr\/wp-content\/uploads\/2025\/10\/Shutterstock_fermeturerestauranttitresresto.jpg\" class=\"attachment-custom-thumbnail size-custom-thumbnail wp-post-image\" alt=\"\" srcset=\"https:\/\/www.altermes.fr\/wp-content\/uploads\/2025\/10\/Shutterstock_fermeturerestauranttitresresto.jpg 600w, https:\/\/www.altermes.fr\/wp-content\/uploads\/2025\/10\/Shutterstock_fermeturerestauranttitresresto-480x320.jpg 480w\" sizes=\"(min-width: 0px) and (max-width: 480px) 480px, (min-width: 481px) 600px, 100vw\">                                        <\/a>\n                                                                        <a href=\"https:\/\/www.altermes.fr\/en\/les-infos-du-jour\/teletravail-et-titre-restaurant-quand-legalite-de-traitement-sinvite-a-table\/\"><h3>T\u00e9l\u00e9travail et titre-restaurant : quand l\u2019\u00e9galit\u00e9 de traitement s\u2019invite \u00e0 table !<\/h3><\/a>\n                                    <p class=\"use-case-category\"><a href=\"https:\/\/www.altermes.fr\/en\/weblex-importer-categories\/actualites\/\" rel=\"tag\">Actualit\u00e9s<\/a>, <a href=\"https:\/\/www.altermes.fr\/en\/weblex-importer-categories\/infos-sociales\/\" rel=\"tag\">Infos Sociales<\/a><\/p>\n                                    <p class=\"edc-content\">Pendant la pand\u00e9mie, une entreprise se voit dans l\u2019obligation de fermer son restaurant d\u2019entreprise. Dans le m\u00eame temps, elle suspend les titres-restaurant de ses salari\u00e9s en t\u00e9l\u00e9travail. Cet...<\/p>                                <\/div>\n                                                                <div class=\"case-study-item weblex-article\">\n                                                                            <a href=\"https:\/\/www.altermes.fr\/en\/les-infos-du-jour\/protocole-transactionnel-sous-quel-delai-demander-son-annulation\/\">\n                                            <img decoding=\"async\" width=\"600\" height=\"400\" src=\"https:\/\/www.altermes.fr\/wp-content\/uploads\/2025\/10\/Shutterstock_delaiannulationtransaction.jpg\" class=\"attachment-custom-thumbnail size-custom-thumbnail wp-post-image\" alt=\"\" srcset=\"https:\/\/www.altermes.fr\/wp-content\/uploads\/2025\/10\/Shutterstock_delaiannulationtransaction.jpg 600w, https:\/\/www.altermes.fr\/wp-content\/uploads\/2025\/10\/Shutterstock_delaiannulationtransaction-480x320.jpg 480w\" sizes=\"(min-width: 0px) and (max-width: 480px) 480px, (min-width: 481px) 600px, 100vw\">                                        <\/a>\n                                                                        <a href=\"https:\/\/www.altermes.fr\/en\/les-infos-du-jour\/protocole-transactionnel-sous-quel-delai-demander-son-annulation\/\"><h3>Protocole transactionnel : sous quel d\u00e9lai demander son annulation ?<\/h3><\/a>\n                                    <p class=\"use-case-category\"><a href=\"https:\/\/www.altermes.fr\/en\/weblex-importer-categories\/actualites\/\" rel=\"tag\">Actualit\u00e9s<\/a>, <a href=\"https:\/\/www.altermes.fr\/en\/weblex-importer-categories\/infos-sociales\/\" rel=\"tag\">Infos Sociales<\/a><\/p>\n                                    <p class=\"edc-content\">Lorsqu\u2019un salari\u00e9 et un employeur signent une transaction pour mettre fin \u00e0 un diff\u00e9rend sur l\u2019ex\u00e9cution du contrat de travail, l\u2019accord est cens\u00e9 clore d\u00e9finitivement le litige. Mais qu?...<\/p>                                <\/div>\n                                                                <div class=\"case-study-item weblex-article\">\n                                                                            <a href=\"https:\/\/www.altermes.fr\/en\/les-infos-du-jour\/indicateurs-des-risques-professionnels-lattestation-est-mise-a-jour\/\">\n                                            <img decoding=\"async\" width=\"600\" height=\"400\" src=\"https:\/\/www.altermes.fr\/wp-content\/uploads\/2025\/10\/Shutterstock_attestationindicateursriquespro.jpg\" class=\"attachment-custom-thumbnail size-custom-thumbnail wp-post-image\" alt=\"\" srcset=\"https:\/\/www.altermes.fr\/wp-content\/uploads\/2025\/10\/Shutterstock_attestationindicateursriquespro.jpg 600w, https:\/\/www.altermes.fr\/wp-content\/uploads\/2025\/10\/Shutterstock_attestationindicateursriquespro-480x320.jpg 480w\" sizes=\"(min-width: 0px) and (max-width: 480px) 480px, (min-width: 481px) 600px, 100vw\">                                        <\/a>\n                                                                        <a href=\"https:\/\/www.altermes.fr\/en\/les-infos-du-jour\/indicateurs-des-risques-professionnels-lattestation-est-mise-a-jour\/\"><h3>Indicateurs des risques professionnels : l\u2019attestation est mise \u00e0 jour !<\/h3><\/a>\n                                    <p class=\"use-case-category\"><a href=\"https:\/\/www.altermes.fr\/en\/weblex-importer-categories\/actualites\/\" rel=\"tag\">Actualit\u00e9s<\/a>, <a href=\"https:\/\/www.altermes.fr\/en\/weblex-importer-categories\/infos-sociales\/\" rel=\"tag\">Infos Sociales<\/a><\/p>\n                                    <p class=\"edc-content\">Dans le cadre de la pr\u00e9vention des risques professionnels, les employeurs peuvent d\u00e9sormais obtenir une attestation des indicateurs de risques professionnels. Ce document, utile pour \u00e9valuer l\u2019ef...<\/p>                                <\/div>\n                                                                <div class=\"case-study-item weblex-article\">\n                                                                            <a href=\"https:\/\/www.altermes.fr\/en\/les-infos-du-jour\/maladie-professionnelle-un-nouveau-documentaire-immersif-et-pedagogique\/\">\n                                            <img decoding=\"async\" width=\"600\" height=\"400\" src=\"https:\/\/www.altermes.fr\/wp-content\/uploads\/2025\/10\/Shutterstock_documentairemaladie.jpg\" class=\"attachment-custom-thumbnail size-custom-thumbnail wp-post-image\" alt=\"\" srcset=\"https:\/\/www.altermes.fr\/wp-content\/uploads\/2025\/10\/Shutterstock_documentairemaladie.jpg 600w, https:\/\/www.altermes.fr\/wp-content\/uploads\/2025\/10\/Shutterstock_documentairemaladie-480x320.jpg 480w\" sizes=\"(min-width: 0px) and (max-width: 480px) 480px, (min-width: 481px) 600px, 100vw\">                                        <\/a>\n                                                                        <a href=\"https:\/\/www.altermes.fr\/en\/les-infos-du-jour\/maladie-professionnelle-un-nouveau-documentaire-immersif-et-pedagogique\/\"><h3>Maladie professionnelle : un nouveau documentaire immersif et p\u00e9dagogique<\/h3><\/a>\n                                    <p class=\"use-case-category\"><a href=\"https:\/\/www.altermes.fr\/en\/weblex-importer-categories\/actualites\/\" rel=\"tag\">Actualit\u00e9s<\/a>, <a href=\"https:\/\/www.altermes.fr\/en\/weblex-importer-categories\/infos-sociales\/\" rel=\"tag\">Infos Sociales<\/a><\/p>\n                                    <p class=\"edc-content\">Les maladies professionnelles restent un sujet souvent m\u00e9connu, pourtant au c\u0153ur des enjeux de sant\u00e9 au travail. Pour sensibiliser employeurs comme salari\u00e9s, l\u2019Assurance Maladie vient de promouv...<\/p>                                <\/div>\n                                                                <div class=\"case-study-item weblex-article\">\n                                                                            <a href=\"https:\/\/www.altermes.fr\/en\/les-infos-du-jour\/travailleurs-de-plateforme-bientot-la-phase-pilote-du-precompte-des-cotisations-sociales\/\">\n                                            <img decoding=\"async\" width=\"600\" height=\"400\" src=\"https:\/\/www.altermes.fr\/wp-content\/uploads\/2025\/10\/Shutterstock_precomptecotisations.jpg\" class=\"attachment-custom-thumbnail size-custom-thumbnail wp-post-image\" alt=\"\" srcset=\"https:\/\/www.altermes.fr\/wp-content\/uploads\/2025\/10\/Shutterstock_precomptecotisations.jpg 600w, https:\/\/www.altermes.fr\/wp-content\/uploads\/2025\/10\/Shutterstock_precomptecotisations-480x320.jpg 480w\" sizes=\"(min-width: 0px) and (max-width: 480px) 480px, (min-width: 481px) 600px, 100vw\">                                        <\/a>\n                                                                        <a href=\"https:\/\/www.altermes.fr\/en\/les-infos-du-jour\/travailleurs-de-plateforme-bientot-la-phase-pilote-du-precompte-des-cotisations-sociales\/\"><h3>Travailleurs de plateforme : bient\u00f4t la phase pilote du pr\u00e9compte des cotisations sociales !<\/h3><\/a>\n                                    <p class=\"use-case-category\"><a href=\"https:\/\/www.altermes.fr\/en\/weblex-importer-categories\/actualites\/\" rel=\"tag\">Actualit\u00e9s<\/a>, <a href=\"https:\/\/www.altermes.fr\/en\/weblex-importer-categories\/infos-sociales\/\" rel=\"tag\">Infos Sociales<\/a><\/p>\n                                    <p class=\"edc-content\">D\u00e8s avril 2026, 8 plateformes mettront en place le pr\u00e9compte des cotisations sociales des travailleurs ind\u00e9pendants de mani\u00e8re anticip\u00e9e. Objectif : simplifier les d\u00e9marches des travailleurs ind...<\/p>                                <\/div>\n                                                                <div class=\"case-study-item weblex-article\">\n                                                                            <a href=\"https:\/\/www.altermes.fr\/en\/les-infos-du-jour\/titres-restaurant-et-teletravail-le-juge-tranche-enfin\/\">\n                                            <img decoding=\"async\" width=\"600\" height=\"400\" src=\"https:\/\/www.altermes.fr\/wp-content\/uploads\/2025\/10\/Shutterstock_titrerestaurantteletravail1.jpg\" class=\"attachment-custom-thumbnail size-custom-thumbnail wp-post-image\" alt=\"\" srcset=\"https:\/\/www.altermes.fr\/wp-content\/uploads\/2025\/10\/Shutterstock_titrerestaurantteletravail1.jpg 600w, https:\/\/www.altermes.fr\/wp-content\/uploads\/2025\/10\/Shutterstock_titrerestaurantteletravail1-480x320.jpg 480w\" sizes=\"(min-width: 0px) and (max-width: 480px) 480px, (min-width: 481px) 600px, 100vw\">                                        <\/a>\n                                                                        <a href=\"https:\/\/www.altermes.fr\/en\/les-infos-du-jour\/titres-restaurant-et-teletravail-le-juge-tranche-enfin\/\"><h3>Titres-restaurant et t\u00e9l\u00e9travail : le juge tranche enfin !<\/h3><\/a>\n                                    <p class=\"use-case-category\"><a href=\"https:\/\/www.altermes.fr\/en\/weblex-importer-categories\/actualites\/\" rel=\"tag\">Actualit\u00e9s<\/a>, <a href=\"https:\/\/www.altermes.fr\/en\/weblex-importer-categories\/infos-sociales\/\" rel=\"tag\">Infos Sociales<\/a><\/p>\n                                    <p class=\"edc-content\">Alors que les titres-restaurant constituent un avantage social ancr\u00e9 dans la vie des salari\u00e9s, leur attribution aux salari\u00e9s en t\u00e9l\u00e9travail a pu susciter certaines interrogations. Faut-il r\u00e9serv...<\/p>                                <\/div>\n                                                                <div class=\"case-study-item weblex-article\">\n                                                                            <a href=\"https:\/\/www.altermes.fr\/en\/les-infos-du-jour\/duerp-levaluation-differenciee-des-risques-professionnels-est-possible\/\">\n                                            <img decoding=\"async\" width=\"600\" height=\"400\" src=\"https:\/\/www.altermes.fr\/wp-content\/uploads\/2025\/10\/Shutterstock_DUERPhommefemme.jpg\" class=\"attachment-custom-thumbnail size-custom-thumbnail wp-post-image\" alt=\"\" srcset=\"https:\/\/www.altermes.fr\/wp-content\/uploads\/2025\/10\/Shutterstock_DUERPhommefemme.jpg 600w, https:\/\/www.altermes.fr\/wp-content\/uploads\/2025\/10\/Shutterstock_DUERPhommefemme-480x320.jpg 480w\" sizes=\"(min-width: 0px) and (max-width: 480px) 480px, (min-width: 481px) 600px, 100vw\">                                        <\/a>\n                                                                        <a href=\"https:\/\/www.altermes.fr\/en\/les-infos-du-jour\/duerp-levaluation-differenciee-des-risques-professionnels-est-possible\/\"><h3>DUERP : l\u2019\u00e9valuation diff\u00e9renci\u00e9e des risques professionnels est possible !<\/h3><\/a>\n                                    <p class=\"use-case-category\"><a href=\"https:\/\/www.altermes.fr\/en\/weblex-importer-categories\/actualites\/\" rel=\"tag\">Actualit\u00e9s<\/a>, <a href=\"https:\/\/www.altermes.fr\/en\/weblex-importer-categories\/infos-sociales\/\" rel=\"tag\">Infos Sociales<\/a><\/p>\n                                    <p class=\"edc-content\">L\u2019Agence nationale pour l\u2019am\u00e9lioration des conditions de travail (ANACT) a r\u00e9cemment publi\u00e9 un guide invitant les entreprises \u00e0 \u00e9valuer les risques professionnels en tenant compte des diff\u00e9r...<\/p>                                <\/div>\n                                                                <div class=\"case-study-item weblex-article\">\n                                                                            <a href=\"https:\/\/www.altermes.fr\/en\/les-infos-du-jour\/mise-a-pied-conservatoire-ou-disciplinaire-quelle-difference\/\">\n                                            <img decoding=\"async\" width=\"600\" height=\"400\" src=\"https:\/\/www.altermes.fr\/wp-content\/uploads\/2025\/10\/Shutterstock_miseapiedconservatoire.jpg\" class=\"attachment-custom-thumbnail size-custom-thumbnail wp-post-image\" alt=\"\" srcset=\"https:\/\/www.altermes.fr\/wp-content\/uploads\/2025\/10\/Shutterstock_miseapiedconservatoire.jpg 600w, https:\/\/www.altermes.fr\/wp-content\/uploads\/2025\/10\/Shutterstock_miseapiedconservatoire-480x320.jpg 480w\" sizes=\"(min-width: 0px) and (max-width: 480px) 480px, (min-width: 481px) 600px, 100vw\">                                        <\/a>\n                                                                        <a href=\"https:\/\/www.altermes.fr\/en\/les-infos-du-jour\/mise-a-pied-conservatoire-ou-disciplinaire-quelle-difference\/\"><h3>Mise \u00e0 pied conservatoire ou disciplinaire : quelle diff\u00e9rence ?<\/h3><\/a>\n                                    <p class=\"use-case-category\"><a href=\"https:\/\/www.altermes.fr\/en\/weblex-importer-categories\/actualites\/\" rel=\"tag\">Actualit\u00e9s<\/a>, <a href=\"https:\/\/www.altermes.fr\/en\/weblex-importer-categories\/infos-sociales\/\" rel=\"tag\">Infos Sociales<\/a><\/p>\n                                    <p class=\"edc-content\">La mise \u00e0 pied d\u2019un salari\u00e9 fautif peut-elle \u00eatre consid\u00e9r\u00e9e comme une sanction avant m\u00eame la fin de l\u2019enqu\u00eate interne diligent\u00e9e par l\u2019employeur ? C\u2019est la question pos\u00e9e au juge dan...<\/p>                                <\/div>\n                                                                <div class=\"case-study-item weblex-article\">\n                                                                            <a href=\"https:\/\/www.altermes.fr\/en\/les-infos-du-jour\/subvention-prevention-des-risques-ergonomiques-bientot-la-date-limite\/\">\n                                            <img decoding=\"async\" width=\"600\" height=\"400\" src=\"https:\/\/www.altermes.fr\/wp-content\/uploads\/2025\/10\/Shutterstock_subventionprotectionergo.jpg\" class=\"attachment-custom-thumbnail size-custom-thumbnail wp-post-image\" alt=\"\" srcset=\"https:\/\/www.altermes.fr\/wp-content\/uploads\/2025\/10\/Shutterstock_subventionprotectionergo.jpg 600w, https:\/\/www.altermes.fr\/wp-content\/uploads\/2025\/10\/Shutterstock_subventionprotectionergo-480x320.jpg 480w\" sizes=\"(min-width: 0px) and (max-width: 480px) 480px, (min-width: 481px) 600px, 100vw\">                                        <\/a>\n                                                                        <a href=\"https:\/\/www.altermes.fr\/en\/les-infos-du-jour\/subvention-prevention-des-risques-ergonomiques-bientot-la-date-limite\/\"><h3>Subvention pr\u00e9vention des risques ergonomiques : bient\u00f4t la date limite !<\/h3><\/a>\n                                    <p class=\"use-case-category\"><a href=\"https:\/\/www.altermes.fr\/en\/weblex-importer-categories\/actualites\/\" rel=\"tag\">Actualit\u00e9s<\/a>, <a href=\"https:\/\/www.altermes.fr\/en\/weblex-importer-categories\/infos-sociales\/\" rel=\"tag\">Infos Sociales<\/a><\/p>\n                                    <p class=\"edc-content\">Afin de pr\u00e9venir les risques professionnels et de prot\u00e9ger la sant\u00e9 et la s\u00e9curit\u00e9 des salari\u00e9s, l\u2019Assurance maladie propose une subvention \u00ab Pr\u00e9vention des risques ergonomiques \u00bb, pour les...<\/p>                                <\/div>\n                                                                <div class=\"case-study-item weblex-article\">\n                                                                            <a href=\"https:\/\/www.altermes.fr\/en\/les-infos-du-jour\/temps-partiel-repos-compensateur-assimile-aux-conges-payes\/\">\n                                            <img decoding=\"async\" width=\"600\" height=\"400\" src=\"https:\/\/www.altermes.fr\/wp-content\/uploads\/2025\/10\/Shutterstock_reposcomensateur.jpg\" class=\"attachment-custom-thumbnail size-custom-thumbnail wp-post-image\" alt=\"\" srcset=\"https:\/\/www.altermes.fr\/wp-content\/uploads\/2025\/10\/Shutterstock_reposcomensateur.jpg 600w, https:\/\/www.altermes.fr\/wp-content\/uploads\/2025\/10\/Shutterstock_reposcomensateur-480x320.jpg 480w\" sizes=\"(min-width: 0px) and (max-width: 480px) 480px, (min-width: 481px) 600px, 100vw\">                                        <\/a>\n                                                                        <a href=\"https:\/\/www.altermes.fr\/en\/les-infos-du-jour\/temps-partiel-repos-compensateur-assimile-aux-conges-payes\/\"><h3>Temps partiel : repos compensateur assimil\u00e9 aux cong\u00e9s pay\u00e9s ?<\/h3><\/a>\n                                    <p class=\"use-case-category\"><a href=\"https:\/\/www.altermes.fr\/en\/weblex-importer-categories\/actualites\/\" rel=\"tag\">Actualit\u00e9s<\/a>, <a href=\"https:\/\/www.altermes.fr\/en\/weblex-importer-categories\/infos-sociales\/\" rel=\"tag\">Infos Sociales<\/a><\/p>\n                                    <p class=\"edc-content\">Au titre de l\u2019\u00e9galit\u00e9 de traitement, les jours de cong\u00e9s pay\u00e9s doivent r\u00e9pondre aux m\u00eames r\u00e8gles s\u2019agissant de la prise ou de l\u2019acquisition pour les salari\u00e9s embauch\u00e9s \u00e0 temps partiel ...<\/p>                                <\/div>\n                                                                <div class=\"case-study-item weblex-article\">\n                                                                            <a href=\"https:\/\/www.altermes.fr\/en\/les-infos-du-jour\/repartition-de-la-taxe-dapprentissage-2025-vous-avez-jusquau-24-octobre\/\">\n                                            <img decoding=\"async\" width=\"600\" height=\"400\" src=\"https:\/\/www.altermes.fr\/wp-content\/uploads\/2025\/10\/Shutterstock_soltea2028129.jpg\" class=\"attachment-custom-thumbnail size-custom-thumbnail wp-post-image\" alt=\"\" srcset=\"https:\/\/www.altermes.fr\/wp-content\/uploads\/2025\/10\/Shutterstock_soltea2028129.jpg 600w, https:\/\/www.altermes.fr\/wp-content\/uploads\/2025\/10\/Shutterstock_soltea2028129-480x320.jpg 480w\" sizes=\"(min-width: 0px) and (max-width: 480px) 480px, (min-width: 481px) 600px, 100vw\">                                        <\/a>\n                                                                        <a href=\"https:\/\/www.altermes.fr\/en\/les-infos-du-jour\/repartition-de-la-taxe-dapprentissage-2025-vous-avez-jusquau-24-octobre\/\"><h3>R\u00e9partition de la taxe d\u2019apprentissage 2025 : vous avez jusqu\u2019au 24 octobre !<\/h3><\/a>\n                                    <p class=\"use-case-category\"><a href=\"https:\/\/www.altermes.fr\/en\/weblex-importer-categories\/actualites\/\" rel=\"tag\">Actualit\u00e9s<\/a>, <a href=\"https:\/\/www.altermes.fr\/en\/weblex-importer-categories\/infos-sociales\/\" rel=\"tag\">Infos Sociales<\/a><\/p>\n                                    <p class=\"edc-content\">Apr\u00e8s la d\u00e9claration et le versement \u00e0 l\u2019Urssaf du solde de la taxe d\u2019apprentissage le 5 ou le 15 mai 2025, il est d\u00e9sormais l\u2019heure de proc\u00e9der \u00e0 sa r\u00e9partition aupr\u00e8s des \u00e9tablissemen...<\/p>                                <\/div>\n                                                                <div class=\"case-study-item weblex-article\">\n                                                                            <a href=\"https:\/\/www.altermes.fr\/en\/les-infos-du-jour\/cameras-dissimulees-nouvelle-sanction-de-la-cnil\/\">\n                                            <img decoding=\"async\" width=\"600\" height=\"400\" src=\"https:\/\/www.altermes.fr\/wp-content\/uploads\/2025\/10\/Shutterstock_cameracachee1.jpg\" class=\"attachment-custom-thumbnail size-custom-thumbnail wp-post-image\" alt=\"\" srcset=\"https:\/\/www.altermes.fr\/wp-content\/uploads\/2025\/10\/Shutterstock_cameracachee1.jpg 600w, https:\/\/www.altermes.fr\/wp-content\/uploads\/2025\/10\/Shutterstock_cameracachee1-480x320.jpg 480w\" sizes=\"(min-width: 0px) and (max-width: 480px) 480px, (min-width: 481px) 600px, 100vw\">                                        <\/a>\n                                                                        <a href=\"https:\/\/www.altermes.fr\/en\/les-infos-du-jour\/cameras-dissimulees-nouvelle-sanction-de-la-cnil\/\"><h3>Cam\u00e9ras dissimul\u00e9es : nouvelle sanction de la CNIL !<\/h3><\/a>\n                                    <p class=\"use-case-category\"><a href=\"https:\/\/www.altermes.fr\/en\/weblex-importer-categories\/actualites\/\" rel=\"tag\">Actualit\u00e9s<\/a>, <a href=\"https:\/\/www.altermes.fr\/en\/weblex-importer-categories\/infos-sociales\/\" rel=\"tag\">Infos Sociales<\/a><\/p>\n                                    <p class=\"edc-content\">R\u00e9cemment, la Commission nationale de l\u2019informatique et des libert\u00e9s (CNIL) a \u00e9pingl\u00e9 un grand magasin parisien pour avoir dissimul\u00e9 des cam\u00e9ras ainsi que des micros dans 2 r\u00e9serves, pour fai...<\/p>                                <\/div>\n                                                                <div class=\"case-study-item weblex-article\">\n                                                                            <a href=\"https:\/\/www.altermes.fr\/en\/les-infos-du-jour\/cotisations-employeur-spsti-quel-montant-en-2026\/\">\n                                            <img decoding=\"async\" width=\"600\" height=\"400\" src=\"https:\/\/www.altermes.fr\/wp-content\/uploads\/2025\/10\/Shutterstock_cotisationsentreprises.jpg\" class=\"attachment-custom-thumbnail size-custom-thumbnail wp-post-image\" alt=\"\" srcset=\"https:\/\/www.altermes.fr\/wp-content\/uploads\/2025\/10\/Shutterstock_cotisationsentreprises.jpg 600w, https:\/\/www.altermes.fr\/wp-content\/uploads\/2025\/10\/Shutterstock_cotisationsentreprises-480x320.jpg 480w\" sizes=\"(min-width: 0px) and (max-width: 480px) 480px, (min-width: 481px) 600px, 100vw\">                                        <\/a>\n                                                                        <a href=\"https:\/\/www.altermes.fr\/en\/les-infos-du-jour\/cotisations-employeur-spsti-quel-montant-en-2026\/\"><h3>Cotisations employeur SPSTI : quel montant en 2026 ?<\/h3><\/a>\n                                    <p class=\"use-case-category\"><a href=\"https:\/\/www.altermes.fr\/en\/weblex-importer-categories\/actualites\/\" rel=\"tag\">Actualit\u00e9s<\/a>, <a href=\"https:\/\/www.altermes.fr\/en\/weblex-importer-categories\/infos-sociales\/\" rel=\"tag\">Infos Sociales<\/a><\/p>\n                                    <p class=\"edc-content\">L\u2019ensemble \u00ab\u202fsocle de services obligatoires\u202f\u00bb fourni par les services de pr\u00e9vention et de sant\u00e9 au travail interentreprises (SPSTI) est financ\u00e9 par une cotisation employeur. Le montant de c...<\/p>                                <\/div>\n                                                                <div class=\"case-study-item weblex-article\">\n                                                                            <a href=\"https:\/\/www.altermes.fr\/en\/les-infos-du-jour\/se-taire-pendant-lentretien-prealable-un-droit\/\">\n                                            <img decoding=\"async\" width=\"600\" height=\"400\" src=\"https:\/\/www.altermes.fr\/wp-content\/uploads\/2025\/10\/Shutterstock_droitsilencedecision.jpg\" class=\"attachment-custom-thumbnail size-custom-thumbnail wp-post-image\" alt=\"\" srcset=\"https:\/\/www.altermes.fr\/wp-content\/uploads\/2025\/10\/Shutterstock_droitsilencedecision.jpg 600w, https:\/\/www.altermes.fr\/wp-content\/uploads\/2025\/10\/Shutterstock_droitsilencedecision-480x320.jpg 480w\" sizes=\"(min-width: 0px) and (max-width: 480px) 480px, (min-width: 481px) 600px, 100vw\">                                        <\/a>\n                                                                        <a href=\"https:\/\/www.altermes.fr\/en\/les-infos-du-jour\/se-taire-pendant-lentretien-prealable-un-droit\/\"><h3>Se taire pendant l\u2019entretien pr\u00e9alable : un droit ?<\/h3><\/a>\n                                    <p class=\"use-case-category\"><a href=\"https:\/\/www.altermes.fr\/en\/weblex-importer-categories\/actualites\/\" rel=\"tag\">Actualit\u00e9s<\/a>, <a href=\"https:\/\/www.altermes.fr\/en\/weblex-importer-categories\/infos-sociales\/\" rel=\"tag\">Infos Sociales<\/a><\/p>\n                                    <p class=\"edc-content\">Dans le cadre d\u2019une proc\u00e9dure disciplinaire, un salari\u00e9 convoqu\u00e9 \u00e0 un entretien pr\u00e9alable risque des sanctions pouvant aller jusqu\u2019au licenciement. L\u2019employeur doit alors pr\u00e9ciser la natur...<\/p>                                <\/div>\n                                                                <div class=\"case-study-item weblex-article\">\n                                                                            <a href=\"https:\/\/www.altermes.fr\/en\/les-infos-du-jour\/controle-urssaf-et-liberte-de-la-preuve-plus-de-souplesse\/\">\n                                            <img decoding=\"async\" width=\"600\" height=\"400\" src=\"https:\/\/www.altermes.fr\/wp-content\/uploads\/2025\/09\/Shutterstock_controleurssaff.jpg\" class=\"attachment-custom-thumbnail size-custom-thumbnail wp-post-image\" alt=\"\" srcset=\"https:\/\/www.altermes.fr\/wp-content\/uploads\/2025\/09\/Shutterstock_controleurssaff.jpg 600w, https:\/\/www.altermes.fr\/wp-content\/uploads\/2025\/09\/Shutterstock_controleurssaff-480x320.jpg 480w\" sizes=\"(min-width: 0px) and (max-width: 480px) 480px, (min-width: 481px) 600px, 100vw\">                                        <\/a>\n                                                                        <a href=\"https:\/\/www.altermes.fr\/en\/les-infos-du-jour\/controle-urssaf-et-liberte-de-la-preuve-plus-de-souplesse\/\"><h3>Contr\u00f4le Urssaf et libert\u00e9 de la preuve : plus de souplesse ?<\/h3><\/a>\n                                    <p class=\"use-case-category\"><a href=\"https:\/\/www.altermes.fr\/en\/weblex-importer-categories\/actualites\/\" rel=\"tag\">Actualit\u00e9s<\/a>, <a href=\"https:\/\/www.altermes.fr\/en\/weblex-importer-categories\/infos-sociales\/\" rel=\"tag\">Infos Sociales<\/a><\/p>\n                                    <p class=\"edc-content\">Dans le cadre de la contestation judiciaire de son redressement, un cotisant qui a fait l\u2019objet d\u2019un contr\u00f4le Urssaf peut-il transmettre au juge une pi\u00e8ce justificative qu\u2019il n\u2019a pas transmi...<\/p>                                <\/div>\n                                                                <div class=\"case-study-item weblex-article\">\n                                                                            <a href=\"https:\/\/www.altermes.fr\/en\/les-infos-du-jour\/discrimination-syndicale-prejudice-automatique\/\">\n                                            <img decoding=\"async\" width=\"600\" height=\"400\" src=\"https:\/\/www.altermes.fr\/wp-content\/uploads\/2025\/09\/Shutterstock_discriminationsyndicale.jpg\" class=\"attachment-custom-thumbnail size-custom-thumbnail wp-post-image\" alt=\"\" srcset=\"https:\/\/www.altermes.fr\/wp-content\/uploads\/2025\/09\/Shutterstock_discriminationsyndicale.jpg 600w, https:\/\/www.altermes.fr\/wp-content\/uploads\/2025\/09\/Shutterstock_discriminationsyndicale-480x320.jpg 480w\" sizes=\"(min-width: 0px) and (max-width: 480px) 480px, (min-width: 481px) 600px, 100vw\">                                        <\/a>\n                                                                        <a href=\"https:\/\/www.altermes.fr\/en\/les-infos-du-jour\/discrimination-syndicale-prejudice-automatique\/\"><h3>Discrimination syndicale : pr\u00e9judice automatique ?<\/h3><\/a>\n                                    <p class=\"use-case-category\"><a href=\"https:\/\/www.altermes.fr\/en\/weblex-importer-categories\/actualites\/\" rel=\"tag\">Actualit\u00e9s<\/a>, <a href=\"https:\/\/www.altermes.fr\/en\/weblex-importer-categories\/infos-sociales\/\" rel=\"tag\">Infos Sociales<\/a><\/p>\n                                    <p class=\"edc-content\">Une discrimination syndicale doit-elle ouvrir automatiquement droit \u00e0 r\u00e9paration, sans que le salari\u00e9 qui en est victime ait \u00e0 d\u00e9montrer un quelconque dommage en r\u00e9sultant ? C\u2019est \u00e0 cette que...<\/p>                                <\/div>\n                                                                <div class=\"case-study-item weblex-article\">\n                                                                            <a href=\"https:\/\/www.altermes.fr\/en\/les-infos-du-jour\/refus-dun-accord-de-performance-collective-un-licenciement-sous-controle\/\">\n                                            <img decoding=\"async\" width=\"600\" height=\"400\" src=\"https:\/\/www.altermes.fr\/wp-content\/uploads\/2025\/09\/Shutterstock_accordperformancecollective.jpg\" class=\"attachment-custom-thumbnail size-custom-thumbnail wp-post-image\" alt=\"\" srcset=\"https:\/\/www.altermes.fr\/wp-content\/uploads\/2025\/09\/Shutterstock_accordperformancecollective.jpg 600w, https:\/\/www.altermes.fr\/wp-content\/uploads\/2025\/09\/Shutterstock_accordperformancecollective-480x320.jpg 480w\" sizes=\"(min-width: 0px) and (max-width: 480px) 480px, (min-width: 481px) 600px, 100vw\">                                        <\/a>\n                                                                        <a href=\"https:\/\/www.altermes.fr\/en\/les-infos-du-jour\/refus-dun-accord-de-performance-collective-un-licenciement-sous-controle\/\"><h3>Refus d\u2019un accord de performance collective : un licenciement sous contr\u00f4le !<\/h3><\/a>\n                                    <p class=\"use-case-category\"><a href=\"https:\/\/www.altermes.fr\/en\/weblex-importer-categories\/actualites\/\" rel=\"tag\">Actualit\u00e9s<\/a>, <a href=\"https:\/\/www.altermes.fr\/en\/weblex-importer-categories\/infos-sociales\/\" rel=\"tag\">Infos Sociales<\/a><\/p>\n                                    <p class=\"edc-content\">Si un employeur peut, via un accord de performance collective (APC), imposer certaines modifications du contrat de travail, encore faut-il que cet accord r\u00e9ponde effectivement \u00e0 des n\u00e9cessit\u00e9s li?...<\/p>                                <\/div>\n                                                                <div class=\"case-study-item weblex-article\">\n                                                                            <a href=\"https:\/\/www.altermes.fr\/en\/les-infos-du-jour\/service-de-prevention-et-de-sante-au-travail-quelles-pieces-fournir-pour-la-demande-dagrement\/\">\n                                            <img decoding=\"async\" width=\"600\" height=\"400\" src=\"https:\/\/www.altermes.fr\/wp-content\/uploads\/2025\/09\/Shutterstock_agrementSPSTIE.jpg\" class=\"attachment-custom-thumbnail size-custom-thumbnail wp-post-image\" alt=\"\" srcset=\"https:\/\/www.altermes.fr\/wp-content\/uploads\/2025\/09\/Shutterstock_agrementSPSTIE.jpg 600w, https:\/\/www.altermes.fr\/wp-content\/uploads\/2025\/09\/Shutterstock_agrementSPSTIE-480x320.jpg 480w\" sizes=\"(min-width: 0px) and (max-width: 480px) 480px, (min-width: 481px) 600px, 100vw\">                                        <\/a>\n                                                                        <a href=\"https:\/\/www.altermes.fr\/en\/les-infos-du-jour\/service-de-prevention-et-de-sante-au-travail-quelles-pieces-fournir-pour-la-demande-dagrement\/\"><h3>Service de pr\u00e9vention et de sant\u00e9 au travail : quelles pi\u00e8ces fournir pour la demande d\u2019agr\u00e9ment ?<\/h3><\/a>\n                                    <p class=\"use-case-category\"><a href=\"https:\/\/www.altermes.fr\/en\/weblex-importer-categories\/actualites\/\" rel=\"tag\">Actualit\u00e9s<\/a>, <a href=\"https:\/\/www.altermes.fr\/en\/weblex-importer-categories\/infos-sociales\/\" rel=\"tag\">Infos Sociales<\/a><\/p>\n                                    <p class=\"edc-content\">R\u00e9cemment, la liste des pi\u00e8ces \u00e0 fournir par les services de pr\u00e9vention et de sant\u00e9 au travail (SPST) pour obtenir l\u2019agr\u00e9ment de l\u2019autorit\u00e9 administrative vient tout juste d\u2019\u00eatre actuali...<\/p>                                <\/div>\n                                                                <div class=\"case-study-item weblex-article\">\n                                                                            <a href=\"https:\/\/www.altermes.fr\/en\/les-infos-du-jour\/frais-professionnels-du-nouveau-pour-la-mobilite-professionnelle\/\">\n                                            <img decoding=\"async\" width=\"600\" height=\"400\" src=\"https:\/\/www.altermes.fr\/wp-content\/uploads\/2025\/09\/Shutterstock_fraisprodeplacement.jpg\" class=\"attachment-custom-thumbnail size-custom-thumbnail wp-post-image\" alt=\"\" srcset=\"https:\/\/www.altermes.fr\/wp-content\/uploads\/2025\/09\/Shutterstock_fraisprodeplacement.jpg 600w, https:\/\/www.altermes.fr\/wp-content\/uploads\/2025\/09\/Shutterstock_fraisprodeplacement-480x320.jpg 480w\" sizes=\"(min-width: 0px) and (max-width: 480px) 480px, (min-width: 481px) 600px, 100vw\">                                        <\/a>\n                                                                        <a href=\"https:\/\/www.altermes.fr\/en\/les-infos-du-jour\/frais-professionnels-du-nouveau-pour-la-mobilite-professionnelle\/\"><h3>Frais professionnels : du nouveau pour la mobilit\u00e9 professionnelle<\/h3><\/a>\n                                    <p class=\"use-case-category\"><a href=\"https:\/\/www.altermes.fr\/en\/weblex-importer-categories\/actualites\/\" rel=\"tag\">Actualit\u00e9s<\/a>, <a href=\"https:\/\/www.altermes.fr\/en\/weblex-importer-categories\/infos-sociales\/\" rel=\"tag\">Infos Sociales<\/a><\/p>\n                                    <p class=\"edc-content\">Le traitement des frais professionnels d\u00e9ductibles des cotisations sociales dues par les employeurs vient de faire l\u2019objet d\u2019am\u00e9nagements importants, notamment s\u2019agissant de la mobilit\u00e9 profe...<\/p>                                <\/div>\n                                                                <div class=\"case-study-item weblex-article\">\n                                                                            <a href=\"https:\/\/www.altermes.fr\/en\/les-infos-du-jour\/apprentissage-transfrontalier-quel-niveau-de-prise-en-charge\/\">\n                                            <img decoding=\"async\" width=\"600\" height=\"400\" src=\"https:\/\/www.altermes.fr\/wp-content\/uploads\/2025\/09\/Shutterstock_contrattransfrontalier.jpg\" class=\"attachment-custom-thumbnail size-custom-thumbnail wp-post-image\" alt=\"\" srcset=\"https:\/\/www.altermes.fr\/wp-content\/uploads\/2025\/09\/Shutterstock_contrattransfrontalier.jpg 600w, https:\/\/www.altermes.fr\/wp-content\/uploads\/2025\/09\/Shutterstock_contrattransfrontalier-480x320.jpg 480w\" sizes=\"(min-width: 0px) and (max-width: 480px) 480px, (min-width: 481px) 600px, 100vw\">                                        <\/a>\n                                                                        <a href=\"https:\/\/www.altermes.fr\/en\/les-infos-du-jour\/apprentissage-transfrontalier-quel-niveau-de-prise-en-charge\/\"><h3>Apprentissage transfrontalier : quel niveau de prise en charge ?<\/h3><\/a>\n                                    <p class=\"use-case-category\"><a href=\"https:\/\/www.altermes.fr\/en\/weblex-importer-categories\/actualites\/\" rel=\"tag\">Actualit\u00e9s<\/a>, <a href=\"https:\/\/www.altermes.fr\/en\/weblex-importer-categories\/infos-sociales\/\" rel=\"tag\">Infos Sociales<\/a><\/p>\n                                    <p class=\"edc-content\">Depuis la loi dite \u00ab\u202f3DS\u202f\u00bb, il est possible d\u2019effectuer une partie de sa formation th\u00e9orique et \/ ou pratique dans un pays transfrontalier dans le cadre d\u2019un contrat d\u2019apprentissage trans...<\/p>                                <\/div>\n                                                                <div class=\"case-study-item weblex-article\">\n                                                                            <a href=\"https:\/\/www.altermes.fr\/en\/les-infos-du-jour\/frais-professionnels-bientot-la-fin-de-la-deduction-forfaitaire-specifique\/\">\n                                            <img decoding=\"async\" width=\"600\" height=\"400\" src=\"https:\/\/www.altermes.fr\/wp-content\/uploads\/2025\/09\/Shutterstock_fraisprofessionnels.jpg\" class=\"attachment-custom-thumbnail size-custom-thumbnail wp-post-image\" alt=\"\" srcset=\"https:\/\/www.altermes.fr\/wp-content\/uploads\/2025\/09\/Shutterstock_fraisprofessionnels.jpg 600w, https:\/\/www.altermes.fr\/wp-content\/uploads\/2025\/09\/Shutterstock_fraisprofessionnels-480x320.jpg 480w\" sizes=\"(min-width: 0px) and (max-width: 480px) 480px, (min-width: 481px) 600px, 100vw\">                                        <\/a>\n                                                                        <a href=\"https:\/\/www.altermes.fr\/en\/les-infos-du-jour\/frais-professionnels-bientot-la-fin-de-la-deduction-forfaitaire-specifique\/\"><h3>Frais professionnels : bient\u00f4t la fin de la d\u00e9duction forfaitaire sp\u00e9cifique ?<\/h3><\/a>\n                                    <p class=\"use-case-category\"><a href=\"https:\/\/www.altermes.fr\/en\/weblex-importer-categories\/actualites\/\" rel=\"tag\">Actualit\u00e9s<\/a>, <a href=\"https:\/\/www.altermes.fr\/en\/weblex-importer-categories\/infos-sociales\/\" rel=\"tag\">Infos Sociales<\/a><\/p>\n                                    <p class=\"edc-content\">Jusqu\u2019\u00e0 maintenant, l\u2019arr\u00eat\u00e9 du 20 d\u00e9cembre 2002 \u00e9tait le texte fondateur qui r\u00e9gissait le traitement des frais professionnels d\u00e9ductibles des cotisations sociales dues par les employeurs. ...<\/p>                                <\/div>\n                                                                <div class=\"case-study-item weblex-article\">\n                                                                            <a href=\"https:\/\/www.altermes.fr\/en\/les-infos-du-jour\/indemnites-journalieres-maternite-de-lassurance-volontaire-des-precisions\/\">\n                                            <img decoding=\"async\" width=\"600\" height=\"400\" src=\"https:\/\/www.altermes.fr\/wp-content\/uploads\/2025\/09\/Shutterstock_assuresvolontaires.jpg\" class=\"attachment-custom-thumbnail size-custom-thumbnail wp-post-image\" alt=\"\" srcset=\"https:\/\/www.altermes.fr\/wp-content\/uploads\/2025\/09\/Shutterstock_assuresvolontaires.jpg 600w, https:\/\/www.altermes.fr\/wp-content\/uploads\/2025\/09\/Shutterstock_assuresvolontaires-480x320.jpg 480w\" sizes=\"(min-width: 0px) and (max-width: 480px) 480px, (min-width: 481px) 600px, 100vw\">                                        <\/a>\n                                                                        <a href=\"https:\/\/www.altermes.fr\/en\/les-infos-du-jour\/indemnites-journalieres-maternite-de-lassurance-volontaire-des-precisions\/\"><h3>Indemnit\u00e9s journali\u00e8res maternit\u00e9 de l\u2019assurance volontaire : des pr\u00e9cisions !<\/h3><\/a>\n                                    <p class=\"use-case-category\"><a href=\"https:\/\/www.altermes.fr\/en\/weblex-importer-categories\/actualites\/\" rel=\"tag\">Actualit\u00e9s<\/a>, <a href=\"https:\/\/www.altermes.fr\/en\/weblex-importer-categories\/infos-sociales\/\" rel=\"tag\">Infos Sociales<\/a><\/p>\n                                    <p class=\"edc-content\">Depuis le 10 septembre 2025, une adh\u00e9sion \u00e0 l\u2019assurance volontaire post\u00e9rieure \u00e0 la conception emp\u00eache d\u00e9sormais l\u2019assur\u00e9e de percevoir l\u2019indemnit\u00e9 journali\u00e8re de maternit\u00e9. Explicatio...<\/p>                                <\/div>\n                                                                <div class=\"case-study-item weblex-article\">\n                                                                            <a href=\"https:\/\/www.altermes.fr\/en\/les-infos-du-jour\/contrat-daccompagnement-par-le-travail-vers-une-convergence-des-droits\/\">\n                                            <img decoding=\"async\" width=\"600\" height=\"400\" src=\"https:\/\/www.altermes.fr\/wp-content\/uploads\/2025\/09\/Shutterstock_travailleurshandicapes.jpg\" class=\"attachment-custom-thumbnail size-custom-thumbnail wp-post-image\" alt=\"\" srcset=\"https:\/\/www.altermes.fr\/wp-content\/uploads\/2025\/09\/Shutterstock_travailleurshandicapes.jpg 600w, https:\/\/www.altermes.fr\/wp-content\/uploads\/2025\/09\/Shutterstock_travailleurshandicapes-480x320.jpg 480w\" sizes=\"(min-width: 0px) and (max-width: 480px) 480px, (min-width: 481px) 600px, 100vw\">                                        <\/a>\n                                                                        <a href=\"https:\/\/www.altermes.fr\/en\/les-infos-du-jour\/contrat-daccompagnement-par-le-travail-vers-une-convergence-des-droits\/\"><h3>Contrat d\u2019accompagnement par le travail : vers une convergence des droits ?<\/h3><\/a>\n                                    <p class=\"use-case-category\"><a href=\"https:\/\/www.altermes.fr\/en\/weblex-importer-categories\/actualites\/\" rel=\"tag\">Actualit\u00e9s<\/a>, <a href=\"https:\/\/www.altermes.fr\/en\/weblex-importer-categories\/infos-sociales\/\" rel=\"tag\">Infos Sociales<\/a><\/p>\n                                    <p class=\"edc-content\">Comme pr\u00e9vu par la loi dite \u00ab Plein emploi \u00bb, un r\u00e9cent changement de la r\u00e9glementation tend \u00e0 attribuer aux travailleurs handicap\u00e9s occup\u00e9s en \u00e9tablissement ou en service d\u2019accompagnement ...<\/p>                                <\/div>\n                                                                <div class=\"case-study-item weblex-article\">\n                                                                            <a href=\"https:\/\/www.altermes.fr\/en\/les-infos-du-jour\/conges-payes-et-decompte-des-heures-supplementaires-du-nouveau\/\">\n                                            <img decoding=\"async\" width=\"600\" height=\"400\" src=\"https:\/\/www.altermes.fr\/wp-content\/uploads\/2025\/09\/Shutterstock_arretmaladieheuressupp.jpg\" class=\"attachment-custom-thumbnail size-custom-thumbnail wp-post-image\" alt=\"\" srcset=\"https:\/\/www.altermes.fr\/wp-content\/uploads\/2025\/09\/Shutterstock_arretmaladieheuressupp.jpg 600w, https:\/\/www.altermes.fr\/wp-content\/uploads\/2025\/09\/Shutterstock_arretmaladieheuressupp-480x320.jpg 480w\" sizes=\"(min-width: 0px) and (max-width: 480px) 480px, (min-width: 481px) 600px, 100vw\">                                        <\/a>\n                                                                        <a href=\"https:\/\/www.altermes.fr\/en\/les-infos-du-jour\/conges-payes-et-decompte-des-heures-supplementaires-du-nouveau\/\"><h3>Cong\u00e9s pay\u00e9s et d\u00e9compte des heures suppl\u00e9mentaires : du nouveau !<\/h3><\/a>\n                                    <p class=\"use-case-category\"><a href=\"https:\/\/www.altermes.fr\/en\/weblex-importer-categories\/actualites\/\" rel=\"tag\">Actualit\u00e9s<\/a>, <a href=\"https:\/\/www.altermes.fr\/en\/weblex-importer-categories\/infos-sociales\/\" rel=\"tag\">Infos Sociales<\/a><\/p>\n                                    <p class=\"edc-content\">Dans une d\u00e9cision retentissante du 10 septembre 2025, le juge fran\u00e7ais vient de mettre le droit du travail en conformit\u00e9 avec le droit de l\u2019Union en rappelant que, dans le cadre du d\u00e9compte hebd...<\/p>                                <\/div>\n                                                                <div class=\"case-study-item weblex-article\">\n                                                                            <a href=\"https:\/\/www.altermes.fr\/en\/les-infos-du-jour\/proches-aidants-une-nouvelle-mesure-de-relayage\/\">\n                                            <img decoding=\"async\" width=\"600\" height=\"400\" src=\"https:\/\/www.altermes.fr\/wp-content\/uploads\/2025\/09\/Shutterstock_soutienprochesaidants.jpg\" class=\"attachment-custom-thumbnail size-custom-thumbnail wp-post-image\" alt=\"\" srcset=\"https:\/\/www.altermes.fr\/wp-content\/uploads\/2025\/09\/Shutterstock_soutienprochesaidants.jpg 600w, https:\/\/www.altermes.fr\/wp-content\/uploads\/2025\/09\/Shutterstock_soutienprochesaidants-480x320.jpg 480w\" sizes=\"(min-width: 0px) and (max-width: 480px) 480px, (min-width: 481px) 600px, 100vw\">                                        <\/a>\n                                                                        <a href=\"https:\/\/www.altermes.fr\/en\/les-infos-du-jour\/proches-aidants-une-nouvelle-mesure-de-relayage\/\"><h3>Proches aidants : une nouvelle mesure de relayage<\/h3><\/a>\n                                    <p class=\"use-case-category\"><a href=\"https:\/\/www.altermes.fr\/en\/weblex-importer-categories\/actualites\/\" rel=\"tag\">Actualit\u00e9s<\/a>, <a href=\"https:\/\/www.altermes.fr\/en\/weblex-importer-categories\/infos-sociales\/\" rel=\"tag\">Infos Sociales<\/a><\/p>\n                                    <p class=\"edc-content\">En France, 8 \u00e0 11 millions de personnes aident un conjoint, un parent ou un enfant en perte d\u2019autonomie. Dans le cadre d\u2019une politique nationale de soutien des proches aidants et afin d\u2019accompa...<\/p>                                <\/div>\n                                                                <div class=\"case-study-item weblex-article\">\n                                                                            <a href=\"https:\/\/www.altermes.fr\/en\/les-infos-du-jour\/conge-paye-et-arret-maladie-nouvelle-etape\/\">\n                                            <img decoding=\"async\" width=\"600\" height=\"400\" src=\"https:\/\/www.altermes.fr\/wp-content\/uploads\/2025\/09\/Shutterstock_arretmaladiereport.jpg\" class=\"attachment-custom-thumbnail size-custom-thumbnail wp-post-image\" alt=\"\" srcset=\"https:\/\/www.altermes.fr\/wp-content\/uploads\/2025\/09\/Shutterstock_arretmaladiereport.jpg 600w, https:\/\/www.altermes.fr\/wp-content\/uploads\/2025\/09\/Shutterstock_arretmaladiereport-480x320.jpg 480w\" sizes=\"(min-width: 0px) and (max-width: 480px) 480px, (min-width: 481px) 600px, 100vw\">                                        <\/a>\n                                                                        <a href=\"https:\/\/www.altermes.fr\/en\/les-infos-du-jour\/conge-paye-et-arret-maladie-nouvelle-etape\/\"><h3>Cong\u00e9 pay\u00e9 et arr\u00eat maladie : nouvelle \u00e9tape\u2026<\/h3><\/a>\n                                    <p class=\"use-case-category\"><a href=\"https:\/\/www.altermes.fr\/en\/weblex-importer-categories\/actualites\/\" rel=\"tag\">Actualit\u00e9s<\/a>, <a href=\"https:\/\/www.altermes.fr\/en\/weblex-importer-categories\/infos-sociales\/\" rel=\"tag\">Infos Sociales<\/a><\/p>\n                                    <p class=\"edc-content\">Nouveau revirement en droit social : sous la pression de Bruxelles, le juge fran\u00e7ais reconna\u00eet d\u00e9sormais le droit des salari\u00e9s \u00e0 reporter les jours de cong\u00e9s qui co\u00efncideraient avec ceux d\u2019un...<\/p>                                <\/div>\n                                                                <div class=\"case-study-item weblex-article\">\n                                                                            <a href=\"https:\/\/www.altermes.fr\/en\/les-infos-du-jour\/regime-dassurance-vieillesse-des-notaires-des-precisions-a-connaitre\/\">\n                                            <img decoding=\"async\" width=\"600\" height=\"400\" src=\"https:\/\/www.altermes.fr\/wp-content\/uploads\/2025\/09\/Shutterstock_retraitenotaire.jpg\" class=\"attachment-custom-thumbnail size-custom-thumbnail wp-post-image\" alt=\"\" srcset=\"https:\/\/www.altermes.fr\/wp-content\/uploads\/2025\/09\/Shutterstock_retraitenotaire.jpg 600w, https:\/\/www.altermes.fr\/wp-content\/uploads\/2025\/09\/Shutterstock_retraitenotaire-480x320.jpg 480w\" sizes=\"(min-width: 0px) and (max-width: 480px) 480px, (min-width: 481px) 600px, 100vw\">                                        <\/a>\n                                                                        <a href=\"https:\/\/www.altermes.fr\/en\/les-infos-du-jour\/regime-dassurance-vieillesse-des-notaires-des-precisions-a-connaitre\/\"><h3>R\u00e9gime d\u2019assurance vieillesse des notaires : des pr\u00e9cisions \u00e0 conna\u00eetre<\/h3><\/a>\n                                    <p class=\"use-case-category\"><a href=\"https:\/\/www.altermes.fr\/en\/weblex-importer-categories\/actualites\/\" rel=\"tag\">Actualit\u00e9s<\/a>, <a href=\"https:\/\/www.altermes.fr\/en\/weblex-importer-categories\/infos-sociales\/\" rel=\"tag\">Infos Sociales<\/a><\/p>\n                                    <p class=\"edc-content\">Comme pr\u00e9vu par la loi de financement de la S\u00e9curit\u00e9 sociale pour 2024, on conna\u00eet d\u00e9sormais la liste des absences qui n\u2019interrompent plus l\u2019affiliation \u00e0 la caisse de retraite des clercs et...<\/p>                                <\/div>\n                                                                <div class=\"case-study-item weblex-article\">\n                                                                            <a href=\"https:\/\/www.altermes.fr\/en\/les-infos-du-jour\/teletravail-transfrontalier-des-precisions-de-lurssaf\/\">\n                                            <img decoding=\"async\" width=\"600\" height=\"400\" src=\"https:\/\/www.altermes.fr\/wp-content\/uploads\/2025\/09\/Shutterstock_teletravailtransfronalier.jpg\" class=\"attachment-custom-thumbnail size-custom-thumbnail wp-post-image\" alt=\"\" srcset=\"https:\/\/www.altermes.fr\/wp-content\/uploads\/2025\/09\/Shutterstock_teletravailtransfronalier.jpg 600w, https:\/\/www.altermes.fr\/wp-content\/uploads\/2025\/09\/Shutterstock_teletravailtransfronalier-480x320.jpg 480w\" sizes=\"(min-width: 0px) and (max-width: 480px) 480px, (min-width: 481px) 600px, 100vw\">                                        <\/a>\n                                                                        <a href=\"https:\/\/www.altermes.fr\/en\/les-infos-du-jour\/teletravail-transfrontalier-des-precisions-de-lurssaf\/\"><h3>T\u00e9l\u00e9travail transfrontalier : des pr\u00e9cisions de l\u2019Urssaf<\/h3><\/a>\n                                    <p class=\"use-case-category\"><a href=\"https:\/\/www.altermes.fr\/en\/weblex-importer-categories\/actualites\/\" rel=\"tag\">Actualit\u00e9s<\/a>, <a href=\"https:\/\/www.altermes.fr\/en\/weblex-importer-categories\/infos-sociales\/\" rel=\"tag\">Infos Sociales<\/a><\/p>\n                                    <p class=\"edc-content\">T\u00e9l\u00e9travail et fronti\u00e8res ne font pas toujours bon m\u00e9nage : quel statut social appliquer aux salari\u00e9s domicili\u00e9s en Belgique, en Espagne ou en Suisse ? Face \u00e0 ces questions, l\u2019Urssaf apporte ...<\/p>                                <\/div>\n                                                                <div class=\"case-study-item weblex-article\">\n                                                                            <a href=\"https:\/\/www.altermes.fr\/en\/les-infos-du-jour\/versement-mobilite-regional-et-rural-officialisation-des-modalites-de-mise-en-place\/\">\n                                            <img decoding=\"async\" width=\"600\" height=\"400\" src=\"https:\/\/www.altermes.fr\/wp-content\/uploads\/2025\/09\/Shutterstock_versementmobilitC3A9.jpg\" class=\"attachment-custom-thumbnail size-custom-thumbnail wp-post-image\" alt=\"\" srcset=\"https:\/\/www.altermes.fr\/wp-content\/uploads\/2025\/09\/Shutterstock_versementmobilitC3A9.jpg 600w, https:\/\/www.altermes.fr\/wp-content\/uploads\/2025\/09\/Shutterstock_versementmobilitC3A9-480x320.jpg 480w\" sizes=\"(min-width: 0px) and (max-width: 480px) 480px, (min-width: 481px) 600px, 100vw\">                                        <\/a>\n                                                                        <a href=\"https:\/\/www.altermes.fr\/en\/les-infos-du-jour\/versement-mobilite-regional-et-rural-officialisation-des-modalites-de-mise-en-place\/\"><h3>Versement mobilit\u00e9 r\u00e9gional et rural : officialisation des modalit\u00e9s de mise en place<\/h3><\/a>\n                                    <p class=\"use-case-category\"><a href=\"https:\/\/www.altermes.fr\/en\/weblex-importer-categories\/actualites\/\" rel=\"tag\">Actualit\u00e9s<\/a>, <a href=\"https:\/\/www.altermes.fr\/en\/weblex-importer-categories\/infos-sociales\/\" rel=\"tag\">Infos Sociales<\/a><\/p>\n                                    <p class=\"edc-content\">Le versement mobilit\u00e9 r\u00e9gional et rural (VMRR), institu\u00e9 par la loi de finances 2025, et dont les modalit\u00e9s d\u2019application avaient \u00e9t\u00e9 d\u00e9voil\u00e9es d\u00e8s le 9 juillet 2025 par l\u2019administration ...<\/p>                                <\/div>\n                                                                <div class=\"case-study-item weblex-article\">\n                                                                            <a href=\"https:\/\/www.altermes.fr\/en\/les-infos-du-jour\/arret-maladie-et-conges-payes-un-report-demande\/\">\n                                            <img decoding=\"async\" width=\"600\" height=\"400\" src=\"https:\/\/www.altermes.fr\/wp-content\/uploads\/2025\/09\/Shutterstock_cparretmaladie.jpg\" class=\"attachment-custom-thumbnail size-custom-thumbnail wp-post-image\" alt=\"\" srcset=\"https:\/\/www.altermes.fr\/wp-content\/uploads\/2025\/09\/Shutterstock_cparretmaladie.jpg 600w, https:\/\/www.altermes.fr\/wp-content\/uploads\/2025\/09\/Shutterstock_cparretmaladie-480x320.jpg 480w\" sizes=\"(min-width: 0px) and (max-width: 480px) 480px, (min-width: 481px) 600px, 100vw\">                                        <\/a>\n                                                                        <a href=\"https:\/\/www.altermes.fr\/en\/les-infos-du-jour\/arret-maladie-et-conges-payes-un-report-demande\/\"><h3>Arr\u00eat maladie et cong\u00e9s pay\u00e9s : un report demand\u00e9 !<\/h3><\/a>\n                                    <p class=\"use-case-category\"><a href=\"https:\/\/www.altermes.fr\/en\/weblex-importer-categories\/actualites\/\" rel=\"tag\">Actualit\u00e9s<\/a>, <a href=\"https:\/\/www.altermes.fr\/en\/weblex-importer-categories\/infos-sociales\/\" rel=\"tag\">Infos Sociales<\/a><\/p>\n                                    <p class=\"edc-content\">Un salari\u00e9 qui tombe malade pendant ses cong\u00e9s pay\u00e9s a-t-il droit au report de ses cong\u00e9s pay\u00e9s ? C\u2019est une question \u00e0 laquelle la Commission europ\u00e9enne demande \u00e0 la France une r\u00e9ponse clai...<\/p>                                <\/div>\n                                                                <div class=\"case-study-item weblex-article\">\n                                                                            <a href=\"https:\/\/www.altermes.fr\/en\/les-infos-du-jour\/modele-de-bulletin-de-salaire-bientot-obligatoire\/\">\n                                            <img decoding=\"async\" width=\"600\" height=\"400\" src=\"https:\/\/www.altermes.fr\/wp-content\/uploads\/2025\/09\/Shutterstock_modelebulletinpaie.jpg\" class=\"attachment-custom-thumbnail size-custom-thumbnail wp-post-image\" alt=\"\" srcset=\"https:\/\/www.altermes.fr\/wp-content\/uploads\/2025\/09\/Shutterstock_modelebulletinpaie.jpg 600w, https:\/\/www.altermes.fr\/wp-content\/uploads\/2025\/09\/Shutterstock_modelebulletinpaie-480x320.jpg 480w\" sizes=\"(min-width: 0px) and (max-width: 480px) 480px, (min-width: 481px) 600px, 100vw\">                                        <\/a>\n                                                                        <a href=\"https:\/\/www.altermes.fr\/en\/les-infos-du-jour\/modele-de-bulletin-de-salaire-bientot-obligatoire\/\"><h3>Mod\u00e8le de bulletin de salaire : bient\u00f4t obligatoire ?<\/h3><\/a>\n                                    <p class=\"use-case-category\"><a href=\"https:\/\/www.altermes.fr\/en\/weblex-importer-categories\/actualites\/\" rel=\"tag\">Actualit\u00e9s<\/a>, <a href=\"https:\/\/www.altermes.fr\/en\/weblex-importer-categories\/infos-sociales\/\" rel=\"tag\">Infos Sociales<\/a><\/p>\n                                    <p class=\"edc-content\">Dans le cadre de l\u2019introduction du montant net social, il avait \u00e9t\u00e9 pr\u00e9vu un mod\u00e8le de bulletin de salaire r\u00e9am\u00e9nag\u00e9 et dont l\u2019\u00e9mission \u00e9tait cens\u00e9e devenir obligatoire \u00e0 compter de 202...<\/p>                                <\/div>\n                                                                <div class=\"case-study-item weblex-article\">\n                                                                            <a href=\"https:\/\/www.altermes.fr\/en\/les-infos-du-jour\/temps-partiel-therapeutique-maintien-de-lattestation-de-salaire\/\">\n                                            <img decoding=\"async\" width=\"600\" height=\"400\" src=\"https:\/\/www.altermes.fr\/wp-content\/uploads\/2025\/09\/Shutterstock_tempspartieltherapeutique.jpg\" class=\"attachment-custom-thumbnail size-custom-thumbnail wp-post-image\" alt=\"\" srcset=\"https:\/\/www.altermes.fr\/wp-content\/uploads\/2025\/09\/Shutterstock_tempspartieltherapeutique.jpg 600w, https:\/\/www.altermes.fr\/wp-content\/uploads\/2025\/09\/Shutterstock_tempspartieltherapeutique-480x320.jpg 480w\" sizes=\"(min-width: 0px) and (max-width: 480px) 480px, (min-width: 481px) 600px, 100vw\">                                        <\/a>\n                                                                        <a href=\"https:\/\/www.altermes.fr\/en\/les-infos-du-jour\/temps-partiel-therapeutique-maintien-de-lattestation-de-salaire\/\"><h3>Temps partiel th\u00e9rapeutique : maintien de l\u2019attestation de salaire ?<\/h3><\/a>\n                                    <p class=\"use-case-category\"><a href=\"https:\/\/www.altermes.fr\/en\/weblex-importer-categories\/actualites\/\" rel=\"tag\">Actualit\u00e9s<\/a>, <a href=\"https:\/\/www.altermes.fr\/en\/weblex-importer-categories\/infos-sociales\/\" rel=\"tag\">Infos Sociales<\/a><\/p>\n                                    <p class=\"edc-content\">Depuis 2023, la d\u00e9claration sociale nominative (DSN) s\u2019est enrichie d\u2019un nouveau bloc \u00ab temps partiel th\u00e9rapeutique \u00bb, cens\u00e9 faciliter les d\u00e9marches de l\u2019employeur, en rempla\u00e7ant notammen...<\/p>                                <\/div>\n                                                                <div class=\"case-study-item weblex-article\">\n                                                                            <a href=\"https:\/\/www.altermes.fr\/en\/les-infos-du-jour\/intemperies-et-incendie-lurssaf-active-des-mesures-durgence\/\">\n                                            <img decoding=\"async\" width=\"600\" height=\"400\" src=\"https:\/\/www.altermes.fr\/wp-content\/uploads\/2025\/09\/Shutterstock_urssaffmesureurgence_0.jpg\" class=\"attachment-custom-thumbnail size-custom-thumbnail wp-post-image\" alt=\"\" srcset=\"https:\/\/www.altermes.fr\/wp-content\/uploads\/2025\/09\/Shutterstock_urssaffmesureurgence_0.jpg 600w, https:\/\/www.altermes.fr\/wp-content\/uploads\/2025\/09\/Shutterstock_urssaffmesureurgence_0-480x320.jpg 480w\" sizes=\"(min-width: 0px) and (max-width: 480px) 480px, (min-width: 481px) 600px, 100vw\">                                        <\/a>\n                                                                        <a href=\"https:\/\/www.altermes.fr\/en\/les-infos-du-jour\/intemperies-et-incendie-lurssaf-active-des-mesures-durgence\/\"><h3>Intemp\u00e9ries et incendie : l\u2019Urssaf active des mesures d\u2019urgence !<\/h3><\/a>\n                                    <p class=\"use-case-category\"><a href=\"https:\/\/www.altermes.fr\/en\/weblex-importer-categories\/actualites\/\" rel=\"tag\">Actualit\u00e9s<\/a>, <a href=\"https:\/\/www.altermes.fr\/en\/weblex-importer-categories\/infos-sociales\/\" rel=\"tag\">Infos Sociales<\/a><\/p>\n                                    <p class=\"edc-content\">\u00c0 la suite de l\u2019incendie survenu en Occitanie (notamment dans l\u2019Aude) et des intemp\u00e9ries en Franche-Comt\u00e9, l\u2019Urssaf et le Conseil de la protection sociale des travailleurs ind\u00e9pendants activ...<\/p>                                <\/div>\n                                                                <div class=\"case-study-item weblex-article\">\n                                                                            <a href=\"https:\/\/www.altermes.fr\/en\/les-infos-du-jour\/passeport-de-prevention-du-nouveau-a-compter-du-1%e1%b5%89%ca%b3-septembre-2025\/\">\n                                            <img decoding=\"async\" width=\"600\" height=\"400\" src=\"https:\/\/www.altermes.fr\/wp-content\/uploads\/2025\/09\/Shutterstock_declarationpasseport.jpg\" class=\"attachment-custom-thumbnail size-custom-thumbnail wp-post-image\" alt=\"\" srcset=\"https:\/\/www.altermes.fr\/wp-content\/uploads\/2025\/09\/Shutterstock_declarationpasseport.jpg 600w, https:\/\/www.altermes.fr\/wp-content\/uploads\/2025\/09\/Shutterstock_declarationpasseport-480x320.jpg 480w\" sizes=\"(min-width: 0px) and (max-width: 480px) 480px, (min-width: 481px) 600px, 100vw\">                                        <\/a>\n                                                                        <a href=\"https:\/\/www.altermes.fr\/en\/les-infos-du-jour\/passeport-de-prevention-du-nouveau-a-compter-du-1%e1%b5%89%ca%b3-septembre-2025\/\"><h3>Passeport de pr\u00e9vention : du nouveau \u00e0 compter du 1\u1d49\u02b3 septembre 2025 !<\/h3><\/a>\n                                    <p class=\"use-case-category\"><a href=\"https:\/\/www.altermes.fr\/en\/weblex-importer-categories\/actualites\/\" rel=\"tag\">Actualit\u00e9s<\/a>, <a href=\"https:\/\/www.altermes.fr\/en\/weblex-importer-categories\/infos-sociales\/\" rel=\"tag\">Infos Sociales<\/a><\/p>\n                                    <p class=\"edc-content\">Le Passeport de pr\u00e9vention, instaur\u00e9 par la loi dite \u00ab Sant\u00e9 au travail \u00bb en 2021, est ouvert aux organismes de formation depuis avril dernier. R\u00e9cemment, les modalit\u00e9s d\u00e9claratives des format...<\/p>                                <\/div>\n                                                                <div class=\"case-study-item weblex-article\">\n                                                                            <a href=\"https:\/\/www.altermes.fr\/en\/les-infos-du-jour\/fumeurs-au-travail-une-nouvelle-signaletique\/\">\n                                            <img decoding=\"async\" width=\"600\" height=\"400\" src=\"https:\/\/www.altermes.fr\/wp-content\/uploads\/2025\/09\/Shutterstock_signaletiquefumeur.jpg\" class=\"attachment-custom-thumbnail size-custom-thumbnail wp-post-image\" alt=\"\" srcset=\"https:\/\/www.altermes.fr\/wp-content\/uploads\/2025\/09\/Shutterstock_signaletiquefumeur.jpg 600w, https:\/\/www.altermes.fr\/wp-content\/uploads\/2025\/09\/Shutterstock_signaletiquefumeur-480x320.jpg 480w\" sizes=\"(min-width: 0px) and (max-width: 480px) 480px, (min-width: 481px) 600px, 100vw\">                                        <\/a>\n                                                                        <a href=\"https:\/\/www.altermes.fr\/en\/les-infos-du-jour\/fumeurs-au-travail-une-nouvelle-signaletique\/\"><h3>Fumeurs au travail : une nouvelle signal\u00e9tique !<\/h3><\/a>\n                                    <p class=\"use-case-category\"><a href=\"https:\/\/www.altermes.fr\/en\/weblex-importer-categories\/actualites\/\" rel=\"tag\">Actualit\u00e9s<\/a>, <a href=\"https:\/\/www.altermes.fr\/en\/weblex-importer-categories\/infos-sociales\/\" rel=\"tag\">Infos Sociales<\/a><\/p>\n                                    <p class=\"edc-content\">Une r\u00e9cente \u00e9volution des mod\u00e8les des signal\u00e9tiques impose de mettre \u00e0 jour les panneaux signalant l\u2019interdiction de fumer et de vapoter dans les lieux affect\u00e9s au travail, ainsi que ceux indi...<\/p>                                <\/div>\n                                                                <div class=\"case-study-item weblex-article\">\n                                                                            <a href=\"https:\/\/www.altermes.fr\/en\/les-infos-du-jour\/mayotte-prolongation-du-delai-de-suspension-du-recouvrement-des-cotisations-sociales\/\">\n                                            <img decoding=\"async\" width=\"600\" height=\"400\" src=\"https:\/\/www.altermes.fr\/wp-content\/uploads\/2025\/08\/Shutterstock_mayottecotisationssociales.jpg\" class=\"attachment-custom-thumbnail size-custom-thumbnail wp-post-image\" alt=\"\" srcset=\"https:\/\/www.altermes.fr\/wp-content\/uploads\/2025\/08\/Shutterstock_mayottecotisationssociales.jpg 600w, https:\/\/www.altermes.fr\/wp-content\/uploads\/2025\/08\/Shutterstock_mayottecotisationssociales-480x320.jpg 480w\" sizes=\"(min-width: 0px) and (max-width: 480px) 480px, (min-width: 481px) 600px, 100vw\">                                        <\/a>\n                                                                        <a href=\"https:\/\/www.altermes.fr\/en\/les-infos-du-jour\/mayotte-prolongation-du-delai-de-suspension-du-recouvrement-des-cotisations-sociales\/\"><h3>Mayotte : prolongation du d\u00e9lai de suspension du recouvrement des cotisations sociales !<\/h3><\/a>\n                                    <p class=\"use-case-category\"><a href=\"https:\/\/www.altermes.fr\/en\/weblex-importer-categories\/actualites\/\" rel=\"tag\">Actualit\u00e9s<\/a>, <a href=\"https:\/\/www.altermes.fr\/en\/weblex-importer-categories\/infos-sociales\/\" rel=\"tag\">Infos Sociales<\/a><\/p>\n                                    <p class=\"edc-content\">Compte tenu de la persistance des difficult\u00e9s \u00e9conomiques induites par le passage du cyclone Chido \u00e0 Mayotte en d\u00e9cembre 2024, la suspension des obligations de paiement des cotisations sociales po...<\/p>                                <\/div>\n                                                                <div class=\"case-study-item weblex-article\">\n                                                                            <a href=\"https:\/\/www.altermes.fr\/en\/les-infos-du-jour\/exoneration-sociale-des-medecins-liberaux-en-cumul-emploi-retraite-des-precisions\/\">\n                                            <img decoding=\"async\" width=\"600\" height=\"400\" src=\"https:\/\/www.altermes.fr\/wp-content\/uploads\/2025\/08\/Shutterstock_medecincumulemploi.jpg\" class=\"attachment-custom-thumbnail size-custom-thumbnail wp-post-image\" alt=\"\" srcset=\"https:\/\/www.altermes.fr\/wp-content\/uploads\/2025\/08\/Shutterstock_medecincumulemploi.jpg 600w, https:\/\/www.altermes.fr\/wp-content\/uploads\/2025\/08\/Shutterstock_medecincumulemploi-480x320.jpg 480w\" sizes=\"(min-width: 0px) and (max-width: 480px) 480px, (min-width: 481px) 600px, 100vw\">                                        <\/a>\n                                                                        <a href=\"https:\/\/www.altermes.fr\/en\/les-infos-du-jour\/exoneration-sociale-des-medecins-liberaux-en-cumul-emploi-retraite-des-precisions\/\"><h3>Exon\u00e9ration sociale des m\u00e9decins lib\u00e9raux en cumul emploi-retraite : des pr\u00e9cisions !<\/h3><\/a>\n                                    <p class=\"use-case-category\"><a href=\"https:\/\/www.altermes.fr\/en\/weblex-importer-categories\/actualites\/\" rel=\"tag\">Actualit\u00e9s<\/a>, <a href=\"https:\/\/www.altermes.fr\/en\/weblex-importer-categories\/infos-sociales\/\" rel=\"tag\">Infos Sociales<\/a><\/p>\n                                    <p class=\"edc-content\">Afin de lutter contre la d\u00e9sertification m\u00e9dicale, la loi de financement de la S\u00e9curit\u00e9 sociale pour 2025 avait pr\u00e9vu une exon\u00e9ration temporaire de cotisations pour les m\u00e9decins lib\u00e9raux, en c...<\/p>                                <\/div>\n                                                                <div class=\"case-study-item weblex-article\">\n                                                                            <a href=\"https:\/\/www.altermes.fr\/en\/les-infos-du-jour\/declaration-prealable-a-lembauche-en-dsn-bientot-possible\/\">\n                                            <img decoding=\"async\" width=\"600\" height=\"400\" src=\"https:\/\/www.altermes.fr\/wp-content\/uploads\/2025\/08\/Shutterstock_DPAEenDSN.jpg\" class=\"attachment-custom-thumbnail size-custom-thumbnail wp-post-image\" alt=\"\" srcset=\"https:\/\/www.altermes.fr\/wp-content\/uploads\/2025\/08\/Shutterstock_DPAEenDSN.jpg 600w, https:\/\/www.altermes.fr\/wp-content\/uploads\/2025\/08\/Shutterstock_DPAEenDSN-480x320.jpg 480w\" sizes=\"(min-width: 0px) and (max-width: 480px) 480px, (min-width: 481px) 600px, 100vw\">                                        <\/a>\n                                                                        <a href=\"https:\/\/www.altermes.fr\/en\/les-infos-du-jour\/declaration-prealable-a-lembauche-en-dsn-bientot-possible\/\"><h3>D\u00e9claration pr\u00e9alable \u00e0 l\u2019embauche en DSN : bient\u00f4t possible ?<\/h3><\/a>\n                                    <p class=\"use-case-category\"><a href=\"https:\/\/www.altermes.fr\/en\/weblex-importer-categories\/actualites\/\" rel=\"tag\">Actualit\u00e9s<\/a>, <a href=\"https:\/\/www.altermes.fr\/en\/weblex-importer-categories\/infos-sociales\/\" rel=\"tag\">Infos Sociales<\/a><\/p>\n                                    <p class=\"edc-content\">La d\u00e9claration pr\u00e9alable \u00e0 l\u2019embauche (DPAE) est une formalit\u00e9 essentielle pour tout employeur lors de l'embauche d'un salari\u00e9. Des \u00e9volutions sont en cours pour simplifier ce processus \u00e0 par...<\/p>                                <\/div>\n                                                                <div class=\"case-study-item weblex-article\">\n                                                                            <a href=\"https:\/\/www.altermes.fr\/en\/les-infos-du-jour\/retraite-progressive-abaissement-de-lage-douverture-des-droits\/\">\n                                            <img decoding=\"async\" width=\"600\" height=\"400\" src=\"https:\/\/www.altermes.fr\/wp-content\/uploads\/2025\/08\/Shutterstock_retraiteprogressive.jpg\" class=\"attachment-custom-thumbnail size-custom-thumbnail wp-post-image\" alt=\"\" srcset=\"https:\/\/www.altermes.fr\/wp-content\/uploads\/2025\/08\/Shutterstock_retraiteprogressive.jpg 600w, https:\/\/www.altermes.fr\/wp-content\/uploads\/2025\/08\/Shutterstock_retraiteprogressive-480x320.jpg 480w\" sizes=\"(min-width: 0px) and (max-width: 480px) 480px, (min-width: 481px) 600px, 100vw\">                                        <\/a>\n                                                                        <a href=\"https:\/\/www.altermes.fr\/en\/les-infos-du-jour\/retraite-progressive-abaissement-de-lage-douverture-des-droits\/\"><h3>Retraite progressive : abaissement de l\u2019\u00e2ge d\u2019ouverture des droits !<\/h3><\/a>\n                                    <p class=\"use-case-category\"><a href=\"https:\/\/www.altermes.fr\/en\/weblex-importer-categories\/actualites\/\" rel=\"tag\">Actualit\u00e9s<\/a>, <a href=\"https:\/\/www.altermes.fr\/en\/weblex-importer-categories\/infos-sociales\/\" rel=\"tag\">Infos Sociales<\/a><\/p>\n                                    <p class=\"edc-content\">Jusqu\u2019au 31 ao\u00fbt 2025, l\u2019\u00e2ge de l\u2019ouverture des droits \u00e0 la retraite progressive oscille entre 60 et 62 ans, en fonction de l\u2019ann\u00e9e de naissance du salari\u00e9 qui souhaite en b\u00e9n\u00e9ficier. U...<\/p>                                <\/div>\n                                                                <div class=\"case-study-item weblex-article\">\n                                                                            <a href=\"https:\/\/www.altermes.fr\/en\/les-infos-du-jour\/experimentation-handinnov-jusqua-quand\/\">\n                                            <img decoding=\"async\" width=\"600\" height=\"400\" src=\"https:\/\/www.altermes.fr\/wp-content\/uploads\/2025\/08\/Shutterstock_handinnov.jpg\" class=\"attachment-custom-thumbnail size-custom-thumbnail wp-post-image\" alt=\"\" srcset=\"https:\/\/www.altermes.fr\/wp-content\/uploads\/2025\/08\/Shutterstock_handinnov.jpg 600w, https:\/\/www.altermes.fr\/wp-content\/uploads\/2025\/08\/Shutterstock_handinnov-480x320.jpg 480w\" sizes=\"(min-width: 0px) and (max-width: 480px) 480px, (min-width: 481px) 600px, 100vw\">                                        <\/a>\n                                                                        <a href=\"https:\/\/www.altermes.fr\/en\/les-infos-du-jour\/experimentation-handinnov-jusqua-quand\/\"><h3>Exp\u00e9rimentation Hand\u2019Innov : jusqu\u2019\u00e0 quand ?<\/h3><\/a>\n                                    <p class=\"use-case-category\"><a href=\"https:\/\/www.altermes.fr\/en\/weblex-importer-categories\/actualites\/\" rel=\"tag\">Actualit\u00e9s<\/a>, <a href=\"https:\/\/www.altermes.fr\/en\/weblex-importer-categories\/infos-sociales\/\" rel=\"tag\">Infos Sociales<\/a><\/p>\n                                    <p class=\"edc-content\">Sur le plan de l\u2019accompagnement m\u00e9dical, une exp\u00e9rimentation dite \u00ab\u202fHand\u2019Innov\u202f\u00bb a pour objet d\u2019am\u00e9liorer l\u2019acc\u00e8s aux soins des personnes en situation de handicap. Une exp\u00e9rimentati...<\/p>                                <\/div>\n                                                                <div class=\"case-study-item weblex-article\">\n                                                                            <a href=\"https:\/\/www.altermes.fr\/en\/les-infos-du-jour\/anomalies-recurrentes-en-dsn-lurssaf-vous-accompagne\/\">\n                                            <img decoding=\"async\" width=\"600\" height=\"400\" src=\"https:\/\/www.altermes.fr\/wp-content\/uploads\/2025\/07\/Shutterstock_anomaliesdsn.jpg\" class=\"attachment-custom-thumbnail size-custom-thumbnail wp-post-image\" alt=\"\" srcset=\"https:\/\/www.altermes.fr\/wp-content\/uploads\/2025\/07\/Shutterstock_anomaliesdsn.jpg 600w, https:\/\/www.altermes.fr\/wp-content\/uploads\/2025\/07\/Shutterstock_anomaliesdsn-480x320.jpg 480w\" sizes=\"(min-width: 0px) and (max-width: 480px) 480px, (min-width: 481px) 600px, 100vw\">                                        <\/a>\n                                                                        <a href=\"https:\/\/www.altermes.fr\/en\/les-infos-du-jour\/anomalies-recurrentes-en-dsn-lurssaf-vous-accompagne\/\"><h3>Anomalies r\u00e9currentes en DSN\u202f: l\u2019Urssaf vous accompagne\u202f!<\/h3><\/a>\n                                    <p class=\"use-case-category\"><a href=\"https:\/\/www.altermes.fr\/en\/weblex-importer-categories\/actualites\/\" rel=\"tag\">Actualit\u00e9s<\/a>, <a href=\"https:\/\/www.altermes.fr\/en\/weblex-importer-categories\/infos-sociales\/\" rel=\"tag\">Infos Sociales<\/a><\/p>\n                                    <p class=\"edc-content\">Parce que certaines anomalies sont souvent constat\u00e9es en DSN, l\u2019Urssaf vient de publier la conduite \u00e0 tenir pour corriger 7 des anomalies les plus fr\u00e9quemment constat\u00e9es. Focus.DSN\u202f: correctio...<\/p>                                <\/div>\n                                                                <div class=\"case-study-item weblex-article\">\n                                                                            <a href=\"https:\/\/www.altermes.fr\/en\/les-infos-du-jour\/praticien-et-auxiliaire-medical-plafonnement-des-sommes-payees-par-carte-bancaire-a-lurssaf\/\">\n                                            <img decoding=\"async\" width=\"600\" height=\"400\" src=\"https:\/\/www.altermes.fr\/wp-content\/uploads\/2025\/07\/Shutterstock_urssafcartebancaire.jpg\" class=\"attachment-custom-thumbnail size-custom-thumbnail wp-post-image\" alt=\"\" srcset=\"https:\/\/www.altermes.fr\/wp-content\/uploads\/2025\/07\/Shutterstock_urssafcartebancaire.jpg 600w, https:\/\/www.altermes.fr\/wp-content\/uploads\/2025\/07\/Shutterstock_urssafcartebancaire-480x320.jpg 480w\" sizes=\"(min-width: 0px) and (max-width: 480px) 480px, (min-width: 481px) 600px, 100vw\">                                        <\/a>\n                                                                        <a href=\"https:\/\/www.altermes.fr\/en\/les-infos-du-jour\/praticien-et-auxiliaire-medical-plafonnement-des-sommes-payees-par-carte-bancaire-a-lurssaf\/\"><h3>Praticien et auxiliaire m\u00e9dical\u202f: plafonnement des sommes pay\u00e9es par carte bancaire \u00e0 l\u2019Urssaf\u202f!<\/h3><\/a>\n                                    <p class=\"use-case-category\"><a href=\"https:\/\/www.altermes.fr\/en\/weblex-importer-categories\/actualites\/\" rel=\"tag\">Actualit\u00e9s<\/a>, <a href=\"https:\/\/www.altermes.fr\/en\/weblex-importer-categories\/infos-sociales\/\" rel=\"tag\">Infos Sociales<\/a><\/p>\n                                    <p class=\"edc-content\">D\u00e8s le 21 juillet 2025, les modalit\u00e9s de paiement \u00e0 l\u2019Urssaf \u00e9voluent pour les praticiens et auxiliaires m\u00e9dicaux. En effet, il ne sera plus possible pour eux de s\u2019acquitter du paiement des c...<\/p>                                <\/div>\n                                                                <div class=\"case-study-item weblex-article\">\n                                                                            <a href=\"https:\/\/www.altermes.fr\/en\/les-infos-du-jour\/lutte-contre-les-accidents-du-travail-graves-et-mortels-du-nouveau\/\">\n                                            <img decoding=\"async\" width=\"600\" height=\"400\" src=\"https:\/\/www.altermes.fr\/wp-content\/uploads\/2025\/07\/Shutterstock_accidenttravailgravemortel.jpg\" class=\"attachment-custom-thumbnail size-custom-thumbnail wp-post-image\" alt=\"\" srcset=\"https:\/\/www.altermes.fr\/wp-content\/uploads\/2025\/07\/Shutterstock_accidenttravailgravemortel.jpg 600w, https:\/\/www.altermes.fr\/wp-content\/uploads\/2025\/07\/Shutterstock_accidenttravailgravemortel-480x320.jpg 480w\" sizes=\"(min-width: 0px) and (max-width: 480px) 480px, (min-width: 481px) 600px, 100vw\">                                        <\/a>\n                                                                        <a href=\"https:\/\/www.altermes.fr\/en\/les-infos-du-jour\/lutte-contre-les-accidents-du-travail-graves-et-mortels-du-nouveau\/\"><h3>Lutte contre les accidents du travail graves et mortels\u202f: du nouveau\u202f!\u00a0\u00a0<\/h3><\/a>\n                                    <p class=\"use-case-category\"><a href=\"https:\/\/www.altermes.fr\/en\/weblex-importer-categories\/actualites\/\" rel=\"tag\">Actualit\u00e9s<\/a>, <a href=\"https:\/\/www.altermes.fr\/en\/weblex-importer-categories\/infos-sociales\/\" rel=\"tag\">Infos Sociales<\/a><\/p>\n                                    <p class=\"edc-content\">Pour lutter contre les accidents de travail graves et mortels, un renforcement des sanctions et de la politique p\u00e9nale appliqu\u00e9es aux entreprises qui manqueraient \u00e0 leur obligation de s\u00e9curit\u00e9 es...<\/p>                                <\/div>\n                                                                <div class=\"case-study-item weblex-article\">\n                                                                            <a href=\"https:\/\/www.altermes.fr\/en\/les-infos-du-jour\/cpf-on-connait-les-modalites-de-prise-en-charge-de-la-validation-dacquis-par-lexperience\/\">\n                                            <img decoding=\"async\" width=\"600\" height=\"400\" src=\"https:\/\/www.altermes.fr\/wp-content\/uploads\/2025\/07\/Shutterstock_cpf.jpg\" class=\"attachment-custom-thumbnail size-custom-thumbnail wp-post-image\" alt=\"\" srcset=\"https:\/\/www.altermes.fr\/wp-content\/uploads\/2025\/07\/Shutterstock_cpf.jpg 600w, https:\/\/www.altermes.fr\/wp-content\/uploads\/2025\/07\/Shutterstock_cpf-480x320.jpg 480w\" sizes=\"(min-width: 0px) and (max-width: 480px) 480px, (min-width: 481px) 600px, 100vw\">                                        <\/a>\n                                                                        <a href=\"https:\/\/www.altermes.fr\/en\/les-infos-du-jour\/cpf-on-connait-les-modalites-de-prise-en-charge-de-la-validation-dacquis-par-lexperience\/\"><h3>CPF\u202f: on conna\u00eet les modalit\u00e9s de prise en charge de la validation d\u2019acquis par l\u2019exp\u00e9rience  \u202f<\/h3><\/a>\n                                    <p class=\"use-case-category\"><a href=\"https:\/\/www.altermes.fr\/en\/weblex-importer-categories\/actualites\/\" rel=\"tag\">Actualit\u00e9s<\/a>, <a href=\"https:\/\/www.altermes.fr\/en\/weblex-importer-categories\/infos-sociales\/\" rel=\"tag\">Infos Sociales<\/a><\/p>\n                                    <p class=\"edc-content\">Les actions permettant de faire valider les acquis de l\u2019exp\u00e9rience (VAE) peuvent \u00eatre \u00e9ligibles au compte personnel de formation (CPF) selon des modalit\u00e9s qui viennent tout juste d\u2019\u00eatre d\u00e9fi...<\/p>                                <\/div>\n                                                                <div class=\"case-study-item weblex-article\">\n                                                                            <a href=\"https:\/\/www.altermes.fr\/en\/les-infos-du-jour\/prise-en-charge-des-cotisations-sociales-par-la-msa-assouplissement-de-la-procedure\/\">\n                                            <img decoding=\"async\" width=\"600\" height=\"400\" src=\"https:\/\/www.altermes.fr\/wp-content\/uploads\/2025\/07\/Shutterstock_cotisationssocialesmsa.jpg\" class=\"attachment-custom-thumbnail size-custom-thumbnail wp-post-image\" alt=\"\" srcset=\"https:\/\/www.altermes.fr\/wp-content\/uploads\/2025\/07\/Shutterstock_cotisationssocialesmsa.jpg 600w, https:\/\/www.altermes.fr\/wp-content\/uploads\/2025\/07\/Shutterstock_cotisationssocialesmsa-480x320.jpg 480w\" sizes=\"(min-width: 0px) and (max-width: 480px) 480px, (min-width: 481px) 600px, 100vw\">                                        <\/a>\n                                                                        <a href=\"https:\/\/www.altermes.fr\/en\/les-infos-du-jour\/prise-en-charge-des-cotisations-sociales-par-la-msa-assouplissement-de-la-procedure\/\"><h3>Prise en charge des cotisations sociales par la MSA\u202f: assouplissement de la proc\u00e9dure<\/h3><\/a>\n                                    <p class=\"use-case-category\"><a href=\"https:\/\/www.altermes.fr\/en\/weblex-importer-categories\/actualites\/\" rel=\"tag\">Actualit\u00e9s<\/a>, <a href=\"https:\/\/www.altermes.fr\/en\/weblex-importer-categories\/infos-sociales\/\" rel=\"tag\">Infos Sociales<\/a><\/p>\n                                    <p class=\"edc-content\">Parmi ses actions sociales et sanitaires, la mutualit\u00e9 sociale agricole (MSA) peut prendre \u00e0 sa charge les cotisations sociales dues par un non-salari\u00e9 agricole qui rencontre des difficult\u00e9s momen...<\/p>                                <\/div>\n                                                                <div class=\"case-study-item weblex-article\">\n                                                                            <a href=\"https:\/\/www.altermes.fr\/en\/les-infos-du-jour\/versement-mobilite-regional-et-rural-des-precisions-de-ladministration\/\">\n                                            <img decoding=\"async\" width=\"600\" height=\"400\" src=\"https:\/\/www.altermes.fr\/wp-content\/uploads\/2025\/07\/Shutterstock_versementmobiliteregional.jpg\" class=\"attachment-custom-thumbnail size-custom-thumbnail wp-post-image\" alt=\"\" srcset=\"https:\/\/www.altermes.fr\/wp-content\/uploads\/2025\/07\/Shutterstock_versementmobiliteregional.jpg 600w, https:\/\/www.altermes.fr\/wp-content\/uploads\/2025\/07\/Shutterstock_versementmobiliteregional-480x320.jpg 480w\" sizes=\"(min-width: 0px) and (max-width: 480px) 480px, (min-width: 481px) 600px, 100vw\">                                        <\/a>\n                                                                        <a href=\"https:\/\/www.altermes.fr\/en\/les-infos-du-jour\/versement-mobilite-regional-et-rural-des-precisions-de-ladministration\/\"><h3>Versement mobilit\u00e9 r\u00e9gional et rural : des pr\u00e9cisions de l\u2019administration<\/h3><\/a>\n                                    <p class=\"use-case-category\"><a href=\"https:\/\/www.altermes.fr\/en\/weblex-importer-categories\/actualites\/\" rel=\"tag\">Actualit\u00e9s<\/a>, <a href=\"https:\/\/www.altermes.fr\/en\/weblex-importer-categories\/infos-sociales\/\" rel=\"tag\">Infos Sociales<\/a><\/p>\n                                    <p class=\"edc-content\">Institu\u00e9 par la loi de finances pour 2025, un versement mobilit\u00e9 r\u00e9gional et rural (VMRR) va prochainement \u00eatre institu\u00e9 dans 2 r\u00e9gions suite \u00e0 la d\u00e9lib\u00e9ration de leurs organes d\u00e9lib\u00e9rants....<\/p>                                <\/div>\n                                                                <div class=\"case-study-item weblex-article\">\n                                                                            <a href=\"https:\/\/www.altermes.fr\/en\/les-infos-du-jour\/regime-de-retraite-complementaire-extension-aux-beneficiaires-de-lapld-rebond\/\">\n                                            <img decoding=\"async\" width=\"600\" height=\"400\" src=\"https:\/\/www.altermes.fr\/wp-content\/uploads\/2025\/07\/Shutterstock_alpdrebond.jpg\" class=\"attachment-custom-thumbnail size-custom-thumbnail wp-post-image\" alt=\"\" srcset=\"https:\/\/www.altermes.fr\/wp-content\/uploads\/2025\/07\/Shutterstock_alpdrebond.jpg 600w, https:\/\/www.altermes.fr\/wp-content\/uploads\/2025\/07\/Shutterstock_alpdrebond-480x320.jpg 480w\" sizes=\"(min-width: 0px) and (max-width: 480px) 480px, (min-width: 481px) 600px, 100vw\">                                        <\/a>\n                                                                        <a href=\"https:\/\/www.altermes.fr\/en\/les-infos-du-jour\/regime-de-retraite-complementaire-extension-aux-beneficiaires-de-lapld-rebond\/\"><h3>R\u00e9gime de retraite compl\u00e9mentaire : extension aux b\u00e9n\u00e9ficiaires de l\u2019APLD Rebond !<\/h3><\/a>\n                                    <p class=\"use-case-category\"><a href=\"https:\/\/www.altermes.fr\/en\/weblex-importer-categories\/actualites\/\" rel=\"tag\">Actualit\u00e9s<\/a>, <a href=\"https:\/\/www.altermes.fr\/en\/weblex-importer-categories\/infos-sociales\/\" rel=\"tag\">Infos Sociales<\/a><\/p>\n                                    <p class=\"edc-content\">\u00c0 l\u2019instar des salari\u00e9s b\u00e9n\u00e9ficiant d\u2019un dispositif d\u2019activit\u00e9 partielle de droit commun, un doute demeurait sur la question de savoir si les salari\u00e9s indemnis\u00e9s au titre du dispositif de...<\/p>                                <\/div>\n                                                                <div class=\"case-study-item weblex-article\">\n                                                                            <a href=\"https:\/\/www.altermes.fr\/en\/les-infos-du-jour\/revision-des-classifications-professionnelles-coup-daccelerateur-pour-11-branches-professionnelles\/\">\n                                            <img decoding=\"async\" width=\"600\" height=\"400\" src=\"https:\/\/www.altermes.fr\/wp-content\/uploads\/2025\/07\/Shutterstock_brachesproaidesfinancieres.jpg\" class=\"attachment-custom-thumbnail size-custom-thumbnail wp-post-image\" alt=\"\" srcset=\"https:\/\/www.altermes.fr\/wp-content\/uploads\/2025\/07\/Shutterstock_brachesproaidesfinancieres.jpg 600w, https:\/\/www.altermes.fr\/wp-content\/uploads\/2025\/07\/Shutterstock_brachesproaidesfinancieres-480x320.jpg 480w\" sizes=\"(min-width: 0px) and (max-width: 480px) 480px, (min-width: 481px) 600px, 100vw\">                                        <\/a>\n                                                                        <a href=\"https:\/\/www.altermes.fr\/en\/les-infos-du-jour\/revision-des-classifications-professionnelles-coup-daccelerateur-pour-11-branches-professionnelles\/\"><h3>R\u00e9vision des classifications professionnelles : coup d\u2019acc\u00e9l\u00e9rateur pour 11 branches professionnelles !<\/h3><\/a>\n                                    <p class=\"use-case-category\"><a href=\"https:\/\/www.altermes.fr\/en\/weblex-importer-categories\/actualites\/\" rel=\"tag\">Actualit\u00e9s<\/a>, <a href=\"https:\/\/www.altermes.fr\/en\/weblex-importer-categories\/infos-sociales\/\" rel=\"tag\">Infos Sociales<\/a><\/p>\n                                    <p class=\"edc-content\">11 branches professionnelles vont b\u00e9n\u00e9ficier, d\u00e8s cet \u00e9t\u00e9, d\u2019un accompagnement financier dans le cadre de l\u2019appel \u00e0 projets lanc\u00e9 en 2024 par l\u2019Agence nationale pour l\u2019am\u00e9lioration des...<\/p>                                <\/div>\n                                                                <div class=\"case-study-item weblex-article\">\n                                                                            <a href=\"https:\/\/www.altermes.fr\/en\/les-infos-du-jour\/activite-partielle-a-mayotte-prolongation-des-taux-derogatoires\/\">\n                                            <img decoding=\"async\" width=\"600\" height=\"400\" src=\"https:\/\/www.altermes.fr\/wp-content\/uploads\/2025\/07\/Shutterstock_mayottemajoration.jpg\" class=\"attachment-custom-thumbnail size-custom-thumbnail wp-post-image\" alt=\"\" srcset=\"https:\/\/www.altermes.fr\/wp-content\/uploads\/2025\/07\/Shutterstock_mayottemajoration.jpg 600w, https:\/\/www.altermes.fr\/wp-content\/uploads\/2025\/07\/Shutterstock_mayottemajoration-480x320.jpg 480w\" sizes=\"(min-width: 0px) and (max-width: 480px) 480px, (min-width: 481px) 600px, 100vw\">                                        <\/a>\n                                                                        <a href=\"https:\/\/www.altermes.fr\/en\/les-infos-du-jour\/activite-partielle-a-mayotte-prolongation-des-taux-derogatoires\/\"><h3>Activit\u00e9 partielle \u00e0 Mayotte : prolongation des taux d\u00e9rogatoires !<\/h3><\/a>\n                                    <p class=\"use-case-category\"><a href=\"https:\/\/www.altermes.fr\/en\/weblex-importer-categories\/actualites\/\" rel=\"tag\">Actualit\u00e9s<\/a>, <a href=\"https:\/\/www.altermes.fr\/en\/weblex-importer-categories\/infos-sociales\/\" rel=\"tag\">Infos Sociales<\/a><\/p>\n                                    <p class=\"edc-content\">Pour soutenir les employeurs affect\u00e9s par le passage du cyclone Chido \u00e0 Mayotte en d\u00e9cembre 2024, les taux horaires des indemnit\u00e9s et allocations servies au titre de l\u2019activit\u00e9 partielle pouvai...<\/p>                                <\/div>\n                                                                <div class=\"case-study-item weblex-article\">\n                                                                            <a href=\"https:\/\/www.altermes.fr\/en\/les-infos-du-jour\/regime-social-des-contrats-dapprentissage-une-mise-a-jour-a-connaitre\/\">\n                                            <img decoding=\"async\" width=\"600\" height=\"400\" src=\"https:\/\/www.altermes.fr\/wp-content\/uploads\/2025\/07\/Shutterstock_rC3A9gimesocialapprentis.jpg\" class=\"attachment-custom-thumbnail size-custom-thumbnail wp-post-image\" alt=\"\" srcset=\"https:\/\/www.altermes.fr\/wp-content\/uploads\/2025\/07\/Shutterstock_rC3A9gimesocialapprentis.jpg 600w, https:\/\/www.altermes.fr\/wp-content\/uploads\/2025\/07\/Shutterstock_rC3A9gimesocialapprentis-480x320.jpg 480w\" sizes=\"(min-width: 0px) and (max-width: 480px) 480px, (min-width: 481px) 600px, 100vw\">                                        <\/a>\n                                                                        <a href=\"https:\/\/www.altermes.fr\/en\/les-infos-du-jour\/regime-social-des-contrats-dapprentissage-une-mise-a-jour-a-connaitre\/\"><h3>R\u00e9gime social des contrats d\u2019apprentissage : une mise \u00e0 jour \u00e0 conna\u00eetre<\/h3><\/a>\n                                    <p class=\"use-case-category\"><a href=\"https:\/\/www.altermes.fr\/en\/weblex-importer-categories\/actualites\/\" rel=\"tag\">Actualit\u00e9s<\/a>, <a href=\"https:\/\/www.altermes.fr\/en\/weblex-importer-categories\/infos-sociales\/\" rel=\"tag\">Infos Sociales<\/a><\/p>\n                                    <p class=\"edc-content\">Dans une actualit\u00e9 r\u00e9cente, l\u2019administration sociale pr\u00e9cise sa position quant au statut de la r\u00e9mun\u00e9ration vers\u00e9e \u00e0 l\u2019apprenti, en vertu d\u2019un contrat conclu avant le 1\u1d49\u02b3 mars 2025, ma...<\/p>                                <\/div>\n                                                                <div class=\"case-study-item weblex-article\">\n                                                                            <a href=\"https:\/\/www.altermes.fr\/en\/les-infos-du-jour\/medicaments-reductions-de-prix-reconduites-pour-les-pharmacies\/\">\n                                            <img decoding=\"async\" width=\"600\" height=\"400\" src=\"https:\/\/www.altermes.fr\/wp-content\/uploads\/2025\/07\/Shutterstock_santeremisemedicaments.jpg\" class=\"attachment-custom-thumbnail size-custom-thumbnail wp-post-image\" alt=\"\" srcset=\"https:\/\/www.altermes.fr\/wp-content\/uploads\/2025\/07\/Shutterstock_santeremisemedicaments.jpg 600w, https:\/\/www.altermes.fr\/wp-content\/uploads\/2025\/07\/Shutterstock_santeremisemedicaments-480x320.jpg 480w\" sizes=\"(min-width: 0px) and (max-width: 480px) 480px, (min-width: 481px) 600px, 100vw\">                                        <\/a>\n                                                                        <a href=\"https:\/\/www.altermes.fr\/en\/les-infos-du-jour\/medicaments-reductions-de-prix-reconduites-pour-les-pharmacies\/\"><h3>M\u00e9dicaments : r\u00e9ductions de prix reconduites pour les pharmacies !<\/h3><\/a>\n                                    <p class=\"use-case-category\"><a href=\"https:\/\/www.altermes.fr\/en\/weblex-importer-categories\/actualites\/\" rel=\"tag\">Actualit\u00e9s<\/a>, <a href=\"https:\/\/www.altermes.fr\/en\/weblex-importer-categories\/infos-sociales\/\" rel=\"tag\">Infos Sociales<\/a><\/p>\n                                    <p class=\"edc-content\">En mai 2025, le montant maximum des r\u00e9ductions et avantages dont pouvaient b\u00e9n\u00e9ficier les pharmaciens d\u2019officine sur les m\u00e9dicaments avait \u00e9t\u00e9 fix\u00e9 jusqu\u2019au 1er juillet 2025. Des r\u00e9duction...<\/p>                                <\/div>\n                                                                <div class=\"case-study-item weblex-article\">\n                                                                            <a href=\"https:\/\/www.altermes.fr\/en\/les-infos-du-jour\/conventions-de-stage-en-milieu-agricole-les-modeles-sont-disponibles\/\">\n                                            <img decoding=\"async\" width=\"600\" height=\"400\" src=\"https:\/\/www.altermes.fr\/wp-content\/uploads\/2025\/07\/Shutterstock_conventionmilieupro.jpg\" class=\"attachment-custom-thumbnail size-custom-thumbnail wp-post-image\" alt=\"\" srcset=\"https:\/\/www.altermes.fr\/wp-content\/uploads\/2025\/07\/Shutterstock_conventionmilieupro.jpg 600w, https:\/\/www.altermes.fr\/wp-content\/uploads\/2025\/07\/Shutterstock_conventionmilieupro-480x320.jpg 480w\" sizes=\"(min-width: 0px) and (max-width: 480px) 480px, (min-width: 481px) 600px, 100vw\">                                        <\/a>\n                                                                        <a href=\"https:\/\/www.altermes.fr\/en\/les-infos-du-jour\/conventions-de-stage-en-milieu-agricole-les-modeles-sont-disponibles\/\"><h3>Conventions de stage en milieu agricole : les mod\u00e8les sont disponibles !<\/h3><\/a>\n                                    <p class=\"use-case-category\"><a href=\"https:\/\/www.altermes.fr\/en\/weblex-importer-categories\/actualites\/\" rel=\"tag\">Actualit\u00e9s<\/a>, <a href=\"https:\/\/www.altermes.fr\/en\/weblex-importer-categories\/infos-sociales\/\" rel=\"tag\">Infos Sociales<\/a><\/p>\n                                    <p class=\"edc-content\">Apr\u00e8s l\u2019avis de la commission sp\u00e9cialis\u00e9e charg\u00e9e des questions relatives aux activit\u00e9s agricoles du Conseil d\u2019orientation sur les conditions de travail, rendu le 11 juin dernier, l\u2019ensembl...<\/p>                                <\/div>\n                                                                <div class=\"case-study-item weblex-article\">\n                                                                            <a href=\"https:\/\/www.altermes.fr\/en\/les-infos-du-jour\/cdi-de-valorisation-de-lexperience-deja-une-fiche-consigne-en-dsn\/\">\n                                            <img decoding=\"async\" width=\"600\" height=\"400\" src=\"https:\/\/www.altermes.fr\/wp-content\/uploads\/2025\/07\/Shutterstock_DNSvalorisation.jpg\" class=\"attachment-custom-thumbnail size-custom-thumbnail wp-post-image\" alt=\"\" srcset=\"https:\/\/www.altermes.fr\/wp-content\/uploads\/2025\/07\/Shutterstock_DNSvalorisation.jpg 600w, https:\/\/www.altermes.fr\/wp-content\/uploads\/2025\/07\/Shutterstock_DNSvalorisation-480x320.jpg 480w\" sizes=\"(min-width: 0px) and (max-width: 480px) 480px, (min-width: 481px) 600px, 100vw\">                                        <\/a>\n                                                                        <a href=\"https:\/\/www.altermes.fr\/en\/les-infos-du-jour\/cdi-de-valorisation-de-lexperience-deja-une-fiche-consigne-en-dsn\/\"><h3>CDI de valorisation de l\u2019exp\u00e9rience : d\u00e9j\u00e0 une fiche consigne en DSN !<\/h3><\/a>\n                                    <p class=\"use-case-category\"><a href=\"https:\/\/www.altermes.fr\/en\/weblex-importer-categories\/actualites\/\" rel=\"tag\">Actualit\u00e9s<\/a>, <a href=\"https:\/\/www.altermes.fr\/en\/weblex-importer-categories\/infos-sociales\/\" rel=\"tag\">Infos Sociales<\/a><\/p>\n                                    <p class=\"edc-content\">Alors m\u00eame que la transposition de l\u2019accord portant sur le travail des seniors est encore en cours \u00e0 l\u2019heure o\u00f9 nous \u00e9crivons ces lignes, le contrat de valorisation de l\u2019exp\u00e9rience \u00e0 desti...<\/p>                                <\/div>\n                                                                <div class=\"case-study-item weblex-article\">\n                                                                            <a href=\"https:\/\/www.altermes.fr\/en\/les-infos-du-jour\/elections-professionnelles-quels-sont-les-syndicats-representatifs-au-niveau-national\/\">\n                                            <img decoding=\"async\" width=\"600\" height=\"400\" src=\"https:\/\/www.altermes.fr\/wp-content\/uploads\/2025\/07\/Shutterstock_OS20representatives.jpg\" class=\"attachment-custom-thumbnail size-custom-thumbnail wp-post-image\" alt=\"\" srcset=\"https:\/\/www.altermes.fr\/wp-content\/uploads\/2025\/07\/Shutterstock_OS20representatives.jpg 600w, https:\/\/www.altermes.fr\/wp-content\/uploads\/2025\/07\/Shutterstock_OS20representatives-480x320.jpg 480w\" sizes=\"(min-width: 0px) and (max-width: 480px) 480px, (min-width: 481px) 600px, 100vw\">                                        <\/a>\n                                                                        <a href=\"https:\/\/www.altermes.fr\/en\/les-infos-du-jour\/elections-professionnelles-quels-sont-les-syndicats-representatifs-au-niveau-national\/\"><h3>\u00c9lections professionnelles : quels sont les syndicats repr\u00e9sentatifs au niveau national ?<\/h3><\/a>\n                                    <p class=\"use-case-category\"><a href=\"https:\/\/www.altermes.fr\/en\/weblex-importer-categories\/actualites\/\" rel=\"tag\">Actualit\u00e9s<\/a>, <a href=\"https:\/\/www.altermes.fr\/en\/weblex-importer-categories\/infos-sociales\/\" rel=\"tag\">Infos Sociales<\/a><\/p>\n                                    <p class=\"edc-content\">\u00c0 la suite de la pr\u00e9sentation des r\u00e9sultats enregistr\u00e9s \u00e0 l\u2019issue du cycle \u00e9lectoral au Haut Conseil du dialogue social les 8 avril et 12 juin derniers, on conna\u00eet enfin la liste des organisa...<\/p>                                <\/div>\n                                                                <div class=\"case-study-item weblex-article\">\n                                                                            <a href=\"https:\/\/www.altermes.fr\/en\/les-infos-du-jour\/professionnels-de-sante-du-nouveau-sur-linterim\/\">\n                                            <img decoding=\"async\" width=\"600\" height=\"400\" src=\"https:\/\/www.altermes.fr\/wp-content\/uploads\/2025\/07\/Shutterstock_interimprofessionsmed.jpg\" class=\"attachment-custom-thumbnail size-custom-thumbnail wp-post-image\" alt=\"\" srcset=\"https:\/\/www.altermes.fr\/wp-content\/uploads\/2025\/07\/Shutterstock_interimprofessionsmed.jpg 600w, https:\/\/www.altermes.fr\/wp-content\/uploads\/2025\/07\/Shutterstock_interimprofessionsmed-480x320.jpg 480w\" sizes=\"(min-width: 0px) and (max-width: 480px) 480px, (min-width: 481px) 600px, 100vw\">                                        <\/a>\n                                                                        <a href=\"https:\/\/www.altermes.fr\/en\/les-infos-du-jour\/professionnels-de-sante-du-nouveau-sur-linterim\/\"><h3>Professionnels de sant\u00e9 : du nouveau sur l\u2019int\u00e9rim !<\/h3><\/a>\n                                    <p class=\"use-case-category\"><a href=\"https:\/\/www.altermes.fr\/en\/weblex-importer-categories\/actualites\/\" rel=\"tag\">Actualit\u00e9s<\/a>, <a href=\"https:\/\/www.altermes.fr\/en\/weblex-importer-categories\/infos-sociales\/\" rel=\"tag\">Infos Sociales<\/a><\/p>\n                                    <p class=\"edc-content\">Si la loi de financement de la S\u00e9curit\u00e9 sociale pour 2025 avait d\u00e9j\u00e0 \u00e9tendu la possibilit\u00e9 de plafonner les d\u00e9penses li\u00e9es \u00e0 l\u2019int\u00e9rim pour certains professionnels de sant\u00e9, des pr\u00e9cisio...<\/p>                                <\/div>\n                                                                <div class=\"case-study-item weblex-article\">\n                                                                            <a href=\"https:\/\/www.altermes.fr\/en\/les-infos-du-jour\/ivg-les-modeles-des-attestations-prealables-sont-publies\/\">\n                                            <img decoding=\"async\" width=\"600\" height=\"400\" src=\"https:\/\/www.altermes.fr\/wp-content\/uploads\/2025\/07\/Shutterstock_modelesIVG.jpg\" class=\"attachment-custom-thumbnail size-custom-thumbnail wp-post-image\" alt=\"\" srcset=\"https:\/\/www.altermes.fr\/wp-content\/uploads\/2025\/07\/Shutterstock_modelesIVG.jpg 600w, https:\/\/www.altermes.fr\/wp-content\/uploads\/2025\/07\/Shutterstock_modelesIVG-480x320.jpg 480w\" sizes=\"(min-width: 0px) and (max-width: 480px) 480px, (min-width: 481px) 600px, 100vw\">                                        <\/a>\n                                                                        <a href=\"https:\/\/www.altermes.fr\/en\/les-infos-du-jour\/ivg-les-modeles-des-attestations-prealables-sont-publies\/\"><h3>IVG : les mod\u00e8les des attestations pr\u00e9alables sont publi\u00e9s<\/h3><\/a>\n                                    <p class=\"use-case-category\"><a href=\"https:\/\/www.altermes.fr\/en\/weblex-importer-categories\/actualites\/\" rel=\"tag\">Actualit\u00e9s<\/a>, <a href=\"https:\/\/www.altermes.fr\/en\/weblex-importer-categories\/infos-sociales\/\" rel=\"tag\">Infos Sociales<\/a><\/p>\n                                    <p class=\"edc-content\">Il est possible de r\u00e9aliser une interruption volontaire de grossesse (IVG) pour motif m\u00e9dical \u00e0 tout moment de la grossesse, sous certaines conditions. Cette IVG doit donner lieu \u00e0 l\u2019\u00e9tablissem...<\/p>                                <\/div>\n                                                                <div class=\"case-study-item weblex-article\">\n                                                                            <a href=\"https:\/\/www.altermes.fr\/en\/les-infos-du-jour\/ags-maintien-du-taux-au-1er-juillet-2025\/\">\n                                            <img decoding=\"async\" width=\"600\" height=\"400\" src=\"https:\/\/www.altermes.fr\/wp-content\/uploads\/2025\/07\/Shutterstock_AGS.jpg\" class=\"attachment-custom-thumbnail size-custom-thumbnail wp-post-image\" alt=\"\" srcset=\"https:\/\/www.altermes.fr\/wp-content\/uploads\/2025\/07\/Shutterstock_AGS.jpg 600w, https:\/\/www.altermes.fr\/wp-content\/uploads\/2025\/07\/Shutterstock_AGS-480x320.jpg 480w\" sizes=\"(min-width: 0px) and (max-width: 480px) 480px, (min-width: 481px) 600px, 100vw\">                                        <\/a>\n                                                                        <a href=\"https:\/\/www.altermes.fr\/en\/les-infos-du-jour\/ags-maintien-du-taux-au-1er-juillet-2025\/\"><h3>AGS : maintien du taux au 1er juillet 2025 !<\/h3><\/a>\n                                    <p class=\"use-case-category\"><a href=\"https:\/\/www.altermes.fr\/en\/weblex-importer-categories\/actualites\/\" rel=\"tag\">Actualit\u00e9s<\/a>, <a href=\"https:\/\/www.altermes.fr\/en\/weblex-importer-categories\/infos-sociales\/\" rel=\"tag\">Infos Sociales<\/a><\/p>\n                                    <p class=\"edc-content\">Responsable de l\u2019\u00e9quilibre financier du r\u00e9gime de garantie des salaires, le Conseil d\u2019administration de l\u2019Association pour la gestion de Garantie des cr\u00e9ances des salari\u00e9s, qui s\u2019est tenu ...<\/p>                                <\/div>\n                                                                <div class=\"case-study-item weblex-article\">\n                                                                            <a href=\"https:\/\/www.altermes.fr\/en\/les-infos-du-jour\/intemperies-lurssaf-et-le-cpsti-aux-cotes-des-entrepreneurs-touches\/\">\n                                            <img decoding=\"async\" width=\"600\" height=\"400\" src=\"https:\/\/www.altermes.fr\/wp-content\/uploads\/2025\/07\/Shutterstock_urgenceurssaf.jpg\" class=\"attachment-custom-thumbnail size-custom-thumbnail wp-post-image\" alt=\"\" srcset=\"https:\/\/www.altermes.fr\/wp-content\/uploads\/2025\/07\/Shutterstock_urgenceurssaf.jpg 600w, https:\/\/www.altermes.fr\/wp-content\/uploads\/2025\/07\/Shutterstock_urgenceurssaf-480x320.jpg 480w\" sizes=\"(min-width: 0px) and (max-width: 480px) 480px, (min-width: 481px) 600px, 100vw\">                                        <\/a>\n                                                                        <a href=\"https:\/\/www.altermes.fr\/en\/les-infos-du-jour\/intemperies-lurssaf-et-le-cpsti-aux-cotes-des-entrepreneurs-touches\/\"><h3>Intemp\u00e9ries : l\u2019Urssaf et le CPSTI aux c\u00f4t\u00e9s des entrepreneurs touch\u00e9s !<\/h3><\/a>\n                                    <p class=\"use-case-category\"><a href=\"https:\/\/www.altermes.fr\/en\/weblex-importer-categories\/actualites\/\" rel=\"tag\">Actualit\u00e9s<\/a>, <a href=\"https:\/\/www.altermes.fr\/en\/weblex-importer-categories\/infos-sociales\/\" rel=\"tag\">Infos Sociales<\/a><\/p>\n                                    <p class=\"edc-content\">Face aux inondations r\u00e9centes, l\u2019URSSAF active les mesures d\u2019urgence pour les employeurs et travailleurs ind\u00e9pendants. Pour en b\u00e9n\u00e9ficier, les employeurs et travailleurs ind\u00e9pendants touch\u00e9s...<\/p>                                <\/div>\n                                                                <div class=\"case-study-item weblex-article\">\n                                                                            <a href=\"https:\/\/www.altermes.fr\/en\/les-infos-du-jour\/complementaire-sante-solidaire-une-simplification-des-demarches\/\">\n                                            <img decoding=\"async\" width=\"600\" height=\"400\" src=\"https:\/\/www.altermes.fr\/wp-content\/uploads\/2025\/07\/Shutterstock_complementairesante.jpg\" class=\"attachment-custom-thumbnail size-custom-thumbnail wp-post-image\" alt=\"\" srcset=\"https:\/\/www.altermes.fr\/wp-content\/uploads\/2025\/07\/Shutterstock_complementairesante.jpg 600w, https:\/\/www.altermes.fr\/wp-content\/uploads\/2025\/07\/Shutterstock_complementairesante-480x320.jpg 480w\" sizes=\"(min-width: 0px) and (max-width: 480px) 480px, (min-width: 481px) 600px, 100vw\">                                        <\/a>\n                                                                        <a href=\"https:\/\/www.altermes.fr\/en\/les-infos-du-jour\/complementaire-sante-solidaire-une-simplification-des-demarches\/\"><h3>Compl\u00e9mentaire sant\u00e9 solidaire : une simplification des d\u00e9marches !<\/h3><\/a>\n                                    <p class=\"use-case-category\"><a href=\"https:\/\/www.altermes.fr\/en\/weblex-importer-categories\/actualites\/\" rel=\"tag\">Actualit\u00e9s<\/a>, <a href=\"https:\/\/www.altermes.fr\/en\/weblex-importer-categories\/infos-sociales\/\" rel=\"tag\">Infos Sociales<\/a><\/p>\n                                    <p class=\"edc-content\">Afin de faciliter l\u2019acc\u00e8s aux soins des populations vuln\u00e9rables, les d\u00e9marches relatives \u00e0 la compl\u00e9mentaire sant\u00e9 solidaire (C2S) par les b\u00e9n\u00e9ficiaires de de certaines allocations viennent ...<\/p>                                <\/div>\n                                                                <div class=\"case-study-item weblex-article\">\n                                                                            <a href=\"https:\/\/www.altermes.fr\/en\/les-infos-du-jour\/notaires-retraites-du-nouveau\/\">\n                                            <img decoding=\"async\" width=\"600\" height=\"400\" src=\"https:\/\/www.altermes.fr\/wp-content\/uploads\/2025\/07\/Shutterstock_retraitesnotaires.jpg\" class=\"attachment-custom-thumbnail size-custom-thumbnail wp-post-image\" alt=\"\" srcset=\"https:\/\/www.altermes.fr\/wp-content\/uploads\/2025\/07\/Shutterstock_retraitesnotaires.jpg 600w, https:\/\/www.altermes.fr\/wp-content\/uploads\/2025\/07\/Shutterstock_retraitesnotaires-480x320.jpg 480w\" sizes=\"(min-width: 0px) and (max-width: 480px) 480px, (min-width: 481px) 600px, 100vw\">                                        <\/a>\n                                                                        <a href=\"https:\/\/www.altermes.fr\/en\/les-infos-du-jour\/notaires-retraites-du-nouveau\/\"><h3>Notaires retrait\u00e9s : du nouveau !<\/h3><\/a>\n                                    <p class=\"use-case-category\"><a href=\"https:\/\/www.altermes.fr\/en\/weblex-importer-categories\/actualites\/\" rel=\"tag\">Actualit\u00e9s<\/a>, <a href=\"https:\/\/www.altermes.fr\/en\/weblex-importer-categories\/infos-sociales\/\" rel=\"tag\">Infos Sociales<\/a><\/p>\n                                    <p class=\"edc-content\">Dans le sillon de la r\u00e9forme des retraites, qui a mis un terme \u00e0 certains r\u00e9gimes sp\u00e9ciaux, dont celui des employ\u00e9s et clercs de notaires, il est pr\u00e9vu de nouvelles modalit\u00e9s d\u2019affiliation au...<\/p>                                <\/div>\n                                                                <div class=\"case-study-item weblex-article\">\n                                                                            <a href=\"https:\/\/www.altermes.fr\/en\/les-infos-du-jour\/recouvrement-des-cotisations-sociales-un-allegement-des-regles-de-suivi\/\">\n                                            <img decoding=\"async\" width=\"600\" height=\"400\" src=\"https:\/\/www.altermes.fr\/wp-content\/uploads\/2025\/07\/Shutterstock_recouvrementcotisations.jpg\" class=\"attachment-custom-thumbnail size-custom-thumbnail wp-post-image\" alt=\"\" srcset=\"https:\/\/www.altermes.fr\/wp-content\/uploads\/2025\/07\/Shutterstock_recouvrementcotisations.jpg 600w, https:\/\/www.altermes.fr\/wp-content\/uploads\/2025\/07\/Shutterstock_recouvrementcotisations-480x320.jpg 480w\" sizes=\"(min-width: 0px) and (max-width: 480px) 480px, (min-width: 481px) 600px, 100vw\">                                        <\/a>\n                                                                        <a href=\"https:\/\/www.altermes.fr\/en\/les-infos-du-jour\/recouvrement-des-cotisations-sociales-un-allegement-des-regles-de-suivi\/\"><h3>Recouvrement des cotisations sociales : un all\u00e8gement des r\u00e8gles de suivi !<\/h3><\/a>\n                                    <p class=\"use-case-category\"><a href=\"https:\/\/www.altermes.fr\/en\/weblex-importer-categories\/actualites\/\" rel=\"tag\">Actualit\u00e9s<\/a>, <a href=\"https:\/\/www.altermes.fr\/en\/weblex-importer-categories\/infos-sociales\/\" rel=\"tag\">Infos Sociales<\/a><\/p>\n                                    <p class=\"edc-content\">Afin de faciliter la gestion administrative des cr\u00e9ances sociales par les organismes de recouvrement du r\u00e9gime g\u00e9n\u00e9ral et du r\u00e9gime agricole (MSA et URSSAF notamment), certaines modalit\u00e9s relati...<\/p>                                <\/div>\n                                                                <div class=\"case-study-item weblex-article\">\n                                                                            <a href=\"https:\/\/www.altermes.fr\/en\/les-infos-du-jour\/contrat-de-securisation-professionnelle-mise-en-coherence-avec-lassurance-chomage\/\">\n                                            <img decoding=\"async\" width=\"600\" height=\"400\" src=\"https:\/\/www.altermes.fr\/wp-content\/uploads\/2025\/07\/Shutterstock_dernieremodification.jpg\" class=\"attachment-custom-thumbnail size-custom-thumbnail wp-post-image\" alt=\"\" srcset=\"https:\/\/www.altermes.fr\/wp-content\/uploads\/2025\/07\/Shutterstock_dernieremodification.jpg 600w, https:\/\/www.altermes.fr\/wp-content\/uploads\/2025\/07\/Shutterstock_dernieremodification-480x320.jpg 480w\" sizes=\"(min-width: 0px) and (max-width: 480px) 480px, (min-width: 481px) 600px, 100vw\">                                        <\/a>\n                                                                        <a href=\"https:\/\/www.altermes.fr\/en\/les-infos-du-jour\/contrat-de-securisation-professionnelle-mise-en-coherence-avec-lassurance-chomage\/\"><h3>Contrat de s\u00e9curisation professionnelle : mise en coh\u00e9rence avec l\u2019Assurance ch\u00f4mage<\/h3><\/a>\n                                    <p class=\"use-case-category\"><a href=\"https:\/\/www.altermes.fr\/en\/weblex-importer-categories\/actualites\/\" rel=\"tag\">Actualit\u00e9s<\/a>, <a href=\"https:\/\/www.altermes.fr\/en\/weblex-importer-categories\/infos-sociales\/\" rel=\"tag\">Infos Sociales<\/a><\/p>\n                                    <p class=\"edc-content\">Si le dispositif du contrat de s\u00e9curisation professionnelle (ou CSP) a \u00e9t\u00e9 reconduit jusqu\u2019au 31 d\u00e9cembre 2025, un doute demeurait quant \u00e0 l\u2019application des nouvelles r\u00e8gles d\u2019Assurance ch...<\/p>                                <\/div>\n                                                                <div class=\"case-study-item weblex-article\">\n                                                                            <a href=\"https:\/\/www.altermes.fr\/en\/les-infos-du-jour\/apprentissage-quels-changements-des-le-1er-juillet-2025\/\">\n                                            <img decoding=\"async\" width=\"600\" height=\"400\" src=\"https:\/\/www.altermes.fr\/wp-content\/uploads\/2025\/07\/Shutterstock_finacementapprentissage.jpg\" class=\"attachment-custom-thumbnail size-custom-thumbnail wp-post-image\" alt=\"\" srcset=\"https:\/\/www.altermes.fr\/wp-content\/uploads\/2025\/07\/Shutterstock_finacementapprentissage.jpg 600w, https:\/\/www.altermes.fr\/wp-content\/uploads\/2025\/07\/Shutterstock_finacementapprentissage-480x320.jpg 480w\" sizes=\"(min-width: 0px) and (max-width: 480px) 480px, (min-width: 481px) 600px, 100vw\">                                        <\/a>\n                                                                        <a href=\"https:\/\/www.altermes.fr\/en\/les-infos-du-jour\/apprentissage-quels-changements-des-le-1er-juillet-2025\/\"><h3>Apprentissage : quels changements d\u00e8s le 1er juillet 2025 ?<\/h3><\/a>\n                                    <p class=\"use-case-category\"><a href=\"https:\/\/www.altermes.fr\/en\/weblex-importer-categories\/actualites\/\" rel=\"tag\">Actualit\u00e9s<\/a>, <a href=\"https:\/\/www.altermes.fr\/en\/weblex-importer-categories\/infos-sociales\/\" rel=\"tag\">Infos Sociales<\/a><\/p>\n                                    <p class=\"edc-content\">\u00c0 partir du 1er juillet 2025, les modalit\u00e9s de prise en charge financi\u00e8re des contrats d\u2019apprentissage vont \u00e9voluer dans le but de garantir une meilleure soutenabilit\u00e9 des financements de l\u2019a...<\/p>                                <\/div>\n                                                                <div class=\"case-study-item weblex-article\">\n                                                                            <a href=\"https:\/\/www.altermes.fr\/en\/les-infos-du-jour\/bulletins-officiels-des-affaires-sociales-du-nouveau\/\">\n                                            <img decoding=\"async\" width=\"600\" height=\"400\" src=\"https:\/\/www.altermes.fr\/wp-content\/uploads\/2025\/07\/Shutterstock_boaffairessociales.jpg\" class=\"attachment-custom-thumbnail size-custom-thumbnail wp-post-image\" alt=\"\" srcset=\"https:\/\/www.altermes.fr\/wp-content\/uploads\/2025\/07\/Shutterstock_boaffairessociales.jpg 600w, https:\/\/www.altermes.fr\/wp-content\/uploads\/2025\/07\/Shutterstock_boaffairessociales-480x320.jpg 480w\" sizes=\"(min-width: 0px) and (max-width: 480px) 480px, (min-width: 481px) 600px, 100vw\">                                        <\/a>\n                                                                        <a href=\"https:\/\/www.altermes.fr\/en\/les-infos-du-jour\/bulletins-officiels-des-affaires-sociales-du-nouveau\/\"><h3>Bulletins officiels des affaires sociales : du nouveau !<\/h3><\/a>\n                                    <p class=\"use-case-category\"><a href=\"https:\/\/www.altermes.fr\/en\/weblex-importer-categories\/actualites\/\" rel=\"tag\">Actualit\u00e9s<\/a>, <a href=\"https:\/\/www.altermes.fr\/en\/weblex-importer-categories\/infos-sociales\/\" rel=\"tag\">Infos Sociales<\/a><\/p>\n                                    <p class=\"edc-content\">Les Bulletins officiels (BO) \u00ab Sant\u00e9 \u2013 Protection sociale \u2013 Solidarit\u00e9s \u00bb et \u00ab Travail \u2013 Emploi \u2013 Formation professionnelle \u00bb publient les textes n\u2019ayant pas d\u00e9j\u00e0 \u00e9t\u00e9 publi\u00e9s au J...<\/p>                                <\/div>\n                                                                <div class=\"case-study-item weblex-article\">\n                                                                            <a href=\"https:\/\/www.altermes.fr\/en\/les-infos-du-jour\/futurs-parents-elargissement-de-la-protection-contre-les-discriminations-au-travail\/\">\n                                            <img decoding=\"async\" width=\"600\" height=\"400\" src=\"https:\/\/www.altermes.fr\/wp-content\/uploads\/2025\/07\/Shutterstock_parentsalairesPMA.jpg\" class=\"attachment-custom-thumbnail size-custom-thumbnail wp-post-image\" alt=\"\" srcset=\"https:\/\/www.altermes.fr\/wp-content\/uploads\/2025\/07\/Shutterstock_parentsalairesPMA.jpg 600w, https:\/\/www.altermes.fr\/wp-content\/uploads\/2025\/07\/Shutterstock_parentsalairesPMA-480x320.jpg 480w\" sizes=\"(min-width: 0px) and (max-width: 480px) 480px, (min-width: 481px) 600px, 100vw\">                                        <\/a>\n                                                                        <a href=\"https:\/\/www.altermes.fr\/en\/les-infos-du-jour\/futurs-parents-elargissement-de-la-protection-contre-les-discriminations-au-travail\/\"><h3>Futurs parents : \u00e9largissement de la protection contre les discriminations au travail<\/h3><\/a>\n                                    <p class=\"use-case-category\"><a href=\"https:\/\/www.altermes.fr\/en\/weblex-importer-categories\/actualites\/\" rel=\"tag\">Actualit\u00e9s<\/a>, <a href=\"https:\/\/www.altermes.fr\/en\/weblex-importer-categories\/infos-sociales\/\" rel=\"tag\">Infos Sociales<\/a><\/p>\n                                    <p class=\"edc-content\">Afin de tenir compte des pluralit\u00e9s familiales, le Code du travail vient r\u00e9cemment d\u2019\u00eatre modifi\u00e9 afin de prot\u00e9ger les salari\u00e9s engag\u00e9s dans un projet parental (PMA ou adoption) contre toute ...<\/p>                                <\/div>\n                                                                <div class=\"case-study-item weblex-article\">\n                                                                            <a href=\"https:\/\/www.altermes.fr\/en\/les-infos-du-jour\/arrets-de-travail-securises-une-periode-de-tolerance-estivale\/\">\n                                            <img decoding=\"async\" width=\"600\" height=\"400\" src=\"https:\/\/www.altermes.fr\/wp-content\/uploads\/2025\/07\/Shutterstock_arretdetravail.jpg\" class=\"attachment-custom-thumbnail size-custom-thumbnail wp-post-image\" alt=\"\" srcset=\"https:\/\/www.altermes.fr\/wp-content\/uploads\/2025\/07\/Shutterstock_arretdetravail.jpg 600w, https:\/\/www.altermes.fr\/wp-content\/uploads\/2025\/07\/Shutterstock_arretdetravail-480x320.jpg 480w\" sizes=\"(min-width: 0px) and (max-width: 480px) 480px, (min-width: 481px) 600px, 100vw\">                                        <\/a>\n                                                                        <a href=\"https:\/\/www.altermes.fr\/en\/les-infos-du-jour\/arrets-de-travail-securises-une-periode-de-tolerance-estivale\/\"><h3>Arr\u00eats de travail s\u00e9curis\u00e9s : une p\u00e9riode de tol\u00e9rance estivale !<\/h3><\/a>\n                                    <p class=\"use-case-category\"><a href=\"https:\/\/www.altermes.fr\/en\/weblex-importer-categories\/actualites\/\" rel=\"tag\">Actualit\u00e9s<\/a>, <a href=\"https:\/\/www.altermes.fr\/en\/weblex-importer-categories\/infos-sociales\/\" rel=\"tag\">Infos Sociales<\/a><\/p>\n                                    <p class=\"edc-content\">Pour m\u00e9moire et afin de lutter contre les fraudes aux arr\u00eats de travail, l\u2019utilisation d\u2019un formulaire papier Cerfa s\u00e9curis\u00e9 est d\u00e9sormais obligatoire pour les arr\u00eats de travail \u00e9mis sous f...<\/p>                                <\/div>\n                                                                <div class=\"case-study-item weblex-article\">\n                                                                            <a href=\"https:\/\/www.altermes.fr\/en\/les-infos-du-jour\/attribution-gratuite-dactions-et-transfert-legal-de-contrat-perte-de-chance\/\">\n                                            <img decoding=\"async\" width=\"600\" height=\"400\" src=\"https:\/\/www.altermes.fr\/wp-content\/uploads\/2025\/07\/Shutterstock_agacessioncontrat.jpg\" class=\"attachment-custom-thumbnail size-custom-thumbnail wp-post-image\" alt=\"\" srcset=\"https:\/\/www.altermes.fr\/wp-content\/uploads\/2025\/07\/Shutterstock_agacessioncontrat.jpg 600w, https:\/\/www.altermes.fr\/wp-content\/uploads\/2025\/07\/Shutterstock_agacessioncontrat-480x320.jpg 480w\" sizes=\"(min-width: 0px) and (max-width: 480px) 480px, (min-width: 481px) 600px, 100vw\">                                        <\/a>\n                                                                        <a href=\"https:\/\/www.altermes.fr\/en\/les-infos-du-jour\/attribution-gratuite-dactions-et-transfert-legal-de-contrat-perte-de-chance\/\"><h3>Attribution gratuite d\u2019actions et transfert l\u00e9gal de contrat : perte de chance ?<\/h3><\/a>\n                                    <p class=\"use-case-category\"><a href=\"https:\/\/www.altermes.fr\/en\/weblex-importer-categories\/actualites\/\" rel=\"tag\">Actualit\u00e9s<\/a>, <a href=\"https:\/\/www.altermes.fr\/en\/weblex-importer-categories\/infos-sociales\/\" rel=\"tag\">Infos Sociales<\/a><\/p>\n                                    <p class=\"edc-content\">L\u2019attribution gratuite d\u2019actions constitue un m\u00e9canisme de r\u00e9mun\u00e9ration compl\u00e9mentaire du salari\u00e9, \u00e0 condition que celui-ci soit pr\u00e9sent dans l\u2019entreprise durant une p\u00e9riode dite d\u2019acq...<\/p>                                <\/div>\n                                                    <\/div>\n                <\/div>\n                            <input type=\"radio\" name=\"tabs\" id=\"tab4\" >\n                <label for=\"tab4\">Le coin du dirigeant<\/label>\n                <div class=\"tab\">\n                    <div class=\"case-study-grid\">\n                                                        <div class=\"case-study-item weblex-article\">\n                                                                            <a href=\"https:\/\/www.altermes.fr\/en\/les-infos-du-jour\/remunerations-des-gerants-de-selarl-laffaire-est-fiscalement-close\/\">\n                                            <img decoding=\"async\" width=\"600\" height=\"400\" src=\"https:\/\/www.altermes.fr\/wp-content\/uploads\/2025\/12\/Shutterstock_fiscalitC3A9remuneration.jpg\" class=\"attachment-custom-thumbnail size-custom-thumbnail wp-post-image\" alt=\"\" srcset=\"https:\/\/www.altermes.fr\/wp-content\/uploads\/2025\/12\/Shutterstock_fiscalitC3A9remuneration.jpg 600w, https:\/\/www.altermes.fr\/wp-content\/uploads\/2025\/12\/Shutterstock_fiscalitC3A9remuneration-480x320.jpg 480w\" sizes=\"(min-width: 0px) and (max-width: 480px) 480px, (min-width: 481px) 600px, 100vw\">                                        <\/a>\n                                                                        <a href=\"https:\/\/www.altermes.fr\/en\/les-infos-du-jour\/remunerations-des-gerants-de-selarl-laffaire-est-fiscalement-close\/\"><h3>R\u00e9mun\u00e9rations des g\u00e9rants de SELARL : l\u2019affaire est fiscalement close !<\/h3><\/a>\n                                    <p class=\"use-case-category\"><a href=\"https:\/\/www.altermes.fr\/en\/weblex-importer-categories\/actualites\/\" rel=\"tag\">Actualit\u00e9s<\/a>, <a href=\"https:\/\/www.altermes.fr\/en\/weblex-importer-categories\/le-coin-du-dirigeant\/\" rel=\"tag\">Le coin du dirigeant<\/a><\/p>\n                                    <p class=\"edc-content\">Depuis l\u2019imposition des revenus 2024, la r\u00e9mun\u00e9ration per\u00e7ue par les g\u00e9rants majoritaires de soci\u00e9t\u00e9 d\u2019exercice lib\u00e9ral \u00e0 responsabilit\u00e9 limit\u00e9e (SELARL) est impos\u00e9e comme des b\u00e9n\u00e9fic...<\/p>                                <\/div>\n                                                                <div class=\"case-study-item weblex-article\">\n                                                                            <a href=\"https:\/\/www.altermes.fr\/en\/les-infos-du-jour\/tva-et-prestations-dhebergement-hotelieres-et-parahotelieres-retour-partiel-en-arriere\/\">\n                                            <img decoding=\"async\" width=\"600\" height=\"400\" src=\"https:\/\/www.altermes.fr\/wp-content\/uploads\/2025\/12\/Shutterstock_TVAprestationshotelieres_0.jpg\" class=\"attachment-custom-thumbnail size-custom-thumbnail wp-post-image\" alt=\"\" srcset=\"https:\/\/www.altermes.fr\/wp-content\/uploads\/2025\/12\/Shutterstock_TVAprestationshotelieres_0.jpg 600w, https:\/\/www.altermes.fr\/wp-content\/uploads\/2025\/12\/Shutterstock_TVAprestationshotelieres_0-480x320.jpg 480w\" sizes=\"(min-width: 0px) and (max-width: 480px) 480px, (min-width: 481px) 600px, 100vw\">                                        <\/a>\n                                                                        <a href=\"https:\/\/www.altermes.fr\/en\/les-infos-du-jour\/tva-et-prestations-dhebergement-hotelieres-et-parahotelieres-retour-partiel-en-arriere\/\"><h3>TVA et prestations d\u2019h\u00e9bergement h\u00f4teli\u00e8res et parah\u00f4teli\u00e8res : retour partiel en arri\u00e8re !<\/h3><\/a>\n                                    <p class=\"use-case-category\"><a href=\"https:\/\/www.altermes.fr\/en\/weblex-importer-categories\/actualites\/\" rel=\"tag\">Actualit\u00e9s<\/a>, <a href=\"https:\/\/www.altermes.fr\/en\/weblex-importer-categories\/le-coin-du-dirigeant\/\" rel=\"tag\">Le coin du dirigeant<\/a><\/p>\n                                    <p class=\"edc-content\">Les prestations d\u2019h\u00e9bergement fournies dans le cadre du secteur h\u00f4telier et les locations de logements meubl\u00e9s \u00e0 usage r\u00e9sidentiel sont soumises au taux r\u00e9duit de TVA de 10 %, toutes condition...<\/p>                                <\/div>\n                                                                <div class=\"case-study-item weblex-article\">\n                                                                            <a href=\"https:\/\/www.altermes.fr\/en\/les-infos-du-jour\/reforme-de-la-facturation-electronique-meme-pour-les-loueurs-en-meuble\/\">\n                                            <img decoding=\"async\" width=\"600\" height=\"400\" src=\"https:\/\/www.altermes.fr\/wp-content\/uploads\/2025\/12\/Shutterstock_reformefacturationelectronique2028129.jpg\" class=\"attachment-custom-thumbnail size-custom-thumbnail wp-post-image\" alt=\"\" srcset=\"https:\/\/www.altermes.fr\/wp-content\/uploads\/2025\/12\/Shutterstock_reformefacturationelectronique2028129.jpg 600w, https:\/\/www.altermes.fr\/wp-content\/uploads\/2025\/12\/Shutterstock_reformefacturationelectronique2028129-480x320.jpg 480w\" sizes=\"(min-width: 0px) and (max-width: 480px) 480px, (min-width: 481px) 600px, 100vw\">                                        <\/a>\n                                                                        <a href=\"https:\/\/www.altermes.fr\/en\/les-infos-du-jour\/reforme-de-la-facturation-electronique-meme-pour-les-loueurs-en-meuble\/\"><h3>R\u00e9forme de la facturation \u00e9lectronique : m\u00eame pour les loueurs en meubl\u00e9 ?<\/h3><\/a>\n                                    <p class=\"use-case-category\"><a href=\"https:\/\/www.altermes.fr\/en\/weblex-importer-categories\/actualites\/\" rel=\"tag\">Actualit\u00e9s<\/a>, <a href=\"https:\/\/www.altermes.fr\/en\/weblex-importer-categories\/le-coin-du-dirigeant\/\" rel=\"tag\">Le coin du dirigeant<\/a><\/p>\n                                    <p class=\"edc-content\">La r\u00e9forme de la facturation \u00e9lectronique est en cours depuis plusieurs ann\u00e9es et sa g\u00e9n\u00e9ralisation approche \u00e0 grand pas. Mais les loueurs en meubl\u00e9 sont-ils concern\u00e9s par cette r\u00e9forme ? R\u00e9...<\/p>                                <\/div>\n                                                                <div class=\"case-study-item weblex-article\">\n                                                                            <a href=\"https:\/\/www.altermes.fr\/en\/les-infos-du-jour\/regime-micro-bic-et-societe-de-fait-entre-epoux-une-cohabitation-complexe\/\">\n                                            <img decoding=\"async\" width=\"600\" height=\"400\" src=\"https:\/\/www.altermes.fr\/wp-content\/uploads\/2025\/12\/Shutterstock_mircobic.jpg\" class=\"attachment-custom-thumbnail size-custom-thumbnail wp-post-image\" alt=\"\" srcset=\"https:\/\/www.altermes.fr\/wp-content\/uploads\/2025\/12\/Shutterstock_mircobic.jpg 600w, https:\/\/www.altermes.fr\/wp-content\/uploads\/2025\/12\/Shutterstock_mircobic-480x320.jpg 480w\" sizes=\"(min-width: 0px) and (max-width: 480px) 480px, (min-width: 481px) 600px, 100vw\">                                        <\/a>\n                                                                        <a href=\"https:\/\/www.altermes.fr\/en\/les-infos-du-jour\/regime-micro-bic-et-societe-de-fait-entre-epoux-une-cohabitation-complexe\/\"><h3>R\u00e9gime micro-BIC et soci\u00e9t\u00e9 de fait entre \u00e9poux : une cohabitation complexe<\/h3><\/a>\n                                    <p class=\"use-case-category\"><a href=\"https:\/\/www.altermes.fr\/en\/weblex-importer-categories\/actualites\/\" rel=\"tag\">Actualit\u00e9s<\/a>, <a href=\"https:\/\/www.altermes.fr\/en\/weblex-importer-categories\/le-coin-du-dirigeant\/\" rel=\"tag\">Le coin du dirigeant<\/a><\/p>\n                                    <p class=\"edc-content\">Les soci\u00e9t\u00e9s ne peuvent pas b\u00e9n\u00e9ficier du r\u00e9gime fiscal micro-BIC, qu\u2019elles soient soumises \u00e0 l\u2019imp\u00f4t sur les soci\u00e9t\u00e9s ou \u00e0 l\u2019imp\u00f4t sur le revenu, soci\u00e9t\u00e9s cr\u00e9\u00e9es de fait y compri...<\/p>                                <\/div>\n                                                                <div class=\"case-study-item weblex-article\">\n                                                                            <a href=\"https:\/\/www.altermes.fr\/en\/les-infos-du-jour\/taxe-fonciere-nouvelle-hausse-en-vue\/\">\n                                            <img decoding=\"async\" width=\"600\" height=\"400\" src=\"https:\/\/www.altermes.fr\/wp-content\/uploads\/2025\/11\/Shutterstock_haussedetaxe.jpg\" class=\"attachment-custom-thumbnail size-custom-thumbnail wp-post-image\" alt=\"\" srcset=\"https:\/\/www.altermes.fr\/wp-content\/uploads\/2025\/11\/Shutterstock_haussedetaxe.jpg 600w, https:\/\/www.altermes.fr\/wp-content\/uploads\/2025\/11\/Shutterstock_haussedetaxe-480x320.jpg 480w\" sizes=\"(min-width: 0px) and (max-width: 480px) 480px, (min-width: 481px) 600px, 100vw\">                                        <\/a>\n                                                                        <a href=\"https:\/\/www.altermes.fr\/en\/les-infos-du-jour\/taxe-fonciere-nouvelle-hausse-en-vue\/\"><h3>Taxe fonci\u00e8re : nouvelle hausse en vue ?<\/h3><\/a>\n                                    <p class=\"use-case-category\"><a href=\"https:\/\/www.altermes.fr\/en\/weblex-importer-categories\/actualites\/\" rel=\"tag\">Actualit\u00e9s<\/a>, <a href=\"https:\/\/www.altermes.fr\/en\/weblex-importer-categories\/le-coin-du-dirigeant\/\" rel=\"tag\">Le coin du dirigeant<\/a><\/p>\n                                    <p class=\"edc-content\">Une vaste op\u00e9ration de r\u00e9\u00e9valuation des bases locatives pour le calcul de la taxe fonci\u00e8re est engag\u00e9e, ce qui pourrait entra\u00eener une augmentation de cette taxe pour plusieurs millions de propri...<\/p>                                <\/div>\n                                                                <div class=\"case-study-item weblex-article\">\n                                                                            <a href=\"https:\/\/www.altermes.fr\/en\/les-infos-du-jour\/dematerialisation-de-la-procedure-denregistrement-de-nouveaux-rebondissements\/\">\n                                            <img decoding=\"async\" width=\"600\" height=\"400\" src=\"https:\/\/www.altermes.fr\/wp-content\/uploads\/2025\/11\/Shutterstock_dematerialisationdroits.jpg\" class=\"attachment-custom-thumbnail size-custom-thumbnail wp-post-image\" alt=\"\" srcset=\"https:\/\/www.altermes.fr\/wp-content\/uploads\/2025\/11\/Shutterstock_dematerialisationdroits.jpg 600w, https:\/\/www.altermes.fr\/wp-content\/uploads\/2025\/11\/Shutterstock_dematerialisationdroits-480x320.jpg 480w\" sizes=\"(min-width: 0px) and (max-width: 480px) 480px, (min-width: 481px) 600px, 100vw\">                                        <\/a>\n                                                                        <a href=\"https:\/\/www.altermes.fr\/en\/les-infos-du-jour\/dematerialisation-de-la-procedure-denregistrement-de-nouveaux-rebondissements\/\"><h3>D\u00e9mat\u00e9rialisation de la proc\u00e9dure d\u2019enregistrement : de nouveaux rebondissements !<\/h3><\/a>\n                                    <p class=\"use-case-category\"><a href=\"https:\/\/www.altermes.fr\/en\/weblex-importer-categories\/actualites\/\" rel=\"tag\">Actualit\u00e9s<\/a>, <a href=\"https:\/\/www.altermes.fr\/en\/weblex-importer-categories\/le-coin-du-dirigeant\/\" rel=\"tag\">Le coin du dirigeant<\/a><\/p>\n                                    <p class=\"edc-content\">Initialement pr\u00e9vue au plus tard le 1er juillet 2025, l\u2019obligation de d\u00e9clarer (et de payer) par voie d\u00e9mat\u00e9rialis\u00e9e les dons manuels, les successions ou encore les cessions de droits sociaux a...<\/p>                                <\/div>\n                                                                <div class=\"case-study-item weblex-article\">\n                                                                            <a href=\"https:\/\/www.altermes.fr\/en\/les-infos-du-jour\/assures-volontaires-une-nouveaute-a-connaitre\/\">\n                                            <img decoding=\"async\" width=\"600\" height=\"400\" src=\"https:\/\/www.altermes.fr\/wp-content\/uploads\/2025\/11\/Shutterstock_evolutionassurevolontaire.jpg\" class=\"attachment-custom-thumbnail size-custom-thumbnail wp-post-image\" alt=\"\" srcset=\"https:\/\/www.altermes.fr\/wp-content\/uploads\/2025\/11\/Shutterstock_evolutionassurevolontaire.jpg 600w, https:\/\/www.altermes.fr\/wp-content\/uploads\/2025\/11\/Shutterstock_evolutionassurevolontaire-480x320.jpg 480w\" sizes=\"(min-width: 0px) and (max-width: 480px) 480px, (min-width: 481px) 600px, 100vw\">                                        <\/a>\n                                                                        <a href=\"https:\/\/www.altermes.fr\/en\/les-infos-du-jour\/assures-volontaires-une-nouveaute-a-connaitre\/\"><h3>Assur\u00e9s volontaires : une nouveaut\u00e9 \u00e0 conna\u00eetre<\/h3><\/a>\n                                    <p class=\"use-case-category\"><a href=\"https:\/\/www.altermes.fr\/en\/weblex-importer-categories\/actualites\/\" rel=\"tag\">Actualit\u00e9s<\/a>, <a href=\"https:\/\/www.altermes.fr\/en\/weblex-importer-categories\/le-coin-du-dirigeant\/\" rel=\"tag\">Le coin du dirigeant<\/a><\/p>\n                                    <p class=\"edc-content\">\u00c0 compter du 1er d\u00e9cembre 2025, les assur\u00e9s volontaires n\u2019auront plus qu\u2019un seul interlocuteur pour leurs cotisations : l\u2019Urssaf Picardie. Ce transfert de gestion, pens\u00e9 pour simplifier les ...<\/p>                                <\/div>\n                                                                <div class=\"case-study-item weblex-article\">\n                                                                            <a href=\"https:\/\/www.altermes.fr\/en\/les-infos-du-jour\/contribution-sur-les-hauts-revenus-un-simulateur-a-votre-disposition\/\">\n                                            <img decoding=\"async\" width=\"600\" height=\"400\" src=\"https:\/\/www.altermes.fr\/wp-content\/uploads\/2025\/11\/Shutterstock_simulateurCDHR.jpg\" class=\"attachment-custom-thumbnail size-custom-thumbnail wp-post-image\" alt=\"\" srcset=\"https:\/\/www.altermes.fr\/wp-content\/uploads\/2025\/11\/Shutterstock_simulateurCDHR.jpg 600w, https:\/\/www.altermes.fr\/wp-content\/uploads\/2025\/11\/Shutterstock_simulateurCDHR-480x320.jpg 480w\" sizes=\"(min-width: 0px) and (max-width: 480px) 480px, (min-width: 481px) 600px, 100vw\">                                        <\/a>\n                                                                        <a href=\"https:\/\/www.altermes.fr\/en\/les-infos-du-jour\/contribution-sur-les-hauts-revenus-un-simulateur-a-votre-disposition\/\"><h3>Contribution sur les hauts revenus : un simulateur \u00e0 votre disposition<\/h3><\/a>\n                                    <p class=\"use-case-category\"><a href=\"https:\/\/www.altermes.fr\/en\/weblex-importer-categories\/actualites\/\" rel=\"tag\">Actualit\u00e9s<\/a>, <a href=\"https:\/\/www.altermes.fr\/en\/weblex-importer-categories\/le-coin-du-dirigeant\/\" rel=\"tag\">Le coin du dirigeant<\/a><\/p>\n                                    <p class=\"edc-content\">La nouvelle contribution visant \u00e0 garantir un taux d\u2019imposition minimal de 20 % pour les plus hauts revenus entre en sc\u00e8ne. D\u00e8s d\u00e9cembre 2025, les foyers dont le revenu fiscal de r\u00e9f\u00e9rence d\u00e9...<\/p>                                <\/div>\n                                                                <div class=\"case-study-item weblex-article\">\n                                                                            <a href=\"https:\/\/www.altermes.fr\/en\/les-infos-du-jour\/monuments-historiques-demembrement-de-propriete-et-exoneration-fiscale-fin-des-difficultes-pratiques\/\">\n                                            <img decoding=\"async\" width=\"600\" height=\"400\" src=\"https:\/\/www.altermes.fr\/wp-content\/uploads\/2025\/11\/Shutterstock_DMTGmonumentshistoriques.jpg\" class=\"attachment-custom-thumbnail size-custom-thumbnail wp-post-image\" alt=\"\" srcset=\"https:\/\/www.altermes.fr\/wp-content\/uploads\/2025\/11\/Shutterstock_DMTGmonumentshistoriques.jpg 600w, https:\/\/www.altermes.fr\/wp-content\/uploads\/2025\/11\/Shutterstock_DMTGmonumentshistoriques-480x320.jpg 480w\" sizes=\"(min-width: 0px) and (max-width: 480px) 480px, (min-width: 481px) 600px, 100vw\">                                        <\/a>\n                                                                        <a href=\"https:\/\/www.altermes.fr\/en\/les-infos-du-jour\/monuments-historiques-demembrement-de-propriete-et-exoneration-fiscale-fin-des-difficultes-pratiques\/\"><h3>Monuments historiques, d\u00e9membrement de propri\u00e9t\u00e9 et exon\u00e9ration fiscale : fin des difficult\u00e9s pratiques<\/h3><\/a>\n                                    <p class=\"use-case-category\"><a href=\"https:\/\/www.altermes.fr\/en\/weblex-importer-categories\/actualites\/\" rel=\"tag\">Actualit\u00e9s<\/a>, <a href=\"https:\/\/www.altermes.fr\/en\/weblex-importer-categories\/le-coin-du-dirigeant\/\" rel=\"tag\">Le coin du dirigeant<\/a><\/p>\n                                    <p class=\"edc-content\">La transmission d\u2019un monument historique ouvre droit \u00e0 une exon\u00e9ration de droits de mutation \u00e0 titre gratuit (DMTG) sous r\u00e9serve de respecter des conditions strictes qui posent des difficult\u00e9s ...<\/p>                                <\/div>\n                                                                <div class=\"case-study-item weblex-article\">\n                                                                            <a href=\"https:\/\/www.altermes.fr\/en\/les-infos-du-jour\/cmg-une-ouverture-des-droits-en-cas-de-residence-alternee\/\">\n                                            <img decoding=\"async\" width=\"600\" height=\"400\" src=\"https:\/\/www.altermes.fr\/wp-content\/uploads\/2025\/11\/Shutterstock_reparationrefusconcours.jpg\" class=\"attachment-custom-thumbnail size-custom-thumbnail wp-post-image\" alt=\"\" srcset=\"https:\/\/www.altermes.fr\/wp-content\/uploads\/2025\/11\/Shutterstock_reparationrefusconcours.jpg 600w, https:\/\/www.altermes.fr\/wp-content\/uploads\/2025\/11\/Shutterstock_reparationrefusconcours-480x320.jpg 480w\" sizes=\"(min-width: 0px) and (max-width: 480px) 480px, (min-width: 481px) 600px, 100vw\">                                        <\/a>\n                                                                        <a href=\"https:\/\/www.altermes.fr\/en\/les-infos-du-jour\/cmg-une-ouverture-des-droits-en-cas-de-residence-alternee\/\"><h3>CMG : une ouverture des droits en cas de r\u00e9sidence altern\u00e9e<\/h3><\/a>\n                                    <p class=\"use-case-category\"><a href=\"https:\/\/www.altermes.fr\/en\/weblex-importer-categories\/actualites\/\" rel=\"tag\">Actualit\u00e9s<\/a>, <a href=\"https:\/\/www.altermes.fr\/en\/weblex-importer-categories\/le-coin-du-dirigeant\/\" rel=\"tag\">Le coin du dirigeant<\/a><\/p>\n                                    <p class=\"edc-content\">Dans le cadre de sa reconfiguration visant \u00e0 prendre en compte la pluralit\u00e9 des r\u00e9alit\u00e9s familiales et financi\u00e8res, le compl\u00e9ment de mode de garde (ou \u00ab CMG \u00bb) sera bient\u00f4t ouvert aux parents...<\/p>                                <\/div>\n                                                                <div class=\"case-study-item weblex-article\">\n                                                                            <a href=\"https:\/\/www.altermes.fr\/en\/les-infos-du-jour\/donnees-personnelles-un-heritage-numerique\/\">\n                                            <img decoding=\"async\" width=\"600\" height=\"400\" src=\"https:\/\/www.altermes.fr\/wp-content\/uploads\/2025\/11\/Shutterstock_donneespersonellesheritage.jpg\" class=\"attachment-custom-thumbnail size-custom-thumbnail wp-post-image\" alt=\"\" srcset=\"https:\/\/www.altermes.fr\/wp-content\/uploads\/2025\/11\/Shutterstock_donneespersonellesheritage.jpg 600w, https:\/\/www.altermes.fr\/wp-content\/uploads\/2025\/11\/Shutterstock_donneespersonellesheritage-480x320.jpg 480w\" sizes=\"(min-width: 0px) and (max-width: 480px) 480px, (min-width: 481px) 600px, 100vw\">                                        <\/a>\n                                                                        <a href=\"https:\/\/www.altermes.fr\/en\/les-infos-du-jour\/donnees-personnelles-un-heritage-numerique\/\"><h3>Donn\u00e9es personnelles : un h\u00e9ritage num\u00e9rique ?<\/h3><\/a>\n                                    <p class=\"use-case-category\"><a href=\"https:\/\/www.altermes.fr\/en\/weblex-importer-categories\/actualites\/\" rel=\"tag\">Actualit\u00e9s<\/a>, <a href=\"https:\/\/www.altermes.fr\/en\/weblex-importer-categories\/le-coin-du-dirigeant\/\" rel=\"tag\">Le coin du dirigeant<\/a><\/p>\n                                    <p class=\"edc-content\">Alors que les traitements de donn\u00e9es personnelles sont de plus en plus nombreux et diversifi\u00e9s, il est fondamental que chacun puisse exercer ses droits sur les donn\u00e9es le concernant. Mais lors du d...<\/p>                                <\/div>\n                                                                <div class=\"case-study-item weblex-article\">\n                                                                            <a href=\"https:\/\/www.altermes.fr\/en\/les-infos-du-jour\/conge-pour-reprise-precisions-sur-le-cas-du-locataire-age\/\">\n                                            <img decoding=\"async\" width=\"600\" height=\"400\" src=\"https:\/\/www.altermes.fr\/wp-content\/uploads\/2025\/11\/Shutterstock_repriselogementlocataire.jpg\" class=\"attachment-custom-thumbnail size-custom-thumbnail wp-post-image\" alt=\"\" srcset=\"https:\/\/www.altermes.fr\/wp-content\/uploads\/2025\/11\/Shutterstock_repriselogementlocataire.jpg 600w, https:\/\/www.altermes.fr\/wp-content\/uploads\/2025\/11\/Shutterstock_repriselogementlocataire-480x320.jpg 480w\" sizes=\"(min-width: 0px) and (max-width: 480px) 480px, (min-width: 481px) 600px, 100vw\">                                        <\/a>\n                                                                        <a href=\"https:\/\/www.altermes.fr\/en\/les-infos-du-jour\/conge-pour-reprise-precisions-sur-le-cas-du-locataire-age\/\"><h3>Cong\u00e9 pour reprise : pr\u00e9cisions sur le cas du locataire \u00e2g\u00e9<\/h3><\/a>\n                                    <p class=\"use-case-category\"><a href=\"https:\/\/www.altermes.fr\/en\/weblex-importer-categories\/actualites\/\" rel=\"tag\">Actualit\u00e9s<\/a>, <a href=\"https:\/\/www.altermes.fr\/en\/weblex-importer-categories\/le-coin-du-dirigeant\/\" rel=\"tag\">Le coin du dirigeant<\/a><\/p>\n                                    <p class=\"edc-content\">Les propri\u00e9taires bailleurs peuvent donner cong\u00e9 \u00e0 leurs locataires \u00e0 l\u2019issue du bail en justifiant de certains motifs, comme la reprise du bien pour habiter. Cependant, certains locataires b\u00e9n...<\/p>                                <\/div>\n                                                                <div class=\"case-study-item weblex-article\">\n                                                                            <a href=\"https:\/\/www.altermes.fr\/en\/les-infos-du-jour\/cheque-energie-ouverture-du-guichet\/\">\n                                            <img decoding=\"async\" width=\"600\" height=\"400\" src=\"https:\/\/www.altermes.fr\/wp-content\/uploads\/2025\/10\/Shutterstock_chequeenergieguichet.jpg\" class=\"attachment-custom-thumbnail size-custom-thumbnail wp-post-image\" alt=\"\" srcset=\"https:\/\/www.altermes.fr\/wp-content\/uploads\/2025\/10\/Shutterstock_chequeenergieguichet.jpg 600w, https:\/\/www.altermes.fr\/wp-content\/uploads\/2025\/10\/Shutterstock_chequeenergieguichet-480x320.jpg 480w\" sizes=\"(min-width: 0px) and (max-width: 480px) 480px, (min-width: 481px) 600px, 100vw\">                                        <\/a>\n                                                                        <a href=\"https:\/\/www.altermes.fr\/en\/les-infos-du-jour\/cheque-energie-ouverture-du-guichet\/\"><h3>Ch\u00e8que \u00e9nergie : ouverture du guichet<\/h3><\/a>\n                                    <p class=\"use-case-category\"><a href=\"https:\/\/www.altermes.fr\/en\/weblex-importer-categories\/actualites\/\" rel=\"tag\">Actualit\u00e9s<\/a>, <a href=\"https:\/\/www.altermes.fr\/en\/weblex-importer-categories\/le-coin-du-dirigeant\/\" rel=\"tag\">Le coin du dirigeant<\/a><\/p>\n                                    <p class=\"edc-content\">En principe, les m\u00e9nages \u00e9ligibles recevront leur ch\u00e8que \u00e9nergie automatiquement au mois de novembre. Cependant, certains b\u00e9n\u00e9ficiaires peuvent ne pas avoir \u00e9t\u00e9 identifi\u00e9s directement par les...<\/p>                                <\/div>\n                                                                <div class=\"case-study-item weblex-article\">\n                                                                            <a href=\"https:\/\/www.altermes.fr\/en\/les-infos-du-jour\/plus-value-immobiliere-pas-dexoneration-pour-une-residence-principale-temporaire\/\">\n                                            <img decoding=\"async\" width=\"600\" height=\"400\" src=\"https:\/\/www.altermes.fr\/wp-content\/uploads\/2025\/10\/Shutterstock_exonerationpvresidence.jpg\" class=\"attachment-custom-thumbnail size-custom-thumbnail wp-post-image\" alt=\"\" srcset=\"https:\/\/www.altermes.fr\/wp-content\/uploads\/2025\/10\/Shutterstock_exonerationpvresidence.jpg 600w, https:\/\/www.altermes.fr\/wp-content\/uploads\/2025\/10\/Shutterstock_exonerationpvresidence-480x320.jpg 480w\" sizes=\"(min-width: 0px) and (max-width: 480px) 480px, (min-width: 481px) 600px, 100vw\">                                        <\/a>\n                                                                        <a href=\"https:\/\/www.altermes.fr\/en\/les-infos-du-jour\/plus-value-immobiliere-pas-dexoneration-pour-une-residence-principale-temporaire\/\"><h3>Plus-value immobili\u00e8re : pas d\u2019exon\u00e9ration pour une r\u00e9sidence principale \u00ab temporaire \u00bb ?<\/h3><\/a>\n                                    <p class=\"use-case-category\"><a href=\"https:\/\/www.altermes.fr\/en\/weblex-importer-categories\/actualites\/\" rel=\"tag\">Actualit\u00e9s<\/a>, <a href=\"https:\/\/www.altermes.fr\/en\/weblex-importer-categories\/le-coin-du-dirigeant\/\" rel=\"tag\">Le coin du dirigeant<\/a><\/p>\n                                    <p class=\"edc-content\">C\u2019est une des exon\u00e9rations fiscales les plus connues : la plus-value d\u00e9gag\u00e9e \u00e0 l\u2019occasion de la vente de votre r\u00e9sidence principale est, par principe, exon\u00e9r\u00e9e d\u2019imp\u00f4t sur le revenu. Si ...<\/p>                                <\/div>\n                                                                <div class=\"case-study-item weblex-article\">\n                                                                            <a href=\"https:\/\/www.altermes.fr\/en\/les-infos-du-jour\/pensions-alimentaires-en-route-vers-la-defiscalisation\/\">\n                                            <img decoding=\"async\" width=\"600\" height=\"400\" src=\"https:\/\/www.altermes.fr\/wp-content\/uploads\/2025\/10\/Shutterstock_fiscalitepensionsalimentaires.jpg\" class=\"attachment-custom-thumbnail size-custom-thumbnail wp-post-image\" alt=\"\" srcset=\"https:\/\/www.altermes.fr\/wp-content\/uploads\/2025\/10\/Shutterstock_fiscalitepensionsalimentaires.jpg 600w, https:\/\/www.altermes.fr\/wp-content\/uploads\/2025\/10\/Shutterstock_fiscalitepensionsalimentaires-480x320.jpg 480w\" sizes=\"(min-width: 0px) and (max-width: 480px) 480px, (min-width: 481px) 600px, 100vw\">                                        <\/a>\n                                                                        <a href=\"https:\/\/www.altermes.fr\/en\/les-infos-du-jour\/pensions-alimentaires-en-route-vers-la-defiscalisation\/\"><h3>Pensions alimentaires : en route vers la d\u00e9fiscalisation ?<\/h3><\/a>\n                                    <p class=\"use-case-category\"><a href=\"https:\/\/www.altermes.fr\/en\/weblex-importer-categories\/actualites\/\" rel=\"tag\">Actualit\u00e9s<\/a>, <a href=\"https:\/\/www.altermes.fr\/en\/weblex-importer-categories\/le-coin-du-dirigeant\/\" rel=\"tag\">Le coin du dirigeant<\/a><\/p>\n                                    <p class=\"edc-content\">Destin\u00e9e \u00e0 couvrir les besoins des enfants, la pension alimentaire n\u2019en demeure pas moins imposable pour le b\u00e9n\u00e9ficiaire. Pourtant, son imposition alourdit la fiscalit\u00e9 du b\u00e9n\u00e9ficiaire et r\u00e9...<\/p>                                <\/div>\n                                                                <div class=\"case-study-item weblex-article\">\n                                                                            <a href=\"https:\/\/www.altermes.fr\/en\/les-infos-du-jour\/contester-sa-taxe-dhabitation-ou-sa-taxe-fonciere-mode-demploi\/\">\n                                            <img decoding=\"async\" width=\"600\" height=\"400\" src=\"https:\/\/www.altermes.fr\/wp-content\/uploads\/2025\/10\/Shutterstock_contestationTFTH.jpg\" class=\"attachment-custom-thumbnail size-custom-thumbnail wp-post-image\" alt=\"\" srcset=\"https:\/\/www.altermes.fr\/wp-content\/uploads\/2025\/10\/Shutterstock_contestationTFTH.jpg 600w, https:\/\/www.altermes.fr\/wp-content\/uploads\/2025\/10\/Shutterstock_contestationTFTH-480x320.jpg 480w\" sizes=\"(min-width: 0px) and (max-width: 480px) 480px, (min-width: 481px) 600px, 100vw\">                                        <\/a>\n                                                                        <a href=\"https:\/\/www.altermes.fr\/en\/les-infos-du-jour\/contester-sa-taxe-dhabitation-ou-sa-taxe-fonciere-mode-demploi\/\"><h3>Contester sa taxe d&#039;habitation ou sa taxe fonci\u00e8re : mode d\u2019emploi<\/h3><\/a>\n                                    <p class=\"use-case-category\"><a href=\"https:\/\/www.altermes.fr\/en\/weblex-importer-categories\/actualites\/\" rel=\"tag\">Actualit\u00e9s<\/a>, <a href=\"https:\/\/www.altermes.fr\/en\/weblex-importer-categories\/le-coin-du-dirigeant\/\" rel=\"tag\">Le coin du dirigeant<\/a><\/p>\n                                    <p class=\"edc-content\">Vous venez de recevoir votre avis de taxe fonci\u00e8re ou votre avis de taxe d\u2019habitation sur les r\u00e9sidences secondaires et vous n\u2019\u00eates pas d\u2019accord avec le montant qui vous est r\u00e9clam\u00e9. Vous a...<\/p>                                <\/div>\n                                                                <div class=\"case-study-item weblex-article\">\n                                                                            <a href=\"https:\/\/www.altermes.fr\/en\/les-infos-du-jour\/fourriere-recuperer-sa-voiture-devient-un-peu-plus-simple\/\">\n                                            <img decoding=\"async\" width=\"600\" height=\"400\" src=\"https:\/\/www.altermes.fr\/wp-content\/uploads\/2025\/10\/Shutterstock_fourriere.jpg\" class=\"attachment-custom-thumbnail size-custom-thumbnail wp-post-image\" alt=\"\" srcset=\"https:\/\/www.altermes.fr\/wp-content\/uploads\/2025\/10\/Shutterstock_fourriere.jpg 600w, https:\/\/www.altermes.fr\/wp-content\/uploads\/2025\/10\/Shutterstock_fourriere-480x320.jpg 480w\" sizes=\"(min-width: 0px) and (max-width: 480px) 480px, (min-width: 481px) 600px, 100vw\">                                        <\/a>\n                                                                        <a href=\"https:\/\/www.altermes.fr\/en\/les-infos-du-jour\/fourriere-recuperer-sa-voiture-devient-un-peu-plus-simple\/\"><h3>Fourri\u00e8re : r\u00e9cup\u00e9rer sa voiture devient (un peu) plus simple !<\/h3><\/a>\n                                    <p class=\"use-case-category\"><a href=\"https:\/\/www.altermes.fr\/en\/weblex-importer-categories\/actualites\/\" rel=\"tag\">Actualit\u00e9s<\/a>, <a href=\"https:\/\/www.altermes.fr\/en\/weblex-importer-categories\/le-coin-du-dirigeant\/\" rel=\"tag\">Le coin du dirigeant<\/a><\/p>\n                                    <p class=\"edc-content\">Depuis 2023, un service en ligne permet de savoir si un v\u00e9hicule a \u00e9t\u00e9 plac\u00e9 en fourri\u00e8re et d\u2019acc\u00e9der \u00e0 son dossier. Ce t\u00e9l\u00e9service s\u2019est enrichi d\u2019une nouvelle fonctionnalit\u00e9 : le t?...<\/p>                                <\/div>\n                                                                <div class=\"case-study-item weblex-article\">\n                                                                            <a href=\"https:\/\/www.altermes.fr\/en\/les-infos-du-jour\/taxe-dhabitation-sur-les-residences-secondaires-a-payer\/\">\n                                            <img decoding=\"async\" width=\"600\" height=\"400\" src=\"https:\/\/www.altermes.fr\/wp-content\/uploads\/2025\/10\/Shutterstock_taxehabitationsecondaire.jpg\" class=\"attachment-custom-thumbnail size-custom-thumbnail wp-post-image\" alt=\"\" srcset=\"https:\/\/www.altermes.fr\/wp-content\/uploads\/2025\/10\/Shutterstock_taxehabitationsecondaire.jpg 600w, https:\/\/www.altermes.fr\/wp-content\/uploads\/2025\/10\/Shutterstock_taxehabitationsecondaire-480x320.jpg 480w\" sizes=\"(min-width: 0px) and (max-width: 480px) 480px, (min-width: 481px) 600px, 100vw\">                                        <\/a>\n                                                                        <a href=\"https:\/\/www.altermes.fr\/en\/les-infos-du-jour\/taxe-dhabitation-sur-les-residences-secondaires-a-payer\/\"><h3>Taxe d\u2019habitation sur les r\u00e9sidences secondaires : \u00e0 payer ?<\/h3><\/a>\n                                    <p class=\"use-case-category\"><a href=\"https:\/\/www.altermes.fr\/en\/weblex-importer-categories\/actualites\/\" rel=\"tag\">Actualit\u00e9s<\/a>, <a href=\"https:\/\/www.altermes.fr\/en\/weblex-importer-categories\/le-coin-du-dirigeant\/\" rel=\"tag\">Le coin du dirigeant<\/a><\/p>\n                                    <p class=\"edc-content\">Si la taxe d'habitation sur la r\u00e9sidence principale a \u00e9t\u00e9 supprim\u00e9e depuis le 1er janvier 2023, subsiste celle sur les r\u00e9sidences secondaires pour laquelle les avis seront bient\u00f4t disponibles. M...<\/p>                                <\/div>\n                                                                <div class=\"case-study-item weblex-article\">\n                                                                            <a href=\"https:\/\/www.altermes.fr\/en\/les-infos-du-jour\/reduction-dimpot-madelin-un-taux-majore-confirme\/\">\n                                            <img decoding=\"async\" width=\"600\" height=\"400\" src=\"https:\/\/www.altermes.fr\/wp-content\/uploads\/2025\/10\/Shutterstock_reductionmadelin.jpg\" class=\"attachment-custom-thumbnail size-custom-thumbnail wp-post-image\" alt=\"\" srcset=\"https:\/\/www.altermes.fr\/wp-content\/uploads\/2025\/10\/Shutterstock_reductionmadelin.jpg 600w, https:\/\/www.altermes.fr\/wp-content\/uploads\/2025\/10\/Shutterstock_reductionmadelin-480x320.jpg 480w\" sizes=\"(min-width: 0px) and (max-width: 480px) 480px, (min-width: 481px) 600px, 100vw\">                                        <\/a>\n                                                                        <a href=\"https:\/\/www.altermes.fr\/en\/les-infos-du-jour\/reduction-dimpot-madelin-un-taux-majore-confirme\/\"><h3>R\u00e9duction d\u2019imp\u00f4t \u00ab Madelin \u00bb : un taux major\u00e9\u2026 confirm\u00e9 !<\/h3><\/a>\n                                    <p class=\"use-case-category\"><a href=\"https:\/\/www.altermes.fr\/en\/weblex-importer-categories\/actualites\/\" rel=\"tag\">Actualit\u00e9s<\/a>, <a href=\"https:\/\/www.altermes.fr\/en\/weblex-importer-categories\/le-coin-du-dirigeant\/\" rel=\"tag\">Le coin du dirigeant<\/a><\/p>\n                                    <p class=\"edc-content\">Afin de soutenir l\u2019investissement des particuliers dans les PME, la loi de finances pour 2025 a apport\u00e9 son lot d\u2019am\u00e9nagements concernant la r\u00e9duction d\u2019imp\u00f4t \u00ab Madelin \u00bb et notamment pour...<\/p>                                <\/div>\n                                                                <div class=\"case-study-item weblex-article\">\n                                                                            <a href=\"https:\/\/www.altermes.fr\/en\/les-infos-du-jour\/chlordecone-un-portail-pour-centraliser-les-informations-et-les-solutions\/\">\n                                            <img decoding=\"async\" width=\"600\" height=\"400\" src=\"https:\/\/www.altermes.fr\/wp-content\/uploads\/2025\/10\/Shutterstock_chlordeconesolutions.jpg\" class=\"attachment-custom-thumbnail size-custom-thumbnail wp-post-image\" alt=\"\" srcset=\"https:\/\/www.altermes.fr\/wp-content\/uploads\/2025\/10\/Shutterstock_chlordeconesolutions.jpg 600w, https:\/\/www.altermes.fr\/wp-content\/uploads\/2025\/10\/Shutterstock_chlordeconesolutions-480x320.jpg 480w\" sizes=\"(min-width: 0px) and (max-width: 480px) 480px, (min-width: 481px) 600px, 100vw\">                                        <\/a>\n                                                                        <a href=\"https:\/\/www.altermes.fr\/en\/les-infos-du-jour\/chlordecone-un-portail-pour-centraliser-les-informations-et-les-solutions\/\"><h3>Chlord\u00e9cone : un portail pour centraliser les informations et les solutions<\/h3><\/a>\n                                    <p class=\"use-case-category\"><a href=\"https:\/\/www.altermes.fr\/en\/weblex-importer-categories\/actualites\/\" rel=\"tag\">Actualit\u00e9s<\/a>, <a href=\"https:\/\/www.altermes.fr\/en\/weblex-importer-categories\/le-coin-du-dirigeant\/\" rel=\"tag\">Le coin du dirigeant<\/a><\/p>\n                                    <p class=\"edc-content\">Bien qu\u2019il ne soit plus utilis\u00e9 depuis plus de 30 ans, le chlord\u00e9cone est encore bien pr\u00e9sent dans les sols, les eaux et la nourriture en Guadeloupe et en Martinique. Parmi les dispositifs mis en...<\/p>                                <\/div>\n                                                                <div class=\"case-study-item weblex-article\">\n                                                                            <a href=\"https:\/\/www.altermes.fr\/en\/les-infos-du-jour\/taxe-fonciere-2025-derniere-ligne-droite-pour-payer\/\">\n                                            <img decoding=\"async\" width=\"600\" height=\"400\" src=\"https:\/\/www.altermes.fr\/wp-content\/uploads\/2025\/10\/Shutterstock_taxefonciere2025.jpg\" class=\"attachment-custom-thumbnail size-custom-thumbnail wp-post-image\" alt=\"\" srcset=\"https:\/\/www.altermes.fr\/wp-content\/uploads\/2025\/10\/Shutterstock_taxefonciere2025.jpg 600w, https:\/\/www.altermes.fr\/wp-content\/uploads\/2025\/10\/Shutterstock_taxefonciere2025-480x320.jpg 480w\" sizes=\"(min-width: 0px) and (max-width: 480px) 480px, (min-width: 481px) 600px, 100vw\">                                        <\/a>\n                                                                        <a href=\"https:\/\/www.altermes.fr\/en\/les-infos-du-jour\/taxe-fonciere-2025-derniere-ligne-droite-pour-payer\/\"><h3>Taxe fonci\u00e8re 2025 : derni\u00e8re ligne droite pour payer !<\/h3><\/a>\n                                    <p class=\"use-case-category\"><a href=\"https:\/\/www.altermes.fr\/en\/weblex-importer-categories\/actualites\/\" rel=\"tag\">Actualit\u00e9s<\/a>, <a href=\"https:\/\/www.altermes.fr\/en\/weblex-importer-categories\/le-coin-du-dirigeant\/\" rel=\"tag\">Le coin du dirigeant<\/a><\/p>\n                                    <p class=\"edc-content\">L\u2019automne est l\u00e0 et, si vous \u00eates propri\u00e9taire, votre avis de taxe fonci\u00e8re est d\u00e9j\u00e0 disponible en ligne, dans votre espace particulier sur impots.gouv.fr. L\u2019heure a sonn\u00e9 pour vous de paye...<\/p>                                <\/div>\n                                                                <div class=\"case-study-item weblex-article\">\n                                                                            <a href=\"https:\/\/www.altermes.fr\/en\/les-infos-du-jour\/gerants-de-sarl-quand-les-remboursements-de-frais-font-debat\/\">\n                                            <img decoding=\"async\" width=\"600\" height=\"400\" src=\"https:\/\/www.altermes.fr\/wp-content\/uploads\/2025\/10\/Shutterstock_rbstfraisgerants.jpg\" class=\"attachment-custom-thumbnail size-custom-thumbnail wp-post-image\" alt=\"\" srcset=\"https:\/\/www.altermes.fr\/wp-content\/uploads\/2025\/10\/Shutterstock_rbstfraisgerants.jpg 600w, https:\/\/www.altermes.fr\/wp-content\/uploads\/2025\/10\/Shutterstock_rbstfraisgerants-480x320.jpg 480w\" sizes=\"(min-width: 0px) and (max-width: 480px) 480px, (min-width: 481px) 600px, 100vw\">                                        <\/a>\n                                                                        <a href=\"https:\/\/www.altermes.fr\/en\/les-infos-du-jour\/gerants-de-sarl-quand-les-remboursements-de-frais-font-debat\/\"><h3>G\u00e9rants de SARL : quand les remboursements de frais font d\u00e9bat !<\/h3><\/a>\n                                    <p class=\"use-case-category\"><a href=\"https:\/\/www.altermes.fr\/en\/weblex-importer-categories\/actualites\/\" rel=\"tag\">Actualit\u00e9s<\/a>, <a href=\"https:\/\/www.altermes.fr\/en\/weblex-importer-categories\/le-coin-du-dirigeant\/\" rel=\"tag\">Le coin du dirigeant<\/a><\/p>\n                                    <p class=\"edc-content\">Par principe, les remboursements forfaitaires de frais vers\u00e9s aux g\u00e9rants minoritaires ou \u00e9galitaires de SARL sont tax\u00e9s \u00e0 l\u2019imp\u00f4t sur le revenu dans la cat\u00e9gorie des traitements et salaires....<\/p>                                <\/div>\n                                                                <div class=\"case-study-item weblex-article\">\n                                                                            <a href=\"https:\/\/www.altermes.fr\/en\/les-infos-du-jour\/mariage-pour-le-meilleur-et-pour-les-dettes\/\">\n                                            <img decoding=\"async\" width=\"600\" height=\"400\" src=\"https:\/\/www.altermes.fr\/wp-content\/uploads\/2025\/10\/Shutterstock_dettepersonnelle.jpg\" class=\"attachment-custom-thumbnail size-custom-thumbnail wp-post-image\" alt=\"\" srcset=\"https:\/\/www.altermes.fr\/wp-content\/uploads\/2025\/10\/Shutterstock_dettepersonnelle.jpg 600w, https:\/\/www.altermes.fr\/wp-content\/uploads\/2025\/10\/Shutterstock_dettepersonnelle-480x320.jpg 480w\" sizes=\"(min-width: 0px) and (max-width: 480px) 480px, (min-width: 481px) 600px, 100vw\">                                        <\/a>\n                                                                        <a href=\"https:\/\/www.altermes.fr\/en\/les-infos-du-jour\/mariage-pour-le-meilleur-et-pour-les-dettes\/\"><h3>Mariage : pour le meilleur et pour les dettes ?<\/h3><\/a>\n                                    <p class=\"use-case-category\"><a href=\"https:\/\/www.altermes.fr\/en\/weblex-importer-categories\/actualites\/\" rel=\"tag\">Actualit\u00e9s<\/a>, <a href=\"https:\/\/www.altermes.fr\/en\/weblex-importer-categories\/le-coin-du-dirigeant\/\" rel=\"tag\">Le coin du dirigeant<\/a><\/p>\n                                    <p class=\"edc-content\">Sauf exception et contrat de mariage, lorsqu\u2019une dette est contract\u00e9e par un des \u00e9poux pendant le mariage, le cr\u00e9ancier peut saisir la totalit\u00e9 des biens communs. Mais peut-il obtenir la condamn...<\/p>                                <\/div>\n                                                                <div class=\"case-study-item weblex-article\">\n                                                                            <a href=\"https:\/\/www.altermes.fr\/en\/les-infos-du-jour\/regime-fiscal-des-impatries-cest-quoi-un-impatrie\/\">\n                                            <img decoding=\"async\" width=\"600\" height=\"400\" src=\"https:\/\/www.altermes.fr\/wp-content\/uploads\/2025\/10\/Shutterstock_regimefiscalimpatries.jpg\" class=\"attachment-custom-thumbnail size-custom-thumbnail wp-post-image\" alt=\"\" srcset=\"https:\/\/www.altermes.fr\/wp-content\/uploads\/2025\/10\/Shutterstock_regimefiscalimpatries.jpg 600w, https:\/\/www.altermes.fr\/wp-content\/uploads\/2025\/10\/Shutterstock_regimefiscalimpatries-480x320.jpg 480w\" sizes=\"(min-width: 0px) and (max-width: 480px) 480px, (min-width: 481px) 600px, 100vw\">                                        <\/a>\n                                                                        <a href=\"https:\/\/www.altermes.fr\/en\/les-infos-du-jour\/regime-fiscal-des-impatries-cest-quoi-un-impatrie\/\"><h3>R\u00e9gime fiscal des impatri\u00e9s : c\u2019est quoi un impatri\u00e9 ?<\/h3><\/a>\n                                    <p class=\"use-case-category\"><a href=\"https:\/\/www.altermes.fr\/en\/weblex-importer-categories\/actualites\/\" rel=\"tag\">Actualit\u00e9s<\/a>, <a href=\"https:\/\/www.altermes.fr\/en\/weblex-importer-categories\/le-coin-du-dirigeant\/\" rel=\"tag\">Le coin du dirigeant<\/a><\/p>\n                                    <p class=\"edc-content\">Les salari\u00e9s et dirigeants appel\u00e9s de l\u2019\u00e9tranger pour occuper un emploi en France b\u00e9n\u00e9ficient, toutes conditions remplies, d\u2019un r\u00e9gime fiscal particulier appel\u00e9 \u00ab r\u00e9gime des impatri\u00e9s \u00bb...<\/p>                                <\/div>\n                                                                <div class=\"case-study-item weblex-article\">\n                                                                            <a href=\"https:\/\/www.altermes.fr\/en\/les-infos-du-jour\/primo-accession-en-couple-un-seul-suffit\/\">\n                                            <img decoding=\"async\" width=\"600\" height=\"400\" src=\"https:\/\/www.altermes.fr\/wp-content\/uploads\/2025\/10\/Shutterstock_dmtoprimoaccession.jpg\" class=\"attachment-custom-thumbnail size-custom-thumbnail wp-post-image\" alt=\"\" srcset=\"https:\/\/www.altermes.fr\/wp-content\/uploads\/2025\/10\/Shutterstock_dmtoprimoaccession.jpg 600w, https:\/\/www.altermes.fr\/wp-content\/uploads\/2025\/10\/Shutterstock_dmtoprimoaccession-480x320.jpg 480w\" sizes=\"(min-width: 0px) and (max-width: 480px) 480px, (min-width: 481px) 600px, 100vw\">                                        <\/a>\n                                                                        <a href=\"https:\/\/www.altermes.fr\/en\/les-infos-du-jour\/primo-accession-en-couple-un-seul-suffit\/\"><h3>Primo-accession : en couple, un seul suffit ?<\/h3><\/a>\n                                    <p class=\"use-case-category\"><a href=\"https:\/\/www.altermes.fr\/en\/weblex-importer-categories\/actualites\/\" rel=\"tag\">Actualit\u00e9s<\/a>, <a href=\"https:\/\/www.altermes.fr\/en\/weblex-importer-categories\/le-coin-du-dirigeant\/\" rel=\"tag\">Le coin du dirigeant<\/a><\/p>\n                                    <p class=\"edc-content\">Les d\u00e9partements ont la possibilit\u00e9 de relever temporairement le taux des droits de mutation \u00e0 titre on\u00e9reux au-del\u00e0 de 4,50 %, sans que ce taux exc\u00e8de 5 %. Toutefois, cette nouvelle possibilit?...<\/p>                                <\/div>\n                                                                <div class=\"case-study-item weblex-article\">\n                                                                            <a href=\"https:\/\/www.altermes.fr\/en\/les-infos-du-jour\/la-messagerie-professionnelle-securisee-des-impots-fait-sa-rentree\/\">\n                                            <img decoding=\"async\" width=\"600\" height=\"400\" src=\"https:\/\/www.altermes.fr\/wp-content\/uploads\/2025\/10\/Shutterstock_messageriesecurisepro.jpg\" class=\"attachment-custom-thumbnail size-custom-thumbnail wp-post-image\" alt=\"\" srcset=\"https:\/\/www.altermes.fr\/wp-content\/uploads\/2025\/10\/Shutterstock_messageriesecurisepro.jpg 600w, https:\/\/www.altermes.fr\/wp-content\/uploads\/2025\/10\/Shutterstock_messageriesecurisepro-480x320.jpg 480w\" sizes=\"(min-width: 0px) and (max-width: 480px) 480px, (min-width: 481px) 600px, 100vw\">                                        <\/a>\n                                                                        <a href=\"https:\/\/www.altermes.fr\/en\/les-infos-du-jour\/la-messagerie-professionnelle-securisee-des-impots-fait-sa-rentree\/\"><h3>La messagerie professionnelle s\u00e9curis\u00e9e des imp\u00f4ts fait sa rentr\u00e9e !<\/h3><\/a>\n                                    <p class=\"use-case-category\"><a href=\"https:\/\/www.altermes.fr\/en\/weblex-importer-categories\/actualites\/\" rel=\"tag\">Actualit\u00e9s<\/a>, <a href=\"https:\/\/www.altermes.fr\/en\/weblex-importer-categories\/le-coin-du-dirigeant\/\" rel=\"tag\">Le coin du dirigeant<\/a><\/p>\n                                    <p class=\"edc-content\">Recensant plus de 4 millions de demandes de professionnels en 2024, la messagerie s\u00e9curis\u00e9e de l\u2019espace professionnel impots.gouv.fr a \u00e9volu\u00e9 depuis le 26 septembre 2025. L\u2019objectif ? Facilite...<\/p>                                <\/div>\n                                                                <div class=\"case-study-item weblex-article\">\n                                                                            <a href=\"https:\/\/www.altermes.fr\/en\/les-infos-du-jour\/fiscalite-des-chambres-dhotes-le-couperet-est-tombe\/\">\n                                            <img decoding=\"async\" width=\"600\" height=\"400\" src=\"https:\/\/www.altermes.fr\/wp-content\/uploads\/2025\/09\/Shutterstock_fiscalitechambreshotes.jpg\" class=\"attachment-custom-thumbnail size-custom-thumbnail wp-post-image\" alt=\"\" srcset=\"https:\/\/www.altermes.fr\/wp-content\/uploads\/2025\/09\/Shutterstock_fiscalitechambreshotes.jpg 600w, https:\/\/www.altermes.fr\/wp-content\/uploads\/2025\/09\/Shutterstock_fiscalitechambreshotes-480x320.jpg 480w\" sizes=\"(min-width: 0px) and (max-width: 480px) 480px, (min-width: 481px) 600px, 100vw\">                                        <\/a>\n                                                                        <a href=\"https:\/\/www.altermes.fr\/en\/les-infos-du-jour\/fiscalite-des-chambres-dhotes-le-couperet-est-tombe\/\"><h3>Fiscalit\u00e9 des chambres d\u2019h\u00f4tes : le couperet est tomb\u00e9 !<\/h3><\/a>\n                                    <p class=\"use-case-category\"><a href=\"https:\/\/www.altermes.fr\/en\/weblex-importer-categories\/actualites\/\" rel=\"tag\">Actualit\u00e9s<\/a>, <a href=\"https:\/\/www.altermes.fr\/en\/weblex-importer-categories\/le-coin-du-dirigeant\/\" rel=\"tag\">Le coin du dirigeant<\/a><\/p>\n                                    <p class=\"edc-content\">Si le Gouvernement a confirm\u00e9 que les chambres d\u2019h\u00f4tes b\u00e9n\u00e9ficient du m\u00eame r\u00e9gime micro-BIC que les locations de meubl\u00e9s de tourisme class\u00e9s, cela n\u2019est pas sans en m\u00e9contenter plus d\u2019u...<\/p>                                <\/div>\n                                                                <div class=\"case-study-item weblex-article\">\n                                                                            <a href=\"https:\/\/www.altermes.fr\/en\/les-infos-du-jour\/renovation-energetique-bientot-la-fin-du-coup-de-pouce-fiscal\/\">\n                                            <img decoding=\"async\" width=\"600\" height=\"400\" src=\"https:\/\/www.altermes.fr\/wp-content\/uploads\/2025\/09\/Shutterstock_deficitfoncierrenovation.jpg\" class=\"attachment-custom-thumbnail size-custom-thumbnail wp-post-image\" alt=\"\" srcset=\"https:\/\/www.altermes.fr\/wp-content\/uploads\/2025\/09\/Shutterstock_deficitfoncierrenovation.jpg 600w, https:\/\/www.altermes.fr\/wp-content\/uploads\/2025\/09\/Shutterstock_deficitfoncierrenovation-480x320.jpg 480w\" sizes=\"(min-width: 0px) and (max-width: 480px) 480px, (min-width: 481px) 600px, 100vw\">                                        <\/a>\n                                                                        <a href=\"https:\/\/www.altermes.fr\/en\/les-infos-du-jour\/renovation-energetique-bientot-la-fin-du-coup-de-pouce-fiscal\/\"><h3>R\u00e9novation \u00e9nerg\u00e9tique : bient\u00f4t la fin du coup de pouce fiscal ?<\/h3><\/a>\n                                    <p class=\"use-case-category\"><a href=\"https:\/\/www.altermes.fr\/en\/weblex-importer-categories\/actualites\/\" rel=\"tag\">Actualit\u00e9s<\/a>, <a href=\"https:\/\/www.altermes.fr\/en\/weblex-importer-categories\/le-coin-du-dirigeant\/\" rel=\"tag\">Le coin du dirigeant<\/a><\/p>\n                                    <p class=\"edc-content\">Sous r\u00e9serve du respect de certaines conditions, le d\u00e9ficit foncier relatif \u00e0 un bien immobilier peut \u00eatre imput\u00e9 sur le revenu global, dans la limite de 10 700 \u20ac par an. Cette limite annuelle ...<\/p>                                <\/div>\n                                                                <div class=\"case-study-item weblex-article\">\n                                                                            <a href=\"https:\/\/www.altermes.fr\/en\/les-infos-du-jour\/couples-maries-pacses-ou-concubins-tous-egaux-face-aux-impots\/\">\n                                            <img decoding=\"async\" width=\"600\" height=\"400\" src=\"https:\/\/www.altermes.fr\/wp-content\/uploads\/2025\/09\/Shutterstock_droitpartagecouple.jpg\" class=\"attachment-custom-thumbnail size-custom-thumbnail wp-post-image\" alt=\"\" srcset=\"https:\/\/www.altermes.fr\/wp-content\/uploads\/2025\/09\/Shutterstock_droitpartagecouple.jpg 600w, https:\/\/www.altermes.fr\/wp-content\/uploads\/2025\/09\/Shutterstock_droitpartagecouple-480x320.jpg 480w\" sizes=\"(min-width: 0px) and (max-width: 480px) 480px, (min-width: 481px) 600px, 100vw\">                                        <\/a>\n                                                                        <a href=\"https:\/\/www.altermes.fr\/en\/les-infos-du-jour\/couples-maries-pacses-ou-concubins-tous-egaux-face-aux-impots\/\"><h3>Couples mari\u00e9s, pacs\u00e9s ou concubins : tous \u00e9gaux face aux imp\u00f4ts ?<\/h3><\/a>\n                                    <p class=\"use-case-category\"><a href=\"https:\/\/www.altermes.fr\/en\/weblex-importer-categories\/actualites\/\" rel=\"tag\">Actualit\u00e9s<\/a>, <a href=\"https:\/\/www.altermes.fr\/en\/weblex-importer-categories\/le-coin-du-dirigeant\/\" rel=\"tag\">Le coin du dirigeant<\/a><\/p>\n                                    <p class=\"edc-content\">En cas de s\u00e9paration, le partage des biens entre ex-conjoints, ex-partenaires li\u00e9s par un Pacs et ex-concubins donne lieu au paiement d\u2019un droit dit de \u00ab partage \u00bb dont le taux varie en fonction...<\/p>                                <\/div>\n                                                                <div class=\"case-study-item weblex-article\">\n                                                                            <a href=\"https:\/\/www.altermes.fr\/en\/les-infos-du-jour\/airbags-takata-la-campagne-saccelere\/\">\n                                            <img decoding=\"async\" width=\"600\" height=\"400\" src=\"https:\/\/www.altermes.fr\/wp-content\/uploads\/2025\/09\/Shutterstock_airbagstakata.jpg\" class=\"attachment-custom-thumbnail size-custom-thumbnail wp-post-image\" alt=\"\" srcset=\"https:\/\/www.altermes.fr\/wp-content\/uploads\/2025\/09\/Shutterstock_airbagstakata.jpg 600w, https:\/\/www.altermes.fr\/wp-content\/uploads\/2025\/09\/Shutterstock_airbagstakata-480x320.jpg 480w\" sizes=\"(min-width: 0px) and (max-width: 480px) 480px, (min-width: 481px) 600px, 100vw\">                                        <\/a>\n                                                                        <a href=\"https:\/\/www.altermes.fr\/en\/les-infos-du-jour\/airbags-takata-la-campagne-saccelere\/\"><h3>Airbags Takata : la campagne s\u2019acc\u00e9l\u00e8re !<\/h3><\/a>\n                                    <p class=\"use-case-category\"><a href=\"https:\/\/www.altermes.fr\/en\/weblex-importer-categories\/actualites\/\" rel=\"tag\">Actualit\u00e9s<\/a>, <a href=\"https:\/\/www.altermes.fr\/en\/weblex-importer-categories\/le-coin-du-dirigeant\/\" rel=\"tag\">Le coin du dirigeant<\/a><\/p>\n                                    <p class=\"edc-content\">\u00c0 la suite des accidents graves, voire mortels, occasionn\u00e9s par les airbags Takata, les pouvoirs publics ont lanc\u00e9 une campagne d\u2019informations et de mesures afin que les conducteurs des v\u00e9hicule...<\/p>                                <\/div>\n                                                                <div class=\"case-study-item weblex-article\">\n                                                                            <a href=\"https:\/\/www.altermes.fr\/en\/les-infos-du-jour\/donner-a-ses-enfants-et-profiter-davantages-fiscaux-on-en-sait-plus\/\">\n                                            <img decoding=\"async\" width=\"600\" height=\"400\" src=\"https:\/\/www.altermes.fr\/wp-content\/uploads\/2025\/09\/Shutterstock_exonC3A9rationdonsenfants.jpg\" class=\"attachment-custom-thumbnail size-custom-thumbnail wp-post-image\" alt=\"\" srcset=\"https:\/\/www.altermes.fr\/wp-content\/uploads\/2025\/09\/Shutterstock_exonC3A9rationdonsenfants.jpg 600w, https:\/\/www.altermes.fr\/wp-content\/uploads\/2025\/09\/Shutterstock_exonC3A9rationdonsenfants-480x320.jpg 480w\" sizes=\"(min-width: 0px) and (max-width: 480px) 480px, (min-width: 481px) 600px, 100vw\">                                        <\/a>\n                                                                        <a href=\"https:\/\/www.altermes.fr\/en\/les-infos-du-jour\/donner-a-ses-enfants-et-profiter-davantages-fiscaux-on-en-sait-plus\/\"><h3>Donner \u00e0 ses enfants et profiter d\u2019avantages fiscaux : on en sait plus !<\/h3><\/a>\n                                    <p class=\"use-case-category\"><a href=\"https:\/\/www.altermes.fr\/en\/weblex-importer-categories\/actualites\/\" rel=\"tag\">Actualit\u00e9s<\/a>, <a href=\"https:\/\/www.altermes.fr\/en\/weblex-importer-categories\/le-coin-du-dirigeant\/\" rel=\"tag\">Le coin du dirigeant<\/a><\/p>\n                                    <p class=\"edc-content\">La loi de finances pour 2025 a instaur\u00e9 une nouvelle exon\u00e9ration de droits de mutation \u00e0 titre gratuit au profit des dons de sommes d\u2019argent consentis en pleine propri\u00e9t\u00e9 \u00e0 un enfant, un petit...<\/p>                                <\/div>\n                                                                <div class=\"case-study-item weblex-article\">\n                                                                            <a href=\"https:\/\/www.altermes.fr\/en\/les-infos-du-jour\/acheter-sa-residence-principale-un-avantage-fiscal-sous-conditions\/\">\n                                            <img decoding=\"async\" width=\"600\" height=\"400\" src=\"https:\/\/www.altermes.fr\/wp-content\/uploads\/2025\/09\/Shutterstock_achatresidence.jpg\" class=\"attachment-custom-thumbnail size-custom-thumbnail wp-post-image\" alt=\"\" srcset=\"https:\/\/www.altermes.fr\/wp-content\/uploads\/2025\/09\/Shutterstock_achatresidence.jpg 600w, https:\/\/www.altermes.fr\/wp-content\/uploads\/2025\/09\/Shutterstock_achatresidence-480x320.jpg 480w\" sizes=\"(min-width: 0px) and (max-width: 480px) 480px, (min-width: 481px) 600px, 100vw\">                                        <\/a>\n                                                                        <a href=\"https:\/\/www.altermes.fr\/en\/les-infos-du-jour\/acheter-sa-residence-principale-un-avantage-fiscal-sous-conditions\/\"><h3>Acheter sa r\u00e9sidence principale : un avantage fiscal sous conditions<\/h3><\/a>\n                                    <p class=\"use-case-category\"><a href=\"https:\/\/www.altermes.fr\/en\/weblex-importer-categories\/actualites\/\" rel=\"tag\">Actualit\u00e9s<\/a>, <a href=\"https:\/\/www.altermes.fr\/en\/weblex-importer-categories\/le-coin-du-dirigeant\/\" rel=\"tag\">Le coin du dirigeant<\/a><\/p>\n                                    <p class=\"edc-content\">La loi de finances pour 2025 a mis en place un dispositif de r\u00e9duction ou d\u2019exon\u00e9ration de droits de mutation \u00e0 titre on\u00e9reux (DMTO) lors de l\u2019achat d\u2019une premi\u00e8re propri\u00e9t\u00e9 \u00e0 la conditi...<\/p>                                <\/div>\n                                                                <div class=\"case-study-item weblex-article\">\n                                                                            <a href=\"https:\/\/www.altermes.fr\/en\/les-infos-du-jour\/abonnements-tv-quel-taux-de-tva\/\">\n                                            <img decoding=\"async\" width=\"600\" height=\"400\" src=\"https:\/\/www.altermes.fr\/wp-content\/uploads\/2025\/09\/Shutterstock_abonnementservicestv.jpg\" class=\"attachment-custom-thumbnail size-custom-thumbnail wp-post-image\" alt=\"\" srcset=\"https:\/\/www.altermes.fr\/wp-content\/uploads\/2025\/09\/Shutterstock_abonnementservicestv.jpg 600w, https:\/\/www.altermes.fr\/wp-content\/uploads\/2025\/09\/Shutterstock_abonnementservicestv-480x320.jpg 480w\" sizes=\"(min-width: 0px) and (max-width: 480px) 480px, (min-width: 481px) 600px, 100vw\">                                        <\/a>\n                                                                        <a href=\"https:\/\/www.altermes.fr\/en\/les-infos-du-jour\/abonnements-tv-quel-taux-de-tva\/\"><h3>Abonnements TV : quel taux de TVA ?<\/h3><\/a>\n                                    <p class=\"use-case-category\"><a href=\"https:\/\/www.altermes.fr\/en\/weblex-importer-categories\/actualites\/\" rel=\"tag\">Actualit\u00e9s<\/a>, <a href=\"https:\/\/www.altermes.fr\/en\/weblex-importer-categories\/le-coin-du-dirigeant\/\" rel=\"tag\">Le coin du dirigeant<\/a><\/p>\n                                    <p class=\"edc-content\">Certains services de t\u00e9l\u00e9vision sont susceptibles de proposer des programmes diffus\u00e9s \u00e0 heure fixe, soumis aux taux de TVA de 10 % et des services de vid\u00e9o \u00e0 la demande, tax\u00e9s aux taux de TVA d...<\/p>                                <\/div>\n                                                                <div class=\"case-study-item weblex-article\">\n                                                                            <a href=\"https:\/\/www.altermes.fr\/en\/les-infos-du-jour\/aide-pour-le-raccordement-a-la-fibre-optique-la-liste-des-communes-eligible-est-modifiee\/\">\n                                            <img decoding=\"async\" width=\"600\" height=\"400\" src=\"https:\/\/www.altermes.fr\/wp-content\/uploads\/2025\/09\/Shutterstock_raccordementfibreoptique_0.jpg\" class=\"attachment-custom-thumbnail size-custom-thumbnail wp-post-image\" alt=\"\" srcset=\"https:\/\/www.altermes.fr\/wp-content\/uploads\/2025\/09\/Shutterstock_raccordementfibreoptique_0.jpg 600w, https:\/\/www.altermes.fr\/wp-content\/uploads\/2025\/09\/Shutterstock_raccordementfibreoptique_0-480x320.jpg 480w\" sizes=\"(min-width: 0px) and (max-width: 480px) 480px, (min-width: 481px) 600px, 100vw\">                                        <\/a>\n                                                                        <a href=\"https:\/\/www.altermes.fr\/en\/les-infos-du-jour\/aide-pour-le-raccordement-a-la-fibre-optique-la-liste-des-communes-eligible-est-modifiee\/\"><h3>Aide pour le raccordement \u00e0 la fibre optique : la liste des communes \u00e9ligible est modifi\u00e9e\u2026<\/h3><\/a>\n                                    <p class=\"use-case-category\"><a href=\"https:\/\/www.altermes.fr\/en\/weblex-importer-categories\/actualites\/\" rel=\"tag\">Actualit\u00e9s<\/a>, <a href=\"https:\/\/www.altermes.fr\/en\/weblex-importer-categories\/le-coin-du-dirigeant\/\" rel=\"tag\">Le coin du dirigeant<\/a><\/p>\n                                    <p class=\"edc-content\">Afin de poursuivre le d\u00e9ploiement de la fibre optique, le Gouvernement a mis en place, en cas de difficult\u00e9s de raccordement, une aide financi\u00e8re pour les travaux achev\u00e9s entre le 1er septembre 20...<\/p>                                <\/div>\n                                                                <div class=\"case-study-item weblex-article\">\n                                                                            <a href=\"https:\/\/www.altermes.fr\/en\/les-infos-du-jour\/cheque-energie-quelques-nouveautes-pour-la-campagne-2025\/\">\n                                            <img decoding=\"async\" width=\"600\" height=\"400\" src=\"https:\/\/www.altermes.fr\/wp-content\/uploads\/2025\/09\/Shutterstock_chequeernergie.jpg\" class=\"attachment-custom-thumbnail size-custom-thumbnail wp-post-image\" alt=\"\" srcset=\"https:\/\/www.altermes.fr\/wp-content\/uploads\/2025\/09\/Shutterstock_chequeernergie.jpg 600w, https:\/\/www.altermes.fr\/wp-content\/uploads\/2025\/09\/Shutterstock_chequeernergie-480x320.jpg 480w\" sizes=\"(min-width: 0px) and (max-width: 480px) 480px, (min-width: 481px) 600px, 100vw\">                                        <\/a>\n                                                                        <a href=\"https:\/\/www.altermes.fr\/en\/les-infos-du-jour\/cheque-energie-quelques-nouveautes-pour-la-campagne-2025\/\"><h3>Ch\u00e8que \u00e9nergie : quelques nouveaut\u00e9s pour la campagne 2025<\/h3><\/a>\n                                    <p class=\"use-case-category\"><a href=\"https:\/\/www.altermes.fr\/en\/weblex-importer-categories\/actualites\/\" rel=\"tag\">Actualit\u00e9s<\/a>, <a href=\"https:\/\/www.altermes.fr\/en\/weblex-importer-categories\/le-coin-du-dirigeant\/\" rel=\"tag\">Le coin du dirigeant<\/a><\/p>\n                                    <p class=\"edc-content\">Le ch\u00e8que \u00e9nergie est une aide d\u2019\u00c9tat forfaitaire \u00e0 destination des m\u00e9nages respectant certaines conditions de revenus pour le paiement des d\u00e9penses \u00e9nerg\u00e9tiques de leur logement. Sans reven...<\/p>                                <\/div>\n                                                                <div class=\"case-study-item weblex-article\">\n                                                                            <a href=\"https:\/\/www.altermes.fr\/en\/les-infos-du-jour\/avis-de-mise-en-recouvrement-des-mentions-toujours-obligatoires\/\">\n                                            <img decoding=\"async\" width=\"600\" height=\"400\" src=\"https:\/\/www.altermes.fr\/wp-content\/uploads\/2025\/09\/Shutterstock_AMRmentionsobligatoires.jpg\" class=\"attachment-custom-thumbnail size-custom-thumbnail wp-post-image\" alt=\"\" srcset=\"https:\/\/www.altermes.fr\/wp-content\/uploads\/2025\/09\/Shutterstock_AMRmentionsobligatoires.jpg 600w, https:\/\/www.altermes.fr\/wp-content\/uploads\/2025\/09\/Shutterstock_AMRmentionsobligatoires-480x320.jpg 480w\" sizes=\"(min-width: 0px) and (max-width: 480px) 480px, (min-width: 481px) 600px, 100vw\">                                        <\/a>\n                                                                        <a href=\"https:\/\/www.altermes.fr\/en\/les-infos-du-jour\/avis-de-mise-en-recouvrement-des-mentions-toujours-obligatoires\/\"><h3>Avis de mise en recouvrement : des mentions toujours obligatoires ?<\/h3><\/a>\n                                    <p class=\"use-case-category\"><a href=\"https:\/\/www.altermes.fr\/en\/weblex-importer-categories\/actualites\/\" rel=\"tag\">Actualit\u00e9s<\/a>, <a href=\"https:\/\/www.altermes.fr\/en\/weblex-importer-categories\/le-coin-du-dirigeant\/\" rel=\"tag\">Le coin du dirigeant<\/a><\/p>\n                                    <p class=\"edc-content\">Pour ne pas conduire \u00e0 l\u2019irr\u00e9gularit\u00e9 de la proc\u00e9dure fiscale, l\u2019avis de mise en recouvrement doit respecter des conditions de fond, mais aussi des conditions de forme selon des modalit\u00e9s qui...<\/p>                                <\/div>\n                                                                <div class=\"case-study-item weblex-article\">\n                                                                            <a href=\"https:\/\/www.altermes.fr\/en\/les-infos-du-jour\/contributions-sociales-meme-pour-les-pensions-de-retraite-de-source-etrangere\/\">\n                                            <img decoding=\"async\" width=\"600\" height=\"400\" src=\"https:\/\/www.altermes.fr\/wp-content\/uploads\/2025\/08\/Shutterstock_pensionsretraiteetrangeres.jpg\" class=\"attachment-custom-thumbnail size-custom-thumbnail wp-post-image\" alt=\"\" srcset=\"https:\/\/www.altermes.fr\/wp-content\/uploads\/2025\/08\/Shutterstock_pensionsretraiteetrangeres.jpg 600w, https:\/\/www.altermes.fr\/wp-content\/uploads\/2025\/08\/Shutterstock_pensionsretraiteetrangeres-480x320.jpg 480w\" sizes=\"(min-width: 0px) and (max-width: 480px) 480px, (min-width: 481px) 600px, 100vw\">                                        <\/a>\n                                                                        <a href=\"https:\/\/www.altermes.fr\/en\/les-infos-du-jour\/contributions-sociales-meme-pour-les-pensions-de-retraite-de-source-etrangere\/\"><h3>Contributions sociales : m\u00eame pour les pensions de retraite de source \u00e9trang\u00e8re ?<\/h3><\/a>\n                                    <p class=\"use-case-category\"><a href=\"https:\/\/www.altermes.fr\/en\/weblex-importer-categories\/actualites\/\" rel=\"tag\">Actualit\u00e9s<\/a>, <a href=\"https:\/\/www.altermes.fr\/en\/weblex-importer-categories\/le-coin-du-dirigeant\/\" rel=\"tag\">Le coin du dirigeant<\/a><\/p>\n                                    <p class=\"edc-content\">Les pensions de retraite per\u00e7ues par les particuliers sont, toutes conditions remplies, soumises aux contributions sociales au titre des revenus de remplacement. Mais ce principe s\u2019applique-t-il au...<\/p>                                <\/div>\n                                                                <div class=\"case-study-item weblex-article\">\n                                                                            <a href=\"https:\/\/www.altermes.fr\/en\/les-infos-du-jour\/corriger-sa-declaration-de-revenus-en-ligne-cest-parti\/\">\n                                            <img decoding=\"async\" width=\"600\" height=\"400\" src=\"https:\/\/www.altermes.fr\/wp-content\/uploads\/2025\/08\/Shutterstock_servicecorrectiondeclaration.jpg\" class=\"attachment-custom-thumbnail size-custom-thumbnail wp-post-image\" alt=\"\" srcset=\"https:\/\/www.altermes.fr\/wp-content\/uploads\/2025\/08\/Shutterstock_servicecorrectiondeclaration.jpg 600w, https:\/\/www.altermes.fr\/wp-content\/uploads\/2025\/08\/Shutterstock_servicecorrectiondeclaration-480x320.jpg 480w\" sizes=\"(min-width: 0px) and (max-width: 480px) 480px, (min-width: 481px) 600px, 100vw\">                                        <\/a>\n                                                                        <a href=\"https:\/\/www.altermes.fr\/en\/les-infos-du-jour\/corriger-sa-declaration-de-revenus-en-ligne-cest-parti\/\"><h3>Corriger sa d\u00e9claration de revenus en ligne : c\u2019est parti !<\/h3><\/a>\n                                    <p class=\"use-case-category\"><a href=\"https:\/\/www.altermes.fr\/en\/weblex-importer-categories\/actualites\/\" rel=\"tag\">Actualit\u00e9s<\/a>, <a href=\"https:\/\/www.altermes.fr\/en\/weblex-importer-categories\/le-coin-du-dirigeant\/\" rel=\"tag\">Le coin du dirigeant<\/a><\/p>\n                                    <p class=\"edc-content\">Vous venez de recevoir votre avis d\u2019imposition des revenus 2024 et vous constatez que vous avez commis une erreur ou vous avez oubli\u00e9 de d\u00e9clarer des revenus ? Sachez que vous pouvez corriger votr...<\/p>                                <\/div>\n                                                                <div class=\"case-study-item weblex-article\">\n                                                                            <a href=\"https:\/\/www.altermes.fr\/en\/les-infos-du-jour\/raccordement-a-la-fibre-optique-une-aide-financiere-est-prevue\/\">\n                                            <img decoding=\"async\" width=\"600\" height=\"400\" src=\"https:\/\/www.altermes.fr\/wp-content\/uploads\/2025\/07\/Shutterstock_raccordementfibreoptique.jpg\" class=\"attachment-custom-thumbnail size-custom-thumbnail wp-post-image\" alt=\"\" srcset=\"https:\/\/www.altermes.fr\/wp-content\/uploads\/2025\/07\/Shutterstock_raccordementfibreoptique.jpg 600w, https:\/\/www.altermes.fr\/wp-content\/uploads\/2025\/07\/Shutterstock_raccordementfibreoptique-480x320.jpg 480w\" sizes=\"(min-width: 0px) and (max-width: 480px) 480px, (min-width: 481px) 600px, 100vw\">                                        <\/a>\n                                                                        <a href=\"https:\/\/www.altermes.fr\/en\/les-infos-du-jour\/raccordement-a-la-fibre-optique-une-aide-financiere-est-prevue\/\"><h3>Raccordement \u00e0 la fibre optique : une aide financi\u00e8re est pr\u00e9vue\u202f!<\/h3><\/a>\n                                    <p class=\"use-case-category\"><a href=\"https:\/\/www.altermes.fr\/en\/weblex-importer-categories\/actualites\/\" rel=\"tag\">Actualit\u00e9s<\/a>, <a href=\"https:\/\/www.altermes.fr\/en\/weblex-importer-categories\/le-coin-du-dirigeant\/\" rel=\"tag\">Le coin du dirigeant<\/a><\/p>\n                                    <p class=\"edc-content\">Depuis plusieurs ann\u00e9es, le r\u00e9seau de la fibre optique est d\u00e9ploy\u00e9 sur tout le territoire. Pourtant, parce que des travaux de raccordement sont n\u00e9cessaires dans des parties priv\u00e9es, engendrant d...<\/p>                                <\/div>\n                                                                <div class=\"case-study-item weblex-article\">\n                                                                            <a href=\"https:\/\/www.altermes.fr\/en\/les-infos-du-jour\/exoneration-de-taxe-fonciere-sous-conditions-de-revenus\/\">\n                                            <img decoding=\"async\" width=\"600\" height=\"400\" src=\"https:\/\/www.altermes.fr\/wp-content\/uploads\/2025\/07\/Shutterstock_exonC3A9rationTFPB.jpg\" class=\"attachment-custom-thumbnail size-custom-thumbnail wp-post-image\" alt=\"\" srcset=\"https:\/\/www.altermes.fr\/wp-content\/uploads\/2025\/07\/Shutterstock_exonC3A9rationTFPB.jpg 600w, https:\/\/www.altermes.fr\/wp-content\/uploads\/2025\/07\/Shutterstock_exonC3A9rationTFPB-480x320.jpg 480w\" sizes=\"(min-width: 0px) and (max-width: 480px) 480px, (min-width: 481px) 600px, 100vw\">                                        <\/a>\n                                                                        <a href=\"https:\/\/www.altermes.fr\/en\/les-infos-du-jour\/exoneration-de-taxe-fonciere-sous-conditions-de-revenus\/\"><h3>Exon\u00e9ration de taxe fonci\u00e8re : sous conditions de revenus<\/h3><\/a>\n                                    <p class=\"use-case-category\"><a href=\"https:\/\/www.altermes.fr\/en\/weblex-importer-categories\/actualites\/\" rel=\"tag\">Actualit\u00e9s<\/a>, <a href=\"https:\/\/www.altermes.fr\/en\/weblex-importer-categories\/le-coin-du-dirigeant\/\" rel=\"tag\">Le coin du dirigeant<\/a><\/p>\n                                    <p class=\"edc-content\">Certaines personnes b\u00e9n\u00e9ficient, toutes conditions par ailleurs remplies, d\u2019une exon\u00e9ration ou d\u2019un d\u00e9gr\u00e8vement de taxe fonci\u00e8re sur les propri\u00e9t\u00e9s b\u00e2ties (TFPB) d\u00e8s lors que le montant ...<\/p>                                <\/div>\n                                                                <div class=\"case-study-item weblex-article\">\n                                                                            <a href=\"https:\/\/www.altermes.fr\/en\/les-infos-du-jour\/logements-soumis-a-loi-de-1948-quelle-revalorisation-pour-2025\/\">\n                                            <img decoding=\"async\" width=\"600\" height=\"400\" src=\"https:\/\/www.altermes.fr\/wp-content\/uploads\/2025\/07\/Shutterstock_bauxloi1948.jpg\" class=\"attachment-custom-thumbnail size-custom-thumbnail wp-post-image\" alt=\"\" srcset=\"https:\/\/www.altermes.fr\/wp-content\/uploads\/2025\/07\/Shutterstock_bauxloi1948.jpg 600w, https:\/\/www.altermes.fr\/wp-content\/uploads\/2025\/07\/Shutterstock_bauxloi1948-480x320.jpg 480w\" sizes=\"(min-width: 0px) and (max-width: 480px) 480px, (min-width: 481px) 600px, 100vw\">                                        <\/a>\n                                                                        <a href=\"https:\/\/www.altermes.fr\/en\/les-infos-du-jour\/logements-soumis-a-loi-de-1948-quelle-revalorisation-pour-2025\/\"><h3>Logements soumis \u00e0 loi de 1948 : quelle revalorisation pour 2025 ?<\/h3><\/a>\n                                    <p class=\"use-case-category\"><a href=\"https:\/\/www.altermes.fr\/en\/weblex-importer-categories\/actualites\/\" rel=\"tag\">Actualit\u00e9s<\/a>, <a href=\"https:\/\/www.altermes.fr\/en\/weblex-importer-categories\/le-coin-du-dirigeant\/\" rel=\"tag\">Le coin du dirigeant<\/a><\/p>\n                                    <p class=\"edc-content\">Les loyers des logements relevant de la loi de 1948 peuvent faire l\u2019objet d\u2019une revalorisation donn\u00e9e chaque ann\u00e9e par le Gouvernement. Revalorisation \u00e0 pr\u00e9sent disponible pour l\u2019ann\u00e9e 2025...<\/p>                                <\/div>\n                                                                <div class=\"case-study-item weblex-article\">\n                                                                            <a href=\"https:\/\/www.altermes.fr\/en\/les-infos-du-jour\/vente-dune-residence-secondaire-une-exoneration-sous-conditions\/\">\n                                            <img decoding=\"async\" width=\"600\" height=\"400\" src=\"https:\/\/www.altermes.fr\/wp-content\/uploads\/2025\/07\/Shutterstock_residencesecondaire.jpg\" class=\"attachment-custom-thumbnail size-custom-thumbnail wp-post-image\" alt=\"\" srcset=\"https:\/\/www.altermes.fr\/wp-content\/uploads\/2025\/07\/Shutterstock_residencesecondaire.jpg 600w, https:\/\/www.altermes.fr\/wp-content\/uploads\/2025\/07\/Shutterstock_residencesecondaire-480x320.jpg 480w\" sizes=\"(min-width: 0px) and (max-width: 480px) 480px, (min-width: 481px) 600px, 100vw\">                                        <\/a>\n                                                                        <a href=\"https:\/\/www.altermes.fr\/en\/les-infos-du-jour\/vente-dune-residence-secondaire-une-exoneration-sous-conditions\/\"><h3>Vente d\u2019une r\u00e9sidence secondaire : une exon\u00e9ration, sous conditions ?<\/h3><\/a>\n                                    <p class=\"use-case-category\"><a href=\"https:\/\/www.altermes.fr\/en\/weblex-importer-categories\/actualites\/\" rel=\"tag\">Actualit\u00e9s<\/a>, <a href=\"https:\/\/www.altermes.fr\/en\/weblex-importer-categories\/le-coin-du-dirigeant\/\" rel=\"tag\">Le coin du dirigeant<\/a><\/p>\n                                    <p class=\"edc-content\">Le gain r\u00e9alis\u00e9 lors de la vente d\u2019une r\u00e9sidence secondaire peut, toutes conditions par ailleurs remplies, \u00eatre exon\u00e9r\u00e9 d\u2019imp\u00f4t sur le revenu d\u00e8s lors que le produit de la vente est r\u00e9inv...<\/p>                                <\/div>\n                                                                <div class=\"case-study-item weblex-article\">\n                                                                            <a href=\"https:\/\/www.altermes.fr\/en\/les-infos-du-jour\/dematerialisation-des-titres-officiels-au-tour-de-la-carte-grise\/\">\n                                            <img decoding=\"async\" width=\"600\" height=\"400\" src=\"https:\/\/www.altermes.fr\/wp-content\/uploads\/2025\/07\/Shutterstock_cartegrisefranceidentite.jpg\" class=\"attachment-custom-thumbnail size-custom-thumbnail wp-post-image\" alt=\"\" srcset=\"https:\/\/www.altermes.fr\/wp-content\/uploads\/2025\/07\/Shutterstock_cartegrisefranceidentite.jpg 600w, https:\/\/www.altermes.fr\/wp-content\/uploads\/2025\/07\/Shutterstock_cartegrisefranceidentite-480x320.jpg 480w\" sizes=\"(min-width: 0px) and (max-width: 480px) 480px, (min-width: 481px) 600px, 100vw\">                                        <\/a>\n                                                                        <a href=\"https:\/\/www.altermes.fr\/en\/les-infos-du-jour\/dematerialisation-des-titres-officiels-au-tour-de-la-carte-grise\/\"><h3>D\u00e9mat\u00e9rialisation des titres officiels : au tour de la carte grise !<\/h3><\/a>\n                                    <p class=\"use-case-category\"><a href=\"https:\/\/www.altermes.fr\/en\/weblex-importer-categories\/actualites\/\" rel=\"tag\">Actualit\u00e9s<\/a>, <a href=\"https:\/\/www.altermes.fr\/en\/weblex-importer-categories\/le-coin-du-dirigeant\/\" rel=\"tag\">Le coin du dirigeant<\/a><\/p>\n                                    <p class=\"edc-content\">Pour rappel, France Identit\u00e9 est un service public d\u2019identit\u00e9 num\u00e9rique, facultatif et gratuit, qui permet, notamment, de justifier de son identit\u00e9. R\u00e9cemment, le permis de conduire avait \u00e9t\u00e9...<\/p>                                <\/div>\n                                                                <div class=\"case-study-item weblex-article\">\n                                                                            <a href=\"https:\/\/www.altermes.fr\/en\/les-infos-du-jour\/espace-particulier-sur-impots-gouv-une-securite-renforcee\/\">\n                                            <img decoding=\"async\" width=\"600\" height=\"400\" src=\"https:\/\/www.altermes.fr\/wp-content\/uploads\/2025\/07\/Shutterstock_esapceparticulier.jpg\" class=\"attachment-custom-thumbnail size-custom-thumbnail wp-post-image\" alt=\"\" srcset=\"https:\/\/www.altermes.fr\/wp-content\/uploads\/2025\/07\/Shutterstock_esapceparticulier.jpg 600w, https:\/\/www.altermes.fr\/wp-content\/uploads\/2025\/07\/Shutterstock_esapceparticulier-480x320.jpg 480w\" sizes=\"(min-width: 0px) and (max-width: 480px) 480px, (min-width: 481px) 600px, 100vw\">                                        <\/a>\n                                                                        <a href=\"https:\/\/www.altermes.fr\/en\/les-infos-du-jour\/espace-particulier-sur-impots-gouv-une-securite-renforcee\/\"><h3>Espace particulier sur impots.gouv : une s\u00e9curit\u00e9 renforc\u00e9e !<\/h3><\/a>\n                                    <p class=\"use-case-category\"><a href=\"https:\/\/www.altermes.fr\/en\/weblex-importer-categories\/actualites\/\" rel=\"tag\">Actualit\u00e9s<\/a>, <a href=\"https:\/\/www.altermes.fr\/en\/weblex-importer-categories\/le-coin-du-dirigeant\/\" rel=\"tag\">Le coin du dirigeant<\/a><\/p>\n                                    <p class=\"edc-content\">Face \u00e0 la mont\u00e9e en puissance des tentatives de hame\u00e7onnages et autres actes de cybermalveillance, la direction g\u00e9n\u00e9rale des Finances publiques (DGFiP) a d\u00e9cid\u00e9 de renforcer la s\u00e9curit\u00e9 de se...<\/p>                                <\/div>\n                                                                <div class=\"case-study-item weblex-article\">\n                                                                            <a href=\"https:\/\/www.altermes.fr\/en\/les-infos-du-jour\/dematerialisation-de-la-procedure-denregistrement-nouveau-calendrier-en-vue\/\">\n                                            <img decoding=\"async\" width=\"600\" height=\"400\" src=\"https:\/\/www.altermes.fr\/wp-content\/uploads\/2025\/07\/Shutterstock_dematerialisationcalendrier.jpg\" class=\"attachment-custom-thumbnail size-custom-thumbnail wp-post-image\" alt=\"\" srcset=\"https:\/\/www.altermes.fr\/wp-content\/uploads\/2025\/07\/Shutterstock_dematerialisationcalendrier.jpg 600w, https:\/\/www.altermes.fr\/wp-content\/uploads\/2025\/07\/Shutterstock_dematerialisationcalendrier-480x320.jpg 480w\" sizes=\"(min-width: 0px) and (max-width: 480px) 480px, (min-width: 481px) 600px, 100vw\">                                        <\/a>\n                                                                        <a href=\"https:\/\/www.altermes.fr\/en\/les-infos-du-jour\/dematerialisation-de-la-procedure-denregistrement-nouveau-calendrier-en-vue\/\"><h3>D\u00e9mat\u00e9rialisation de la proc\u00e9dure d\u2019enregistrement : nouveau calendrier en vue ?<\/h3><\/a>\n                                    <p class=\"use-case-category\"><a href=\"https:\/\/www.altermes.fr\/en\/weblex-importer-categories\/actualites\/\" rel=\"tag\">Actualit\u00e9s<\/a>, <a href=\"https:\/\/www.altermes.fr\/en\/weblex-importer-categories\/le-coin-du-dirigeant\/\" rel=\"tag\">Le coin du dirigeant<\/a><\/p>\n                                    <p class=\"edc-content\">Initialement pr\u00e9vue au plus tard le 1er juillet 2025, l\u2019obligation de d\u00e9clarer (et de payer) par voie d\u00e9mat\u00e9rialis\u00e9e les dons manuels, les successions ou encore les cessions de droits sociaux v...<\/p>                                <\/div>\n                                                    <\/div>\n                <\/div>\n                    <\/div>\n        [\/et_pb_code][\/et_pb_column][\/et_pb_row][\/et_pb_section][et_pb_section fb_built=&#8221;1&#8243; admin_label=&#8221;Subscription Section&#8221; _builder_version=&#8221;4.16&#8243; background_color=&#8221;#f7f7f7&#8243; custom_padding=&#8221;110px||110px|&#8221; global_colors_info=&#8221;{}&#8221; locked=&#8221;off&#8221; theme_builder_area=&#8221;post_content&#8221;][et_pb_row column_structure=&#8221;1_2,1_2&#8243; _builder_version=&#8221;4.20.1&#8243; _module_preset=&#8221;default&#8221; global_colors_info=&#8221;{}&#8221; theme_builder_area=&#8221;post_content&#8221;][et_pb_column type=&#8221;1_2&#8243; _builder_version=&#8221;4.20.1&#8243; _module_preset=&#8221;default&#8221; global_colors_info=&#8221;{}&#8221; theme_builder_area=&#8221;post_content&#8221;][et_pb_text _builder_version=&#8221;4.20.4&#8243; _module_preset=&#8221;default&#8221; text_font_size=&#8221;18px&#8221; header_font_size=&#8221;41px&#8221; header_2_font=&#8221;|800|||||||&#8221; header_2_font_size=&#8221;45px&#8221; global_colors_info=&#8221;{}&#8221; theme_builder_area=&#8221;post_content&#8221;]<\/p>\n<h2>Subscribe to the newsletter<\/h2>\n<p><span>You want to stay informed of our latest news, subscribe to our newsletter (6 newsletters per year)<\/span><\/p>\n<p>[\/et_pb_text][\/et_pb_column][et_pb_column type=&#8221;1_2&#8243; _builder_version=&#8221;4.20.1&#8243; _module_preset=&#8221;default&#8221; global_colors_info=&#8221;{}&#8221; theme_builder_area=&#8221;post_content&#8221;][et_pb_signup provider=&#8221;sendinblue&#8221; sendinblue_list=&#8221;plguiller@altermesfr|19&#8243; first_name_field=&#8221;off&#8221; last_name_field=&#8221;off&#8221; use_custom_fields=&#8221;on&#8221; success_message=&#8221;Congratulations, you&apos;re registered!&#8221; button_text=&#8221;Subscribe&#8221; description=&#8221;<\/p>\n<div>\n<div class=%22sib-form-block%22 helvetica=%22%22 sans-serif=%22%22 color:=%22%22 background-color:transparent=%22%22 text-align:left=%22%22>\n<div class=%22sib-text-form-block%22>\n<p>Would you like to be kept informed of the latest news? Subscribe to the Alterm\u00e8s newsletter by leaving us your email:<\/p>\n<p><span style=%22color: #687484; font-size: 12px;%22>You can unsubscribe at any time by clicking on the link in our emails.<\/span><\/p>\n<\/div>\n<\/div>\n<\/div>\n<div>\n<div class=%22sib-input sib-form-block%22>\n<div class=%22form__entry entry_block%22>\n<div class=%22form__label-row %22>\n<div class=%22entry__field%22><\/div>\n<\/div>\n<\/div>\n<\/div>\n<\/div>\n<p>&#8221; _builder_version=&#8221;4.21.0&#8243; _module_preset=&#8221;default&#8221; form_field_custom_padding=&#8221;15px||15px||false|false&#8221; body_font=&#8221;|600|||||||&#8221; body_text_align=&#8221;left&#8221; body_text_color=&#8221;#666666&#8243; body_font_size=&#8221;18px&#8221; body_line_height=&#8221;1em&#8221; background_color=&#8221;#FFFFFF&#8221; custom_button=&#8221;on&#8221; button_text_size=&#8221;14px&#8221; button_text_color=&#8221;#393939&#8243; button_border_width=&#8221;2px&#8221; button_border_color=&#8221;#2CFEC5&#8243; button_border_radius=&#8221;100px&#8221; button_letter_spacing=&#8221;2px&#8221; button_font=&#8221;|700||on|||||&#8221; button_use_icon=&#8221;off&#8221; button_custom_margin=&#8221;|||0px|false|false&#8221; button_custom_padding=&#8221;10px||5px||false|false&#8221; custom_margin=&#8221;||40px||false|false&#8221; custom_css_newsletter_button=&#8221;display: flex;||width: 100%;||justify-content: center;&#8221; border_radii_fields=&#8221;on|10px|10px|10px|10px&#8221; border_width_all_fields=&#8221;1px&#8221; border_color_all_fields=&#8221;#cccccc&#8221; locked=&#8221;off&#8221; global_colors_info=&#8221;{}&#8221; button_text_color__hover=&#8221;#0A0000&#8243; button_text_color__hover_enabled=&#8221;on|hover&#8221; button_bg_color__hover=&#8221;rgba(0,0,0,0)&#8221; button_bg_color__hover_enabled=&#8221;on&#8221; button_border_color__hover=&#8221;#00008D&#8221; button_border_color__hover_enabled=&#8221;on|hover&#8221; button_letter_spacing__hover=&#8221;2px&#8221; button_letter_spacing__hover_enabled=&#8221;on&#8221; theme_builder_area=&#8221;post_content&#8221;][et_pb_signup_custom_field field_id=&#8221;READERS&#8221; field_title=&#8221;Politique :&#8221; field_type=&#8221;checkbox&#8221; checkbox_options=&#8221;%91{%22value%22:%22J&#8217;accepte de recevoir vos e-mails et confirme avoir pris connaissance de votre politique de confidentialit\u00e9 et mentions l\u00e9gales.%22,%22checked%22:0,%22dragID%22:-1}%93&#8243; _builder_version=&#8221;4.21.0&#8243; _module_preset=&#8221;default&#8221; form_field_font_size=&#8221;14px&#8221; form_field_line_height=&#8221;1.8em&#8221; global_colors_info=&#8221;{}&#8221; predefined_field=&#8221;READERS&#8221; theme_builder_area=&#8221;post_content&#8221;][\/et_pb_signup_custom_field][\/et_pb_signup][\/et_pb_column][\/et_pb_row][\/et_pb_section]<\/p>\n","protected":false},"excerpt":{"rendered":"<p>[et_pb_section fb_built=&#8221;1&#8243; admin_label=&#8221;Hero&#8221; _builder_version=&#8221;4.22.1&#8243; background_image=&#8221;https:\/\/www.altermes.fr\/wp-content\/uploads\/2023\/03\/circle-background-pattern.png&#8221; custom_padding=&#8221;||0px|||&#8221; global_colors_info=&#8221;{}&#8221; locked=&#8221;off&#8221; theme_builder_area=&#8221;post_content&#8221;][et_pb_row _builder_version=&#8221;4.22.1&#8243; background_size=&#8221;initial&#8221; background_position=&#8221;top_left&#8221; background_repeat=&#8221;repeat&#8221; custom_padding=&#8221;|||&#8221; animation_direction=&#8221;top&#8221; global_colors_info=&#8221;{}&#8221; theme_builder_area=&#8221;post_content&#8221;][et_pb_column type=&#8221;4_4&#8243; _builder_version=&#8221;4.16&#8243; custom_padding=&#8221;|||&#8221; global_colors_info=&#8221;{}&#8221; custom_padding__hover=&#8221;|||&#8221; theme_builder_area=&#8221;post_content&#8221;][et_pb_text _builder_version=&#8221;4.22.1&#8243; text_font=&#8221;||||||||&#8221; header_font=&#8221;|700||on|||||dotted&#8221; header_text_color=&#8221;#00008D&#8221; header_font_size=&#8221;60px&#8221; header_line_height=&#8221;1.3em&#8221; background_size=&#8221;initial&#8221; background_position=&#8221;top_left&#8221; background_repeat=&#8221;repeat&#8221; text_orientation=&#8221;center&#8221; custom_margin=&#8221;43px|||||&#8221; header_font_size_tablet=&#8221;60px&#8221; header_font_size_phone=&#8221;40px&#8221; header_font_size_last_edited=&#8221;on|phone&#8221; locked=&#8221;off&#8221; global_colors_info=&#8221;{}&#8221; theme_builder_area=&#8221;post_content&#8221;] Our other news [\/et_pb_text][et_pb_divider show_divider=&#8221;off&#8221; disabled_on=&#8221;on|on|off&#8221; _builder_version=&#8221;4.16&#8243; max_width=&#8221;120px&#8221; animation_style=&#8221;slide&#8221; animation_direction=&#8221;top&#8221; animation_intensity_slide=&#8221;30%&#8221; global_colors_info=&#8221;{}&#8221; theme_builder_area=&#8221;post_content&#8221;][\/et_pb_divider][\/et_pb_column][\/et_pb_row][\/et_pb_section][et_pb_section fb_built=&#8221;1&#8243; admin_label=&#8221;Blog [&hellip;]<\/p>\n","protected":false},"author":1,"featured_media":0,"parent":0,"menu_order":0,"comment_status":"closed","ping_status":"closed","template":"","meta":{"_acf_changed":false,"_et_pb_use_builder":"on","_et_pb_old_content":"","_et_gb_content_width":"","footnotes":""},"class_list":["post-254079","page","type-page","status-publish","hentry"],"acf":[],"_links":{"self":[{"href":"https:\/\/www.altermes.fr\/en\/wp-json\/wp\/v2\/pages\/254079","targetHints":{"allow":["GET"]}}],"collection":[{"href":"https:\/\/www.altermes.fr\/en\/wp-json\/wp\/v2\/pages"}],"about":[{"href":"https:\/\/www.altermes.fr\/en\/wp-json\/wp\/v2\/types\/page"}],"author":[{"embeddable":true,"href":"https:\/\/www.altermes.fr\/en\/wp-json\/wp\/v2\/users\/1"}],"replies":[{"embeddable":true,"href":"https:\/\/www.altermes.fr\/en\/wp-json\/wp\/v2\/comments?post=254079"}],"version-history":[{"count":2,"href":"https:\/\/www.altermes.fr\/en\/wp-json\/wp\/v2\/pages\/254079\/revisions"}],"predecessor-version":[{"id":254081,"href":"https:\/\/www.altermes.fr\/en\/wp-json\/wp\/v2\/pages\/254079\/revisions\/254081"}],"wp:attachment":[{"href":"https:\/\/www.altermes.fr\/en\/wp-json\/wp\/v2\/media?parent=254079"}],"curies":[{"name":"wp","href":"https:\/\/api.w.org\/{rel}","templated":true}]}}